{"id":84211,"date":"2025-01-21T12:40:30","date_gmt":"2025-01-21T11:40:30","guid":{"rendered":"https:\/\/www.popesprayer.va\/inicio\/"},"modified":"2026-03-31T15:02:31","modified_gmt":"2026-03-31T13:02:31","slug":"inicio","status":"publish","type":"page","link":"https:\/\/www.popesprayer.va\/es\/","title":{"rendered":"Inicio"},"content":{"rendered":"<p>[et_pb_section fb_built=\"1&#8243; admin_label=\"Section\" _builder_version=\"4.27.4&#8243; _module_preset=\"default\" background_color=\"#F4A261&#8243; background_image=\"https:\/\/www.popesprayer.va\/wp-content\/uploads\/2025\/01\/pngimg.com-world_map_PNG28.png\" background_size=\"contain\" background_position=\"bottom_right\" background_blend=\"screen\" da_disable_devices=\"off|off|off\" global_colors_info=\"{}\" da_is_popup=\"off\" da_exit_intent=\"off\" da_has_close=\"on\" da_alt_close=\"off\" da_dark_close=\"off\" da_not_modal=\"on\" da_is_singular=\"off\" da_with_loader=\"off\" da_has_shadow=\"on\"][et_pb_row column_structure=\"3_5,2_5&#8243; _builder_version=\"4.27.4&#8243; _module_preset=\"default\" custom_padding=\"6vw||8vw||false|false\" global_colors_info=\"{}\"][et_pb_column type=\"3_5&#8243; _builder_version=\"4.27.4&#8243; _module_preset=\"default\" global_colors_info=\"{}\"][et_pb_text _builder_version=\"4.27.4&#8243; _module_preset=\"default\" header_text_color=\"rgba(255,255,255,0.9)\" header_font_size=\"4.5rem\" header_font_size_tablet=\"4.5rem\" header_font_size_phone=\"3.6rem\" header_font_size_last_edited=\"on|phone\" header_line_height_tablet=\"\" header_line_height_phone=\"1.1em\" header_line_height_last_edited=\"on|phone\" global_colors_info=\"{}\"]<\/p>\n<h1><span style=\"color: #ffffff;\">Oremos<\/span> juntos,<br \/><span style=\"color: #ffffff;\">cambiemos el<\/span> mundo<\/h1>\n<p>[\/et_pb_text][et_pb_text _builder_version=\"4.27.4&#8243; _module_preset=\"default\" text_text_color=\"#F9F9F9&#8243; text_font_size=\"1.8rem\" text_line_height=\"1.1em\" global_colors_info=\"{}\"]<\/p>\n<p>Somos una comunidad global, movida por los gritos de la humanidad y llamada a caminar juntos hacia la esperanza<\/p>\n<p>[\/et_pb_text][et_pb_button button_url=\"https:\/\/www.popesprayer.va\/es\/quienes-somos\/\" button_text=\"Descubre la comunidad\" button_alignment=\"left\" _builder_version=\"4.27.4&#8243; _module_preset=\"default\" custom_button=\"on\" button_text_size=\"28px\" button_text_color=\"#F9F9F9&#8243; button_bg_color=\"#264653&#8243; button_border_width=\"0px\" button_border_radius=\"50px\" animation_style=\"fade\" animation_duration=\"1500ms\" animation_delay=\"800ms\" button_text_size_tablet=\"24px\" button_text_size_phone=\"22px\" button_text_size_last_edited=\"on|tablet\" global_colors_info=\"{}\"][\/et_pb_button][\/et_pb_column][et_pb_column type=\"2_5&#8243; _builder_version=\"4.27.4&#8243; _module_preset=\"default\" global_colors_info=\"{}\"][\/et_pb_column][\/et_pb_row][et_pb_row _builder_version=\"4.27.4&#8243; _module_preset=\"default\" custom_padding=\"2px||||false|false\" animation_style=\"fold\" animation_direction=\"bottom\" animation_duration=\"1500ms\" animation_delay=\"200ms\" global_colors_info=\"{}\"][et_pb_column type=\"4_4&#8243; _builder_version=\"4.27.4&#8243; _module_preset=\"default\" global_colors_info=\"{}\"][et_pb_code _builder_version=\"4.27.4&#8243; _module_preset=\"default\" global_colors_info=\"{}\"]    <div class=\"sjd-destacados-grid\" id=\"sjd_grid_69edcc2dd4cef\">\n                    <div class=\"sjd-destacado-item\">\n                \n                                    <a href=\"https:\/\/www.popesprayer.va\/es\/quienes-somos\/#twh\" >\n                        <div class=\"sjd-destacado-image-container\">\n                            <img loading=\"lazy\" decoding=\"async\" width=\"1920\" height=\"1080\" src=\"https:\/\/www.popesprayer.va\/wp-content\/uploads\/2025\/07\/1.png\" class=\"attachment-full size-full wp-post-image\" alt=\"\" \/>                        <\/div>\n                    <\/a>\n                            <\/div>\n                    <div class=\"sjd-destacado-item\">\n                \n                                    <a href=\"https:\/\/www.popesprayer.va\/es\/oracion\/#intentions\" >\n                        <div class=\"sjd-destacado-image-container\">\n                            <img loading=\"lazy\" decoding=\"async\" width=\"1920\" height=\"1080\" src=\"https:\/\/www.popesprayer.va\/wp-content\/uploads\/2025\/07\/6.png\" class=\"attachment-full size-full wp-post-image\" alt=\"\" \/>                        <\/div>\n                    <\/a>\n                            <\/div>\n                    <div class=\"sjd-destacado-item\">\n                \n                                    <a href=\"https:\/\/www.popesprayer.va\/es\/oracion\/#clicktopray\" >\n                        <div class=\"sjd-destacado-image-container\">\n                            <img loading=\"lazy\" decoding=\"async\" width=\"1280\" height=\"720\" src=\"https:\/\/www.popesprayer.va\/wp-content\/uploads\/2025\/02\/3-en-tamano-grande.jpeg\" class=\"attachment-full size-full wp-post-image\" alt=\"Tarjetas Web Internacional - SJD - 3\" \/>                        <\/div>\n                    <\/a>\n                            <\/div>\n                    <div class=\"sjd-destacado-item\">\n                \n                                    <a href=\"https:\/\/www.popesprayer.va\/es\/rezaconelpapa\/\"  target=\"_blank\" rel=\"noopener noreferrer\">\n                        <div class=\"sjd-destacado-image-container\">\n                            <img loading=\"lazy\" decoding=\"async\" width=\"2560\" height=\"1439\" src=\"https:\/\/www.popesprayer.va\/wp-content\/uploads\/2025\/02\/pwtp-thumb-es-scaled.jpg\" class=\"attachment-full size-full wp-post-image\" alt=\"pwtp-thumb-es\" \/>                        <\/div>\n                    <\/a>\n                            <\/div>\n            <\/div>\n    <style>\n        \/* Contenedor del grid *\/\n        #sjd_grid_69edcc2dd4cef {\n            display: grid;\n            grid-template-columns: repeat(4, 1fr);\n            gap: 20px;\n            \/* Mayor espacio entre elementos *\/\n        }\n\n        @media (max-width: 1024px) {\n            #sjd_grid_69edcc2dd4cef {\n                grid-template-columns: repeat(2, 1fr);\n            }\n        }\n\n        @media (max-width: 768px) {\n            #sjd_grid_69edcc2dd4cef {\n                grid-template-columns: repeat(1, 1fr);\n                gap: 20px;\n                \/* Menor espacio entre elementos *\/\n\n            }\n\n        }\n\n        \/* Contenedor de la imagen con ratio 16:9 *\/\n        .sjd-destacado-image-container {\n            position: relative;\n            width: 100%;\n            aspect-ratio: 16 \/ 9;\n            overflow: hidden;\n            border-radius: 30px;\n        }\n\n        .sjd-destacado-image-container img {\n            width: 100%;\n            height: 100%;\n            object-fit: cover;\n            transition: transform 0.3s ease;\n        }\n\n        .sjd-destacado-image-container:hover img {\n            transform: scale(1.1);\n        }\n    <\/style>\n    [\/et_pb_code][\/et_pb_column][\/et_pb_row][\/et_pb_section][et_pb_section fb_built=\"1&#8243; make_equal=\"on\" specialty=\"on\" custom_css_main_1=\"margin: auto 0;\" admin_label=\"Section\" _builder_version=\"4.27.4&#8243; _module_preset=\"default\" background_color=\"#E9C46A\" background_enable_image=\"off\" background_size=\"contain\" background_position=\"center_left\" background_blend=\"screen\" inner_width=\"90%\" inner_max_width=\"1920px\" top_divider_style=\"ramp\" top_divider_color=\"#F4A261&#8243; top_divider_height_tablet=\"\" top_divider_height_phone=\"60px\" top_divider_height_last_edited=\"on|phone\" bottom_divider_style=\"ramp\" bottom_divider_color=\"#2A9D8F\" bottom_divider_flip=\"horizontal|vertical\" da_disable_devices=\"off|off|off\" global_colors_info=\"{}\" da_is_popup=\"off\" da_exit_intent=\"off\" da_has_close=\"on\" da_alt_close=\"off\" da_dark_close=\"off\" da_not_modal=\"on\" da_is_singular=\"off\" da_with_loader=\"off\" da_has_shadow=\"on\"][et_pb_column type=\"1_2&#8243; _builder_version=\"4.16&#8243; custom_padding=\"|||\" global_colors_info=\"{}\" custom_padding__hover=\"|||\"][et_pb_text _builder_version=\"4.27.4&#8243; _module_preset=\"default\" text_text_color=\"#E5E5E5&#8243; header_3_font=\"||||||||\" header_3_text_color=\"#E76F51&#8243; header_3_font_size=\"40px\" header_3_line_height=\"1.7em\" custom_margin_tablet=\"\" custom_margin_phone=\"20px||||false|false\" custom_margin_last_edited=\"on|phone\" animation_style=\"fade\" animation_duration=\"1500ms\" animation_delay=\"100ms\" header_3_line_height_tablet=\"1.7em\" header_3_line_height_phone=\"1.2em\" header_3_line_height_last_edited=\"on|phone\" global_colors_info=\"{}\"]<\/p>\n<h3><strong>Una familia global de oraci\u00f3n<\/strong><\/h3>\n<p>[\/et_pb_text][et_pb_text _builder_version=\"4.27.4&#8243; _module_preset=\"default\" text_text_color=\"#264653&#8243; text_font_size=\"22px\" text_line_height=\"1.6em\" header_3_text_color=\"#FFFFFF\" header_3_line_height=\"1.7em\" animation_style=\"fade\" animation_duration=\"1500ms\" animation_delay=\"300ms\" global_colors_info=\"{}\"]Somos la Red Mundial de Oraci\u00f3n del Papa, una misi\u00f3n en el coraz\u00f3n de la Iglesia. Nuestro prop\u00f3sito es sencillo: rezar y abordar los desaf\u00edos de la humanidad y de la misi\u00f3n de la Iglesia, guiados por las intenciones mensuales del Papa.<\/p>\n<p>A trav\u00e9s de la oraci\u00f3n, el servicio y la formaci\u00f3n espiritual, conectamos corazones de todos los continentes, creciendo en compasi\u00f3n y solidaridad. Pero esto es algo m\u00e1s que rezar: es una misi\u00f3n para vivir el Evangelio a diario, transformando nuestras vidas y el mundo a trav\u00e9s de un itinerario que llamamos \"El Camino del Coraz\u00f3n.\"[\/et_pb_text][et_pb_button button_url=\"https:\/\/www.popesprayer.va\/es\/donde-estamos\/\" button_text=\"d\u00f3nde estamos\" button_alignment=\"right\" _builder_version=\"4.27.4&#8243; _module_preset=\"default\" custom_button=\"on\" button_text_color=\"#FFFFFF\" button_bg_color=\"#E76F51&#8243; button_border_width=\"0px\" button_border_radius=\"50px\" animation_style=\"fade\" animation_duration=\"1500ms\" animation_delay=\"800ms\" global_colors_info=\"{}\"][\/et_pb_button][\/et_pb_column][et_pb_column type=\"1_2&#8243; specialty_columns=\"2&#8243; _builder_version=\"4.16&#8243; custom_padding=\"|||\" global_colors_info=\"{}\" custom_padding__hover=\"|||\"][et_pb_row_inner column_structure=\"1_2,1_2&#8243; use_custom_gutter=\"on\" gutter_width=\"1&#8243; _builder_version=\"4.27.4&#8243; _module_preset=\"default\" global_colors_info=\"{}\"][et_pb_column_inner type=\"1_2&#8243; saved_specialty_column_type=\"1_2&#8243; _builder_version=\"4.27.4&#8243; _module_preset=\"default\" global_colors_info=\"{}\"][et_pb_image src=\"https:\/\/www.popesprayer.va\/wp-content\/uploads\/2025\/01\/DS6E351-2048&#215;1365-1.jpg\" title_text=\"DS6E351-2048&#215;1365&#8243; _builder_version=\"4.27.4&#8243; _module_preset=\"default\" module_alignment=\"right\" custom_margin=\"20px|10px|20px|10px|true|true\" filter_opacity=\"90%\" animation_style=\"fade\" animation_direction=\"right\" animation_duration=\"1500ms\" animation_delay=\"400ms\" border_radii=\"on|20px|20px|20px|20px\" global_colors_info=\"{}\"][\/et_pb_image][et_pb_image src=\"https:\/\/www.popesprayer.va\/wp-content\/uploads\/2025\/02\/250302466_2418536451610360_37849157566792672_n.jpg\" title_text=\"250302466_2418536451610360_37849157566792672_n\" _builder_version=\"4.27.4&#8243; _module_preset=\"default\" module_alignment=\"right\" custom_margin=\"20px|10px|20px|10px|true|true\" filter_opacity=\"90%\" animation_style=\"fade\" animation_direction=\"right\" animation_duration=\"1500ms\" animation_delay=\"400ms\" border_radii=\"on|20px|20px|20px|20px\" global_colors_info=\"{}\"][\/et_pb_image][\/et_pb_column_inner][et_pb_column_inner type=\"1_2&#8243; saved_specialty_column_type=\"1_2&#8243; _builder_version=\"4.27.4&#8243; _module_preset=\"default\" global_colors_info=\"{}\"][et_pb_image src=\"https:\/\/www.popesprayer.va\/wp-content\/uploads\/2025\/04\/277788475_2537631799700824_8138970516412123860_n-1.jpg\" alt=\"277788475_2537631799700824_8138970516412123860_n (1)\" title_text=\"277788475_2537631799700824_8138970516412123860_n (1)\" _builder_version=\"4.27.4&#8243; _module_preset=\"default\" module_alignment=\"right\" custom_margin=\"20px|10px|20px|10px|true|true\" filter_opacity=\"90%\" animation_style=\"fade\" animation_direction=\"right\" animation_duration=\"1500ms\" animation_delay=\"400ms\" border_radii=\"on|20px|20px|20px|20px\" global_colors_info=\"{}\"][\/et_pb_image][et_pb_image src=\"https:\/\/www.popesprayer.va\/wp-content\/uploads\/2025\/07\/home-4-1.jpg\" alt=\"casa-4&#8243; title_text=\"casa-4&#8243; _builder_version=\"4.27.4&#8243; _module_preset=\"default\" module_alignment=\"right\" custom_margin=\"20px|10px|20px|10px|true|true\" filter_opacity=\"90%\" animation_style=\"fade\" animation_direction=\"right\" animation_duration=\"1500ms\" animation_delay=\"400ms\" border_radii=\"on|20px|20px|20px|20px\" global_colors_info=\"{}\"][\/et_pb_image][\/et_pb_column_inner][\/et_pb_row_inner][\/et_pb_column][\/et_pb_section][et_pb_section fb_built=\"1&#8243; admin_label=\"Section\" _builder_version=\"4.27.4&#8243; _module_preset=\"default\" background_color=\"#2A9D8F\" use_background_color_gradient=\"on\" background_color_gradient_stops=\"#2a9d8f 1%|rgba(42,157,143,0.8) 98%\" background_color_gradient_overlays_image=\"on\" background_image=\"https:\/\/www.popesprayer.va\/wp-content\/uploads\/2025\/07\/popes-intentions-1.jpeg\" custom_padding=\"6vw||6vw||true|false\" bottom_divider_style=\"ramp\" bottom_divider_color=\"#264653&#8243; bottom_divider_height=\"40px\" bottom_divider_flip=\"horizontal\" da_disable_devices=\"off|off|off\" global_colors_info=\"{}\" da_is_popup=\"off\" da_exit_intent=\"off\" da_has_close=\"on\" da_alt_close=\"off\" da_dark_close=\"off\" da_not_modal=\"on\" da_is_singular=\"off\" da_with_loader=\"off\" da_has_shadow=\"on\"][et_pb_row column_structure=\"3_5,2_5&#8243; make_equal=\"on\" _builder_version=\"4.27.4&#8243; _module_preset=\"default\" global_colors_info=\"{}\"][et_pb_column type=\"3_5&#8243; _builder_version=\"4.27.4&#8243; _module_preset=\"default\" custom_css_main_element=\"margin: auto;\" global_colors_info=\"{}\"][et_pb_text _builder_version=\"4.27.4&#8243; _module_preset=\"default\" text_text_color=\"#E5E5E5&#8243; header_3_font=\"||||||||\" header_3_text_color=\"#E9C46A\" header_3_font_size=\"40px\" header_3_line_height=\"1.7em\" animation_style=\"fade\" animation_duration=\"1500ms\" animation_delay=\"100ms\" header_3_line_height_tablet=\"1.7em\" header_3_line_height_phone=\"1.2em\" header_3_line_height_last_edited=\"on|phone\" global_colors_info=\"{}\"]<\/p>\n<h3><b>Reza con el Papa<\/b><\/h3>\n<p>[\/et_pb_text][et_pb_text _builder_version=\"4.27.4&#8243; _module_preset=\"default\" text_text_color=\"#FFFFFF\" text_font_size=\"22px\" text_line_height=\"1.6em\" header_3_text_color=\"#FFFFFF\" header_3_line_height=\"1.7em\" animation_style=\"fade\" animation_duration=\"1500ms\" animation_delay=\"300ms\" global_colors_info=\"{}\"]<\/p>\n<p><span>En su perfil personal en Click To Pray, el Papa ofrece intenciones semanales y particulares, invit\u00e1ndonos a apoyar la misi\u00f3n de la Iglesia. <\/span><\/p>\n<p>[\/et_pb_text][et_pb_button button_url=\"https:\/\/www.popesprayer.va\/es\/oracion\/#intentions\" button_text=\"descubre las intenciones de oraci\u00f3n del Papa\" button_alignment=\"right\" button_alignment_tablet=\"right\" button_alignment_phone=\"center\" button_alignment_last_edited=\"on|phone\" _builder_version=\"4.27.4&#8243; _module_preset=\"default\" custom_button=\"on\" button_text_color=\"#264653&#8243; button_bg_color=\"#E9C46A\" button_border_width=\"0px\" button_border_radius=\"50px\" custom_margin_tablet=\"\" custom_margin_phone=\"||40px||false|false\" custom_margin_last_edited=\"on|phone\" animation_style=\"fade\" animation_duration=\"1500ms\" animation_delay=\"800ms\" global_colors_info=\"{}\"][\/et_pb_button][\/et_pb_column][et_pb_column type=\"2_5&#8243; _builder_version=\"4.27.4&#8243; _module_preset=\"default\" global_colors_info=\"{}\"][et_pb_code _builder_version=\"4.27.4&#8243; _module_preset=\"default\" text_orientation=\"right\" global_colors_info=\"{}\"]<iframe loading=\"lazy\" src=\"https:\/\/clicktopray.org\/embed\/pope-prayer?lang=es\" width=\"355px\" height=\"445px\" frameborder=\"0\"><\/iframe>[\/et_pb_code][\/et_pb_column][\/et_pb_row][\/et_pb_section][et_pb_section fb_built=\"1&#8243; admin_label=\"Section\" _builder_version=\"4.27.4&#8243; _module_preset=\"default\" background_color=\"#264653&#8243; da_disable_devices=\"off|off|off\" global_colors_info=\"{}\" da_is_popup=\"off\" da_exit_intent=\"off\" da_has_close=\"on\" da_alt_close=\"off\" da_dark_close=\"off\" da_not_modal=\"on\" da_is_singular=\"off\" da_with_loader=\"off\" da_has_shadow=\"on\"][et_pb_row _builder_version=\"4.27.4&#8243; _module_preset=\"default\" global_colors_info=\"{}\"][et_pb_column type=\"4_4&#8243; _builder_version=\"4.27.4&#8243; _module_preset=\"default\" global_colors_info=\"{}\"][et_pb_text _builder_version=\"4.27.4&#8243; _module_preset=\"default\" text_text_color=\"#E5E5E5&#8243; header_3_text_align=\"center\" header_3_text_color=\"#E9C46A\" header_3_font_size=\"40px\" header_3_line_height=\"1.7em\" animation_style=\"fade\" animation_duration=\"1500ms\" animation_delay=\"100ms\" header_3_line_height_tablet=\"1.7em\" header_3_line_height_phone=\"1.2em\" header_3_line_height_last_edited=\"on|phone\" global_colors_info=\"{}\"]<\/p>\n<h3><strong>Voces de un mundo que reza<\/strong><\/h3>\n<p>[\/et_pb_text][\/et_pb_column][\/et_pb_row][et_pb_row _builder_version=\"4.27.4&#8243; _module_preset=\"default\" global_colors_info=\"{}\"][et_pb_column type=\"4_4&#8243; _builder_version=\"4.27.4&#8243; _module_preset=\"default\" global_colors_info=\"{}\"][et_pb_blog fullwidth=\"off\" posts_number=\"3&#8243; include_categories=\"1&#8243; excerpt_length=\"0&#8243; show_author=\"off\" show_categories=\"off\" show_excerpt=\"off\" show_pagination=\"off\" masonry_tile_background_color=\"RGBA(255,255,255,0)\" _builder_version=\"4.27.4&#8243; _module_preset=\"default\" header_text_color=\"#FFFFFF\" header_line_height=\"1.2em\" meta_text_align=\"right\" meta_text_color=\"#E9C46A\" border_width_all=\"0px\" border_radii_image=\"on|30px|30px|30px|30px\" global_colors_info=\"{}\"][\/et_pb_blog][et_pb_button button_url=\"https:\/\/www.popesprayer.va\/es\/noticias\/\" button_text=\"encuentra m\u00e1s noticias\" button_alignment=\"right\" _builder_version=\"4.27.4&#8243; _module_preset=\"default\" custom_button=\"on\" button_text_color=\"#264653&#8243; button_bg_color=\"#E9C46A\" button_border_width=\"0px\" button_border_radius=\"50px\" animation_style=\"fade\" animation_duration=\"1500ms\" animation_delay=\"800ms\" global_colors_info=\"{}\"][\/et_pb_button][\/et_pb_column][\/et_pb_row][\/et_pb_section][et_pb_section fb_built=\"1&#8243; admin_label=\"Section\" _builder_version=\"4.27.4&#8243; _module_preset=\"default\" background_color=\"#F4A261&#8243; background_image=\"https:\/\/www.popesprayer.va\/wp-content\/uploads\/2025\/05\/Pope_s-Worldwide-Prayer-Network-175-YEARS-Mass-St-John-Lateran-1-1-en-tamano-grande-2.jpeg\" background_position=\"top_center\" background_blend=\"soft-light\" custom_padding=\"12vw||12vw||true|false\" top_divider_style=\"ramp\" top_divider_color=\"#264653&#8243; top_divider_height=\"40px\" top_divider_flip=\"vertical|horizontal\" bottom_divider_style=\"ramp\" bottom_divider_color=\"#264653&#8243; bottom_divider_flip=\"horizontal\" da_disable_devices=\"off|off|off\" global_colors_info=\"{}\" da_is_popup=\"off\" da_exit_intent=\"off\" da_has_close=\"on\" da_alt_close=\"off\" da_dark_close=\"off\" da_not_modal=\"on\" da_is_singular=\"off\" da_with_loader=\"off\" da_has_shadow=\"on\"][et_pb_row column_structure=\"2_5,3_5&#8243; _builder_version=\"4.27.4&#8243; _module_preset=\"default\" background_enable_image=\"off\" background_size=\"contain\" background_position=\"top_right\" background_repeat=\"no-repeat\" background_last_edited=\"on|phone\" background_enable_image_phone=\"off\" background_blend_phone=\"luminosity\" global_colors_info=\"{}\"][et_pb_column type=\"2_5&#8243; _builder_version=\"4.27.4&#8243; _module_preset=\"default\" background_color=\"rgba(233,196,106,0.9)\" custom_padding=\"40px|40px|40px|40px|true|true\" animation_style=\"fade\" animation_duration=\"1500ms\" animation_delay=\"300ms\" border_radii=\"on|20px|20px|20px|20px\" global_colors_info=\"{}\"][et_pb_text _builder_version=\"4.27.4&#8243; _module_preset=\"default\" text_text_color=\"#E5E5E5&#8243; header_3_text_align=\"left\" header_3_text_color=\"#E76F51&#8243; header_3_font_size=\"40px\" header_3_line_height=\"1.3em\" custom_margin=\"||0px||false|false\" animation_style=\"fade\" animation_duration=\"1500ms\" animation_delay=\"100ms\" header_3_line_height_tablet=\"1.7em\" header_3_line_height_phone=\"1.2em\" header_3_line_height_last_edited=\"on|phone\" global_colors_info=\"{}\"]<\/p>\n<h3><strong>Conecta, Reza, Transforma<\/strong><\/h3>\n<p>&nbsp;<\/p>\n<p>[\/et_pb_text][et_pb_text _builder_version=\"4.27.4&#8243; _module_preset=\"default\" text_text_color=\"#264653&#8243; text_font_size=\"22px\" text_line_height=\"1.6em\" module_alignment=\"center\" animation_style=\"fade\" animation_duration=\"1500ms\" animation_delay=\"400ms\" global_colors_info=\"{}\"]A trav\u00e9s de la oraci\u00f3n, te acercas a Jes\u00fas, alineando tu coraz\u00f3n con Su amor y Su misi\u00f3n para el mundo. Juntos, podemos responder a los desaf\u00edos de la humanidad y de la misi\u00f3n de la Iglesia, uni\u00e9ndonos en la esperanza y la acci\u00f3n.[\/et_pb_text][et_pb_button button_url=\"https:\/\/www.popesprayer.va\/es\/participa\/\" button_text=\"participa\" button_alignment=\"right\" _builder_version=\"4.27.4&#8243; _module_preset=\"default\" custom_button=\"on\" button_text_color=\"#E9C46A\" button_bg_color=\"#E76F51&#8243; button_border_width=\"0px\" button_border_radius=\"50px\" animation_style=\"fade\" animation_duration=\"1500ms\" animation_delay=\"1000ms\" global_colors_info=\"{}\"][\/et_pb_button][\/et_pb_column][et_pb_column type=\"3_5&#8243; _builder_version=\"4.27.4&#8243; _module_preset=\"default\" global_colors_info=\"{}\"][\/et_pb_column][\/et_pb_row][\/et_pb_section][et_pb_section fb_built=\"1&#8243; disabled_on=\"off|off|off\" admin_label=\"Popup - #praypope\" module_id=\"praypope\" module_class=\"popup single\" _builder_version=\"4.27.6&#8243; _module_preset=\"default\" background_color=\"#E9C46A\" display_conditions=\"W3siaWQiOiJiMDM2Nzc3ZS1hZDc4LTQ3NTgtOGJkMS1kNjQ3NmFiYzJiY2EiLCJjb25kaXRpb24iOiJkYXRlVGltZSIsImNvbmRpdGlvblNldHRpbmdzIjp7ImRpc3BsYXlSdWxlIjoiaXNBZnRlciIsImRhdGUiOiIyMDI2LTAzLTA1IiwidGltZSI6IjE1OjAwIiwid2Vla2RheXMiOiJ8IiwiYWxsRGF5Ijoib24iLCJmcm9tVGltZSI6IjAwOjAwIiwidW50aWxUaW1lIjoiMDA6MDAiLCJyZXBlYXQiOiJvZmYiLCJyZXBlYXRGcmVxdWVuY3kiOiJtb250aGx5IiwicmVwZWF0RnJlcXVlbmN5U3BlY2lmaWNEYXlzIjoid2Vla2x5IiwicmVwZWF0RW5kIjoibmV2ZXIiLCJyZXBlYXRVbnRpbERhdGUiOiIyMDI2LTItNCIsInJlcGVhdFRpbWVzIjoiMyIsImFkbWluTGFiZWwiOiJEYXRlICYgVGltZSIsImVuYWJsZUNvbmRpdGlvbiI6Im9uIn0sIm9wZXJhdG9yIjoiT1IifSx7ImlkIjoiNTNlZGJiN2QtZjU2NC00Zjg2LTgyNzMtNGRlMmIyYTNmYTI4IiwiY29uZGl0aW9uIjoiZGF0ZVRpbWUiLCJjb25kaXRpb25TZXR0aW5ncyI6eyJkaXNwbGF5UnVsZSI6ImlzQmVmb3JlIiwiZGF0ZSI6IjIwMjYtMDMtMzAiLCJ0aW1lIjoiMjM6NTkiLCJ3ZWVrZGF5cyI6InwiLCJhbGxEYXkiOiJvZmYiLCJmcm9tVGltZSI6IjAwOjAwIiwidW50aWxUaW1lIjoiMDA6MDAiLCJyZXBlYXQiOiJvZmYiLCJyZXBlYXRGcmVxdWVuY3kiOiJtb250aGx5IiwicmVwZWF0RnJlcXVlbmN5U3BlY2lmaWNEYXlzIjoid2Vla2x5IiwicmVwZWF0RW5kIjoibmV2ZXIiLCJyZXBlYXRVbnRpbERhdGUiOiIyMDI2LTItNCIsInJlcGVhdFRpbWVzIjoiMyIsImFkbWluTGFiZWwiOiJEYXRlICYgVGltZSIsImVuYWJsZUNvbmRpdGlvbiI6Im9uIn0sIm9wZXJhdG9yIjoiT1IifV0=\" hover_enabled=\"0&#8243; custom_css_free_form=\"\/* Aumenta el tama\u00f1o del contenedor y el s\u00edmbolo X *\/||.da-close.evr-close {||    width: 50px !important;   \/* Ajusta a tu gusto *\/||    height: 50px !important;  \/* Ajusta a tu gusto *\/||    line-height: 50px !important;||    font-size: 40px !important; \/* Esto agranda la %22X%22 si es una fuente de iconos *\/||}||||\/* Si el icono es un dibujo generado por CSS (l\u00edneas) *\/||.da-close.evr-close:before, ||.da-close.evr-close:after {||    font-size: 40px !important;||}\" da_is_popup=\"on\" da_popup_slug=\"praypope\" da_is_singular=\"on\" da_disable_devices=\"off|off|off\" border_radii=\"on|20px|20px|20px|20px\" locked=\"off\" global_colors_info=\"{}\" sticky_enabled=\"0&#8243; da_exit_intent=\"off\" da_has_close=\"on\" da_alt_close=\"off\" da_dark_close=\"off\" da_not_modal=\"on\" da_with_loader=\"off\" da_has_shadow=\"on\"][et_pb_row _builder_version=\"4.27.5&#8243; _module_preset=\"default\" global_colors_info=\"{}\"][et_pb_column type=\"4_4&#8243; _builder_version=\"4.27.5&#8243; _module_preset=\"default\" global_colors_info=\"{}\"][et_pb_image src=\"https:\/\/www.popesprayer.va\/wp-content\/uploads\/2026\/01\/pope-leo-icon-bold.png\" alt=\"pope leo icon bold\" title_text=\"pope leo icon bold\" align=\"center\" _builder_version=\"4.27.5&#8243; _module_preset=\"default\" height=\"60px\" max_height=\"60px\" custom_margin=\"||1px|||\" custom_padding=\"||5px|||\" global_colors_info=\"{}\"][\/et_pb_image][et_pb_text _builder_version=\"4.27.6&#8243; _module_preset=\"default\" text_text_color=\"#E5E5E5&#8243; header_3_text_align=\"center\" header_3_text_color=\"#264653&#8243; header_3_font_size=\"40px\" header_3_line_height=\"1.7em\" header_4_font=\"-et_global_body_font||||||||\" header_4_text_align=\"center\" header_4_text_color=\"#264653&#8243; custom_padding=\"12px|||||\" animation_style=\"fade\" animation_duration=\"1500ms\" animation_delay=\"100ms\" hover_enabled=\"0&#8243; header_3_line_height_tablet=\"1.7em\" header_3_line_height_phone=\"1.2em\" header_3_line_height_last_edited=\"on|phone\" locked=\"off\" global_colors_info=\"{}\" sticky_enabled=\"0&#8243;]<\/p>\n<h4>Intenci\u00f3n de Oraci\u00f3n del Papa - Abril 2026<strong><br \/>\n<\/strong><\/h4>\n<h3><strong>Por los sacerdotes en crisis <\/strong><\/h3>\n<p>[\/et_pb_text][et_pb_button button_url=\"https:\/\/www.popesprayer.va\/es\/rezaconelpapa\/\" url_new_window=\"on\" button_text=\"Reza con el Papa\" button_alignment=\"center\" _builder_version=\"4.27.5&#8243; _module_preset=\"default\" custom_button=\"on\" button_text_color=\"#E9C46A\" button_bg_color=\"#E76F51&#8243; button_border_width=\"0px\" button_border_radius=\"50px\" animation_style=\"fade\" animation_duration=\"1500ms\" animation_delay=\"1000ms\" locked=\"off\" global_colors_info=\"{}\"][\/et_pb_button][et_pb_code _builder_version=\"4.27.5&#8243; _module_preset=\"default\" global_colors_info=\"{}\"]<script><!-- [et_pb_line_break_holder] -->\t(function () {<!-- [et_pb_line_break_holder] -->\t\tDiviArea.addAction('ready', function () {<!-- [et_pb_line_break_holder] -->\t\t\t\/\/ Option 2: Show the Popup after 2 seconds.<!-- [et_pb_line_break_holder] -->\t\t\tvar popupId = 'praypope'; \/\/ TODO: \u2190 Enter the ID of your Popup here!<!-- [et_pb_line_break_holder] --><!-- [et_pb_line_break_holder] -->\t\t\twindow.setTimeout(function () {<!-- [et_pb_line_break_holder] -->\t\t\t\tDiviArea.show(popupId);<!-- [et_pb_line_break_holder] -->\t\t\t}, 2000);<!-- [et_pb_line_break_holder] -->\t\t});<!-- [et_pb_line_break_holder] -->\t})();<!-- [et_pb_line_break_holder] --><\/script>[\/et_pb_code][\/et_pb_column][\/et_pb_row][\/et_pb_section]<\/p>\n","protected":false},"excerpt":{"rendered":"<p>[et_pb_section fb_built=\"1&#8243; admin_label=\"Section\" _builder_version=\"4.27.4&#8243; _module_preset=\"default\" background_color=\"#F4A261&#8243; background_image=\"https:\/\/www.popesprayer.va\/wp-content\/uploads\/2025\/01\/pngimg.com-world_map_PNG28.png\" background_size=\"contain\" background_position=\"bottom_right\" background_blend=\"screen\" da_disable_devices=\"off|off|off\" global_colors_info=\"{}\" da_is_popup=\"off\" da_exit_intent=\"off\" da_has_close=\"on\" da_alt_close=\"off\" da_dark_close=\"off\" da_not_modal=\"on\" da_is_singular=\"off\" da_with_loader=\"off\" da_has_shadow=\"on\"][et_pb_row column_structure=\"3_5,2_5&#8243; _builder_version=\"4.27.4&#8243; _module_preset=\"default\" custom_padding=\"6vw||8vw||false|false\" global_colors_info=\"{}\"][et_pb_column type=\"3_5&#8243; _builder_version=\"4.27.4&#8243; _module_preset=\"default\" global_colors_info=\"{}\"][et_pb_text _builder_version=\"4.27.4&#8243; _module_preset=\"default\" header_text_color=\"rgba(255,255,255,0.9)\" header_font_size=\"4.5rem\" header_font_size_tablet=\"4.5rem\" header_font_size_phone=\"3.6rem\" header_font_size_last_edited=\"on|phone\" header_line_height_tablet=\"\" header_line_height_phone=\"1.1em\" header_line_height_last_edited=\"on|phone\" global_colors_info=\"{}\"] Oremos juntos,cambiemos el mundo [\/et_pb_text][et_pb_text _builder_version=\"4.27.4&#8243; _module_preset=\"default\" text_text_color=\"#F9F9F9&#8243; text_font_size=\"1.8rem\" text_line_height=\"1.1em\" global_colors_info=\"{}\"] Somos una comunidad [&hellip;]<\/p>\n","protected":false},"author":1,"featured_media":0,"parent":0,"menu_order":0,"comment_status":"closed","ping_status":"closed","template":"","meta":{"_acf_changed":false,"_et_pb_use_builder":"on","_et_pb_old_content":"","_et_gb_content_width":"","footnotes":""},"class_list":["post-84211","page","type-page","status-publish","hentry"],"acf":[],"yoast_head":"<!-- This site is optimized with the Yoast SEO plugin v27.4 - https:\/\/yoast.com\/product\/yoast-seo-wordpress\/ -->\n<title>Red Mundial de Oraci\u00f3n del Papa<\/title>\n<meta name=\"robots\" content=\"index, follow, max-snippet:-1, max-image-preview:large, max-video-preview:-1\" \/>\n<link rel=\"canonical\" href=\"https:\/\/www.popesprayer.va\/es\/\" \/>\n<meta property=\"og:locale\" content=\"es_ES\" \/>\n<meta property=\"og:type\" content=\"article\" \/>\n<meta property=\"og:description\" content=\"[et_pb_section fb_built=&quot;1&#8243; admin_label=&quot;Section&quot; _builder_version=&quot;4.27.4&#8243; _module_preset=&quot;default&quot; background_color=&quot;#F4A261&#8243; background_image=&quot;https:\/\/www.popesprayer.va\/wp-content\/uploads\/2025\/01\/pngimg.com-world_map_PNG28.png&quot; background_size=&quot;contain&quot; background_position=&quot;bottom_right&quot; background_blend=&quot;screen&quot; da_disable_devices=&quot;off|off|off&quot; global_colors_info=&quot;{}&quot; da_is_popup=&quot;off&quot; da_exit_intent=&quot;off&quot; da_has_close=&quot;on&quot; da_alt_close=&quot;off&quot; da_dark_close=&quot;off&quot; da_not_modal=&quot;on&quot; da_is_singular=&quot;off&quot; da_with_loader=&quot;off&quot; da_has_shadow=&quot;on&quot;][et_pb_row column_structure=&quot;3_5,2_5&#8243; _builder_version=&quot;4.27.4&#8243; _module_preset=&quot;default&quot; custom_padding=&quot;6vw||8vw||false|false&quot; global_colors_info=&quot;{}&quot;][et_pb_column type=&quot;3_5&#8243; _builder_version=&quot;4.27.4&#8243; _module_preset=&quot;default&quot; global_colors_info=&quot;{}&quot;][et_pb_text _builder_version=&quot;4.27.4&#8243; _module_preset=&quot;default&quot; header_text_color=&quot;rgba(255,255,255,0.9)&quot; header_font_size=&quot;4.5rem&quot; header_font_size_tablet=&quot;4.5rem&quot; header_font_size_phone=&quot;3.6rem&quot; header_font_size_last_edited=&quot;on|phone&quot; header_line_height_tablet=&quot;&quot; header_line_height_phone=&quot;1.1em&quot; header_line_height_last_edited=&quot;on|phone&quot; global_colors_info=&quot;{}&quot;] Oremos juntos,cambiemos el mundo [\/et_pb_text][et_pb_text _builder_version=&quot;4.27.4&#8243; _module_preset=&quot;default&quot; text_text_color=&quot;#F9F9F9&#8243; text_font_size=&quot;1.8rem&quot; text_line_height=&quot;1.1em&quot; global_colors_info=&quot;{}&quot;] Somos una comunidad [&hellip;]\" \/>\n<meta property=\"og:url\" content=\"https:\/\/www.popesprayer.va\/es\/\" \/>\n<meta property=\"og:site_name\" content=\"Red Mundial de Oraci\u00f3n del Papa\" \/>\n<meta property=\"article:modified_time\" content=\"2026-03-31T13:02:31+00:00\" \/>\n<meta name=\"twitter:card\" content=\"summary_large_image\" \/>\n<meta name=\"twitter:label1\" content=\"Tiempo de lectura\" \/>\n\t<meta name=\"twitter:data1\" content=\"14 minutos\" \/>\n<script type=\"application\/ld+json\" class=\"yoast-schema-graph\">{\"@context\":\"https:\\\/\\\/schema.org\",\"@graph\":[{\"@type\":\"WebPage\",\"@id\":\"https:\\\/\\\/www.popesprayer.va\\\/es\\\/\",\"url\":\"https:\\\/\\\/www.popesprayer.va\\\/es\\\/\",\"name\":\"\",\"isPartOf\":{\"@id\":\"https:\\\/\\\/www.popesprayer.va\\\/es\\\/#website\"},\"datePublished\":\"2025-01-21T11:40:30+00:00\",\"dateModified\":\"2026-03-31T13:02:31+00:00\",\"breadcrumb\":{\"@id\":\"https:\\\/\\\/www.popesprayer.va\\\/es\\\/#breadcrumb\"},\"inLanguage\":\"es\",\"potentialAction\":[{\"@type\":\"ReadAction\",\"target\":[\"https:\\\/\\\/www.popesprayer.va\\\/es\\\/\"]}]},{\"@type\":\"BreadcrumbList\",\"@id\":\"https:\\\/\\\/www.popesprayer.va\\\/es\\\/#breadcrumb\",\"itemListElement\":[{\"@type\":\"ListItem\",\"position\":1,\"name\":\"Inicio\",\"item\":\"https:\\\/\\\/www.popesprayer.va\\\/es\\\/\"},{\"@type\":\"ListItem\",\"position\":2,\"name\":\"Inicio\"}]},{\"@type\":\"WebSite\",\"@id\":\"https:\\\/\\\/www.popesprayer.va\\\/es\\\/#website\",\"url\":\"https:\\\/\\\/www.popesprayer.va\\\/es\\\/\",\"name\":\"Pope's Worldwide Prayer Network\",\"description\":\"Pray together, change the world\",\"publisher\":{\"@id\":\"https:\\\/\\\/www.popesprayer.va\\\/es\\\/#organization\"},\"potentialAction\":[{\"@type\":\"SearchAction\",\"target\":{\"@type\":\"EntryPoint\",\"urlTemplate\":\"https:\\\/\\\/www.popesprayer.va\\\/es\\\/?s={search_term_string}\"},\"query-input\":{\"@type\":\"PropertyValueSpecification\",\"valueRequired\":true,\"valueName\":\"search_term_string\"}}],\"inLanguage\":\"es\"},{\"@type\":\"Organization\",\"@id\":\"https:\\\/\\\/www.popesprayer.va\\\/es\\\/#organization\",\"name\":\"Red Mundial de Oraci\u00f3n del Papa\",\"url\":\"https:\\\/\\\/www.popesprayer.va\\\/es\\\/\",\"logo\":{\"@type\":\"ImageObject\",\"inLanguage\":\"es\",\"@id\":\"https:\\\/\\\/www.popesprayer.va\\\/es\\\/#\\\/schema\\\/logo\\\/image\\\/\",\"url\":\"https:\\\/\\\/www.popesprayer.va\\\/wp-content\\\/uploads\\\/2025\\\/01\\\/Logo-Popes-Worldwide-Prayer-Network-Pontifical-Work-EN-Horizontal.png\",\"contentUrl\":\"https:\\\/\\\/www.popesprayer.va\\\/wp-content\\\/uploads\\\/2025\\\/01\\\/Logo-Popes-Worldwide-Prayer-Network-Pontifical-Work-EN-Horizontal.png\",\"width\":1328,\"height\":228,\"caption\":\"Red Mundial de Oraci\u00f3n del Papa\"},\"image\":{\"@id\":\"https:\\\/\\\/www.popesprayer.va\\\/es\\\/#\\\/schema\\\/logo\\\/image\\\/\"}}]}<\/script>\n<!-- \/ Yoast SEO plugin. -->","yoast_head_json":{"title":"Red Mundial de Oraci\u00f3n del Papa","robots":{"index":"index","follow":"follow","max-snippet":"max-snippet:-1","max-image-preview":"max-image-preview:large","max-video-preview":"max-video-preview:-1"},"canonical":"https:\/\/www.popesprayer.va\/es\/","og_locale":"es_ES","og_type":"article","og_description":"[et_pb_section fb_built=\"1&#8243; admin_label=\"Section\" _builder_version=\"4.27.4&#8243; _module_preset=\"default\" background_color=\"#F4A261&#8243; background_image=\"https:\/\/www.popesprayer.va\/wp-content\/uploads\/2025\/01\/pngimg.com-world_map_PNG28.png\" background_size=\"contain\" background_position=\"bottom_right\" background_blend=\"screen\" da_disable_devices=\"off|off|off\" global_colors_info=\"{}\" da_is_popup=\"off\" da_exit_intent=\"off\" da_has_close=\"on\" da_alt_close=\"off\" da_dark_close=\"off\" da_not_modal=\"on\" da_is_singular=\"off\" da_with_loader=\"off\" da_has_shadow=\"on\"][et_pb_row column_structure=\"3_5,2_5&#8243; _builder_version=\"4.27.4&#8243; _module_preset=\"default\" custom_padding=\"6vw||8vw||false|false\" global_colors_info=\"{}\"][et_pb_column type=\"3_5&#8243; _builder_version=\"4.27.4&#8243; _module_preset=\"default\" global_colors_info=\"{}\"][et_pb_text _builder_version=\"4.27.4&#8243; _module_preset=\"default\" header_text_color=\"rgba(255,255,255,0.9)\" header_font_size=\"4.5rem\" header_font_size_tablet=\"4.5rem\" header_font_size_phone=\"3.6rem\" header_font_size_last_edited=\"on|phone\" header_line_height_tablet=\"\" header_line_height_phone=\"1.1em\" header_line_height_last_edited=\"on|phone\" global_colors_info=\"{}\"] Oremos juntos,cambiemos el mundo [\/et_pb_text][et_pb_text _builder_version=\"4.27.4&#8243; _module_preset=\"default\" text_text_color=\"#F9F9F9&#8243; text_font_size=\"1.8rem\" text_line_height=\"1.1em\" global_colors_info=\"{}\"] Somos una comunidad [&hellip;]","og_url":"https:\/\/www.popesprayer.va\/es\/","og_site_name":"Red Mundial de Oraci\u00f3n del Papa","article_modified_time":"2026-03-31T13:02:31+00:00","twitter_card":"summary_large_image","twitter_misc":{"Tiempo de lectura":"14 minutos"},"schema":{"@context":"https:\/\/schema.org","@graph":[{"@type":"WebPage","@id":"https:\/\/www.popesprayer.va\/es\/","url":"https:\/\/www.popesprayer.va\/es\/","name":"","isPartOf":{"@id":"https:\/\/www.popesprayer.va\/es\/#website"},"datePublished":"2025-01-21T11:40:30+00:00","dateModified":"2026-03-31T13:02:31+00:00","breadcrumb":{"@id":"https:\/\/www.popesprayer.va\/es\/#breadcrumb"},"inLanguage":"es","potentialAction":[{"@type":"ReadAction","target":["https:\/\/www.popesprayer.va\/es\/"]}]},{"@type":"BreadcrumbList","@id":"https:\/\/www.popesprayer.va\/es\/#breadcrumb","itemListElement":[{"@type":"ListItem","position":1,"name":"Inicio","item":"https:\/\/www.popesprayer.va\/es\/"},{"@type":"ListItem","position":2,"name":"Inicio"}]},{"@type":"WebSite","@id":"https:\/\/www.popesprayer.va\/es\/#website","url":"https:\/\/www.popesprayer.va\/es\/","name":"Pope's Worldwide Prayer Network","description":"Pray together, change the world","publisher":{"@id":"https:\/\/www.popesprayer.va\/es\/#organization"},"potentialAction":[{"@type":"SearchAction","target":{"@type":"EntryPoint","urlTemplate":"https:\/\/www.popesprayer.va\/es\/?s={search_term_string}"},"query-input":{"@type":"PropertyValueSpecification","valueRequired":true,"valueName":"search_term_string"}}],"inLanguage":"es"},{"@type":"Organization","@id":"https:\/\/www.popesprayer.va\/es\/#organization","name":"Red Mundial de Oraci\u00f3n del Papa","url":"https:\/\/www.popesprayer.va\/es\/","logo":{"@type":"ImageObject","inLanguage":"es","@id":"https:\/\/www.popesprayer.va\/es\/#\/schema\/logo\/image\/","url":"https:\/\/www.popesprayer.va\/wp-content\/uploads\/2025\/01\/Logo-Popes-Worldwide-Prayer-Network-Pontifical-Work-EN-Horizontal.png","contentUrl":"https:\/\/www.popesprayer.va\/wp-content\/uploads\/2025\/01\/Logo-Popes-Worldwide-Prayer-Network-Pontifical-Work-EN-Horizontal.png","width":1328,"height":228,"caption":"Red Mundial de Oraci\u00f3n del Papa"},"image":{"@id":"https:\/\/www.popesprayer.va\/es\/#\/schema\/logo\/image\/"}}]}},"_links":{"self":[{"href":"https:\/\/www.popesprayer.va\/es\/wp-json\/wp\/v2\/pages\/84211","targetHints":{"allow":["GET"]}}],"collection":[{"href":"https:\/\/www.popesprayer.va\/es\/wp-json\/wp\/v2\/pages"}],"about":[{"href":"https:\/\/www.popesprayer.va\/es\/wp-json\/wp\/v2\/types\/page"}],"author":[{"embeddable":true,"href":"https:\/\/www.popesprayer.va\/es\/wp-json\/wp\/v2\/users\/1"}],"replies":[{"embeddable":true,"href":"https:\/\/www.popesprayer.va\/es\/wp-json\/wp\/v2\/comments?post=84211"}],"version-history":[{"count":65,"href":"https:\/\/www.popesprayer.va\/es\/wp-json\/wp\/v2\/pages\/84211\/revisions"}],"predecessor-version":[{"id":94354,"href":"https:\/\/www.popesprayer.va\/es\/wp-json\/wp\/v2\/pages\/84211\/revisions\/94354"}],"wp:attachment":[{"href":"https:\/\/www.popesprayer.va\/es\/wp-json\/wp\/v2\/media?parent=84211"}],"curies":[{"name":"wp","href":"https:\/\/api.w.org\/{rel}","templated":true}]}}