{"id":84244,"date":"2025-02-26T12:59:22","date_gmt":"2025-02-26T11:59:22","guid":{"rendered":"https:\/\/www.popesprayer.va\/noticias\/"},"modified":"2026-07-06T14:33:51","modified_gmt":"2026-07-06T12:33:51","slug":"noticias","status":"publish","type":"page","link":"https:\/\/www.popesprayer.va\/es\/noticias\/","title":{"rendered":"Noticias"},"content":{"rendered":"<div class=\"et_pb_section_0 et_pb_section et_section_regular et_block_section section_has_divider et_pb_top_divider et_pb_bottom_divider\"><div class=\"et_pb_top_inside_divider et-no-transition\"><\/div>\n<div class=\"et_pb_row_0 et_pb_row et_block_row preset--module--divi-row--default\">\n<div class=\"et_pb_column_0 et_pb_column et_pb_column_3_5 et_block_column et_pb_css_mix_blend_mode_passthrough\">\n<div class=\"et_pb_text_0 et_pb_text et_pb_bg_layout_light et_animated et_pb_module et_block_module\"><div class=\"et_pb_text_inner\"><h1>Noticias<\/h1>\n<\/div><\/div>\n\n<div class=\"et_pb_text_1 et_pb_text et_pb_bg_layout_light et_animated et_pb_module et_block_module\"><div class=\"et_pb_text_inner\"><h1>Voces de un mundo que reza<\/h1>\n<\/div><\/div>\n<\/div>\n\n<div class=\"et_pb_column_1 et_pb_column et_pb_column_2_5 et-last-child et_block_column et_pb_column_empty et_pb_css_mix_blend_mode_passthrough\"><\/div>\n<\/div>\n<div class=\"et_pb_bottom_inside_divider et-no-transition\"><\/div><\/div>\n\n<div class=\"et_pb_section_1 et_pb_section et_section_regular et_block_section section_has_divider et_pb_bottom_divider\">\n<div class=\"et_pb_row_1 et_pb_row et_block_row preset--module--divi-row--default\">\n<div class=\"et_pb_column_2 et_pb_column et_pb_column_4_4 et-last-child et_block_column et_pb_css_mix_blend_mode_passthrough\">\n<div class=\"et_pb_blog_0 et_pb_blog et_pb_bg_layout_light et_pb_posts et_pb_module\"><div class=\"et_pb_ajax_pagination_container\"><div class=\"et_pb_blog_posts et_grid_module\"><article class=\"et_pb_post et_pb_post_id_101765 clearfix et_pb_blog_item_0_0 post-101765 post type-post status-publish format-standard has-post-thumbnail hentry category-sin-categoria\"><div class=\"et_pb_image_container\"><a href=\"https:\/\/www.popesprayer.va\/es\/intenciones-de-oracion-del-papa-2027\/\" class=\"entry-featured-image-url\"><img loading=\"lazy\" decoding=\"async\" src=\"https:\/\/www.popesprayer.va\/wp-content\/uploads\/2026\/09\/intentions-2027.png\" width=\"400\" height=\"250\" alt=\"Intenciones de oraci\u00f3n del Papa 2027\" class=\"\" \/><span data-icon=\"\ue050\" class=\"et_overlay et_pb_inline_icon\"><\/span><\/a><\/div><h2 class=\"entry-title\"><a href=\"https:\/\/www.popesprayer.va\/es\/intenciones-de-oracion-del-papa-2027\/\">Intenciones de oraci\u00f3n del Papa 2027<\/a><\/h2><p class=\"post-meta\"><span class=\"published\">Sep 4, 2026<\/span><\/p><div class=\"post-content\"><div class=\"post-content-inner\"><\/div><\/div><\/article><article class=\"et_pb_post et_pb_post_id_101643 clearfix et_pb_blog_item_0_1 post-101643 post type-post status-publish format-standard has-post-thumbnail hentry category-sin-categoria\"><div class=\"et_pb_image_container\"><a href=\"https:\/\/www.popesprayer.va\/es\/visita-del-subdirector-internacional-a-el-salvador\/\" class=\"entry-featured-image-url\"><img loading=\"lazy\" decoding=\"async\" src=\"https:\/\/www.popesprayer.va\/wp-content\/uploads\/2026\/08\/69ecc34c-c2ef-4156-989c-2e0105252def.jpg\" width=\"400\" height=\"250\" alt=\"69ecc34c-c2ef-4156-989c-2e0105252def\" class=\"\" \/><span data-icon=\"\ue050\" class=\"et_overlay et_pb_inline_icon\"><\/span><\/a><\/div><h2 class=\"entry-title\"><a href=\"https:\/\/www.popesprayer.va\/es\/visita-del-subdirector-internacional-a-el-salvador\/\">Visita de la vicedirectora internacional a El Salvador<\/a><\/h2><p class=\"post-meta\"><span class=\"published\">Ago 24, 2026<\/span><\/p><div class=\"post-content\"><div class=\"post-content-inner\"><\/div><\/div><\/article><article class=\"et_pb_post et_pb_post_id_101592 clearfix et_pb_blog_item_0_2 post-101592 post type-post status-publish format-standard has-post-thumbnail hentry category-sin-categoria\"><div class=\"et_pb_image_container\"><a href=\"https:\/\/www.popesprayer.va\/es\/nombramiento-en-la-red-de-oracion-de-polonia\/\" class=\"entry-featured-image-url\"><img loading=\"lazy\" decoding=\"async\" src=\"https:\/\/www.popesprayer.va\/wp-content\/uploads\/2026\/08\/WhatsApp-Image-2026-08-03-at-5.15.25-PM.jpeg\" width=\"400\" height=\"250\" alt=\"Imagen de WhatsApp del 3 de agosto de 2026 a las 17:15:25\" class=\"\" \/><span data-icon=\"\ue050\" class=\"et_overlay et_pb_inline_icon\"><\/span><\/a><\/div><h2 class=\"entry-title\"><a href=\"https:\/\/www.popesprayer.va\/es\/nombramiento-en-la-red-de-oracion-de-polonia\/\">Nombramiento en la Red de Oraci\u00f3n de Polonia<\/a><\/h2><p class=\"post-meta\"><span class=\"published\">Ago 4, 2026<\/span><\/p><div class=\"post-content\"><div class=\"post-content-inner\"><\/div><\/div><\/article><article class=\"et_pb_post et_pb_post_id_101407 clearfix et_pb_blog_item_0_3 post-101407 post type-post status-publish format-standard has-post-thumbnail hentry category-sin-categoria\"><div class=\"et_pb_image_container\"><a href=\"https:\/\/www.popesprayer.va\/es\/los-directores-nacionales-de-mej-de-europa-se-reunen-en-taize-para-celebrar-su-primera-reunion-continental\/\" class=\"entry-featured-image-url\"><img loading=\"lazy\" decoding=\"async\" src=\"https:\/\/www.popesprayer.va\/wp-content\/uploads\/2026\/07\/IMG-20260728-WA0086-scaled.jpg\" width=\"400\" height=\"250\" alt=\"IMG-20260728-WA0086\" class=\"\" \/><span data-icon=\"\ue050\" class=\"et_overlay et_pb_inline_icon\"><\/span><\/a><\/div><h2 class=\"entry-title\"><a href=\"https:\/\/www.popesprayer.va\/es\/los-directores-nacionales-de-mej-de-europa-se-reunen-en-taize-para-celebrar-su-primera-reunion-continental\/\">Los directores nacionales de MEJ de Europa se re\u00fanen en Taiz\u00e9 para celebrar su primera reuni\u00f3n continental<\/a><\/h2><p class=\"post-meta\"><span class=\"published\">Jul 29, 2026<\/span><\/p><div class=\"post-content\"><div class=\"post-content-inner\"><\/div><\/div><\/article><article class=\"et_pb_post et_pb_post_id_101420 clearfix et_pb_blog_item_0_4 post-101420 post type-post status-publish format-standard has-post-thumbnail hentry category-sin-categoria\"><div class=\"et_pb_image_container\"><a href=\"https:\/\/www.popesprayer.va\/es\/guatemala-acogio-el-xiii-encuentro-continental-de-la-red-mundial-de-oracion-del-papa\/\" class=\"entry-featured-image-url\"><img loading=\"lazy\" decoding=\"async\" src=\"https:\/\/www.popesprayer.va\/wp-content\/uploads\/2026\/07\/WhatsApp-Image-2026-07-01-at-12.11.49-scaled.jpeg\" width=\"400\" height=\"250\" alt=\"Imagen de WhatsApp del 1 de julio de 2026 a las 12:11:49\" class=\"\" \/><span data-icon=\"\ue050\" class=\"et_overlay et_pb_inline_icon\"><\/span><\/a><\/div><h2 class=\"entry-title\"><a href=\"https:\/\/www.popesprayer.va\/es\/guatemala-acogio-el-xiii-encuentro-continental-de-la-red-mundial-de-oracion-del-papa\/\">Guatemala acogi\u00f3 el XIII Encuentro Continental de la Red Mundial de Oraci\u00f3n del Papa<\/a><\/h2><p class=\"post-meta\"><span class=\"published\">Jul 25, 2026<\/span><\/p><div class=\"post-content\"><div class=\"post-content-inner\"><\/div><\/div><\/article><article class=\"et_pb_post et_pb_post_id_100430 clearfix et_pb_blog_item_0_5 post-100430 post type-post status-publish format-standard has-post-thumbnail hentry category-sin-categoria\"><div class=\"et_pb_image_container\"><a href=\"https:\/\/www.popesprayer.va\/es\/nombramiento-en-la-red-de-oracion-de-costa-rica\/\" class=\"entry-featured-image-url\"><img loading=\"lazy\" decoding=\"async\" src=\"https:\/\/www.popesprayer.va\/wp-content\/uploads\/2026\/07\/sagrado-corazon-costa-rica-scaled.png\" width=\"400\" height=\"250\" alt=\"sagrado-coraz\u00f3n-costa-rica informaci\u00f3n\" class=\"\" \/><span data-icon=\"\ue050\" class=\"et_overlay et_pb_inline_icon\"><\/span><\/a><\/div><h2 class=\"entry-title\"><a href=\"https:\/\/www.popesprayer.va\/es\/nombramiento-en-la-red-de-oracion-de-costa-rica\/\">Nombramiento en la Red de Oraci\u00f3n de Costa Rica<\/a><\/h2><p class=\"post-meta\"><span class=\"published\">Jul 15, 2026<\/span><\/p><div class=\"post-content\"><div class=\"post-content-inner\"><\/div><\/div><\/article><article class=\"et_pb_post et_pb_post_id_99483 clearfix et_pb_blog_item_0_6 post-99483 post type-post status-publish format-standard has-post-thumbnail hentry category-sin-categoria\"><div class=\"et_pb_image_container\"><a href=\"https:\/\/www.popesprayer.va\/es\/una-generacion-de-intercesores-los-jovenes-del-eym-celebran-el-corpus-christi-por-todo-el-mundo\/\" class=\"entry-featured-image-url\"><img loading=\"lazy\" decoding=\"async\" src=\"https:\/\/www.popesprayer.va\/wp-content\/uploads\/2026\/06\/Bon-mang-Doan-VSL.jpeg\" width=\"400\" height=\"250\" alt=\"B\u1ed5n m\u1ea1ng \u0110o\u00e0n VSL\" class=\"\" \/><span data-icon=\"\ue050\" class=\"et_overlay et_pb_inline_icon\"><\/span><\/a><\/div><h2 class=\"entry-title\"><a href=\"https:\/\/www.popesprayer.va\/es\/una-generacion-de-intercesores-los-jovenes-del-eym-celebran-el-corpus-christi-por-todo-el-mundo\/\">\u00abUna generaci\u00f3n de intercesores\u00bb: los j\u00f3venes del MEJ celebran el Corpus Christi por todo el mundo<\/a><\/h2><p class=\"post-meta\"><span class=\"published\">Jun 29, 2026<\/span><\/p><div class=\"post-content\"><div class=\"post-content-inner\"><\/div><\/div><\/article><article class=\"et_pb_post et_pb_post_id_99442 clearfix et_pb_blog_item_0_7 post-99442 post type-post status-publish format-standard has-post-thumbnail hentry category-sin-categoria\"><div class=\"et_pb_image_container\"><a href=\"https:\/\/www.popesprayer.va\/es\/13-o-encuentro-continental-de-la-red-mundial-de-oracion-del-papa-para-america-latina-y-el-caribe\/\" class=\"entry-featured-image-url\"><img loading=\"lazy\" decoding=\"async\" src=\"https:\/\/www.popesprayer.va\/wp-content\/uploads\/2026\/06\/WhatsApp-Image-2026-07-01-at-12.24.16-PM-scaled.jpeg\" width=\"400\" height=\"250\" alt=\"WhatsApp Image 2026-07-01 at 12.24.16 PM\" class=\"\" \/><span data-icon=\"\ue050\" class=\"et_overlay et_pb_inline_icon\"><\/span><\/a><\/div><h2 class=\"entry-title\"><a href=\"https:\/\/www.popesprayer.va\/es\/13-o-encuentro-continental-de-la-red-mundial-de-oracion-del-papa-para-america-latina-y-el-caribe\/\">13.\u00ba Encuentro Continental de la Red Mundial de Oraci\u00f3n del Papa para Am\u00e9rica Latina y el Caribe<\/a><\/h2><p class=\"post-meta\"><span class=\"published\">Jun 21, 2026<\/span><\/p><div class=\"post-content\"><div class=\"post-content-inner\"><\/div><\/div><\/article><article class=\"et_pb_post et_pb_post_id_99507 clearfix et_pb_blog_item_0_8 post-99507 post type-post status-publish format-standard has-post-thumbnail hentry category-sin-categoria\"><div class=\"et_pb_image_container\"><a href=\"https:\/\/www.popesprayer.va\/es\/el-director-internacional-de-la-red-mundial-de-oracion-del-papa-visito-espana\/\" class=\"entry-featured-image-url\"><img loading=\"lazy\" decoding=\"async\" src=\"https:\/\/www.popesprayer.va\/wp-content\/uploads\/2026\/06\/WhatsApp-Image-2026-06-29-at-4.06.30-PM.jpeg\" width=\"400\" height=\"250\" alt=\"Imagen de WhatsApp del 29 de junio de 2026 a las 16:06:30\" class=\"\" \/><span data-icon=\"\ue050\" class=\"et_overlay et_pb_inline_icon\"><\/span><\/a><\/div><h2 class=\"entry-title\"><a href=\"https:\/\/www.popesprayer.va\/es\/el-director-internacional-de-la-red-mundial-de-oracion-del-papa-visito-espana\/\">El director internacional de la Red Mundial de Oraci\u00f3n del Papa visit\u00f3 Espa\u00f1a<\/a><\/h2><p class=\"post-meta\"><span class=\"published\">Jun 13, 2026<\/span><\/p><div class=\"post-content\"><div class=\"post-content-inner\"><\/div><\/div><\/article><article class=\"et_pb_post et_pb_post_id_97226 clearfix et_pb_blog_item_0_9 post-97226 post type-post status-publish format-standard has-post-thumbnail hentry category-sin-categoria\"><div class=\"et_pb_image_container\"><a href=\"https:\/\/www.popesprayer.va\/es\/la-red-mundial-de-oracion-del-papa-en-la-asamblea-de-provinciales-jesuitas-de-europa\/\" class=\"entry-featured-image-url\"><img loading=\"lazy\" decoding=\"async\" src=\"https:\/\/www.popesprayer.va\/wp-content\/uploads\/2026\/05\/WhatsApp-Image-2026-04-30-at-5.18.48-AM.jpeg\" width=\"400\" height=\"250\" alt=\"WhatsApp Image 2026-04-30 at 5.18.48 AM\" class=\"\" \/><span data-icon=\"\ue050\" class=\"et_overlay et_pb_inline_icon\"><\/span><\/a><\/div><h2 class=\"entry-title\"><a href=\"https:\/\/www.popesprayer.va\/es\/la-red-mundial-de-oracion-del-papa-en-la-asamblea-de-provinciales-jesuitas-de-europa\/\">La Red Mundial de Oraci\u00f3n del Papa en la Asamblea de Provinciales Jesuitas de Europa<\/a><\/h2><p class=\"post-meta\"><span class=\"published\">May 6, 2026<\/span><\/p><div class=\"post-content\"><div class=\"post-content-inner\"><\/div><\/div><\/article><article class=\"et_pb_post et_pb_post_id_94190 clearfix et_pb_blog_item_0_10 post-94190 post type-post status-publish format-standard has-post-thumbnail hentry category-sin-categoria\"><div class=\"et_pb_image_container\"><a href=\"https:\/\/www.popesprayer.va\/es\/la-red-mundial-de-oracion-del-papa-publica-su-nuevo-reglamento-general\/\" class=\"entry-featured-image-url\"><img loading=\"lazy\" decoding=\"async\" src=\"https:\/\/www.popesprayer.va\/wp-content\/uploads\/2026\/03\/SP_web.png\" width=\"400\" height=\"250\" alt=\"La Red Mundial de Oraci\u00f3n del Papa publica su nuevo Reglamento General\" class=\"\" \/><span data-icon=\"\ue050\" class=\"et_overlay et_pb_inline_icon\"><\/span><\/a><\/div><h2 class=\"entry-title\"><a href=\"https:\/\/www.popesprayer.va\/es\/la-red-mundial-de-oracion-del-papa-publica-su-nuevo-reglamento-general\/\">La Red Mundial de Oraci\u00f3n del Papa publica su nuevo Reglamento General<\/a><\/h2><p class=\"post-meta\"><span class=\"published\">Mar 19, 2026<\/span><\/p><div class=\"post-content\"><div class=\"post-content-inner\"><\/div><\/div><\/article><article class=\"et_pb_post et_pb_post_id_93700 clearfix et_pb_blog_item_0_11 post-93700 post type-post status-publish format-standard has-post-thumbnail hentry category-sin-categoria\"><div class=\"et_pb_image_container\"><a href=\"https:\/\/www.popesprayer.va\/es\/visita-del-director-internacional-de-la-red-mundial-de-oracion-del-papa-a-estados-unidos-2\/\" class=\"entry-featured-image-url\"><img loading=\"lazy\" decoding=\"async\" src=\"https:\/\/www.popesprayer.va\/wp-content\/uploads\/2026\/03\/principal-2-1.jpeg\" width=\"400\" height=\"250\" alt=\"principal (2)\" class=\"\" \/><span data-icon=\"\ue050\" class=\"et_overlay et_pb_inline_icon\"><\/span><\/a><\/div><h2 class=\"entry-title\"><a href=\"https:\/\/www.popesprayer.va\/es\/visita-del-director-internacional-de-la-red-mundial-de-oracion-del-papa-a-estados-unidos-2\/\">Visita del Director Internacional de la Red Mundial de Oraci\u00f3n del Papa a Estados Unidos<\/a><\/h2><p class=\"post-meta\"><span class=\"published\">Mar 4, 2026<\/span><\/p><div class=\"post-content\"><div class=\"post-content-inner\"><\/div><\/div><\/article><\/div><div class=\"pagination clearfix\">\n\t<div class=\"alignleft\"><a href=\"https:\/\/www.popesprayer.va\/es\/wp-json\/wp\/v2\/pages\/84244\/?paged=2&#038;et_blog\" >\u00ab Entradas anteriores<\/a><\/div>\n\t<div class=\"alignright\"><\/div>\n<\/div><\/div><\/div>\n<\/div>\n<\/div>\n<div class=\"et_pb_bottom_inside_divider et-no-transition\"><\/div><\/div>","protected":false},"excerpt":{"rendered":"","protected":false},"author":1,"featured_media":0,"parent":0,"menu_order":0,"comment_status":"closed","ping_status":"closed","template":"","meta":{"_acf_changed":false,"footnotes":""},"class_list":["post-84244","page","type-page","status-publish","hentry"],"acf":[],"yoast_head":"<!-- This site is optimized with the Yoast SEO plugin v28.4 - https:\/\/yoast.com\/product\/yoast-seo-wordpress\/ -->\n<title>Noticias - Red Mundial de Oraci\u00f3n del Papa<\/title>\n<meta name=\"robots\" content=\"index, follow, max-snippet:-1, max-image-preview:large, max-video-preview:-1\" \/>\n<link rel=\"canonical\" href=\"https:\/\/www.popesprayer.va\/es\/noticias\/\" \/>\n<meta property=\"og:locale\" content=\"es_ES\" \/>\n<meta property=\"og:type\" content=\"article\" \/>\n<meta property=\"og:title\" content=\"Noticias - Red Mundial de Oraci\u00f3n del Papa\" \/>\n<meta property=\"og:url\" content=\"https:\/\/www.popesprayer.va\/es\/noticias\/\" \/>\n<meta property=\"og:site_name\" content=\"Red Mundial de Oraci\u00f3n del Papa\" \/>\n<meta property=\"article:modified_time\" content=\"2026-07-06T12:33:51+00:00\" \/>\n<meta name=\"twitter:card\" content=\"summary_large_image\" \/>\n<script type=\"application\/ld+json\" class=\"yoast-schema-graph\">{\"@context\":\"https:\\\/\\\/schema.org\",\"@graph\":[{\"@type\":\"WebPage\",\"@id\":\"https:\\\/\\\/www.popesprayer.va\\\/es\\\/noticias\\\/\",\"url\":\"https:\\\/\\\/www.popesprayer.va\\\/es\\\/noticias\\\/\",\"name\":\"Noticias - Red Mundial de Oraci\u00f3n del Papa\",\"isPartOf\":{\"@id\":\"https:\\\/\\\/www.popesprayer.va\\\/es\\\/#website\"},\"datePublished\":\"2025-02-26T11:59:22+00:00\",\"dateModified\":\"2026-07-06T12:33:51+00:00\",\"breadcrumb\":{\"@id\":\"https:\\\/\\\/www.popesprayer.va\\\/es\\\/noticias\\\/#breadcrumb\"},\"inLanguage\":\"es\",\"potentialAction\":[{\"@type\":\"ReadAction\",\"target\":[\"https:\\\/\\\/www.popesprayer.va\\\/es\\\/noticias\\\/\"]}]},{\"@type\":\"BreadcrumbList\",\"@id\":\"https:\\\/\\\/www.popesprayer.va\\\/es\\\/noticias\\\/#breadcrumb\",\"itemListElement\":[{\"@type\":\"ListItem\",\"position\":1,\"name\":\"Inicio\",\"item\":\"https:\\\/\\\/www.popesprayer.va\\\/es\\\/\"},{\"@type\":\"ListItem\",\"position\":2,\"name\":\"Noticias\"}]},{\"@type\":\"WebSite\",\"@id\":\"https:\\\/\\\/www.popesprayer.va\\\/es\\\/#website\",\"url\":\"https:\\\/\\\/www.popesprayer.va\\\/es\\\/\",\"name\":\"Pope's Worldwide Prayer Network\",\"description\":\"Pray together, change the world\",\"publisher\":{\"@id\":\"https:\\\/\\\/www.popesprayer.va\\\/es\\\/#organization\"},\"potentialAction\":[{\"@type\":\"SearchAction\",\"target\":{\"@type\":\"EntryPoint\",\"urlTemplate\":\"https:\\\/\\\/www.popesprayer.va\\\/es\\\/?s={search_term_string}\"},\"query-input\":{\"@type\":\"PropertyValueSpecification\",\"valueRequired\":true,\"valueName\":\"search_term_string\"}}],\"inLanguage\":\"es\"},{\"@type\":\"Organization\",\"@id\":\"https:\\\/\\\/www.popesprayer.va\\\/es\\\/#organization\",\"name\":\"Red Mundial de Oraci\u00f3n del Papa\",\"url\":\"https:\\\/\\\/www.popesprayer.va\\\/es\\\/\",\"logo\":{\"@type\":\"ImageObject\",\"inLanguage\":\"es\",\"@id\":\"https:\\\/\\\/www.popesprayer.va\\\/es\\\/#\\\/schema\\\/logo\\\/image\\\/\",\"url\":\"https:\\\/\\\/www.popesprayer.va\\\/wp-content\\\/uploads\\\/2025\\\/01\\\/Logo-Popes-Worldwide-Prayer-Network-Pontifical-Work-EN-Horizontal.png\",\"contentUrl\":\"https:\\\/\\\/www.popesprayer.va\\\/wp-content\\\/uploads\\\/2025\\\/01\\\/Logo-Popes-Worldwide-Prayer-Network-Pontifical-Work-EN-Horizontal.png\",\"width\":1328,\"height\":228,\"caption\":\"Red Mundial de Oraci\u00f3n del Papa\"},\"image\":{\"@id\":\"https:\\\/\\\/www.popesprayer.va\\\/es\\\/#\\\/schema\\\/logo\\\/image\\\/\"}}]}<\/script>\n<!-- \/ Yoast SEO plugin. -->","yoast_head_json":{"title":"Noticias - Red Mundial de Oraci\u00f3n del Papa","robots":{"index":"index","follow":"follow","max-snippet":"max-snippet:-1","max-image-preview":"max-image-preview:large","max-video-preview":"max-video-preview:-1"},"canonical":"https:\/\/www.popesprayer.va\/es\/noticias\/","og_locale":"es_ES","og_type":"article","og_title":"Noticias - Red Mundial de Oraci\u00f3n del Papa","og_url":"https:\/\/www.popesprayer.va\/es\/noticias\/","og_site_name":"Red Mundial de Oraci\u00f3n del Papa","article_modified_time":"2026-07-06T12:33:51+00:00","twitter_card":"summary_large_image","schema":{"@context":"https:\/\/schema.org","@graph":[{"@type":"WebPage","@id":"https:\/\/www.popesprayer.va\/es\/noticias\/","url":"https:\/\/www.popesprayer.va\/es\/noticias\/","name":"Noticias - Red Mundial de Oraci\u00f3n del Papa","isPartOf":{"@id":"https:\/\/www.popesprayer.va\/es\/#website"},"datePublished":"2025-02-26T11:59:22+00:00","dateModified":"2026-07-06T12:33:51+00:00","breadcrumb":{"@id":"https:\/\/www.popesprayer.va\/es\/noticias\/#breadcrumb"},"inLanguage":"es","potentialAction":[{"@type":"ReadAction","target":["https:\/\/www.popesprayer.va\/es\/noticias\/"]}]},{"@type":"BreadcrumbList","@id":"https:\/\/www.popesprayer.va\/es\/noticias\/#breadcrumb","itemListElement":[{"@type":"ListItem","position":1,"name":"Inicio","item":"https:\/\/www.popesprayer.va\/es\/"},{"@type":"ListItem","position":2,"name":"Noticias"}]},{"@type":"WebSite","@id":"https:\/\/www.popesprayer.va\/es\/#website","url":"https:\/\/www.popesprayer.va\/es\/","name":"Pope's Worldwide Prayer Network","description":"Pray together, change the world","publisher":{"@id":"https:\/\/www.popesprayer.va\/es\/#organization"},"potentialAction":[{"@type":"SearchAction","target":{"@type":"EntryPoint","urlTemplate":"https:\/\/www.popesprayer.va\/es\/?s={search_term_string}"},"query-input":{"@type":"PropertyValueSpecification","valueRequired":true,"valueName":"search_term_string"}}],"inLanguage":"es"},{"@type":"Organization","@id":"https:\/\/www.popesprayer.va\/es\/#organization","name":"Red Mundial de Oraci\u00f3n del Papa","url":"https:\/\/www.popesprayer.va\/es\/","logo":{"@type":"ImageObject","inLanguage":"es","@id":"https:\/\/www.popesprayer.va\/es\/#\/schema\/logo\/image\/","url":"https:\/\/www.popesprayer.va\/wp-content\/uploads\/2025\/01\/Logo-Popes-Worldwide-Prayer-Network-Pontifical-Work-EN-Horizontal.png","contentUrl":"https:\/\/www.popesprayer.va\/wp-content\/uploads\/2025\/01\/Logo-Popes-Worldwide-Prayer-Network-Pontifical-Work-EN-Horizontal.png","width":1328,"height":228,"caption":"Red Mundial de Oraci\u00f3n del Papa"},"image":{"@id":"https:\/\/www.popesprayer.va\/es\/#\/schema\/logo\/image\/"}}]}},"_links":{"self":[{"href":"https:\/\/www.popesprayer.va\/es\/wp-json\/wp\/v2\/pages\/84244","targetHints":{"allow":["GET"]}}],"collection":[{"href":"https:\/\/www.popesprayer.va\/es\/wp-json\/wp\/v2\/pages"}],"about":[{"href":"https:\/\/www.popesprayer.va\/es\/wp-json\/wp\/v2\/types\/page"}],"author":[{"embeddable":true,"href":"https:\/\/www.popesprayer.va\/es\/wp-json\/wp\/v2\/users\/1"}],"replies":[{"embeddable":true,"href":"https:\/\/www.popesprayer.va\/es\/wp-json\/wp\/v2\/comments?post=84244"}],"version-history":[{"count":8,"href":"https:\/\/www.popesprayer.va\/es\/wp-json\/wp\/v2\/pages\/84244\/revisions"}],"predecessor-version":[{"id":100249,"href":"https:\/\/www.popesprayer.va\/es\/wp-json\/wp\/v2\/pages\/84244\/revisions\/100249"}],"wp:attachment":[{"href":"https:\/\/www.popesprayer.va\/es\/wp-json\/wp\/v2\/media?parent=84244"}],"curies":[{"name":"wp","href":"https:\/\/api.w.org\/{rel}","templated":true}]}}