{"id":84301,"date":"2025-06-07T11:19:15","date_gmt":"2025-06-07T09:19:15","guid":{"rendered":"https:\/\/www.popesprayer.va\/reza\/"},"modified":"2026-07-23T19:49:26","modified_gmt":"2026-07-23T17:49:26","slug":"oracion","status":"publish","type":"page","link":"https:\/\/www.popesprayer.va\/es\/oracion\/","title":{"rendered":"Reza"},"content":{"rendered":"<div class=\"et_pb_section_0 et_pb_section et_section_regular et_block_section section_has_divider et_pb_top_divider et_pb_bottom_divider\"><div class=\"et_pb_top_inside_divider et-no-transition\"><\/div>\n<div class=\"et_pb_row_0 et_pb_row et_block_row preset--module--divi-row--default\">\n<div class=\"et_pb_column_0 et_pb_column et_pb_column_3_5 et_block_column et_pb_css_mix_blend_mode_passthrough\">\n<div class=\"et_pb_text_0 et_pb_text et_pb_bg_layout_light et_pb_module et_block_module\"><div class=\"et_pb_text_inner\"><h1>Intenciones<\/h1>\n<h2>de oraci\u00f3n del Papa<\/h2>\n<\/div><\/div>\n<\/div>\n\n<div class=\"et_pb_column_1 et_pb_column et_pb_column_2_5 et-last-child et_block_column et_pb_column_empty et_pb_css_mix_blend_mode_passthrough\"><\/div>\n<\/div>\n\n<div class=\"et_pb_row_1 et_pb_row et_block_row preset--module--divi-row--default\">\n<div class=\"et_pb_column_2 et_pb_column et_pb_column_1_2 et_block_column et_pb_css_mix_blend_mode_passthrough\">\n<div class=\"et_pb_text_1 et_pb_text et_pb_bg_layout_light et_pb_module et_block_module\"><div class=\"et_pb_text_inner\"><p><span style=\"font-weight: 400;\">Todos los meses<\/span><span style=\"font-weight: 400;\">,<\/span><span style=\"font-weight: 400;\"> el Papa conf\u00eda a su Red de Oraci\u00f3n intenciones de oraci\u00f3n que <\/span><span style=\"font-weight: 400;\">reflejan<\/span><span style=\"font-weight: 400;\"> su <\/span><strong>profunda<\/strong><span style=\"font-weight: 400;\"> <strong> preocupaci\u00f3n por la humanidad<\/strong> y <strong>la misi\u00f3n de la Iglesia<\/strong>. La intenci\u00f3n de oraci\u00f3n mensual del Papa  <\/span><span style=\"font-weight: 400;\">sirve como <\/span><span style=\"font-weight: 400;\">llamada<\/span><span style=\"font-weight: 400;\"> para transformar nuestras oraciones en <strong>\"acciones concretas<\/strong>\" <\/span><span style=\"font-weight: 400;\">y como <strong>transformaci\u00f3n del coraz\u00f3n <\/strong><\/span><span style=\"font-weight: 400;\">pues <\/span><span style=\"font-weight: 400;\">act\u00faa como<\/span><span style=\"font-weight: 400;\">  una br\u00fajula para una misi\u00f3n de compasi\u00f3n por el mundo. Propone un camino para movilizarnos cada mes, a trav\u00e9s de la oraci\u00f3n y el servicio, para construir un mundo m\u00e1s humano y solidario <\/span> <span style=\"font-weight: 400;\">y cultivar una actitud personal y comunitaria que transforme nuestro entorno.<\/span><\/p>\n<\/div><\/div>\n\n<div class=\"et_pb_code_0 et_pb_code et_animated et_pb_module\"><div class=\"et_pb_code_inner\">    <div id=\"intenciones-papa-container\">\n        <div class=\"tabs-nav\">\n                            <button class=\"tab-link active\" data-tab=\"tab-2026\">\n                    2026                <\/button>\n                            <button class=\"tab-link \" data-tab=\"tab-2027\">\n                    2027                <\/button>\n                    <\/div>\n\n        <div class=\"tabs-content\">\n                            <div id=\"tab-2026\" class=\"tab-pane active\">\n                    <p class=\"descripcion-tab\">\n                        Descarga las intenciones de oraci\u00f3n del Santo Padre para <strong>2026<\/strong> en tu idioma.                    <\/p>\n\n                                            <div class=\"descargas-grid\">\n                                                                <a href=\"https:\/\/www.popesprayer.va\/wp-content\/uploads\/2025\/06\/AR-PRAYER-INTENTIONS-OF-THE-HOLY-FATHER-2026-1.pdf\" target=\"_blank\" class=\"boton-descarga\">\n                                        <svg xmlns=\"http:\/\/www.w3.org\/2000\/svg\" viewBox=\"0 0 24 24\" aria-hidden=\"true\"><path d=\"M19.35 10.04C18.67 6.59 15.64 4 12 4 9.11 4 6.6 5.64 5.35 8.04 2.34 8.36 0 10.91 0 14c0 3.31 2.69 6 6 6h13c2.76 0 5-2.24 5-5 0-2.64-2.05-4.78-4.65-4.96zM17 13l-5 5-5-5h3V9h4v4h3z\"><\/path><\/svg>\n                                        <span>\u0627\u0644\u0639\u0631\u0628\u064a\u0629<\/span>\n                                    <\/a>\n                                                                    <a href=\"https:\/\/www.popesprayer.va\/wp-content\/uploads\/2025\/06\/CH-SIM-PRAYER-INTENTIONS-OF-THE-HOLY-FATHER-2026-1.pdf\" target=\"_blank\" class=\"boton-descarga\">\n                                        <svg xmlns=\"http:\/\/www.w3.org\/2000\/svg\" viewBox=\"0 0 24 24\" aria-hidden=\"true\"><path d=\"M19.35 10.04C18.67 6.59 15.64 4 12 4 9.11 4 6.6 5.64 5.35 8.04 2.34 8.36 0 10.91 0 14c0 3.31 2.69 6 6 6h13c2.76 0 5-2.24 5-5 0-2.64-2.05-4.78-4.65-4.96zM17 13l-5 5-5-5h3V9h4v4h3z\"><\/path><\/svg>\n                                        <span>\u7b80\u4f53\u4e2d\u6587<\/span>\n                                    <\/a>\n                                                                    <a href=\"https:\/\/www.popesprayer.va\/wp-content\/uploads\/2025\/06\/CH-TRA-PRAYER-INTENTIONS-OF-THE-HOLY-FATHER-2026-1.pdf\" target=\"_blank\" class=\"boton-descarga\">\n                                        <svg xmlns=\"http:\/\/www.w3.org\/2000\/svg\" viewBox=\"0 0 24 24\" aria-hidden=\"true\"><path d=\"M19.35 10.04C18.67 6.59 15.64 4 12 4 9.11 4 6.6 5.64 5.35 8.04 2.34 8.36 0 10.91 0 14c0 3.31 2.69 6 6 6h13c2.76 0 5-2.24 5-5 0-2.64-2.05-4.78-4.65-4.96zM17 13l-5 5-5-5h3V9h4v4h3z\"><\/path><\/svg>\n                                        <span>\u7e41\u9ad4\u4e2d\u6587<\/span>\n                                    <\/a>\n                                                                    <a href=\"https:\/\/www.popesprayer.va\/wp-content\/uploads\/2025\/06\/DE-GEBETSANLIEGEN-DES-HEILIGEN-VATERS-FUR-2026-f.pdf\" target=\"_blank\" class=\"boton-descarga\">\n                                        <svg xmlns=\"http:\/\/www.w3.org\/2000\/svg\" viewBox=\"0 0 24 24\" aria-hidden=\"true\"><path d=\"M19.35 10.04C18.67 6.59 15.64 4 12 4 9.11 4 6.6 5.64 5.35 8.04 2.34 8.36 0 10.91 0 14c0 3.31 2.69 6 6 6h13c2.76 0 5-2.24 5-5 0-2.64-2.05-4.78-4.65-4.96zM17 13l-5 5-5-5h3V9h4v4h3z\"><\/path><\/svg>\n                                        <span>Deutsch <\/span>\n                                    <\/a>\n                                                                    <a href=\"https:\/\/www.popesprayer.va\/wp-content\/uploads\/2025\/12\/DK-DEN-HELLIGE-FADERS-BONSINTENTIONER-2026.pdf\" target=\"_blank\" class=\"boton-descarga\">\n                                        <svg xmlns=\"http:\/\/www.w3.org\/2000\/svg\" viewBox=\"0 0 24 24\" aria-hidden=\"true\"><path d=\"M19.35 10.04C18.67 6.59 15.64 4 12 4 9.11 4 6.6 5.64 5.35 8.04 2.34 8.36 0 10.91 0 14c0 3.31 2.69 6 6 6h13c2.76 0 5-2.24 5-5 0-2.64-2.05-4.78-4.65-4.96zM17 13l-5 5-5-5h3V9h4v4h3z\"><\/path><\/svg>\n                                        <span>Dansk<\/span>\n                                    <\/a>\n                                                                    <a href=\"https:\/\/www.popesprayer.va\/wp-content\/uploads\/2025\/06\/ING-PRAYER-INTENTIONS-OF-THE-HOLY-FATHER-2026-1.pdf\" target=\"_blank\" class=\"boton-descarga\">\n                                        <svg xmlns=\"http:\/\/www.w3.org\/2000\/svg\" viewBox=\"0 0 24 24\" aria-hidden=\"true\"><path d=\"M19.35 10.04C18.67 6.59 15.64 4 12 4 9.11 4 6.6 5.64 5.35 8.04 2.34 8.36 0 10.91 0 14c0 3.31 2.69 6 6 6h13c2.76 0 5-2.24 5-5 0-2.64-2.05-4.78-4.65-4.96zM17 13l-5 5-5-5h3V9h4v4h3z\"><\/path><\/svg>\n                                        <span>English<\/span>\n                                    <\/a>\n                                                                    <a href=\"https:\/\/www.popesprayer.va\/wp-content\/uploads\/2026\/01\/EO-PREGINTENCOJ-DE-LA-SANKTA-PATRO2026.pdf\" target=\"_blank\" class=\"boton-descarga\">\n                                        <svg xmlns=\"http:\/\/www.w3.org\/2000\/svg\" viewBox=\"0 0 24 24\" aria-hidden=\"true\"><path d=\"M19.35 10.04C18.67 6.59 15.64 4 12 4 9.11 4 6.6 5.64 5.35 8.04 2.34 8.36 0 10.91 0 14c0 3.31 2.69 6 6 6h13c2.76 0 5-2.24 5-5 0-2.64-2.05-4.78-4.65-4.96zM17 13l-5 5-5-5h3V9h4v4h3z\"><\/path><\/svg>\n                                        <span>Esperanto<\/span>\n                                    <\/a>\n                                                                    <a href=\"https:\/\/www.popesprayer.va\/wp-content\/uploads\/2025\/06\/ESP-INTENCIONES-DE-ORACION-DEL-SANTO-PADRE-2026-1.pdf\" target=\"_blank\" class=\"boton-descarga\">\n                                        <svg xmlns=\"http:\/\/www.w3.org\/2000\/svg\" viewBox=\"0 0 24 24\" aria-hidden=\"true\"><path d=\"M19.35 10.04C18.67 6.59 15.64 4 12 4 9.11 4 6.6 5.64 5.35 8.04 2.34 8.36 0 10.91 0 14c0 3.31 2.69 6 6 6h13c2.76 0 5-2.24 5-5 0-2.64-2.05-4.78-4.65-4.96zM17 13l-5 5-5-5h3V9h4v4h3z\"><\/path><\/svg>\n                                        <span>Espa\u00f1ol<\/span>\n                                    <\/a>\n                                                                    <a href=\"https:\/\/www.popesprayer.va\/wp-content\/uploads\/2025\/06\/TL-MGA-INTENSYONG-PAMPANALANGIN-NG-SANTO-PAPA-2026-1.pdf\" target=\"_blank\" class=\"boton-descarga\">\n                                        <svg xmlns=\"http:\/\/www.w3.org\/2000\/svg\" viewBox=\"0 0 24 24\" aria-hidden=\"true\"><path d=\"M19.35 10.04C18.67 6.59 15.64 4 12 4 9.11 4 6.6 5.64 5.35 8.04 2.34 8.36 0 10.91 0 14c0 3.31 2.69 6 6 6h13c2.76 0 5-2.24 5-5 0-2.64-2.05-4.78-4.65-4.96zM17 13l-5 5-5-5h3V9h4v4h3z\"><\/path><\/svg>\n                                        <span>Filipino<\/span>\n                                    <\/a>\n                                                                    <a href=\"https:\/\/www.popesprayer.va\/wp-content\/uploads\/2025\/06\/FRA-INTENTIONS-DE-PRIERE-DU-SAINT-PERE-2026-1.pdf\" target=\"_blank\" class=\"boton-descarga\">\n                                        <svg xmlns=\"http:\/\/www.w3.org\/2000\/svg\" viewBox=\"0 0 24 24\" aria-hidden=\"true\"><path d=\"M19.35 10.04C18.67 6.59 15.64 4 12 4 9.11 4 6.6 5.64 5.35 8.04 2.34 8.36 0 10.91 0 14c0 3.31 2.69 6 6 6h13c2.76 0 5-2.24 5-5 0-2.64-2.05-4.78-4.65-4.96zM17 13l-5 5-5-5h3V9h4v4h3z\"><\/path><\/svg>\n                                        <span>Fran\u00e7ais<\/span>\n                                    <\/a>\n                                                                    <a href=\"https:\/\/www.popesprayer.va\/wp-content\/uploads\/2025\/12\/HR-PRAYER-INTENTIONS-Croatian-2026.pdf\" target=\"_blank\" class=\"boton-descarga\">\n                                        <svg xmlns=\"http:\/\/www.w3.org\/2000\/svg\" viewBox=\"0 0 24 24\" aria-hidden=\"true\"><path d=\"M19.35 10.04C18.67 6.59 15.64 4 12 4 9.11 4 6.6 5.64 5.35 8.04 2.34 8.36 0 10.91 0 14c0 3.31 2.69 6 6 6h13c2.76 0 5-2.24 5-5 0-2.64-2.05-4.78-4.65-4.96zM17 13l-5 5-5-5h3V9h4v4h3z\"><\/path><\/svg>\n                                        <span>Hrvatski<\/span>\n                                    <\/a>\n                                                                    <a href=\"https:\/\/www.popesprayer.va\/wp-content\/uploads\/2025\/06\/ITA-INTENZIONI-DI-PREGHIERA-DEL-SANTO-PADRE-2026-1.pdf\" target=\"_blank\" class=\"boton-descarga\">\n                                        <svg xmlns=\"http:\/\/www.w3.org\/2000\/svg\" viewBox=\"0 0 24 24\" aria-hidden=\"true\"><path d=\"M19.35 10.04C18.67 6.59 15.64 4 12 4 9.11 4 6.6 5.64 5.35 8.04 2.34 8.36 0 10.91 0 14c0 3.31 2.69 6 6 6h13c2.76 0 5-2.24 5-5 0-2.64-2.05-4.78-4.65-4.96zM17 13l-5 5-5-5h3V9h4v4h3z\"><\/path><\/svg>\n                                        <span>Italiano<\/span>\n                                    <\/a>\n                                                                    <a href=\"https:\/\/www.popesprayer.va\/wp-content\/uploads\/2026\/03\/JP-Popes-Intention-2026.pdf\" target=\"_blank\" class=\"boton-descarga\">\n                                        <svg xmlns=\"http:\/\/www.w3.org\/2000\/svg\" viewBox=\"0 0 24 24\" aria-hidden=\"true\"><path d=\"M19.35 10.04C18.67 6.59 15.64 4 12 4 9.11 4 6.6 5.64 5.35 8.04 2.34 8.36 0 10.91 0 14c0 3.31 2.69 6 6 6h13c2.76 0 5-2.24 5-5 0-2.64-2.05-4.78-4.65-4.96zM17 13l-5 5-5-5h3V9h4v4h3z\"><\/path><\/svg>\n                                        <span>\u65e5\u672c\u8a9e<\/span>\n                                    <\/a>\n                                                                    <a href=\"https:\/\/www.popesprayer.va\/wp-content\/uploads\/2025\/06\/RW-IBYIFUZO-BYA-PAPA-2026-1.pdf\" target=\"_blank\" class=\"boton-descarga\">\n                                        <svg xmlns=\"http:\/\/www.w3.org\/2000\/svg\" viewBox=\"0 0 24 24\" aria-hidden=\"true\"><path d=\"M19.35 10.04C18.67 6.59 15.64 4 12 4 9.11 4 6.6 5.64 5.35 8.04 2.34 8.36 0 10.91 0 14c0 3.31 2.69 6 6 6h13c2.76 0 5-2.24 5-5 0-2.64-2.05-4.78-4.65-4.96zM17 13l-5 5-5-5h3V9h4v4h3z\"><\/path><\/svg>\n                                        <span>Kinyarwanda<\/span>\n                                    <\/a>\n                                                                    <a href=\"https:\/\/www.popesprayer.va\/wp-content\/uploads\/2025\/06\/SW-NIA-ZA-SALA-ZA-BABA-MTAKATIFU-2026.pdf\" target=\"_blank\" class=\"boton-descarga\">\n                                        <svg xmlns=\"http:\/\/www.w3.org\/2000\/svg\" viewBox=\"0 0 24 24\" aria-hidden=\"true\"><path d=\"M19.35 10.04C18.67 6.59 15.64 4 12 4 9.11 4 6.6 5.64 5.35 8.04 2.34 8.36 0 10.91 0 14c0 3.31 2.69 6 6 6h13c2.76 0 5-2.24 5-5 0-2.64-2.05-4.78-4.65-4.96zM17 13l-5 5-5-5h3V9h4v4h3z\"><\/path><\/svg>\n                                        <span>Kiswahili<\/span>\n                                    <\/a>\n                                                                    <a href=\"https:\/\/www.popesprayer.va\/wp-content\/uploads\/2025\/12\/HU-PRAYER-INTENTIONS-Hungarian-2026.pdf\" target=\"_blank\" class=\"boton-descarga\">\n                                        <svg xmlns=\"http:\/\/www.w3.org\/2000\/svg\" viewBox=\"0 0 24 24\" aria-hidden=\"true\"><path d=\"M19.35 10.04C18.67 6.59 15.64 4 12 4 9.11 4 6.6 5.64 5.35 8.04 2.34 8.36 0 10.91 0 14c0 3.31 2.69 6 6 6h13c2.76 0 5-2.24 5-5 0-2.64-2.05-4.78-4.65-4.96zM17 13l-5 5-5-5h3V9h4v4h3z\"><\/path><\/svg>\n                                        <span>Magyar<\/span>\n                                    <\/a>\n                                                                    <a href=\"https:\/\/www.popesprayer.va\/wp-content\/uploads\/2025\/06\/NL-PRAYER-INTENTIONS-OF-THE-HOLY-FATHER-2026-1.pdf\" target=\"_blank\" class=\"boton-descarga\">\n                                        <svg xmlns=\"http:\/\/www.w3.org\/2000\/svg\" viewBox=\"0 0 24 24\" aria-hidden=\"true\"><path d=\"M19.35 10.04C18.67 6.59 15.64 4 12 4 9.11 4 6.6 5.64 5.35 8.04 2.34 8.36 0 10.91 0 14c0 3.31 2.69 6 6 6h13c2.76 0 5-2.24 5-5 0-2.64-2.05-4.78-4.65-4.96zM17 13l-5 5-5-5h3V9h4v4h3z\"><\/path><\/svg>\n                                        <span>Nederlands<\/span>\n                                    <\/a>\n                                                                    <a href=\"https:\/\/www.popesprayer.va\/wp-content\/uploads\/2025\/06\/PL-INTENCJE-PAPIESKIE-2026-2.pdf\" target=\"_blank\" class=\"boton-descarga\">\n                                        <svg xmlns=\"http:\/\/www.w3.org\/2000\/svg\" viewBox=\"0 0 24 24\" aria-hidden=\"true\"><path d=\"M19.35 10.04C18.67 6.59 15.64 4 12 4 9.11 4 6.6 5.64 5.35 8.04 2.34 8.36 0 10.91 0 14c0 3.31 2.69 6 6 6h13c2.76 0 5-2.24 5-5 0-2.64-2.05-4.78-4.65-4.96zM17 13l-5 5-5-5h3V9h4v4h3z\"><\/path><\/svg>\n                                        <span>Polski<\/span>\n                                    <\/a>\n                                                                    <a href=\"https:\/\/www.popesprayer.va\/wp-content\/uploads\/2025\/06\/PT-BRA-INTENCOES-DE-ORACAO-DO-SANTO-PADRE-1.pdf\" target=\"_blank\" class=\"boton-descarga\">\n                                        <svg xmlns=\"http:\/\/www.w3.org\/2000\/svg\" viewBox=\"0 0 24 24\" aria-hidden=\"true\"><path d=\"M19.35 10.04C18.67 6.59 15.64 4 12 4 9.11 4 6.6 5.64 5.35 8.04 2.34 8.36 0 10.91 0 14c0 3.31 2.69 6 6 6h13c2.76 0 5-2.24 5-5 0-2.64-2.05-4.78-4.65-4.96zM17 13l-5 5-5-5h3V9h4v4h3z\"><\/path><\/svg>\n                                        <span>Portugu\u00eas BR<\/span>\n                                    <\/a>\n                                                                    <a href=\"https:\/\/www.popesprayer.va\/wp-content\/uploads\/2025\/06\/POR-INTENCOES-DE-ORACAO-DO-SANTO-PADRE-1.pdf\" target=\"_blank\" class=\"boton-descarga\">\n                                        <svg xmlns=\"http:\/\/www.w3.org\/2000\/svg\" viewBox=\"0 0 24 24\" aria-hidden=\"true\"><path d=\"M19.35 10.04C18.67 6.59 15.64 4 12 4 9.11 4 6.6 5.64 5.35 8.04 2.34 8.36 0 10.91 0 14c0 3.31 2.69 6 6 6h13c2.76 0 5-2.24 5-5 0-2.64-2.05-4.78-4.65-4.96zM17 13l-5 5-5-5h3V9h4v4h3z\"><\/path><\/svg>\n                                        <span>Portugu\u00eas<\/span>\n                                    <\/a>\n                                                                    <a href=\"https:\/\/www.popesprayer.va\/wp-content\/uploads\/2025\/06\/VN-PRAYER-INTENTIONS-OF-THE-HOLY-FATHER-2026-1.pdf\" target=\"_blank\" class=\"boton-descarga\">\n                                        <svg xmlns=\"http:\/\/www.w3.org\/2000\/svg\" viewBox=\"0 0 24 24\" aria-hidden=\"true\"><path d=\"M19.35 10.04C18.67 6.59 15.64 4 12 4 9.11 4 6.6 5.64 5.35 8.04 2.34 8.36 0 10.91 0 14c0 3.31 2.69 6 6 6h13c2.76 0 5-2.24 5-5 0-2.64-2.05-4.78-4.65-4.96zM17 13l-5 5-5-5h3V9h4v4h3z\"><\/path><\/svg>\n                                        <span>Ti\u1ebfng Vi\u1ec7t<\/span>\n                                    <\/a>\n                                                        <\/div>\n                                    <\/div>\n                            <div id=\"tab-2027\" class=\"tab-pane \">\n                    <p class=\"descripcion-tab\">\n                        Descarga las intenciones de oraci\u00f3n del Santo Padre para <strong>2027<\/strong> en tu idioma.                    <\/p>\n\n                                            <div class=\"descargas-grid\">\n                                                                <a href=\"https:\/\/www.popesprayer.va\/wp-content\/uploads\/2026\/02\/AR-POPE-LEO-XIV-PRAYER-INTENTIONS-2027.pdf\" target=\"_blank\" class=\"boton-descarga\">\n                                        <svg xmlns=\"http:\/\/www.w3.org\/2000\/svg\" viewBox=\"0 0 24 24\" aria-hidden=\"true\"><path d=\"M19.35 10.04C18.67 6.59 15.64 4 12 4 9.11 4 6.6 5.64 5.35 8.04 2.34 8.36 0 10.91 0 14c0 3.31 2.69 6 6 6h13c2.76 0 5-2.24 5-5 0-2.64-2.05-4.78-4.65-4.96zM17 13l-5 5-5-5h3V9h4v4h3z\"><\/path><\/svg>\n                                        <span>\u0627\u0644\u0639\u0631\u0628\u064a\u0629<\/span>\n                                    <\/a>\n                                                                    <a href=\"https:\/\/www.popesprayer.va\/wp-content\/uploads\/2026\/03\/CA-Intencions-papa-2027.pdf\" target=\"_blank\" class=\"boton-descarga\">\n                                        <svg xmlns=\"http:\/\/www.w3.org\/2000\/svg\" viewBox=\"0 0 24 24\" aria-hidden=\"true\"><path d=\"M19.35 10.04C18.67 6.59 15.64 4 12 4 9.11 4 6.6 5.64 5.35 8.04 2.34 8.36 0 10.91 0 14c0 3.31 2.69 6 6 6h13c2.76 0 5-2.24 5-5 0-2.64-2.05-4.78-4.65-4.96zM17 13l-5 5-5-5h3V9h4v4h3z\"><\/path><\/svg>\n                                        <span>Catal\u00e0<\/span>\n                                    <\/a>\n                                                                    <a href=\"https:\/\/www.popesprayer.va\/wp-content\/uploads\/2026\/06\/CH-SIM-PRAYER-INTENTIONS-OF-THE-HOLY-FATHER-2027.pdf\" target=\"_blank\" class=\"boton-descarga\">\n                                        <svg xmlns=\"http:\/\/www.w3.org\/2000\/svg\" viewBox=\"0 0 24 24\" aria-hidden=\"true\"><path d=\"M19.35 10.04C18.67 6.59 15.64 4 12 4 9.11 4 6.6 5.64 5.35 8.04 2.34 8.36 0 10.91 0 14c0 3.31 2.69 6 6 6h13c2.76 0 5-2.24 5-5 0-2.64-2.05-4.78-4.65-4.96zM17 13l-5 5-5-5h3V9h4v4h3z\"><\/path><\/svg>\n                                        <span>\u7b80\u4f53\u4e2d\u6587<\/span>\n                                    <\/a>\n                                                                    <a href=\"https:\/\/www.popesprayer.va\/wp-content\/uploads\/2026\/06\/CH-TRA-PRAYER-INTENTIONS-OF-THE-HOLY-FATHER-2027.pdf\" target=\"_blank\" class=\"boton-descarga\">\n                                        <svg xmlns=\"http:\/\/www.w3.org\/2000\/svg\" viewBox=\"0 0 24 24\" aria-hidden=\"true\"><path d=\"M19.35 10.04C18.67 6.59 15.64 4 12 4 9.11 4 6.6 5.64 5.35 8.04 2.34 8.36 0 10.91 0 14c0 3.31 2.69 6 6 6h13c2.76 0 5-2.24 5-5 0-2.64-2.05-4.78-4.65-4.96zM17 13l-5 5-5-5h3V9h4v4h3z\"><\/path><\/svg>\n                                        <span>\u7e41\u9ad4\u4e2d\u6587<\/span>\n                                    <\/a>\n                                                                    <a href=\"https:\/\/www.popesprayer.va\/wp-content\/uploads\/2026\/02\/DE-GEBETSANLIEGEN-DES-HEILIGEN-VATERS-FUR-2027.pdf\" target=\"_blank\" class=\"boton-descarga\">\n                                        <svg xmlns=\"http:\/\/www.w3.org\/2000\/svg\" viewBox=\"0 0 24 24\" aria-hidden=\"true\"><path d=\"M19.35 10.04C18.67 6.59 15.64 4 12 4 9.11 4 6.6 5.64 5.35 8.04 2.34 8.36 0 10.91 0 14c0 3.31 2.69 6 6 6h13c2.76 0 5-2.24 5-5 0-2.64-2.05-4.78-4.65-4.96zM17 13l-5 5-5-5h3V9h4v4h3z\"><\/path><\/svg>\n                                        <span>Deutsch <\/span>\n                                    <\/a>\n                                                                    <a href=\"https:\/\/www.popesprayer.va\/wp-content\/uploads\/2026\/07\/DK-DEN-HELLIGE-FADERS-BONSINTENTIONER-2027.pdf\" target=\"_blank\" class=\"boton-descarga\">\n                                        <svg xmlns=\"http:\/\/www.w3.org\/2000\/svg\" viewBox=\"0 0 24 24\" aria-hidden=\"true\"><path d=\"M19.35 10.04C18.67 6.59 15.64 4 12 4 9.11 4 6.6 5.64 5.35 8.04 2.34 8.36 0 10.91 0 14c0 3.31 2.69 6 6 6h13c2.76 0 5-2.24 5-5 0-2.64-2.05-4.78-4.65-4.96zM17 13l-5 5-5-5h3V9h4v4h3z\"><\/path><\/svg>\n                                        <span>Dansk<\/span>\n                                    <\/a>\n                                                                    <a href=\"https:\/\/www.popesprayer.va\/wp-content\/uploads\/2026\/01\/ENG-POPE-LEO-XIV-PRAYER-INTENTIONS-2027.pdf\" target=\"_blank\" class=\"boton-descarga\">\n                                        <svg xmlns=\"http:\/\/www.w3.org\/2000\/svg\" viewBox=\"0 0 24 24\" aria-hidden=\"true\"><path d=\"M19.35 10.04C18.67 6.59 15.64 4 12 4 9.11 4 6.6 5.64 5.35 8.04 2.34 8.36 0 10.91 0 14c0 3.31 2.69 6 6 6h13c2.76 0 5-2.24 5-5 0-2.64-2.05-4.78-4.65-4.96zM17 13l-5 5-5-5h3V9h4v4h3z\"><\/path><\/svg>\n                                        <span>English<\/span>\n                                    <\/a>\n                                                                    <a href=\"https:\/\/www.popesprayer.va\/wp-content\/uploads\/2026\/04\/EO-PREGINTENCOJ-DE-LA-SANKTA-PATRO-2027.pdf\" target=\"_blank\" class=\"boton-descarga\">\n                                        <svg xmlns=\"http:\/\/www.w3.org\/2000\/svg\" viewBox=\"0 0 24 24\" aria-hidden=\"true\"><path d=\"M19.35 10.04C18.67 6.59 15.64 4 12 4 9.11 4 6.6 5.64 5.35 8.04 2.34 8.36 0 10.91 0 14c0 3.31 2.69 6 6 6h13c2.76 0 5-2.24 5-5 0-2.64-2.05-4.78-4.65-4.96zM17 13l-5 5-5-5h3V9h4v4h3z\"><\/path><\/svg>\n                                        <span>Esperanto<\/span>\n                                    <\/a>\n                                                                    <a href=\"https:\/\/www.popesprayer.va\/wp-content\/uploads\/2026\/01\/ESP-INTENCIONES-PAPA-LEON-XIV-1.pdf\" target=\"_blank\" class=\"boton-descarga\">\n                                        <svg xmlns=\"http:\/\/www.w3.org\/2000\/svg\" viewBox=\"0 0 24 24\" aria-hidden=\"true\"><path d=\"M19.35 10.04C18.67 6.59 15.64 4 12 4 9.11 4 6.6 5.64 5.35 8.04 2.34 8.36 0 10.91 0 14c0 3.31 2.69 6 6 6h13c2.76 0 5-2.24 5-5 0-2.64-2.05-4.78-4.65-4.96zM17 13l-5 5-5-5h3V9h4v4h3z\"><\/path><\/svg>\n                                        <span>Espa\u00f1ol<\/span>\n                                    <\/a>\n                                                                    <a href=\"https:\/\/www.popesprayer.va\/wp-content\/uploads\/2026\/03\/TL-2027-POPE-LEO-XIV-PRAYER-INTENTIONS-2027.pdf\" target=\"_blank\" class=\"boton-descarga\">\n                                        <svg xmlns=\"http:\/\/www.w3.org\/2000\/svg\" viewBox=\"0 0 24 24\" aria-hidden=\"true\"><path d=\"M19.35 10.04C18.67 6.59 15.64 4 12 4 9.11 4 6.6 5.64 5.35 8.04 2.34 8.36 0 10.91 0 14c0 3.31 2.69 6 6 6h13c2.76 0 5-2.24 5-5 0-2.64-2.05-4.78-4.65-4.96zM17 13l-5 5-5-5h3V9h4v4h3z\"><\/path><\/svg>\n                                        <span>Filipino<\/span>\n                                    <\/a>\n                                                                    <a href=\"https:\/\/www.popesprayer.va\/wp-content\/uploads\/2026\/01\/FR-INTENTIONS-2027-PAPE-LEON-XIV-P.-Fabre.pdf\" target=\"_blank\" class=\"boton-descarga\">\n                                        <svg xmlns=\"http:\/\/www.w3.org\/2000\/svg\" viewBox=\"0 0 24 24\" aria-hidden=\"true\"><path d=\"M19.35 10.04C18.67 6.59 15.64 4 12 4 9.11 4 6.6 5.64 5.35 8.04 2.34 8.36 0 10.91 0 14c0 3.31 2.69 6 6 6h13c2.76 0 5-2.24 5-5 0-2.64-2.05-4.78-4.65-4.96zM17 13l-5 5-5-5h3V9h4v4h3z\"><\/path><\/svg>\n                                        <span>Fran\u00e7ais<\/span>\n                                    <\/a>\n                                                                    <a href=\"https:\/\/www.popesprayer.va\/wp-content\/uploads\/2026\/07\/HR-PRAYER-INTENTIONS-Croatian-2027.pdf\" target=\"_blank\" class=\"boton-descarga\">\n                                        <svg xmlns=\"http:\/\/www.w3.org\/2000\/svg\" viewBox=\"0 0 24 24\" aria-hidden=\"true\"><path d=\"M19.35 10.04C18.67 6.59 15.64 4 12 4 9.11 4 6.6 5.64 5.35 8.04 2.34 8.36 0 10.91 0 14c0 3.31 2.69 6 6 6h13c2.76 0 5-2.24 5-5 0-2.64-2.05-4.78-4.65-4.96zM17 13l-5 5-5-5h3V9h4v4h3z\"><\/path><\/svg>\n                                        <span>Hrvatski<\/span>\n                                    <\/a>\n                                                                    <a href=\"https:\/\/www.popesprayer.va\/wp-content\/uploads\/2026\/01\/ITA-INTENZIONI-PAPA-LEON-XIV.pdf\" target=\"_blank\" class=\"boton-descarga\">\n                                        <svg xmlns=\"http:\/\/www.w3.org\/2000\/svg\" viewBox=\"0 0 24 24\" aria-hidden=\"true\"><path d=\"M19.35 10.04C18.67 6.59 15.64 4 12 4 9.11 4 6.6 5.64 5.35 8.04 2.34 8.36 0 10.91 0 14c0 3.31 2.69 6 6 6h13c2.76 0 5-2.24 5-5 0-2.64-2.05-4.78-4.65-4.96zM17 13l-5 5-5-5h3V9h4v4h3z\"><\/path><\/svg>\n                                        <span>Italiano<\/span>\n                                    <\/a>\n                                                                    <a href=\"https:\/\/www.popesprayer.va\/wp-content\/uploads\/2026\/07\/JP-Popes-Intentions-for-2027.pdf\" target=\"_blank\" class=\"boton-descarga\">\n                                        <svg xmlns=\"http:\/\/www.w3.org\/2000\/svg\" viewBox=\"0 0 24 24\" aria-hidden=\"true\"><path d=\"M19.35 10.04C18.67 6.59 15.64 4 12 4 9.11 4 6.6 5.64 5.35 8.04 2.34 8.36 0 10.91 0 14c0 3.31 2.69 6 6 6h13c2.76 0 5-2.24 5-5 0-2.64-2.05-4.78-4.65-4.96zM17 13l-5 5-5-5h3V9h4v4h3z\"><\/path><\/svg>\n                                        <span>\u65e5\u672c\u8a9e<\/span>\n                                    <\/a>\n                                                                    <a href=\"https:\/\/www.popesprayer.va\/wp-content\/uploads\/2026\/08\/KO-2027-Popes-prayer-intention.pdf\" target=\"_blank\" class=\"boton-descarga\">\n                                        <svg xmlns=\"http:\/\/www.w3.org\/2000\/svg\" viewBox=\"0 0 24 24\" aria-hidden=\"true\"><path d=\"M19.35 10.04C18.67 6.59 15.64 4 12 4 9.11 4 6.6 5.64 5.35 8.04 2.34 8.36 0 10.91 0 14c0 3.31 2.69 6 6 6h13c2.76 0 5-2.24 5-5 0-2.64-2.05-4.78-4.65-4.96zM17 13l-5 5-5-5h3V9h4v4h3z\"><\/path><\/svg>\n                                        <span>\ud55c\uad6d\uc5b4<\/span>\n                                    <\/a>\n                                                                    <a href=\"https:\/\/www.popesprayer.va\/wp-content\/uploads\/2026\/06\/RW-ISENGESHO-RYIBYIFUZO-BYA-PAPA-2027.pdf\" target=\"_blank\" class=\"boton-descarga\">\n                                        <svg xmlns=\"http:\/\/www.w3.org\/2000\/svg\" viewBox=\"0 0 24 24\" aria-hidden=\"true\"><path d=\"M19.35 10.04C18.67 6.59 15.64 4 12 4 9.11 4 6.6 5.64 5.35 8.04 2.34 8.36 0 10.91 0 14c0 3.31 2.69 6 6 6h13c2.76 0 5-2.24 5-5 0-2.64-2.05-4.78-4.65-4.96zM17 13l-5 5-5-5h3V9h4v4h3z\"><\/path><\/svg>\n                                        <span>Kinyarwanda<\/span>\n                                    <\/a>\n                                                                    <a href=\"https:\/\/www.popesprayer.va\/wp-content\/uploads\/2026\/03\/SW-POPE-LEO-XIV-PRAYER-INTENTIONS-2027.pdf\" target=\"_blank\" class=\"boton-descarga\">\n                                        <svg xmlns=\"http:\/\/www.w3.org\/2000\/svg\" viewBox=\"0 0 24 24\" aria-hidden=\"true\"><path d=\"M19.35 10.04C18.67 6.59 15.64 4 12 4 9.11 4 6.6 5.64 5.35 8.04 2.34 8.36 0 10.91 0 14c0 3.31 2.69 6 6 6h13c2.76 0 5-2.24 5-5 0-2.64-2.05-4.78-4.65-4.96zM17 13l-5 5-5-5h3V9h4v4h3z\"><\/path><\/svg>\n                                        <span>Kiswahili<\/span>\n                                    <\/a>\n                                                                    <a href=\"https:\/\/www.popesprayer.va\/wp-content\/uploads\/2026\/02\/NL-GEBEDSINTENTIES-PAUS-LEO-XIV-2027.pdf\" target=\"_blank\" class=\"boton-descarga\">\n                                        <svg xmlns=\"http:\/\/www.w3.org\/2000\/svg\" viewBox=\"0 0 24 24\" aria-hidden=\"true\"><path d=\"M19.35 10.04C18.67 6.59 15.64 4 12 4 9.11 4 6.6 5.64 5.35 8.04 2.34 8.36 0 10.91 0 14c0 3.31 2.69 6 6 6h13c2.76 0 5-2.24 5-5 0-2.64-2.05-4.78-4.65-4.96zM17 13l-5 5-5-5h3V9h4v4h3z\"><\/path><\/svg>\n                                        <span>Nederlands<\/span>\n                                    <\/a>\n                                                                    <a href=\"https:\/\/www.popesprayer.va\/wp-content\/uploads\/2026\/02\/PL-INTENCJE-PAPIESKIE-2027.pdf\" target=\"_blank\" class=\"boton-descarga\">\n                                        <svg xmlns=\"http:\/\/www.w3.org\/2000\/svg\" viewBox=\"0 0 24 24\" aria-hidden=\"true\"><path d=\"M19.35 10.04C18.67 6.59 15.64 4 12 4 9.11 4 6.6 5.64 5.35 8.04 2.34 8.36 0 10.91 0 14c0 3.31 2.69 6 6 6h13c2.76 0 5-2.24 5-5 0-2.64-2.05-4.78-4.65-4.96zM17 13l-5 5-5-5h3V9h4v4h3z\"><\/path><\/svg>\n                                        <span>Polski<\/span>\n                                    <\/a>\n                                                                    <a href=\"https:\/\/www.popesprayer.va\/wp-content\/uploads\/2026\/01\/PT-INTENCOES-DE-ORACAO-DO-SANTO-PADRE_2027.pdf\" target=\"_blank\" class=\"boton-descarga\">\n                                        <svg xmlns=\"http:\/\/www.w3.org\/2000\/svg\" viewBox=\"0 0 24 24\" aria-hidden=\"true\"><path d=\"M19.35 10.04C18.67 6.59 15.64 4 12 4 9.11 4 6.6 5.64 5.35 8.04 2.34 8.36 0 10.91 0 14c0 3.31 2.69 6 6 6h13c2.76 0 5-2.24 5-5 0-2.64-2.05-4.78-4.65-4.96zM17 13l-5 5-5-5h3V9h4v4h3z\"><\/path><\/svg>\n                                        <span>Portugu\u00eas<\/span>\n                                    <\/a>\n                                                                    <a href=\"https:\/\/www.popesprayer.va\/wp-content\/uploads\/2026\/07\/SLV-MOLITVENI-NAMENI-SVETEGA-OCETA27.pdf\" target=\"_blank\" class=\"boton-descarga\">\n                                        <svg xmlns=\"http:\/\/www.w3.org\/2000\/svg\" viewBox=\"0 0 24 24\" aria-hidden=\"true\"><path d=\"M19.35 10.04C18.67 6.59 15.64 4 12 4 9.11 4 6.6 5.64 5.35 8.04 2.34 8.36 0 10.91 0 14c0 3.31 2.69 6 6 6h13c2.76 0 5-2.24 5-5 0-2.64-2.05-4.78-4.65-4.96zM17 13l-5 5-5-5h3V9h4v4h3z\"><\/path><\/svg>\n                                        <span>Sloven\u0161\u010dina<\/span>\n                                    <\/a>\n                                                                    <a href=\"https:\/\/www.popesprayer.va\/wp-content\/uploads\/2026\/04\/UA-POPE-LEO-XIV-PRAYER-INTENTIONS-2027.pdf\" target=\"_blank\" class=\"boton-descarga\">\n                                        <svg xmlns=\"http:\/\/www.w3.org\/2000\/svg\" viewBox=\"0 0 24 24\" aria-hidden=\"true\"><path d=\"M19.35 10.04C18.67 6.59 15.64 4 12 4 9.11 4 6.6 5.64 5.35 8.04 2.34 8.36 0 10.91 0 14c0 3.31 2.69 6 6 6h13c2.76 0 5-2.24 5-5 0-2.64-2.05-4.78-4.65-4.96zM17 13l-5 5-5-5h3V9h4v4h3z\"><\/path><\/svg>\n                                        <span>\u0423\u041a\u0420\u0410\u0407\u041d\u0421\u042c\u041a\u0410<\/span>\n                                    <\/a>\n                                                                    <a href=\"https:\/\/www.popesprayer.va\/wp-content\/uploads\/2026\/03\/VI-POPE-LEO-XIV-PRAYER-INTENTIONS-2027.pdf\" target=\"_blank\" class=\"boton-descarga\">\n                                        <svg xmlns=\"http:\/\/www.w3.org\/2000\/svg\" viewBox=\"0 0 24 24\" aria-hidden=\"true\"><path d=\"M19.35 10.04C18.67 6.59 15.64 4 12 4 9.11 4 6.6 5.64 5.35 8.04 2.34 8.36 0 10.91 0 14c0 3.31 2.69 6 6 6h13c2.76 0 5-2.24 5-5 0-2.64-2.05-4.78-4.65-4.96zM17 13l-5 5-5-5h3V9h4v4h3z\"><\/path><\/svg>\n                                        <span>Ti\u1ebfng Vi\u1ec7t<\/span>\n                                    <\/a>\n                                                        <\/div>\n                                    <\/div>\n                    <\/div>\n    <\/div>\n    <\/div><\/div>\n\n<div class=\"et_pb_text_2 et_pb_text et_pb_bg_layout_light et_animated et_pb_module et_block_module\"><div class=\"et_pb_text_inner\"><p>Estas <strong>intenciones de oraci\u00f3n<\/strong> son el producto de un largo <strong>proceso sinodal de discernimiento de la Iglesia<\/strong>, en diversos pa\u00edses del mundo, que abarca propuestas de varios Dicasterios, Congregaciones y servicios de la Santa Sede. Cuando el proceso concluye, al cabo de varios meses, el Papa, una vez recibidas las propuestas, se toma un tiempo para orar y discernir respecto a <strong>los desaf\u00edos a los que se enfrenta la humanidad y la misi\u00f3n de la Iglesia<\/strong>. A continuaci\u00f3n, conf\u00eda sus doce intenciones de oraci\u00f3n a todos los fieles. Son <strong>directrices para nuestra vida y misi\u00f3n<\/strong>.   <\/p>\n<\/div><\/div>\n\n<div class=\"et_pb_text_3 et_pb_text et_pb_bg_layout_light et_animated et_pb_module et_block_module\"><div class=\"et_pb_text_inner\"><p>Tambi\u00e9n hay llamadas urgentes a la oraci\u00f3n que, <strong>semana a semana -normalmente<\/strong>despu\u00e9s del \u00c1ngelus o al final de la audiencia general- el Papa conf\u00eda a su red de oraci\u00f3n. \u00c9stas <strong>pueden encontrarse en el perfil de oraci\u00f3n del Papa<\/strong> y pueden seguirse en tiempo real a trav\u00e9s de <strong>@clicktopray<\/strong>. <\/p>\n<\/div><\/div>\n<\/div>\n\n<div class=\"et_pb_column_3 et_pb_column et_pb_column_1_2 et-last-child et_block_column et_pb_column_empty et_pb_css_mix_blend_mode_passthrough\"><\/div>\n<\/div>\n<div class=\"et_pb_bottom_inside_divider et-no-transition\"><\/div><\/div>\n\n<div class=\"et_pb_section_1 et_pb_section et_section_regular et_block_section section_has_divider et_pb_bottom_divider\" id=\"offeringprayer\">\n<div class=\"et_pb_row_2 et_pb_row et_pb_equal_columns et_block_row preset--module--divi-row--default\">\n<div class=\"et_pb_column_4 et_pb_column et_pb_column_3_5 et_block_column et_pb_css_mix_blend_mode_passthrough\">\n<div class=\"et_pb_text_4 et_pb_text et_pb_bg_layout_light et_animated et_pb_module et_block_module\"><div class=\"et_pb_text_inner\"><h2 data-start=\"518\" data-end=\"562\"><strong>Oraci\u00f3n de Ofrecimiento<\/strong><\/h2>\n<p data-start=\"563\" data-end=\"826\" class=\"\">\n<\/div><\/div>\n\n<div class=\"et_pb_text_5 et_pb_text et_pb_bg_layout_light et_pb_module et_block_module\"><div class=\"et_pb_text_inner\"><p>Padre bueno, s\u00e9 que est\u00e1s conmigo. Aqu\u00ed estoy en este nuevo d\u00eda. Pon una vez m\u00e1s mi coraz\u00f3n junto al Coraz\u00f3n de tu Hijo Jes\u00fas, que se entrega por m\u00ed y que viene a m\u00ed en la Eucarist\u00eda. Que tu Esp\u00edritu Santo me haga su amigo y su ap\u00f3stol, disponible a su misi\u00f3n de compasi\u00f3n.   <\/p>\n<p>Pongo en tus manos mis alegr\u00edas y esperanzas, mis trabajos y sufrimientos, todo lo que soy y tengo, en comuni\u00f3n con mis hermanos y hermanas de esta Red Mundial de Oraci\u00f3n.<\/p>\n<p>Con Mar\u00eda, te ofrezco mi jornada por la misi\u00f3n de la Iglesia y por las intenciones de oraci\u00f3n del Papa y de mi Obispo para este mes.<\/p>\n<p>Am\u00e9n.<\/p>\n<\/div><\/div>\n<\/div>\n\n<div class=\"et_pb_column_5 et_pb_column et_pb_column_2_5 et-last-child et_block_column et_pb_column_empty et_pb_css_mix_blend_mode_passthrough\"><\/div>\n<\/div>\n<div class=\"et_pb_bottom_inside_divider et-no-transition\"><\/div><\/div>\n\n<div class=\"et_pb_section_2 et_pb_section et_section_regular et_block_section\" id=\"clicktopray\">\n<div class=\"et_pb_row_3 et_pb_row et_block_row preset--module--divi-row--default\">\n<div class=\"et_pb_column_6 et_pb_column et_pb_column_4_4 et-last-child et_block_column et_pb_css_mix_blend_mode_passthrough\">\n<div class=\"et_pb_text_6 et_pb_text et_pb_bg_layout_light et_pb_module et_block_module\"><div class=\"et_pb_text_inner\"><h1><span style=\"font-weight: 400;\">Click To Pray<\/span><\/h1>\n<h2>la plataforma digital de oraci\u00f3n del Papa<\/h2>\n<\/div><\/div>\n<\/div>\n<\/div>\n\n<div class=\"et_pb_row_4 et_pb_row et_pb_equal_columns et_pb_gutters2 et_block_row preset--module--divi-row--default\">\n<div class=\"et_pb_column_7 et_pb_column et_pb_column_1_2 et_block_column et_pb_css_mix_blend_mode_passthrough\">\n<div class=\"et_pb_text_7 et_pb_text et_pb_bg_layout_light et_pb_module et_block_module\"><div class=\"et_pb_text_inner\"><p data-start=\"239\" data-end=\"448\"><strong data-start=\"239\" data-end=\"256\">\u00abClick To Pray\u00bb<\/strong> es la plataforma digital oficial del Papa dedicada a la oraci\u00f3n. Ayuda a personas de todo el mundo a mantenerse unidas espiritualmente y a movilizarse cada d\u00eda ante los grandes retos a los que se enfrentan la humanidad y la Iglesia. <\/p>\n<p data-start=\"450\" data-end=\"739\">La plataforma ofrece un ritmo sencillo de oraci\u00f3n a trav\u00e9s de <strong data-start=\"504\" data-end=\"525\">tres momentos clave<\/strong>:<\/p>\n<\/div><\/div>\n<\/div>\n\n<div class=\"et_pb_column_8 et_pb_column et_pb_column_1_2 et-last-child et_block_column et_pb_column_empty et_pb_css_mix_blend_mode_passthrough\"><\/div>\n<\/div>\n\n<div class=\"et_pb_row_5 et_pb_row et_pb_row_5col et_pb_equal_columns et_pb_gutters2 et_block_row et_block_row_5col preset--module--divi-row--default\">\n<div class=\"et_pb_column_9 et_pb_column et_pb_column_1_5 et_block_column et_pb_css_mix_blend_mode_passthrough\">\n<div class=\"et_pb_blurb_0 et_pb_blurb et_pb_bg_layout_light et_pb_text_align_center et_pb_blurb_position_top et_pb_module et_block_module\"><div class=\"et_pb_blurb_content\"><div class=\"et_pb_main_blurb_image et_animated\"><span class=\"et_pb_image_wrap et_pb_only_image_mode_wrap\"><img loading=\"lazy\" decoding=\"async\" src=\"https:\/\/www.popesprayer.va\/wp-content\/uploads\/2025\/07\/PrayerMorning.879973f3-1.png\" width=\"500\" height=\"500\" class=\"wp-image-1779\" alt=\"PrayerMorning.879973f3\" \/><\/span><\/div><div class=\"et_pb_blurb_container\"><h4 class=\"et_pb_module_header\">Por la ma\u00f1ana<\/h4><div class=\"et_pb_blurb_description\"><p>inspirados por el Evangelio, ofrecemos nuestro d\u00eda al Se\u00f1or<\/p>\n<\/div><\/div><\/div><\/div>\n<\/div>\n\n<div class=\"et_pb_column_10 et_pb_column et_pb_column_1_5 et_block_column et_pb_css_mix_blend_mode_passthrough\">\n<div class=\"et_pb_blurb_1 et_pb_blurb et_pb_bg_layout_light et_pb_text_align_center et_pb_blurb_position_top et_pb_module et_block_module\"><div class=\"et_pb_blurb_content\"><div class=\"et_pb_main_blurb_image et_animated\"><span class=\"et_pb_image_wrap et_pb_only_image_mode_wrap\"><img loading=\"lazy\" decoding=\"async\" src=\"https:\/\/www.popesprayer.va\/wp-content\/uploads\/2025\/07\/PrayerAfternoon.44b4c701-1.png\" width=\"500\" height=\"500\" class=\"wp-image-1780\" alt=\"PrayerAfternoon.44b4c701\" \/><\/span><\/div><div class=\"et_pb_blurb_container\"><h4 class=\"et_pb_module_header\">Al mediod\u00eda<\/h4><div class=\"et_pb_blurb_description\"><p>hacemos una pausa para realinear nuestros corazones<\/p>\n<\/div><\/div><\/div><\/div>\n<\/div>\n\n<div class=\"et_pb_column_11 et_pb_column et_pb_column_1_5 et_block_column et_pb_css_mix_blend_mode_passthrough\">\n<div class=\"et_pb_blurb_2 et_pb_blurb et_pb_bg_layout_light et_pb_text_align_center et_pb_blurb_position_top et_pb_module et_block_module\"><div class=\"et_pb_blurb_content\"><div class=\"et_pb_main_blurb_image et_animated\"><span class=\"et_pb_image_wrap et_pb_only_image_mode_wrap\"><img loading=\"lazy\" decoding=\"async\" src=\"https:\/\/www.popesprayer.va\/wp-content\/uploads\/2025\/07\/PrayerEvening.png\" width=\"500\" height=\"500\" class=\"wp-image-1781\" alt=\"PrayerEvening\" \/><\/span><\/div><div class=\"et_pb_blurb_container\"><h4 class=\"et_pb_module_header\">Por la noche<\/h4><div class=\"et_pb_blurb_description\"><p>reflexionamos y revisamos nuestro d\u00eda con gratitud y honestidad<\/p>\n<\/div><\/div><\/div><\/div>\n<\/div>\n\n<div class=\"et_pb_column_12 et_pb_column et_pb_column_1_5 et_block_column et_pb_column_empty et_pb_css_mix_blend_mode_passthrough\"><\/div>\n\n<div class=\"et_pb_column_13 et_pb_column et_pb_column_1_5 et-last-child et_block_column et_pb_column_empty et_pb_css_mix_blend_mode_passthrough\"><\/div>\n<\/div>\n\n<div class=\"et_pb_row_6 et_pb_row et_pb_row_1-2_1-4_1-4 et_pb_equal_columns et_block_row et_block_row_1-2_1-4_1-4 preset--module--divi-row--default\">\n<div class=\"et_pb_column_14 et_pb_column et_pb_column_1_2 et_block_column et_pb_css_mix_blend_mode_passthrough\">\n<div class=\"et_pb_text_8 et_pb_text et_pb_bg_layout_light et_pb_module et_block_module\"><div class=\"et_pb_text_inner\"><p data-start=\"741\" data-end=\"1051\">\u00abClick To Pray\u00bb tambi\u00e9n comparte <strong data-start=\"771\" data-end=\"806\">la intenci\u00f3n de oraci\u00f3n mensual del Papa<\/strong>, lo que nos ayuda a centrar nuestra oraci\u00f3n en lo que m\u00e1s importa a nivel mundial. En su perfil personal dentro de la plataforma, el Papa ofrece otras intenciones semanales y de actualidad, invit\u00e1ndonos a apoyar la misi\u00f3n de la Iglesia con un coraz\u00f3n que escucha y responde. <\/p>\n<p data-start=\"1053\" data-end=\"1296\">Pero \u00abClick To Pray\u00bb es m\u00e1s que una herramienta. Es una <strong data-start=\"1100\" data-end=\"1127\">comunidad de oraci\u00f3n global<\/strong>, donde personas de todas las generaciones y culturas pueden compartir sus intenciones y rezar unas por otras. Tiende puentes de solidaridad y esperanza, tanto en el \u00e1mbito digital como en el espiritual.  <\/p>\n<p data-start=\"1298\" data-end=\"1567\">La plataforma y la aplicaci\u00f3n est\u00e1n disponibles en <strong data-start=\"1336\" data-end=\"1351\">7 idiomas<\/strong> (espa\u00f1ol, ingl\u00e9s, portugu\u00e9s, italiano, franc\u00e9s, alem\u00e1n y chino tradicional), y el contenido diario tambi\u00e9n se comparte en <strong data-start=\"1470\" data-end=\"1502\">vietnamita, japon\u00e9s y coreano<\/strong>, entre otros, a trav\u00e9s de <strong data-start=\"1521\" data-end=\"1566\">Facebook, Twitter, Instagram y YouTube<\/strong>.<\/p>\n<\/div><\/div>\n<\/div>\n\n<div class=\"et_pb_column_15 et_pb_column et_pb_column_1_4 et_block_column et_pb_column_empty et_pb_css_mix_blend_mode_passthrough\"><\/div>\n\n<div class=\"et_pb_column_16 et_pb_column et_pb_column_1_4 et-last-child et_block_column et_pb_css_mix_blend_mode_passthrough\">\n<div class=\"et_pb_module et_pb_button_module_wrapper et_pb_button_0_wrapper\"><a class=\"et_pb_button_0 et_pb_button et_pb_bg_layout_light et_pb_module et_block_module\" href=\"https:\/\/clicktopray.org\/\" target=\"_blank\">Descubre el proyecto<\/a><\/div>\n<\/div>\n<\/div>\n<\/div>\n\n<div class=\"et_pb_section_3 et_pb_section et_section_regular et_block_section section_has_divider et_pb_top_divider et_pb_bottom_divider\" id=\"thepopevideo\"><div class=\"et_pb_top_inside_divider et-no-transition\"><\/div>\n<div class=\"et_pb_row_7 et_pb_row et_pb_equal_columns et_block_row preset--module--divi-row--default\">\n<div class=\"et_pb_column_17 et_pb_column et_pb_column_3_5 et_block_column et_pb_css_mix_blend_mode_passthrough\">\n<div class=\"et_pb_text_9 et_pb_text et_pb_bg_layout_light et_animated et_pb_module et_block_module\"><div class=\"et_pb_text_inner\"><h2 data-start=\"518\" data-end=\"562\">El Video del Papa<\/h2>\n<p data-start=\"563\" data-end=\"826\" class=\"\">\n<\/div><\/div>\n<\/div>\n\n<div class=\"et_pb_column_18 et_pb_column et_pb_column_2_5 et-last-child et_block_column et_pb_column_empty et_pb_css_mix_blend_mode_passthrough\"><\/div>\n<\/div>\n\n<div class=\"et_pb_row_8 et_pb_row et_pb_equal_columns et_block_row preset--module--divi-row--default\">\n<div class=\"et_pb_column_19 et_pb_column et_pb_column_3_5 et_block_column et_pb_css_mix_blend_mode_passthrough\">\n<div class=\"et_pb_text_10 et_pb_text et_pb_bg_layout_light et_pb_module et_block_module\"><div class=\"et_pb_text_inner\"><p data-start=\"161\" data-end=\"325\"><strong data-start=\"161\" data-end=\"179\">\u00abEl Video del Papa\u00bb<\/strong> es una iniciativa oficial a nivel mundial que difunde las intenciones de oraci\u00f3n mensuales del Papa, puesta en marcha en 2016.<\/p>\n<p data-start=\"161\" data-end=\"325\">El proyecto ha alcanzado m\u00e1s de <strong data-start=\"374\" data-end=\"395\">260 millones de visualizaciones<\/strong> en las redes sociales del Vaticano. Traducido a <strong data-start=\"457\" data-end=\"483\">m\u00e1s de 23 idiomas<\/strong> y difundido por medios de comunicaci\u00f3n de <strong data-start=\"509\" data-end=\"526\">114 pa\u00edses<\/strong>, \u00abEl Video del Papa\u00bb ayuda a la gente a conectar personalmente con las intenciones del Santo Padre, invitando a los corazones de todo el mundo a rezar, reflexionar y actuar. <\/p>\n<p><span style=\"font-weight: 400;\">Y ahora, una forma muy concreta y profunda de <strong>Rezar con el Papa <\/strong> en su nuevo formato. <\/span><span style=\"font-weight: 400;\"><strong>Un mensaje de fe, compasi\u00f3n y unidad, cada mes, para todo el mundo<\/strong>. <\/span> <\/p>\n<\/div><\/div>\n<\/div>\n\n<div class=\"et_pb_column_20 et_pb_column et_pb_column_2_5 et-last-child et_block_column et_pb_css_mix_blend_mode_passthrough\">\n<div class=\"et_pb_code_1 et_pb_code et_pb_module\"><div class=\"et_pb_code_inner\"><div class='tpv-video-container'><iframe src='https:\/\/www.youtube.com\/embed\/videoseries?rel=0&list=PLTroqZcBkue16MMgzz9LKRp-W1biit5sp' allowfullscreen='allowfullscreen' mozallowfullscreen='mozallowfullscreen' msallowfullscreen='msallowfullscreen' oallowfullscreen='oallowfullscreen' webkitallowfullscreen='webkitallowfullscreen' frameborder='0'><\/iframe><\/div><\/div><\/div>\n<\/div>\n<\/div>\n\n<div class=\"et_pb_row_9 et_pb_row et_block_row preset--module--divi-row--default\">\n<div class=\"et_pb_column_21 et_pb_column et_pb_column_1_3 et_block_column et_pb_css_mix_blend_mode_passthrough\">\n<div class=\"et_pb_module et_pb_button_module_wrapper et_pb_button_1_wrapper\"><a class=\"et_pb_button_1 et_pb_button et_pb_bg_layout_light et_pb_module et_block_module\" href=\"https:\/\/www.popesprayer.va\/es\/rezaconelpapa\/\" target=\"_blank\">Reza con el Papa<\/a><\/div>\n<\/div>\n\n<div class=\"et_pb_column_22 et_pb_column et_pb_column_1_3 et_block_column et_pb_css_mix_blend_mode_passthrough\">\n<div class=\"et_pb_module et_pb_button_module_wrapper et_pb_button_2_wrapper\"><a class=\"et_pb_button_2 et_pb_button et_pb_bg_layout_light et_pb_module et_block_module\" href=\"https:\/\/www.popesprayer.va\/es\/elvideodelpapa\/\" target=\"_blank\">Rezar intenciones de oraci\u00f3n anteriores<\/a><\/div>\n<\/div>\n\n<div class=\"et_pb_column_23 et_pb_column et_pb_column_1_3 et-last-child et_block_column et_pb_column_empty et_pb_css_mix_blend_mode_passthrough\"><\/div>\n<\/div>\n<div class=\"et_pb_bottom_inside_divider et-no-transition\"><\/div><\/div>","protected":false},"excerpt":{"rendered":"","protected":false},"author":1,"featured_media":0,"parent":0,"menu_order":0,"comment_status":"closed","ping_status":"closed","template":"","meta":{"_acf_changed":false,"footnotes":""},"class_list":["post-84301","page","type-page","status-publish","hentry"],"acf":[],"yoast_head":"<!-- This site is optimized with the Yoast SEO plugin v28.4 - https:\/\/yoast.com\/product\/yoast-seo-wordpress\/ -->\n<title>Reza - Red Mundial de Oraci\u00f3n del Papa<\/title>\n<meta name=\"robots\" content=\"index, follow, max-snippet:-1, max-image-preview:large, max-video-preview:-1\" \/>\n<link rel=\"canonical\" href=\"https:\/\/www.popesprayer.va\/es\/oracion\/\" \/>\n<meta property=\"og:locale\" content=\"es_ES\" \/>\n<meta property=\"og:type\" content=\"article\" \/>\n<meta property=\"og:title\" content=\"Reza - Red Mundial de Oraci\u00f3n del Papa\" \/>\n<meta property=\"og:url\" content=\"https:\/\/www.popesprayer.va\/es\/oracion\/\" \/>\n<meta property=\"og:site_name\" content=\"Red Mundial de Oraci\u00f3n del Papa\" \/>\n<meta property=\"article:modified_time\" content=\"2026-07-23T17:49:26+00:00\" \/>\n<meta name=\"twitter:card\" content=\"summary_large_image\" \/>\n<script type=\"application\/ld+json\" class=\"yoast-schema-graph\">{\"@context\":\"https:\\\/\\\/schema.org\",\"@graph\":[{\"@type\":\"WebPage\",\"@id\":\"https:\\\/\\\/www.popesprayer.va\\\/es\\\/oracion\\\/\",\"url\":\"https:\\\/\\\/www.popesprayer.va\\\/es\\\/oracion\\\/\",\"name\":\"Reza - Red Mundial de Oraci\u00f3n del Papa\",\"isPartOf\":{\"@id\":\"https:\\\/\\\/www.popesprayer.va\\\/es\\\/#website\"},\"datePublished\":\"2025-06-07T09:19:15+00:00\",\"dateModified\":\"2026-07-23T17:49:26+00:00\",\"breadcrumb\":{\"@id\":\"https:\\\/\\\/www.popesprayer.va\\\/es\\\/oracion\\\/#breadcrumb\"},\"inLanguage\":\"es\",\"potentialAction\":[{\"@type\":\"ReadAction\",\"target\":[\"https:\\\/\\\/www.popesprayer.va\\\/es\\\/oracion\\\/\"]}]},{\"@type\":\"BreadcrumbList\",\"@id\":\"https:\\\/\\\/www.popesprayer.va\\\/es\\\/oracion\\\/#breadcrumb\",\"itemListElement\":[{\"@type\":\"ListItem\",\"position\":1,\"name\":\"Inicio\",\"item\":\"https:\\\/\\\/www.popesprayer.va\\\/es\\\/\"},{\"@type\":\"ListItem\",\"position\":2,\"name\":\"Reza\"}]},{\"@type\":\"WebSite\",\"@id\":\"https:\\\/\\\/www.popesprayer.va\\\/es\\\/#website\",\"url\":\"https:\\\/\\\/www.popesprayer.va\\\/es\\\/\",\"name\":\"Pope's Worldwide Prayer Network\",\"description\":\"Pray together, change the world\",\"publisher\":{\"@id\":\"https:\\\/\\\/www.popesprayer.va\\\/es\\\/#organization\"},\"potentialAction\":[{\"@type\":\"SearchAction\",\"target\":{\"@type\":\"EntryPoint\",\"urlTemplate\":\"https:\\\/\\\/www.popesprayer.va\\\/es\\\/?s={search_term_string}\"},\"query-input\":{\"@type\":\"PropertyValueSpecification\",\"valueRequired\":true,\"valueName\":\"search_term_string\"}}],\"inLanguage\":\"es\"},{\"@type\":\"Organization\",\"@id\":\"https:\\\/\\\/www.popesprayer.va\\\/es\\\/#organization\",\"name\":\"Red Mundial de Oraci\u00f3n del Papa\",\"url\":\"https:\\\/\\\/www.popesprayer.va\\\/es\\\/\",\"logo\":{\"@type\":\"ImageObject\",\"inLanguage\":\"es\",\"@id\":\"https:\\\/\\\/www.popesprayer.va\\\/es\\\/#\\\/schema\\\/logo\\\/image\\\/\",\"url\":\"https:\\\/\\\/www.popesprayer.va\\\/wp-content\\\/uploads\\\/2025\\\/01\\\/Logo-Popes-Worldwide-Prayer-Network-Pontifical-Work-EN-Horizontal.png\",\"contentUrl\":\"https:\\\/\\\/www.popesprayer.va\\\/wp-content\\\/uploads\\\/2025\\\/01\\\/Logo-Popes-Worldwide-Prayer-Network-Pontifical-Work-EN-Horizontal.png\",\"width\":1328,\"height\":228,\"caption\":\"Red Mundial de Oraci\u00f3n del Papa\"},\"image\":{\"@id\":\"https:\\\/\\\/www.popesprayer.va\\\/es\\\/#\\\/schema\\\/logo\\\/image\\\/\"}}]}<\/script>\n<!-- \/ Yoast SEO plugin. -->","yoast_head_json":{"title":"Reza - Red Mundial de Oraci\u00f3n del Papa","robots":{"index":"index","follow":"follow","max-snippet":"max-snippet:-1","max-image-preview":"max-image-preview:large","max-video-preview":"max-video-preview:-1"},"canonical":"https:\/\/www.popesprayer.va\/es\/oracion\/","og_locale":"es_ES","og_type":"article","og_title":"Reza - Red Mundial de Oraci\u00f3n del Papa","og_url":"https:\/\/www.popesprayer.va\/es\/oracion\/","og_site_name":"Red Mundial de Oraci\u00f3n del Papa","article_modified_time":"2026-07-23T17:49:26+00:00","twitter_card":"summary_large_image","schema":{"@context":"https:\/\/schema.org","@graph":[{"@type":"WebPage","@id":"https:\/\/www.popesprayer.va\/es\/oracion\/","url":"https:\/\/www.popesprayer.va\/es\/oracion\/","name":"Reza - Red Mundial de Oraci\u00f3n del Papa","isPartOf":{"@id":"https:\/\/www.popesprayer.va\/es\/#website"},"datePublished":"2025-06-07T09:19:15+00:00","dateModified":"2026-07-23T17:49:26+00:00","breadcrumb":{"@id":"https:\/\/www.popesprayer.va\/es\/oracion\/#breadcrumb"},"inLanguage":"es","potentialAction":[{"@type":"ReadAction","target":["https:\/\/www.popesprayer.va\/es\/oracion\/"]}]},{"@type":"BreadcrumbList","@id":"https:\/\/www.popesprayer.va\/es\/oracion\/#breadcrumb","itemListElement":[{"@type":"ListItem","position":1,"name":"Inicio","item":"https:\/\/www.popesprayer.va\/es\/"},{"@type":"ListItem","position":2,"name":"Reza"}]},{"@type":"WebSite","@id":"https:\/\/www.popesprayer.va\/es\/#website","url":"https:\/\/www.popesprayer.va\/es\/","name":"Pope's Worldwide Prayer Network","description":"Pray together, change the world","publisher":{"@id":"https:\/\/www.popesprayer.va\/es\/#organization"},"potentialAction":[{"@type":"SearchAction","target":{"@type":"EntryPoint","urlTemplate":"https:\/\/www.popesprayer.va\/es\/?s={search_term_string}"},"query-input":{"@type":"PropertyValueSpecification","valueRequired":true,"valueName":"search_term_string"}}],"inLanguage":"es"},{"@type":"Organization","@id":"https:\/\/www.popesprayer.va\/es\/#organization","name":"Red Mundial de Oraci\u00f3n del Papa","url":"https:\/\/www.popesprayer.va\/es\/","logo":{"@type":"ImageObject","inLanguage":"es","@id":"https:\/\/www.popesprayer.va\/es\/#\/schema\/logo\/image\/","url":"https:\/\/www.popesprayer.va\/wp-content\/uploads\/2025\/01\/Logo-Popes-Worldwide-Prayer-Network-Pontifical-Work-EN-Horizontal.png","contentUrl":"https:\/\/www.popesprayer.va\/wp-content\/uploads\/2025\/01\/Logo-Popes-Worldwide-Prayer-Network-Pontifical-Work-EN-Horizontal.png","width":1328,"height":228,"caption":"Red Mundial de Oraci\u00f3n del Papa"},"image":{"@id":"https:\/\/www.popesprayer.va\/es\/#\/schema\/logo\/image\/"}}]}},"_links":{"self":[{"href":"https:\/\/www.popesprayer.va\/es\/wp-json\/wp\/v2\/pages\/84301","targetHints":{"allow":["GET"]}}],"collection":[{"href":"https:\/\/www.popesprayer.va\/es\/wp-json\/wp\/v2\/pages"}],"about":[{"href":"https:\/\/www.popesprayer.va\/es\/wp-json\/wp\/v2\/types\/page"}],"author":[{"embeddable":true,"href":"https:\/\/www.popesprayer.va\/es\/wp-json\/wp\/v2\/users\/1"}],"replies":[{"embeddable":true,"href":"https:\/\/www.popesprayer.va\/es\/wp-json\/wp\/v2\/comments?post=84301"}],"version-history":[{"count":67,"href":"https:\/\/www.popesprayer.va\/es\/wp-json\/wp\/v2\/pages\/84301\/revisions"}],"predecessor-version":[{"id":100834,"href":"https:\/\/www.popesprayer.va\/es\/wp-json\/wp\/v2\/pages\/84301\/revisions\/100834"}],"wp:attachment":[{"href":"https:\/\/www.popesprayer.va\/es\/wp-json\/wp\/v2\/media?parent=84301"}],"curies":[{"name":"wp","href":"https:\/\/api.w.org\/{rel}","templated":true}]}}