{"id":96549,"date":"2026-04-22T17:01:05","date_gmt":"2026-04-22T15:01:05","guid":{"rendered":"https:\/\/www.popesprayer.va\/el-video-del-papa-archivo\/"},"modified":"2026-04-24T18:47:36","modified_gmt":"2026-04-24T16:47:36","slug":"el-video-del-papa-archivo","status":"publish","type":"page","link":"https:\/\/www.popesprayer.va\/es\/el-video-del-papa-archivo\/","title":{"rendered":"El v\u00eddeo del Papa - Archivo"},"content":{"rendered":"<p>[et_pb_section fb_built=\"1&#8243; _builder_version=\"4.27.6&#8243; _module_preset=\"default\" background_enable_color=\"off\" use_background_color_gradient=\"on\" background_color_gradient_stops=\"#264653 0%|rgba(29,54,68,0.7) 25%|rgba(13,27,42,0.7) 75%|#071121 100%\" background_image=\"https:\/\/www.popesprayer.va\/wp-content\/uploads\/2025\/06\/sjdigital_Photo_of_St_Peters_Basilica._The_sky_has_some_clouds._93180f9f-2271-445f-90c5-8daa6d5bcf44-en-tamano-grande.jpeg\" background_blend=\"overlay\" custom_padding=\"12vw||12vw||true|false\" top_divider_style=\"ramp\" top_divider_color=\"#F4A261&#8243; bottom_divider_style=\"ramp\" bottom_divider_color=\"#071121&#8243; bottom_divider_flip=\"horizontal\" da_disable_devices=\"off|off|off\" global_colors_info=\"{}\" da_is_popup=\"off\" da_exit_intent=\"off\" da_has_close=\"on\" da_alt_close=\"off\" da_dark_close=\"off\" da_not_modal=\"on\" da_is_singular=\"off\" da_with_loader=\"off\" da_has_shadow=\"on\"][et_pb_row column_structure=\"3_5,2_5&#8243; _builder_version=\"4.27.4&#8243; _module_preset=\"ddbed135-e034-4aab-8f52-69def1d8301e\" global_colors_info=\"{}\"][et_pb_column type=\"3_5&#8243; _builder_version=\"4.27.4&#8243; _module_preset=\"default\" global_colors_info=\"{}\"][et_pb_text admin_label=\"Text\" _builder_version=\"4.27.6&#8243; _module_preset=\"default\" header_text_color=\"#E9C46A\" header_font_size=\"3rem\" header_2_font=\"|700|||||||\" header_2_text_color=\"#E9C46A\" header_2_font_size=\"4rem\" global_colors_info=\"{}\"]<\/p>\n<h2>El Video del Papa<\/h2>\n<p>[\/et_pb_text][et_pb_text _builder_version=\"4.27.6&#8243; _module_preset=\"default\" text_text_color=\"#FFFFFF\" text_font_size=\"19px\" header_text_color=\"#E9C46A\" header_font_size=\"3rem\" header_2_text_color=\"#FFFFFF\" header_2_font_size=\"4rem\" global_colors_info=\"{}\"]<\/p>\n<p data-path-to-node=\"3\">Desde 2016, hemos compartido con el mundo las intenciones de oraci\u00f3n del Santo Padre a trav\u00e9s de El Video del Papa. Esta iniciativa global ha alcanzado m\u00e1s de <b data-path-to-node=\"3\" data-index-in-node=\"119\">280 millones de visualizaciones<\/b> en <b data-path-to-node=\"3\" data-index-in-node=\"140\">25 idiomas<\/b> a trav\u00e9s de los medios digitales Vaticanos. <\/p>\n<p data-path-to-node=\"4\">Hoy te invitamos a orar con <b data-path-to-node=\"4\" data-index-in-node=\"34\">el Papa Le\u00f3n XIV<\/b> por los desaf\u00edos de la humanidad y de la misi\u00f3n de la Iglesia en un nuevo <a href=\"https:\/\/www.popesprayer.va\/es\/rezaconelpapa\/\">sitio web<\/a>.<\/p>\n<p>[\/et_pb_text][et_pb_button button_url=\"https:\/\/www.popesprayer.va\/es\/rezaconelpapa\/\" url_new_window=\"on\" button_text=\"Reza con el Papa\" button_alignment=\"left\" _builder_version=\"4.27.6&#8243; _module_preset=\"default\" custom_button=\"on\" button_text_color=\"#FFFFFF\" button_bg_color=\"#E76F51&#8243; button_border_width=\"0px\" button_border_radius=\"20px\" global_colors_info=\"{}\" button_bg_color__hover_enabled=\"on|desktop\" button_bg_color__hover=\"#E76F51&#8243;][\/et_pb_button][\/et_pb_column][et_pb_column type=\"2_5&#8243; _builder_version=\"4.27.4&#8243; _module_preset=\"default\" global_colors_info=\"{}\"][\/et_pb_column][\/et_pb_row][\/et_pb_section][et_pb_section fb_built=\"1&#8243; admin_label=\"Section\" _builder_version=\"4.27.6&#8243; _module_preset=\"default\" background_color=\"#071121&#8243; use_background_color_gradient=\"on\" background_color_gradient_stops=\"#071121 0%|#071121 25%|#071121 75%|#264653 100%\" background_enable_image=\"off\" background_size=\"contain\" background_position=\"bottom_right\" background_blend=\"screen\" bottom_divider_color=\"#264653&#8243; bottom_divider_height=\"101px\" bottom_divider_flip=\"horizontal\" da_disable_devices=\"off|off|off\" global_colors_info=\"{}\" da_is_popup=\"off\" da_exit_intent=\"off\" da_has_close=\"on\" da_alt_close=\"off\" da_dark_close=\"off\" da_not_modal=\"on\" da_is_singular=\"off\" da_with_loader=\"off\" da_has_shadow=\"on\"][et_pb_row column_structure=\"3_5,2_5&#8243; _builder_version=\"4.27.4&#8243; _module_preset=\"ddbed135-e034-4aab-8f52-69def1d8301e\" global_colors_info=\"{}\"][et_pb_column type=\"3_5&#8243; _builder_version=\"4.27.4&#8243; _module_preset=\"default\" global_colors_info=\"{}\"][et_pb_text admin_label=\"Text\" _builder_version=\"4.27.6&#8243; _module_preset=\"default\" header_text_color=\"#E9C46A\" header_font_size=\"3rem\" header_2_font=\"|700|||||||\" header_2_text_color=\"#E9C46A\" header_2_font_size=\"4rem\" global_colors_info=\"{}\"]<\/p>\n<h3 data-path-to-node=\"7\"><span style=\"color: #ffffff;\"><b data-path-to-node=\"7\" data-index-in-node=\"0\">Archivo Hist\u00f3rico<\/b><\/span><\/h3>\n<p data-path-to-node=\"8\">\n<p>[\/et_pb_text][et_pb_text _builder_version=\"4.27.6&#8243; _module_preset=\"default\" text_text_color=\"#FFFFFF\" text_font_size=\"19px\" header_text_color=\"#E9C46A\" header_font_size=\"3rem\" header_2_text_color=\"#FFFFFF\" header_2_font_size=\"4rem\" global_colors_info=\"{}\"]<\/p>\n<p data-path-to-node=\"8\">Explora todos los v\u00eddeos desde enero de 2016. Encu\u00e9ntralos por <b data-path-to-node=\"8\" data-index-in-node=\"67\">a\u00f1o<\/b> o utiliza la <b data-path-to-node=\"8\" data-index-in-node=\"83\">herramienta de b\u00fasqueda<\/b> para localizar intenciones de oraci\u00f3n concretas. <\/p>\n<p>[\/et_pb_text][\/et_pb_column][et_pb_column type=\"2_5&#8243; _builder_version=\"4.27.4&#8243; _module_preset=\"default\" global_colors_info=\"{}\"][\/et_pb_column][\/et_pb_row][et_pb_row _builder_version=\"4.27.6&#8243; _module_preset=\"ddbed135-e034-4aab-8f52-69def1d8301e\" animation_style=\"fade\" scroll_fade=\"0|50|50|100|0|100|25%\" global_colors_info=\"{}\"][et_pb_column type=\"4_4&#8243; _builder_version=\"4.27.4&#8243; _module_preset=\"default\" global_colors_info=\"{}\"][et_pb_code _builder_version=\"4.27.6&#8243; _module_preset=\"default\" global_colors_info=\"{}\"]<div class=\"tpv-filters-container\"><div class=\"tpv-filter-group search-group\"><input type=\"text\" id=\"tpv-search\" placeholder=\"Buscar en todo el archivo...\" autocomplete=\"off\"><\/div><\/div><div class=\"tpv-year-section\" id=\"section-2025\"><h2 class=\"year-title\">2025<\/h2><div class=\"fila-stream\"><div class=\"video-item year-2025\" data-year=\"2025\" data-post-id=\"96161\"><a href=\"https:\/\/www.youtube.com\/watch?v=ZE4WJ21kPFo\" class=\"tpv-lightbox-trigger\" data-video-id=\"\"><img decoding=\"async\" src=\"https:\/\/img.youtube.com\/vi\/ZE4WJ21kPFo\/hqdefault.jpg\" class=\"stream-thumb\" loading=\"lazy\" alt=\"ENERO, 2025 - POR EL DERECHO A LA EDUCACI\u00d3N | El Video del Papa\"><div class=\"stream-overlay\"><\/div><\/a><h3 class=\"video-title\">ENERO, 2025 - POR EL DERECHO A LA EDUCACI\u00d3N | El Video del Papa<\/h3><\/div><div class=\"video-item year-2025\" data-year=\"2025\" data-post-id=\"96156\"><a href=\"https:\/\/www.youtube.com\/watch?v=QMMxTKP7vKk\" class=\"tpv-lightbox-trigger\" data-video-id=\"\"><img decoding=\"async\" src=\"https:\/\/img.youtube.com\/vi\/QMMxTKP7vKk\/hqdefault.jpg\" class=\"stream-thumb\" loading=\"lazy\" alt=\"FEBRERO, 2025 - POR LAS VOCACIONES AL SACERDOCIO Y LA VIDA RELIGIOSA | El Video del Papa\"><div class=\"stream-overlay\"><\/div><\/a><h3 class=\"video-title\">FEBRERO, 2025 - POR LAS VOCACIONES AL SACERDOCIO Y LA VIDA RELIGIOSA | El Video del Papa<\/h3><\/div><div class=\"video-item year-2025\" data-year=\"2025\" data-post-id=\"96151\"><a href=\"https:\/\/www.youtube.com\/watch?v=B0C8f4Wg3D8\" class=\"tpv-lightbox-trigger\" data-video-id=\"\"><img decoding=\"async\" src=\"https:\/\/img.youtube.com\/vi\/B0C8f4Wg3D8\/hqdefault.jpg\" class=\"stream-thumb\" loading=\"lazy\" alt=\"POR LAS FAMILIAS EN CRISIS - EL VIDEO DEL PAPA - MARZO 2025\"><div class=\"stream-overlay\"><\/div><\/a><h3 class=\"video-title\">POR LAS FAMILIAS EN CRISIS - EL VIDEO DEL PAPA - MARZO 2025<\/h3><\/div><div class=\"video-item year-2025\" data-year=\"2025\" data-post-id=\"96146\"><a href=\"https:\/\/www.youtube.com\/watch?v=4WYRgUmmbkI\" class=\"tpv-lightbox-trigger\" data-video-id=\"\"><img decoding=\"async\" src=\"https:\/\/img.youtube.com\/vi\/4WYRgUmmbkI\/hqdefault.jpg\" class=\"stream-thumb\" loading=\"lazy\" alt=\"POR EL USO DE LAS NUEVAS TECNOLOG\u00cdAS - EL VIDEO DEL PAPA - ABRIL 2025\"><div class=\"stream-overlay\"><\/div><\/a><h3 class=\"video-title\">POR EL USO DE LAS NUEVAS TECNOLOG\u00cdAS - EL VIDEO DEL PAPA - ABRIL 2025<\/h3><\/div><div class=\"video-item year-2025\" data-year=\"2025\" data-post-id=\"96141\"><a href=\"https:\/\/www.youtube.com\/watch?v=t58SNJxvWh4\" class=\"tpv-lightbox-trigger\" data-video-id=\"\"><img decoding=\"async\" src=\"https:\/\/img.youtube.com\/vi\/t58SNJxvWh4\/hqdefault.jpg\" class=\"stream-thumb\" loading=\"lazy\" alt=\"Gracias, Francisco\"><div class=\"stream-overlay\"><\/div><\/a><h3 class=\"video-title\">Gracias, Francisco<\/h3><\/div><div class=\"video-item year-2025\" data-year=\"2025\" data-post-id=\"96136\"><a href=\"https:\/\/www.youtube.com\/watch?v=JFqMYUS_MuU\" class=\"tpv-lightbox-trigger\" data-video-id=\"\"><img decoding=\"async\" src=\"https:\/\/img.youtube.com\/vi\/JFqMYUS_MuU\/hqdefault.jpg\" class=\"stream-thumb\" loading=\"lazy\" alt=\"POR LAS CONDICIONES DE TRABAJO - El Video del Papa - Mayo 2025\"><div class=\"stream-overlay\"><\/div><\/a><h3 class=\"video-title\">POR LAS CONDICIONES DE TRABAJO - El Video del Papa - Mayo 2025<\/h3><\/div><div class=\"video-item year-2025\" data-year=\"2025\" data-post-id=\"96131\"><a href=\"https:\/\/www.youtube.com\/watch?v=N_ZKlGWlPVQ\" class=\"tpv-lightbox-trigger\" data-video-id=\"\"><img decoding=\"async\" src=\"https:\/\/img.youtube.com\/vi\/N_ZKlGWlPVQ\/hqdefault.jpg\" class=\"stream-thumb\" loading=\"lazy\" alt=\"Para crecer en la compasi\u00f3n por el mundo - El Video del Papa - Junio 2025\"><div class=\"stream-overlay\"><\/div><\/a><h3 class=\"video-title\">Para crecer en la compasi\u00f3n por el mundo - El Video del Papa - Junio 2025<\/h3><\/div><div class=\"video-item year-2025\" data-year=\"2025\" data-post-id=\"96126\"><a href=\"https:\/\/www.youtube.com\/watch?v=f_-aFNLj3Pg\" class=\"tpv-lightbox-trigger\" data-video-id=\"\"><img decoding=\"async\" src=\"https:\/\/img.youtube.com\/vi\/f_-aFNLj3Pg\/hqdefault.jpg\" class=\"stream-thumb\" loading=\"lazy\" alt=\"Por la formaci\u00f3n en el discernimiento - El Video del Papa - Julio 2025\"><div class=\"stream-overlay\"><\/div><\/a><h3 class=\"video-title\">Por la formaci\u00f3n en el discernimiento - El Video del Papa - Julio 2025<\/h3><\/div><div class=\"video-item year-2025\" data-year=\"2025\" data-post-id=\"96121\"><a href=\"https:\/\/www.youtube.com\/watch?v=1rUFruFoU1c\" class=\"tpv-lightbox-trigger\" data-video-id=\"\"><img decoding=\"async\" src=\"https:\/\/img.youtube.com\/vi\/1rUFruFoU1c\/hqdefault.jpg\" class=\"stream-thumb\" loading=\"lazy\" alt=\"Por la convivencia com\u00fan - El Video del Papa - Agosto 2025\"><div class=\"stream-overlay\"><\/div><\/a><h3 class=\"video-title\">Por la convivencia com\u00fan - El Video del Papa - Agosto 2025<\/h3><\/div><div class=\"video-item year-2025\" data-year=\"2025\" data-post-id=\"96116\"><a href=\"https:\/\/www.youtube.com\/watch?v=VKVAuFcagrc\" class=\"tpv-lightbox-trigger\" data-video-id=\"\"><img decoding=\"async\" src=\"https:\/\/img.youtube.com\/vi\/VKVAuFcagrc\/hqdefault.jpg\" class=\"stream-thumb\" loading=\"lazy\" alt=\"Por nuestra relaci\u00f3n con toda la creaci\u00f3n - El Video del Papa - Septiembre 2025\"><div class=\"stream-overlay\"><\/div><\/a><h3 class=\"video-title\">Por nuestra relaci\u00f3n con toda la creaci\u00f3n - El Video del Papa - Septiembre 2025<\/h3><\/div><div class=\"video-item year-2025\" data-year=\"2025\" data-post-id=\"96111\"><a href=\"https:\/\/www.youtube.com\/watch?v=4wGrEY3kOoc\" class=\"tpv-lightbox-trigger\" data-video-id=\"\"><img decoding=\"async\" src=\"https:\/\/img.youtube.com\/vi\/4wGrEY3kOoc\/hqdefault.jpg\" class=\"stream-thumb\" loading=\"lazy\" alt=\"Por la colaboraci\u00f3n entre las distintas tradiciones religiosas - El Video del Papa - Octubre 2025\"><div class=\"stream-overlay\"><\/div><\/a><h3 class=\"video-title\">Por la colaboraci\u00f3n entre las distintas tradiciones religiosas - El Video del Papa - Octubre 2025<\/h3><\/div><div class=\"video-item year-2025\" data-year=\"2025\" data-post-id=\"96106\"><a href=\"https:\/\/www.youtube.com\/watch?v=n5GjRN4GLG8\" class=\"tpv-lightbox-trigger\" data-video-id=\"\"><img decoding=\"async\" src=\"https:\/\/img.youtube.com\/vi\/n5GjRN4GLG8\/hqdefault.jpg\" class=\"stream-thumb\" loading=\"lazy\" alt=\"Por la prevenci\u00f3n del suicidio - El Video del Papa - Noviembre 2025\"><div class=\"stream-overlay\"><\/div><\/a><h3 class=\"video-title\">Por la prevenci\u00f3n del suicidio - El Video del Papa - Noviembre 2025<\/h3><\/div><div class=\"video-item year-2025\" data-year=\"2025\" data-post-id=\"96101\"><a href=\"https:\/\/www.youtube.com\/watch?v=vWdGwQ0V1Zk\" class=\"tpv-lightbox-trigger\" data-video-id=\"\"><img decoding=\"async\" src=\"https:\/\/img.youtube.com\/vi\/vWdGwQ0V1Zk\/hqdefault.jpg\" class=\"stream-thumb\" loading=\"lazy\" alt=\"Por los cristianos en contextos de guerra o conflicto - El Video del Papa - Diciembre 2025\"><div class=\"stream-overlay\"><\/div><\/a><h3 class=\"video-title\">Por los cristianos en contextos de guerra o conflicto - El Video del Papa - Diciembre 2025<\/h3><\/div><\/div><\/div><div class=\"tpv-year-section\" id=\"section-2024\"><h2 class=\"year-title\">2024<\/h2><div class=\"fila-stream\"><div class=\"video-item year-2024\" data-year=\"2024\" data-post-id=\"96220\"><a href=\"https:\/\/www.youtube.com\/watch?v=PqCdKI2JKzk\" class=\"tpv-lightbox-trigger\" data-video-id=\"\"><img decoding=\"async\" src=\"https:\/\/img.youtube.com\/vi\/PqCdKI2JKzk\/hqdefault.jpg\" class=\"stream-thumb\" loading=\"lazy\" alt=\"Por el don de la diversidad en la Iglesia \u2013 El Video del Papa 1 \u2013 Enero 2024\"><div class=\"stream-overlay\"><\/div><\/a><h3 class=\"video-title\">Por el don de la diversidad en la Iglesia \u2013 El Video del Papa 1 \u2013 Enero 2024<\/h3><\/div><div class=\"video-item year-2024\" data-year=\"2024\" data-post-id=\"96215\"><a href=\"https:\/\/www.youtube.com\/watch?v=Z0m82Ldwa7o\" class=\"tpv-lightbox-trigger\" data-video-id=\"\"><img decoding=\"async\" src=\"https:\/\/img.youtube.com\/vi\/Z0m82Ldwa7o\/hqdefault.jpg\" class=\"stream-thumb\" loading=\"lazy\" alt=\"Por los enfermos terminales \u2013 El Video del Papa 2 \u2013 Febrero 2024\"><div class=\"stream-overlay\"><\/div><\/a><h3 class=\"video-title\">Por los enfermos terminales \u2013 El Video del Papa 2 \u2013 Febrero 2024<\/h3><\/div><div class=\"video-item year-2024\" data-year=\"2024\" data-post-id=\"96210\"><a href=\"https:\/\/www.youtube.com\/watch?v=wxgynDy8tYA\" class=\"tpv-lightbox-trigger\" data-video-id=\"\"><img decoding=\"async\" src=\"https:\/\/img.youtube.com\/vi\/wxgynDy8tYA\/hqdefault.jpg\" class=\"stream-thumb\" loading=\"lazy\" alt=\"Por los nuevos m\u00e1rtires, testigos de Cristo \u2013 El Video del Papa 3 \u2013 Marzo 2024\"><div class=\"stream-overlay\"><\/div><\/a><h3 class=\"video-title\">Por los nuevos m\u00e1rtires, testigos de Cristo \u2013 El Video del Papa 3 \u2013 Marzo 2024<\/h3><\/div><div class=\"video-item year-2024\" data-year=\"2024\" data-post-id=\"96205\"><a href=\"https:\/\/www.youtube.com\/watch?v=MHE5EFqz-3A\" class=\"tpv-lightbox-trigger\" data-video-id=\"\"><img decoding=\"async\" src=\"https:\/\/img.youtube.com\/vi\/MHE5EFqz-3A\/hqdefault.jpg\" class=\"stream-thumb\" loading=\"lazy\" alt=\"Por el papel de las mujeres \u2013 El Video del Papa 4 \u2013 Abril 2024\"><div class=\"stream-overlay\"><\/div><\/a><h3 class=\"video-title\">Por el papel de las mujeres \u2013 El Video del Papa 4 \u2013 Abril 2024<\/h3><\/div><div class=\"video-item year-2024\" data-year=\"2024\" data-post-id=\"96200\"><a href=\"https:\/\/www.youtube.com\/watch?v=o20cp4CJBq0\" class=\"tpv-lightbox-trigger\" data-video-id=\"\"><img decoding=\"async\" src=\"https:\/\/img.youtube.com\/vi\/o20cp4CJBq0\/hqdefault.jpg\" class=\"stream-thumb\" loading=\"lazy\" alt=\"Por la formaci\u00f3n de religiosas, religiosos y seminaristas \u2013 El Video del Papa 5 \u2013 Mayo 2024\"><div class=\"stream-overlay\"><\/div><\/a><h3 class=\"video-title\">Por la formaci\u00f3n de religiosas, religiosos y seminaristas \u2013 El Video del Papa 5 \u2013 Mayo 2024<\/h3><\/div><div class=\"video-item year-2024\" data-year=\"2024\" data-post-id=\"96195\"><a href=\"https:\/\/www.youtube.com\/watch?v=rWaLNtjnovM\" class=\"tpv-lightbox-trigger\" data-video-id=\"\"><img decoding=\"async\" src=\"https:\/\/img.youtube.com\/vi\/rWaLNtjnovM\/hqdefault.jpg\" class=\"stream-thumb\" loading=\"lazy\" alt=\"Por los que huyen de su pa\u00eds \u2013 El Video del Papa 6 \u2013 Junio 2024\"><div class=\"stream-overlay\"><\/div><\/a><h3 class=\"video-title\">Por los que huyen de su pa\u00eds \u2013 El Video del Papa 6 \u2013 Junio 2024<\/h3><\/div><div class=\"video-item year-2024\" data-year=\"2024\" data-post-id=\"96190\"><a href=\"https:\/\/www.youtube.com\/watch?v=rIkJFbJf_bQ\" class=\"tpv-lightbox-trigger\" data-video-id=\"\"><img decoding=\"async\" src=\"https:\/\/img.youtube.com\/vi\/rIkJFbJf_bQ\/hqdefault.jpg\" class=\"stream-thumb\" loading=\"lazy\" alt=\"Por el cuidado pastoral de los enfermos \u2013 El Video del Papa 7 \u2013 Julio 2024\"><div class=\"stream-overlay\"><\/div><\/a><h3 class=\"video-title\">Por el cuidado pastoral de los enfermos \u2013 El Video del Papa 7 \u2013 Julio 2024<\/h3><\/div><div class=\"video-item year-2024\" data-year=\"2024\" data-post-id=\"96186\"><a href=\"https:\/\/www.youtube.com\/watch?v=_0hTY_0Ac_s\" class=\"tpv-lightbox-trigger\" data-video-id=\"\"><img decoding=\"async\" src=\"https:\/\/img.youtube.com\/vi\/_0hTY_0Ac_s\/hqdefault.jpg\" class=\"stream-thumb\" loading=\"lazy\" alt=\"Por los l\u00edderes pol\u00edticos \u2013 El Video del Papa 8 \u2013 Agosto 2024\"><div class=\"stream-overlay\"><\/div><\/a><h3 class=\"video-title\">Por los l\u00edderes pol\u00edticos \u2013 El Video del Papa 8 \u2013 Agosto 2024<\/h3><\/div><div class=\"video-item year-2024\" data-year=\"2024\" data-post-id=\"96181\"><a href=\"https:\/\/www.youtube.com\/watch?v=SmDaoGSbjTY\" class=\"tpv-lightbox-trigger\" data-video-id=\"\"><img decoding=\"async\" src=\"https:\/\/img.youtube.com\/vi\/SmDaoGSbjTY\/hqdefault.jpg\" class=\"stream-thumb\" loading=\"lazy\" alt=\"Por el clamor de la Tierra \u2013 El Video del Papa 9 \u2013 Septiembre 2024\"><div class=\"stream-overlay\"><\/div><\/a><h3 class=\"video-title\">Por el clamor de la Tierra \u2013 El Video del Papa 9 \u2013 Septiembre 2024<\/h3><\/div><div class=\"video-item year-2024\" data-year=\"2024\" data-post-id=\"96176\"><a href=\"https:\/\/www.youtube.com\/watch?v=OcG9q_lcsQc\" class=\"tpv-lightbox-trigger\" data-video-id=\"\"><img decoding=\"async\" src=\"https:\/\/img.youtube.com\/vi\/OcG9q_lcsQc\/hqdefault.jpg\" class=\"stream-thumb\" loading=\"lazy\" alt=\"Por una misi\u00f3n compartida \u2013 El Video del Papa 10 \u2013 Octubre 2024\"><div class=\"stream-overlay\"><\/div><\/a><h3 class=\"video-title\">Por una misi\u00f3n compartida \u2013 El Video del Papa 10 \u2013 Octubre 2024<\/h3><\/div><div class=\"video-item year-2024\" data-year=\"2024\" data-post-id=\"96171\"><a href=\"https:\/\/www.youtube.com\/watch?v=NktHdl-nn18\" class=\"tpv-lightbox-trigger\" data-video-id=\"\"><img decoding=\"async\" src=\"https:\/\/img.youtube.com\/vi\/NktHdl-nn18\/hqdefault.jpg\" class=\"stream-thumb\" loading=\"lazy\" alt=\"Por los que han perdido un hijo \u2013 El Video del Papa 11 \u2013 Noviembre 2024\"><div class=\"stream-overlay\"><\/div><\/a><h3 class=\"video-title\">Por los que han perdido un hijo \u2013 El Video del Papa 11 \u2013 Noviembre 2024<\/h3><\/div><div class=\"video-item year-2024\" data-year=\"2024\" data-post-id=\"96166\"><a href=\"https:\/\/www.youtube.com\/watch?v=u4wr-ySLA0E\" class=\"tpv-lightbox-trigger\" data-video-id=\"\"><img decoding=\"async\" src=\"https:\/\/img.youtube.com\/vi\/u4wr-ySLA0E\/hqdefault.jpg\" class=\"stream-thumb\" loading=\"lazy\" alt=\"Por los peregrinos de la esperanza \u2013 El Video del Papa 12 \u2013 Diciembre 2024\"><div class=\"stream-overlay\"><\/div><\/a><h3 class=\"video-title\">Por los peregrinos de la esperanza \u2013 El Video del Papa 12 \u2013 Diciembre 2024<\/h3><\/div><\/div><\/div><div class=\"tpv-year-section\" id=\"section-2023\"><h2 class=\"year-title\">2023<\/h2><div class=\"fila-stream\"><div class=\"video-item year-2023\" data-year=\"2023\" data-post-id=\"96280\"><a href=\"https:\/\/www.youtube.com\/watch?v=aZe2DKb4mTA\" class=\"tpv-lightbox-trigger\" data-video-id=\"\"><img decoding=\"async\" src=\"https:\/\/img.youtube.com\/vi\/aZe2DKb4mTA\/hqdefault.jpg\" class=\"stream-thumb\" loading=\"lazy\" alt=\"Por los educadores \u2013 El Video del Papa 1 \u2013 Enero 2023\"><div class=\"stream-overlay\"><\/div><\/a><h3 class=\"video-title\">Por los educadores \u2013 El Video del Papa 1 \u2013 Enero 2023<\/h3><\/div><div class=\"video-item year-2023\" data-year=\"2023\" data-post-id=\"96275\"><a href=\"https:\/\/www.youtube.com\/watch?v=ltMO7FdFnEQ\" class=\"tpv-lightbox-trigger\" data-video-id=\"\"><img decoding=\"async\" src=\"https:\/\/img.youtube.com\/vi\/ltMO7FdFnEQ\/hqdefault.jpg\" class=\"stream-thumb\" loading=\"lazy\" alt=\"Por las parroquias \u2013 El Video del Papa 2 \u2013 Febrero 2023\"><div class=\"stream-overlay\"><\/div><\/a><h3 class=\"video-title\">Por las parroquias \u2013 El Video del Papa 2 \u2013 Febrero 2023<\/h3><\/div><div class=\"video-item year-2023\" data-year=\"2023\" data-post-id=\"96270\"><a href=\"https:\/\/www.youtube.com\/watch?v=3u9oNOLsnc0\" class=\"tpv-lightbox-trigger\" data-video-id=\"\"><img decoding=\"async\" src=\"https:\/\/img.youtube.com\/vi\/3u9oNOLsnc0\/hqdefault.jpg\" class=\"stream-thumb\" loading=\"lazy\" alt=\"Por las v\u00edctimas de abusos \u2013 El Video del Papa 3 \u2013 Marzo 2023\"><div class=\"stream-overlay\"><\/div><\/a><h3 class=\"video-title\">Por las v\u00edctimas de abusos \u2013 El Video del Papa 3 \u2013 Marzo 2023<\/h3><\/div><div class=\"video-item year-2023\" data-year=\"2023\" data-post-id=\"96265\"><a href=\"https:\/\/www.youtube.com\/watch?v=mrpgaqBtTrs\" class=\"tpv-lightbox-trigger\" data-video-id=\"\"><img decoding=\"async\" src=\"https:\/\/img.youtube.com\/vi\/mrpgaqBtTrs\/hqdefault.jpg\" class=\"stream-thumb\" loading=\"lazy\" alt=\"Por una cultura de la no violencia \u2013 El Video del Papa 4 \u2013 Abril 2023\"><div class=\"stream-overlay\"><\/div><\/a><h3 class=\"video-title\">Por una cultura de la no violencia \u2013 El Video del Papa 4 \u2013 Abril 2023<\/h3><\/div><div class=\"video-item year-2023\" data-year=\"2023\" data-post-id=\"96260\"><a href=\"https:\/\/www.youtube.com\/watch?v=vk9qiRNurvo\" class=\"tpv-lightbox-trigger\" data-video-id=\"\"><img decoding=\"async\" src=\"https:\/\/img.youtube.com\/vi\/vk9qiRNurvo\/hqdefault.jpg\" class=\"stream-thumb\" loading=\"lazy\" alt=\"Por los movimientos y grupos eclesiales \u2013 El Video del Papa 5 \u2013 Mayo 2023\"><div class=\"stream-overlay\"><\/div><\/a><h3 class=\"video-title\">Por los movimientos y grupos eclesiales \u2013 El Video del Papa 5 \u2013 Mayo 2023<\/h3><\/div><div class=\"video-item year-2023\" data-year=\"2023\" data-post-id=\"96255\"><a href=\"https:\/\/www.youtube.com\/watch?v=UdoVu4NlLjk\" class=\"tpv-lightbox-trigger\" data-video-id=\"\"><img decoding=\"async\" src=\"https:\/\/img.youtube.com\/vi\/UdoVu4NlLjk\/hqdefault.jpg\" class=\"stream-thumb\" loading=\"lazy\" alt=\"Por la abolici\u00f3n de la tortura \u2013 El Video del Papa 6 \u2013 Junio 2023\"><div class=\"stream-overlay\"><\/div><\/a><h3 class=\"video-title\">Por la abolici\u00f3n de la tortura \u2013 El Video del Papa 6 \u2013 Junio 2023<\/h3><\/div><div class=\"video-item year-2023\" data-year=\"2023\" data-post-id=\"96250\"><a href=\"https:\/\/www.youtube.com\/watch?v=zeYF-4ebTzM\" class=\"tpv-lightbox-trigger\" data-video-id=\"\"><img decoding=\"async\" src=\"https:\/\/img.youtube.com\/vi\/zeYF-4ebTzM\/hqdefault.jpg\" class=\"stream-thumb\" loading=\"lazy\" alt=\"Por una vida eucar\u00edstica \u2013 El Video del Papa 7 \u2013 Julio 2023\"><div class=\"stream-overlay\"><\/div><\/a><h3 class=\"video-title\">Por una vida eucar\u00edstica \u2013 El Video del Papa 7 \u2013 Julio 2023<\/h3><\/div><div class=\"video-item year-2023\" data-year=\"2023\" data-post-id=\"96245\"><a href=\"https:\/\/www.youtube.com\/watch?v=EWn8WNyfMpg\" class=\"tpv-lightbox-trigger\" data-video-id=\"\"><img decoding=\"async\" src=\"https:\/\/img.youtube.com\/vi\/EWn8WNyfMpg\/hqdefault.jpg\" class=\"stream-thumb\" loading=\"lazy\" alt=\"Por la Jornada Mundial de la Juventud \u2013 El Video del Papa 8 \u2013 Agosto 2023\"><div class=\"stream-overlay\"><\/div><\/a><h3 class=\"video-title\">Por la Jornada Mundial de la Juventud \u2013 El Video del Papa 8 \u2013 Agosto 2023<\/h3><\/div><div class=\"video-item year-2023\" data-year=\"2023\" data-post-id=\"96240\"><a href=\"https:\/\/www.youtube.com\/watch?v=z0WbETiQLuA\" class=\"tpv-lightbox-trigger\" data-video-id=\"\"><img decoding=\"async\" src=\"https:\/\/img.youtube.com\/vi\/z0WbETiQLuA\/hqdefault.jpg\" class=\"stream-thumb\" loading=\"lazy\" alt=\"Por las personas que viven al margen \u2013 El Video del Papa 9 \u2013 Septiembre 2023\"><div class=\"stream-overlay\"><\/div><\/a><h3 class=\"video-title\">Por las personas que viven al margen \u2013 El Video del Papa 9 \u2013 Septiembre 2023<\/h3><\/div><div class=\"video-item year-2023\" data-year=\"2023\" data-post-id=\"96235\"><a href=\"https:\/\/www.youtube.com\/watch?v=iThVZxIEBy0\" class=\"tpv-lightbox-trigger\" data-video-id=\"\"><img decoding=\"async\" src=\"https:\/\/img.youtube.com\/vi\/iThVZxIEBy0\/hqdefault.jpg\" class=\"stream-thumb\" loading=\"lazy\" alt=\"Por el S\u00ednodo \u2013 El Video del Papa 10 \u2013 Octubre 2023\"><div class=\"stream-overlay\"><\/div><\/a><h3 class=\"video-title\">Por el S\u00ednodo \u2013 El Video del Papa 10 \u2013 Octubre 2023<\/h3><\/div><div class=\"video-item year-2023\" data-year=\"2023\" data-post-id=\"96230\"><a href=\"https:\/\/www.youtube.com\/watch?v=eNWZwspI9a0\" class=\"tpv-lightbox-trigger\" data-video-id=\"\"><img decoding=\"async\" src=\"https:\/\/img.youtube.com\/vi\/eNWZwspI9a0\/hqdefault.jpg\" class=\"stream-thumb\" loading=\"lazy\" alt=\"Por el Papa \u2013 El Video del Papa 11 \u2013 Noviembre 2023\"><div class=\"stream-overlay\"><\/div><\/a><h3 class=\"video-title\">Por el Papa \u2013 El Video del Papa 11 \u2013 Noviembre 2023<\/h3><\/div><div class=\"video-item year-2023\" data-year=\"2023\" data-post-id=\"96225\"><a href=\"https:\/\/www.youtube.com\/watch?v=ar0rkqiENNs\" class=\"tpv-lightbox-trigger\" data-video-id=\"\"><img decoding=\"async\" src=\"https:\/\/img.youtube.com\/vi\/ar0rkqiENNs\/hqdefault.jpg\" class=\"stream-thumb\" loading=\"lazy\" alt=\"Por las personas con discapacidad \u2013 El Video del Papa 12 \u2013 Diciembre 2023\"><div class=\"stream-overlay\"><\/div><\/a><h3 class=\"video-title\">Por las personas con discapacidad \u2013 El Video del Papa 12 \u2013 Diciembre 2023<\/h3><\/div><\/div><\/div><div class=\"tpv-year-section\" id=\"section-2022\"><h2 class=\"year-title\">2022<\/h2><div class=\"fila-stream\"><div class=\"video-item year-2022\" data-year=\"2022\" data-post-id=\"96340\"><a href=\"https:\/\/www.youtube.com\/watch?v=Zvza1vP1iyU\" class=\"tpv-lightbox-trigger\" data-video-id=\"\"><img decoding=\"async\" src=\"https:\/\/img.youtube.com\/vi\/Zvza1vP1iyU\/hqdefault.jpg\" class=\"stream-thumb\" loading=\"lazy\" alt=\"Discriminaci\u00f3n y persecuci\u00f3n religiosa \u2013 El Video del Papa 01 \u2013 Enero 2022\"><div class=\"stream-overlay\"><\/div><\/a><h3 class=\"video-title\">Discriminaci\u00f3n y persecuci\u00f3n religiosa \u2013 El Video del Papa 01 \u2013 Enero 2022<\/h3><\/div><div class=\"video-item year-2022\" data-year=\"2022\" data-post-id=\"96335\"><a href=\"https:\/\/www.youtube.com\/watch?v=1O58LHyqWXk\" class=\"tpv-lightbox-trigger\" data-video-id=\"\"><img decoding=\"async\" src=\"https:\/\/img.youtube.com\/vi\/1O58LHyqWXk\/hqdefault.jpg\" class=\"stream-thumb\" loading=\"lazy\" alt=\"Por las religiosas y consagradas \u2013 El Video del Papa 02 \u2013 Febrero 2022\"><div class=\"stream-overlay\"><\/div><\/a><h3 class=\"video-title\">Por las religiosas y consagradas \u2013 El Video del Papa 02 \u2013 Febrero 2022<\/h3><\/div><div class=\"video-item year-2022\" data-year=\"2022\" data-post-id=\"96330\"><a href=\"https:\/\/www.youtube.com\/watch?v=kjufGLoBSoE\" class=\"tpv-lightbox-trigger\" data-video-id=\"\"><img decoding=\"async\" src=\"https:\/\/img.youtube.com\/vi\/kjufGLoBSoE\/hqdefault.jpg\" class=\"stream-thumb\" loading=\"lazy\" alt=\"Por una respuesta cristiana a los retos de la bio\u00e9tica \u2013 El Video del Papa 03 \u2013 Marzo 2022\"><div class=\"stream-overlay\"><\/div><\/a><h3 class=\"video-title\">Por una respuesta cristiana a los retos de la bio\u00e9tica \u2013 El Video del Papa 03 \u2013 Marzo 2022<\/h3><\/div><div class=\"video-item year-2022\" data-year=\"2022\" data-post-id=\"96325\"><a href=\"https:\/\/www.youtube.com\/watch?v=qN2h7fuFLR0\" class=\"tpv-lightbox-trigger\" data-video-id=\"\"><img decoding=\"async\" src=\"https:\/\/img.youtube.com\/vi\/qN2h7fuFLR0\/hqdefault.jpg\" class=\"stream-thumb\" loading=\"lazy\" alt=\"Por el personal sanitario \u2013 El Video del Papa 04 \u2013 Abril 2022\"><div class=\"stream-overlay\"><\/div><\/a><h3 class=\"video-title\">Por el personal sanitario \u2013 El Video del Papa 04 \u2013 Abril 2022<\/h3><\/div><div class=\"video-item year-2022\" data-year=\"2022\" data-post-id=\"96320\"><a href=\"https:\/\/www.youtube.com\/watch?v=mLu5o36kjSA\" class=\"tpv-lightbox-trigger\" data-video-id=\"\"><img decoding=\"async\" src=\"https:\/\/img.youtube.com\/vi\/mLu5o36kjSA\/hqdefault.jpg\" class=\"stream-thumb\" loading=\"lazy\" alt=\"Por la fe de los j\u00f3venes \u2013 El Video del Papa 05 \u2013 Mayo 2022\"><div class=\"stream-overlay\"><\/div><\/a><h3 class=\"video-title\">Por la fe de los j\u00f3venes \u2013 El Video del Papa 05 \u2013 Mayo 2022<\/h3><\/div><div class=\"video-item year-2022\" data-year=\"2022\" data-post-id=\"96315\"><a href=\"https:\/\/www.youtube.com\/watch?v=ljOIWeP9vXk\" class=\"tpv-lightbox-trigger\" data-video-id=\"\"><img decoding=\"async\" src=\"https:\/\/img.youtube.com\/vi\/ljOIWeP9vXk\/hqdefault.jpg\" class=\"stream-thumb\" loading=\"lazy\" alt=\"Por las familias \u2013 El Video del Papa 06 \u2013 Junio 2022\"><div class=\"stream-overlay\"><\/div><\/a><h3 class=\"video-title\">Por las familias \u2013 El Video del Papa 06 \u2013 Junio 2022<\/h3><\/div><div class=\"video-item year-2022\" data-year=\"2022\" data-post-id=\"96310\"><a href=\"https:\/\/www.youtube.com\/watch?v=DVAH6iqW4RM\" class=\"tpv-lightbox-trigger\" data-video-id=\"\"><img decoding=\"async\" src=\"https:\/\/img.youtube.com\/vi\/DVAH6iqW4RM\/hqdefault.jpg\" class=\"stream-thumb\" loading=\"lazy\" alt=\"Por los ancianos \u2013 El Video del Papa 07 \u2013 Julio 2022\"><div class=\"stream-overlay\"><\/div><\/a><h3 class=\"video-title\">Por los ancianos \u2013 El Video del Papa 07 \u2013 Julio 2022<\/h3><\/div><div class=\"video-item year-2022\" data-year=\"2022\" data-post-id=\"96305\"><a href=\"https:\/\/www.youtube.com\/watch?v=FqtvRPToHMs\" class=\"tpv-lightbox-trigger\" data-video-id=\"\"><img decoding=\"async\" src=\"https:\/\/img.youtube.com\/vi\/FqtvRPToHMs\/hqdefault.jpg\" class=\"stream-thumb\" loading=\"lazy\" alt=\"Por los peque\u00f1os y medianos empresarios \u2013 El Video del Papa 08 \u2013 Agosto 2022\"><div class=\"stream-overlay\"><\/div><\/a><h3 class=\"video-title\">Por los peque\u00f1os y medianos empresarios \u2013 El Video del Papa 08 \u2013 Agosto 2022<\/h3><\/div><div class=\"video-item year-2022\" data-year=\"2022\" data-post-id=\"96300\"><a href=\"https:\/\/www.youtube.com\/watch?v=YwwADTkQmEk\" class=\"tpv-lightbox-trigger\" data-video-id=\"\"><img decoding=\"async\" src=\"https:\/\/img.youtube.com\/vi\/YwwADTkQmEk\/hqdefault.jpg\" class=\"stream-thumb\" loading=\"lazy\" alt=\"Por la abolici\u00f3n de la pena de muerte \u2013 El Video del Papa 09 \u2013 Septiembre 2022\"><div class=\"stream-overlay\"><\/div><\/a><h3 class=\"video-title\">Por la abolici\u00f3n de la pena de muerte \u2013 El Video del Papa 09 \u2013 Septiembre 2022<\/h3><\/div><div class=\"video-item year-2022\" data-year=\"2022\" data-post-id=\"96295\"><a href=\"https:\/\/www.youtube.com\/watch?v=kuVGch0WZJ8\" class=\"tpv-lightbox-trigger\" data-video-id=\"\"><img decoding=\"async\" src=\"https:\/\/img.youtube.com\/vi\/kuVGch0WZJ8\/hqdefault.jpg\" class=\"stream-thumb\" loading=\"lazy\" alt=\"Por una Iglesia abierta a todos \u2013 El Video del Papa 10 \u2013 Octubre 2022\"><div class=\"stream-overlay\"><\/div><\/a><h3 class=\"video-title\">Por una Iglesia abierta a todos \u2013 El Video del Papa 10 \u2013 Octubre 2022<\/h3><\/div><div class=\"video-item year-2022\" data-year=\"2022\" data-post-id=\"96290\"><a href=\"https:\/\/www.youtube.com\/watch?v=vpGG32HEJ4s\" class=\"tpv-lightbox-trigger\" data-video-id=\"\"><img decoding=\"async\" src=\"https:\/\/img.youtube.com\/vi\/vpGG32HEJ4s\/hqdefault.jpg\" class=\"stream-thumb\" loading=\"lazy\" alt=\"Por los ni\u00f1os y ni\u00f1as que sufren \u2013 El Video del Papa 11 \u2013 Noviembre 2022\"><div class=\"stream-overlay\"><\/div><\/a><h3 class=\"video-title\">Por los ni\u00f1os y ni\u00f1as que sufren \u2013 El Video del Papa 11 \u2013 Noviembre 2022<\/h3><\/div><div class=\"video-item year-2022\" data-year=\"2022\" data-post-id=\"96285\"><a href=\"https:\/\/www.youtube.com\/watch?v=zfp8-H8zZpE\" class=\"tpv-lightbox-trigger\" data-video-id=\"\"><img decoding=\"async\" src=\"https:\/\/img.youtube.com\/vi\/zfp8-H8zZpE\/hqdefault.jpg\" class=\"stream-thumb\" loading=\"lazy\" alt=\"Por las organizaciones de voluntariado \u2013 El Video del Papa 12 \u2013 Diciembre 2022\"><div class=\"stream-overlay\"><\/div><\/a><h3 class=\"video-title\">Por las organizaciones de voluntariado \u2013 El Video del Papa 12 \u2013 Diciembre 2022<\/h3><\/div><\/div><\/div><div class=\"tpv-year-section\" id=\"section-2021\"><h2 class=\"year-title\">2021<\/h2><div class=\"fila-stream\"><div class=\"video-item year-2021\" data-year=\"2021\" data-post-id=\"96399\"><a href=\"https:\/\/www.youtube.com\/watch?v=0nBFpmS6KEI\" class=\"tpv-lightbox-trigger\" data-video-id=\"\"><img decoding=\"async\" src=\"https:\/\/img.youtube.com\/vi\/0nBFpmS6KEI\/hqdefault.jpg\" class=\"stream-thumb\" loading=\"lazy\" alt=\"Al servicio de la fraternidad \u2013 El Video del Papa 1 \u2013 Enero 2021\"><div class=\"stream-overlay\"><\/div><\/a><h3 class=\"video-title\">Al servicio de la fraternidad \u2013 El Video del Papa 1 \u2013 Enero 2021<\/h3><\/div><div class=\"video-item year-2021\" data-year=\"2021\" data-post-id=\"96394\"><a href=\"https:\/\/www.youtube.com\/watch?v=kHasECpKuxM\" class=\"tpv-lightbox-trigger\" data-video-id=\"\"><img decoding=\"async\" src=\"https:\/\/img.youtube.com\/vi\/kHasECpKuxM\/hqdefault.jpg\" class=\"stream-thumb\" loading=\"lazy\" alt=\"Por las mujeres que son v\u00edctimas de la violencia - El Video del Papa 2 \u2013 Febrero 2021\"><div class=\"stream-overlay\"><\/div><\/a><h3 class=\"video-title\">Por las mujeres que son v\u00edctimas de la violencia - El Video del Papa 2 \u2013 Febrero 2021<\/h3><\/div><div class=\"video-item year-2021\" data-year=\"2021\" data-post-id=\"96389\"><a href=\"https:\/\/www.youtube.com\/watch?v=A8hZ5QKpEFg\" class=\"tpv-lightbox-trigger\" data-video-id=\"\"><img decoding=\"async\" src=\"https:\/\/img.youtube.com\/vi\/A8hZ5QKpEFg\/hqdefault.jpg\" class=\"stream-thumb\" loading=\"lazy\" alt=\"Sacramento de la reconciliaci\u00f3n \u2013 El Video del Papa 3 \u2013 Marzo 2021\"><div class=\"stream-overlay\"><\/div><\/a><h3 class=\"video-title\">Sacramento de la reconciliaci\u00f3n \u2013 El Video del Papa 3 \u2013 Marzo 2021<\/h3><\/div><div class=\"video-item year-2021\" data-year=\"2021\" data-post-id=\"96384\"><a href=\"https:\/\/www.youtube.com\/watch?v=Jw_YHzg3BfI\" class=\"tpv-lightbox-trigger\" data-video-id=\"\"><img decoding=\"async\" src=\"https:\/\/img.youtube.com\/vi\/Jw_YHzg3BfI\/hqdefault.jpg\" class=\"stream-thumb\" loading=\"lazy\" alt=\"Derechos fundamentales \u2013 El Video del Papa 4 \u2013 Abril 2021\"><div class=\"stream-overlay\"><\/div><\/a><h3 class=\"video-title\">Derechos fundamentales \u2013 El Video del Papa 4 \u2013 Abril 2021<\/h3><\/div><div class=\"video-item year-2021\" data-year=\"2021\" data-post-id=\"96380\"><a href=\"https:\/\/www.youtube.com\/watch?v=0TEopuqJ01U\" class=\"tpv-lightbox-trigger\" data-video-id=\"\"><img decoding=\"async\" src=\"https:\/\/img.youtube.com\/vi\/0TEopuqJ01U\/hqdefault.jpg\" class=\"stream-thumb\" loading=\"lazy\" alt=\"El mundo de las finanzas \u2013 El Video del Papa 5 \u2013 Mayo 2021\"><div class=\"stream-overlay\"><\/div><\/a><h3 class=\"video-title\">El mundo de las finanzas \u2013 El Video del Papa 5 \u2013 Mayo 2021<\/h3><\/div><div class=\"video-item year-2021\" data-year=\"2021\" data-post-id=\"96375\"><a href=\"https:\/\/www.youtube.com\/watch?v=bp8g1tLENuU\" class=\"tpv-lightbox-trigger\" data-video-id=\"\"><img decoding=\"async\" src=\"https:\/\/img.youtube.com\/vi\/bp8g1tLENuU\/hqdefault.jpg\" class=\"stream-thumb\" loading=\"lazy\" alt=\"La belleza del matrimonio \u2013 El Video del Papa 6 \u2013 Junio 2021\"><div class=\"stream-overlay\"><\/div><\/a><h3 class=\"video-title\">La belleza del matrimonio \u2013 El Video del Papa 6 \u2013 Junio 2021<\/h3><\/div><div class=\"video-item year-2021\" data-year=\"2021\" data-post-id=\"96370\"><a href=\"https:\/\/www.youtube.com\/watch?v=s2_Bh9vU7Hw\" class=\"tpv-lightbox-trigger\" data-video-id=\"\"><img decoding=\"async\" src=\"https:\/\/img.youtube.com\/vi\/s2_Bh9vU7Hw\/hqdefault.jpg\" class=\"stream-thumb\" loading=\"lazy\" alt=\"La amistad social \u2013 El Video del Papa 7 \u2013 Julio 2021\"><div class=\"stream-overlay\"><\/div><\/a><h3 class=\"video-title\">La amistad social \u2013 El Video del Papa 7 \u2013 Julio 2021<\/h3><\/div><div class=\"video-item year-2021\" data-year=\"2021\" data-post-id=\"96365\"><a href=\"https:\/\/www.youtube.com\/watch?v=EmZD4Bgf18M\" class=\"tpv-lightbox-trigger\" data-video-id=\"\"><img decoding=\"async\" src=\"https:\/\/img.youtube.com\/vi\/EmZD4Bgf18M\/hqdefault.jpg\" class=\"stream-thumb\" loading=\"lazy\" alt=\"La Iglesia en camino \u2013 El Video del Papa 8 \u2013 Agosto 2021\"><div class=\"stream-overlay\"><\/div><\/a><h3 class=\"video-title\">La Iglesia en camino \u2013 El Video del Papa 8 \u2013 Agosto 2021<\/h3><\/div><div class=\"video-item year-2021\" data-year=\"2021\" data-post-id=\"96360\"><a href=\"https:\/\/www.youtube.com\/watch?v=G8PwqDLqOaE\" class=\"tpv-lightbox-trigger\" data-video-id=\"\"><img decoding=\"async\" src=\"https:\/\/img.youtube.com\/vi\/G8PwqDLqOaE\/hqdefault.jpg\" class=\"stream-thumb\" loading=\"lazy\" alt=\"Un estilo de vida ecosostenible \u2013 El Video del Papa 09 \u2013 Septiembre 2021\"><div class=\"stream-overlay\"><\/div><\/a><h3 class=\"video-title\">Un estilo de vida ecosostenible \u2013 El Video del Papa 09 \u2013 Septiembre 2021<\/h3><\/div><div class=\"video-item year-2021\" data-year=\"2021\" data-post-id=\"96355\"><a href=\"https:\/\/www.youtube.com\/watch?v=ebZU19-JH1Y\" class=\"tpv-lightbox-trigger\" data-video-id=\"\"><img decoding=\"async\" src=\"https:\/\/img.youtube.com\/vi\/ebZU19-JH1Y\/hqdefault.jpg\" class=\"stream-thumb\" loading=\"lazy\" alt=\"Disc\u00edpulos misioneros \u2013 El Video del Papa 10 \u2013 Octubre 2021\"><div class=\"stream-overlay\"><\/div><\/a><h3 class=\"video-title\">Disc\u00edpulos misioneros \u2013 El Video del Papa 10 \u2013 Octubre 2021<\/h3><\/div><div class=\"video-item year-2021\" data-year=\"2021\" data-post-id=\"96350\"><a href=\"https:\/\/www.youtube.com\/watch?v=cM4_f72D9Tc\" class=\"tpv-lightbox-trigger\" data-video-id=\"\"><img decoding=\"async\" src=\"https:\/\/img.youtube.com\/vi\/cM4_f72D9Tc\/hqdefault.jpg\" class=\"stream-thumb\" loading=\"lazy\" alt=\"Las personas que sufren depresi\u00f3n \u2013 El Video del Papa 11 \u2013 Noviembre 2021\"><div class=\"stream-overlay\"><\/div><\/a><h3 class=\"video-title\">Las personas que sufren depresi\u00f3n \u2013 El Video del Papa 11 \u2013 Noviembre 2021<\/h3><\/div><div class=\"video-item year-2021\" data-year=\"2021\" data-post-id=\"96345\"><a href=\"https:\/\/www.youtube.com\/watch?v=Ydhal3njCAc\" class=\"tpv-lightbox-trigger\" data-video-id=\"\"><img decoding=\"async\" src=\"https:\/\/img.youtube.com\/vi\/Ydhal3njCAc\/hqdefault.jpg\" class=\"stream-thumb\" loading=\"lazy\" alt=\"Los catequistas \u2013 El Video del Papa 12 \u2013 Diciembre 2021\"><div class=\"stream-overlay\"><\/div><\/a><h3 class=\"video-title\">Los catequistas \u2013 El Video del Papa 12 \u2013 Diciembre 2021<\/h3><\/div><\/div><\/div><div class=\"tpv-year-section\" id=\"section-2020\"><h2 class=\"year-title\">2020<\/h2><div class=\"fila-stream\"><div class=\"video-item year-2020\" data-year=\"2020\" data-post-id=\"96464\"><a href=\"https:\/\/www.youtube.com\/watch?v=SDS7x8YyIi4\" class=\"tpv-lightbox-trigger\" data-video-id=\"\"><img decoding=\"async\" src=\"https:\/\/img.youtube.com\/vi\/SDS7x8YyIi4\/hqdefault.jpg\" class=\"stream-thumb\" loading=\"lazy\" alt=\"Promoci\u00f3n de la paz en el mundo \u2013 El Video del Papa 1 \u2013 Enero 2020\"><div class=\"stream-overlay\"><\/div><\/a><h3 class=\"video-title\">Promoci\u00f3n de la paz en el mundo \u2013 El Video del Papa 1 \u2013 Enero 2020<\/h3><\/div><div class=\"video-item year-2020\" data-year=\"2020\" data-post-id=\"96459\"><a href=\"https:\/\/www.youtube.com\/watch?v=6wDUwiKvBRY\" class=\"tpv-lightbox-trigger\" data-video-id=\"\"><img decoding=\"async\" src=\"https:\/\/img.youtube.com\/vi\/6wDUwiKvBRY\/hqdefault.jpg\" class=\"stream-thumb\" loading=\"lazy\" alt=\"Escuchar los gritos de los migrantes \u2013 El Video del Papa 2 \u2013 Febrero 2020\"><div class=\"stream-overlay\"><\/div><\/a><h3 class=\"video-title\">Escuchar los gritos de los migrantes \u2013 El Video del Papa 2 \u2013 Febrero 2020<\/h3><\/div><div class=\"video-item year-2020\" data-year=\"2020\" data-post-id=\"96454\"><a href=\"https:\/\/www.youtube.com\/watch?v=9-hPcI_rVyY\" class=\"tpv-lightbox-trigger\" data-video-id=\"\"><img decoding=\"async\" src=\"https:\/\/img.youtube.com\/vi\/9-hPcI_rVyY\/hqdefault.jpg\" class=\"stream-thumb\" loading=\"lazy\" alt=\"Los cat\u00f3licos en China \u2013 El Video del Papa 3 \u2013 Marzo 2020\"><div class=\"stream-overlay\"><\/div><\/a><h3 class=\"video-title\">Los cat\u00f3licos en China \u2013 El Video del Papa 3 \u2013 Marzo 2020<\/h3><\/div><div class=\"video-item year-2020\" data-year=\"2020\" data-post-id=\"96449\"><a href=\"https:\/\/www.youtube.com\/watch?v=ncchqHKUBCA\" class=\"tpv-lightbox-trigger\" data-video-id=\"\"><img decoding=\"async\" src=\"https:\/\/img.youtube.com\/vi\/ncchqHKUBCA\/hqdefault.jpg\" class=\"stream-thumb\" loading=\"lazy\" alt=\"#PrayForTheWorld - El Video del Papa PFTW - Marzo 2020\"><div class=\"stream-overlay\"><\/div><\/a><h3 class=\"video-title\">#PrayForTheWorld - El Video del Papa PFTW - Marzo 2020<\/h3><\/div><div class=\"video-item year-2020\" data-year=\"2020\" data-post-id=\"96444\"><a href=\"https:\/\/www.youtube.com\/watch?v=8Z4BsQfEcEo\" class=\"tpv-lightbox-trigger\" data-video-id=\"\"><img decoding=\"async\" src=\"https:\/\/img.youtube.com\/vi\/8Z4BsQfEcEo\/hqdefault.jpg\" class=\"stream-thumb\" loading=\"lazy\" alt=\"Liberaci\u00f3n de las adicciones \u2013 El Video del Papa 4 \u2013 Abril 2020\"><div class=\"stream-overlay\"><\/div><\/a><h3 class=\"video-title\">Liberaci\u00f3n de las adicciones \u2013 El Video del Papa 4 \u2013 Abril 2020<\/h3><\/div><div class=\"video-item year-2020\" data-year=\"2020\" data-post-id=\"96439\"><a href=\"https:\/\/www.youtube.com\/watch?v=v53gQWgrYCA\" class=\"tpv-lightbox-trigger\" data-video-id=\"\"><img decoding=\"async\" src=\"https:\/\/img.youtube.com\/vi\/v53gQWgrYCA\/hqdefault.jpg\" class=\"stream-thumb\" loading=\"lazy\" alt=\"Por los di\u00e1conos \u2013 El Video del Papa 5 \u2013 Mayo 2020\"><div class=\"stream-overlay\"><\/div><\/a><h3 class=\"video-title\">Por los di\u00e1conos \u2013 El Video del Papa 5 \u2013 Mayo 2020<\/h3><\/div><div class=\"video-item year-2020\" data-year=\"2020\" data-post-id=\"96434\"><a href=\"https:\/\/www.youtube.com\/watch?v=YT7-md8-SA8\" class=\"tpv-lightbox-trigger\" data-video-id=\"\"><img decoding=\"async\" src=\"https:\/\/img.youtube.com\/vi\/YT7-md8-SA8\/hqdefault.jpg\" class=\"stream-thumb\" loading=\"lazy\" alt=\"Compasi\u00f3n por el mundo \u2013 El Video del Papa 6 \u2013 Junio 2020\"><div class=\"stream-overlay\"><\/div><\/a><h3 class=\"video-title\">Compasi\u00f3n por el mundo \u2013 El Video del Papa 6 \u2013 Junio 2020<\/h3><\/div><div class=\"video-item year-2020\" data-year=\"2020\" data-post-id=\"96429\"><a href=\"https:\/\/www.youtube.com\/watch?v=bKvg7QSYSsQ\" class=\"tpv-lightbox-trigger\" data-video-id=\"\"><img decoding=\"async\" src=\"https:\/\/img.youtube.com\/vi\/bKvg7QSYSsQ\/hqdefault.jpg\" class=\"stream-thumb\" loading=\"lazy\" alt=\"Nuestras familias \u2013 El Video del Papa 7 \u2013 Julio 2020\"><div class=\"stream-overlay\"><\/div><\/a><h3 class=\"video-title\">Nuestras familias \u2013 El Video del Papa 7 \u2013 Julio 2020<\/h3><\/div><div class=\"video-item year-2020\" data-year=\"2020\" data-post-id=\"96424\"><a href=\"https:\/\/www.youtube.com\/watch?v=ss4ut8XNmrM\" class=\"tpv-lightbox-trigger\" data-video-id=\"\"><img decoding=\"async\" src=\"https:\/\/img.youtube.com\/vi\/ss4ut8XNmrM\/hqdefault.jpg\" class=\"stream-thumb\" loading=\"lazy\" alt=\"El mundo del mar \u2013 El Video del Papa 8 \u2013 Agosto 2020\"><div class=\"stream-overlay\"><\/div><\/a><h3 class=\"video-title\">El mundo del mar \u2013 El Video del Papa 8 \u2013 Agosto 2020<\/h3><\/div><div class=\"video-item year-2020\" data-year=\"2020\" data-post-id=\"96419\"><a href=\"https:\/\/www.youtube.com\/watch?v=s7l5rlqJQC4\" class=\"tpv-lightbox-trigger\" data-video-id=\"\"><img decoding=\"async\" src=\"https:\/\/img.youtube.com\/vi\/s7l5rlqJQC4\/hqdefault.jpg\" class=\"stream-thumb\" loading=\"lazy\" alt=\"Respeto de los recursos del planeta \u2013 El Video del Papa 9 \u2013 Septiembre 2020\"><div class=\"stream-overlay\"><\/div><\/a><h3 class=\"video-title\">Respeto de los recursos del planeta \u2013 El Video del Papa 9 \u2013 Septiembre 2020<\/h3><\/div><div class=\"video-item year-2020\" data-year=\"2020\" data-post-id=\"96414\"><a href=\"https:\/\/www.youtube.com\/watch?v=C5v9i9lDz3w\" class=\"tpv-lightbox-trigger\" data-video-id=\"\"><img decoding=\"async\" src=\"https:\/\/img.youtube.com\/vi\/C5v9i9lDz3w\/hqdefault.jpg\" class=\"stream-thumb\" loading=\"lazy\" alt=\"Mujeres en las instancias de responsabilidad de la Iglesia \u2013 El Video del Papa 10 \u2013 Octubre 2020\"><div class=\"stream-overlay\"><\/div><\/a><h3 class=\"video-title\">Mujeres en las instancias de responsabilidad de la Iglesia \u2013 El Video del Papa 10 \u2013 Octubre 2020<\/h3><\/div><div class=\"video-item year-2020\" data-year=\"2020\" data-post-id=\"96409\"><a href=\"https:\/\/www.youtube.com\/watch?v=2Dag2aq4unI\" class=\"tpv-lightbox-trigger\" data-video-id=\"\"><img decoding=\"async\" src=\"https:\/\/img.youtube.com\/vi\/2Dag2aq4unI\/hqdefault.jpg\" class=\"stream-thumb\" loading=\"lazy\" alt=\"La inteligencia artificial \u2013 El Video del Papa 11 \u2013 Noviembre 2020\"><div class=\"stream-overlay\"><\/div><\/a><h3 class=\"video-title\">La inteligencia artificial \u2013 El Video del Papa 11 \u2013 Noviembre 2020<\/h3><\/div><div class=\"video-item year-2020\" data-year=\"2020\" data-post-id=\"96404\"><a href=\"https:\/\/www.youtube.com\/watch?v=FEGZhj3vt54\" class=\"tpv-lightbox-trigger\" data-video-id=\"\"><img decoding=\"async\" src=\"https:\/\/img.youtube.com\/vi\/FEGZhj3vt54\/hqdefault.jpg\" class=\"stream-thumb\" loading=\"lazy\" alt=\"Para una vida de oraci\u00f3n \u2013 El Video del Papa 12 \u2013 Diciembre 2020\"><div class=\"stream-overlay\"><\/div><\/a><h3 class=\"video-title\">Para una vida de oraci\u00f3n \u2013 El Video del Papa 12 \u2013 Diciembre 2020<\/h3><\/div><\/div><\/div><div class=\"tpv-year-section\" id=\"section-2019\"><h2 class=\"year-title\">2019<\/h2><div class=\"fila-stream\"><div class=\"video-item year-2019\" data-year=\"2019\" data-post-id=\"96530\"><a href=\"https:\/\/www.youtube.com\/watch?v=VCkBXDJMfcY\" class=\"tpv-lightbox-trigger\" data-video-id=\"\"><img decoding=\"async\" src=\"https:\/\/img.youtube.com\/vi\/VCkBXDJMfcY\/hqdefault.jpg\" class=\"stream-thumb\" loading=\"lazy\" alt=\"J\u00f3venes en la escuela de Mar\u00eda \u2013 El Video del Papa 1 \u2013 Enero 2019\"><div class=\"stream-overlay\"><\/div><\/a><h3 class=\"video-title\">J\u00f3venes en la escuela de Mar\u00eda \u2013 El Video del Papa 1 \u2013 Enero 2019<\/h3><\/div><div class=\"video-item year-2019\" data-year=\"2019\" data-post-id=\"96525\"><a href=\"https:\/\/www.youtube.com\/watch?v=uUq6kpN5CRM\" class=\"tpv-lightbox-trigger\" data-video-id=\"\"><img decoding=\"async\" src=\"https:\/\/img.youtube.com\/vi\/uUq6kpN5CRM\/hqdefault.jpg\" class=\"stream-thumb\" loading=\"lazy\" alt=\"Trata de personas \u2013 El Video del Papa 2 \u2013 Febrero 2019\"><div class=\"stream-overlay\"><\/div><\/a><h3 class=\"video-title\">Trata de personas \u2013 El Video del Papa 2 \u2013 Febrero 2019<\/h3><\/div><div class=\"video-item year-2019\" data-year=\"2019\" data-post-id=\"96520\"><a href=\"https:\/\/www.youtube.com\/watch?v=bGYd6xbKl28\" class=\"tpv-lightbox-trigger\" data-video-id=\"\"><img decoding=\"async\" src=\"https:\/\/img.youtube.com\/vi\/bGYd6xbKl28\/hqdefault.jpg\" class=\"stream-thumb\" loading=\"lazy\" alt=\"Reconocimiento de los derechos de las comunidades cristianas \u2013 El Video del Papa 3 \u2013 Marzo 2019\"><div class=\"stream-overlay\"><\/div><\/a><h3 class=\"video-title\">Reconocimiento de los derechos de las comunidades cristianas \u2013 El Video del Papa 3 \u2013 Marzo 2019<\/h3><\/div><div class=\"video-item year-2019\" data-year=\"2019\" data-post-id=\"96515\"><a href=\"https:\/\/www.youtube.com\/watch?v=kyoAYPoomQg\" class=\"tpv-lightbox-trigger\" data-video-id=\"\"><img decoding=\"async\" src=\"https:\/\/img.youtube.com\/vi\/kyoAYPoomQg\/hqdefault.jpg\" class=\"stream-thumb\" loading=\"lazy\" alt=\"M\u00e9dicos y sus colaboradores en zonas de guerra \u2013 El Video del Papa 4 \u2013 abril 2019\"><div class=\"stream-overlay\"><\/div><\/a><h3 class=\"video-title\">M\u00e9dicos y sus colaboradores en zonas de guerra \u2013 El Video del Papa 4 \u2013 abril 2019<\/h3><\/div><div class=\"video-item year-2019\" data-year=\"2019\" data-post-id=\"96510\"><a href=\"https:\/\/www.youtube.com\/watch?v=FjoOMepILHY\" class=\"tpv-lightbox-trigger\" data-video-id=\"\"><img decoding=\"async\" src=\"https:\/\/img.youtube.com\/vi\/FjoOMepILHY\/hqdefault.jpg\" class=\"stream-thumb\" loading=\"lazy\" alt=\"La Iglesia en \u00c1frica, fermento de unidad \u2013 El Video del Papa 5 \u2013 Mayo 2019\"><div class=\"stream-overlay\"><\/div><\/a><h3 class=\"video-title\">La Iglesia en \u00c1frica, fermento de unidad \u2013 El Video del Papa 5 \u2013 Mayo 2019<\/h3><\/div><div class=\"video-item year-2019\" data-year=\"2019\" data-post-id=\"96505\"><a href=\"https:\/\/www.youtube.com\/watch?v=xb1McoSpfyk\" class=\"tpv-lightbox-trigger\" data-video-id=\"\"><img decoding=\"async\" src=\"https:\/\/img.youtube.com\/vi\/xb1McoSpfyk\/hqdefault.jpg\" class=\"stream-thumb\" loading=\"lazy\" alt=\"Estilo de vida de los sacerdotes \u2013 El Video del Papa 6 \u2013 Junio 2019\"><div class=\"stream-overlay\"><\/div><\/a><h3 class=\"video-title\">Estilo de vida de los sacerdotes \u2013 El Video del Papa 6 \u2013 Junio 2019<\/h3><\/div><div class=\"video-item year-2019\" data-year=\"2019\" data-post-id=\"96500\"><a href=\"https:\/\/www.youtube.com\/watch?v=QDb0r8opIaM\" class=\"tpv-lightbox-trigger\" data-video-id=\"\"><img decoding=\"async\" src=\"https:\/\/img.youtube.com\/vi\/QDb0r8opIaM\/hqdefault.jpg\" class=\"stream-thumb\" loading=\"lazy\" alt=\"Integridad de la justicia \u2013 El Video del Papa 7 \u2013 Julio 2019\"><div class=\"stream-overlay\"><\/div><\/a><h3 class=\"video-title\">Integridad de la justicia \u2013 El Video del Papa 7 \u2013 Julio 2019<\/h3><\/div><div class=\"video-item year-2019\" data-year=\"2019\" data-post-id=\"96495\"><a href=\"https:\/\/www.youtube.com\/watch?v=6qeMizulwyw\" class=\"tpv-lightbox-trigger\" data-video-id=\"\"><img decoding=\"async\" src=\"https:\/\/img.youtube.com\/vi\/6qeMizulwyw\/hqdefault.jpg\" class=\"stream-thumb\" loading=\"lazy\" alt=\"Familias, laboratorio de humanizaci\u00f3n \u2013 El Video del Papa 8 \u2013 Agosto 2019\"><div class=\"stream-overlay\"><\/div><\/a><h3 class=\"video-title\">Familias, laboratorio de humanizaci\u00f3n \u2013 El Video del Papa 8 \u2013 Agosto 2019<\/h3><\/div><div class=\"video-item year-2019\" data-year=\"2019\" data-post-id=\"96490\"><a href=\"https:\/\/www.youtube.com\/watch?v=tkx7Ddpl1hE\" class=\"tpv-lightbox-trigger\" data-video-id=\"\"><img decoding=\"async\" src=\"https:\/\/img.youtube.com\/vi\/tkx7Ddpl1hE\/hqdefault.jpg\" class=\"stream-thumb\" loading=\"lazy\" alt=\"La protecci\u00f3n de los oc\u00e9anos \u2013 El Video del Papa 9 \u2013 Septiembre 2019\"><div class=\"stream-overlay\"><\/div><\/a><h3 class=\"video-title\">La protecci\u00f3n de los oc\u00e9anos \u2013 El Video del Papa 9 \u2013 Septiembre 2019<\/h3><\/div><div class=\"video-item year-2019\" data-year=\"2019\" data-post-id=\"96485\"><a href=\"https:\/\/www.youtube.com\/watch?v=AX45IWkgoSs\" class=\"tpv-lightbox-trigger\" data-video-id=\"\"><img decoding=\"async\" src=\"https:\/\/img.youtube.com\/vi\/AX45IWkgoSs\/hqdefault.jpg\" class=\"stream-thumb\" loading=\"lazy\" alt=\"La protecci\u00f3n de los oc\u00e9anos [Edici\u00f3n extendida] \u2013 El Video del Papa 9 \u2013 Septiembre 2019\"><div class=\"stream-overlay\"><\/div><\/a><h3 class=\"video-title\">La protecci\u00f3n de los oc\u00e9anos [Edici\u00f3n extendida] \u2013 El Video del Papa 9 \u2013 Septiembre 2019<\/h3><\/div><div class=\"video-item year-2019\" data-year=\"2019\" data-post-id=\"96480\"><a href=\"https:\/\/www.youtube.com\/watch?v=1ddYZfkbFD8\" class=\"tpv-lightbox-trigger\" data-video-id=\"\"><img decoding=\"async\" src=\"https:\/\/img.youtube.com\/vi\/1ddYZfkbFD8\/hqdefault.jpg\" class=\"stream-thumb\" loading=\"lazy\" alt=\"Primavera misionera en la Iglesia \u2013 El Video del Papa 10 \u2013 Octubre 2019\"><div class=\"stream-overlay\"><\/div><\/a><h3 class=\"video-title\">Primavera misionera en la Iglesia \u2013 El Video del Papa 10 \u2013 Octubre 2019<\/h3><\/div><div class=\"video-item year-2019\" data-year=\"2019\" data-post-id=\"96475\"><a href=\"https:\/\/www.youtube.com\/watch?v=Wu9Z2hDzN64\" class=\"tpv-lightbox-trigger\" data-video-id=\"\"><img decoding=\"async\" src=\"https:\/\/img.youtube.com\/vi\/Wu9Z2hDzN64\/hqdefault.jpg\" class=\"stream-thumb\" loading=\"lazy\" alt=\"Di\u00e1logo y reconciliaci\u00f3n en el Oriente Pr\u00f3ximo \u2013 El Video del Papa 11 \u2013 noviembre 2019\"><div class=\"stream-overlay\"><\/div><\/a><h3 class=\"video-title\">Di\u00e1logo y reconciliaci\u00f3n en el Oriente Pr\u00f3ximo \u2013 El Video del Papa 11 \u2013 noviembre 2019<\/h3><\/div><div class=\"video-item year-2019\" data-year=\"2019\" data-post-id=\"96470\"><a href=\"https:\/\/www.youtube.com\/watch?v=ecxEkYyHYOI\" class=\"tpv-lightbox-trigger\" data-video-id=\"\"><img decoding=\"async\" src=\"https:\/\/img.youtube.com\/vi\/ecxEkYyHYOI\/hqdefault.jpg\" class=\"stream-thumb\" loading=\"lazy\" alt=\"El futuro de los m\u00e1s j\u00f3venes \u2013 El Video del Papa 12 \u2013 diciembre 2019\"><div class=\"stream-overlay\"><\/div><\/a><h3 class=\"video-title\">El futuro de los m\u00e1s j\u00f3venes \u2013 El Video del Papa 12 \u2013 diciembre 2019<\/h3><\/div><\/div><\/div><div class=\"tpv-year-section\" id=\"section-2018\"><h2 class=\"year-title\">2018<\/h2><div class=\"fila-stream\"><div class=\"video-item year-2018\" data-year=\"2018\" data-post-id=\"96730\"><a href=\"https:\/\/www.youtube.com\/watch?v=zRvFz-CjmME\" class=\"tpv-lightbox-trigger\" data-video-id=\"\"><img decoding=\"async\" src=\"https:\/\/img.youtube.com\/vi\/zRvFz-CjmME\/hqdefault.jpg\" class=\"stream-thumb\" loading=\"lazy\" alt=\"Por las minor\u00edas religiosas en Asia \u2013 El Video del Papa 01-2018 \u2013 Enero 2018\"><div class=\"stream-overlay\"><\/div><\/a><h3 class=\"video-title\">Por las minor\u00edas religiosas en Asia \u2013 El Video del Papa 01-2018 \u2013 Enero 2018<\/h3><\/div><div class=\"video-item year-2018\" data-year=\"2018\" data-post-id=\"96725\"><a href=\"https:\/\/www.youtube.com\/watch?v=hK0jLW1rGcc\" class=\"tpv-lightbox-trigger\" data-video-id=\"\"><img decoding=\"async\" src=\"https:\/\/img.youtube.com\/vi\/hK0jLW1rGcc\/hqdefault.jpg\" class=\"stream-thumb\" loading=\"lazy\" alt=\"No a la corrupci\u00f3n \u2013 El Video del Papa \u2013 Febrero 2018\"><div class=\"stream-overlay\"><\/div><\/a><h3 class=\"video-title\">No a la corrupci\u00f3n \u2013 El Video del Papa \u2013 Febrero 2018<\/h3><\/div><div class=\"video-item year-2018\" data-year=\"2018\" data-post-id=\"96720\"><a href=\"https:\/\/www.youtube.com\/watch?v=_kltPXgh8Vw\" class=\"tpv-lightbox-trigger\" data-video-id=\"\"><img decoding=\"async\" src=\"https:\/\/img.youtube.com\/vi\/_kltPXgh8Vw\/hqdefault.jpg\" class=\"stream-thumb\" loading=\"lazy\" alt=\"Por la formaci\u00f3n en el discernimiento espiritual - El Video del Papa - Marzo 2018\"><div class=\"stream-overlay\"><\/div><\/a><h3 class=\"video-title\">Por la formaci\u00f3n en el discernimiento espiritual - El Video del Papa - Marzo 2018<\/h3><\/div><div class=\"video-item year-2018\" data-year=\"2018\" data-post-id=\"96715\"><a href=\"https:\/\/www.youtube.com\/watch?v=nXszzRcvxBI\" class=\"tpv-lightbox-trigger\" data-video-id=\"\"><img decoding=\"async\" src=\"https:\/\/img.youtube.com\/vi\/nXszzRcvxBI\/hqdefault.jpg\" class=\"stream-thumb\" loading=\"lazy\" alt=\"Por aquellos que tienen una responsabilidad en la econom\u00eda \u2013 El Video del Papa \u2013 Abril 2018\"><div class=\"stream-overlay\"><\/div><\/a><h3 class=\"video-title\">Por aquellos que tienen una responsabilidad en la econom\u00eda \u2013 El Video del Papa \u2013 Abril 2018<\/h3><\/div><div class=\"video-item year-2018\" data-year=\"2018\" data-post-id=\"96710\"><a href=\"https:\/\/www.youtube.com\/watch?v=70uOmTBiEYU\" class=\"tpv-lightbox-trigger\" data-video-id=\"\"><img decoding=\"async\" src=\"https:\/\/img.youtube.com\/vi\/70uOmTBiEYU\/hqdefault.jpg\" class=\"stream-thumb\" loading=\"lazy\" alt=\"La misi\u00f3n de los laicos \u2013 El Video del Papa \u2013 Mayo 2018\"><div class=\"stream-overlay\"><\/div><\/a><h3 class=\"video-title\">La misi\u00f3n de los laicos \u2013 El Video del Papa \u2013 Mayo 2018<\/h3><\/div><div class=\"video-item year-2018\" data-year=\"2018\" data-post-id=\"96705\"><a href=\"https:\/\/www.youtube.com\/watch?v=vtSyKhP7QIE\" class=\"tpv-lightbox-trigger\" data-video-id=\"\"><img decoding=\"async\" src=\"https:\/\/img.youtube.com\/vi\/vtSyKhP7QIE\/hqdefault.jpg\" class=\"stream-thumb\" loading=\"lazy\" alt=\"Las redes sociales \u2013 El Video del Papa \u2013 Junio 2018\"><div class=\"stream-overlay\"><\/div><\/a><h3 class=\"video-title\">Las redes sociales \u2013 El Video del Papa \u2013 Junio 2018<\/h3><\/div><div class=\"video-item year-2018\" data-year=\"2018\" data-post-id=\"96700\"><a href=\"https:\/\/www.youtube.com\/watch?v=1t_HQJhaM6A\" class=\"tpv-lightbox-trigger\" data-video-id=\"\"><img decoding=\"async\" src=\"https:\/\/img.youtube.com\/vi\/1t_HQJhaM6A\/hqdefault.jpg\" class=\"stream-thumb\" loading=\"lazy\" alt=\"Los sacerdotes en su misi\u00f3n pastoral \u2013 El Video del Papa \u2013 Julio 2018\"><div class=\"stream-overlay\"><\/div><\/a><h3 class=\"video-title\">Los sacerdotes en su misi\u00f3n pastoral \u2013 El Video del Papa \u2013 Julio 2018<\/h3><\/div><div class=\"video-item year-2018\" data-year=\"2018\" data-post-id=\"96695\"><a href=\"https:\/\/www.youtube.com\/watch?v=BohqcTYMEHs\" class=\"tpv-lightbox-trigger\" data-video-id=\"\"><img decoding=\"async\" src=\"https:\/\/img.youtube.com\/vi\/BohqcTYMEHs\/hqdefault.jpg\" class=\"stream-thumb\" loading=\"lazy\" alt=\"La familia, un tesoro \u2013 El Video del Papa \u2013 Agosto 2018\"><div class=\"stream-overlay\"><\/div><\/a><h3 class=\"video-title\">La familia, un tesoro \u2013 El Video del Papa \u2013 Agosto 2018<\/h3><\/div><div class=\"video-item year-2018\" data-year=\"2018\" data-post-id=\"96690\"><a href=\"https:\/\/www.youtube.com\/watch?v=DLtV-GxCgR0\" class=\"tpv-lightbox-trigger\" data-video-id=\"\"><img decoding=\"async\" src=\"https:\/\/img.youtube.com\/vi\/DLtV-GxCgR0\/hqdefault.jpg\" class=\"stream-thumb\" loading=\"lazy\" alt=\"Los j\u00f3venes del \u00c1frica \u2013 El Video del Papa \u2013 Septiembre 2018\"><div class=\"stream-overlay\"><\/div><\/a><h3 class=\"video-title\">Los j\u00f3venes del \u00c1frica \u2013 El Video del Papa \u2013 Septiembre 2018<\/h3><\/div><div class=\"video-item year-2018\" data-year=\"2018\" data-post-id=\"96685\"><a href=\"https:\/\/www.youtube.com\/watch?v=nMfeZyPkTTw\" class=\"tpv-lightbox-trigger\" data-video-id=\"\"><img decoding=\"async\" src=\"https:\/\/img.youtube.com\/vi\/nMfeZyPkTTw\/hqdefault.jpg\" class=\"stream-thumb\" loading=\"lazy\" alt=\"#PrayForTheChurch - Campa\u00f1a especial de oraci\u00f3n por la Iglesia \u2013 El Video del Papa \u2013 Octubre 2018\"><div class=\"stream-overlay\"><\/div><\/a><h3 class=\"video-title\">#PrayForTheChurch - Campa\u00f1a especial de oraci\u00f3n por la Iglesia \u2013 El Video del Papa \u2013 Octubre 2018<\/h3><\/div><div class=\"video-item year-2018\" data-year=\"2018\" data-post-id=\"96680\"><a href=\"https:\/\/www.youtube.com\/watch?v=VDUIXDcv3qE\" class=\"tpv-lightbox-trigger\" data-video-id=\"\"><img decoding=\"async\" src=\"https:\/\/img.youtube.com\/vi\/VDUIXDcv3qE\/hqdefault.jpg\" class=\"stream-thumb\" loading=\"lazy\" alt=\"La misi\u00f3n de los consagrados \u2013 El Video del Papa 10 \u2013 Octubre 2018\"><div class=\"stream-overlay\"><\/div><\/a><h3 class=\"video-title\">La misi\u00f3n de los consagrados \u2013 El Video del Papa 10 \u2013 Octubre 2018<\/h3><\/div><div class=\"video-item year-2018\" data-year=\"2018\" data-post-id=\"96675\"><a href=\"https:\/\/www.youtube.com\/watch?v=EfUNqjwIrWQ\" class=\"tpv-lightbox-trigger\" data-video-id=\"\"><img decoding=\"async\" src=\"https:\/\/img.youtube.com\/vi\/EfUNqjwIrWQ\/hqdefault.jpg\" class=\"stream-thumb\" loading=\"lazy\" alt=\"Al servicio de la paz \u2013 El Video del Papa 11 \u2013 Noviembre 2018\"><div class=\"stream-overlay\"><\/div><\/a><h3 class=\"video-title\">Al servicio de la paz \u2013 El Video del Papa 11 \u2013 Noviembre 2018<\/h3><\/div><div class=\"video-item year-2018\" data-year=\"2018\" data-post-id=\"96670\"><a href=\"https:\/\/www.youtube.com\/watch?v=STlIAyeeyJc\" class=\"tpv-lightbox-trigger\" data-video-id=\"\"><img decoding=\"async\" src=\"https:\/\/img.youtube.com\/vi\/STlIAyeeyJc\/hqdefault.jpg\" class=\"stream-thumb\" loading=\"lazy\" alt=\"Al servicio de la transmisi\u00f3n de la fe \u2013 El Video del Papa 12 \u2013 Diciembre 2018\"><div class=\"stream-overlay\"><\/div><\/a><h3 class=\"video-title\">Al servicio de la transmisi\u00f3n de la fe \u2013 El Video del Papa 12 \u2013 Diciembre 2018<\/h3><\/div><\/div><\/div><div class=\"tpv-year-section\" id=\"section-2017\"><h2 class=\"year-title\">2017<\/h2><div class=\"fila-stream\"><div class=\"video-item year-2017\" data-year=\"2017\" data-post-id=\"96790\"><a href=\"https:\/\/www.youtube.com\/watch?v=azbT0nn3T0E\" class=\"tpv-lightbox-trigger\" data-video-id=\"\"><img decoding=\"async\" src=\"https:\/\/img.youtube.com\/vi\/azbT0nn3T0E\/hqdefault.jpg\" class=\"stream-thumb\" loading=\"lazy\" alt=\"Los cristianos al servicio de la humanidad \u2013 El Video del Papa \u2013 Enero 2017\"><div class=\"stream-overlay\"><\/div><\/a><h3 class=\"video-title\">Los cristianos al servicio de la humanidad \u2013 El Video del Papa \u2013 Enero 2017<\/h3><\/div><div class=\"video-item year-2017\" data-year=\"2017\" data-post-id=\"96785\"><a href=\"https:\/\/www.youtube.com\/watch?v=hSVLdM4vYbQ\" class=\"tpv-lightbox-trigger\" data-video-id=\"\"><img decoding=\"async\" src=\"https:\/\/img.youtube.com\/vi\/hSVLdM4vYbQ\/hqdefault.jpg\" class=\"stream-thumb\" loading=\"lazy\" alt=\"Acoger a los necesitados \u2013 El Video del Papa \u2013 Febrero 2017\"><div class=\"stream-overlay\"><\/div><\/a><h3 class=\"video-title\">Acoger a los necesitados \u2013 El Video del Papa \u2013 Febrero 2017<\/h3><\/div><div class=\"video-item year-2017\" data-year=\"2017\" data-post-id=\"96780\"><a href=\"https:\/\/www.youtube.com\/watch?v=Dk2pfT8kkbU\" class=\"tpv-lightbox-trigger\" data-video-id=\"\"><img decoding=\"async\" src=\"https:\/\/img.youtube.com\/vi\/Dk2pfT8kkbU\/hqdefault.jpg\" class=\"stream-thumb\" loading=\"lazy\" alt=\"Ayudar a los cristianos perseguidos \u2013 El Video del Papa - Marzo 2017\"><div class=\"stream-overlay\"><\/div><\/a><h3 class=\"video-title\">Ayudar a los cristianos perseguidos \u2013 El Video del Papa - Marzo 2017<\/h3><\/div><div class=\"video-item year-2017\" data-year=\"2017\" data-post-id=\"96775\"><a href=\"https:\/\/www.youtube.com\/watch?v=xub8cogm95M\" class=\"tpv-lightbox-trigger\" data-video-id=\"\"><img decoding=\"async\" src=\"https:\/\/img.youtube.com\/vi\/xub8cogm95M\/hqdefault.jpg\" class=\"stream-thumb\" loading=\"lazy\" alt=\"J\u00f3venes \u2013 El Video del Papa \u2013 Abril 2017\"><div class=\"stream-overlay\"><\/div><\/a><h3 class=\"video-title\">J\u00f3venes \u2013 El Video del Papa \u2013 Abril 2017<\/h3><\/div><div class=\"video-item year-2017\" data-year=\"2017\" data-post-id=\"96770\"><a href=\"https:\/\/www.youtube.com\/watch?v=nW28z4PD794\" class=\"tpv-lightbox-trigger\" data-video-id=\"\"><img decoding=\"async\" src=\"https:\/\/img.youtube.com\/vi\/nW28z4PD794\/hqdefault.jpg\" class=\"stream-thumb\" loading=\"lazy\" alt=\"Cristianos de \u00c1frica \u2013 El Video del Papa \u2013 Mayo 2017\"><div class=\"stream-overlay\"><\/div><\/a><h3 class=\"video-title\">Cristianos de \u00c1frica \u2013 El Video del Papa \u2013 Mayo 2017<\/h3><\/div><div class=\"video-item year-2017\" data-year=\"2017\" data-post-id=\"96765\"><a href=\"https:\/\/www.youtube.com\/watch?v=RY_eYE2HeGc\" class=\"tpv-lightbox-trigger\" data-video-id=\"\"><img decoding=\"async\" src=\"https:\/\/img.youtube.com\/vi\/RY_eYE2HeGc\/hqdefault.jpg\" class=\"stream-thumb\" loading=\"lazy\" alt=\"Eliminar el comercio de las armas \u2013 El Video del Papa \u2013 Junio 2017\"><div class=\"stream-overlay\"><\/div><\/a><h3 class=\"video-title\">Eliminar el comercio de las armas \u2013 El Video del Papa \u2013 Junio 2017<\/h3><\/div><div class=\"video-item year-2017\" data-year=\"2017\" data-post-id=\"96760\"><a href=\"https:\/\/www.youtube.com\/watch?v=efZwe9B-m-g\" class=\"tpv-lightbox-trigger\" data-video-id=\"\"><img decoding=\"async\" src=\"https:\/\/img.youtube.com\/vi\/efZwe9B-m-g\/hqdefault.jpg\" class=\"stream-thumb\" loading=\"lazy\" alt=\"Los alejados de la fe cristiana \u2013 El Video del Papa \u2013 Julio 2017\"><div class=\"stream-overlay\"><\/div><\/a><h3 class=\"video-title\">Los alejados de la fe cristiana \u2013 El Video del Papa \u2013 Julio 2017<\/h3><\/div><div class=\"video-item year-2017\" data-year=\"2017\" data-post-id=\"96755\"><a href=\"https:\/\/www.youtube.com\/watch?v=gvoDn7PNxCo\" class=\"tpv-lightbox-trigger\" data-video-id=\"\"><img decoding=\"async\" src=\"https:\/\/img.youtube.com\/vi\/gvoDn7PNxCo\/hqdefault.jpg\" class=\"stream-thumb\" loading=\"lazy\" alt=\"Por los artistas \u2013 El Video del Papa \u2013 Agosto 2017\"><div class=\"stream-overlay\"><\/div><\/a><h3 class=\"video-title\">Por los artistas \u2013 El Video del Papa \u2013 Agosto 2017<\/h3><\/div><div class=\"video-item year-2017\" data-year=\"2017\" data-post-id=\"96750\"><a href=\"https:\/\/www.youtube.com\/watch?v=G9jy1BJd-U4\" class=\"tpv-lightbox-trigger\" data-video-id=\"\"><img decoding=\"async\" src=\"https:\/\/img.youtube.com\/vi\/G9jy1BJd-U4\/hqdefault.jpg\" class=\"stream-thumb\" loading=\"lazy\" alt=\"Parroquias al servicio de la misi\u00f3n \u2013 El Video del Papa \u2013 Septiembre 2017\"><div class=\"stream-overlay\"><\/div><\/a><h3 class=\"video-title\">Parroquias al servicio de la misi\u00f3n \u2013 El Video del Papa \u2013 Septiembre 2017<\/h3><\/div><div class=\"video-item year-2017\" data-year=\"2017\" data-post-id=\"96745\"><a href=\"https:\/\/www.youtube.com\/watch?v=aFkuqJADvSI\" class=\"tpv-lightbox-trigger\" data-video-id=\"\"><img decoding=\"async\" src=\"https:\/\/img.youtube.com\/vi\/aFkuqJADvSI\/hqdefault.jpg\" class=\"stream-thumb\" loading=\"lazy\" alt=\"Derechos de los trabajadores y desempleados \u2013 El Video del Papa \u2013 Octubre 2017\"><div class=\"stream-overlay\"><\/div><\/a><h3 class=\"video-title\">Derechos de los trabajadores y desempleados \u2013 El Video del Papa \u2013 Octubre 2017<\/h3><\/div><div class=\"video-item year-2017\" data-year=\"2017\" data-post-id=\"96740\"><a href=\"https:\/\/www.youtube.com\/watch?v=UpyVzhOVkdg\" class=\"tpv-lightbox-trigger\" data-video-id=\"\"><img decoding=\"async\" src=\"https:\/\/img.youtube.com\/vi\/UpyVzhOVkdg\/hqdefault.jpg\" class=\"stream-thumb\" loading=\"lazy\" alt=\"Testimoniar el Evangelio en Asia \u2013 El Video del Papa \u2013 Noviembre 2017\"><div class=\"stream-overlay\"><\/div><\/a><h3 class=\"video-title\">Testimoniar el Evangelio en Asia \u2013 El Video del Papa \u2013 Noviembre 2017<\/h3><\/div><div class=\"video-item year-2017\" data-year=\"2017\" data-post-id=\"96735\"><a href=\"https:\/\/www.youtube.com\/watch?v=plBMZ1N7Y8s\" class=\"tpv-lightbox-trigger\" data-video-id=\"\"><img decoding=\"async\" src=\"https:\/\/img.youtube.com\/vi\/plBMZ1N7Y8s\/hqdefault.jpg\" class=\"stream-thumb\" loading=\"lazy\" alt=\"Por los ancianos \u2013 El Video del Papa \u2013 Diciembre 2017\"><div class=\"stream-overlay\"><\/div><\/a><h3 class=\"video-title\">Por los ancianos \u2013 El Video del Papa \u2013 Diciembre 2017<\/h3><\/div><\/div><\/div><div class=\"tpv-year-section\" id=\"section-2016\"><h2 class=\"year-title\">2016<\/h2><div class=\"fila-stream\"><div class=\"video-item year-2016\" data-year=\"2016\" data-post-id=\"96795\"><a href=\"https:\/\/www.youtube.com\/watch?v=vgj9NprTdq0\" class=\"tpv-lightbox-trigger\" data-video-id=\"\"><img decoding=\"async\" src=\"https:\/\/img.youtube.com\/vi\/vgj9NprTdq0\/hqdefault.jpg\" class=\"stream-thumb\" loading=\"lazy\" alt=\"El Video del Papa 1 - Di\u00e1logo Interreligioso - Enero 2016\"><div class=\"stream-overlay\"><\/div><\/a><h3 class=\"video-title\">El Video del Papa 1 - Di\u00e1logo Interreligioso - Enero 2016<\/h3><\/div><div class=\"video-item year-2016\" data-year=\"2016\" data-post-id=\"96846\"><a href=\"https:\/\/www.youtube.com\/watch?v=p4azDDdaVoE\" class=\"tpv-lightbox-trigger\" data-video-id=\"\"><img decoding=\"async\" src=\"https:\/\/img.youtube.com\/vi\/p4azDDdaVoE\/hqdefault.jpg\" class=\"stream-thumb\" loading=\"lazy\" alt=\"Por los ni\u00f1os y las familias en dificultad - El Video del Papa \u2013 Marzo 2016\"><div class=\"stream-overlay\"><\/div><\/a><h3 class=\"video-title\">Por los ni\u00f1os y las familias en dificultad - El Video del Papa \u2013 Marzo 2016<\/h3><\/div><div class=\"video-item year-2016\" data-year=\"2016\" data-post-id=\"96841\"><a href=\"https:\/\/www.youtube.com\/watch?v=ppajlp8IhPg\" class=\"tpv-lightbox-trigger\" data-video-id=\"\"><img decoding=\"async\" src=\"https:\/\/img.youtube.com\/vi\/ppajlp8IhPg\/hqdefault.jpg\" class=\"stream-thumb\" loading=\"lazy\" alt=\"Peque\u00f1os agricultores \u2013 El Video del Papa \u2013 Abril 2016.\"><div class=\"stream-overlay\"><\/div><\/a><h3 class=\"video-title\">Peque\u00f1os agricultores \u2013 El Video del Papa \u2013 Abril 2016.<\/h3><\/div><div class=\"video-item year-2016\" data-year=\"2016\" data-post-id=\"96836\"><a href=\"https:\/\/www.youtube.com\/watch?v=6KdT3lLddfI\" class=\"tpv-lightbox-trigger\" data-video-id=\"\"><img decoding=\"async\" src=\"https:\/\/img.youtube.com\/vi\/6KdT3lLddfI\/hqdefault.jpg\" class=\"stream-thumb\" loading=\"lazy\" alt=\"Las mujeres en la sociedad \u2013 El Video del Papa - Mayo 2016\"><div class=\"stream-overlay\"><\/div><\/a><h3 class=\"video-title\">Las mujeres en la sociedad \u2013 El Video del Papa - Mayo 2016<\/h3><\/div><div class=\"video-item year-2016\" data-year=\"2016\" data-post-id=\"96831\"><a href=\"https:\/\/www.youtube.com\/watch?v=CvKjSXtYbAA\" class=\"tpv-lightbox-trigger\" data-video-id=\"\"><img decoding=\"async\" src=\"https:\/\/img.youtube.com\/vi\/CvKjSXtYbAA\/hqdefault.jpg\" class=\"stream-thumb\" loading=\"lazy\" alt=\"Solidaridad en las ciudades \u2013 El Video del Papa \u2013 Junio 2016\"><div class=\"stream-overlay\"><\/div><\/a><h3 class=\"video-title\">Solidaridad en las ciudades \u2013 El Video del Papa \u2013 Junio 2016<\/h3><\/div><div class=\"video-item year-2016\" data-year=\"2016\" data-post-id=\"96826\"><a href=\"https:\/\/www.youtube.com\/watch?v=_bJuKoLeBSA\" class=\"tpv-lightbox-trigger\" data-video-id=\"\"><img decoding=\"async\" src=\"https:\/\/img.youtube.com\/vi\/_bJuKoLeBSA\/hqdefault.jpg\" class=\"stream-thumb\" loading=\"lazy\" alt=\"Respeto de los pueblos ind\u00edgenas \u2013 El Video del Papa - Julio 2016\"><div class=\"stream-overlay\"><\/div><\/a><h3 class=\"video-title\">Respeto de los pueblos ind\u00edgenas \u2013 El Video del Papa - Julio 2016<\/h3><\/div><div class=\"video-item year-2016\" data-year=\"2016\" data-post-id=\"96821\"><a href=\"https:\/\/www.youtube.com\/watch?v=lWcqmL-iMOQ\" class=\"tpv-lightbox-trigger\" data-video-id=\"\"><img decoding=\"async\" src=\"https:\/\/img.youtube.com\/vi\/lWcqmL-iMOQ\/hqdefault.jpg\" class=\"stream-thumb\" loading=\"lazy\" alt=\"El deporte, por la cultura del encuentro \u2013 El Video del Papa \u2013 Agosto 2016\"><div class=\"stream-overlay\"><\/div><\/a><h3 class=\"video-title\">El deporte, por la cultura del encuentro \u2013 El Video del Papa \u2013 Agosto 2016<\/h3><\/div><div class=\"video-item year-2016\" data-year=\"2016\" data-post-id=\"96816\"><a href=\"https:\/\/www.youtube.com\/watch?v=84e7NrOJicA\" class=\"tpv-lightbox-trigger\" data-video-id=\"\"><img decoding=\"async\" src=\"https:\/\/img.youtube.com\/vi\/84e7NrOJicA\/hqdefault.jpg\" class=\"stream-thumb\" loading=\"lazy\" alt=\"Para una sociedad m\u00e1s humana \u2013 El Video del Papa \u2013 Septiembre 2016\"><div class=\"stream-overlay\"><\/div><\/a><h3 class=\"video-title\">Para una sociedad m\u00e1s humana \u2013 El Video del Papa \u2013 Septiembre 2016<\/h3><\/div><div class=\"video-item year-2016\" data-year=\"2016\" data-post-id=\"96811\"><a href=\"https:\/\/www.youtube.com\/watch?v=HUIzzqml884\" class=\"tpv-lightbox-trigger\" data-video-id=\"\"><img decoding=\"async\" src=\"https:\/\/img.youtube.com\/vi\/HUIzzqml884\/hqdefault.jpg\" class=\"stream-thumb\" loading=\"lazy\" alt=\"Periodistas \u2013 El Video del Papa \u2013 Octubre 2016\"><div class=\"stream-overlay\"><\/div><\/a><h3 class=\"video-title\">Periodistas \u2013 El Video del Papa \u2013 Octubre 2016<\/h3><\/div><div class=\"video-item year-2016\" data-year=\"2016\" data-post-id=\"96810\"><a href=\"https:\/\/www.youtube.com\/watch?v=FWFAiQF2hZE\" class=\"tpv-lightbox-trigger\" data-video-id=\"\"><img decoding=\"async\" src=\"https:\/\/img.youtube.com\/vi\/FWFAiQF2hZE\/hqdefault.jpg\" class=\"stream-thumb\" loading=\"lazy\" alt=\"El Video del Papa 10 - Los periodistas responden al Papa - Octubre 2016\"><div class=\"stream-overlay\"><\/div><\/a><h3 class=\"video-title\">El Video del Papa 10 - Los periodistas responden al Papa - Octubre 2016<\/h3><\/div><div class=\"video-item year-2016\" data-year=\"2016\" data-post-id=\"96805\"><a href=\"https:\/\/www.youtube.com\/watch?v=nfpya2_5g0Q\" class=\"tpv-lightbox-trigger\" data-video-id=\"\"><img decoding=\"async\" src=\"https:\/\/img.youtube.com\/vi\/nfpya2_5g0Q\/hqdefault.jpg\" class=\"stream-thumb\" loading=\"lazy\" alt=\"Pa\u00edses acogiendo a refugiados \u2013 El Video del Papa \u2013 Noviembre 2016\"><div class=\"stream-overlay\"><\/div><\/a><h3 class=\"video-title\">Pa\u00edses acogiendo a refugiados \u2013 El Video del Papa \u2013 Noviembre 2016<\/h3><\/div><div class=\"video-item year-2016\" data-year=\"2016\" data-post-id=\"96800\"><a href=\"https:\/\/www.youtube.com\/watch?v=8nU3DwWrKgY\" class=\"tpv-lightbox-trigger\" data-video-id=\"\"><img decoding=\"async\" src=\"https:\/\/img.youtube.com\/vi\/8nU3DwWrKgY\/hqdefault.jpg\" class=\"stream-thumb\" loading=\"lazy\" alt=\"Ni\u00f1os soldados \u2013 El Video del Papa \u2013 Diciembre 2016\"><div class=\"stream-overlay\"><\/div><\/a><h3 class=\"video-title\">Ni\u00f1os soldados \u2013 El Video del Papa \u2013 Diciembre 2016<\/h3><\/div><\/div><\/div>[\/et_pb_code][et_pb_divider show_divider=\"off\" _builder_version=\"4.27.6&#8243; _module_preset=\"default\" global_colors_info=\"{}\"][\/et_pb_divider][\/et_pb_column][\/et_pb_row][\/et_pb_section]<\/p>\n","protected":false},"excerpt":{"rendered":"<p>[et_pb_section fb_built=\"1&#8243; _builder_version=\"4.27.6&#8243; _module_preset=\"default\" background_enable_color=\"off\" use_background_color_gradient=\"on\" background_color_gradient_stops=\"#264653 0%|rgba(29,54,68,0.7) 25%|rgba(13,27,42,0.7) 75%|#071121 100%\" background_image=\"https:\/\/www.popesprayer.va\/wp-content\/uploads\/2025\/06\/sjdigital_Photo_of_St_Peters_Basilica._The_sky_has_some_clouds._93180f9f-2271-445f-90c5-8daa6d5bcf44-en-tamano-grande.jpeg\" background_blend=\"overlay\" custom_padding=\"12vw||12vw||true|false\" top_divider_style=\"ramp\" top_divider_color=\"#F4A261&#8243; bottom_divider_style=\"ramp\" bottom_divider_color=\"#071121&#8243; bottom_divider_flip=\"horizontal\" da_disable_devices=\"off|off|off\" global_colors_info=\"{}\" da_is_popup=\"off\" da_exit_intent=\"off\" da_has_close=\"on\" da_alt_close=\"off\" da_dark_close=\"off\" da_not_modal=\"on\" da_is_singular=\"off\" da_with_loader=\"off\" da_has_shadow=\"on\"][et_pb_row column_structure=\"3_5,2_5&#8243; _builder_version=\"4.27.4&#8243; _module_preset=\"ddbed135-e034-4aab-8f52-69def1d8301e\" global_colors_info=\"{}\"][et_pb_column type=\"3_5&#8243; _builder_version=\"4.27.4&#8243; _module_preset=\"default\" global_colors_info=\"{}\"][et_pb_text admin_label=\"Text\" _builder_version=\"4.27.6&#8243; _module_preset=\"default\" header_text_color=\"#E9C46A\" header_font_size=\"3rem\" header_2_font=\"|700|||||||\" header_2_text_color=\"#E9C46A\" header_2_font_size=\"4rem\" global_colors_info=\"{}\"] El Video del Papa [\/et_pb_text][et_pb_text _builder_version=\"4.27.6&#8243; _module_preset=\"default\" text_text_color=\"#FFFFFF\" [&hellip;]<\/p>\n","protected":false},"author":2,"featured_media":0,"parent":0,"menu_order":0,"comment_status":"closed","ping_status":"closed","template":"","meta":{"_acf_changed":false,"_et_pb_use_builder":"on","_et_pb_old_content":"","_et_gb_content_width":"","footnotes":""},"class_list":["post-96549","page","type-page","status-publish","hentry"],"acf":[],"yoast_head":"<!-- This site is optimized with the Yoast SEO plugin v27.4 - https:\/\/yoast.com\/product\/yoast-seo-wordpress\/ -->\n<title>El v\u00eddeo del Papa - Archivo - Red Mundial de Oraci\u00f3n del Papa<\/title>\n<meta name=\"robots\" content=\"index, follow, max-snippet:-1, max-image-preview:large, max-video-preview:-1\" \/>\n<link rel=\"canonical\" href=\"https:\/\/www.popesprayer.va\/es\/el-video-del-papa-archivo\/\" \/>\n<meta property=\"og:locale\" content=\"es_ES\" \/>\n<meta property=\"og:type\" content=\"article\" \/>\n<meta property=\"og:title\" content=\"El v\u00eddeo del Papa - Archivo - Red Mundial de Oraci\u00f3n del Papa\" \/>\n<meta property=\"og:description\" content=\"[et_pb_section fb_built=&quot;1&#8243; _builder_version=&quot;4.27.6&#8243; _module_preset=&quot;default&quot; background_enable_color=&quot;off&quot; use_background_color_gradient=&quot;on&quot; background_color_gradient_stops=&quot;#264653 0%|rgba(29,54,68,0.7) 25%|rgba(13,27,42,0.7) 75%|#071121 100%&quot; background_image=&quot;https:\/\/www.popesprayer.va\/wp-content\/uploads\/2025\/06\/sjdigital_Photo_of_St_Peters_Basilica._The_sky_has_some_clouds._93180f9f-2271-445f-90c5-8daa6d5bcf44-en-tamano-grande.jpeg&quot; background_blend=&quot;overlay&quot; custom_padding=&quot;12vw||12vw||true|false&quot; top_divider_style=&quot;ramp&quot; top_divider_color=&quot;#F4A261&#8243; bottom_divider_style=&quot;ramp&quot; bottom_divider_color=&quot;#071121&#8243; bottom_divider_flip=&quot;horizontal&quot; da_disable_devices=&quot;off|off|off&quot; global_colors_info=&quot;{}&quot; da_is_popup=&quot;off&quot; da_exit_intent=&quot;off&quot; da_has_close=&quot;on&quot; da_alt_close=&quot;off&quot; da_dark_close=&quot;off&quot; da_not_modal=&quot;on&quot; da_is_singular=&quot;off&quot; da_with_loader=&quot;off&quot; da_has_shadow=&quot;on&quot;][et_pb_row column_structure=&quot;3_5,2_5&#8243; _builder_version=&quot;4.27.4&#8243; _module_preset=&quot;ddbed135-e034-4aab-8f52-69def1d8301e&quot; global_colors_info=&quot;{}&quot;][et_pb_column type=&quot;3_5&#8243; _builder_version=&quot;4.27.4&#8243; _module_preset=&quot;default&quot; global_colors_info=&quot;{}&quot;][et_pb_text admin_label=&quot;Text&quot; _builder_version=&quot;4.27.6&#8243; _module_preset=&quot;default&quot; header_text_color=&quot;#E9C46A&quot; header_font_size=&quot;3rem&quot; header_2_font=&quot;|700|||||||&quot; header_2_text_color=&quot;#E9C46A&quot; header_2_font_size=&quot;4rem&quot; global_colors_info=&quot;{}&quot;] El Video del Papa [\/et_pb_text][et_pb_text _builder_version=&quot;4.27.6&#8243; _module_preset=&quot;default&quot; text_text_color=&quot;#FFFFFF&quot; [&hellip;]\" \/>\n<meta property=\"og:url\" content=\"https:\/\/www.popesprayer.va\/es\/el-video-del-papa-archivo\/\" \/>\n<meta property=\"og:site_name\" content=\"Red Mundial de Oraci\u00f3n del Papa\" \/>\n<meta property=\"article:modified_time\" content=\"2026-04-24T16:47:36+00:00\" \/>\n<meta name=\"twitter:card\" content=\"summary_large_image\" \/>\n<meta name=\"twitter:label1\" content=\"Tiempo de lectura\" \/>\n\t<meta name=\"twitter:data1\" content=\"23 minutos\" \/>\n<script type=\"application\/ld+json\" class=\"yoast-schema-graph\">{\"@context\":\"https:\\\/\\\/schema.org\",\"@graph\":[{\"@type\":\"WebPage\",\"@id\":\"https:\\\/\\\/www.popesprayer.va\\\/es\\\/el-video-del-papa-archivo\\\/\",\"url\":\"https:\\\/\\\/www.popesprayer.va\\\/es\\\/el-video-del-papa-archivo\\\/\",\"name\":\"El v\u00eddeo del Papa - Archivo - Red Mundial de Oraci\u00f3n del Papa\",\"isPartOf\":{\"@id\":\"https:\\\/\\\/www.popesprayer.va\\\/es\\\/#website\"},\"datePublished\":\"2026-04-22T15:01:05+00:00\",\"dateModified\":\"2026-04-24T16:47:36+00:00\",\"breadcrumb\":{\"@id\":\"https:\\\/\\\/www.popesprayer.va\\\/es\\\/el-video-del-papa-archivo\\\/#breadcrumb\"},\"inLanguage\":\"es\",\"potentialAction\":[{\"@type\":\"ReadAction\",\"target\":[\"https:\\\/\\\/www.popesprayer.va\\\/es\\\/el-video-del-papa-archivo\\\/\"]}]},{\"@type\":\"BreadcrumbList\",\"@id\":\"https:\\\/\\\/www.popesprayer.va\\\/es\\\/el-video-del-papa-archivo\\\/#breadcrumb\",\"itemListElement\":[{\"@type\":\"ListItem\",\"position\":1,\"name\":\"Inicio\",\"item\":\"https:\\\/\\\/www.popesprayer.va\\\/es\\\/\"},{\"@type\":\"ListItem\",\"position\":2,\"name\":\"El v\u00eddeo del Papa - Archivo\"}]},{\"@type\":\"WebSite\",\"@id\":\"https:\\\/\\\/www.popesprayer.va\\\/es\\\/#website\",\"url\":\"https:\\\/\\\/www.popesprayer.va\\\/es\\\/\",\"name\":\"Pope's Worldwide Prayer Network\",\"description\":\"Pray together, change the world\",\"publisher\":{\"@id\":\"https:\\\/\\\/www.popesprayer.va\\\/es\\\/#organization\"},\"potentialAction\":[{\"@type\":\"SearchAction\",\"target\":{\"@type\":\"EntryPoint\",\"urlTemplate\":\"https:\\\/\\\/www.popesprayer.va\\\/es\\\/?s={search_term_string}\"},\"query-input\":{\"@type\":\"PropertyValueSpecification\",\"valueRequired\":true,\"valueName\":\"search_term_string\"}}],\"inLanguage\":\"es\"},{\"@type\":\"Organization\",\"@id\":\"https:\\\/\\\/www.popesprayer.va\\\/es\\\/#organization\",\"name\":\"Red Mundial de Oraci\u00f3n del Papa\",\"url\":\"https:\\\/\\\/www.popesprayer.va\\\/es\\\/\",\"logo\":{\"@type\":\"ImageObject\",\"inLanguage\":\"es\",\"@id\":\"https:\\\/\\\/www.popesprayer.va\\\/es\\\/#\\\/schema\\\/logo\\\/image\\\/\",\"url\":\"https:\\\/\\\/www.popesprayer.va\\\/wp-content\\\/uploads\\\/2025\\\/01\\\/Logo-Popes-Worldwide-Prayer-Network-Pontifical-Work-EN-Horizontal.png\",\"contentUrl\":\"https:\\\/\\\/www.popesprayer.va\\\/wp-content\\\/uploads\\\/2025\\\/01\\\/Logo-Popes-Worldwide-Prayer-Network-Pontifical-Work-EN-Horizontal.png\",\"width\":1328,\"height\":228,\"caption\":\"Red Mundial de Oraci\u00f3n del Papa\"},\"image\":{\"@id\":\"https:\\\/\\\/www.popesprayer.va\\\/es\\\/#\\\/schema\\\/logo\\\/image\\\/\"}}]}<\/script>\n<!-- \/ Yoast SEO plugin. -->","yoast_head_json":{"title":"El v\u00eddeo del Papa - Archivo - Red Mundial de Oraci\u00f3n del Papa","robots":{"index":"index","follow":"follow","max-snippet":"max-snippet:-1","max-image-preview":"max-image-preview:large","max-video-preview":"max-video-preview:-1"},"canonical":"https:\/\/www.popesprayer.va\/es\/el-video-del-papa-archivo\/","og_locale":"es_ES","og_type":"article","og_title":"El v\u00eddeo del Papa - Archivo - Red Mundial de Oraci\u00f3n del Papa","og_description":"[et_pb_section fb_built=\"1&#8243; _builder_version=\"4.27.6&#8243; _module_preset=\"default\" background_enable_color=\"off\" use_background_color_gradient=\"on\" background_color_gradient_stops=\"#264653 0%|rgba(29,54,68,0.7) 25%|rgba(13,27,42,0.7) 75%|#071121 100%\" background_image=\"https:\/\/www.popesprayer.va\/wp-content\/uploads\/2025\/06\/sjdigital_Photo_of_St_Peters_Basilica._The_sky_has_some_clouds._93180f9f-2271-445f-90c5-8daa6d5bcf44-en-tamano-grande.jpeg\" background_blend=\"overlay\" custom_padding=\"12vw||12vw||true|false\" top_divider_style=\"ramp\" top_divider_color=\"#F4A261&#8243; bottom_divider_style=\"ramp\" bottom_divider_color=\"#071121&#8243; bottom_divider_flip=\"horizontal\" da_disable_devices=\"off|off|off\" global_colors_info=\"{}\" da_is_popup=\"off\" da_exit_intent=\"off\" da_has_close=\"on\" da_alt_close=\"off\" da_dark_close=\"off\" da_not_modal=\"on\" da_is_singular=\"off\" da_with_loader=\"off\" da_has_shadow=\"on\"][et_pb_row column_structure=\"3_5,2_5&#8243; _builder_version=\"4.27.4&#8243; _module_preset=\"ddbed135-e034-4aab-8f52-69def1d8301e\" global_colors_info=\"{}\"][et_pb_column type=\"3_5&#8243; _builder_version=\"4.27.4&#8243; _module_preset=\"default\" global_colors_info=\"{}\"][et_pb_text admin_label=\"Text\" _builder_version=\"4.27.6&#8243; _module_preset=\"default\" header_text_color=\"#E9C46A\" header_font_size=\"3rem\" header_2_font=\"|700|||||||\" header_2_text_color=\"#E9C46A\" header_2_font_size=\"4rem\" global_colors_info=\"{}\"] El Video del Papa [\/et_pb_text][et_pb_text _builder_version=\"4.27.6&#8243; _module_preset=\"default\" text_text_color=\"#FFFFFF\" [&hellip;]","og_url":"https:\/\/www.popesprayer.va\/es\/el-video-del-papa-archivo\/","og_site_name":"Red Mundial de Oraci\u00f3n del Papa","article_modified_time":"2026-04-24T16:47:36+00:00","twitter_card":"summary_large_image","twitter_misc":{"Tiempo de lectura":"23 minutos"},"schema":{"@context":"https:\/\/schema.org","@graph":[{"@type":"WebPage","@id":"https:\/\/www.popesprayer.va\/es\/el-video-del-papa-archivo\/","url":"https:\/\/www.popesprayer.va\/es\/el-video-del-papa-archivo\/","name":"El v\u00eddeo del Papa - Archivo - Red Mundial de Oraci\u00f3n del Papa","isPartOf":{"@id":"https:\/\/www.popesprayer.va\/es\/#website"},"datePublished":"2026-04-22T15:01:05+00:00","dateModified":"2026-04-24T16:47:36+00:00","breadcrumb":{"@id":"https:\/\/www.popesprayer.va\/es\/el-video-del-papa-archivo\/#breadcrumb"},"inLanguage":"es","potentialAction":[{"@type":"ReadAction","target":["https:\/\/www.popesprayer.va\/es\/el-video-del-papa-archivo\/"]}]},{"@type":"BreadcrumbList","@id":"https:\/\/www.popesprayer.va\/es\/el-video-del-papa-archivo\/#breadcrumb","itemListElement":[{"@type":"ListItem","position":1,"name":"Inicio","item":"https:\/\/www.popesprayer.va\/es\/"},{"@type":"ListItem","position":2,"name":"El v\u00eddeo del Papa - Archivo"}]},{"@type":"WebSite","@id":"https:\/\/www.popesprayer.va\/es\/#website","url":"https:\/\/www.popesprayer.va\/es\/","name":"Pope's Worldwide Prayer Network","description":"Pray together, change the world","publisher":{"@id":"https:\/\/www.popesprayer.va\/es\/#organization"},"potentialAction":[{"@type":"SearchAction","target":{"@type":"EntryPoint","urlTemplate":"https:\/\/www.popesprayer.va\/es\/?s={search_term_string}"},"query-input":{"@type":"PropertyValueSpecification","valueRequired":true,"valueName":"search_term_string"}}],"inLanguage":"es"},{"@type":"Organization","@id":"https:\/\/www.popesprayer.va\/es\/#organization","name":"Red Mundial de Oraci\u00f3n del Papa","url":"https:\/\/www.popesprayer.va\/es\/","logo":{"@type":"ImageObject","inLanguage":"es","@id":"https:\/\/www.popesprayer.va\/es\/#\/schema\/logo\/image\/","url":"https:\/\/www.popesprayer.va\/wp-content\/uploads\/2025\/01\/Logo-Popes-Worldwide-Prayer-Network-Pontifical-Work-EN-Horizontal.png","contentUrl":"https:\/\/www.popesprayer.va\/wp-content\/uploads\/2025\/01\/Logo-Popes-Worldwide-Prayer-Network-Pontifical-Work-EN-Horizontal.png","width":1328,"height":228,"caption":"Red Mundial de Oraci\u00f3n del Papa"},"image":{"@id":"https:\/\/www.popesprayer.va\/es\/#\/schema\/logo\/image\/"}}]}},"_links":{"self":[{"href":"https:\/\/www.popesprayer.va\/es\/wp-json\/wp\/v2\/pages\/96549","targetHints":{"allow":["GET"]}}],"collection":[{"href":"https:\/\/www.popesprayer.va\/es\/wp-json\/wp\/v2\/pages"}],"about":[{"href":"https:\/\/www.popesprayer.va\/es\/wp-json\/wp\/v2\/types\/page"}],"author":[{"embeddable":true,"href":"https:\/\/www.popesprayer.va\/es\/wp-json\/wp\/v2\/users\/2"}],"replies":[{"embeddable":true,"href":"https:\/\/www.popesprayer.va\/es\/wp-json\/wp\/v2\/comments?post=96549"}],"version-history":[{"count":37,"href":"https:\/\/www.popesprayer.va\/es\/wp-json\/wp\/v2\/pages\/96549\/revisions"}],"predecessor-version":[{"id":96860,"href":"https:\/\/www.popesprayer.va\/es\/wp-json\/wp\/v2\/pages\/96549\/revisions\/96860"}],"wp:attachment":[{"href":"https:\/\/www.popesprayer.va\/es\/wp-json\/wp\/v2\/media?parent=96549"}],"curies":[{"name":"wp","href":"https:\/\/api.w.org\/{rel}","templated":true}]}}