{"id":97189,"date":"2026-05-05T20:06:00","date_gmt":"2026-05-05T18:06:00","guid":{"rendered":"https:\/\/www.popesprayer.va\/prueba-de-donaciones\/"},"modified":"2026-07-06T07:53:48","modified_gmt":"2026-07-06T05:53:48","slug":"donaciones","status":"publish","type":"page","link":"https:\/\/www.popesprayer.va\/es\/donaciones\/","title":{"rendered":"Donaciones"},"content":{"rendered":"\n<div class=\"et_pb_section_0 et_pb_section et_section_specialty et_pb_equal_columns et_pb_gutters3 et_block_section section_has_divider et_pb_bottom_divider\"><div class=\"et_pb_row et_block_row\"><div class=\"et_pb_column_0 et_pb_column et_pb_column_single et_pb_column_1_2 et_block_column et_pb_css_mix_blend_mode_passthrough\"><div class=\"et_pb_text_0 et_pb_text et_pb_bg_layout_light et_animated et_pb_module et_block_module\"><div class=\"et_pb_text_inner\"><h1>Haz latir<\/h1>\n<h2>la misi\u00f3n del Papa<\/h2>\n<\/div><\/div><div class=\"et_pb_text_1 et_pb_text et_pb_bg_layout_light et_pb_module et_block_module\"><div class=\"et_pb_text_inner\"><p>Tu ayuda es fundamental para que podamos seguir llevando a cabo nuestra <strong>misi\u00f3n de compasi\u00f3n<\/strong> en el mundo.<\/p>\n<\/div><\/div><div class=\"et_pb_module et_pb_button_module_wrapper et_pb_button_0_wrapper\"><a class=\"et_pb_button_0 et_pb_button et_pb_bg_layout_light et_animated et_pb_module et_block_module\" href=\"#donate\">Dona hoy<\/a><\/div><\/div><div class=\"et_pb_column_1 et_pb_column et_pb_specialty_column et_pb_column_1_2 et-last-child et_block_column et_pb_css_mix_blend_mode_passthrough\"><div class=\"et_pb_row_inner_0 et_pb_row_inner et_pb_gutters1 et_block_row\"><div class=\"et_pb_column_inner_0 et_pb_column_inner et_pb_column et_pb_column_1_4 et_block_column et_pb_css_mix_blend_mode_passthrough\"><div class=\"et_pb_image_0 et_pb_image et_animated et_pb_module et_block_module\"><span class=\"et_pb_image_wrap\"><img loading=\"lazy\" decoding=\"async\" src=\"https:\/\/www.popesprayer.va\/wp-content\/uploads\/2026\/01\/audienciapapa4.jpeg\" width=\"1280\" height=\"844\" class=\"wp-image-92841\" title=\"DS6E351-2048x1365\" \/><\/span><\/div><div class=\"et_pb_image_1 et_pb_image et_animated et_pb_module et_block_module\"><span class=\"et_pb_image_wrap\"><img loading=\"lazy\" decoding=\"async\" src=\"https:\/\/www.popesprayer.va\/wp-content\/uploads\/2026\/07\/WhatsApp-Image-2026-05-22-at-11.51.34.jpg.jpeg\" width=\"1404\" height=\"1404\" class=\"wp-image-99765\" title=\"250302466_2418536451610360_37849157566792672_n\" \/><\/span><\/div><\/div><div class=\"et_pb_column_inner_1 et_pb_column_inner et_pb_column et_pb_column_1_4 et-last-child et_block_column et_pb_css_mix_blend_mode_passthrough\"><div class=\"et_pb_image_2 et_pb_image et_animated et_pb_module et_block_module\"><span class=\"et_pb_image_wrap\"><img loading=\"lazy\" decoding=\"async\" src=\"https:\/\/www.popesprayer.va\/wp-content\/uploads\/2026\/07\/483170708_18490858183005426_679565512428917546_n.jpg.jpeg\" width=\"1440\" height=\"1800\" class=\"wp-image-99617\" alt=\"277788475_2537631799700824_8138970516412123860_n (1)\" title=\"277788475_2537631799700824_8138970516412123860_n (1)\" \/><\/span><\/div><div class=\"et_pb_image_3 et_pb_image et_animated et_pb_module et_block_module\"><span class=\"et_pb_image_wrap\"><img loading=\"lazy\" decoding=\"async\" src=\"https:\/\/www.popesprayer.va\/wp-content\/uploads\/2026\/03\/WhatsApp-Image-2026-02-26-at-10.29.50-PM-22-1-1.jpeg\" width=\"1600\" height=\"1200\" class=\"wp-image-93695\" alt=\"casa-4\" title=\"casa-4\" \/><\/span><\/div><\/div><\/div><\/div><\/div><div class=\"et_pb_bottom_inside_divider et-no-transition\"><\/div><\/div><div class=\"et_pb_section_2 et_pb_section et_section_regular et_block_section section_has_divider et_pb_bottom_divider\" id=\"open\"><div class=\"et_pb_row_1 et_pb_row et_block_row preset--module--divi-row--default\"><div class=\"et_pb_column_4 et_pb_column et_pb_column_1_2 et_block_column et_pb_css_mix_blend_mode_passthrough\"><div class=\"et_pb_text_4 et_pb_text et_pb_bg_layout_light et_animated et_pb_module et_block_module\"><div class=\"et_pb_text_inner\"><h1><strong>Tu fe se convierte en un gesto concreto de solidaridad<\/strong><\/h1>\n<\/div><\/div><div class=\"et_pb_text_5 et_pb_text et_pb_bg_layout_light et_animated et_pb_module et_block_module\"><div class=\"et_pb_text_inner\"><p data-start=\"750\" data-end=\"824\"><span class=\"a_GcMg font-feature-liga-off font-feature-clig-off font-feature-calt-off text-decoration-none text-strikethrough-none\">Tu apoyo ayuda a <\/span><span class=\"a_GcMg font-feature-liga-off font-feature-clig-off font-feature-calt-off text-decoration-none text-strikethrough-none\">a difundir la oraci\u00f3n, la esperanza y la acci\u00f3n en todo el mundo.<\/span><span class=\"a_GcMg font-feature-liga-off font-feature-clig-off font-feature-calt-off text-decoration-none text-strikethrough-none\"> Cada contribuci\u00f3n fortalece esta misi\u00f3n, acercando a las personas a Dios y respondiendo a los desaf\u00edos de la humanidad, a trav\u00e9s de:<\/span><\/p>\n<\/div><\/div><\/div><div class=\"et_pb_column_5 et_pb_column et_pb_column_1_2 et-last-child et_block_column et_pb_css_mix_blend_mode_passthrough\"><div class=\"et_pb_text_6 et_pb_text et_pb_bg_layout_light et_animated et_pb_module et_block_module\"><\/div><\/div><\/div><div class=\"et_pb_row_2 et_pb_row et_pb_row_4col et_pb_equal_columns et_block_row et_block_row_4col preset--module--divi-row--default\"><div class=\"et_pb_column_6 et_pb_column et_pb_column_1_4 et_block_column et_pb_column_empty et_pb_css_mix_blend_mode_passthrough\"><\/div><div class=\"et_pb_column_7 et_pb_column et_pb_column_1_4 et_block_column et_pb_css_mix_blend_mode_passthrough\"><div class=\"et_pb_blurb_0 et_pb_blurb et_pb_bg_layout_light et_pb_blurb_position_top et_animated et_pb_module et_block_module\"><div class=\"et_pb_blurb_content\"><div class=\"et_pb_main_blurb_image et_animated\"><span class=\"et_pb_image_wrap\"><span class=\"et-pb-icon\">\uf518<\/span><\/span><\/div><div class=\"et_pb_blurb_container\"><h4 class=\"et_pb_module_header\">Formaci\u00f3n<\/h4><div class=\"et_pb_blurb_description\"><p><a href=\"https:\/\/www.popesprayer.va\/es\/quienes-somos\/#twh\" target=\"_blank\" rel=\"noopener\"><strong>El Camino del Coraz\u00f3n,<\/strong><\/a> nuestro itinerario espiritual que transforma vidas en los 5 continentes.<\/p>\n<\/div><\/div><\/div><\/div><\/div><div class=\"et_pb_column_8 et_pb_column et_pb_column_1_4 et_block_column et_pb_css_mix_blend_mode_passthrough\"><div class=\"et_pb_blurb_1 et_pb_blurb et_pb_bg_layout_light et_pb_blurb_position_top et_animated et_pb_module et_block_module\"><div class=\"et_pb_blurb_content\"><div class=\"et_pb_main_blurb_image et_animated\"><span class=\"et_pb_image_wrap\"><span class=\"et-pb-icon\">\uf684<\/span><\/span><\/div><div class=\"et_pb_blurb_container\"><h4 class=\"et_pb_module_header\">Oraci\u00f3n<\/h4><div class=\"et_pb_blurb_description\"><p>Campa\u00f1as digitales como <a href=\"https:\/\/www.popesprayer.va\/es\/rezaconelpapa\/\" target=\"_blank\" rel=\"noopener\"><strong>Reza con el Papa <\/strong><\/a>y <a href=\"https:\/\/clicktopray.org\/\" target=\"_blank\" rel=\"noopener\"><strong>Click To Pray<\/strong><\/a>movilizando a millones de personas ante los retos a los que se enfrenta la humanidad.<\/p>\n<\/div><\/div><\/div><\/div><\/div><div class=\"et_pb_column_9 et_pb_column et_pb_column_1_4 et-last-child et_block_column et_pb_css_mix_blend_mode_passthrough\"><div class=\"et_pb_blurb_2 et_pb_blurb et_pb_bg_layout_light et_pb_blurb_position_top et_animated et_pb_module et_block_module\"><div class=\"et_pb_blurb_content\"><div class=\"et_pb_main_blurb_image et_animated\"><span class=\"et_pb_image_wrap\"><span class=\"et-pb-icon\">\uf4be<\/span><\/span><\/div><div class=\"et_pb_blurb_container\"><h4 class=\"et_pb_module_header\">Servicio<\/h4><div class=\"et_pb_blurb_description\"><p>El <strong><span style=\"color: #ffffff;\"><a href=\"https:\/\/www.popesprayer.va\/es\/movimiento-juvenil-eucaristico\/\" target=\"_blank\" rel=\"noopener\" style=\"color: #ffffff;\">Movimiento Eucar\u00edstico Juvenil<\/a><\/span><\/strong> ayuda a los j\u00f3venes a crecer en la esperanza y en la fe.<\/p>\n<\/div><\/div><\/div><\/div><\/div><\/div><div class=\"et_pb_bottom_inside_divider et-no-transition\"><\/div><\/div><div class=\"et_pb_section_3 et_pb_section et_section_regular et_block_section\" id=\"donate\"><div class=\"et_pb_row_3 et_pb_row et_block_row et_animated preset--module--divi-row--default\"><div class=\"et_pb_column_10 et_pb_column et_pb_column_3_5 et_block_column et_pb_css_mix_blend_mode_passthrough\"><div class=\"et_pb_text_7 et_pb_text et_pb_bg_layout_light et_animated et_pb_module et_block_module\"><div class=\"et_pb_text_inner\"><h2><strong>Dona hoy<\/strong><\/h2>\n<\/div><\/div><div class=\"et_pb_text_8 et_pb_text et_pb_bg_layout_light et_animated et_pb_module et_block_module\"><div class=\"et_pb_text_inner\"><p>Colabora de forma segura a trav\u00e9s de nuestro formulario Donorbox o mediante transferencia bancaria:<\/p>\n<\/div><\/div><\/div><div class=\"et_pb_column_11 et_pb_column et_pb_column_2_5 et-last-child et_block_column et_pb_column_empty et_pb_css_mix_blend_mode_passthrough\"><\/div><\/div><div class=\"et_pb_row_4 et_pb_row et_block_row preset--module--divi-row--default\"><div class=\"et_pb_column_12 et_pb_column et_pb_column_1_2 et_block_column et_pb_css_mix_blend_mode_passthrough\"><div class=\"et_pb_code_2 et_pb_code et_pb_module\"><div class=\"et_pb_code_inner\"><div align=\"center\">\n<script src=\"https:\/\/donorbox.org\/widget.js\" paypalexpress=\"false\"><\/script> <iframe loading=\"lazy\" src=\"https:\/\/donorbox.org\/embed\/popesprayer?\" name=\"donorbox\" allowpaymentrequest=\"allowpaymentrequest\" seamless=\"seamless\" frameborder=\"0\" scrolling=\"no\" height=\"900px\" width=\"100%\" style=\"max-width: 500px; min-width: 250px; max-height:none!important\" allow=\"payment\"><\/iframe>\n<\/div><\/div><\/div><\/div><div class=\"et_pb_column_13 et_pb_column et_pb_column_1_2 et-last-child et_block_column et_pb_css_mix_blend_mode_passthrough\"><div class=\"et_pb_text_9 et_pb_text et_pb_bg_layout_light et_animated et_pb_module et_block_module\"><div class=\"et_pb_text_inner\" data-et-mv-hidden-phone=\"true\"><h3><strong data-start=\"741\" data-end=\"766\">Transferencias en EURO (\u20ac)<\/strong><\/h3>\n<ul>\n<li><strong>Banco:<\/strong> IOR - Istituto per le Opere di Religione<\/li>\n<li><strong>Nombre de la cuenta:<\/strong> Rete Mondiale di Preghiera del Papa<\/li>\n<li><strong>IBAN:<\/strong> VA55001000000048604001<\/li>\n<li><strong>C\u00f3digo SWIFT: <\/strong>IOPRVAVX<\/li>\n<\/ul>\n<\/div><\/div><div class=\"et_pb_text_10 et_pb_text et_pb_bg_layout_light et_animated et_pb_module et_block_module\"><div class=\"et_pb_text_inner\"><h3><strong data-start=\"741\" data-end=\"766\">Transferencias en USD ($)<\/strong><\/h3>\n<ul>\n<li><strong>Banco:<\/strong> IOR - Istituto per le Opere di Religione<\/li>\n<li><strong>Nombre de la cuenta:<\/strong> Rete Mondiale di Preghiera del Papa<\/li>\n<li><strong>IBAN:<\/strong> VA28001000000048604002<\/li>\n<li><strong>C\u00f3digo SWIFT: <\/strong>IOPRVAVX<\/li>\n<\/ul>\n<\/div><\/div><\/div><\/div><div class=\"et_pb_row_5 et_pb_row et_block_row et_animated preset--module--divi-row--default\"><div class=\"et_pb_column_14 et_pb_column et_pb_column_4_4 et-last-child et_block_column et_pb_css_mix_blend_mode_passthrough\"><div class=\"et_pb_text_11 et_pb_text et_pb_bg_layout_light et_animated et_pb_module et_block_module\"><div class=\"et_pb_text_inner\"><p><em>Sistemas protegidos mediante SSL\/TLS. Cumplimiento estricto de los requisitos PCI. Al seleccionar una donaci\u00f3n recurrente, Donorbox te permitir\u00e1 gestionar tu cuenta personal.  <\/em><\/p>\n<\/div><\/div><div class=\"et_pb_text_12 et_pb_text et_pb_bg_layout_light et_animated et_pb_module et_block_module\"><div class=\"et_pb_text_inner\"><p><em>Como gesto de gratitud, la Red de Oraci\u00f3n se compromete a rezar por ti. Los nombres y las intenciones de nuestros donantes se presentan durante la Eucarist\u00eda del primer viernes de cada mes. <\/em><\/p>\n<\/div><\/div><\/div><\/div><\/div><div class=\"et_pb_section_4 et_pb_section et_section_regular et_block_section section_has_divider et_pb_top_divider et_pb_bottom_divider\"><div class=\"et_pb_top_inside_divider et-no-transition\"><\/div><div class=\"et_pb_row_6 et_pb_row et_block_row preset--module--divi-row--default\"><div class=\"et_pb_column_15 et_pb_column et_pb_column_2_3 et_block_column et_pb_css_mix_blend_mode_passthrough et_animated\"><div class=\"et_pb_text_13 et_pb_text et_pb_bg_layout_light et_animated et_pb_module et_block_module\"><div class=\"et_pb_text_inner\"><h3><strong>Beneficios fiscales<\/strong><\/h3>\n<\/div><\/div><div class=\"et_pb_text_14 et_pb_text et_pb_bg_layout_light et_animated et_pb_module et_block_module\"><div class=\"et_pb_text_inner\"><p>Para donaciones con beneficios fiscales, ponte en contacto con nosotros en <a href=\"mailto:fundraising@popesprayer.va\">fundraising@popesprayer.va<\/a> para recibir asistencia personalizada.<\/p>\n<\/div><\/div><\/div><div class=\"et_pb_column_16 et_pb_column et_pb_column_1_3 et-last-child et_block_column et_pb_column_empty et_pb_css_mix_blend_mode_passthrough\"><\/div><\/div><div class=\"et_pb_bottom_inside_divider et-no-transition\"><\/div><\/div>\n","protected":false},"excerpt":{"rendered":"","protected":false},"author":2,"featured_media":99269,"parent":0,"menu_order":0,"comment_status":"closed","ping_status":"closed","template":"","meta":{"_acf_changed":false,"footnotes":""},"class_list":["post-97189","page","type-page","status-publish","has-post-thumbnail","hentry"],"acf":[],"yoast_head":"<!-- This site is optimized with the Yoast SEO plugin v28.4 - https:\/\/yoast.com\/product\/yoast-seo-wordpress\/ -->\n<title>Donaciones - Red Mundial de Oraci\u00f3n del Papa<\/title>\n<meta name=\"robots\" content=\"index, follow, max-snippet:-1, max-image-preview:large, max-video-preview:-1\" \/>\n<link rel=\"canonical\" href=\"https:\/\/www.popesprayer.va\/es\/donaciones\/\" \/>\n<meta property=\"og:locale\" content=\"es_ES\" \/>\n<meta property=\"og:type\" content=\"article\" \/>\n<meta property=\"og:title\" content=\"Donaciones - Red Mundial de Oraci\u00f3n del Papa\" \/>\n<meta property=\"og:url\" content=\"https:\/\/www.popesprayer.va\/es\/donaciones\/\" \/>\n<meta property=\"og:site_name\" content=\"Red Mundial de Oraci\u00f3n del Papa\" \/>\n<meta property=\"article:modified_time\" content=\"2026-07-06T05:53:48+00:00\" \/>\n<meta property=\"og:image\" content=\"https:\/\/www.popesprayer.va\/wp-content\/uploads\/2026\/06\/fundraising-gw.png\" \/>\n\t<meta property=\"og:image:width\" content=\"1240\" \/>\n\t<meta property=\"og:image:height\" content=\"704\" \/>\n\t<meta property=\"og:image:type\" content=\"image\/png\" \/>\n<meta name=\"twitter:card\" content=\"summary_large_image\" \/>\n<script type=\"application\/ld+json\" class=\"yoast-schema-graph\">{\"@context\":\"https:\\\/\\\/schema.org\",\"@graph\":[{\"@type\":\"WebPage\",\"@id\":\"https:\\\/\\\/www.popesprayer.va\\\/es\\\/donaciones\\\/\",\"url\":\"https:\\\/\\\/www.popesprayer.va\\\/es\\\/donaciones\\\/\",\"name\":\"Donaciones - Red Mundial de Oraci\u00f3n del Papa\",\"isPartOf\":{\"@id\":\"https:\\\/\\\/www.popesprayer.va\\\/es\\\/#website\"},\"primaryImageOfPage\":{\"@id\":\"https:\\\/\\\/www.popesprayer.va\\\/es\\\/donaciones\\\/#primaryimage\"},\"image\":{\"@id\":\"https:\\\/\\\/www.popesprayer.va\\\/es\\\/donaciones\\\/#primaryimage\"},\"thumbnailUrl\":\"https:\\\/\\\/www.popesprayer.va\\\/wp-content\\\/uploads\\\/2026\\\/06\\\/fundraising-gw.png\",\"datePublished\":\"2026-05-05T18:06:00+00:00\",\"dateModified\":\"2026-07-06T05:53:48+00:00\",\"breadcrumb\":{\"@id\":\"https:\\\/\\\/www.popesprayer.va\\\/es\\\/donaciones\\\/#breadcrumb\"},\"inLanguage\":\"es\",\"potentialAction\":[{\"@type\":\"ReadAction\",\"target\":[\"https:\\\/\\\/www.popesprayer.va\\\/es\\\/donaciones\\\/\"]}]},{\"@type\":\"ImageObject\",\"inLanguage\":\"es\",\"@id\":\"https:\\\/\\\/www.popesprayer.va\\\/es\\\/donaciones\\\/#primaryimage\",\"url\":\"https:\\\/\\\/www.popesprayer.va\\\/wp-content\\\/uploads\\\/2026\\\/06\\\/fundraising-gw.png\",\"contentUrl\":\"https:\\\/\\\/www.popesprayer.va\\\/wp-content\\\/uploads\\\/2026\\\/06\\\/fundraising-gw.png\",\"width\":1240,\"height\":704,\"caption\":\"recaudaci\u00f3n de fondos-gw\"},{\"@type\":\"BreadcrumbList\",\"@id\":\"https:\\\/\\\/www.popesprayer.va\\\/es\\\/donaciones\\\/#breadcrumb\",\"itemListElement\":[{\"@type\":\"ListItem\",\"position\":1,\"name\":\"Inicio\",\"item\":\"https:\\\/\\\/www.popesprayer.va\\\/es\\\/\"},{\"@type\":\"ListItem\",\"position\":2,\"name\":\"Donaciones\"}]},{\"@type\":\"WebSite\",\"@id\":\"https:\\\/\\\/www.popesprayer.va\\\/es\\\/#website\",\"url\":\"https:\\\/\\\/www.popesprayer.va\\\/es\\\/\",\"name\":\"Pope's Worldwide Prayer Network\",\"description\":\"Pray together, change the world\",\"publisher\":{\"@id\":\"https:\\\/\\\/www.popesprayer.va\\\/es\\\/#organization\"},\"potentialAction\":[{\"@type\":\"SearchAction\",\"target\":{\"@type\":\"EntryPoint\",\"urlTemplate\":\"https:\\\/\\\/www.popesprayer.va\\\/es\\\/?s={search_term_string}\"},\"query-input\":{\"@type\":\"PropertyValueSpecification\",\"valueRequired\":true,\"valueName\":\"search_term_string\"}}],\"inLanguage\":\"es\"},{\"@type\":\"Organization\",\"@id\":\"https:\\\/\\\/www.popesprayer.va\\\/es\\\/#organization\",\"name\":\"Red Mundial de Oraci\u00f3n del Papa\",\"url\":\"https:\\\/\\\/www.popesprayer.va\\\/es\\\/\",\"logo\":{\"@type\":\"ImageObject\",\"inLanguage\":\"es\",\"@id\":\"https:\\\/\\\/www.popesprayer.va\\\/es\\\/#\\\/schema\\\/logo\\\/image\\\/\",\"url\":\"https:\\\/\\\/www.popesprayer.va\\\/wp-content\\\/uploads\\\/2025\\\/01\\\/Logo-Popes-Worldwide-Prayer-Network-Pontifical-Work-EN-Horizontal.png\",\"contentUrl\":\"https:\\\/\\\/www.popesprayer.va\\\/wp-content\\\/uploads\\\/2025\\\/01\\\/Logo-Popes-Worldwide-Prayer-Network-Pontifical-Work-EN-Horizontal.png\",\"width\":1328,\"height\":228,\"caption\":\"Red Mundial de Oraci\u00f3n del Papa\"},\"image\":{\"@id\":\"https:\\\/\\\/www.popesprayer.va\\\/es\\\/#\\\/schema\\\/logo\\\/image\\\/\"}}]}<\/script>\n<!-- \/ Yoast SEO plugin. -->","yoast_head_json":{"title":"Donaciones - Red Mundial de Oraci\u00f3n del Papa","robots":{"index":"index","follow":"follow","max-snippet":"max-snippet:-1","max-image-preview":"max-image-preview:large","max-video-preview":"max-video-preview:-1"},"canonical":"https:\/\/www.popesprayer.va\/es\/donaciones\/","og_locale":"es_ES","og_type":"article","og_title":"Donaciones - Red Mundial de Oraci\u00f3n del Papa","og_url":"https:\/\/www.popesprayer.va\/es\/donaciones\/","og_site_name":"Red Mundial de Oraci\u00f3n del Papa","article_modified_time":"2026-07-06T05:53:48+00:00","og_image":[{"width":1240,"height":704,"url":"https:\/\/www.popesprayer.va\/wp-content\/uploads\/2026\/06\/fundraising-gw.png","type":"image\/png"}],"twitter_card":"summary_large_image","schema":{"@context":"https:\/\/schema.org","@graph":[{"@type":"WebPage","@id":"https:\/\/www.popesprayer.va\/es\/donaciones\/","url":"https:\/\/www.popesprayer.va\/es\/donaciones\/","name":"Donaciones - Red Mundial de Oraci\u00f3n del Papa","isPartOf":{"@id":"https:\/\/www.popesprayer.va\/es\/#website"},"primaryImageOfPage":{"@id":"https:\/\/www.popesprayer.va\/es\/donaciones\/#primaryimage"},"image":{"@id":"https:\/\/www.popesprayer.va\/es\/donaciones\/#primaryimage"},"thumbnailUrl":"https:\/\/www.popesprayer.va\/wp-content\/uploads\/2026\/06\/fundraising-gw.png","datePublished":"2026-05-05T18:06:00+00:00","dateModified":"2026-07-06T05:53:48+00:00","breadcrumb":{"@id":"https:\/\/www.popesprayer.va\/es\/donaciones\/#breadcrumb"},"inLanguage":"es","potentialAction":[{"@type":"ReadAction","target":["https:\/\/www.popesprayer.va\/es\/donaciones\/"]}]},{"@type":"ImageObject","inLanguage":"es","@id":"https:\/\/www.popesprayer.va\/es\/donaciones\/#primaryimage","url":"https:\/\/www.popesprayer.va\/wp-content\/uploads\/2026\/06\/fundraising-gw.png","contentUrl":"https:\/\/www.popesprayer.va\/wp-content\/uploads\/2026\/06\/fundraising-gw.png","width":1240,"height":704,"caption":"recaudaci\u00f3n de fondos-gw"},{"@type":"BreadcrumbList","@id":"https:\/\/www.popesprayer.va\/es\/donaciones\/#breadcrumb","itemListElement":[{"@type":"ListItem","position":1,"name":"Inicio","item":"https:\/\/www.popesprayer.va\/es\/"},{"@type":"ListItem","position":2,"name":"Donaciones"}]},{"@type":"WebSite","@id":"https:\/\/www.popesprayer.va\/es\/#website","url":"https:\/\/www.popesprayer.va\/es\/","name":"Pope's Worldwide Prayer Network","description":"Pray together, change the world","publisher":{"@id":"https:\/\/www.popesprayer.va\/es\/#organization"},"potentialAction":[{"@type":"SearchAction","target":{"@type":"EntryPoint","urlTemplate":"https:\/\/www.popesprayer.va\/es\/?s={search_term_string}"},"query-input":{"@type":"PropertyValueSpecification","valueRequired":true,"valueName":"search_term_string"}}],"inLanguage":"es"},{"@type":"Organization","@id":"https:\/\/www.popesprayer.va\/es\/#organization","name":"Red Mundial de Oraci\u00f3n del Papa","url":"https:\/\/www.popesprayer.va\/es\/","logo":{"@type":"ImageObject","inLanguage":"es","@id":"https:\/\/www.popesprayer.va\/es\/#\/schema\/logo\/image\/","url":"https:\/\/www.popesprayer.va\/wp-content\/uploads\/2025\/01\/Logo-Popes-Worldwide-Prayer-Network-Pontifical-Work-EN-Horizontal.png","contentUrl":"https:\/\/www.popesprayer.va\/wp-content\/uploads\/2025\/01\/Logo-Popes-Worldwide-Prayer-Network-Pontifical-Work-EN-Horizontal.png","width":1328,"height":228,"caption":"Red Mundial de Oraci\u00f3n del Papa"},"image":{"@id":"https:\/\/www.popesprayer.va\/es\/#\/schema\/logo\/image\/"}}]}},"_links":{"self":[{"href":"https:\/\/www.popesprayer.va\/es\/wp-json\/wp\/v2\/pages\/97189","targetHints":{"allow":["GET"]}}],"collection":[{"href":"https:\/\/www.popesprayer.va\/es\/wp-json\/wp\/v2\/pages"}],"about":[{"href":"https:\/\/www.popesprayer.va\/es\/wp-json\/wp\/v2\/types\/page"}],"author":[{"embeddable":true,"href":"https:\/\/www.popesprayer.va\/es\/wp-json\/wp\/v2\/users\/2"}],"replies":[{"embeddable":true,"href":"https:\/\/www.popesprayer.va\/es\/wp-json\/wp\/v2\/comments?post=97189"}],"version-history":[{"count":133,"href":"https:\/\/www.popesprayer.va\/es\/wp-json\/wp\/v2\/pages\/97189\/revisions"}],"predecessor-version":[{"id":100032,"href":"https:\/\/www.popesprayer.va\/es\/wp-json\/wp\/v2\/pages\/97189\/revisions\/100032"}],"wp:featuredmedia":[{"embeddable":true,"href":"https:\/\/www.popesprayer.va\/es\/wp-json\/wp\/v2\/media\/99269"}],"wp:attachment":[{"href":"https:\/\/www.popesprayer.va\/es\/wp-json\/wp\/v2\/media?parent=97189"}],"curies":[{"name":"wp","href":"https:\/\/api.w.org\/{rel}","templated":true}]}}