{"version":"1.0","provider_name":"R\u00e9seau Mondial de Pri\u00e8re du Pape","provider_url":"https:\/\/www.popesprayer.va\/fr\/","title":"Revue \u00ab Pri\u00e8re et Service \u00bb - R\u00e9seau Mondial de Pri\u00e8re du Pape","type":"rich","width":600,"height":338,"html":"<blockquote class=\"wp-embedded-content\" data-secret=\"eHEioMOu0J\"><a href=\"https:\/\/www.popesprayer.va\/fr\/magazine-de-priere-et-de-service\/\">Revue \u00ab Pri\u00e8re et Service \u00bb<\/a><\/blockquote><iframe sandbox=\"allow-scripts\" security=\"restricted\" src=\"https:\/\/www.popesprayer.va\/fr\/magazine-de-priere-et-de-service\/embed\/#?secret=eHEioMOu0J\" width=\"600\" height=\"338\" title=\"&#8220;Revue \u00ab Pri\u00e8re et Service \u00bb&#8221; &#8212; R\u00e9seau Mondial de Pri\u00e8re du Pape\" data-secret=\"eHEioMOu0J\" frameborder=\"0\" marginwidth=\"0\" marginheight=\"0\" scrolling=\"no\" class=\"wp-embedded-content\"><\/iframe><script type=\"text\/javascript\">\n\/* <![CDATA[ *\/\n\/*! This file is auto-generated *\/\n!function(d,l){\"use strict\";l.querySelector&&d.addEventListener&&\"undefined\"!=typeof URL&&(d.wp=d.wp||{},d.wp.receiveEmbedMessage||(d.wp.receiveEmbedMessage=function(e){var t=e.data;if((t||t.secret||t.message||t.value)&&!\/[^a-zA-Z0-9]\/.test(t.secret)){for(var s,r,n,a=l.querySelectorAll('iframe[data-secret=\"'+t.secret+'\"]'),o=l.querySelectorAll('blockquote[data-secret=\"'+t.secret+'\"]'),c=new RegExp(\"^https?:$\",\"i\"),i=0;i<o.length;i++)o[i].style.display=\"none\";for(i=0;i<a.length;i++)s=a[i],e.source===s.contentWindow&&(s.removeAttribute(\"style\"),\"height\"===t.message?(1e3<(r=parseInt(t.value,10))?r=1e3:~~r<200&&(r=200),s.height=r):\"link\"===t.message&&(r=new URL(s.getAttribute(\"src\")),n=new URL(t.value),c.test(n.protocol))&&n.host===r.host&&l.activeElement===s&&(d.top.location.href=t.value))}},d.addEventListener(\"message\",d.wp.receiveEmbedMessage,!1),l.addEventListener(\"DOMContentLoaded\",function(){for(var e,t,s=l.querySelectorAll(\"iframe.wp-embedded-content\"),r=0;r<s.length;r++)(t=(e=s[r]).getAttribute(\"data-secret\"))||(t=Math.random().toString(36).substring(2,12),e.src+=\"#?secret=\"+t,e.setAttribute(\"data-secret\",t)),e.contentWindow.postMessage({message:\"ready\",secret:t},\"*\")},!1)))}(window,document);\n\/\/# sourceURL=https:\/\/www.popesprayer.va\/wp-includes\/js\/wp-embed.min.js\n\/* ]]> *\/\n<\/script>\n","thumbnail_url":"https:\/\/www.popesprayer.va\/wp-content\/uploads\/2025\/12\/FR_Oracion_y_servicio_25-1.jpg","thumbnail_width":1414,"thumbnail_height":2000,"description":"C&rsquo;est avec gratitude et simplicit\u00e9 que nous vous pr\u00e9sentons cette nouvelle \u00e9dition de la revue Pri\u00e8re et Service du R\u00e9seau Mondial de Pri\u00e8re du Pape, qui refl\u00e8te une ann\u00e9e magnifique et intense. L&rsquo;ann\u00e9e 2025 a \u00e9t\u00e9 une ann\u00e9e jubilaire pour toute l&rsquo;\u00c9glise catholique, sous le th\u00e8me \u00ab P\u00e8lerins d&rsquo;esp\u00e9rance \u00bb. Mais cette ann\u00e9e, nous avons [&hellip;]"}