{"version":"1.0","provider_name":"R\u00e9seau Mondial de Pri\u00e8re du Pape","provider_url":"https:\/\/www.popesprayer.va\/fr\/","title":"Prie avec le Pape - R\u00e9seau Mondial de Pri\u00e8re du Pape","type":"rich","width":600,"height":338,"html":"<blockquote class=\"wp-embedded-content\" data-secret=\"SxFItlxa8Q\"><a href=\"https:\/\/www.popesprayer.va\/fr\/prie-avec-le-pape\/\">Prie avec le Pape<\/a><\/blockquote><iframe sandbox=\"allow-scripts\" security=\"restricted\" src=\"https:\/\/www.popesprayer.va\/fr\/prie-avec-le-pape\/embed\/#?secret=SxFItlxa8Q\" width=\"600\" height=\"338\" title=\"&#8220;Prie avec le Pape&#8221; &#8212; R\u00e9seau Mondial de Pri\u00e8re du Pape\" data-secret=\"SxFItlxa8Q\" frameborder=\"0\" marginwidth=\"0\" marginheight=\"0\" scrolling=\"no\" class=\"wp-embedded-content\"><\/iframe><script type=\"text\/javascript\">\n\/* <![CDATA[ *\/\n\/*! This file is auto-generated *\/\n!function(d,l){\"use strict\";l.querySelector&&d.addEventListener&&\"undefined\"!=typeof URL&&(d.wp=d.wp||{},d.wp.receiveEmbedMessage||(d.wp.receiveEmbedMessage=function(e){var t=e.data;if((t||t.secret||t.message||t.value)&&!\/[^a-zA-Z0-9]\/.test(t.secret)){for(var s,r,n,a=l.querySelectorAll('iframe[data-secret=\"'+t.secret+'\"]'),o=l.querySelectorAll('blockquote[data-secret=\"'+t.secret+'\"]'),c=new RegExp(\"^https?:$\",\"i\"),i=0;i<o.length;i++)o[i].style.display=\"none\";for(i=0;i<a.length;i++)s=a[i],e.source===s.contentWindow&&(s.removeAttribute(\"style\"),\"height\"===t.message?(1e3<(r=parseInt(t.value,10))?r=1e3:~~r<200&&(r=200),s.height=r):\"link\"===t.message&&(r=new URL(s.getAttribute(\"src\")),n=new URL(t.value),c.test(n.protocol))&&n.host===r.host&&l.activeElement===s&&(d.top.location.href=t.value))}},d.addEventListener(\"message\",d.wp.receiveEmbedMessage,!1),l.addEventListener(\"DOMContentLoaded\",function(){for(var e,t,s=l.querySelectorAll(\"iframe.wp-embedded-content\"),r=0;r<s.length;r++)(t=(e=s[r]).getAttribute(\"data-secret\"))||(t=Math.random().toString(36).substring(2,12),e.src+=\"#?secret=\"+t,e.setAttribute(\"data-secret\",t)),e.contentWindow.postMessage({message:\"ready\",secret:t},\"*\")},!1)))}(window,document);\n\/\/# sourceURL=https:\/\/www.popesprayer.va\/wp-includes\/js\/wp-embed.min.js\n\/* ]]> *\/\n<\/script>\n","thumbnail_url":"https:\/\/www.popesprayer.va\/wp-content\/uploads\/2025\/12\/LP-header-Jan-2026-scaled.jpeg","thumbnail_width":2560,"thumbnail_height":1208,"description":"Un appel renouvel\u00e9 \u00e0 prier pour ses intentions mensuelles de pri\u00e8re Le R\u00e9seau Mondial de Pri\u00e8re du Pape et le Dicast\u00e8re pour la Communication annoncent une nouvelle initiative au service de la mission du Saint-P\u00e8re: le projet \u00ab Prie avec le Pape \u00bb. \u00c0 partir de ce mois-ci, et dans la continuit\u00e9 de la mission [&hellip;]"}