{"id":84259,"date":"2025-04-14T13:01:08","date_gmt":"2025-04-14T11:01:08","guid":{"rendered":"https:\/\/www.popesprayer.va\/qui-sommes-nous\/"},"modified":"2026-07-29T15:35:59","modified_gmt":"2026-07-29T13:35:59","slug":"qui-sommes-nous","status":"publish","type":"page","link":"https:\/\/www.popesprayer.va\/fr\/qui-sommes-nous\/","title":{"rendered":"Qui sommes-nous ?"},"content":{"rendered":"<div class=\"et_pb_section_0 et_pb_section et_section_regular et_block_section section_has_divider et_pb_top_divider et_pb_bottom_divider\"><div class=\"et_pb_top_inside_divider et-no-transition\"><\/div>\n<div class=\"et_pb_row_0 et_pb_row et_block_row preset--module--divi-row--default\">\n<div class=\"et_pb_column_0 et_pb_column et_pb_column_3_5 et_block_column et_pb_css_mix_blend_mode_passthrough\">\n<div class=\"et_pb_text_0 et_pb_text et_pb_bg_layout_light et_pb_module et_block_module\"><div class=\"et_pb_text_inner\"><h1>Nous sommes<\/h1>\n<h2>Une communaut\u00e9 mondiale de pri\u00e8re et de mission<\/h2>\n<\/div><\/div>\n\n<div class=\"et_pb_text_1 et_pb_text et_pb_bg_layout_light et_pb_module et_block_module\"><div class=\"et_pb_text_inner\"><p data-start=\"323\" data-end=\"511\" class=\"\">Nous marchons ensemble, unis par les intentions du Pape, laissant nos c\u0153urs s'\u00e9mouvoir des besoins profonds du monde. Par la pri\u00e8re et la compassion, nous r\u00e9pondons, avec des millions de personnes, l\u00e0 o\u00f9 l'amour est le plus n\u00e9cessaire. <\/p>\n<\/div><\/div>\n<\/div>\n\n<div class=\"et_pb_column_1 et_pb_column et_pb_column_2_5 et-last-child et_block_column et_pb_column_empty et_pb_css_mix_blend_mode_passthrough\"><\/div>\n<\/div>\n<div class=\"et_pb_bottom_inside_divider et-no-transition\"><\/div><\/div>\n\n<div class=\"et_pb_section_1 et_pb_section et_section_regular et_block_section section_has_divider et_pb_bottom_divider\">\n<div class=\"et_pb_row_1 et_pb_row et_block_row preset--module--divi-row--default\">\n<div class=\"et_pb_column_2 et_pb_column et_pb_column_1_2 et_block_column et_pb_css_mix_blend_mode_passthrough\">\n<div class=\"et_pb_text_2 et_pb_text et_pb_bg_layout_light et_animated et_pb_module et_block_module\"><div class=\"et_pb_text_inner\"><h2 data-start=\"518\" data-end=\"562\">Enracin\u00e9s dans la foi,<br \/>ouverts au monde<\/h2>\n<p data-start=\"563\" data-end=\"826\" class=\"\">\n<\/div><\/div>\n<\/div>\n\n<div class=\"et_pb_column_3 et_pb_column et_pb_column_1_2 et-last-child et_block_column et_pb_css_mix_blend_mode_passthrough\">\n<div class=\"et_pb_text_3 et_pb_text et_pb_bg_layout_light et_animated et_pb_module et_block_module\"><div class=\"et_pb_text_inner\"><p data-start=\"563\" data-end=\"826\" class=\"\">Le R\u00e9seau Mondial de Pri\u00e8re du Pape est une <strong data-start=\"604\" data-end=\"657\">\u0153uvre pontificale confi\u00e9e \u00e0 la Compagnie de J\u00e9sus<\/strong>. Nous sommes pr\u00e9sents dans plus de <strong data-start=\"682\" data-end=\"698\">90 pays<\/strong>, formant une communaut\u00e9 spirituelle de plus de <strong data-start=\"743\" data-end=\"764\">22 millions de personnes<\/strong> qui cherchent \u00e0 vivre chaque jour dans la disponibilit\u00e9 \u00e0 la mission de Dieu. <\/p>\n<p data-start=\"828\" data-end=\"1067\" class=\"\">Au centre de notre vie se trouvent les <strong data-start=\"862\" data-end=\"903\">intentions de pri\u00e8re mensuelles du pape<\/strong>, qui nous invitent \u00e0 nous concentrer sur les d\u00e9fis urgents auxquels l'humanit\u00e9 et l'\u00c9glise sont confront\u00e9es. Ces intentions nous aident \u00e0 voir, \u00e0 sentir et \u00e0 servir avec un c\u0153ur comme celui de J\u00e9sus. <\/p>\n<\/div><\/div>\n\n<div class=\"et_pb_text_4 et_pb_text et_pb_bg_layout_light et_animated et_pb_module et_block_module\"><div class=\"et_pb_text_inner\"><p data-start=\"1069\" data-end=\"1248\" class=\"\">Nous grandissons ensemble gr\u00e2ce \u00e0 un cheminement spirituel appel\u00e9 <strong data-start=\"1118\" data-end=\"1142\">\u00ab Le Chemin du C\u0153ur<\/strong> \u00bb, qui nous aide \u00e0 conna\u00eetre J\u00e9sus plus intimement, \u00e0 \u00e9couter le monde avec compassion et \u00e0 offrir nos vies avec plus de profondeur et de libert\u00e9.<\/p>\n<p data-start=\"1250\" data-end=\"1420\" class=\"\">Nous ne sommes pas seulement des individus qui prient, nous sommes un <strong data-start=\"1296\" data-end=\"1328\">corps vivant, une famille mondiale<\/strong> qui croit que la pri\u00e8re peut r\u00e9veiller les c\u0153urs, vaincre l'indiff\u00e9rence et apporter un r\u00e9el changement.<\/p>\n<p data-start=\"1422\" data-end=\"1466\" class=\"\">Par la pri\u00e8re, le service et la formation spirituelle, nous relions les c\u0153urs \u00e0 travers les continents, grandissant dans la compassion et la solidarit\u00e9. Mais c'est plus qu'une simple pri\u00e8re - c'est une mission de vivre l'\u00c9vangile au quotidien, en transformant nos vies et le monde \u00e0 travers un voyage que nous appelons \"Le Chemin du C\u0153ur\". <\/p>\n<p class=\"p1\"><b>Et vous \u00eates les bienvenus dans cette famille!<\/b><\/p>\n<\/div><\/div>\n<\/div>\n<\/div>\n<div class=\"et_pb_bottom_inside_divider et-no-transition\"><\/div><\/div>\n\n<div class=\"et_pb_section_2 et_pb_section et_section_regular et_block_section\">\n<div class=\"et_pb_row_2 et_pb_row et_pb_equal_columns et_block_row preset--module--divi-row--default\">\n<div class=\"et_pb_column_4 et_pb_column et_pb_column_3_5 et_block_column et_pb_css_mix_blend_mode_passthrough\">\n<div class=\"et_pb_text_5 et_pb_text et_pb_bg_layout_light et_animated et_pb_module et_block_module\"><div class=\"et_pb_text_inner\"><h3 style=\"text-align: left;\"><strong>Notre histoire<\/strong><\/h3>\n<\/div><\/div>\n\n<div class=\"et_pb_text_6 et_pb_text et_pb_bg_layout_light et_animated et_pb_module et_block_module\"><div class=\"et_pb_text_inner\"><h2 data-start=\"518\" data-end=\"562\">D'une petite offrande <br \/>\u00e0 une mission mondiale<\/h2>\n<p data-start=\"563\" data-end=\"826\" class=\"\">\n<\/div><\/div>\n\n<div class=\"et_pb_module et_pb_button_module_wrapper et_pb_button_0_wrapper\"><a class=\"et_pb_button_0 et_pb_button et_pb_bg_layout_light et_pb_module et_block_module\" href=\"https:\/\/www.popesprayer.va\/wp-content\/uploads\/2025\/11\/FRA-Historia-RMOP.pdf\" target=\"_blank\">D\u00e9couvrez les dates les plus importantes<\/a><\/div>\n<\/div>\n\n<div class=\"et_pb_column_5 et_pb_column et_pb_column_2_5 et-last-child et_block_column et_pb_column_empty et_pb_css_mix_blend_mode_passthrough\"><\/div>\n<\/div>\n\n<div class=\"et_pb_row_3 et_pb_row et_pb_equal_columns et_block_row preset--module--divi-row--default\">\n<div class=\"et_pb_column_6 et_pb_column et_pb_column_3_5 et_block_column et_pb_css_mix_blend_mode_passthrough\">\n<div class=\"et_pb_text_7 et_pb_text et_pb_bg_layout_light et_animated et_pb_module et_block_module\"><div class=\"et_pb_text_inner\"><p data-start=\"186\" data-end=\"545\" class=\"\">Notre histoire a commenc\u00e9 en <strong data-start=\"205\" data-end=\"213\">1844<\/strong> \u00e0 Vals-pr\u00e8s-le-Puy, en France, lorsqu'un groupe de jeunes j\u00e9suites a \u00e9t\u00e9 encourag\u00e9 \u00e0 offrir sa vie quotidienne dans la pri\u00e8re pour la mission de l'\u00c9glise. Cet acte simple et g\u00e9n\u00e9reux a donn\u00e9 naissance \u00e0 ce qui allait devenir l'<strong data-start=\"419\" data-end=\"444\">Apostolat de la Pri\u00e8re<\/strong> - un <span style=\"font-weight: 400;\">mouvement <\/span><span style=\"font-weight: 400;\">spirituel <\/span><span style=\"font-weight: 400;\"> qui allait g\u00e9n\u00e9rer un r\u00e9seau de communaut\u00e9s<\/span><span style=\"font-weight: 400;\"><strong> enracin\u00e9es dans le C\u0153ur de J\u00e9sus<\/strong>, <\/span><span style=\"font-weight: 400;\">offrant chaque jour avec amour et disponibilit\u00e9.<\/span> <\/p>\n<p data-start=\"547\" data-end=\"836\" class=\"\">\n<\/div><\/div>\n<\/div>\n\n<div class=\"et_pb_column_7 et_pb_column et_pb_column_2_5 et-last-child et_block_column et_pb_css_mix_blend_mode_passthrough\">\n<div class=\"et_pb_image_0 et_pb_image et_animated et_pb_module et_block_module\"><span class=\"et_pb_image_wrap\"><img loading=\"lazy\" decoding=\"async\" src=\"https:\/\/www.popesprayer.va\/wp-content\/uploads\/2025\/04\/1861.jpg\" width=\"839\" height=\"1100\" class=\"wp-image-394\" alt=\"1861\" title=\"1861\" \/><\/span><\/div>\n<\/div>\n<\/div>\n\n<div class=\"et_pb_row_4 et_pb_row et_pb_equal_columns et_block_row preset--module--divi-row--default\">\n<div class=\"et_pb_column_8 et_pb_column et_pb_column_1_3 et_block_column et_pb_css_mix_blend_mode_passthrough\">\n<div class=\"et_pb_image_1 et_pb_image et_animated et_pb_module et_block_module\"><span class=\"et_pb_image_wrap\"><img loading=\"lazy\" decoding=\"async\" src=\"https:\/\/www.popesprayer.va\/wp-content\/uploads\/2025\/04\/1844-Regg.-epp.-Lugd.-II-scaled-en-tamano-mediano.jpeg\" width=\"640\" height=\"459\" class=\"wp-image-395\" alt=\"1844-Regg.-epp.-Lugd.-II-\u00e9chelle en taille moyenne\" title=\"1844-Regg.-epp.-Lugd.-II-\u00e9chelle en taille moyenne\" \/><\/span><\/div>\n<\/div>\n\n<div class=\"et_pb_column_9 et_pb_column et_pb_column_2_3 et-last-child et_block_column et_pb_css_mix_blend_mode_passthrough\">\n<div class=\"et_pb_text_8 et_pb_text et_pb_bg_layout_light et_animated et_pb_module et_block_module\"><div class=\"et_pb_text_inner\"><p data-start=\"547\" data-end=\"836\" class=\"\">Au fil des ans, le mouvement s'est rapidement r\u00e9pandu. En <strong data-start=\"595\" data-end=\"603\">1861<\/strong>, le <em data-start=\"605\" data-end=\"642\">Messager du C\u0153ur de J\u00e9sus<\/em> a commenc\u00e9 \u00e0 relier des millions de personnes \u00e0 travers les continents. En <strong data-start=\"701\" data-end=\"709\">1879<\/strong>, le Pape L\u00e9on XIII introduit la pratique d'une <strong data-start=\"754\" data-end=\"782\">intention de pri\u00e8re mensuelle<\/strong>, qui deviendra le centre de notre mission commune.  <\/p>\n<p data-start=\"838\" data-end=\"1048\" class=\"\">\n<p data-start=\"547\" data-end=\"836\" class=\"\">\n<\/div><\/div>\n<\/div>\n<\/div>\n\n<div class=\"et_pb_row_5 et_pb_row et_pb_equal_columns et_block_row preset--module--divi-row--default\">\n<div class=\"et_pb_column_10 et_pb_column et_pb_column_2_3 et_block_column et_pb_css_mix_blend_mode_passthrough\">\n<div class=\"et_pb_text_9 et_pb_text et_pb_bg_layout_light et_animated et_pb_module et_block_module\"><div class=\"et_pb_text_inner\"><p data-start=\"838\" data-end=\"1048\" class=\"\">En <strong data-start=\"841\" data-end=\"849\">1915<\/strong>, r\u00e9pondant \u00e0 l'appel du Pape, la branche jeunesse est n\u00e9e: le <strong data-start=\"913\" data-end=\"949\">Mouvement Eucharistique des jeunes (MEJ)<\/strong>, <span style=\"font-weight: 400;\">connu auparavant sous le nom de Croisade eucharistique, <\/span><span style=\"font-weight: 400;\">encourageant les enfants et les jeunes \u00e0 prier et \u00e0 recevoir <\/span><span style=\"font-weight: 400;\">fr\u00e9quemment <\/span><span style=\"font-weight: 400;\">la communion <\/span><span style=\"font-weight: 400;\"> pour la paix dans le monde<\/span> <span style=\"font-weight: 400;\">. <\/span><\/p>\n<p data-start=\"1050\" data-end=\"1396\" class=\"\">\n<p data-start=\"547\" data-end=\"836\" class=\"\">\n<\/div><\/div>\n<\/div>\n\n<div class=\"et_pb_column_11 et_pb_column et_pb_column_1_3 et-last-child et_block_column et_pb_css_mix_blend_mode_passthrough\">\n<div class=\"et_pb_image_2 et_pb_image et_animated et_pb_module et_block_module\"><span class=\"et_pb_image_wrap\"><img loading=\"lazy\" decoding=\"async\" src=\"https:\/\/www.popesprayer.va\/wp-content\/uploads\/2025\/04\/old_ala.jpg\" width=\"600\" height=\"376\" class=\"wp-image-396\" alt=\"old_ala\" title=\"old_ala\" \/><\/span><\/div>\n<\/div>\n<\/div>\n\n<div class=\"et_pb_row_6 et_pb_row et_pb_equal_columns et_block_row preset--module--divi-row--default\">\n<div class=\"et_pb_column_12 et_pb_column et_pb_column_1_3 et_block_column et_pb_css_mix_blend_mode_passthrough\">\n<div class=\"et_pb_image_3 et_pb_image et_animated et_pb_module et_block_module\"><span class=\"et_pb_image_wrap\"><img loading=\"lazy\" decoding=\"async\" src=\"https:\/\/www.popesprayer.va\/wp-content\/uploads\/2025\/04\/AO-DOC-ENG14.jpg\" width=\"662\" height=\"943\" class=\"wp-image-397\" alt=\"AO-DOC-ENG14\" title=\"AO-DOC-ENG14\" \/><\/span><\/div>\n<\/div>\n\n<div class=\"et_pb_column_13 et_pb_column et_pb_column_2_3 et-last-child et_block_column et_pb_css_mix_blend_mode_passthrough\">\n<div class=\"et_pb_text_10 et_pb_text et_pb_bg_layout_light et_animated et_pb_module et_block_module\"><div class=\"et_pb_text_inner\"><p data-start=\"1050\" data-end=\"1396\" class=\"\">Tout au long du XX\u00e8me si\u00e8cle, l'Apostolat de la Pri\u00e8re est rest\u00e9 un pont spirituel entre les fid\u00e8les et la mission de l'\u00c9glise. Mais au XXI\u00e8me si\u00e8cle, un nouveau moment de renouveau a commenc\u00e9. En 2009, un processus de recr\u00e9ation a \u00e9t\u00e9 lanc\u00e9 et, en <strong data-start=\"1300\" data-end=\"1308\">2014<\/strong>, le <strong data-start=\"1244\" data-end=\"1252\">P<\/strong><strong data-start=\"1310\" data-end=\"1326\">ape Fran\u00e7ois<\/strong> a approuv\u00e9 une nouvelle identit\u00e9: le <strong data-start=\"1360\" data-end=\"1395\">R\u00e9seau Mondial de Pri\u00e8re du Pape<\/strong>.  <\/p>\n<p data-start=\"1398\" data-end=\"1733\" class=\"\">\n<p data-start=\"547\" data-end=\"836\" class=\"\">\n<\/div><\/div>\n<\/div>\n<\/div>\n\n<div class=\"et_pb_row_7 et_pb_row et_pb_equal_columns et_block_row preset--module--divi-row--default\">\n<div class=\"et_pb_column_14 et_pb_column et_pb_column_2_3 et_block_column et_pb_css_mix_blend_mode_passthrough\">\n<div class=\"et_pb_text_11 et_pb_text et_pb_bg_layout_light et_animated et_pb_module et_block_module\"><div class=\"et_pb_text_inner\"><p data-start=\"1398\" data-end=\"1733\" class=\"\"><span style=\"font-weight: 400;\">Depuis lors, <strong>le R\u00e9seau s'est d\u00e9velopp\u00e9 en profondeur<\/strong>, en outils num\u00e9riques et en pr\u00e9sence mondiale.<\/span><span style=\"font-weight: 400;\">Il accueille de nouveaux groupes du monde entier, aux charismes vari\u00e9s, qui souhaitent se joindre \u00e0 cette mission. Il a \u00e9galement d\u00e9velopp\u00e9 de nouvelles <\/span> <span style=\"font-weight: 400;\">des initiatives telles que \u00ab <strong>Click To Pray<\/strong> \u00bb, \u00ab <strong>La Vid\u00e9o du Pape<\/strong> \u00bb et \u00ab <strong>Le Chemin du C\u0153ur<\/strong> \u00bb. En 2018, le Pape l\u2019a officiellement reconnue comme \u0153uvre pontificale, et en 2020, elle est devenue une fondation du Vatican.   <\/span><strong>Les statuts d\u00e9finitifs ont \u00e9t\u00e9 publi\u00e9s en juillet 2024.<\/strong><\/p>\n<p data-start=\"547\" data-end=\"836\" class=\"\">\n<\/div><\/div>\n<\/div>\n\n<div class=\"et_pb_column_15 et_pb_column et_pb_column_1_3 et-last-child et_block_column et_pb_css_mix_blend_mode_passthrough\">\n<div class=\"et_pb_image_4 et_pb_image et_animated et_pb_module et_block_module\"><span class=\"et_pb_image_wrap\"><img loading=\"lazy\" decoding=\"async\" src=\"https:\/\/www.popesprayer.va\/wp-content\/uploads\/2025\/04\/Pope_s-Worldwide-Prayer-Network-175-YEARS-National-Directors-and-Coordinators-23-en-tamano-mediano.jpeg\" width=\"640\" height=\"426\" class=\"wp-image-317\" alt=\"R\u00e9seau Mondial de Pri\u00e8re du Pape - 175 ANS - Directeurs et coordinateurs nationaux - 23 en tama\u00f1o mediano\" title=\"R\u00e9seau Mondial de Pri\u00e8re du Pape - 175 ANS - Directeurs et coordinateurs nationaux - 23 en tama\u00f1o mediano\" \/><\/span><\/div>\n<\/div>\n<\/div>\n\n<div class=\"et_pb_row_8 et_pb_row et_block_row preset--module--divi-row--default\">\n<div class=\"et_pb_column_16 et_pb_column et_pb_column_4_4 et-last-child et_block_column et_pb_css_mix_blend_mode_passthrough\">\n<div class=\"et_pb_text_12 et_pb_text et_pb_bg_layout_light et_animated et_pb_module et_block_module\"><div class=\"et_pb_text_inner\"><p data-start=\"1398\" data-end=\"1733\" class=\"\">D'une petite offrande dans un s\u00e9minaire fran\u00e7ais \u00e0 une communaut\u00e9 mondiale de plus de 22 millions de personnes, nous continuons \u00e0 suivre ce chemin: <strong data-start=\"1808\" data-end=\"1829\">prie<\/strong>r<strong data-start=\"1861\" data-end=\"1913\">, grandir et r\u00e9pondre avec compassion<\/strong> aux d\u00e9fis du monde d'aujourd'hui.<\/p>\n<p data-start=\"547\" data-end=\"836\" class=\"\">\n<\/div><\/div>\n<\/div>\n<\/div>\n<\/div>\n\n<div class=\"et_pb_section_3 et_pb_section et_section_regular et_block_section section_has_divider et_pb_top_divider et_pb_bottom_divider\" id=\"twh\"><div class=\"et_pb_top_inside_divider et-no-transition\"><\/div>\n<div class=\"et_pb_row_9 et_pb_row et_block_row preset--module--divi-row--default\">\n<div class=\"et_pb_column_17 et_pb_column et_pb_column_3_5 et_block_column et_pb_css_mix_blend_mode_passthrough\">\n<div class=\"et_pb_text_13 et_pb_text et_pb_bg_layout_light et_pb_module et_block_module\"><div class=\"et_pb_text_inner\"><h1><span style=\"font-weight: 400;\">Notre fondement spirituel<\/span><\/h1>\n<h2>Le Chemin du C\u0153ur<\/h2>\n<\/div><\/div>\n\n<div class=\"et_pb_text_14 et_pb_text et_pb_bg_layout_light et_pb_module et_block_module\"><div class=\"et_pb_text_inner\"><p data-start=\"292\" data-end=\"586\" class=\"\">Le R\u00e9seau mondial de pri\u00e8re du Pape s'inspire de la <strong data-start=\"345\" data-end=\"383\">spiritualit\u00e9 du C\u0153ur de J\u00e9sus<\/strong>. Au c\u0153ur de cette spiritualit\u00e9 se trouve un chemin que nous appelons <strong data-start=\"438\" data-end=\"462\">\u00ab Le Chemin du C\u0153ur<\/strong>\u00bb : un parcours qui nous aide \u00e0 nous rapprocher de J\u00e9sus en alignant notre c\u0153ur sur le sien : ses d\u00e9sirs, sa compassion et sa mission. <\/p>\n<p data-start=\"588\" data-end=\"852\" class=\"\">Ce chemin est un processus profond\u00e9ment humain et spirituel, soigneusement fa\u00e7onn\u00e9 pour nous aider \u00e0 \u00e9couter, sentir et r\u00e9pondre comme le Christ dans notre vie quotidienne. Gr\u00e2ce \u00e0 lui, nous apprenons \u00e0 accueillir et \u00e0 servir le Royaume de Dieu avec des c\u0153urs ouverts \u00e0 l'amour et anim\u00e9s par la mis\u00e9ricorde, comme l'enseigne l'encyclique <strong>Dilexit Nos<\/strong> (2024). <\/p>\n<\/div><\/div>\n\n<div class=\"et_pb_module et_pb_button_module_wrapper et_pb_button_1_wrapper\"><a class=\"et_pb_button_1 et_pb_button et_pb_bg_layout_light et_pb_module et_block_module\" href=\"http:\/\/lecheminducoeur.church\" target=\"_blank\">Visitez le site web<\/a><\/div>\n<\/div>\n\n<div class=\"et_pb_column_18 et_pb_column et_pb_column_2_5 et-last-child et_block_column et_pb_css_mix_blend_mode_passthrough\">\n<div class=\"et_pb_image_5 et_pb_image et_pb_module et_block_module\"><a href=\"http:\/\/lecheminducoeur.church\" target=\"_blank\"><span class=\"et_pb_image_wrap\"><img loading=\"lazy\" decoding=\"async\" src=\"https:\/\/www.popesprayer.va\/wp-content\/uploads\/2025\/04\/Logo-The-Way-of-the-Heart-EN-c-1024x615-1.png\" width=\"1024\" height=\"615\" class=\"wp-image-418\" alt=\"Logo-The-Way-of-the-Heart-EN-c-1024x615\" title=\"Logo-The-Way-of-the-Heart-EN-c-1024x615\" \/><\/span><\/a><\/div>\n<\/div>\n<\/div>\n<div class=\"et_pb_bottom_inside_divider et-no-transition\"><\/div><\/div>\n\n<div class=\"et_pb_section_4 et_pb_section et_section_regular et_block_section section_has_divider et_pb_bottom_divider\">\n<div class=\"et_pb_row_10 et_pb_row et_block_row preset--module--divi-row--default\">\n<div class=\"et_pb_column_19 et_pb_column et_pb_column_3_5 et_block_column et_pb_css_mix_blend_mode_passthrough\">\n<div class=\"et_pb_text_15 et_pb_text et_pb_bg_layout_light et_animated et_pb_module et_block_module\"><div class=\"et_pb_text_inner\"><h2 data-start=\"854\" data-end=\"925\">Vivez deux dimensions indissociables<\/h2>\n<p data-start=\"563\" data-end=\"826\" class=\"\">\n<\/div><\/div>\n<\/div>\n\n<div class=\"et_pb_column_20 et_pb_column et_pb_column_2_5 et-last-child et_block_column et_pb_column_empty et_pb_css_mix_blend_mode_passthrough\"><\/div>\n<\/div>\n\n<div class=\"et_pb_row_11 et_pb_row et_pb_row_1-4_1-4_1-2 et_block_row et_block_row_1-4_1-4_1-2 et_animated preset--module--divi-row--default\">\n<div class=\"et_pb_column_21 et_pb_column et_pb_column_1_4 et_block_column et_pb_css_mix_blend_mode_passthrough\">\n<div class=\"et_pb_image_6 et_pb_image et_pb_module et_block_module\"><span class=\"et_pb_image_wrap\"><img loading=\"lazy\" decoding=\"async\" src=\"https:\/\/www.popesprayer.va\/wp-content\/uploads\/2025\/07\/tierra_corazon.png\" width=\"256\" height=\"256\" class=\"wp-image-1699\" alt=\"tierra_corazon\" title=\"tierra_corazon\" \/><\/span><\/div>\n<\/div>\n\n<div class=\"et_pb_column_22 et_pb_column et_pb_column_1_4 et_block_column et_pb_css_mix_blend_mode_passthrough\">\n<div class=\"et_pb_text_16 et_pb_text et_pb_bg_layout_light et_animated et_pb_module et_block_module\"><div class=\"et_pb_text_inner\"><h3><b>Compassion pour le monde et les \u00eatres humains<\/b><\/h3>\n<\/div><\/div>\n<\/div>\n\n<div class=\"et_pb_column_23 et_pb_column et_pb_column_1_2 et-last-child et_block_column et_pb_css_mix_blend_mode_passthrough\">\n<div class=\"et_pb_text_17 et_pb_text et_pb_bg_layout_light et_animated et_pb_module et_block_module\"><div class=\"et_pb_text_inner\"><p><span style=\"font-weight: 400;\">Les personnes qui acceptent et prient pour les intentions propos\u00e9es par le Pape ouvrent leurs yeux et leur c\u0153ur aux besoins du monde \u00e0 travers ce chemin spirituel particulier, en s'appropriant les joies et les espoirs, les peines et les souffrances de l'humanit\u00e9 et de l'\u00c9glise, et sont inspir\u00e9es pour accomplir des \u0153uvres spirituelles et corporelles de compassion. Elles vivent ainsi un chemin spirituel qui leur permet de sortir de la \u00ab mondialisation de l'indiff\u00e9rence \u00bb. et de s'ouvrir \u00e0 la compassion pour le monde.  <\/span><\/p>\n<\/div><\/div>\n<\/div>\n<\/div>\n\n<div class=\"et_pb_row_12 et_pb_row et_pb_row_1-4_1-4_1-2 et_block_row et_block_row_1-4_1-4_1-2 et_animated preset--module--divi-row--default\">\n<div class=\"et_pb_column_24 et_pb_column et_pb_column_1_4 et_block_column et_pb_css_mix_blend_mode_passthrough\">\n<div class=\"et_pb_image_7 et_pb_image et_pb_module et_block_module\"><span class=\"et_pb_image_wrap\"><img loading=\"lazy\" decoding=\"async\" src=\"https:\/\/www.popesprayer.va\/wp-content\/uploads\/2025\/07\/jesus.png\" width=\"256\" height=\"256\" class=\"wp-image-1698\" alt=\"J\u00e9sus\" title=\"J\u00e9sus\" \/><\/span><\/div>\n<\/div>\n\n<div class=\"et_pb_column_25 et_pb_column et_pb_column_1_4 et_block_column et_pb_css_mix_blend_mode_passthrough\">\n<div class=\"et_pb_text_18 et_pb_text et_pb_bg_layout_light et_animated et_pb_module et_block_module\"><div class=\"et_pb_text_inner\"><h3><b>Communion avec la mission du Fils<\/b><\/h3>\n<\/div><\/div>\n<\/div>\n\n<div class=\"et_pb_column_26 et_pb_column et_pb_column_1_2 et-last-child et_block_column et_pb_css_mix_blend_mode_passthrough\">\n<div class=\"et_pb_text_19 et_pb_text et_pb_bg_layout_light et_animated et_pb_module et_block_module\"><div class=\"et_pb_text_inner\"><p><span style=\"font-weight: 400;\">A travers ce chemin spirituel, anim\u00e9 et coordonn\u00e9 par le RMPP, la vocation missionnaire et sacerdotale du baptis\u00e9 est r\u00e9activ\u00e9e, ce qui permet de<\/span> <span style=\"font-weight: 400;\">collaborer dans la vie quotidienne \u00e0 la mission que le P\u00e8re a confi\u00e9e \u00e0 son Fils. La personne devient ainsi int\u00e9rieurement disponible \u00e0 l'appel de Dieu, par l'interm\u00e9diaire de son Esprit Saint, qui interpelle et guide vers le bien le c\u0153ur et la conscience de tout \u00eatre humain. <\/span><\/p>\n<\/div><\/div>\n<\/div>\n<\/div>\n<div class=\"et_pb_bottom_inside_divider et-no-transition\"><\/div><\/div>\n\n<div class=\"et_pb_section_5 et_pb_section et_section_regular et_block_section section_has_divider et_pb_bottom_divider\">\n<div class=\"et_pb_row_13 et_pb_row et_block_row preset--module--divi-row--default\">\n<div class=\"et_pb_column_27 et_pb_column et_pb_column_1_3 et_block_column et_pb_css_mix_blend_mode_passthrough\">\n<div class=\"et_pb_text_20 et_pb_text et_pb_bg_layout_light et_pb_module et_block_module et_pb_text_align_right et_pb_text_align_center-tablet et_pb_text_align_center-phone\"><div class=\"et_pb_text_inner\"><p>Continuer avec<\/p>\n<\/div><\/div>\n<\/div>\n\n<div class=\"et_pb_column_28 et_pb_column et_pb_column_1_3 et_block_column et_pb_css_mix_blend_mode_passthrough\">\n<div class=\"et_pb_module et_pb_button_module_wrapper et_pb_button_2_wrapper\"><a class=\"et_pb_button_2 et_pb_button et_pb_bg_layout_light et_animated et_pb_module et_block_module\" href=\"https:\/\/www.popesprayer.va\/fr\/ou-nous-sommes\/\">O\u00f9 sommes-nous?<\/a><\/div>\n<\/div>\n\n<div class=\"et_pb_column_29 et_pb_column et_pb_column_1_3 et-last-child et_block_column et_pb_css_mix_blend_mode_passthrough\">\n<div class=\"et_pb_module et_pb_button_module_wrapper et_pb_button_3_wrapper\"><a class=\"et_pb_button_3 et_pb_button et_pb_bg_layout_light et_animated et_pb_module et_block_module\" href=\"https:\/\/www.popesprayer.va\/fr\/lequipe\/\">L\u2019\u00e9quipe<\/a><\/div>\n<\/div>\n<\/div>\n<div class=\"et_pb_bottom_inside_divider et-no-transition\"><\/div><\/div>","protected":false},"excerpt":{"rendered":"","protected":false},"author":1,"featured_media":0,"parent":0,"menu_order":0,"comment_status":"closed","ping_status":"closed","template":"","meta":{"_acf_changed":false,"footnotes":""},"class_list":["post-84259","page","type-page","status-publish","hentry"],"acf":[],"yoast_head":"<!-- This site is optimized with the Yoast SEO plugin v28.4 - https:\/\/yoast.com\/product\/yoast-seo-wordpress\/ -->\n<title>Qui sommes-nous ? - R\u00e9seau Mondial de Pri\u00e8re du Pape<\/title>\n<meta name=\"robots\" content=\"index, follow, max-snippet:-1, max-image-preview:large, max-video-preview:-1\" \/>\n<link rel=\"canonical\" href=\"https:\/\/www.popesprayer.va\/fr\/qui-sommes-nous\/\" \/>\n<meta property=\"og:locale\" content=\"fr_FR\" \/>\n<meta property=\"og:type\" content=\"article\" \/>\n<meta property=\"og:title\" content=\"Qui sommes-nous ? - R\u00e9seau Mondial de Pri\u00e8re du Pape\" \/>\n<meta property=\"og:url\" content=\"https:\/\/www.popesprayer.va\/fr\/qui-sommes-nous\/\" \/>\n<meta property=\"og:site_name\" content=\"R\u00e9seau Mondial de Pri\u00e8re du Pape\" \/>\n<meta property=\"article:modified_time\" content=\"2026-07-29T13:35:59+00:00\" \/>\n<meta name=\"twitter:card\" content=\"summary_large_image\" \/>\n<script type=\"application\/ld+json\" class=\"yoast-schema-graph\">{\"@context\":\"https:\\\/\\\/schema.org\",\"@graph\":[{\"@type\":\"WebPage\",\"@id\":\"https:\\\/\\\/www.popesprayer.va\\\/fr\\\/qui-sommes-nous\\\/\",\"url\":\"https:\\\/\\\/www.popesprayer.va\\\/fr\\\/qui-sommes-nous\\\/\",\"name\":\"Qui sommes-nous ? - R\u00e9seau Mondial de Pri\u00e8re du Pape\",\"isPartOf\":{\"@id\":\"https:\\\/\\\/www.popesprayer.va\\\/fr\\\/#website\"},\"datePublished\":\"2025-04-14T11:01:08+00:00\",\"dateModified\":\"2026-07-29T13:35:59+00:00\",\"breadcrumb\":{\"@id\":\"https:\\\/\\\/www.popesprayer.va\\\/fr\\\/qui-sommes-nous\\\/#breadcrumb\"},\"inLanguage\":\"fr-FR\",\"potentialAction\":[{\"@type\":\"ReadAction\",\"target\":[\"https:\\\/\\\/www.popesprayer.va\\\/fr\\\/qui-sommes-nous\\\/\"]}]},{\"@type\":\"BreadcrumbList\",\"@id\":\"https:\\\/\\\/www.popesprayer.va\\\/fr\\\/qui-sommes-nous\\\/#breadcrumb\",\"itemListElement\":[{\"@type\":\"ListItem\",\"position\":1,\"name\":\"Accueil\",\"item\":\"https:\\\/\\\/www.popesprayer.va\\\/fr\\\/\"},{\"@type\":\"ListItem\",\"position\":2,\"name\":\"Qui sommes-nous ?\"}]},{\"@type\":\"WebSite\",\"@id\":\"https:\\\/\\\/www.popesprayer.va\\\/fr\\\/#website\",\"url\":\"https:\\\/\\\/www.popesprayer.va\\\/fr\\\/\",\"name\":\"Pope's Worldwide Prayer Network\",\"description\":\"Pray together, change the world\",\"publisher\":{\"@id\":\"https:\\\/\\\/www.popesprayer.va\\\/fr\\\/#organization\"},\"potentialAction\":[{\"@type\":\"SearchAction\",\"target\":{\"@type\":\"EntryPoint\",\"urlTemplate\":\"https:\\\/\\\/www.popesprayer.va\\\/fr\\\/?s={search_term_string}\"},\"query-input\":{\"@type\":\"PropertyValueSpecification\",\"valueRequired\":true,\"valueName\":\"search_term_string\"}}],\"inLanguage\":\"fr-FR\"},{\"@type\":\"Organization\",\"@id\":\"https:\\\/\\\/www.popesprayer.va\\\/fr\\\/#organization\",\"name\":\"R\u00e9seau mondial de pri\u00e8re du pape\",\"url\":\"https:\\\/\\\/www.popesprayer.va\\\/fr\\\/\",\"logo\":{\"@type\":\"ImageObject\",\"inLanguage\":\"fr-FR\",\"@id\":\"https:\\\/\\\/www.popesprayer.va\\\/fr\\\/#\\\/schema\\\/logo\\\/image\\\/\",\"url\":\"https:\\\/\\\/www.popesprayer.va\\\/wp-content\\\/uploads\\\/2025\\\/01\\\/Logo-Popes-Worldwide-Prayer-Network-Pontifical-Work-EN-Horizontal.png\",\"contentUrl\":\"https:\\\/\\\/www.popesprayer.va\\\/wp-content\\\/uploads\\\/2025\\\/01\\\/Logo-Popes-Worldwide-Prayer-Network-Pontifical-Work-EN-Horizontal.png\",\"width\":1328,\"height\":228,\"caption\":\"R\u00e9seau mondial de pri\u00e8re du pape\"},\"image\":{\"@id\":\"https:\\\/\\\/www.popesprayer.va\\\/fr\\\/#\\\/schema\\\/logo\\\/image\\\/\"}}]}<\/script>\n<!-- \/ Yoast SEO plugin. -->","yoast_head_json":{"title":"Qui sommes-nous ? - R\u00e9seau Mondial de Pri\u00e8re du Pape","robots":{"index":"index","follow":"follow","max-snippet":"max-snippet:-1","max-image-preview":"max-image-preview:large","max-video-preview":"max-video-preview:-1"},"canonical":"https:\/\/www.popesprayer.va\/fr\/qui-sommes-nous\/","og_locale":"fr_FR","og_type":"article","og_title":"Qui sommes-nous ? - R\u00e9seau Mondial de Pri\u00e8re du Pape","og_url":"https:\/\/www.popesprayer.va\/fr\/qui-sommes-nous\/","og_site_name":"R\u00e9seau Mondial de Pri\u00e8re du Pape","article_modified_time":"2026-07-29T13:35:59+00:00","twitter_card":"summary_large_image","schema":{"@context":"https:\/\/schema.org","@graph":[{"@type":"WebPage","@id":"https:\/\/www.popesprayer.va\/fr\/qui-sommes-nous\/","url":"https:\/\/www.popesprayer.va\/fr\/qui-sommes-nous\/","name":"Qui sommes-nous ? - R\u00e9seau Mondial de Pri\u00e8re du Pape","isPartOf":{"@id":"https:\/\/www.popesprayer.va\/fr\/#website"},"datePublished":"2025-04-14T11:01:08+00:00","dateModified":"2026-07-29T13:35:59+00:00","breadcrumb":{"@id":"https:\/\/www.popesprayer.va\/fr\/qui-sommes-nous\/#breadcrumb"},"inLanguage":"fr-FR","potentialAction":[{"@type":"ReadAction","target":["https:\/\/www.popesprayer.va\/fr\/qui-sommes-nous\/"]}]},{"@type":"BreadcrumbList","@id":"https:\/\/www.popesprayer.va\/fr\/qui-sommes-nous\/#breadcrumb","itemListElement":[{"@type":"ListItem","position":1,"name":"Accueil","item":"https:\/\/www.popesprayer.va\/fr\/"},{"@type":"ListItem","position":2,"name":"Qui sommes-nous ?"}]},{"@type":"WebSite","@id":"https:\/\/www.popesprayer.va\/fr\/#website","url":"https:\/\/www.popesprayer.va\/fr\/","name":"Pope's Worldwide Prayer Network","description":"Pray together, change the world","publisher":{"@id":"https:\/\/www.popesprayer.va\/fr\/#organization"},"potentialAction":[{"@type":"SearchAction","target":{"@type":"EntryPoint","urlTemplate":"https:\/\/www.popesprayer.va\/fr\/?s={search_term_string}"},"query-input":{"@type":"PropertyValueSpecification","valueRequired":true,"valueName":"search_term_string"}}],"inLanguage":"fr-FR"},{"@type":"Organization","@id":"https:\/\/www.popesprayer.va\/fr\/#organization","name":"R\u00e9seau mondial de pri\u00e8re du pape","url":"https:\/\/www.popesprayer.va\/fr\/","logo":{"@type":"ImageObject","inLanguage":"fr-FR","@id":"https:\/\/www.popesprayer.va\/fr\/#\/schema\/logo\/image\/","url":"https:\/\/www.popesprayer.va\/wp-content\/uploads\/2025\/01\/Logo-Popes-Worldwide-Prayer-Network-Pontifical-Work-EN-Horizontal.png","contentUrl":"https:\/\/www.popesprayer.va\/wp-content\/uploads\/2025\/01\/Logo-Popes-Worldwide-Prayer-Network-Pontifical-Work-EN-Horizontal.png","width":1328,"height":228,"caption":"R\u00e9seau mondial de pri\u00e8re du pape"},"image":{"@id":"https:\/\/www.popesprayer.va\/fr\/#\/schema\/logo\/image\/"}}]}},"_links":{"self":[{"href":"https:\/\/www.popesprayer.va\/fr\/wp-json\/wp\/v2\/pages\/84259","targetHints":{"allow":["GET"]}}],"collection":[{"href":"https:\/\/www.popesprayer.va\/fr\/wp-json\/wp\/v2\/pages"}],"about":[{"href":"https:\/\/www.popesprayer.va\/fr\/wp-json\/wp\/v2\/types\/page"}],"author":[{"embeddable":true,"href":"https:\/\/www.popesprayer.va\/fr\/wp-json\/wp\/v2\/users\/1"}],"replies":[{"embeddable":true,"href":"https:\/\/www.popesprayer.va\/fr\/wp-json\/wp\/v2\/comments?post=84259"}],"version-history":[{"count":83,"href":"https:\/\/www.popesprayer.va\/fr\/wp-json\/wp\/v2\/pages\/84259\/revisions"}],"predecessor-version":[{"id":101387,"href":"https:\/\/www.popesprayer.va\/fr\/wp-json\/wp\/v2\/pages\/84259\/revisions\/101387"}],"wp:attachment":[{"href":"https:\/\/www.popesprayer.va\/fr\/wp-json\/wp\/v2\/media?parent=84259"}],"curies":[{"name":"wp","href":"https:\/\/api.w.org\/{rel}","templated":true}]}}