{"id":84331,"date":"2025-06-07T11:19:15","date_gmt":"2025-06-07T09:19:15","guid":{"rendered":"https:\/\/www.popesprayer.va\/prier\/"},"modified":"2026-07-23T19:52:07","modified_gmt":"2026-07-23T17:52:07","slug":"prier","status":"publish","type":"page","link":"https:\/\/www.popesprayer.va\/fr\/prier\/","title":{"rendered":"Prier"},"content":{"rendered":"<div class=\"et_pb_section_0 et_pb_section et_section_regular et_block_section section_has_divider et_pb_top_divider et_pb_bottom_divider\"><div class=\"et_pb_top_inside_divider et-no-transition\"><\/div>\n<div class=\"et_pb_row_0 et_pb_row et_block_row preset--module--divi-row--default\">\n<div class=\"et_pb_column_0 et_pb_column et_pb_column_3_5 et_block_column et_pb_css_mix_blend_mode_passthrough\">\n<div class=\"et_pb_text_0 et_pb_text et_pb_bg_layout_light et_pb_module et_block_module\"><div class=\"et_pb_text_inner\"><h1>Intentions<\/h1>\n<h2>de pri\u00e8re du Pape<\/h2>\n<\/div><\/div>\n<\/div>\n\n<div class=\"et_pb_column_1 et_pb_column et_pb_column_2_5 et-last-child et_block_column et_pb_column_empty et_pb_css_mix_blend_mode_passthrough\"><\/div>\n<\/div>\n\n<div class=\"et_pb_row_1 et_pb_row et_block_row preset--module--divi-row--default\">\n<div class=\"et_pb_column_2 et_pb_column et_pb_column_1_2 et_block_column et_pb_css_mix_blend_mode_passthrough\">\n<div class=\"et_pb_text_1 et_pb_text et_pb_bg_layout_light et_pb_module et_block_module\"><div class=\"et_pb_text_inner\"><p><span style=\"font-weight: 400;\">Chaque mois<\/span><span style=\"font-weight: 400;\">,<\/span><span style=\"font-weight: 400;\"> le Pape confie \u00e0 son r\u00e9seau de pri\u00e8re des intentions de pri\u00e8re qui <\/span><span style=\"font-weight: 400;\">refl\u00e8tent<\/span><span style=\"font-weight: 400;\"> sa <\/span><strong>profonde<\/strong><span style=\"font-weight: 400;\"> <strong>pr\u00e9occupation pour l'humanit\u00e9<\/strong> et la <strong>mission de l'\u00c9glise<\/strong>. Son intention de pri\u00e8re mensuelle  <\/span>sert d'appel mondial \u00e0 transformer nos pri\u00e8res en <span style=\"font-weight: 400;\"><strong>\u00ab actions concr\u00e8tes \u00bb<\/strong><\/span> et en <span style=\"font-weight: 400;\"><strong>une transformation du c\u0153ur ;<\/strong><\/span> elle agit comme<span style=\"font-weight: 400;\"> une boussole pour une mission de compassion pour le monde. Cette intention propose un chemin qui nous mobilise chaque mois, par la pri\u00e8re et le service, pour construire un monde plus humain et plus solidaire <\/span> <span style=\"font-weight: 400;\">et pour cultiver une attitude personnelle et communautaire qui transforme notre environnement.<\/span><\/p>\n<\/div><\/div>\n\n<div class=\"et_pb_code_0 et_pb_code et_animated et_pb_module\"><div class=\"et_pb_code_inner\">    <div id=\"intenciones-papa-container\">\n        <div class=\"tabs-nav\">\n                            <button class=\"tab-link active\" data-tab=\"tab-2026\">\n                    2026                <\/button>\n                            <button class=\"tab-link \" data-tab=\"tab-2027\">\n                    2027                <\/button>\n                    <\/div>\n\n        <div class=\"tabs-content\">\n                            <div id=\"tab-2026\" class=\"tab-pane active\">\n                    <p class=\"descripcion-tab\">\n                        T\u00e9l\u00e9chargez les intentions de pri\u00e8re du Saint-P\u00e8re pour <strong>2026<\/strong> dans votre langue.                    <\/p>\n\n                                            <div class=\"descargas-grid\">\n                                                                <a href=\"https:\/\/www.popesprayer.va\/wp-content\/uploads\/2025\/06\/AR-PRAYER-INTENTIONS-OF-THE-HOLY-FATHER-2026-1.pdf\" target=\"_blank\" class=\"boton-descarga\">\n                                        <svg xmlns=\"http:\/\/www.w3.org\/2000\/svg\" viewBox=\"0 0 24 24\" aria-hidden=\"true\"><path d=\"M19.35 10.04C18.67 6.59 15.64 4 12 4 9.11 4 6.6 5.64 5.35 8.04 2.34 8.36 0 10.91 0 14c0 3.31 2.69 6 6 6h13c2.76 0 5-2.24 5-5 0-2.64-2.05-4.78-4.65-4.96zM17 13l-5 5-5-5h3V9h4v4h3z\"><\/path><\/svg>\n                                        <span>\u0627\u0644\u0639\u0631\u0628\u064a\u0629<\/span>\n                                    <\/a>\n                                                                    <a href=\"https:\/\/www.popesprayer.va\/wp-content\/uploads\/2025\/06\/CH-SIM-PRAYER-INTENTIONS-OF-THE-HOLY-FATHER-2026-1.pdf\" target=\"_blank\" class=\"boton-descarga\">\n                                        <svg xmlns=\"http:\/\/www.w3.org\/2000\/svg\" viewBox=\"0 0 24 24\" aria-hidden=\"true\"><path d=\"M19.35 10.04C18.67 6.59 15.64 4 12 4 9.11 4 6.6 5.64 5.35 8.04 2.34 8.36 0 10.91 0 14c0 3.31 2.69 6 6 6h13c2.76 0 5-2.24 5-5 0-2.64-2.05-4.78-4.65-4.96zM17 13l-5 5-5-5h3V9h4v4h3z\"><\/path><\/svg>\n                                        <span>\u7b80\u4f53\u4e2d\u6587<\/span>\n                                    <\/a>\n                                                                    <a href=\"https:\/\/www.popesprayer.va\/wp-content\/uploads\/2025\/06\/CH-TRA-PRAYER-INTENTIONS-OF-THE-HOLY-FATHER-2026-1.pdf\" target=\"_blank\" class=\"boton-descarga\">\n                                        <svg xmlns=\"http:\/\/www.w3.org\/2000\/svg\" viewBox=\"0 0 24 24\" aria-hidden=\"true\"><path d=\"M19.35 10.04C18.67 6.59 15.64 4 12 4 9.11 4 6.6 5.64 5.35 8.04 2.34 8.36 0 10.91 0 14c0 3.31 2.69 6 6 6h13c2.76 0 5-2.24 5-5 0-2.64-2.05-4.78-4.65-4.96zM17 13l-5 5-5-5h3V9h4v4h3z\"><\/path><\/svg>\n                                        <span>\u7e41\u9ad4\u4e2d\u6587<\/span>\n                                    <\/a>\n                                                                    <a href=\"https:\/\/www.popesprayer.va\/wp-content\/uploads\/2025\/06\/DE-GEBETSANLIEGEN-DES-HEILIGEN-VATERS-FUR-2026-f.pdf\" target=\"_blank\" class=\"boton-descarga\">\n                                        <svg xmlns=\"http:\/\/www.w3.org\/2000\/svg\" viewBox=\"0 0 24 24\" aria-hidden=\"true\"><path d=\"M19.35 10.04C18.67 6.59 15.64 4 12 4 9.11 4 6.6 5.64 5.35 8.04 2.34 8.36 0 10.91 0 14c0 3.31 2.69 6 6 6h13c2.76 0 5-2.24 5-5 0-2.64-2.05-4.78-4.65-4.96zM17 13l-5 5-5-5h3V9h4v4h3z\"><\/path><\/svg>\n                                        <span>Deutsch <\/span>\n                                    <\/a>\n                                                                    <a href=\"https:\/\/www.popesprayer.va\/wp-content\/uploads\/2025\/12\/DK-DEN-HELLIGE-FADERS-BONSINTENTIONER-2026.pdf\" target=\"_blank\" class=\"boton-descarga\">\n                                        <svg xmlns=\"http:\/\/www.w3.org\/2000\/svg\" viewBox=\"0 0 24 24\" aria-hidden=\"true\"><path d=\"M19.35 10.04C18.67 6.59 15.64 4 12 4 9.11 4 6.6 5.64 5.35 8.04 2.34 8.36 0 10.91 0 14c0 3.31 2.69 6 6 6h13c2.76 0 5-2.24 5-5 0-2.64-2.05-4.78-4.65-4.96zM17 13l-5 5-5-5h3V9h4v4h3z\"><\/path><\/svg>\n                                        <span>Dansk<\/span>\n                                    <\/a>\n                                                                    <a href=\"https:\/\/www.popesprayer.va\/wp-content\/uploads\/2025\/06\/ING-PRAYER-INTENTIONS-OF-THE-HOLY-FATHER-2026-1.pdf\" target=\"_blank\" class=\"boton-descarga\">\n                                        <svg xmlns=\"http:\/\/www.w3.org\/2000\/svg\" viewBox=\"0 0 24 24\" aria-hidden=\"true\"><path d=\"M19.35 10.04C18.67 6.59 15.64 4 12 4 9.11 4 6.6 5.64 5.35 8.04 2.34 8.36 0 10.91 0 14c0 3.31 2.69 6 6 6h13c2.76 0 5-2.24 5-5 0-2.64-2.05-4.78-4.65-4.96zM17 13l-5 5-5-5h3V9h4v4h3z\"><\/path><\/svg>\n                                        <span>English<\/span>\n                                    <\/a>\n                                                                    <a href=\"https:\/\/www.popesprayer.va\/wp-content\/uploads\/2026\/01\/EO-PREGINTENCOJ-DE-LA-SANKTA-PATRO2026.pdf\" target=\"_blank\" class=\"boton-descarga\">\n                                        <svg xmlns=\"http:\/\/www.w3.org\/2000\/svg\" viewBox=\"0 0 24 24\" aria-hidden=\"true\"><path d=\"M19.35 10.04C18.67 6.59 15.64 4 12 4 9.11 4 6.6 5.64 5.35 8.04 2.34 8.36 0 10.91 0 14c0 3.31 2.69 6 6 6h13c2.76 0 5-2.24 5-5 0-2.64-2.05-4.78-4.65-4.96zM17 13l-5 5-5-5h3V9h4v4h3z\"><\/path><\/svg>\n                                        <span>Esperanto<\/span>\n                                    <\/a>\n                                                                    <a href=\"https:\/\/www.popesprayer.va\/wp-content\/uploads\/2025\/06\/ESP-INTENCIONES-DE-ORACION-DEL-SANTO-PADRE-2026-1.pdf\" target=\"_blank\" class=\"boton-descarga\">\n                                        <svg xmlns=\"http:\/\/www.w3.org\/2000\/svg\" viewBox=\"0 0 24 24\" aria-hidden=\"true\"><path d=\"M19.35 10.04C18.67 6.59 15.64 4 12 4 9.11 4 6.6 5.64 5.35 8.04 2.34 8.36 0 10.91 0 14c0 3.31 2.69 6 6 6h13c2.76 0 5-2.24 5-5 0-2.64-2.05-4.78-4.65-4.96zM17 13l-5 5-5-5h3V9h4v4h3z\"><\/path><\/svg>\n                                        <span>Espa\u00f1ol<\/span>\n                                    <\/a>\n                                                                    <a href=\"https:\/\/www.popesprayer.va\/wp-content\/uploads\/2025\/06\/TL-MGA-INTENSYONG-PAMPANALANGIN-NG-SANTO-PAPA-2026-1.pdf\" target=\"_blank\" class=\"boton-descarga\">\n                                        <svg xmlns=\"http:\/\/www.w3.org\/2000\/svg\" viewBox=\"0 0 24 24\" aria-hidden=\"true\"><path d=\"M19.35 10.04C18.67 6.59 15.64 4 12 4 9.11 4 6.6 5.64 5.35 8.04 2.34 8.36 0 10.91 0 14c0 3.31 2.69 6 6 6h13c2.76 0 5-2.24 5-5 0-2.64-2.05-4.78-4.65-4.96zM17 13l-5 5-5-5h3V9h4v4h3z\"><\/path><\/svg>\n                                        <span>Filipino<\/span>\n                                    <\/a>\n                                                                    <a href=\"https:\/\/www.popesprayer.va\/wp-content\/uploads\/2025\/06\/FRA-INTENTIONS-DE-PRIERE-DU-SAINT-PERE-2026-1.pdf\" target=\"_blank\" class=\"boton-descarga\">\n                                        <svg xmlns=\"http:\/\/www.w3.org\/2000\/svg\" viewBox=\"0 0 24 24\" aria-hidden=\"true\"><path d=\"M19.35 10.04C18.67 6.59 15.64 4 12 4 9.11 4 6.6 5.64 5.35 8.04 2.34 8.36 0 10.91 0 14c0 3.31 2.69 6 6 6h13c2.76 0 5-2.24 5-5 0-2.64-2.05-4.78-4.65-4.96zM17 13l-5 5-5-5h3V9h4v4h3z\"><\/path><\/svg>\n                                        <span>Fran\u00e7ais<\/span>\n                                    <\/a>\n                                                                    <a href=\"https:\/\/www.popesprayer.va\/wp-content\/uploads\/2025\/12\/HR-PRAYER-INTENTIONS-Croatian-2026.pdf\" target=\"_blank\" class=\"boton-descarga\">\n                                        <svg xmlns=\"http:\/\/www.w3.org\/2000\/svg\" viewBox=\"0 0 24 24\" aria-hidden=\"true\"><path d=\"M19.35 10.04C18.67 6.59 15.64 4 12 4 9.11 4 6.6 5.64 5.35 8.04 2.34 8.36 0 10.91 0 14c0 3.31 2.69 6 6 6h13c2.76 0 5-2.24 5-5 0-2.64-2.05-4.78-4.65-4.96zM17 13l-5 5-5-5h3V9h4v4h3z\"><\/path><\/svg>\n                                        <span>Hrvatski<\/span>\n                                    <\/a>\n                                                                    <a href=\"https:\/\/www.popesprayer.va\/wp-content\/uploads\/2025\/06\/ITA-INTENZIONI-DI-PREGHIERA-DEL-SANTO-PADRE-2026-1.pdf\" target=\"_blank\" class=\"boton-descarga\">\n                                        <svg xmlns=\"http:\/\/www.w3.org\/2000\/svg\" viewBox=\"0 0 24 24\" aria-hidden=\"true\"><path d=\"M19.35 10.04C18.67 6.59 15.64 4 12 4 9.11 4 6.6 5.64 5.35 8.04 2.34 8.36 0 10.91 0 14c0 3.31 2.69 6 6 6h13c2.76 0 5-2.24 5-5 0-2.64-2.05-4.78-4.65-4.96zM17 13l-5 5-5-5h3V9h4v4h3z\"><\/path><\/svg>\n                                        <span>Italiano<\/span>\n                                    <\/a>\n                                                                    <a href=\"https:\/\/www.popesprayer.va\/wp-content\/uploads\/2026\/03\/JP-Popes-Intention-2026.pdf\" target=\"_blank\" class=\"boton-descarga\">\n                                        <svg xmlns=\"http:\/\/www.w3.org\/2000\/svg\" viewBox=\"0 0 24 24\" aria-hidden=\"true\"><path d=\"M19.35 10.04C18.67 6.59 15.64 4 12 4 9.11 4 6.6 5.64 5.35 8.04 2.34 8.36 0 10.91 0 14c0 3.31 2.69 6 6 6h13c2.76 0 5-2.24 5-5 0-2.64-2.05-4.78-4.65-4.96zM17 13l-5 5-5-5h3V9h4v4h3z\"><\/path><\/svg>\n                                        <span>\u65e5\u672c\u8a9e<\/span>\n                                    <\/a>\n                                                                    <a href=\"https:\/\/www.popesprayer.va\/wp-content\/uploads\/2025\/06\/RW-IBYIFUZO-BYA-PAPA-2026-1.pdf\" target=\"_blank\" class=\"boton-descarga\">\n                                        <svg xmlns=\"http:\/\/www.w3.org\/2000\/svg\" viewBox=\"0 0 24 24\" aria-hidden=\"true\"><path d=\"M19.35 10.04C18.67 6.59 15.64 4 12 4 9.11 4 6.6 5.64 5.35 8.04 2.34 8.36 0 10.91 0 14c0 3.31 2.69 6 6 6h13c2.76 0 5-2.24 5-5 0-2.64-2.05-4.78-4.65-4.96zM17 13l-5 5-5-5h3V9h4v4h3z\"><\/path><\/svg>\n                                        <span>Kinyarwanda<\/span>\n                                    <\/a>\n                                                                    <a href=\"https:\/\/www.popesprayer.va\/wp-content\/uploads\/2025\/06\/SW-NIA-ZA-SALA-ZA-BABA-MTAKATIFU-2026.pdf\" target=\"_blank\" class=\"boton-descarga\">\n                                        <svg xmlns=\"http:\/\/www.w3.org\/2000\/svg\" viewBox=\"0 0 24 24\" aria-hidden=\"true\"><path d=\"M19.35 10.04C18.67 6.59 15.64 4 12 4 9.11 4 6.6 5.64 5.35 8.04 2.34 8.36 0 10.91 0 14c0 3.31 2.69 6 6 6h13c2.76 0 5-2.24 5-5 0-2.64-2.05-4.78-4.65-4.96zM17 13l-5 5-5-5h3V9h4v4h3z\"><\/path><\/svg>\n                                        <span>Kiswahili<\/span>\n                                    <\/a>\n                                                                    <a href=\"https:\/\/www.popesprayer.va\/wp-content\/uploads\/2025\/12\/HU-PRAYER-INTENTIONS-Hungarian-2026.pdf\" target=\"_blank\" class=\"boton-descarga\">\n                                        <svg xmlns=\"http:\/\/www.w3.org\/2000\/svg\" viewBox=\"0 0 24 24\" aria-hidden=\"true\"><path d=\"M19.35 10.04C18.67 6.59 15.64 4 12 4 9.11 4 6.6 5.64 5.35 8.04 2.34 8.36 0 10.91 0 14c0 3.31 2.69 6 6 6h13c2.76 0 5-2.24 5-5 0-2.64-2.05-4.78-4.65-4.96zM17 13l-5 5-5-5h3V9h4v4h3z\"><\/path><\/svg>\n                                        <span>Magyar<\/span>\n                                    <\/a>\n                                                                    <a href=\"https:\/\/www.popesprayer.va\/wp-content\/uploads\/2025\/06\/NL-PRAYER-INTENTIONS-OF-THE-HOLY-FATHER-2026-1.pdf\" target=\"_blank\" class=\"boton-descarga\">\n                                        <svg xmlns=\"http:\/\/www.w3.org\/2000\/svg\" viewBox=\"0 0 24 24\" aria-hidden=\"true\"><path d=\"M19.35 10.04C18.67 6.59 15.64 4 12 4 9.11 4 6.6 5.64 5.35 8.04 2.34 8.36 0 10.91 0 14c0 3.31 2.69 6 6 6h13c2.76 0 5-2.24 5-5 0-2.64-2.05-4.78-4.65-4.96zM17 13l-5 5-5-5h3V9h4v4h3z\"><\/path><\/svg>\n                                        <span>Nederlands<\/span>\n                                    <\/a>\n                                                                    <a href=\"https:\/\/www.popesprayer.va\/wp-content\/uploads\/2025\/06\/PL-INTENCJE-PAPIESKIE-2026-2.pdf\" target=\"_blank\" class=\"boton-descarga\">\n                                        <svg xmlns=\"http:\/\/www.w3.org\/2000\/svg\" viewBox=\"0 0 24 24\" aria-hidden=\"true\"><path d=\"M19.35 10.04C18.67 6.59 15.64 4 12 4 9.11 4 6.6 5.64 5.35 8.04 2.34 8.36 0 10.91 0 14c0 3.31 2.69 6 6 6h13c2.76 0 5-2.24 5-5 0-2.64-2.05-4.78-4.65-4.96zM17 13l-5 5-5-5h3V9h4v4h3z\"><\/path><\/svg>\n                                        <span>Polski<\/span>\n                                    <\/a>\n                                                                    <a href=\"https:\/\/www.popesprayer.va\/wp-content\/uploads\/2025\/06\/PT-BRA-INTENCOES-DE-ORACAO-DO-SANTO-PADRE-1.pdf\" target=\"_blank\" class=\"boton-descarga\">\n                                        <svg xmlns=\"http:\/\/www.w3.org\/2000\/svg\" viewBox=\"0 0 24 24\" aria-hidden=\"true\"><path d=\"M19.35 10.04C18.67 6.59 15.64 4 12 4 9.11 4 6.6 5.64 5.35 8.04 2.34 8.36 0 10.91 0 14c0 3.31 2.69 6 6 6h13c2.76 0 5-2.24 5-5 0-2.64-2.05-4.78-4.65-4.96zM17 13l-5 5-5-5h3V9h4v4h3z\"><\/path><\/svg>\n                                        <span>Portugu\u00eas BR<\/span>\n                                    <\/a>\n                                                                    <a href=\"https:\/\/www.popesprayer.va\/wp-content\/uploads\/2025\/06\/POR-INTENCOES-DE-ORACAO-DO-SANTO-PADRE-1.pdf\" target=\"_blank\" class=\"boton-descarga\">\n                                        <svg xmlns=\"http:\/\/www.w3.org\/2000\/svg\" viewBox=\"0 0 24 24\" aria-hidden=\"true\"><path d=\"M19.35 10.04C18.67 6.59 15.64 4 12 4 9.11 4 6.6 5.64 5.35 8.04 2.34 8.36 0 10.91 0 14c0 3.31 2.69 6 6 6h13c2.76 0 5-2.24 5-5 0-2.64-2.05-4.78-4.65-4.96zM17 13l-5 5-5-5h3V9h4v4h3z\"><\/path><\/svg>\n                                        <span>Portugu\u00eas<\/span>\n                                    <\/a>\n                                                                    <a href=\"https:\/\/www.popesprayer.va\/wp-content\/uploads\/2025\/06\/VN-PRAYER-INTENTIONS-OF-THE-HOLY-FATHER-2026-1.pdf\" target=\"_blank\" class=\"boton-descarga\">\n                                        <svg xmlns=\"http:\/\/www.w3.org\/2000\/svg\" viewBox=\"0 0 24 24\" aria-hidden=\"true\"><path d=\"M19.35 10.04C18.67 6.59 15.64 4 12 4 9.11 4 6.6 5.64 5.35 8.04 2.34 8.36 0 10.91 0 14c0 3.31 2.69 6 6 6h13c2.76 0 5-2.24 5-5 0-2.64-2.05-4.78-4.65-4.96zM17 13l-5 5-5-5h3V9h4v4h3z\"><\/path><\/svg>\n                                        <span>Ti\u1ebfng Vi\u1ec7t<\/span>\n                                    <\/a>\n                                                        <\/div>\n                                    <\/div>\n                            <div id=\"tab-2027\" class=\"tab-pane \">\n                    <p class=\"descripcion-tab\">\n                        T\u00e9l\u00e9chargez les intentions de pri\u00e8re du Saint-P\u00e8re pour <strong>2027<\/strong> dans votre langue.                    <\/p>\n\n                                            <div class=\"descargas-grid\">\n                                                                <a href=\"https:\/\/www.popesprayer.va\/wp-content\/uploads\/2026\/02\/AR-POPE-LEO-XIV-PRAYER-INTENTIONS-2027.pdf\" target=\"_blank\" class=\"boton-descarga\">\n                                        <svg xmlns=\"http:\/\/www.w3.org\/2000\/svg\" viewBox=\"0 0 24 24\" aria-hidden=\"true\"><path d=\"M19.35 10.04C18.67 6.59 15.64 4 12 4 9.11 4 6.6 5.64 5.35 8.04 2.34 8.36 0 10.91 0 14c0 3.31 2.69 6 6 6h13c2.76 0 5-2.24 5-5 0-2.64-2.05-4.78-4.65-4.96zM17 13l-5 5-5-5h3V9h4v4h3z\"><\/path><\/svg>\n                                        <span>\u0627\u0644\u0639\u0631\u0628\u064a\u0629<\/span>\n                                    <\/a>\n                                                                    <a href=\"https:\/\/www.popesprayer.va\/wp-content\/uploads\/2026\/03\/CA-Intencions-papa-2027.pdf\" target=\"_blank\" class=\"boton-descarga\">\n                                        <svg xmlns=\"http:\/\/www.w3.org\/2000\/svg\" viewBox=\"0 0 24 24\" aria-hidden=\"true\"><path d=\"M19.35 10.04C18.67 6.59 15.64 4 12 4 9.11 4 6.6 5.64 5.35 8.04 2.34 8.36 0 10.91 0 14c0 3.31 2.69 6 6 6h13c2.76 0 5-2.24 5-5 0-2.64-2.05-4.78-4.65-4.96zM17 13l-5 5-5-5h3V9h4v4h3z\"><\/path><\/svg>\n                                        <span>Catal\u00e0<\/span>\n                                    <\/a>\n                                                                    <a href=\"https:\/\/www.popesprayer.va\/wp-content\/uploads\/2026\/06\/CH-SIM-PRAYER-INTENTIONS-OF-THE-HOLY-FATHER-2027.pdf\" target=\"_blank\" class=\"boton-descarga\">\n                                        <svg xmlns=\"http:\/\/www.w3.org\/2000\/svg\" viewBox=\"0 0 24 24\" aria-hidden=\"true\"><path d=\"M19.35 10.04C18.67 6.59 15.64 4 12 4 9.11 4 6.6 5.64 5.35 8.04 2.34 8.36 0 10.91 0 14c0 3.31 2.69 6 6 6h13c2.76 0 5-2.24 5-5 0-2.64-2.05-4.78-4.65-4.96zM17 13l-5 5-5-5h3V9h4v4h3z\"><\/path><\/svg>\n                                        <span>\u7b80\u4f53\u4e2d\u6587<\/span>\n                                    <\/a>\n                                                                    <a href=\"https:\/\/www.popesprayer.va\/wp-content\/uploads\/2026\/06\/CH-TRA-PRAYER-INTENTIONS-OF-THE-HOLY-FATHER-2027.pdf\" target=\"_blank\" class=\"boton-descarga\">\n                                        <svg xmlns=\"http:\/\/www.w3.org\/2000\/svg\" viewBox=\"0 0 24 24\" aria-hidden=\"true\"><path d=\"M19.35 10.04C18.67 6.59 15.64 4 12 4 9.11 4 6.6 5.64 5.35 8.04 2.34 8.36 0 10.91 0 14c0 3.31 2.69 6 6 6h13c2.76 0 5-2.24 5-5 0-2.64-2.05-4.78-4.65-4.96zM17 13l-5 5-5-5h3V9h4v4h3z\"><\/path><\/svg>\n                                        <span>\u7e41\u9ad4\u4e2d\u6587<\/span>\n                                    <\/a>\n                                                                    <a href=\"https:\/\/www.popesprayer.va\/wp-content\/uploads\/2026\/02\/DE-GEBETSANLIEGEN-DES-HEILIGEN-VATERS-FUR-2027.pdf\" target=\"_blank\" class=\"boton-descarga\">\n                                        <svg xmlns=\"http:\/\/www.w3.org\/2000\/svg\" viewBox=\"0 0 24 24\" aria-hidden=\"true\"><path d=\"M19.35 10.04C18.67 6.59 15.64 4 12 4 9.11 4 6.6 5.64 5.35 8.04 2.34 8.36 0 10.91 0 14c0 3.31 2.69 6 6 6h13c2.76 0 5-2.24 5-5 0-2.64-2.05-4.78-4.65-4.96zM17 13l-5 5-5-5h3V9h4v4h3z\"><\/path><\/svg>\n                                        <span>Deutsch <\/span>\n                                    <\/a>\n                                                                    <a href=\"https:\/\/www.popesprayer.va\/wp-content\/uploads\/2026\/07\/DK-DEN-HELLIGE-FADERS-BONSINTENTIONER-2027.pdf\" target=\"_blank\" class=\"boton-descarga\">\n                                        <svg xmlns=\"http:\/\/www.w3.org\/2000\/svg\" viewBox=\"0 0 24 24\" aria-hidden=\"true\"><path d=\"M19.35 10.04C18.67 6.59 15.64 4 12 4 9.11 4 6.6 5.64 5.35 8.04 2.34 8.36 0 10.91 0 14c0 3.31 2.69 6 6 6h13c2.76 0 5-2.24 5-5 0-2.64-2.05-4.78-4.65-4.96zM17 13l-5 5-5-5h3V9h4v4h3z\"><\/path><\/svg>\n                                        <span>Dansk<\/span>\n                                    <\/a>\n                                                                    <a href=\"https:\/\/www.popesprayer.va\/wp-content\/uploads\/2026\/01\/ENG-POPE-LEO-XIV-PRAYER-INTENTIONS-2027.pdf\" target=\"_blank\" class=\"boton-descarga\">\n                                        <svg xmlns=\"http:\/\/www.w3.org\/2000\/svg\" viewBox=\"0 0 24 24\" aria-hidden=\"true\"><path d=\"M19.35 10.04C18.67 6.59 15.64 4 12 4 9.11 4 6.6 5.64 5.35 8.04 2.34 8.36 0 10.91 0 14c0 3.31 2.69 6 6 6h13c2.76 0 5-2.24 5-5 0-2.64-2.05-4.78-4.65-4.96zM17 13l-5 5-5-5h3V9h4v4h3z\"><\/path><\/svg>\n                                        <span>English<\/span>\n                                    <\/a>\n                                                                    <a href=\"https:\/\/www.popesprayer.va\/wp-content\/uploads\/2026\/04\/EO-PREGINTENCOJ-DE-LA-SANKTA-PATRO-2027.pdf\" target=\"_blank\" class=\"boton-descarga\">\n                                        <svg xmlns=\"http:\/\/www.w3.org\/2000\/svg\" viewBox=\"0 0 24 24\" aria-hidden=\"true\"><path d=\"M19.35 10.04C18.67 6.59 15.64 4 12 4 9.11 4 6.6 5.64 5.35 8.04 2.34 8.36 0 10.91 0 14c0 3.31 2.69 6 6 6h13c2.76 0 5-2.24 5-5 0-2.64-2.05-4.78-4.65-4.96zM17 13l-5 5-5-5h3V9h4v4h3z\"><\/path><\/svg>\n                                        <span>Esperanto<\/span>\n                                    <\/a>\n                                                                    <a href=\"https:\/\/www.popesprayer.va\/wp-content\/uploads\/2026\/01\/ESP-INTENCIONES-PAPA-LEON-XIV-1.pdf\" target=\"_blank\" class=\"boton-descarga\">\n                                        <svg xmlns=\"http:\/\/www.w3.org\/2000\/svg\" viewBox=\"0 0 24 24\" aria-hidden=\"true\"><path d=\"M19.35 10.04C18.67 6.59 15.64 4 12 4 9.11 4 6.6 5.64 5.35 8.04 2.34 8.36 0 10.91 0 14c0 3.31 2.69 6 6 6h13c2.76 0 5-2.24 5-5 0-2.64-2.05-4.78-4.65-4.96zM17 13l-5 5-5-5h3V9h4v4h3z\"><\/path><\/svg>\n                                        <span>Espa\u00f1ol<\/span>\n                                    <\/a>\n                                                                    <a href=\"https:\/\/www.popesprayer.va\/wp-content\/uploads\/2026\/03\/TL-2027-POPE-LEO-XIV-PRAYER-INTENTIONS-2027.pdf\" target=\"_blank\" class=\"boton-descarga\">\n                                        <svg xmlns=\"http:\/\/www.w3.org\/2000\/svg\" viewBox=\"0 0 24 24\" aria-hidden=\"true\"><path d=\"M19.35 10.04C18.67 6.59 15.64 4 12 4 9.11 4 6.6 5.64 5.35 8.04 2.34 8.36 0 10.91 0 14c0 3.31 2.69 6 6 6h13c2.76 0 5-2.24 5-5 0-2.64-2.05-4.78-4.65-4.96zM17 13l-5 5-5-5h3V9h4v4h3z\"><\/path><\/svg>\n                                        <span>Filipino<\/span>\n                                    <\/a>\n                                                                    <a href=\"https:\/\/www.popesprayer.va\/wp-content\/uploads\/2026\/01\/FR-INTENTIONS-2027-PAPE-LEON-XIV-P.-Fabre.pdf\" target=\"_blank\" class=\"boton-descarga\">\n                                        <svg xmlns=\"http:\/\/www.w3.org\/2000\/svg\" viewBox=\"0 0 24 24\" aria-hidden=\"true\"><path d=\"M19.35 10.04C18.67 6.59 15.64 4 12 4 9.11 4 6.6 5.64 5.35 8.04 2.34 8.36 0 10.91 0 14c0 3.31 2.69 6 6 6h13c2.76 0 5-2.24 5-5 0-2.64-2.05-4.78-4.65-4.96zM17 13l-5 5-5-5h3V9h4v4h3z\"><\/path><\/svg>\n                                        <span>Fran\u00e7ais<\/span>\n                                    <\/a>\n                                                                    <a href=\"https:\/\/www.popesprayer.va\/wp-content\/uploads\/2026\/07\/HR-PRAYER-INTENTIONS-Croatian-2027.pdf\" target=\"_blank\" class=\"boton-descarga\">\n                                        <svg xmlns=\"http:\/\/www.w3.org\/2000\/svg\" viewBox=\"0 0 24 24\" aria-hidden=\"true\"><path d=\"M19.35 10.04C18.67 6.59 15.64 4 12 4 9.11 4 6.6 5.64 5.35 8.04 2.34 8.36 0 10.91 0 14c0 3.31 2.69 6 6 6h13c2.76 0 5-2.24 5-5 0-2.64-2.05-4.78-4.65-4.96zM17 13l-5 5-5-5h3V9h4v4h3z\"><\/path><\/svg>\n                                        <span>Hrvatski<\/span>\n                                    <\/a>\n                                                                    <a href=\"https:\/\/www.popesprayer.va\/wp-content\/uploads\/2026\/01\/ITA-INTENZIONI-PAPA-LEON-XIV.pdf\" target=\"_blank\" class=\"boton-descarga\">\n                                        <svg xmlns=\"http:\/\/www.w3.org\/2000\/svg\" viewBox=\"0 0 24 24\" aria-hidden=\"true\"><path d=\"M19.35 10.04C18.67 6.59 15.64 4 12 4 9.11 4 6.6 5.64 5.35 8.04 2.34 8.36 0 10.91 0 14c0 3.31 2.69 6 6 6h13c2.76 0 5-2.24 5-5 0-2.64-2.05-4.78-4.65-4.96zM17 13l-5 5-5-5h3V9h4v4h3z\"><\/path><\/svg>\n                                        <span>Italiano<\/span>\n                                    <\/a>\n                                                                    <a href=\"https:\/\/www.popesprayer.va\/wp-content\/uploads\/2026\/07\/JP-Popes-Intentions-for-2027.pdf\" target=\"_blank\" class=\"boton-descarga\">\n                                        <svg xmlns=\"http:\/\/www.w3.org\/2000\/svg\" viewBox=\"0 0 24 24\" aria-hidden=\"true\"><path d=\"M19.35 10.04C18.67 6.59 15.64 4 12 4 9.11 4 6.6 5.64 5.35 8.04 2.34 8.36 0 10.91 0 14c0 3.31 2.69 6 6 6h13c2.76 0 5-2.24 5-5 0-2.64-2.05-4.78-4.65-4.96zM17 13l-5 5-5-5h3V9h4v4h3z\"><\/path><\/svg>\n                                        <span>\u65e5\u672c\u8a9e<\/span>\n                                    <\/a>\n                                                                    <a href=\"https:\/\/www.popesprayer.va\/wp-content\/uploads\/2026\/08\/KO-2027-Popes-prayer-intention.pdf\" target=\"_blank\" class=\"boton-descarga\">\n                                        <svg xmlns=\"http:\/\/www.w3.org\/2000\/svg\" viewBox=\"0 0 24 24\" aria-hidden=\"true\"><path d=\"M19.35 10.04C18.67 6.59 15.64 4 12 4 9.11 4 6.6 5.64 5.35 8.04 2.34 8.36 0 10.91 0 14c0 3.31 2.69 6 6 6h13c2.76 0 5-2.24 5-5 0-2.64-2.05-4.78-4.65-4.96zM17 13l-5 5-5-5h3V9h4v4h3z\"><\/path><\/svg>\n                                        <span>\ud55c\uad6d\uc5b4<\/span>\n                                    <\/a>\n                                                                    <a href=\"https:\/\/www.popesprayer.va\/wp-content\/uploads\/2026\/06\/RW-ISENGESHO-RYIBYIFUZO-BYA-PAPA-2027.pdf\" target=\"_blank\" class=\"boton-descarga\">\n                                        <svg xmlns=\"http:\/\/www.w3.org\/2000\/svg\" viewBox=\"0 0 24 24\" aria-hidden=\"true\"><path d=\"M19.35 10.04C18.67 6.59 15.64 4 12 4 9.11 4 6.6 5.64 5.35 8.04 2.34 8.36 0 10.91 0 14c0 3.31 2.69 6 6 6h13c2.76 0 5-2.24 5-5 0-2.64-2.05-4.78-4.65-4.96zM17 13l-5 5-5-5h3V9h4v4h3z\"><\/path><\/svg>\n                                        <span>Kinyarwanda<\/span>\n                                    <\/a>\n                                                                    <a href=\"https:\/\/www.popesprayer.va\/wp-content\/uploads\/2026\/03\/SW-POPE-LEO-XIV-PRAYER-INTENTIONS-2027.pdf\" target=\"_blank\" class=\"boton-descarga\">\n                                        <svg xmlns=\"http:\/\/www.w3.org\/2000\/svg\" viewBox=\"0 0 24 24\" aria-hidden=\"true\"><path d=\"M19.35 10.04C18.67 6.59 15.64 4 12 4 9.11 4 6.6 5.64 5.35 8.04 2.34 8.36 0 10.91 0 14c0 3.31 2.69 6 6 6h13c2.76 0 5-2.24 5-5 0-2.64-2.05-4.78-4.65-4.96zM17 13l-5 5-5-5h3V9h4v4h3z\"><\/path><\/svg>\n                                        <span>Kiswahili<\/span>\n                                    <\/a>\n                                                                    <a href=\"https:\/\/www.popesprayer.va\/wp-content\/uploads\/2026\/02\/NL-GEBEDSINTENTIES-PAUS-LEO-XIV-2027.pdf\" target=\"_blank\" class=\"boton-descarga\">\n                                        <svg xmlns=\"http:\/\/www.w3.org\/2000\/svg\" viewBox=\"0 0 24 24\" aria-hidden=\"true\"><path d=\"M19.35 10.04C18.67 6.59 15.64 4 12 4 9.11 4 6.6 5.64 5.35 8.04 2.34 8.36 0 10.91 0 14c0 3.31 2.69 6 6 6h13c2.76 0 5-2.24 5-5 0-2.64-2.05-4.78-4.65-4.96zM17 13l-5 5-5-5h3V9h4v4h3z\"><\/path><\/svg>\n                                        <span>Nederlands<\/span>\n                                    <\/a>\n                                                                    <a href=\"https:\/\/www.popesprayer.va\/wp-content\/uploads\/2026\/02\/PL-INTENCJE-PAPIESKIE-2027.pdf\" target=\"_blank\" class=\"boton-descarga\">\n                                        <svg xmlns=\"http:\/\/www.w3.org\/2000\/svg\" viewBox=\"0 0 24 24\" aria-hidden=\"true\"><path d=\"M19.35 10.04C18.67 6.59 15.64 4 12 4 9.11 4 6.6 5.64 5.35 8.04 2.34 8.36 0 10.91 0 14c0 3.31 2.69 6 6 6h13c2.76 0 5-2.24 5-5 0-2.64-2.05-4.78-4.65-4.96zM17 13l-5 5-5-5h3V9h4v4h3z\"><\/path><\/svg>\n                                        <span>Polski<\/span>\n                                    <\/a>\n                                                                    <a href=\"https:\/\/www.popesprayer.va\/wp-content\/uploads\/2026\/01\/PT-INTENCOES-DE-ORACAO-DO-SANTO-PADRE_2027.pdf\" target=\"_blank\" class=\"boton-descarga\">\n                                        <svg xmlns=\"http:\/\/www.w3.org\/2000\/svg\" viewBox=\"0 0 24 24\" aria-hidden=\"true\"><path d=\"M19.35 10.04C18.67 6.59 15.64 4 12 4 9.11 4 6.6 5.64 5.35 8.04 2.34 8.36 0 10.91 0 14c0 3.31 2.69 6 6 6h13c2.76 0 5-2.24 5-5 0-2.64-2.05-4.78-4.65-4.96zM17 13l-5 5-5-5h3V9h4v4h3z\"><\/path><\/svg>\n                                        <span>Portugu\u00eas<\/span>\n                                    <\/a>\n                                                                    <a href=\"https:\/\/www.popesprayer.va\/wp-content\/uploads\/2026\/07\/SLV-MOLITVENI-NAMENI-SVETEGA-OCETA27.pdf\" target=\"_blank\" class=\"boton-descarga\">\n                                        <svg xmlns=\"http:\/\/www.w3.org\/2000\/svg\" viewBox=\"0 0 24 24\" aria-hidden=\"true\"><path d=\"M19.35 10.04C18.67 6.59 15.64 4 12 4 9.11 4 6.6 5.64 5.35 8.04 2.34 8.36 0 10.91 0 14c0 3.31 2.69 6 6 6h13c2.76 0 5-2.24 5-5 0-2.64-2.05-4.78-4.65-4.96zM17 13l-5 5-5-5h3V9h4v4h3z\"><\/path><\/svg>\n                                        <span>Sloven\u0161\u010dina<\/span>\n                                    <\/a>\n                                                                    <a href=\"https:\/\/www.popesprayer.va\/wp-content\/uploads\/2026\/04\/UA-POPE-LEO-XIV-PRAYER-INTENTIONS-2027.pdf\" target=\"_blank\" class=\"boton-descarga\">\n                                        <svg xmlns=\"http:\/\/www.w3.org\/2000\/svg\" viewBox=\"0 0 24 24\" aria-hidden=\"true\"><path d=\"M19.35 10.04C18.67 6.59 15.64 4 12 4 9.11 4 6.6 5.64 5.35 8.04 2.34 8.36 0 10.91 0 14c0 3.31 2.69 6 6 6h13c2.76 0 5-2.24 5-5 0-2.64-2.05-4.78-4.65-4.96zM17 13l-5 5-5-5h3V9h4v4h3z\"><\/path><\/svg>\n                                        <span>\u0423\u041a\u0420\u0410\u0407\u041d\u0421\u042c\u041a\u0410<\/span>\n                                    <\/a>\n                                                                    <a href=\"https:\/\/www.popesprayer.va\/wp-content\/uploads\/2026\/03\/VI-POPE-LEO-XIV-PRAYER-INTENTIONS-2027.pdf\" target=\"_blank\" class=\"boton-descarga\">\n                                        <svg xmlns=\"http:\/\/www.w3.org\/2000\/svg\" viewBox=\"0 0 24 24\" aria-hidden=\"true\"><path d=\"M19.35 10.04C18.67 6.59 15.64 4 12 4 9.11 4 6.6 5.64 5.35 8.04 2.34 8.36 0 10.91 0 14c0 3.31 2.69 6 6 6h13c2.76 0 5-2.24 5-5 0-2.64-2.05-4.78-4.65-4.96zM17 13l-5 5-5-5h3V9h4v4h3z\"><\/path><\/svg>\n                                        <span>Ti\u1ebfng Vi\u1ec7t<\/span>\n                                    <\/a>\n                                                        <\/div>\n                                    <\/div>\n                    <\/div>\n    <\/div>\n    <\/div><\/div>\n\n<div class=\"et_pb_text_2 et_pb_text et_pb_bg_layout_light et_animated et_pb_module et_block_module\"><div class=\"et_pb_text_inner\"><p>Ces <strong>intentions de pri\u00e8re<\/strong> sont le fruit d'un long <strong>processus synodal de discernement au sein de l'\u00c9glise<\/strong>, dans diff\u00e9rents pays du monde, et de propositions \u00e9manant de divers dicast\u00e8res, congr\u00e9gations et services du Saint-Si\u00e8ge. Au terme de ce processus, apr\u00e8s plusieurs mois, le Pape, apr\u00e8s avoir re\u00e7u les propositions, prend un temps de pri\u00e8re et de discernement face <strong>aux d\u00e9fis de l'humanit\u00e9 et \u00e0 la mission de l'Eglise<\/strong>. Il confie alors ses douze intentions de pri\u00e8re \u00e0 tous les fid\u00e8les. Ce sont des <strong>orientations pour notre vie et notre mission<\/strong>.   <\/p>\n<\/div><\/div>\n\n<div class=\"et_pb_text_3 et_pb_text et_pb_bg_layout_light et_animated et_pb_module et_block_module\"><div class=\"et_pb_text_inner\"><p>Il existe \u00e9galement des appels urgents \u00e0 la pri\u00e8re que le Pape confie \u00e0 son r\u00e9seau de pri\u00e8re, <strong>semaine apr\u00e8s semaine, normalement <\/strong>apr\u00e8s l'Ang\u00e9lus ou \u00e0 la fin de l'audience g\u00e9n\u00e9rale. Ces appels peuvent \u00eatre consult\u00e9s <strong>sur le profil de pri\u00e8re du Pape<\/strong> et peuvent \u00eatre suivis en temps r\u00e9el sur les r\u00e9seaux sociaux de <strong>@clicktopray<\/strong>. <\/p>\n<\/div><\/div>\n<\/div>\n\n<div class=\"et_pb_column_3 et_pb_column et_pb_column_1_2 et-last-child et_block_column et_pb_column_empty et_pb_css_mix_blend_mode_passthrough\"><\/div>\n<\/div>\n<div class=\"et_pb_bottom_inside_divider et-no-transition\"><\/div><\/div>\n\n<div class=\"et_pb_section_1 et_pb_section et_section_regular et_block_section section_has_divider et_pb_bottom_divider\" id=\"offeringprayer\">\n<div class=\"et_pb_row_2 et_pb_row et_pb_equal_columns et_block_row preset--module--divi-row--default\">\n<div class=\"et_pb_column_4 et_pb_column et_pb_column_3_5 et_block_column et_pb_css_mix_blend_mode_passthrough\">\n<div class=\"et_pb_text_4 et_pb_text et_pb_bg_layout_light et_animated et_pb_module et_block_module\"><div class=\"et_pb_text_inner\"><h2 data-start=\"518\" data-end=\"562\"><strong>Pri\u00e8re d\u2019offrande<\/strong><\/h2>\n<p data-start=\"563\" data-end=\"826\" class=\"\">\n<\/div><\/div>\n\n<div class=\"et_pb_text_5 et_pb_text et_pb_bg_layout_light et_pb_module et_block_module\"><div class=\"et_pb_text_inner\"><p>P\u00e8re tr\u00e8s bon, je sais que tu es toujours avec moi. Me voici, en ce jour nouveau. Mets mon c\u0153ur, une fois encore, aupr\u00e8s du c\u0153ur de ton Fils J\u00e9sus qui s\u2019offre pour moi et qui vient \u00e0 moi dans l\u2019Eucharistie. Que ton Esprit Saint fasse de moi son ami et ap\u00f4tre, disponible \u00e0 sa mission de compassion.   <\/p>\n<p>Je mets en tes mains mes joies et mes souffrances, tout ce que j\u2019ai et poss\u00e8de, en communion avec mes fr\u00e8res et s\u0153urs de ce r\u00e9seau mondial de pri\u00e8re.<\/p>\n<p>Avec Marie, je t\u2019offre cette journ\u00e9e pour la mission de l\u2019Eglise et pour les intentions de pri\u00e8re du Pape et de mon \u00e9v\u00eaque de ce mois.<\/p>\n<p>Amen.<\/p>\n<\/div><\/div>\n<\/div>\n\n<div class=\"et_pb_column_5 et_pb_column et_pb_column_2_5 et-last-child et_block_column et_pb_column_empty et_pb_css_mix_blend_mode_passthrough\"><\/div>\n<\/div>\n<div class=\"et_pb_bottom_inside_divider et-no-transition\"><\/div><\/div>\n\n<div class=\"et_pb_section_2 et_pb_section et_section_regular et_block_section\" id=\"clicktopray\">\n<div class=\"et_pb_row_3 et_pb_row et_block_row preset--module--divi-row--default\">\n<div class=\"et_pb_column_6 et_pb_column et_pb_column_4_4 et-last-child et_block_column et_pb_css_mix_blend_mode_passthrough\">\n<div class=\"et_pb_text_6 et_pb_text et_pb_bg_layout_light et_pb_module et_block_module\"><div class=\"et_pb_text_inner\"><h1><span style=\"font-weight: 400;\">Click To Pray<\/span><\/h1>\n<h2>La plateforme de pri\u00e8re du Pape<\/h2>\n<\/div><\/div>\n<\/div>\n<\/div>\n\n<div class=\"et_pb_row_4 et_pb_row et_pb_equal_columns et_pb_gutters2 et_block_row preset--module--divi-row--default\">\n<div class=\"et_pb_column_7 et_pb_column et_pb_column_1_2 et_block_column et_pb_css_mix_blend_mode_passthrough\">\n<div class=\"et_pb_text_7 et_pb_text et_pb_bg_layout_light et_pb_module et_block_module\"><div class=\"et_pb_text_inner\"><p data-start=\"239\" data-end=\"448\"><strong data-start=\"239\" data-end=\"256\">\u00ab Click To Pray<\/strong> \u00bb est la plateforme num\u00e9rique officielle du Pape d\u00e9di\u00e9e \u00e0 la pri\u00e8re. Elle aide les personnes du monde entier \u00e0 rester unies spirituellement et \u00e0 se mobiliser chaque jour face aux grands d\u00e9fis auxquels sont confront\u00e9es l'humanit\u00e9 et l'\u00c9glise. <\/p>\n<p data-start=\"450\" data-end=\"739\">La plateforme propose un rythme de pri\u00e8re simple \u00e0 travers <strong data-start=\"504\" data-end=\"525\">trois moments cl\u00e9s :<\/strong><\/p>\n<\/div><\/div>\n<\/div>\n\n<div class=\"et_pb_column_8 et_pb_column et_pb_column_1_2 et-last-child et_block_column et_pb_column_empty et_pb_css_mix_blend_mode_passthrough\"><\/div>\n<\/div>\n\n<div class=\"et_pb_row_5 et_pb_row et_pb_row_5col et_pb_equal_columns et_pb_gutters2 et_block_row et_block_row_5col preset--module--divi-row--default\">\n<div class=\"et_pb_column_9 et_pb_column et_pb_column_1_5 et_block_column et_pb_css_mix_blend_mode_passthrough\">\n<div class=\"et_pb_blurb_0 et_pb_blurb et_pb_bg_layout_light et_pb_text_align_center et_pb_blurb_position_top et_pb_module et_block_module\"><div class=\"et_pb_blurb_content\"><div class=\"et_pb_main_blurb_image et_animated\"><span class=\"et_pb_image_wrap et_pb_only_image_mode_wrap\"><img loading=\"lazy\" decoding=\"async\" src=\"https:\/\/www.popesprayer.va\/wp-content\/uploads\/2025\/07\/PrayerMorning.879973f3-1.png\" width=\"500\" height=\"500\" class=\"wp-image-1779\" alt=\"PrayerMorning.879973f3\" \/><\/span><\/div><div class=\"et_pb_blurb_container\"><h4 class=\"et_pb_module_header\">Le matin<\/h4><div class=\"et_pb_blurb_description\"><p>Inspir\u00e9s par l'\u00c9vangile, nous offrons notre journ\u00e9e au Seigneur<\/p>\n<\/div><\/div><\/div><\/div>\n<\/div>\n\n<div class=\"et_pb_column_10 et_pb_column et_pb_column_1_5 et_block_column et_pb_css_mix_blend_mode_passthrough\">\n<div class=\"et_pb_blurb_1 et_pb_blurb et_pb_bg_layout_light et_pb_text_align_center et_pb_blurb_position_top et_pb_module et_block_module\"><div class=\"et_pb_blurb_content\"><div class=\"et_pb_main_blurb_image et_animated\"><span class=\"et_pb_image_wrap et_pb_only_image_mode_wrap\"><img loading=\"lazy\" decoding=\"async\" src=\"https:\/\/www.popesprayer.va\/wp-content\/uploads\/2025\/07\/PrayerAfternoon.44b4c701-1.png\" width=\"500\" height=\"500\" class=\"wp-image-1780\" alt=\"PrayerAfternoon.44b4c701\" \/><\/span><\/div><div class=\"et_pb_blurb_container\"><h4 class=\"et_pb_module_header\">\u00c0 midi<\/h4><div class=\"et_pb_blurb_description\"><p>Nous nous arr\u00eatons pour r\u00e9aligner nos c\u0153urs<\/p>\n<\/div><\/div><\/div><\/div>\n<\/div>\n\n<div class=\"et_pb_column_11 et_pb_column et_pb_column_1_5 et_block_column et_pb_css_mix_blend_mode_passthrough\">\n<div class=\"et_pb_blurb_2 et_pb_blurb et_pb_bg_layout_light et_pb_text_align_center et_pb_blurb_position_top et_pb_module et_block_module\"><div class=\"et_pb_blurb_content\"><div class=\"et_pb_main_blurb_image et_animated\"><span class=\"et_pb_image_wrap et_pb_only_image_mode_wrap\"><img loading=\"lazy\" decoding=\"async\" src=\"https:\/\/www.popesprayer.va\/wp-content\/uploads\/2025\/07\/PrayerEvening.png\" width=\"500\" height=\"500\" class=\"wp-image-1781\" alt=\"PrayerEvening\" \/><\/span><\/div><div class=\"et_pb_blurb_container\"><h4 class=\"et_pb_module_header\">Le soir<\/h4><div class=\"et_pb_blurb_description\"><p>Nous r\u00e9fl\u00e9chissons et faisons la relecture de notre journ\u00e9e avec gratitude et honn\u00eatet\u00e9<\/p>\n<\/div><\/div><\/div><\/div>\n<\/div>\n\n<div class=\"et_pb_column_12 et_pb_column et_pb_column_1_5 et_block_column et_pb_column_empty et_pb_css_mix_blend_mode_passthrough\"><\/div>\n\n<div class=\"et_pb_column_13 et_pb_column et_pb_column_1_5 et-last-child et_block_column et_pb_column_empty et_pb_css_mix_blend_mode_passthrough\"><\/div>\n<\/div>\n\n<div class=\"et_pb_row_6 et_pb_row et_pb_row_1-2_1-4_1-4 et_pb_equal_columns et_block_row et_block_row_1-2_1-4_1-4 preset--module--divi-row--default\">\n<div class=\"et_pb_column_14 et_pb_column et_pb_column_1_2 et_block_column et_pb_css_mix_blend_mode_passthrough\">\n<div class=\"et_pb_text_8 et_pb_text et_pb_bg_layout_light et_pb_module et_block_module\"><div class=\"et_pb_text_inner\"><p data-start=\"741\" data-end=\"1051\">\u00ab Click To Pray \u00bb diffuse \u00e9galement <strong data-start=\"771\" data-end=\"806\">l\u2019intention de pri\u00e8re mensuelle du Pape<\/strong>, nous aidant ainsi \u00e0 orienter notre pri\u00e8re vers ce qui compte le plus \u00e0 l\u2019\u00e9chelle mondiale. Sur son profil personnel au sein de la plateforme, le Pape propose des intentions suppl\u00e9mentaires hebdomadaires et d\u2019actualit\u00e9, nous invitant \u00e0 soutenir la mission de l\u2019\u00c9glise avec un c\u0153ur \u00e0 l\u2019\u00e9coute et pr\u00eat \u00e0 r\u00e9pondre. <\/p>\n<p data-start=\"1053\" data-end=\"1296\">Mais \u00ab Click To Pray \u00bb est bien plus qu\u2019un simple outil. Il s\u2019agit d\u2019une <strong data-start=\"1100\" data-end=\"1127\">communaut\u00e9 mondiale de pri\u00e8re<\/strong>, au sein de laquelle des personnes de toutes les g\u00e9n\u00e9rations et de toutes les cultures peuvent partager leurs intentions et prier les unes pour les autres. Elle jette des ponts de solidarit\u00e9 et d\u2019espoir, tant sur le plan num\u00e9rique que spirituel.  <\/p>\n<p data-start=\"1298\" data-end=\"1567\">La plateforme et l'application sont disponibles en <strong data-start=\"1336\" data-end=\"1351\">7 langues<\/strong> (espagnol, anglais, portugais, italien, fran\u00e7ais, allemand et chinois traditionnel), et le contenu quotidien est \u00e9galement partag\u00e9 en <strong data-start=\"1470\" data-end=\"1502\">vietnamien, japonais, cor\u00e9en<\/strong>, et plus encore via <strong data-start=\"1521\" data-end=\"1566\">Facebook, Twitter, Instagram et YouTube<\/strong>.<\/p>\n<\/div><\/div>\n<\/div>\n\n<div class=\"et_pb_column_15 et_pb_column et_pb_column_1_4 et_block_column et_pb_column_empty et_pb_css_mix_blend_mode_passthrough\"><\/div>\n\n<div class=\"et_pb_column_16 et_pb_column et_pb_column_1_4 et-last-child et_block_column et_pb_css_mix_blend_mode_passthrough\">\n<div class=\"et_pb_module et_pb_button_module_wrapper et_pb_button_0_wrapper\"><a class=\"et_pb_button_0 et_pb_button et_pb_bg_layout_light et_pb_module et_block_module\" href=\"https:\/\/clicktopray.org\/\" target=\"_blank\">D\u00e9couvrez le projet<\/a><\/div>\n<\/div>\n<\/div>\n<\/div>\n\n<div class=\"et_pb_section_3 et_pb_section et_section_regular et_block_section section_has_divider et_pb_top_divider et_pb_bottom_divider\" id=\"thepopevideo\"><div class=\"et_pb_top_inside_divider et-no-transition\"><\/div>\n<div class=\"et_pb_row_7 et_pb_row et_pb_equal_columns et_block_row preset--module--divi-row--default\">\n<div class=\"et_pb_column_17 et_pb_column et_pb_column_3_5 et_block_column et_pb_css_mix_blend_mode_passthrough\">\n<div class=\"et_pb_text_9 et_pb_text et_pb_bg_layout_light et_animated et_pb_module et_block_module\"><div class=\"et_pb_text_inner\"><h2 data-start=\"518\" data-end=\"562\">La Vid\u00e9o du Pape<\/h2>\n<p data-start=\"563\" data-end=\"826\" class=\"\">\n<\/div><\/div>\n<\/div>\n\n<div class=\"et_pb_column_18 et_pb_column et_pb_column_2_5 et-last-child et_block_column et_pb_column_empty et_pb_css_mix_blend_mode_passthrough\"><\/div>\n<\/div>\n\n<div class=\"et_pb_row_8 et_pb_row et_pb_equal_columns et_block_row preset--module--divi-row--default\">\n<div class=\"et_pb_column_19 et_pb_column et_pb_column_3_5 et_block_column et_pb_css_mix_blend_mode_passthrough\">\n<div class=\"et_pb_text_10 et_pb_text et_pb_bg_layout_light et_pb_module et_block_module\"><div class=\"et_pb_text_inner\"><p data-start=\"161\" data-end=\"325\"><strong data-start=\"161\" data-end=\"179\">\u00ab La Vid\u00e9o du Pape \u00bb<\/strong> est une initiative officielle d'envergure mondiale qui diffuse les intentions de pri\u00e8re mensuelles du Pape, lanc\u00e9e en 2016.<\/p>\n<p data-start=\"161\" data-end=\"325\">Ce projet a enregistr\u00e9 plus de <strong data-start=\"374\" data-end=\"395\">260 millions de vues<\/strong> sur l\u2019ensemble des r\u00e9seaux sociaux du Vatican. Traduit dans <strong data-start=\"457\" data-end=\"483\">plus de 23 langues<\/strong> et relay\u00e9 par les m\u00e9dias dans <strong data-start=\"509\" data-end=\"526\">114 pays<\/strong>, \u00ab La Vid\u00e9o du Pape \u00bb aide chacun \u00e0 s\u2019identifier personnellement aux intentions du Saint-P\u00e8re, en invitant les c\u0153urs du monde entier \u00e0 prier, \u00e0 r\u00e9fl\u00e9chir et \u00e0 agir. <\/p>\n<p><span style=\"font-weight: 400;\">Et maintenant, une fa\u00e7on tr\u00e8s concr\u00e8te et profonde de <strong> prier avec le pape<\/strong> dans son nouveau format. <\/span><span style=\"font-weight: 400;\"><strong>Un message de foi, de compassion et d'unit\u00e9, chaque mois, pour le monde entier<\/strong>. <\/span> <\/p>\n<\/div><\/div>\n<\/div>\n\n<div class=\"et_pb_column_20 et_pb_column et_pb_column_2_5 et-last-child et_block_column et_pb_css_mix_blend_mode_passthrough\">\n<div class=\"et_pb_code_1 et_pb_code et_pb_module\"><div class=\"et_pb_code_inner\"><div class='tpv-video-container'><iframe src='https:\/\/www.youtube.com\/embed\/videoseries?rel=0&list=PLTroqZcBkue16MMgzz9LKRp-W1biit5sp' allowfullscreen='allowfullscreen' mozallowfullscreen='mozallowfullscreen' msallowfullscreen='msallowfullscreen' oallowfullscreen='oallowfullscreen' webkitallowfullscreen='webkitallowfullscreen' frameborder='0'><\/iframe><\/div><\/div><\/div>\n<\/div>\n<\/div>\n\n<div class=\"et_pb_row_9 et_pb_row et_block_row preset--module--divi-row--default\">\n<div class=\"et_pb_column_21 et_pb_column et_pb_column_1_3 et_block_column et_pb_css_mix_blend_mode_passthrough\">\n<div class=\"et_pb_module et_pb_button_module_wrapper et_pb_button_1_wrapper\"><a class=\"et_pb_button_1 et_pb_button et_pb_bg_layout_light et_pb_module et_block_module\" href=\"https:\/\/www.popesprayer.va\/fr\/prieaveclepape\/\" target=\"_blank\">Prie avec le Pape<\/a><\/div>\n<\/div>\n\n<div class=\"et_pb_column_22 et_pb_column et_pb_column_1_3 et_block_column et_pb_css_mix_blend_mode_passthrough\">\n<div class=\"et_pb_module et_pb_button_module_wrapper et_pb_button_2_wrapper\"><a class=\"et_pb_button_2 et_pb_button et_pb_bg_layout_light et_pb_module et_block_module\" href=\"https:\/\/www.popesprayer.va\/fr\/lavideodupape\/\" target=\"_blank\">Priez les intentions pr\u00e9c\u00e9dentes<\/a><\/div>\n<\/div>\n\n<div class=\"et_pb_column_23 et_pb_column et_pb_column_1_3 et-last-child et_block_column et_pb_column_empty et_pb_css_mix_blend_mode_passthrough\"><\/div>\n<\/div>\n<div class=\"et_pb_bottom_inside_divider et-no-transition\"><\/div><\/div>","protected":false},"excerpt":{"rendered":"","protected":false},"author":1,"featured_media":0,"parent":0,"menu_order":0,"comment_status":"closed","ping_status":"closed","template":"","meta":{"_acf_changed":false,"footnotes":""},"class_list":["post-84331","page","type-page","status-publish","hentry"],"acf":[],"yoast_head":"<!-- This site is optimized with the Yoast SEO plugin v28.4 - https:\/\/yoast.com\/product\/yoast-seo-wordpress\/ -->\n<title>Prier - R\u00e9seau Mondial de Pri\u00e8re du Pape<\/title>\n<meta name=\"robots\" content=\"index, follow, max-snippet:-1, max-image-preview:large, max-video-preview:-1\" \/>\n<link rel=\"canonical\" href=\"https:\/\/www.popesprayer.va\/fr\/prier\/\" \/>\n<meta property=\"og:locale\" content=\"fr_FR\" \/>\n<meta property=\"og:type\" content=\"article\" \/>\n<meta property=\"og:title\" content=\"Prier - R\u00e9seau Mondial de Pri\u00e8re du Pape\" \/>\n<meta property=\"og:url\" content=\"https:\/\/www.popesprayer.va\/fr\/prier\/\" \/>\n<meta property=\"og:site_name\" content=\"R\u00e9seau Mondial de Pri\u00e8re du Pape\" \/>\n<meta property=\"article:modified_time\" content=\"2026-07-23T17:52:07+00:00\" \/>\n<meta name=\"twitter:card\" content=\"summary_large_image\" \/>\n<script type=\"application\/ld+json\" class=\"yoast-schema-graph\">{\"@context\":\"https:\\\/\\\/schema.org\",\"@graph\":[{\"@type\":\"WebPage\",\"@id\":\"https:\\\/\\\/www.popesprayer.va\\\/fr\\\/prier\\\/\",\"url\":\"https:\\\/\\\/www.popesprayer.va\\\/fr\\\/prier\\\/\",\"name\":\"Prier - R\u00e9seau Mondial de Pri\u00e8re du Pape\",\"isPartOf\":{\"@id\":\"https:\\\/\\\/www.popesprayer.va\\\/fr\\\/#website\"},\"datePublished\":\"2025-06-07T09:19:15+00:00\",\"dateModified\":\"2026-07-23T17:52:07+00:00\",\"breadcrumb\":{\"@id\":\"https:\\\/\\\/www.popesprayer.va\\\/fr\\\/prier\\\/#breadcrumb\"},\"inLanguage\":\"fr-FR\",\"potentialAction\":[{\"@type\":\"ReadAction\",\"target\":[\"https:\\\/\\\/www.popesprayer.va\\\/fr\\\/prier\\\/\"]}]},{\"@type\":\"BreadcrumbList\",\"@id\":\"https:\\\/\\\/www.popesprayer.va\\\/fr\\\/prier\\\/#breadcrumb\",\"itemListElement\":[{\"@type\":\"ListItem\",\"position\":1,\"name\":\"Accueil\",\"item\":\"https:\\\/\\\/www.popesprayer.va\\\/fr\\\/\"},{\"@type\":\"ListItem\",\"position\":2,\"name\":\"Prier\"}]},{\"@type\":\"WebSite\",\"@id\":\"https:\\\/\\\/www.popesprayer.va\\\/fr\\\/#website\",\"url\":\"https:\\\/\\\/www.popesprayer.va\\\/fr\\\/\",\"name\":\"Pope's Worldwide Prayer Network\",\"description\":\"Pray together, change the world\",\"publisher\":{\"@id\":\"https:\\\/\\\/www.popesprayer.va\\\/fr\\\/#organization\"},\"potentialAction\":[{\"@type\":\"SearchAction\",\"target\":{\"@type\":\"EntryPoint\",\"urlTemplate\":\"https:\\\/\\\/www.popesprayer.va\\\/fr\\\/?s={search_term_string}\"},\"query-input\":{\"@type\":\"PropertyValueSpecification\",\"valueRequired\":true,\"valueName\":\"search_term_string\"}}],\"inLanguage\":\"fr-FR\"},{\"@type\":\"Organization\",\"@id\":\"https:\\\/\\\/www.popesprayer.va\\\/fr\\\/#organization\",\"name\":\"R\u00e9seau mondial de pri\u00e8re du pape\",\"url\":\"https:\\\/\\\/www.popesprayer.va\\\/fr\\\/\",\"logo\":{\"@type\":\"ImageObject\",\"inLanguage\":\"fr-FR\",\"@id\":\"https:\\\/\\\/www.popesprayer.va\\\/fr\\\/#\\\/schema\\\/logo\\\/image\\\/\",\"url\":\"https:\\\/\\\/www.popesprayer.va\\\/wp-content\\\/uploads\\\/2025\\\/01\\\/Logo-Popes-Worldwide-Prayer-Network-Pontifical-Work-EN-Horizontal.png\",\"contentUrl\":\"https:\\\/\\\/www.popesprayer.va\\\/wp-content\\\/uploads\\\/2025\\\/01\\\/Logo-Popes-Worldwide-Prayer-Network-Pontifical-Work-EN-Horizontal.png\",\"width\":1328,\"height\":228,\"caption\":\"R\u00e9seau mondial de pri\u00e8re du pape\"},\"image\":{\"@id\":\"https:\\\/\\\/www.popesprayer.va\\\/fr\\\/#\\\/schema\\\/logo\\\/image\\\/\"}}]}<\/script>\n<!-- \/ Yoast SEO plugin. -->","yoast_head_json":{"title":"Prier - R\u00e9seau Mondial de Pri\u00e8re du Pape","robots":{"index":"index","follow":"follow","max-snippet":"max-snippet:-1","max-image-preview":"max-image-preview:large","max-video-preview":"max-video-preview:-1"},"canonical":"https:\/\/www.popesprayer.va\/fr\/prier\/","og_locale":"fr_FR","og_type":"article","og_title":"Prier - R\u00e9seau Mondial de Pri\u00e8re du Pape","og_url":"https:\/\/www.popesprayer.va\/fr\/prier\/","og_site_name":"R\u00e9seau Mondial de Pri\u00e8re du Pape","article_modified_time":"2026-07-23T17:52:07+00:00","twitter_card":"summary_large_image","schema":{"@context":"https:\/\/schema.org","@graph":[{"@type":"WebPage","@id":"https:\/\/www.popesprayer.va\/fr\/prier\/","url":"https:\/\/www.popesprayer.va\/fr\/prier\/","name":"Prier - R\u00e9seau Mondial de Pri\u00e8re du Pape","isPartOf":{"@id":"https:\/\/www.popesprayer.va\/fr\/#website"},"datePublished":"2025-06-07T09:19:15+00:00","dateModified":"2026-07-23T17:52:07+00:00","breadcrumb":{"@id":"https:\/\/www.popesprayer.va\/fr\/prier\/#breadcrumb"},"inLanguage":"fr-FR","potentialAction":[{"@type":"ReadAction","target":["https:\/\/www.popesprayer.va\/fr\/prier\/"]}]},{"@type":"BreadcrumbList","@id":"https:\/\/www.popesprayer.va\/fr\/prier\/#breadcrumb","itemListElement":[{"@type":"ListItem","position":1,"name":"Accueil","item":"https:\/\/www.popesprayer.va\/fr\/"},{"@type":"ListItem","position":2,"name":"Prier"}]},{"@type":"WebSite","@id":"https:\/\/www.popesprayer.va\/fr\/#website","url":"https:\/\/www.popesprayer.va\/fr\/","name":"Pope's Worldwide Prayer Network","description":"Pray together, change the world","publisher":{"@id":"https:\/\/www.popesprayer.va\/fr\/#organization"},"potentialAction":[{"@type":"SearchAction","target":{"@type":"EntryPoint","urlTemplate":"https:\/\/www.popesprayer.va\/fr\/?s={search_term_string}"},"query-input":{"@type":"PropertyValueSpecification","valueRequired":true,"valueName":"search_term_string"}}],"inLanguage":"fr-FR"},{"@type":"Organization","@id":"https:\/\/www.popesprayer.va\/fr\/#organization","name":"R\u00e9seau mondial de pri\u00e8re du pape","url":"https:\/\/www.popesprayer.va\/fr\/","logo":{"@type":"ImageObject","inLanguage":"fr-FR","@id":"https:\/\/www.popesprayer.va\/fr\/#\/schema\/logo\/image\/","url":"https:\/\/www.popesprayer.va\/wp-content\/uploads\/2025\/01\/Logo-Popes-Worldwide-Prayer-Network-Pontifical-Work-EN-Horizontal.png","contentUrl":"https:\/\/www.popesprayer.va\/wp-content\/uploads\/2025\/01\/Logo-Popes-Worldwide-Prayer-Network-Pontifical-Work-EN-Horizontal.png","width":1328,"height":228,"caption":"R\u00e9seau mondial de pri\u00e8re du pape"},"image":{"@id":"https:\/\/www.popesprayer.va\/fr\/#\/schema\/logo\/image\/"}}]}},"_links":{"self":[{"href":"https:\/\/www.popesprayer.va\/fr\/wp-json\/wp\/v2\/pages\/84331","targetHints":{"allow":["GET"]}}],"collection":[{"href":"https:\/\/www.popesprayer.va\/fr\/wp-json\/wp\/v2\/pages"}],"about":[{"href":"https:\/\/www.popesprayer.va\/fr\/wp-json\/wp\/v2\/types\/page"}],"author":[{"embeddable":true,"href":"https:\/\/www.popesprayer.va\/fr\/wp-json\/wp\/v2\/users\/1"}],"replies":[{"embeddable":true,"href":"https:\/\/www.popesprayer.va\/fr\/wp-json\/wp\/v2\/comments?post=84331"}],"version-history":[{"count":70,"href":"https:\/\/www.popesprayer.va\/fr\/wp-json\/wp\/v2\/pages\/84331\/revisions"}],"predecessor-version":[{"id":100842,"href":"https:\/\/www.popesprayer.va\/fr\/wp-json\/wp\/v2\/pages\/84331\/revisions\/100842"}],"wp:attachment":[{"href":"https:\/\/www.popesprayer.va\/fr\/wp-json\/wp\/v2\/media?parent=84331"}],"curies":[{"name":"wp","href":"https:\/\/api.w.org\/{rel}","templated":true}]}}