{"id":84565,"date":"2025-06-08T11:51:04","date_gmt":"2025-06-08T09:51:04","guid":{"rendered":"https:\/\/www.popesprayer.va\/mouvement-eucaristique-des-jeunes\/"},"modified":"2026-07-06T07:49:09","modified_gmt":"2026-07-06T05:49:09","slug":"mouvement-eucaristique-des-jeunes","status":"publish","type":"page","link":"https:\/\/www.popesprayer.va\/fr\/mouvement-eucaristique-des-jeunes\/","title":{"rendered":"Mouvement Eucharistique des Jeunes"},"content":{"rendered":"\n<div class=\"et_pb_section_0 et_pb_section et_section_regular et_block_section section_has_divider et_pb_top_divider et_pb_bottom_divider\"><div class=\"et_pb_top_inside_divider et-no-transition\"><\/div><div class=\"et_pb_row_0 et_pb_row et_block_row preset--module--divi-row--default\"><div class=\"et_pb_column_0 et_pb_column et_pb_column_3_5 et_block_column et_pb_css_mix_blend_mode_passthrough\"><div class=\"et_pb_text_0 et_pb_text et_pb_bg_layout_light et_pb_module et_block_module\"><div class=\"et_pb_text_inner\"><h2><strong>Mouvement Eucharistique des Jeunes<\/strong><\/h2>\n<\/div><\/div><div class=\"et_pb_text_1 et_pb_text et_pb_bg_layout_light et_pb_module et_block_module\"><div class=\"et_pb_text_inner\"><p><span style=\"font-weight: 400;\">Le Mouvement Eucharistique des Jeunes <strong>(MEJ)<\/strong> est un mouvement international pour la formation chr\u00e9tienne des <strong>enfants<\/strong>, des <strong>jeunes<\/strong> et des <strong>jeunes adultes<\/strong>.<\/span><br \/>\n<span style=\"font-weight: 400;\">Le MEJ invite les jeunes du monde entier \u00e0<strong>vivre \u00e0 la mani\u00e8re de J\u00e9sus<\/strong>, dans une relation d'amiti\u00e9 de c\u0153ur \u00e0 c\u0153ur avec lui, bas\u00e9e sur une spiritualit\u00e9 eucharistique pour la mission.<\/span><br \/>\n<span style=\"font-weight: 400;\">Il se fonde sur <strong>la p\u00e9dagogie des disciples d'Emma\u00fcs<\/strong>: Evangile, Eucharistie et Mission.<\/span><\/p>\n<\/div><\/div><\/div><div class=\"et_pb_column_1 et_pb_column et_pb_column_2_5 et-last-child et_block_column et_pb_css_mix_blend_mode_passthrough\"><div class=\"et_pb_image_0 et_pb_image et_pb_module et_block_module\"><span class=\"et_pb_image_wrap\"><img loading=\"lazy\" decoding=\"async\" src=\"https:\/\/www.popesprayer.va\/wp-content\/uploads\/2025\/06\/mej.png\" width=\"1024\" height=\"1007\" class=\"wp-image-597\" alt=\"mej\" title=\"mej\" \/><\/span><\/div><\/div><\/div><div class=\"et_pb_bottom_inside_divider et-no-transition\"><\/div><\/div><div class=\"et_pb_section_2 et_pb_section et_section_regular et_block_section section_has_divider et_pb_bottom_divider\"><div class=\"et_pb_row_3 et_pb_row et_pb_row_4col et_block_row et_block_row_4col preset--module--divi-row--default\"><div class=\"et_pb_column_9 et_pb_column et_pb_column_1_4 et_block_column et_pb_css_mix_blend_mode_passthrough\"><div class=\"et_pb_number_counter_0 et_pb_number_counter et_pb_bg_layout_light et_pb_text_align_center et_pb_with_title et_pb_module et_block_module\"><div class=\"percent\"><p><span class=\"percent-value\"><\/span><span class=\"percent-sign\"><\/span><\/p><\/div><h3 class=\"title\">Mouvement mondial<\/h3><\/div><div class=\"et_pb_text_9 et_pb_text et_pb_bg_layout_light et_animated et_pb_module et_block_module\"><div class=\"et_pb_text_inner\"><p class=\"\" style=\"text-align: center;\" data-start=\"563\" data-end=\"826\"><span style=\"font-weight: 400;\">Le MEJ est le <strong>deuxi\u00e8me plus grand mouvement de jeunesse catholique dans le monde,<\/strong> avec plus d'un million d'enfants et de jeunes r\u00e9partis dans <strong>60 pays,<\/strong> <strong>sur 5 continents.<\/strong><\/span><\/p>\n<\/div><\/div><\/div><div class=\"et_pb_column_10 et_pb_column et_pb_column_1_4 et_block_column et_pb_css_mix_blend_mode_passthrough\"><div class=\"et_pb_number_counter_1 et_pb_number_counter et_pb_bg_layout_light et_pb_text_align_center et_pb_with_title et_pb_module et_block_module\"><div class=\"percent\"><p><span class=\"percent-value\"><\/span><span class=\"percent-sign\"><\/span><\/p><\/div><h3 class=\"title\">Piliers<\/h3><\/div><div class=\"et_pb_text_10 et_pb_text et_pb_bg_layout_light et_animated et_pb_module et_block_module\"><div class=\"et_pb_text_inner\"><p class=\"\" style=\"text-align: center;\" data-start=\"563\" data-end=\"826\"><span style=\"font-weight: 400;\">Suivant la <strong>p\u00e9dagogie d'Emma\u00fcs<\/strong>, le MEJ int\u00e8gre l'<strong>Evangile<\/strong>, l'<strong>Eucharistie<\/strong> et la <strong>Mission de<\/strong> mani\u00e8re indissociable de la spiritualit\u00e9 du <strong>C\u0153ur de J\u00e9sus.<\/strong><\/span><\/p>\n<\/div><\/div><\/div><div class=\"et_pb_column_11 et_pb_column et_pb_column_1_4 et_block_column et_pb_css_mix_blend_mode_passthrough\"><div class=\"et_pb_number_counter_2 et_pb_number_counter et_pb_bg_layout_light et_pb_text_align_center et_pb_with_title et_pb_module et_block_module\"><div class=\"percent\"><p><span class=\"percent-value\"><\/span><span class=\"percent-sign\"><\/span><\/p><\/div><h3 class=\"title\">Socle commun<\/h3><\/div><div class=\"et_pb_text_11 et_pb_text et_pb_bg_layout_light et_animated et_pb_module et_block_module\"><div class=\"et_pb_text_inner\"><p class=\"\" style=\"text-align: center;\" data-start=\"563\" data-end=\"826\"><span style=\"font-weight: 400;\">\u00c0 l'instar d'autres communaut\u00e9s du <strong>R\u00e9seau mondial de pri\u00e8re du Pape<\/strong>, le MEJ suit le parcours de formation du<\/span><strong><i> Chemin du C\u0153ur<\/i><\/strong><span style=\"font-weight: 400;\">, adapt\u00e9 aux diff\u00e9rentes \u00e9tapes de d\u00e9veloppement.<\/span><\/p>\n<\/div><\/div><\/div><div class=\"et_pb_column_12 et_pb_column et_pb_column_1_4 et-last-child et_block_column et_pb_css_mix_blend_mode_passthrough\"><div class=\"et_pb_number_counter_3 et_pb_number_counter et_pb_bg_layout_light et_pb_text_align_center et_pb_with_title et_pb_module et_block_module\"><div class=\"percent\"><p><span class=\"percent-value\"><\/span><span class=\"percent-sign\"><\/span><\/p><\/div><h3 class=\"title\">Moments de pri\u00e8re<\/h3><\/div><div class=\"et_pb_text_12 et_pb_text et_pb_bg_layout_light et_animated et_pb_module et_block_module\"><div class=\"et_pb_text_inner\"><p class=\"\" style=\"text-align: center;\" data-start=\"563\" data-end=\"826\"><span style=\"font-weight: 400;\">Les membres du MEJ suivent le rythme de pri\u00e8re propos\u00e9 par le R\u00e9seau, en offrant leur vie (\u00ab<strong>Avec J\u00e9sus le matin\u00bb<\/strong>), en s'alignant \u00e0 sa pr\u00e9sence (\u00ab<strong>Avec J\u00e9sus l'apr\u00e8s-midi\u00bb<\/strong>) et en faisant la relecture de leur journ\u00e9e. (\u00ab<strong>Avec J\u00e9sus le soir\u00bb<\/strong>).<\/span><\/p>\n<\/div><\/div><\/div><\/div><div class=\"et_pb_row_4 et_pb_row et-vb-row--no-module et_block_row preset--module--divi-row--default\"><div class=\"et_pb_column_13 et_pb_column et_pb_column_4_4 et-last-child et_block_column et_pb_column_empty et_pb_css_mix_blend_mode_passthrough\"><\/div><\/div><div class=\"et_pb_bottom_inside_divider et-no-transition\"><\/div><\/div><div class=\"et_pb_section_3 et_pb_section et_section_regular et_block_section section_has_divider et_pb_bottom_divider\"><div class=\"et_pb_row_5 et_pb_row et_pb_equal_columns et_block_row preset--module--divi-row--default\"><div class=\"et_pb_column_14 et_pb_column et_pb_column_3_5 et_block_column et_pb_css_mix_blend_mode_passthrough\"><div class=\"et_pb_text_13 et_pb_text et_pb_bg_layout_light et_animated et_pb_module et_block_module\"><div class=\"et_pb_text_inner\"><h3 style=\"text-align: left;\"><strong>Notre histoire<\/strong><\/h3>\n<\/div><\/div><div class=\"et_pb_text_14 et_pb_text et_pb_bg_layout_light et_animated et_pb_module et_block_module\"><div class=\"et_pb_text_inner\"><h3 data-sourcepos=\"5:1-5:60\"><strong>Un cheminement qui a commenc\u00e9 par un appel \u00e0 la pri\u00e8re!<\/strong><\/h3>\n<p class=\"\" data-start=\"563\" data-end=\"826\">\n<\/div><\/div><div class=\"et_pb_module et_pb_button_module_wrapper et_pb_button_0_wrapper\"><a class=\"et_pb_button_0 et_pb_button et_pb_bg_layout_light et_pb_module et_block_module\" href=\"https:\/\/www.popesprayer.va\/wp-content\/uploads\/2025\/06\/1-Document-EYM-History-ENG-DEF-1.pdf\" target=\"_blank\">En savoir plus<\/a><\/div><\/div><div class=\"et_pb_column_15 et_pb_column et_pb_column_2_5 et-last-child et_block_column et_pb_column_empty et_pb_css_mix_blend_mode_passthrough\"><\/div><\/div><div class=\"et_pb_row_6 et_pb_row et_pb_equal_columns et_block_row preset--module--divi-row--default\"><div class=\"et_pb_column_16 et_pb_column et_pb_column_3_5 et_block_column et_pb_css_mix_blend_mode_passthrough\"><div class=\"et_pb_text_15 et_pb_text et_pb_bg_layout_light et_animated et_pb_module et_block_module\"><div class=\"et_pb_text_inner\"><p data-sourcepos=\"7:1-7:323\">Notre histoire commence par une demande simple mais puissante du <strong>Pape Pie IX: <\/strong>il demande \u00e0 tous les catholiques de le soutenir par leurs pri\u00e8res et leurs sacrifices. Inspir\u00e9 par cet appel, un pr\u00eatre fran\u00e7ais nomm\u00e9 P\u00e8re Cross a eu une id\u00e9e brillante: <em>pourquoi ne pas inviter les jeunes \u00e0 se joindre \u00e0 cette importante mission?<\/em> C'est l'\u00e9tincelle qui a tout d\u00e9clench\u00e9. <\/p>\n<p data-sourcepos=\"9:1-9:254\">L'id\u00e9e a connu un \u00e9norme succ\u00e8s et s'est propag\u00e9e tr\u00e8s rapidement. Pour vous donner une id\u00e9e, lorsque le premier congr\u00e8s international se tient en 1881, nous comptons d\u00e9j\u00e0 100 000 membres dans le monde entier M\u00eame Sainte Th\u00e9r\u00e8se de Lisieux a fait partie du mouvement d\u00e8s l'\u00e2ge de 12 ans.  <\/p>\n<p class=\"\" data-start=\"547\" data-end=\"836\">\n<\/div><\/div><\/div><div class=\"et_pb_column_17 et_pb_column et_pb_column_2_5 et-last-child et_block_column et_pb_css_mix_blend_mode_passthrough\"><div class=\"et_pb_image_1 et_pb_image et_animated et_pb_module et_block_module\"><span class=\"et_pb_image_wrap\"><img loading=\"lazy\" decoding=\"async\" src=\"https:\/\/www.popesprayer.va\/wp-content\/uploads\/2025\/06\/santa-teresita-de-lisieux-1.jpg\" width=\"736\" height=\"736\" class=\"wp-image-608\" alt=\"santa-teresita-de-lisieux\" title=\"santa-teresita-de-lisieux\" \/><\/span><\/div><\/div><\/div><div class=\"et_pb_row_7 et_pb_row et_pb_equal_columns et_block_row preset--module--divi-row--default\"><div class=\"et_pb_column_18 et_pb_column et_pb_column_1_3 et_block_column et_pb_css_mix_blend_mode_passthrough\"><div class=\"et_pb_image_2 et_pb_image et_animated et_pb_module et_block_module\"><span class=\"et_pb_image_wrap\"><img loading=\"lazy\" decoding=\"async\" src=\"https:\/\/www.popesprayer.va\/wp-content\/uploads\/2025\/06\/croisade-eucharistique.webp\" width=\"1920\" height=\"1080\" class=\"wp-image-606\" alt=\"croisade-eucharistique\" title=\"croisade-eucharistique\" \/><\/span><\/div><\/div><div class=\"et_pb_column_19 et_pb_column et_pb_column_2_3 et-last-child et_block_column et_pb_css_mix_blend_mode_passthrough\"><div class=\"et_pb_text_16 et_pb_text et_pb_bg_layout_light et_animated et_pb_module et_block_module\"><div class=\"et_pb_text_inner\"><p data-sourcepos=\"11:1-11:38\"><strong>Un coup de pouce du Pape et un nouveau nom<\/strong><\/p>\n<p data-sourcepos=\"13:1-13:364\">Plus tard, le Pape saint Pie X nous a donn\u00e9 une attention particuli\u00e8re: il a encourag\u00e9 les enfants \u00e0 recevoir la Sainte Communion et leur a demand\u00e9 de prier pour la paix en p\u00e9riode de guerre en Europe. C'est ainsi que le Congr\u00e8s eucharistique international de Lourdes, en 1914, a appel\u00e9 \u00e0 une \"grande ligue eucharistique des petits\u00bb. Un an plus tard, en 1915, nous sommes devenus connus sous le nom de <strong>\"Croisade eucharistique\u00bb.<\/strong>  <\/p>\n<p class=\"\" data-start=\"547\" data-end=\"836\">\n<\/div><\/div><\/div><\/div><div class=\"et_pb_row_8 et_pb_row et_pb_equal_columns et_block_row preset--module--divi-row--default\"><div class=\"et_pb_column_20 et_pb_column et_pb_column_2_3 et_block_column et_pb_css_mix_blend_mode_passthrough\"><div class=\"et_pb_text_17 et_pb_text et_pb_bg_layout_light et_animated et_pb_module et_block_module\"><div class=\"et_pb_text_inner\"><p data-sourcepos=\"15:1-15:57\"><strong>Un nouveau d\u00e9part: le Mouvement Eucharistique des Jeunes est n\u00e9 <\/strong><\/p>\n<p data-sourcepos=\"17:1-17:305\">L'histoire prend un autre tournant passionnant en 1962. Nous avons officiellement adopt\u00e9 le nom que nous portons aujourd'hui: le <strong>Mouvement Eucharistique des Jeunes (MEJ)<\/strong>. Il ne s'agit pas seulement d'un changement de nom, mais d'un renouvellement complet de notre p\u00e9dagogie pour mieux communiquer avec les jeunes. Cette nouvelle \u00e9nergie s'est r\u00e9pandue rapidement dans d'autres pays.   <\/p>\n<p><span style=\"font-weight: 400;\">Aujourd'hui, le MEJ est la proposition jeunesse <\/span><span style=\"font-weight: 400;\">du R\u00e9seau Mondial de Pri\u00e8re du Pape et est pr\u00e9sent dans plus de <\/span><span style=\"font-weight: 400;\">60 <\/span><span style=\"font-weight: 400;\"> pays sur les cinq continents. Notre objectif principal est simple: aider les jeunes \u00e0 construire une amiti\u00e9 personnelle avec J\u00e9sus, en s'appuyant sur l'\u00c9vangile et l'Eucharistie. Nous sommes aujourd'hui le deuxi\u00e8me plus grand mouvement de jeunesse catholique au monde!  <\/span><\/p>\n<\/div><\/div><\/div><div class=\"et_pb_column_21 et_pb_column et_pb_column_1_3 et-last-child et_block_column et_pb_css_mix_blend_mode_passthrough\"><div class=\"et_pb_image_3 et_pb_image et_animated et_pb_module et_block_module\"><span class=\"et_pb_image_wrap\"><img loading=\"lazy\" decoding=\"async\" src=\"https:\/\/www.popesprayer.va\/wp-content\/uploads\/2025\/06\/Logo_EYM_-_Horizontal_-_English.jpg\" width=\"1754\" height=\"1240\" class=\"wp-image-609\" alt=\"Logo_EYM_-_Horizontal_-_French\" title=\"Logo_EYM_-_Horizontal_-_French\" \/><\/span><\/div><\/div><\/div><div class=\"et_pb_row_9 et_pb_row et_block_row preset--module--divi-row--default\"><div class=\"et_pb_column_22 et_pb_column et_pb_column_3_5 et_block_column et_pb_css_mix_blend_mode_passthrough\"><div class=\"et_pb_module et_pb_button_module_wrapper et_pb_button_1_wrapper\"><a class=\"et_pb_button_1 et_pb_button et_pb_bg_layout_light et_pb_module et_block_module\" href=\"https:\/\/www.popesprayer.va\/fr\/ou-nous-sommes\/\">D\u00e9couvrez o\u00f9 nous sommes<\/a><\/div><\/div><div class=\"et_pb_column_23 et_pb_column et_pb_column_2_5 et-last-child et_block_column et_pb_css_mix_blend_mode_passthrough\"><ul class=\"et_pb_social_media_follow_0 et_pb_social_media_follow clearfix et_pb_bg_layout_light et_pb_module et_block_module\"><li class=\"et_pb_social_media_follow_network_0 et_pb_social_media_follow_network et_pb_social_icon et_pb_social_network_link et-social-facebook et_pb_module et_flex_module\"><a href=\"https:\/\/www.facebook.com\/mej.internacional\" class=\"icon\" title=\"Suivre sur Facebook\" target=\"_self\" rel=\"noopener\"><span class=\"et_pb_social_media_follow_network_name\">Suivre<\/span><\/a><\/li><li class=\"et_pb_social_media_follow_network_1 et_pb_social_media_follow_network et_pb_social_icon et_pb_social_network_link et-social-youtube et_pb_module et_flex_module\"><a href=\"https:\/\/www.youtube.com\/channel\/UCxWfZ7CqaqsYyF9OTgZnOpw\" class=\"icon\" title=\"Suivre sur Youtube\" target=\"_self\" rel=\"noopener\"><span class=\"et_pb_social_media_follow_network_name\">Suivre<\/span><\/a><\/li><\/ul><\/div><\/div><div class=\"et_pb_bottom_inside_divider et-no-transition\"><\/div><\/div>\n","protected":false},"excerpt":{"rendered":"","protected":false},"author":1,"featured_media":97287,"parent":0,"menu_order":0,"comment_status":"closed","ping_status":"closed","template":"","meta":{"_acf_changed":false,"footnotes":""},"class_list":["post-84565","page","type-page","status-publish","has-post-thumbnail","hentry"],"acf":[],"yoast_head":"<!-- This site is optimized with the Yoast SEO plugin v28.4 - https:\/\/yoast.com\/product\/yoast-seo-wordpress\/ -->\n<title>Mouvement Eucharistique des Jeunes - R\u00e9seau Mondial de Pri\u00e8re du Pape<\/title>\n<meta name=\"robots\" content=\"index, follow, max-snippet:-1, max-image-preview:large, max-video-preview:-1\" \/>\n<link rel=\"canonical\" href=\"https:\/\/www.popesprayer.va\/fr\/mouvement-eucaristique-des-jeunes\/\" \/>\n<meta property=\"og:locale\" content=\"fr_FR\" \/>\n<meta property=\"og:type\" content=\"article\" \/>\n<meta property=\"og:title\" content=\"Semaine du don - EYM\" \/>\n<meta property=\"og:url\" content=\"https:\/\/www.popesprayer.va\/fr\/mouvement-eucaristique-des-jeunes\/\" \/>\n<meta property=\"og:site_name\" content=\"R\u00e9seau Mondial de Pri\u00e8re du Pape\" \/>\n<meta property=\"article:modified_time\" content=\"2026-07-06T05:49:09+00:00\" \/>\n<meta property=\"og:image\" content=\"https:\/\/www.popesprayer.va\/wp-content\/uploads\/2026\/06\/Giving-Week5_en-240x300.jpg\" \/>\n<meta name=\"twitter:card\" content=\"summary_large_image\" \/>\n<meta name=\"twitter:title\" content=\"Semaine du don - EYM\" \/>\n<meta name=\"twitter:image\" content=\"https:\/\/www.popesprayer.va\/wp-content\/uploads\/2026\/06\/Giving-Week5_en-819x1024.jpg\" \/>\n<script type=\"application\/ld+json\" class=\"yoast-schema-graph\">{\"@context\":\"https:\\\/\\\/schema.org\",\"@graph\":[{\"@type\":\"WebPage\",\"@id\":\"https:\\\/\\\/www.popesprayer.va\\\/fr\\\/mouvement-eucaristique-des-jeunes\\\/\",\"url\":\"https:\\\/\\\/www.popesprayer.va\\\/fr\\\/mouvement-eucaristique-des-jeunes\\\/\",\"name\":\"Mouvement Eucharistique des Jeunes - R\u00e9seau Mondial de Pri\u00e8re du Pape\",\"isPartOf\":{\"@id\":\"https:\\\/\\\/www.popesprayer.va\\\/fr\\\/#website\"},\"primaryImageOfPage\":{\"@id\":\"https:\\\/\\\/www.popesprayer.va\\\/fr\\\/mouvement-eucaristique-des-jeunes\\\/#primaryimage\"},\"image\":{\"@id\":\"https:\\\/\\\/www.popesprayer.va\\\/fr\\\/mouvement-eucaristique-des-jeunes\\\/#primaryimage\"},\"thumbnailUrl\":\"https:\\\/\\\/www.popesprayer.va\\\/wp-content\\\/uploads\\\/2026\\\/05\\\/naturaleza-donate-1.png\",\"datePublished\":\"2025-06-08T09:51:04+00:00\",\"dateModified\":\"2026-07-06T05:49:09+00:00\",\"breadcrumb\":{\"@id\":\"https:\\\/\\\/www.popesprayer.va\\\/fr\\\/mouvement-eucaristique-des-jeunes\\\/#breadcrumb\"},\"inLanguage\":\"fr-FR\",\"potentialAction\":[{\"@type\":\"ReadAction\",\"target\":[\"https:\\\/\\\/www.popesprayer.va\\\/fr\\\/mouvement-eucaristique-des-jeunes\\\/\"]}]},{\"@type\":\"ImageObject\",\"inLanguage\":\"fr-FR\",\"@id\":\"https:\\\/\\\/www.popesprayer.va\\\/fr\\\/mouvement-eucaristique-des-jeunes\\\/#primaryimage\",\"url\":\"https:\\\/\\\/www.popesprayer.va\\\/wp-content\\\/uploads\\\/2026\\\/05\\\/naturaleza-donate-1.png\",\"contentUrl\":\"https:\\\/\\\/www.popesprayer.va\\\/wp-content\\\/uploads\\\/2026\\\/05\\\/naturaleza-donate-1.png\",\"width\":1376,\"height\":768,\"caption\":\"naturaleza-donate (1)\"},{\"@type\":\"BreadcrumbList\",\"@id\":\"https:\\\/\\\/www.popesprayer.va\\\/fr\\\/mouvement-eucaristique-des-jeunes\\\/#breadcrumb\",\"itemListElement\":[{\"@type\":\"ListItem\",\"position\":1,\"name\":\"Accueil\",\"item\":\"https:\\\/\\\/www.popesprayer.va\\\/fr\\\/\"},{\"@type\":\"ListItem\",\"position\":2,\"name\":\"Mouvement Eucharistique des Jeunes\"}]},{\"@type\":\"WebSite\",\"@id\":\"https:\\\/\\\/www.popesprayer.va\\\/fr\\\/#website\",\"url\":\"https:\\\/\\\/www.popesprayer.va\\\/fr\\\/\",\"name\":\"Pope's Worldwide Prayer Network\",\"description\":\"Pray together, change the world\",\"publisher\":{\"@id\":\"https:\\\/\\\/www.popesprayer.va\\\/fr\\\/#organization\"},\"potentialAction\":[{\"@type\":\"SearchAction\",\"target\":{\"@type\":\"EntryPoint\",\"urlTemplate\":\"https:\\\/\\\/www.popesprayer.va\\\/fr\\\/?s={search_term_string}\"},\"query-input\":{\"@type\":\"PropertyValueSpecification\",\"valueRequired\":true,\"valueName\":\"search_term_string\"}}],\"inLanguage\":\"fr-FR\"},{\"@type\":\"Organization\",\"@id\":\"https:\\\/\\\/www.popesprayer.va\\\/fr\\\/#organization\",\"name\":\"R\u00e9seau mondial de pri\u00e8re du pape\",\"url\":\"https:\\\/\\\/www.popesprayer.va\\\/fr\\\/\",\"logo\":{\"@type\":\"ImageObject\",\"inLanguage\":\"fr-FR\",\"@id\":\"https:\\\/\\\/www.popesprayer.va\\\/fr\\\/#\\\/schema\\\/logo\\\/image\\\/\",\"url\":\"https:\\\/\\\/www.popesprayer.va\\\/wp-content\\\/uploads\\\/2025\\\/01\\\/Logo-Popes-Worldwide-Prayer-Network-Pontifical-Work-EN-Horizontal.png\",\"contentUrl\":\"https:\\\/\\\/www.popesprayer.va\\\/wp-content\\\/uploads\\\/2025\\\/01\\\/Logo-Popes-Worldwide-Prayer-Network-Pontifical-Work-EN-Horizontal.png\",\"width\":1328,\"height\":228,\"caption\":\"R\u00e9seau mondial de pri\u00e8re du pape\"},\"image\":{\"@id\":\"https:\\\/\\\/www.popesprayer.va\\\/fr\\\/#\\\/schema\\\/logo\\\/image\\\/\"}}]}<\/script>\n<!-- \/ Yoast SEO plugin. -->","yoast_head_json":{"title":"Mouvement Eucharistique des Jeunes - R\u00e9seau Mondial de Pri\u00e8re du Pape","robots":{"index":"index","follow":"follow","max-snippet":"max-snippet:-1","max-image-preview":"max-image-preview:large","max-video-preview":"max-video-preview:-1"},"canonical":"https:\/\/www.popesprayer.va\/fr\/mouvement-eucaristique-des-jeunes\/","og_locale":"fr_FR","og_type":"article","og_title":"Semaine du don - EYM","og_url":"https:\/\/www.popesprayer.va\/fr\/mouvement-eucaristique-des-jeunes\/","og_site_name":"R\u00e9seau Mondial de Pri\u00e8re du Pape","article_modified_time":"2026-07-06T05:49:09+00:00","og_image":[{"url":"https:\/\/www.popesprayer.va\/wp-content\/uploads\/2026\/06\/Giving-Week5_en-240x300.jpg","type":"","width":"","height":""}],"twitter_card":"summary_large_image","twitter_title":"Semaine du don - EYM","twitter_image":"https:\/\/www.popesprayer.va\/wp-content\/uploads\/2026\/06\/Giving-Week5_en-819x1024.jpg","schema":{"@context":"https:\/\/schema.org","@graph":[{"@type":"WebPage","@id":"https:\/\/www.popesprayer.va\/fr\/mouvement-eucaristique-des-jeunes\/","url":"https:\/\/www.popesprayer.va\/fr\/mouvement-eucaristique-des-jeunes\/","name":"Mouvement Eucharistique des Jeunes - R\u00e9seau Mondial de Pri\u00e8re du Pape","isPartOf":{"@id":"https:\/\/www.popesprayer.va\/fr\/#website"},"primaryImageOfPage":{"@id":"https:\/\/www.popesprayer.va\/fr\/mouvement-eucaristique-des-jeunes\/#primaryimage"},"image":{"@id":"https:\/\/www.popesprayer.va\/fr\/mouvement-eucaristique-des-jeunes\/#primaryimage"},"thumbnailUrl":"https:\/\/www.popesprayer.va\/wp-content\/uploads\/2026\/05\/naturaleza-donate-1.png","datePublished":"2025-06-08T09:51:04+00:00","dateModified":"2026-07-06T05:49:09+00:00","breadcrumb":{"@id":"https:\/\/www.popesprayer.va\/fr\/mouvement-eucaristique-des-jeunes\/#breadcrumb"},"inLanguage":"fr-FR","potentialAction":[{"@type":"ReadAction","target":["https:\/\/www.popesprayer.va\/fr\/mouvement-eucaristique-des-jeunes\/"]}]},{"@type":"ImageObject","inLanguage":"fr-FR","@id":"https:\/\/www.popesprayer.va\/fr\/mouvement-eucaristique-des-jeunes\/#primaryimage","url":"https:\/\/www.popesprayer.va\/wp-content\/uploads\/2026\/05\/naturaleza-donate-1.png","contentUrl":"https:\/\/www.popesprayer.va\/wp-content\/uploads\/2026\/05\/naturaleza-donate-1.png","width":1376,"height":768,"caption":"naturaleza-donate (1)"},{"@type":"BreadcrumbList","@id":"https:\/\/www.popesprayer.va\/fr\/mouvement-eucaristique-des-jeunes\/#breadcrumb","itemListElement":[{"@type":"ListItem","position":1,"name":"Accueil","item":"https:\/\/www.popesprayer.va\/fr\/"},{"@type":"ListItem","position":2,"name":"Mouvement Eucharistique des Jeunes"}]},{"@type":"WebSite","@id":"https:\/\/www.popesprayer.va\/fr\/#website","url":"https:\/\/www.popesprayer.va\/fr\/","name":"Pope's Worldwide Prayer Network","description":"Pray together, change the world","publisher":{"@id":"https:\/\/www.popesprayer.va\/fr\/#organization"},"potentialAction":[{"@type":"SearchAction","target":{"@type":"EntryPoint","urlTemplate":"https:\/\/www.popesprayer.va\/fr\/?s={search_term_string}"},"query-input":{"@type":"PropertyValueSpecification","valueRequired":true,"valueName":"search_term_string"}}],"inLanguage":"fr-FR"},{"@type":"Organization","@id":"https:\/\/www.popesprayer.va\/fr\/#organization","name":"R\u00e9seau mondial de pri\u00e8re du pape","url":"https:\/\/www.popesprayer.va\/fr\/","logo":{"@type":"ImageObject","inLanguage":"fr-FR","@id":"https:\/\/www.popesprayer.va\/fr\/#\/schema\/logo\/image\/","url":"https:\/\/www.popesprayer.va\/wp-content\/uploads\/2025\/01\/Logo-Popes-Worldwide-Prayer-Network-Pontifical-Work-EN-Horizontal.png","contentUrl":"https:\/\/www.popesprayer.va\/wp-content\/uploads\/2025\/01\/Logo-Popes-Worldwide-Prayer-Network-Pontifical-Work-EN-Horizontal.png","width":1328,"height":228,"caption":"R\u00e9seau mondial de pri\u00e8re du pape"},"image":{"@id":"https:\/\/www.popesprayer.va\/fr\/#\/schema\/logo\/image\/"}}]}},"_links":{"self":[{"href":"https:\/\/www.popesprayer.va\/fr\/wp-json\/wp\/v2\/pages\/84565","targetHints":{"allow":["GET"]}}],"collection":[{"href":"https:\/\/www.popesprayer.va\/fr\/wp-json\/wp\/v2\/pages"}],"about":[{"href":"https:\/\/www.popesprayer.va\/fr\/wp-json\/wp\/v2\/types\/page"}],"author":[{"embeddable":true,"href":"https:\/\/www.popesprayer.va\/fr\/wp-json\/wp\/v2\/users\/1"}],"replies":[{"embeddable":true,"href":"https:\/\/www.popesprayer.va\/fr\/wp-json\/wp\/v2\/comments?post=84565"}],"version-history":[{"count":128,"href":"https:\/\/www.popesprayer.va\/fr\/wp-json\/wp\/v2\/pages\/84565\/revisions"}],"predecessor-version":[{"id":99862,"href":"https:\/\/www.popesprayer.va\/fr\/wp-json\/wp\/v2\/pages\/84565\/revisions\/99862"}],"wp:featuredmedia":[{"embeddable":true,"href":"https:\/\/www.popesprayer.va\/fr\/wp-json\/wp\/v2\/media\/97287"}],"wp:attachment":[{"href":"https:\/\/www.popesprayer.va\/fr\/wp-json\/wp\/v2\/media?parent=84565"}],"curies":[{"name":"wp","href":"https:\/\/api.w.org\/{rel}","templated":true}]}}