{"id":96541,"date":"2026-04-22T17:01:05","date_gmt":"2026-04-22T15:01:05","guid":{"rendered":"https:\/\/www.popesprayer.va\/la-video-du-pape-archive\/"},"modified":"2026-04-24T18:47:36","modified_gmt":"2026-04-24T16:47:36","slug":"la-video-du-pape-archive","status":"publish","type":"page","link":"https:\/\/www.popesprayer.va\/fr\/la-video-du-pape-archive\/","title":{"rendered":"La vid\u00e9o du pape - Archive"},"content":{"rendered":"<p>[et_pb_section fb_built=\"1&Prime; _builder_version=\"4.27.6&Prime; _module_preset=\"default\" background_enable_color=\"off\" use_background_color_gradient=\"on\" background_color_gradient_stops=\"#264653 0%|rgba(29,54,68,0.7) 25%|rgba(13,27,42,0.7) 75%|#071121 100%\" background_image=\"https:\/\/www.popesprayer.va\/wp-content\/uploads\/2025\/06\/sjdigital_Photo_of_St_Peters_Basilica._The_sky_has_some_clouds._93180f9f-2271-445f-90c5-8daa6d5bcf44-en-tamano-grande.jpeg\" background_blend=\"overlay\" custom_padding=\"12vw||12vw||true|false\" top_divider_style=\"ramp\" top_divider_color=\"#F4A261&Prime; bottom_divider_style=\"ramp\" bottom_divider_color=\"#071121&Prime; bottom_divider_flip=\"horizontal\" da_disable_devices=\"off|off|off\" global_colors_info=\"{}\" da_is_popup=\"off\" da_exit_intent=\"off\" da_has_close=\"on\" da_alt_close=\"off\" da_dark_close=\"off\" da_not_modal=\"on\" da_is_singular=\"off\" da_with_loader=\"off\" da_has_shadow=\"on\"][et_pb_row column_structure=\"3_5,2_5&Prime; _builder_version=\"4.27.4&Prime; _module_preset=\"ddbed135-e034-4aab-8f52-69def1d8301e\" global_colors_info=\"{}\"][et_pb_column type=\"3_5&Prime; _builder_version=\"4.27.4&Prime; _module_preset=\"default\" global_colors_info=\"{}\"][et_pb_text admin_label=\"Text\" _builder_version=\"4.27.6&Prime; _module_preset=\"default\" header_text_color=\"#E9C46A\" header_font_size=\"3rem\" header_2_font=\"|700|||||||\" header_2_text_color=\"#E9C46A\" header_2_font_size=\"4rem\" global_colors_info=\"{}\"]<\/p>\n<h2>La Vid\u00e9o du Pape<\/h2>\n<p>[\/et_pb_text][et_pb_text _builder_version=\"4.27.6&Prime; _module_preset=\"default\" text_text_color=\"#FFFFFF\" text_font_size=\"19px\" header_text_color=\"#E9C46A\" header_font_size=\"3rem\" header_2_text_color=\"#FFFFFF\" header_2_font_size=\"4rem\" global_colors_info=\"{}\"]<\/p>\n<p data-path-to-node=\"3\">Depuis 2016, nous partageons les intentions de pri\u00e8re du Saint-P\u00e8re avec le monde entier par le biais de la <strong>vid\u00e9o du pape.<\/strong> Cette initiative mondiale a atteint plus de <b data-path-to-node=\"3\" data-index-in-node=\"119\">280 millions de vues<\/b> en <b data-path-to-node=\"3\" data-index-in-node=\"140\">25 langues<\/b> sur les m\u00e9dias num\u00e9riques du Vatican. <\/p>\n<p data-path-to-node=\"4\">Aujourd&rsquo;hui, nous vous invitons \u00e0 prier avec le <b data-path-to-node=\"4\" data-index-in-node=\"34\">pape L\u00e9on XIV<\/b> pour les d\u00e9fis de l&rsquo;humanit\u00e9 et la mission de l&rsquo;\u00c9glise sur un nouveau <a href=\"https:\/\/www.popesprayer.va\/fr\/prieaveclepape\/\">site web.<\/a><\/p>\n<p>[\/et_pb_text][et_pb_button button_url=\"https:\/\/www.popesprayer.va\/fr\/prieaveclepape\/\" url_new_window=\"on\" button_text=\"Prie avec le Pape\" button_alignment=\"left\" _builder_version=\"4.27.6&Prime; _module_preset=\"default\" custom_button=\"on\" button_text_color=\"#FFFFFF\" button_bg_color=\"#E76F51&Prime; button_border_width=\"0px\" button_border_radius=\"20px\" global_colors_info=\"{}\" button_bg_color__hover_enabled=\"on|desktop\" button_bg_color__hover=\"#E76F51&Prime;][\/et_pb_button][\/et_pb_column][et_pb_column type=\"2_5&Prime; _builder_version=\"4.27.4&Prime; _module_preset=\"default\" global_colors_info=\"{}\"][\/et_pb_column][\/et_pb_row][\/et_pb_section][et_pb_section fb_built=\"1&Prime; admin_label=\"Section\" _builder_version=\"4.27.6&Prime; _module_preset=\"default\" background_color=\"#071121&Prime; use_background_color_gradient=\"on\" background_color_gradient_stops=\"#071121 0%|#071121 25%|#071121 75%|#264653 100%\" background_enable_image=\"off\" background_size=\"contain\" background_position=\"bottom_right\" background_blend=\"screen\" bottom_divider_color=\"#264653&Prime; bottom_divider_height=\"101px\" bottom_divider_flip=\"horizontal\" da_disable_devices=\"off|off|off\" global_colors_info=\"{}\" da_is_popup=\"off\" da_exit_intent=\"off\" da_has_close=\"on\" da_alt_close=\"off\" da_dark_close=\"off\" da_not_modal=\"on\" da_is_singular=\"off\" da_with_loader=\"off\" da_has_shadow=\"on\"][et_pb_row column_structure=\"3_5,2_5&Prime; _builder_version=\"4.27.4&Prime; _module_preset=\"ddbed135-e034-4aab-8f52-69def1d8301e\" global_colors_info=\"{}\"][et_pb_column type=\"3_5&Prime; _builder_version=\"4.27.4&Prime; _module_preset=\"default\" global_colors_info=\"{}\"][et_pb_text admin_label=\"Text\" _builder_version=\"4.27.6&Prime; _module_preset=\"default\" header_text_color=\"#E9C46A\" header_font_size=\"3rem\" header_2_font=\"|700|||||||\" header_2_text_color=\"#E9C46A\" header_2_font_size=\"4rem\" global_colors_info=\"{}\"]<\/p>\n<h3 data-path-to-node=\"7\"><span style=\"color: #ffffff;\"><b data-path-to-node=\"7\" data-index-in-node=\"0\">Archives historiques<\/b><\/span><\/h3>\n<p data-path-to-node=\"8\">\n<p>[\/et_pb_text][et_pb_text _builder_version=\"4.27.6&Prime; _module_preset=\"default\" text_text_color=\"#FFFFFF\" text_font_size=\"19px\" header_text_color=\"#E9C46A\" header_font_size=\"3rem\" header_2_text_color=\"#FFFFFF\" header_2_font_size=\"4rem\" global_colors_info=\"{}\"]<\/p>\n<p data-path-to-node=\"8\">D\u00e9couvrez toutes les vid\u00e9os depuis janvier 2016. Retrouvez-les par <b data-path-to-node=\"8\" data-index-in-node=\"67\">ann\u00e9e<\/b> ou utilisez l&rsquo;<b data-path-to-node=\"8\" data-index-in-node=\"83\">outil de recherche<\/b> pour trouver des intentions de pri\u00e8re sp\u00e9cifiques. <\/p>\n<p>[\/et_pb_text][\/et_pb_column][et_pb_column type=\"2_5&Prime; _builder_version=\"4.27.4&Prime; _module_preset=\"default\" global_colors_info=\"{}\"][\/et_pb_column][\/et_pb_row][et_pb_row _builder_version=\"4.27.6&Prime; _module_preset=\"ddbed135-e034-4aab-8f52-69def1d8301e\" animation_style=\"fade\" scroll_fade=\"0|50|50|100|0|100|25%\" global_colors_info=\"{}\"][et_pb_column type=\"4_4&Prime; _builder_version=\"4.27.4&Prime; _module_preset=\"default\" global_colors_info=\"{}\"][et_pb_code _builder_version=\"4.27.6&Prime; _module_preset=\"default\" global_colors_info=\"{}\"]<div class=\"tpv-filters-container\"><div class=\"tpv-filter-group search-group\"><input type=\"text\" id=\"tpv-search\" placeholder=\"Rechercher dans toutes les archives...\" autocomplete=\"off\"><\/div><\/div><div class=\"tpv-year-section\" id=\"section-2025\"><h2 class=\"year-title\">2025<\/h2><div class=\"fila-stream\"><div class=\"video-item year-2025\" data-year=\"2025\" data-post-id=\"96164\"><a href=\"https:\/\/www.youtube.com\/watch?v=b-Qs0tbe8VI\" class=\"tpv-lightbox-trigger\" data-video-id=\"\"><img decoding=\"async\" src=\"https:\/\/img.youtube.com\/vi\/b-Qs0tbe8VI\/hqdefault.jpg\" class=\"stream-thumb\" loading=\"lazy\" alt=\"JANVIER 2025 \u2013 Pour le droit \u00e0 l\u2019\u00e9ducation | La Vid\u00e9o du Pape\"><div class=\"stream-overlay\"><\/div><\/a><h3 class=\"video-title\">JANVIER 2025 \u2013 Pour le droit \u00e0 l\u2019\u00e9ducation | La Vid\u00e9o du Pape<\/h3><\/div><div class=\"video-item year-2025\" data-year=\"2025\" data-post-id=\"96159\"><a href=\"https:\/\/www.youtube.com\/watch?v=yA5OkP6w4RQ\" class=\"tpv-lightbox-trigger\" data-video-id=\"\"><img decoding=\"async\" src=\"https:\/\/img.youtube.com\/vi\/yA5OkP6w4RQ\/hqdefault.jpg\" class=\"stream-thumb\" loading=\"lazy\" alt=\"F\u00c9VRIER 2025 \u2013 POUR LES VOCATIONS SACERDOTALES ET RELIGIEUSES | La Vid\u00e9o du Pape\"><div class=\"stream-overlay\"><\/div><\/a><h3 class=\"video-title\">F\u00c9VRIER 2025 \u2013 POUR LES VOCATIONS SACERDOTALES ET RELIGIEUSES | La Vid\u00e9o du Pape<\/h3><\/div><div class=\"video-item year-2025\" data-year=\"2025\" data-post-id=\"96154\"><a href=\"https:\/\/www.youtube.com\/watch?v=5Xodh8wtnic\" class=\"tpv-lightbox-trigger\" data-video-id=\"\"><img decoding=\"async\" src=\"https:\/\/img.youtube.com\/vi\/5Xodh8wtnic\/hqdefault.jpg\" class=\"stream-thumb\" loading=\"lazy\" alt=\"POUR LES FAMILLES EN CRISE \u2013 LA VID\u00c9O DU PAPE \u2013 MARS 2025\"><div class=\"stream-overlay\"><\/div><\/a><h3 class=\"video-title\">POUR LES FAMILLES EN CRISE \u2013 LA VID\u00c9O DU PAPE \u2013 MARS 2025<\/h3><\/div><div class=\"video-item year-2025\" data-year=\"2025\" data-post-id=\"96149\"><a href=\"https:\/\/www.youtube.com\/watch?v=yl3uKDiIKv8\" class=\"tpv-lightbox-trigger\" data-video-id=\"\"><img decoding=\"async\" src=\"https:\/\/img.youtube.com\/vi\/yl3uKDiIKv8\/hqdefault.jpg\" class=\"stream-thumb\" loading=\"lazy\" alt=\"POUR L\u2019UTILISATION DES NOUVELLES TECHNOLOGIES \u2013 LA VID\u00c9O DU PAPE \u2013 AVRIL 2025\"><div class=\"stream-overlay\"><\/div><\/a><h3 class=\"video-title\">POUR L\u2019UTILISATION DES NOUVELLES TECHNOLOGIES \u2013 LA VID\u00c9O DU PAPE \u2013 AVRIL 2025<\/h3><\/div><div class=\"video-item year-2025\" data-year=\"2025\" data-post-id=\"96144\"><a href=\"https:\/\/www.youtube.com\/watch?v=4COJ7h6AaaI\" class=\"tpv-lightbox-trigger\" data-video-id=\"\"><img decoding=\"async\" src=\"https:\/\/img.youtube.com\/vi\/4COJ7h6AaaI\/hqdefault.jpg\" class=\"stream-thumb\" loading=\"lazy\" alt=\"Merci Fran\u00e7ois\"><div class=\"stream-overlay\"><\/div><\/a><h3 class=\"video-title\">Merci Fran\u00e7ois<\/h3><\/div><div class=\"video-item year-2025\" data-year=\"2025\" data-post-id=\"96139\"><a href=\"https:\/\/www.youtube.com\/watch?v=XatdXL2Vt8s\" class=\"tpv-lightbox-trigger\" data-video-id=\"\"><img decoding=\"async\" src=\"https:\/\/img.youtube.com\/vi\/XatdXL2Vt8s\/hqdefault.jpg\" class=\"stream-thumb\" loading=\"lazy\" alt=\"POUR LES CONDITIONS DE TRAVAIL \u2013 La Vid\u00e9o du Pape \u2013 Mai 2025\"><div class=\"stream-overlay\"><\/div><\/a><h3 class=\"video-title\">POUR LES CONDITIONS DE TRAVAIL \u2013 La Vid\u00e9o du Pape \u2013 Mai 2025<\/h3><\/div><div class=\"video-item year-2025\" data-year=\"2025\" data-post-id=\"96134\"><a href=\"https:\/\/www.youtube.com\/watch?v=R0spke6JtXQ\" class=\"tpv-lightbox-trigger\" data-video-id=\"\"><img decoding=\"async\" src=\"https:\/\/img.youtube.com\/vi\/R0spke6JtXQ\/hqdefault.jpg\" class=\"stream-thumb\" loading=\"lazy\" alt=\"POUR GRANDIR DANS LA COMPASSION \u00c0 L\u2019\u00c9GARD DU MONDE \u2013 La Vid\u00e9o du Pape \u2013 Juin 2025\"><div class=\"stream-overlay\"><\/div><\/a><h3 class=\"video-title\">POUR GRANDIR DANS LA COMPASSION \u00c0 L\u2019\u00c9GARD DU MONDE \u2013 La Vid\u00e9o du Pape \u2013 Juin 2025<\/h3><\/div><div class=\"video-item year-2025\" data-year=\"2025\" data-post-id=\"96129\"><a href=\"https:\/\/www.youtube.com\/watch?v=FRt1_w3m6jQ\" class=\"tpv-lightbox-trigger\" data-video-id=\"\"><img decoding=\"async\" src=\"https:\/\/img.youtube.com\/vi\/FRt1_w3m6jQ\/hqdefault.jpg\" class=\"stream-thumb\" loading=\"lazy\" alt=\"Pour la formation au discernement \u2013 La Vid\u00e9o du Pape \u2013 Juillet 2025\"><div class=\"stream-overlay\"><\/div><\/a><h3 class=\"video-title\">Pour la formation au discernement \u2013 La Vid\u00e9o du Pape \u2013 Juillet 2025<\/h3><\/div><div class=\"video-item year-2025\" data-year=\"2025\" data-post-id=\"96124\"><a href=\"https:\/\/www.youtube.com\/watch?v=DiP1f1yBWIc\" class=\"tpv-lightbox-trigger\" data-video-id=\"\"><img decoding=\"async\" src=\"https:\/\/img.youtube.com\/vi\/DiP1f1yBWIc\/hqdefault.jpg\" class=\"stream-thumb\" loading=\"lazy\" alt=\"Pour une cohabitation pacifique \u2013 La Vid\u00e9o du Pape \u2013 Ao\u00fbt 2025\"><div class=\"stream-overlay\"><\/div><\/a><h3 class=\"video-title\">Pour une cohabitation pacifique \u2013 La Vid\u00e9o du Pape \u2013 Ao\u00fbt 2025<\/h3><\/div><div class=\"video-item year-2025\" data-year=\"2025\" data-post-id=\"96119\"><a href=\"https:\/\/www.youtube.com\/watch?v=JLNJUq3Qy3I\" class=\"tpv-lightbox-trigger\" data-video-id=\"\"><img decoding=\"async\" src=\"https:\/\/img.youtube.com\/vi\/JLNJUq3Qy3I\/hqdefault.jpg\" class=\"stream-thumb\" loading=\"lazy\" alt=\"Pour notre relation avec toute la Cr\u00e9ation \u2013 La Vid\u00e9o du Pape \u2013 Septembre 2025\"><div class=\"stream-overlay\"><\/div><\/a><h3 class=\"video-title\">Pour notre relation avec toute la Cr\u00e9ation \u2013 La Vid\u00e9o du Pape \u2013 Septembre 2025<\/h3><\/div><div class=\"video-item year-2025\" data-year=\"2025\" data-post-id=\"96114\"><a href=\"https:\/\/www.youtube.com\/watch?v=LVJ6DqpY8CU\" class=\"tpv-lightbox-trigger\" data-video-id=\"\"><img decoding=\"async\" src=\"https:\/\/img.youtube.com\/vi\/LVJ6DqpY8CU\/hqdefault.jpg\" class=\"stream-thumb\" loading=\"lazy\" alt=\"Pour la collaboration entre les diff\u00e9rentes traditions religieuses \u2013 La Vid\u00e9o du Pape \u2013 Octobre 2025\"><div class=\"stream-overlay\"><\/div><\/a><h3 class=\"video-title\">Pour la collaboration entre les diff\u00e9rentes traditions religieuses \u2013 La Vid\u00e9o du Pape \u2013 Octobre 2025<\/h3><\/div><div class=\"video-item year-2025\" data-year=\"2025\" data-post-id=\"96109\"><a href=\"https:\/\/www.youtube.com\/watch?v=KURhSc5p2uY\" class=\"tpv-lightbox-trigger\" data-video-id=\"\"><img decoding=\"async\" src=\"https:\/\/img.youtube.com\/vi\/KURhSc5p2uY\/hqdefault.jpg\" class=\"stream-thumb\" loading=\"lazy\" alt=\"Pour la pr\u00e9vention du suicide \u2013 La Vid\u00e9o du Pape \u2013 Novembre 2025\"><div class=\"stream-overlay\"><\/div><\/a><h3 class=\"video-title\">Pour la pr\u00e9vention du suicide \u2013 La Vid\u00e9o du Pape \u2013 Novembre 2025<\/h3><\/div><div class=\"video-item year-2025\" data-year=\"2025\" data-post-id=\"96104\"><a href=\"https:\/\/www.youtube.com\/watch?v=zxjL9GV25cU\" class=\"tpv-lightbox-trigger\" data-video-id=\"\"><img decoding=\"async\" src=\"https:\/\/img.youtube.com\/vi\/zxjL9GV25cU\/hqdefault.jpg\" class=\"stream-thumb\" loading=\"lazy\" alt=\"Pour les chr\u00e9tiens qui vivent des contextes de conflit \u2013 La Vid\u00e9o du Pape \u2013 D\u00e9cembre 2025\"><div class=\"stream-overlay\"><\/div><\/a><h3 class=\"video-title\">Pour les chr\u00e9tiens qui vivent des contextes de conflit \u2013 La Vid\u00e9o du Pape \u2013 D\u00e9cembre 2025<\/h3><\/div><\/div><\/div><div class=\"tpv-year-section\" id=\"section-2024\"><h2 class=\"year-title\">2024<\/h2><div class=\"fila-stream\"><div class=\"video-item year-2024\" data-year=\"2024\" data-post-id=\"96223\"><a href=\"https:\/\/www.youtube.com\/watch?v=L7Vuq8hoOPs\" class=\"tpv-lightbox-trigger\" data-video-id=\"\"><img decoding=\"async\" src=\"https:\/\/img.youtube.com\/vi\/L7Vuq8hoOPs\/hqdefault.jpg\" class=\"stream-thumb\" loading=\"lazy\" alt=\"Pour le don de la diversit\u00e9 au sein de l\u2019\u00c9glise \u2013 La Vid\u00e9o du Pape 1 \u2013 Janvier 2024\"><div class=\"stream-overlay\"><\/div><\/a><h3 class=\"video-title\">Pour le don de la diversit\u00e9 au sein de l\u2019\u00c9glise \u2013 La Vid\u00e9o du Pape 1 \u2013 Janvier 2024<\/h3><\/div><div class=\"video-item year-2024\" data-year=\"2024\" data-post-id=\"96218\"><a href=\"https:\/\/www.youtube.com\/watch?v=ylPeX_iS2Gc\" class=\"tpv-lightbox-trigger\" data-video-id=\"\"><img decoding=\"async\" src=\"https:\/\/img.youtube.com\/vi\/ylPeX_iS2Gc\/hqdefault.jpg\" class=\"stream-thumb\" loading=\"lazy\" alt=\"Pour les malades en phase terminale \u2013 La Vid\u00e9o du Pape 2 \u2013 F\u00e9vrier 2024\"><div class=\"stream-overlay\"><\/div><\/a><h3 class=\"video-title\">Pour les malades en phase terminale \u2013 La Vid\u00e9o du Pape 2 \u2013 F\u00e9vrier 2024<\/h3><\/div><div class=\"video-item year-2024\" data-year=\"2024\" data-post-id=\"96213\"><a href=\"https:\/\/www.youtube.com\/watch?v=VbjAK3rEASE\" class=\"tpv-lightbox-trigger\" data-video-id=\"\"><img decoding=\"async\" src=\"https:\/\/img.youtube.com\/vi\/VbjAK3rEASE\/hqdefault.jpg\" class=\"stream-thumb\" loading=\"lazy\" alt=\"Pour les nouveaux martyrs, t\u00e9moins du Christ \u2013 La Vid\u00e9o du Pape 3 \u2013 Mars 2024\"><div class=\"stream-overlay\"><\/div><\/a><h3 class=\"video-title\">Pour les nouveaux martyrs, t\u00e9moins du Christ \u2013 La Vid\u00e9o du Pape 3 \u2013 Mars 2024<\/h3><\/div><div class=\"video-item year-2024\" data-year=\"2024\" data-post-id=\"96208\"><a href=\"https:\/\/www.youtube.com\/watch?v=oVUNlXZ_TGo\" class=\"tpv-lightbox-trigger\" data-video-id=\"\"><img decoding=\"async\" src=\"https:\/\/img.youtube.com\/vi\/oVUNlXZ_TGo\/hqdefault.jpg\" class=\"stream-thumb\" loading=\"lazy\" alt=\"Pour le r\u00f4le des femmes \u2013 La Vid\u00e9o du Pape 4 \u2013 Avril 2024\"><div class=\"stream-overlay\"><\/div><\/a><h3 class=\"video-title\">Pour le r\u00f4le des femmes \u2013 La Vid\u00e9o du Pape 4 \u2013 Avril 2024<\/h3><\/div><div class=\"video-item year-2024\" data-year=\"2024\" data-post-id=\"96203\"><a href=\"https:\/\/www.youtube.com\/watch?v=WBrk4RqCvgU\" class=\"tpv-lightbox-trigger\" data-video-id=\"\"><img decoding=\"async\" src=\"https:\/\/img.youtube.com\/vi\/WBrk4RqCvgU\/hqdefault.jpg\" class=\"stream-thumb\" loading=\"lazy\" alt=\"Pour la formation des religieuses, des religieux et des s\u00e9minaristes \u2013 La Vid\u00e9o du Pape 5 \u2013 Mai 2024\"><div class=\"stream-overlay\"><\/div><\/a><h3 class=\"video-title\">Pour la formation des religieuses, des religieux et des s\u00e9minaristes \u2013 La Vid\u00e9o du Pape 5 \u2013 Mai 2024<\/h3><\/div><div class=\"video-item year-2024\" data-year=\"2024\" data-post-id=\"96198\"><a href=\"https:\/\/www.youtube.com\/watch?v=2jVFGJ-rxu8\" class=\"tpv-lightbox-trigger\" data-video-id=\"\"><img decoding=\"async\" src=\"https:\/\/img.youtube.com\/vi\/2jVFGJ-rxu8\/hqdefault.jpg\" class=\"stream-thumb\" loading=\"lazy\" alt=\"Pour ceux qui fuient leurs pays \u2013 La Vid\u00e9o du Pape 6 \u2013 Juin 2024\"><div class=\"stream-overlay\"><\/div><\/a><h3 class=\"video-title\">Pour ceux qui fuient leurs pays \u2013 La Vid\u00e9o du Pape 6 \u2013 Juin 2024<\/h3><\/div><div class=\"video-item year-2024\" data-year=\"2024\" data-post-id=\"96193\"><a href=\"https:\/\/www.youtube.com\/watch?v=WSvJJULVnxM\" class=\"tpv-lightbox-trigger\" data-video-id=\"\"><img decoding=\"async\" src=\"https:\/\/img.youtube.com\/vi\/WSvJJULVnxM\/hqdefault.jpg\" class=\"stream-thumb\" loading=\"lazy\" alt=\"Pour la pastorale des malades \u2013 La Vid\u00e9o du pape 7 \u2013 Juillet 2024\"><div class=\"stream-overlay\"><\/div><\/a><h3 class=\"video-title\">Pour la pastorale des malades \u2013 La Vid\u00e9o du pape 7 \u2013 Juillet 2024<\/h3><\/div><div class=\"video-item year-2024\" data-year=\"2024\" data-post-id=\"96188\"><a href=\"https:\/\/www.youtube.com\/watch?v=fPayP3Oq5uQ\" class=\"tpv-lightbox-trigger\" data-video-id=\"\"><img decoding=\"async\" src=\"https:\/\/img.youtube.com\/vi\/fPayP3Oq5uQ\/hqdefault.jpg\" class=\"stream-thumb\" loading=\"lazy\" alt=\"Pour les dirigeants politiques \u2013 La Vid\u00e9o du Pape 8 \u2013 Ao\u00fbt 2024\"><div class=\"stream-overlay\"><\/div><\/a><h3 class=\"video-title\">Pour les dirigeants politiques \u2013 La Vid\u00e9o du Pape 8 \u2013 Ao\u00fbt 2024<\/h3><\/div><div class=\"video-item year-2024\" data-year=\"2024\" data-post-id=\"96184\"><a href=\"https:\/\/www.youtube.com\/watch?v=93kcsExplAc\" class=\"tpv-lightbox-trigger\" data-video-id=\"\"><img decoding=\"async\" src=\"https:\/\/img.youtube.com\/vi\/93kcsExplAc\/hqdefault.jpg\" class=\"stream-thumb\" loading=\"lazy\" alt=\"Pour le cri de la Terre \u2013 La Vid\u00e9o du Pape \u2013 Septembre 2024\"><div class=\"stream-overlay\"><\/div><\/a><h3 class=\"video-title\">Pour le cri de la Terre \u2013 La Vid\u00e9o du Pape \u2013 Septembre 2024<\/h3><\/div><div class=\"video-item year-2024\" data-year=\"2024\" data-post-id=\"96179\"><a href=\"https:\/\/www.youtube.com\/watch?v=23YGF_OQSuQ\" class=\"tpv-lightbox-trigger\" data-video-id=\"\"><img decoding=\"async\" src=\"https:\/\/img.youtube.com\/vi\/23YGF_OQSuQ\/hqdefault.jpg\" class=\"stream-thumb\" loading=\"lazy\" alt=\"Pour une mission partag\u00e9e \u2013 La Vid\u00e9o du Pape 10 \u2013 Octobre 2024\"><div class=\"stream-overlay\"><\/div><\/a><h3 class=\"video-title\">Pour une mission partag\u00e9e \u2013 La Vid\u00e9o du Pape 10 \u2013 Octobre 2024<\/h3><\/div><div class=\"video-item year-2024\" data-year=\"2024\" data-post-id=\"96174\"><a href=\"https:\/\/www.youtube.com\/watch?v=X29h48BfrgU\" class=\"tpv-lightbox-trigger\" data-video-id=\"\"><img decoding=\"async\" src=\"https:\/\/img.youtube.com\/vi\/X29h48BfrgU\/hqdefault.jpg\" class=\"stream-thumb\" loading=\"lazy\" alt=\"Pour ceux qui ont perdu un enfant \u2013 La Vid\u00e9o du Pape 11 \u2013 Novembre 2024\"><div class=\"stream-overlay\"><\/div><\/a><h3 class=\"video-title\">Pour ceux qui ont perdu un enfant \u2013 La Vid\u00e9o du Pape 11 \u2013 Novembre 2024<\/h3><\/div><div class=\"video-item year-2024\" data-year=\"2024\" data-post-id=\"96169\"><a href=\"https:\/\/www.youtube.com\/watch?v=qqFL5IILt50\" class=\"tpv-lightbox-trigger\" data-video-id=\"\"><img decoding=\"async\" src=\"https:\/\/img.youtube.com\/vi\/qqFL5IILt50\/hqdefault.jpg\" class=\"stream-thumb\" loading=\"lazy\" alt=\"Pour les p\u00e8lerins de l\u2019esp\u00e9rance \u2013 La Vid\u00e9o du Pape \u2013 D\u00e9cembre 2024\"><div class=\"stream-overlay\"><\/div><\/a><h3 class=\"video-title\">Pour les p\u00e8lerins de l\u2019esp\u00e9rance \u2013 La Vid\u00e9o du Pape \u2013 D\u00e9cembre 2024<\/h3><\/div><\/div><\/div><div class=\"tpv-year-section\" id=\"section-2023\"><h2 class=\"year-title\">2023<\/h2><div class=\"fila-stream\"><div class=\"video-item year-2023\" data-year=\"2023\" data-post-id=\"96283\"><a href=\"https:\/\/www.youtube.com\/watch?v=Z7MErN5rRZ4\" class=\"tpv-lightbox-trigger\" data-video-id=\"\"><img decoding=\"async\" src=\"https:\/\/img.youtube.com\/vi\/Z7MErN5rRZ4\/hqdefault.jpg\" class=\"stream-thumb\" loading=\"lazy\" alt=\"Pour les \u00e9ducateurs \u2013 La Vid\u00e9o du Pape \u2013 Janvier 2023\"><div class=\"stream-overlay\"><\/div><\/a><h3 class=\"video-title\">Pour les \u00e9ducateurs \u2013 La Vid\u00e9o du Pape \u2013 Janvier 2023<\/h3><\/div><div class=\"video-item year-2023\" data-year=\"2023\" data-post-id=\"96278\"><a href=\"https:\/\/www.youtube.com\/watch?v=nFHmuFpx18c\" class=\"tpv-lightbox-trigger\" data-video-id=\"\"><img decoding=\"async\" src=\"https:\/\/img.youtube.com\/vi\/nFHmuFpx18c\/hqdefault.jpg\" class=\"stream-thumb\" loading=\"lazy\" alt=\"Pour les paroisses \u2013 La Vid\u00e9o du Pape 2 \u2013 F\u00e9vrier 2023\"><div class=\"stream-overlay\"><\/div><\/a><h3 class=\"video-title\">Pour les paroisses \u2013 La Vid\u00e9o du Pape 2 \u2013 F\u00e9vrier 2023<\/h3><\/div><div class=\"video-item year-2023\" data-year=\"2023\" data-post-id=\"96273\"><a href=\"https:\/\/www.youtube.com\/watch?v=_QkCpsV7XJM\" class=\"tpv-lightbox-trigger\" data-video-id=\"\"><img decoding=\"async\" src=\"https:\/\/img.youtube.com\/vi\/_QkCpsV7XJM\/hqdefault.jpg\" class=\"stream-thumb\" loading=\"lazy\" alt=\"Pour les victimes d\u2019abus \u2013 La Vid\u00e9o du Pape 3 \u2013 Mars 2023\"><div class=\"stream-overlay\"><\/div><\/a><h3 class=\"video-title\">Pour les victimes d\u2019abus \u2013 La Vid\u00e9o du Pape 3 \u2013 Mars 2023<\/h3><\/div><div class=\"video-item year-2023\" data-year=\"2023\" data-post-id=\"96268\"><a href=\"https:\/\/www.youtube.com\/watch?v=JmyIEGi13Wo\" class=\"tpv-lightbox-trigger\" data-video-id=\"\"><img decoding=\"async\" src=\"https:\/\/img.youtube.com\/vi\/JmyIEGi13Wo\/hqdefault.jpg\" class=\"stream-thumb\" loading=\"lazy\" alt=\"Pour une culture de la non-violence \u2013 La Vid\u00e9o du Pape 4 \u2013 Avril 2023\"><div class=\"stream-overlay\"><\/div><\/a><h3 class=\"video-title\">Pour une culture de la non-violence \u2013 La Vid\u00e9o du Pape 4 \u2013 Avril 2023<\/h3><\/div><div class=\"video-item year-2023\" data-year=\"2023\" data-post-id=\"96263\"><a href=\"https:\/\/www.youtube.com\/watch?v=d57iGZzkgA4\" class=\"tpv-lightbox-trigger\" data-video-id=\"\"><img decoding=\"async\" src=\"https:\/\/img.youtube.com\/vi\/d57iGZzkgA4\/hqdefault.jpg\" class=\"stream-thumb\" loading=\"lazy\" alt=\"Pour les mouvements et les groupes eccle\u0301siaux - La Vid\u00e9o du Pape 5 - Mai 2023\"><div class=\"stream-overlay\"><\/div><\/a><h3 class=\"video-title\">Pour les mouvements et les groupes eccle\u0301siaux - La Vid\u00e9o du Pape 5 - Mai 2023<\/h3><\/div><div class=\"video-item year-2023\" data-year=\"2023\" data-post-id=\"96258\"><a href=\"https:\/\/www.youtube.com\/watch?v=d-k6DU8OqUQ\" class=\"tpv-lightbox-trigger\" data-video-id=\"\"><img decoding=\"async\" src=\"https:\/\/img.youtube.com\/vi\/d-k6DU8OqUQ\/hqdefault.jpg\" class=\"stream-thumb\" loading=\"lazy\" alt=\"Pour l\u2019abolition de la torture \u2013 La Vid\u00e9o du Pape \u2013 Juin 2023\"><div class=\"stream-overlay\"><\/div><\/a><h3 class=\"video-title\">Pour l\u2019abolition de la torture \u2013 La Vid\u00e9o du Pape \u2013 Juin 2023<\/h3><\/div><div class=\"video-item year-2023\" data-year=\"2023\" data-post-id=\"96253\"><a href=\"https:\/\/www.youtube.com\/watch?v=MzpxHePAvoU\" class=\"tpv-lightbox-trigger\" data-video-id=\"\"><img decoding=\"async\" src=\"https:\/\/img.youtube.com\/vi\/MzpxHePAvoU\/hqdefault.jpg\" class=\"stream-thumb\" loading=\"lazy\" alt=\"Pour une vie eucharistique \u2013 La Vid\u00e9o du Pape 7 \u2013 Juillet 2023\"><div class=\"stream-overlay\"><\/div><\/a><h3 class=\"video-title\">Pour une vie eucharistique \u2013 La Vid\u00e9o du Pape 7 \u2013 Juillet 2023<\/h3><\/div><div class=\"video-item year-2023\" data-year=\"2023\" data-post-id=\"96248\"><a href=\"https:\/\/www.youtube.com\/watch?v=1OG4Uz33Bn4\" class=\"tpv-lightbox-trigger\" data-video-id=\"\"><img decoding=\"async\" src=\"https:\/\/img.youtube.com\/vi\/1OG4Uz33Bn4\/hqdefault.jpg\" class=\"stream-thumb\" loading=\"lazy\" alt=\"Pour les Journ\u00e9es Mondiales de la Jeunesse \u2013 La Vid\u00e9o du Pape 8 \u2013 Ao\u00fbt 2023\"><div class=\"stream-overlay\"><\/div><\/a><h3 class=\"video-title\">Pour les Journ\u00e9es Mondiales de la Jeunesse \u2013 La Vid\u00e9o du Pape 8 \u2013 Ao\u00fbt 2023<\/h3><\/div><div class=\"video-item year-2023\" data-year=\"2023\" data-post-id=\"96243\"><a href=\"https:\/\/www.youtube.com\/watch?v=hBQxKbaE614\" class=\"tpv-lightbox-trigger\" data-video-id=\"\"><img decoding=\"async\" src=\"https:\/\/img.youtube.com\/vi\/hBQxKbaE614\/hqdefault.jpg\" class=\"stream-thumb\" loading=\"lazy\" alt=\"Pour les personnes qui vivent en marge de la soci\u00e9t\u00e9 \u2013 La Vid\u00e9o du Pape 9 \u2013 Septembre 2023\"><div class=\"stream-overlay\"><\/div><\/a><h3 class=\"video-title\">Pour les personnes qui vivent en marge de la soci\u00e9t\u00e9 \u2013 La Vid\u00e9o du Pape 9 \u2013 Septembre 2023<\/h3><\/div><div class=\"video-item year-2023\" data-year=\"2023\" data-post-id=\"96238\"><a href=\"https:\/\/www.youtube.com\/watch?v=4pEcl3syUNM\" class=\"tpv-lightbox-trigger\" data-video-id=\"\"><img decoding=\"async\" src=\"https:\/\/img.youtube.com\/vi\/4pEcl3syUNM\/hqdefault.jpg\" class=\"stream-thumb\" loading=\"lazy\" alt=\"Pour l\u2019\u00c9glise en Synode \u2013 La Vid\u00e9o du Pape 10 \u2013 Octobre 2023\"><div class=\"stream-overlay\"><\/div><\/a><h3 class=\"video-title\">Pour l\u2019\u00c9glise en Synode \u2013 La Vid\u00e9o du Pape 10 \u2013 Octobre 2023<\/h3><\/div><div class=\"video-item year-2023\" data-year=\"2023\" data-post-id=\"96233\"><a href=\"https:\/\/www.youtube.com\/watch?v=tWOeR0UTAj8\" class=\"tpv-lightbox-trigger\" data-video-id=\"\"><img decoding=\"async\" src=\"https:\/\/img.youtube.com\/vi\/tWOeR0UTAj8\/hqdefault.jpg\" class=\"stream-thumb\" loading=\"lazy\" alt=\"Pour le Pape \u2013 La Vid\u00e9o du Pape 11 \u2013 Novembre 2023\"><div class=\"stream-overlay\"><\/div><\/a><h3 class=\"video-title\">Pour le Pape \u2013 La Vid\u00e9o du Pape 11 \u2013 Novembre 2023<\/h3><\/div><div class=\"video-item year-2023\" data-year=\"2023\" data-post-id=\"96228\"><a href=\"https:\/\/www.youtube.com\/watch?v=2wEpet3bJtw\" class=\"tpv-lightbox-trigger\" data-video-id=\"\"><img decoding=\"async\" src=\"https:\/\/img.youtube.com\/vi\/2wEpet3bJtw\/hqdefault.jpg\" class=\"stream-thumb\" loading=\"lazy\" alt=\"Pour les personnes en situation de handicap \u2013 La Vid\u00e9o du Pape 12 \u2013 D\u00e9cembre 2023\"><div class=\"stream-overlay\"><\/div><\/a><h3 class=\"video-title\">Pour les personnes en situation de handicap \u2013 La Vid\u00e9o du Pape 12 \u2013 D\u00e9cembre 2023<\/h3><\/div><\/div><\/div><div class=\"tpv-year-section\" id=\"section-2022\"><h2 class=\"year-title\">2022<\/h2><div class=\"fila-stream\"><div class=\"video-item year-2022\" data-year=\"2022\" data-post-id=\"96343\"><a href=\"https:\/\/www.youtube.com\/watch?v=RGfpRuBo_Pc\" class=\"tpv-lightbox-trigger\" data-video-id=\"\"><img decoding=\"async\" src=\"https:\/\/img.youtube.com\/vi\/RGfpRuBo_Pc\/hqdefault.jpg\" class=\"stream-thumb\" loading=\"lazy\" alt=\"Discrimination et pers\u00e9cution religieuse \u2013 La Vid\u00e9o du Pape 1 \u2013 Janvier 2022\"><div class=\"stream-overlay\"><\/div><\/a><h3 class=\"video-title\">Discrimination et pers\u00e9cution religieuse \u2013 La Vid\u00e9o du Pape 1 \u2013 Janvier 2022<\/h3><\/div><div class=\"video-item year-2022\" data-year=\"2022\" data-post-id=\"96338\"><a href=\"https:\/\/www.youtube.com\/watch?v=n8aFrjzV6Fg\" class=\"tpv-lightbox-trigger\" data-video-id=\"\"><img decoding=\"async\" src=\"https:\/\/img.youtube.com\/vi\/n8aFrjzV6Fg\/hqdefault.jpg\" class=\"stream-thumb\" loading=\"lazy\" alt=\"Pour les religieuses et les consacr\u00e9es \u2013 La Vid\u00e9o du Pape 02 \u2013 F\u00e9vrier 2022\"><div class=\"stream-overlay\"><\/div><\/a><h3 class=\"video-title\">Pour les religieuses et les consacr\u00e9es \u2013 La Vid\u00e9o du Pape 02 \u2013 F\u00e9vrier 2022<\/h3><\/div><div class=\"video-item year-2022\" data-year=\"2022\" data-post-id=\"96333\"><a href=\"https:\/\/www.youtube.com\/watch?v=FhUqToVTPxY\" class=\"tpv-lightbox-trigger\" data-video-id=\"\"><img decoding=\"async\" src=\"https:\/\/img.youtube.com\/vi\/FhUqToVTPxY\/hqdefault.jpg\" class=\"stream-thumb\" loading=\"lazy\" alt=\"Pour une r\u00e9ponse chr\u00e9tienne aux d\u00e9fis de la bio\u00e9thique \u2013 La Vid\u00e9o du Pape 03 \u2013 Mars 2022\"><div class=\"stream-overlay\"><\/div><\/a><h3 class=\"video-title\">Pour une r\u00e9ponse chr\u00e9tienne aux d\u00e9fis de la bio\u00e9thique \u2013 La Vid\u00e9o du Pape 03 \u2013 Mars 2022<\/h3><\/div><div class=\"video-item year-2022\" data-year=\"2022\" data-post-id=\"96328\"><a href=\"https:\/\/www.youtube.com\/watch?v=SP1m9jaInFE\" class=\"tpv-lightbox-trigger\" data-video-id=\"\"><img decoding=\"async\" src=\"https:\/\/img.youtube.com\/vi\/SP1m9jaInFE\/hqdefault.jpg\" class=\"stream-thumb\" loading=\"lazy\" alt=\"Pour le personnel de sant\u00e9 \u2013 La Vid\u00e9o du Pape 04 \u2013 Avril 2022\"><div class=\"stream-overlay\"><\/div><\/a><h3 class=\"video-title\">Pour le personnel de sant\u00e9 \u2013 La Vid\u00e9o du Pape 04 \u2013 Avril 2022<\/h3><\/div><div class=\"video-item year-2022\" data-year=\"2022\" data-post-id=\"96323\"><a href=\"https:\/\/www.youtube.com\/watch?v=MVKlAQT-UiU\" class=\"tpv-lightbox-trigger\" data-video-id=\"\"><img decoding=\"async\" src=\"https:\/\/img.youtube.com\/vi\/MVKlAQT-UiU\/hqdefault.jpg\" class=\"stream-thumb\" loading=\"lazy\" alt=\"Pour la foi des jeunes \u2013 La Vid\u00e9o du Pape 05 \u2013 Mai 2022\"><div class=\"stream-overlay\"><\/div><\/a><h3 class=\"video-title\">Pour la foi des jeunes \u2013 La Vid\u00e9o du Pape 05 \u2013 Mai 2022<\/h3><\/div><div class=\"video-item year-2022\" data-year=\"2022\" data-post-id=\"96318\"><a href=\"https:\/\/www.youtube.com\/watch?v=YytF1HVJWh0\" class=\"tpv-lightbox-trigger\" data-video-id=\"\"><img decoding=\"async\" src=\"https:\/\/img.youtube.com\/vi\/YytF1HVJWh0\/hqdefault.jpg\" class=\"stream-thumb\" loading=\"lazy\" alt=\"Pour les familles \u2013 La Vid\u00e9o du Pape 06 \u2013 Juin 2022\"><div class=\"stream-overlay\"><\/div><\/a><h3 class=\"video-title\">Pour les familles \u2013 La Vid\u00e9o du Pape 06 \u2013 Juin 2022<\/h3><\/div><div class=\"video-item year-2022\" data-year=\"2022\" data-post-id=\"96313\"><a href=\"https:\/\/www.youtube.com\/watch?v=xh8xUdbBAhQ\" class=\"tpv-lightbox-trigger\" data-video-id=\"\"><img decoding=\"async\" src=\"https:\/\/img.youtube.com\/vi\/xh8xUdbBAhQ\/hqdefault.jpg\" class=\"stream-thumb\" loading=\"lazy\" alt=\"Pour les personnes \u00e2g\u00e9es \u2013 La Vid\u00e9o du Pape 07\u2013 Juillet 2022\"><div class=\"stream-overlay\"><\/div><\/a><h3 class=\"video-title\">Pour les personnes \u00e2g\u00e9es \u2013 La Vid\u00e9o du Pape 07\u2013 Juillet 2022<\/h3><\/div><div class=\"video-item year-2022\" data-year=\"2022\" data-post-id=\"96308\"><a href=\"https:\/\/www.youtube.com\/watch?v=VFVsKtWgIeo\" class=\"tpv-lightbox-trigger\" data-video-id=\"\"><img decoding=\"async\" src=\"https:\/\/img.youtube.com\/vi\/VFVsKtWgIeo\/hqdefault.jpg\" class=\"stream-thumb\" loading=\"lazy\" alt=\"Pour les petits et moyens entrepreneurs \u2013 La Vid\u00e9o du Pape 08 \u2013 Ao\u00fbt 2022\"><div class=\"stream-overlay\"><\/div><\/a><h3 class=\"video-title\">Pour les petits et moyens entrepreneurs \u2013 La Vid\u00e9o du Pape 08 \u2013 Ao\u00fbt 2022<\/h3><\/div><div class=\"video-item year-2022\" data-year=\"2022\" data-post-id=\"96303\"><a href=\"https:\/\/www.youtube.com\/watch?v=dAWo95QE2DQ\" class=\"tpv-lightbox-trigger\" data-video-id=\"\"><img decoding=\"async\" src=\"https:\/\/img.youtube.com\/vi\/dAWo95QE2DQ\/hqdefault.jpg\" class=\"stream-thumb\" loading=\"lazy\" alt=\"Pour l\u2019abolition de la peine de mort \u2013 La Vid\u00e9o du Pape \u2013 Septembre 2022\"><div class=\"stream-overlay\"><\/div><\/a><h3 class=\"video-title\">Pour l\u2019abolition de la peine de mort \u2013 La Vid\u00e9o du Pape \u2013 Septembre 2022<\/h3><\/div><div class=\"video-item year-2022\" data-year=\"2022\" data-post-id=\"96298\"><a href=\"https:\/\/www.youtube.com\/watch?v=91xDv_W03v0\" class=\"tpv-lightbox-trigger\" data-video-id=\"\"><img decoding=\"async\" src=\"https:\/\/img.youtube.com\/vi\/91xDv_W03v0\/hqdefault.jpg\" class=\"stream-thumb\" loading=\"lazy\" alt=\"Pour une \u00c9glise ouverte \u00e0 tous \u2013 La Vid\u00e9o du Pape \u2013 Octobre 2022\"><div class=\"stream-overlay\"><\/div><\/a><h3 class=\"video-title\">Pour une \u00c9glise ouverte \u00e0 tous \u2013 La Vid\u00e9o du Pape \u2013 Octobre 2022<\/h3><\/div><div class=\"video-item year-2022\" data-year=\"2022\" data-post-id=\"96293\"><a href=\"https:\/\/www.youtube.com\/watch?v=GD7ZO3BwyZY\" class=\"tpv-lightbox-trigger\" data-video-id=\"\"><img decoding=\"async\" src=\"https:\/\/img.youtube.com\/vi\/GD7ZO3BwyZY\/hqdefault.jpg\" class=\"stream-thumb\" loading=\"lazy\" alt=\"Pour les enfants qui souffrent \u2013 La Vid\u00e9o du Pape 11 \u2013 Novembre 2022\"><div class=\"stream-overlay\"><\/div><\/a><h3 class=\"video-title\">Pour les enfants qui souffrent \u2013 La Vid\u00e9o du Pape 11 \u2013 Novembre 2022<\/h3><\/div><div class=\"video-item year-2022\" data-year=\"2022\" data-post-id=\"96288\"><a href=\"https:\/\/www.youtube.com\/watch?v=HMAi5TJu72Y\" class=\"tpv-lightbox-trigger\" data-video-id=\"\"><img decoding=\"async\" src=\"https:\/\/img.youtube.com\/vi\/HMAi5TJu72Y\/hqdefault.jpg\" class=\"stream-thumb\" loading=\"lazy\" alt=\"Pour les organisations humanitaires \u2013 La Vid\u00e9o du Pape 12 \u2013 D\u00e9cembre 2022\"><div class=\"stream-overlay\"><\/div><\/a><h3 class=\"video-title\">Pour les organisations humanitaires \u2013 La Vid\u00e9o du Pape 12 \u2013 D\u00e9cembre 2022<\/h3><\/div><\/div><\/div><div class=\"tpv-year-section\" id=\"section-2021\"><h2 class=\"year-title\">2021<\/h2><div class=\"fila-stream\"><div class=\"video-item year-2021\" data-year=\"2021\" data-post-id=\"96397\"><a href=\"https:\/\/www.youtube.com\/watch?v=Hjcz3RV6O90\" class=\"tpv-lightbox-trigger\" data-video-id=\"\"><img decoding=\"async\" src=\"https:\/\/img.youtube.com\/vi\/Hjcz3RV6O90\/hqdefault.jpg\" class=\"stream-thumb\" loading=\"lazy\" alt=\"Pour les femmes victimes de violence - La vid\u00e9o du Pape 2 - f\u00e9vrier 2021\"><div class=\"stream-overlay\"><\/div><\/a><h3 class=\"video-title\">Pour les femmes victimes de violence - La vid\u00e9o du Pape 2 - f\u00e9vrier 2021<\/h3><\/div><div class=\"video-item year-2021\" data-year=\"2021\" data-post-id=\"96392\"><a href=\"https:\/\/www.youtube.com\/watch?v=O_32h3NQzKc\" class=\"tpv-lightbox-trigger\" data-video-id=\"\"><img decoding=\"async\" src=\"https:\/\/img.youtube.com\/vi\/O_32h3NQzKc\/hqdefault.jpg\" class=\"stream-thumb\" loading=\"lazy\" alt=\"Le sacrement de la r\u00e9conciliation \u2013 La Vid\u00e9o du Pape 3 \u2013 Mars 2021\"><div class=\"stream-overlay\"><\/div><\/a><h3 class=\"video-title\">Le sacrement de la r\u00e9conciliation \u2013 La Vid\u00e9o du Pape 3 \u2013 Mars 2021<\/h3><\/div><div class=\"video-item year-2021\" data-year=\"2021\" data-post-id=\"96387\"><a href=\"https:\/\/www.youtube.com\/watch?v=KQQlWstf5l0\" class=\"tpv-lightbox-trigger\" data-video-id=\"\"><img decoding=\"async\" src=\"https:\/\/img.youtube.com\/vi\/KQQlWstf5l0\/hqdefault.jpg\" class=\"stream-thumb\" loading=\"lazy\" alt=\"Les droits fondamentaux \u2013 La Vid\u00e9o du Pape 4 \u2013 Avril 2021\"><div class=\"stream-overlay\"><\/div><\/a><h3 class=\"video-title\">Les droits fondamentaux \u2013 La Vid\u00e9o du Pape 4 \u2013 Avril 2021<\/h3><\/div><div class=\"video-item year-2021\" data-year=\"2021\" data-post-id=\"96382\"><a href=\"https:\/\/www.youtube.com\/watch?v=4PMeUs_JbX4\" class=\"tpv-lightbox-trigger\" data-video-id=\"\"><img decoding=\"async\" src=\"https:\/\/img.youtube.com\/vi\/4PMeUs_JbX4\/hqdefault.jpg\" class=\"stream-thumb\" loading=\"lazy\" alt=\"Le monde de la finance \u2013 La Vid\u00e9o du Pape 5 \u2013 Mai 2021\"><div class=\"stream-overlay\"><\/div><\/a><h3 class=\"video-title\">Le monde de la finance \u2013 La Vid\u00e9o du Pape 5 \u2013 Mai 2021<\/h3><\/div><div class=\"video-item year-2021\" data-year=\"2021\" data-post-id=\"96378\"><a href=\"https:\/\/www.youtube.com\/watch?v=Pnhr4F9T680\" class=\"tpv-lightbox-trigger\" data-video-id=\"\"><img decoding=\"async\" src=\"https:\/\/img.youtube.com\/vi\/Pnhr4F9T680\/hqdefault.jpg\" class=\"stream-thumb\" loading=\"lazy\" alt=\"La beaut\u00e9 du mariage \u2013 La Vid\u00e9o du Pape 6 \u2013 Juin 2021\"><div class=\"stream-overlay\"><\/div><\/a><h3 class=\"video-title\">La beaut\u00e9 du mariage \u2013 La Vid\u00e9o du Pape 6 \u2013 Juin 2021<\/h3><\/div><div class=\"video-item year-2021\" data-year=\"2021\" data-post-id=\"96373\"><a href=\"https:\/\/www.youtube.com\/watch?v=bXMtaGYjjkg\" class=\"tpv-lightbox-trigger\" data-video-id=\"\"><img decoding=\"async\" src=\"https:\/\/img.youtube.com\/vi\/bXMtaGYjjkg\/hqdefault.jpg\" class=\"stream-thumb\" loading=\"lazy\" alt=\"L\u2019amiti\u00e9 sociale \u2013 La Vid\u00e9o du Pape 7 \u2013 Juillet 2021\"><div class=\"stream-overlay\"><\/div><\/a><h3 class=\"video-title\">L\u2019amiti\u00e9 sociale \u2013 La Vid\u00e9o du Pape 7 \u2013 Juillet 2021<\/h3><\/div><div class=\"video-item year-2021\" data-year=\"2021\" data-post-id=\"96368\"><a href=\"https:\/\/www.youtube.com\/watch?v=5F7_aOhSW2Q\" class=\"tpv-lightbox-trigger\" data-video-id=\"\"><img decoding=\"async\" src=\"https:\/\/img.youtube.com\/vi\/5F7_aOhSW2Q\/hqdefault.jpg\" class=\"stream-thumb\" loading=\"lazy\" alt=\"L\u2019\u00c9glise en chemin \u2013 La Vid\u00e9o du Pape 8 \u2013 Ao\u00fbt 2021\"><div class=\"stream-overlay\"><\/div><\/a><h3 class=\"video-title\">L\u2019\u00c9glise en chemin \u2013 La Vid\u00e9o du Pape 8 \u2013 Ao\u00fbt 2021<\/h3><\/div><div class=\"video-item year-2021\" data-year=\"2021\" data-post-id=\"96363\"><a href=\"https:\/\/www.youtube.com\/watch?v=cN48rgwNBgY\" class=\"tpv-lightbox-trigger\" data-video-id=\"\"><img decoding=\"async\" src=\"https:\/\/img.youtube.com\/vi\/cN48rgwNBgY\/hqdefault.jpg\" class=\"stream-thumb\" loading=\"lazy\" alt=\"Un style de vie \u00e9cologiquement durable \u2013 La Vid\u00e9o du Pape 9 \u2013 Septembre 2021\"><div class=\"stream-overlay\"><\/div><\/a><h3 class=\"video-title\">Un style de vie \u00e9cologiquement durable \u2013 La Vid\u00e9o du Pape 9 \u2013 Septembre 2021<\/h3><\/div><div class=\"video-item year-2021\" data-year=\"2021\" data-post-id=\"96358\"><a href=\"https:\/\/www.youtube.com\/watch?v=PWxlZNGK2RE\" class=\"tpv-lightbox-trigger\" data-video-id=\"\"><img decoding=\"async\" src=\"https:\/\/img.youtube.com\/vi\/PWxlZNGK2RE\/hqdefault.jpg\" class=\"stream-thumb\" loading=\"lazy\" alt=\"\u00catre des disciples missionnaires \u2013 La Vid\u00e9o du Pape 10 \u2013 Octobre 2021\"><div class=\"stream-overlay\"><\/div><\/a><h3 class=\"video-title\">\u00catre des disciples missionnaires \u2013 La Vid\u00e9o du Pape 10 \u2013 Octobre 2021<\/h3><\/div><div class=\"video-item year-2021\" data-year=\"2021\" data-post-id=\"96353\"><a href=\"https:\/\/www.youtube.com\/watch?v=B6XNGs1BFbs\" class=\"tpv-lightbox-trigger\" data-video-id=\"\"><img decoding=\"async\" src=\"https:\/\/img.youtube.com\/vi\/B6XNGs1BFbs\/hqdefault.jpg\" class=\"stream-thumb\" loading=\"lazy\" alt=\"Les personnes qui souffrent de d\u00e9pression \u2013 La Vid\u00e9o du Pape 11 \u2013 Novembre 2021\"><div class=\"stream-overlay\"><\/div><\/a><h3 class=\"video-title\">Les personnes qui souffrent de d\u00e9pression \u2013 La Vid\u00e9o du Pape 11 \u2013 Novembre 2021<\/h3><\/div><div class=\"video-item year-2021\" data-year=\"2021\" data-post-id=\"96348\"><a href=\"https:\/\/www.youtube.com\/watch?v=ChCp-lPbPFs\" class=\"tpv-lightbox-trigger\" data-video-id=\"\"><img decoding=\"async\" src=\"https:\/\/img.youtube.com\/vi\/ChCp-lPbPFs\/hqdefault.jpg\" class=\"stream-thumb\" loading=\"lazy\" alt=\"Les cat\u00e9chistes \u2013 La Vid\u00e9o Du Pape 12 \u2013 D\u00e9cembre 2021\"><div class=\"stream-overlay\"><\/div><\/a><h3 class=\"video-title\">Les cat\u00e9chistes \u2013 La Vid\u00e9o Du Pape 12 \u2013 D\u00e9cembre 2021<\/h3><\/div><\/div><\/div><div class=\"tpv-year-section\" id=\"section-2020\"><h2 class=\"year-title\">2020<\/h2><div class=\"fila-stream\"><div class=\"video-item year-2020\" data-year=\"2020\" data-post-id=\"96467\"><a href=\"https:\/\/www.youtube.com\/watch?v=SWXXqI2i28k\" class=\"tpv-lightbox-trigger\" data-video-id=\"\"><img decoding=\"async\" src=\"https:\/\/img.youtube.com\/vi\/SWXXqI2i28k\/hqdefault.jpg\" class=\"stream-thumb\" loading=\"lazy\" alt=\"Promouvoir la paix dans le monde \u2013 La Vid\u00e9o du Pape 1 - Janvier 2020\"><div class=\"stream-overlay\"><\/div><\/a><h3 class=\"video-title\">Promouvoir la paix dans le monde \u2013 La Vid\u00e9o du Pape 1 - Janvier 2020<\/h3><\/div><div class=\"video-item year-2020\" data-year=\"2020\" data-post-id=\"96462\"><a href=\"https:\/\/www.youtube.com\/watch?v=hAcBscPggIs\" class=\"tpv-lightbox-trigger\" data-video-id=\"\"><img decoding=\"async\" src=\"https:\/\/img.youtube.com\/vi\/hAcBscPggIs\/hqdefault.jpg\" class=\"stream-thumb\" loading=\"lazy\" alt=\"Entendre le cri des migrants\u2013 La Vid\u00e9o du Pape 2 \u2013 F\u00e9vrier 2020\"><div class=\"stream-overlay\"><\/div><\/a><h3 class=\"video-title\">Entendre le cri des migrants\u2013 La Vid\u00e9o du Pape 2 \u2013 F\u00e9vrier 2020<\/h3><\/div><div class=\"video-item year-2020\" data-year=\"2020\" data-post-id=\"96457\"><a href=\"https:\/\/www.youtube.com\/watch?v=dezkq-m4OUw\" class=\"tpv-lightbox-trigger\" data-video-id=\"\"><img decoding=\"async\" src=\"https:\/\/img.youtube.com\/vi\/dezkq-m4OUw\/hqdefault.jpg\" class=\"stream-thumb\" loading=\"lazy\" alt=\"Les catholiques en Chine \u2013 La Vid\u00e9o du Pape 3 \u2013 Mars 2020\"><div class=\"stream-overlay\"><\/div><\/a><h3 class=\"video-title\">Les catholiques en Chine \u2013 La Vid\u00e9o du Pape 3 \u2013 Mars 2020<\/h3><\/div><div class=\"video-item year-2020\" data-year=\"2020\" data-post-id=\"96452\"><a href=\"https:\/\/www.youtube.com\/watch?v=DiaWV-uw4zo\" class=\"tpv-lightbox-trigger\" data-video-id=\"\"><img decoding=\"async\" src=\"https:\/\/img.youtube.com\/vi\/DiaWV-uw4zo\/hqdefault.jpg\" class=\"stream-thumb\" loading=\"lazy\" alt=\"#PrayForTheWorld - La Vid\u00e9o du Pape PFTW - Mars 2020\"><div class=\"stream-overlay\"><\/div><\/a><h3 class=\"video-title\">#PrayForTheWorld - La Vid\u00e9o du Pape PFTW - Mars 2020<\/h3><\/div><div class=\"video-item year-2020\" data-year=\"2020\" data-post-id=\"96447\"><a href=\"https:\/\/www.youtube.com\/watch?v=9yb1tbE76kE\" class=\"tpv-lightbox-trigger\" data-video-id=\"\"><img decoding=\"async\" src=\"https:\/\/img.youtube.com\/vi\/9yb1tbE76kE\/hqdefault.jpg\" class=\"stream-thumb\" loading=\"lazy\" alt=\"Se lib\u00e9rer des addictions - La Vid\u00e9o du Pape 4 - avril 2020\"><div class=\"stream-overlay\"><\/div><\/a><h3 class=\"video-title\">Se lib\u00e9rer des addictions - La Vid\u00e9o du Pape 4 - avril 2020<\/h3><\/div><div class=\"video-item year-2020\" data-year=\"2020\" data-post-id=\"96442\"><a href=\"https:\/\/www.youtube.com\/watch?v=S9Tk6sdX6fc\" class=\"tpv-lightbox-trigger\" data-video-id=\"\"><img decoding=\"async\" src=\"https:\/\/img.youtube.com\/vi\/S9Tk6sdX6fc\/hqdefault.jpg\" class=\"stream-thumb\" loading=\"lazy\" alt=\"Pour les diacres \u2013 La Vid\u00e9o du Pape 5 - Mai 2020\"><div class=\"stream-overlay\"><\/div><\/a><h3 class=\"video-title\">Pour les diacres \u2013 La Vid\u00e9o du Pape 5 - Mai 2020<\/h3><\/div><div class=\"video-item year-2020\" data-year=\"2020\" data-post-id=\"96437\"><a href=\"https:\/\/www.youtube.com\/watch?v=OkAqsBkH36U\" class=\"tpv-lightbox-trigger\" data-video-id=\"\"><img decoding=\"async\" src=\"https:\/\/img.youtube.com\/vi\/OkAqsBkH36U\/hqdefault.jpg\" class=\"stream-thumb\" loading=\"lazy\" alt=\"Compassion pour le monde \u2013 La Vid\u00e9o du Pape 6 - Juin 2020\"><div class=\"stream-overlay\"><\/div><\/a><h3 class=\"video-title\">Compassion pour le monde \u2013 La Vid\u00e9o du Pape 6 - Juin 2020<\/h3><\/div><div class=\"video-item year-2020\" data-year=\"2020\" data-post-id=\"96432\"><a href=\"https:\/\/www.youtube.com\/watch?v=4aTN2jiXGBw\" class=\"tpv-lightbox-trigger\" data-video-id=\"\"><img decoding=\"async\" src=\"https:\/\/img.youtube.com\/vi\/4aTN2jiXGBw\/hqdefault.jpg\" class=\"stream-thumb\" loading=\"lazy\" alt=\"Nos familles - La Vid\u00e9o du Pape 7 - juillet 2020\"><div class=\"stream-overlay\"><\/div><\/a><h3 class=\"video-title\">Nos familles - La Vid\u00e9o du Pape 7 - juillet 2020<\/h3><\/div><div class=\"video-item year-2020\" data-year=\"2020\" data-post-id=\"96427\"><a href=\"https:\/\/www.youtube.com\/watch?v=F58DKoGcr4U\" class=\"tpv-lightbox-trigger\" data-video-id=\"\"><img decoding=\"async\" src=\"https:\/\/img.youtube.com\/vi\/F58DKoGcr4U\/hqdefault.jpg\" class=\"stream-thumb\" loading=\"lazy\" alt=\"Le monde de la mer - La vid\u00e9o du Pape 8 - Ao\u00fbt 2020\"><div class=\"stream-overlay\"><\/div><\/a><h3 class=\"video-title\">Le monde de la mer - La vid\u00e9o du Pape 8 - Ao\u00fbt 2020<\/h3><\/div><div class=\"video-item year-2020\" data-year=\"2020\" data-post-id=\"96422\"><a href=\"https:\/\/www.youtube.com\/watch?v=CnSWrrkJoKA\" class=\"tpv-lightbox-trigger\" data-video-id=\"\"><img decoding=\"async\" src=\"https:\/\/img.youtube.com\/vi\/CnSWrrkJoKA\/hqdefault.jpg\" class=\"stream-thumb\" loading=\"lazy\" alt=\"Le respect des ressources de la plan\u00e8te \u2013 La Vid\u00e9o du Pape 9 \u2013 Septembre 2020\"><div class=\"stream-overlay\"><\/div><\/a><h3 class=\"video-title\">Le respect des ressources de la plan\u00e8te \u2013 La Vid\u00e9o du Pape 9 \u2013 Septembre 2020<\/h3><\/div><div class=\"video-item year-2020\" data-year=\"2020\" data-post-id=\"96417\"><a href=\"https:\/\/www.youtube.com\/watch?v=c-T42ljmqnk\" class=\"tpv-lightbox-trigger\" data-video-id=\"\"><img decoding=\"async\" src=\"https:\/\/img.youtube.com\/vi\/c-T42ljmqnk\/hqdefault.jpg\" class=\"stream-thumb\" loading=\"lazy\" alt=\"Des femmes dans les instances de responsabilit\u00e9 de l\u2019\u00c9glise \u2013 La Vid\u00e9o du Pape\u00a010 - Octobre 2020\"><div class=\"stream-overlay\"><\/div><\/a><h3 class=\"video-title\">Des femmes dans les instances de responsabilit\u00e9 de l\u2019\u00c9glise \u2013 La Vid\u00e9o du Pape\u00a010 - Octobre 2020<\/h3><\/div><div class=\"video-item year-2020\" data-year=\"2020\" data-post-id=\"96412\"><a href=\"https:\/\/www.youtube.com\/watch?v=nEAlpPalG2k\" class=\"tpv-lightbox-trigger\" data-video-id=\"\"><img decoding=\"async\" src=\"https:\/\/img.youtube.com\/vi\/nEAlpPalG2k\/hqdefault.jpg\" class=\"stream-thumb\" loading=\"lazy\" alt=\"L\u2019intelligence artificielle - La Vide\u0301o du Pape 11 - Novembre 2020\"><div class=\"stream-overlay\"><\/div><\/a><h3 class=\"video-title\">L\u2019intelligence artificielle - La Vide\u0301o du Pape 11 - Novembre 2020<\/h3><\/div><div class=\"video-item year-2020\" data-year=\"2020\" data-post-id=\"96407\"><a href=\"https:\/\/www.youtube.com\/watch?v=cVVcQ0zgXnk\" class=\"tpv-lightbox-trigger\" data-video-id=\"\"><img decoding=\"async\" src=\"https:\/\/img.youtube.com\/vi\/cVVcQ0zgXnk\/hqdefault.jpg\" class=\"stream-thumb\" loading=\"lazy\" alt=\"Pour une vie de pri\u00e8re - La Vid\u00e9o du Pape 12 - D\u00e9cembre 2020\"><div class=\"stream-overlay\"><\/div><\/a><h3 class=\"video-title\">Pour une vie de pri\u00e8re - La Vid\u00e9o du Pape 12 - D\u00e9cembre 2020<\/h3><\/div><\/div><\/div><div class=\"tpv-year-section\" id=\"section-2019\"><h2 class=\"year-title\">2019<\/h2><div class=\"fila-stream\"><div class=\"video-item year-2019\" data-year=\"2019\" data-post-id=\"96533\"><a href=\"https:\/\/www.youtube.com\/watch?v=J9O57Hv1-rQ\" class=\"tpv-lightbox-trigger\" data-video-id=\"\"><img decoding=\"async\" src=\"https:\/\/img.youtube.com\/vi\/J9O57Hv1-rQ\/hqdefault.jpg\" class=\"stream-thumb\" loading=\"lazy\" alt=\"Les jeunes \u00e0 l\u2019\u00e9cole de Marie \u2013 La Vid\u00e9o du Pape 1 \u2013 Janvier 2019\"><div class=\"stream-overlay\"><\/div><\/a><h3 class=\"video-title\">Les jeunes \u00e0 l\u2019\u00e9cole de Marie \u2013 La Vid\u00e9o du Pape 1 \u2013 Janvier 2019<\/h3><\/div><div class=\"video-item year-2019\" data-year=\"2019\" data-post-id=\"96528\"><a href=\"https:\/\/www.youtube.com\/watch?v=gMp0IasNUlo\" class=\"tpv-lightbox-trigger\" data-video-id=\"\"><img decoding=\"async\" src=\"https:\/\/img.youtube.com\/vi\/gMp0IasNUlo\/hqdefault.jpg\" class=\"stream-thumb\" loading=\"lazy\" alt=\"La traite des personnes \u2013 La Vid\u00e9o du Pape 2 \u2013 F\u00e9vrier 2019\"><div class=\"stream-overlay\"><\/div><\/a><h3 class=\"video-title\">La traite des personnes \u2013 La Vid\u00e9o du Pape 2 \u2013 F\u00e9vrier 2019<\/h3><\/div><div class=\"video-item year-2019\" data-year=\"2019\" data-post-id=\"96523\"><a href=\"https:\/\/www.youtube.com\/watch?v=ZdlSgRlgYpI\" class=\"tpv-lightbox-trigger\" data-video-id=\"\"><img decoding=\"async\" src=\"https:\/\/img.youtube.com\/vi\/ZdlSgRlgYpI\/hqdefault.jpg\" class=\"stream-thumb\" loading=\"lazy\" alt=\"Reconnaissance des droits des communaut\u00e9s chr\u00e9tiennes \u2013 La Vid\u00e9o du Pape 3 \u2013 mars 2019\"><div class=\"stream-overlay\"><\/div><\/a><h3 class=\"video-title\">Reconnaissance des droits des communaut\u00e9s chr\u00e9tiennes \u2013 La Vid\u00e9o du Pape 3 \u2013 mars 2019<\/h3><\/div><div class=\"video-item year-2019\" data-year=\"2019\" data-post-id=\"96518\"><a href=\"https:\/\/www.youtube.com\/watch?v=8H8sFcoRy_E\" class=\"tpv-lightbox-trigger\" data-video-id=\"\"><img decoding=\"async\" src=\"https:\/\/img.youtube.com\/vi\/8H8sFcoRy_E\/hqdefault.jpg\" class=\"stream-thumb\" loading=\"lazy\" alt=\"M\u00e9decins et humanitaires en zones de combat \u2013 La Vid\u00e9o du Pape 4 \u2013 avril 2019\"><div class=\"stream-overlay\"><\/div><\/a><h3 class=\"video-title\">M\u00e9decins et humanitaires en zones de combat \u2013 La Vid\u00e9o du Pape 4 \u2013 avril 2019<\/h3><\/div><div class=\"video-item year-2019\" data-year=\"2019\" data-post-id=\"96513\"><a href=\"https:\/\/www.youtube.com\/watch?v=n-I3is6JA-o\" class=\"tpv-lightbox-trigger\" data-video-id=\"\"><img decoding=\"async\" src=\"https:\/\/img.youtube.com\/vi\/n-I3is6JA-o\/hqdefault.jpg\" class=\"stream-thumb\" loading=\"lazy\" alt=\"L&rsquo;Eglise en Afrique, ferment d&rsquo;unit\u00e9 - La Vid\u00e9o du Pape 5 - Mai 2019\"><div class=\"stream-overlay\"><\/div><\/a><h3 class=\"video-title\">L&rsquo;Eglise en Afrique, ferment d&rsquo;unit\u00e9 - La Vid\u00e9o du Pape 5 - Mai 2019<\/h3><\/div><div class=\"video-item year-2019\" data-year=\"2019\" data-post-id=\"96508\"><a href=\"https:\/\/www.youtube.com\/watch?v=TjSJqQQSk0M\" class=\"tpv-lightbox-trigger\" data-video-id=\"\"><img decoding=\"async\" src=\"https:\/\/img.youtube.com\/vi\/TjSJqQQSk0M\/hqdefault.jpg\" class=\"stream-thumb\" loading=\"lazy\" alt=\"Style de vie des pr\u00eatres \u2013 La Vid\u00e9o du Pape 6 \u2013 Juin 2019\"><div class=\"stream-overlay\"><\/div><\/a><h3 class=\"video-title\">Style de vie des pr\u00eatres \u2013 La Vid\u00e9o du Pape 6 \u2013 Juin 2019<\/h3><\/div><div class=\"video-item year-2019\" data-year=\"2019\" data-post-id=\"96503\"><a href=\"https:\/\/www.youtube.com\/watch?v=5fHtSWNZFEg\" class=\"tpv-lightbox-trigger\" data-video-id=\"\"><img decoding=\"async\" src=\"https:\/\/img.youtube.com\/vi\/5fHtSWNZFEg\/hqdefault.jpg\" class=\"stream-thumb\" loading=\"lazy\" alt=\"Int\u00e9grit\u00e9 de la justice - La Vid\u00e9o du Pape - Juillet 2019\"><div class=\"stream-overlay\"><\/div><\/a><h3 class=\"video-title\">Int\u00e9grit\u00e9 de la justice - La Vid\u00e9o du Pape - Juillet 2019<\/h3><\/div><div class=\"video-item year-2019\" data-year=\"2019\" data-post-id=\"96498\"><a href=\"https:\/\/www.youtube.com\/watch?v=_MIKttkATDk\" class=\"tpv-lightbox-trigger\" data-video-id=\"\"><img decoding=\"async\" src=\"https:\/\/img.youtube.com\/vi\/_MIKttkATDk\/hqdefault.jpg\" class=\"stream-thumb\" loading=\"lazy\" alt=\"Les familles, laboratoires d\u2019humanisation \u2013 La Vid\u00e9o du Pape 8 \u2013 Ao\u00fbt 2019\"><div class=\"stream-overlay\"><\/div><\/a><h3 class=\"video-title\">Les familles, laboratoires d\u2019humanisation \u2013 La Vid\u00e9o du Pape 8 \u2013 Ao\u00fbt 2019<\/h3><\/div><div class=\"video-item year-2019\" data-year=\"2019\" data-post-id=\"96493\"><a href=\"https:\/\/www.youtube.com\/watch?v=hqKno_cSyYA\" class=\"tpv-lightbox-trigger\" data-video-id=\"\"><img decoding=\"async\" src=\"https:\/\/img.youtube.com\/vi\/hqKno_cSyYA\/hqdefault.jpg\" class=\"stream-thumb\" loading=\"lazy\" alt=\"Prot\u00e9ger les oc\u00e9ans \u2013 La Vid\u00e9o du Pape 9 - Septembre 2019\"><div class=\"stream-overlay\"><\/div><\/a><h3 class=\"video-title\">Prot\u00e9ger les oc\u00e9ans \u2013 La Vid\u00e9o du Pape 9 - Septembre 2019<\/h3><\/div><div class=\"video-item year-2019\" data-year=\"2019\" data-post-id=\"96488\"><a href=\"https:\/\/www.youtube.com\/watch?v=alci1cWqTcQ\" class=\"tpv-lightbox-trigger\" data-video-id=\"\"><img decoding=\"async\" src=\"https:\/\/img.youtube.com\/vi\/alci1cWqTcQ\/hqdefault.jpg\" class=\"stream-thumb\" loading=\"lazy\" alt=\"Prot\u00e9ger les oc\u00e9ans [\u00c9dition \u00e9tendue] \u2013 La Vid\u00e9o du Pape 9 - Septembre 2019\"><div class=\"stream-overlay\"><\/div><\/a><h3 class=\"video-title\">Prot\u00e9ger les oc\u00e9ans [\u00c9dition \u00e9tendue] \u2013 La Vid\u00e9o du Pape 9 - Septembre 2019<\/h3><\/div><div class=\"video-item year-2019\" data-year=\"2019\" data-post-id=\"96483\"><a href=\"https:\/\/www.youtube.com\/watch?v=jrBeTH1dr1s\" class=\"tpv-lightbox-trigger\" data-video-id=\"\"><img decoding=\"async\" src=\"https:\/\/img.youtube.com\/vi\/jrBeTH1dr1s\/hqdefault.jpg\" class=\"stream-thumb\" loading=\"lazy\" alt=\"Printemps missionnaire dans l&rsquo;\u00c9glise - Vid\u00e9o du Pape 10 - Octobre 2019\"><div class=\"stream-overlay\"><\/div><\/a><h3 class=\"video-title\">Printemps missionnaire dans l&rsquo;\u00c9glise - Vid\u00e9o du Pape 10 - Octobre 2019<\/h3><\/div><div class=\"video-item year-2019\" data-year=\"2019\" data-post-id=\"96478\"><a href=\"https:\/\/www.youtube.com\/watch?v=1MYr1qK8YTA\" class=\"tpv-lightbox-trigger\" data-video-id=\"\"><img decoding=\"async\" src=\"https:\/\/img.youtube.com\/vi\/1MYr1qK8YTA\/hqdefault.jpg\" class=\"stream-thumb\" loading=\"lazy\" alt=\"Dialogue et r\u00e9conciliation au Moyen-Orient - Vid\u00e9o du Pape 11 - novembre 2019\"><div class=\"stream-overlay\"><\/div><\/a><h3 class=\"video-title\">Dialogue et r\u00e9conciliation au Moyen-Orient - Vid\u00e9o du Pape 11 - novembre 2019<\/h3><\/div><div class=\"video-item year-2019\" data-year=\"2019\" data-post-id=\"96473\"><a href=\"https:\/\/www.youtube.com\/watch?v=4lcLtWhu14w\" class=\"tpv-lightbox-trigger\" data-video-id=\"\"><img decoding=\"async\" src=\"https:\/\/img.youtube.com\/vi\/4lcLtWhu14w\/hqdefault.jpg\" class=\"stream-thumb\" loading=\"lazy\" alt=\"L&rsquo;avenir des plus jeunes - La Vid\u00e9o du Pape 12 - d\u00e9cembre 2019\"><div class=\"stream-overlay\"><\/div><\/a><h3 class=\"video-title\">L&rsquo;avenir des plus jeunes - La Vid\u00e9o du Pape 12 - d\u00e9cembre 2019<\/h3><\/div><\/div><\/div><div class=\"tpv-year-section\" id=\"section-2018\"><h2 class=\"year-title\">2018<\/h2><div class=\"fila-stream\"><div class=\"video-item year-2018\" data-year=\"2018\" data-post-id=\"96733\"><a href=\"https:\/\/www.youtube.com\/watch?v=GxGofbvXS7o\" class=\"tpv-lightbox-trigger\" data-video-id=\"\"><img decoding=\"async\" src=\"https:\/\/img.youtube.com\/vi\/GxGofbvXS7o\/hqdefault.jpg\" class=\"stream-thumb\" loading=\"lazy\" alt=\"Pour les minorit\u00e9s religieuses en Asie \u2013 La Vid\u00e9o du Pape \u2013 Janvier 2018\"><div class=\"stream-overlay\"><\/div><\/a><h3 class=\"video-title\">Pour les minorit\u00e9s religieuses en Asie \u2013 La Vid\u00e9o du Pape \u2013 Janvier 2018<\/h3><\/div><div class=\"video-item year-2018\" data-year=\"2018\" data-post-id=\"96728\"><a href=\"https:\/\/www.youtube.com\/watch?v=oAVb-5uhL3M\" class=\"tpv-lightbox-trigger\" data-video-id=\"\"><img decoding=\"async\" src=\"https:\/\/img.youtube.com\/vi\/oAVb-5uhL3M\/hqdefault.jpg\" class=\"stream-thumb\" loading=\"lazy\" alt=\"Non \u00e0 la corruption - La Vid\u00e9o du Pape - F\u00e9vrier 2018\"><div class=\"stream-overlay\"><\/div><\/a><h3 class=\"video-title\">Non \u00e0 la corruption - La Vid\u00e9o du Pape - F\u00e9vrier 2018<\/h3><\/div><div class=\"video-item year-2018\" data-year=\"2018\" data-post-id=\"96723\"><a href=\"https:\/\/www.youtube.com\/watch?v=r0NnktzXJE8\" class=\"tpv-lightbox-trigger\" data-video-id=\"\"><img decoding=\"async\" src=\"https:\/\/img.youtube.com\/vi\/r0NnktzXJE8\/hqdefault.jpg\" class=\"stream-thumb\" loading=\"lazy\" alt=\"Pour la formation au discernement spirituel \u2013 La Vid\u00e9o du Pape \u2013 Mars 2018\"><div class=\"stream-overlay\"><\/div><\/a><h3 class=\"video-title\">Pour la formation au discernement spirituel \u2013 La Vid\u00e9o du Pape \u2013 Mars 2018<\/h3><\/div><div class=\"video-item year-2018\" data-year=\"2018\" data-post-id=\"96718\"><a href=\"https:\/\/www.youtube.com\/watch?v=OZoypFjqBGQ\" class=\"tpv-lightbox-trigger\" data-video-id=\"\"><img decoding=\"async\" src=\"https:\/\/img.youtube.com\/vi\/OZoypFjqBGQ\/hqdefault.jpg\" class=\"stream-thumb\" loading=\"lazy\" alt=\"Pour ceux qui ont une responsabilit\u00e9 dans l\u2019\u00e9conomie \u2013 La Vid\u00e9o du Pape - Avril 2018\"><div class=\"stream-overlay\"><\/div><\/a><h3 class=\"video-title\">Pour ceux qui ont une responsabilit\u00e9 dans l\u2019\u00e9conomie \u2013 La Vid\u00e9o du Pape - Avril 2018<\/h3><\/div><div class=\"video-item year-2018\" data-year=\"2018\" data-post-id=\"96713\"><a href=\"https:\/\/www.youtube.com\/watch?v=zUlDLEYEJQ8\" class=\"tpv-lightbox-trigger\" data-video-id=\"\"><img decoding=\"async\" src=\"https:\/\/img.youtube.com\/vi\/zUlDLEYEJQ8\/hqdefault.jpg\" class=\"stream-thumb\" loading=\"lazy\" alt=\"La mission des la\u00efcs - La Vid\u00e9o du Pape - Mai 2018\"><div class=\"stream-overlay\"><\/div><\/a><h3 class=\"video-title\">La mission des la\u00efcs - La Vid\u00e9o du Pape - Mai 2018<\/h3><\/div><div class=\"video-item year-2018\" data-year=\"2018\" data-post-id=\"96708\"><a href=\"https:\/\/www.youtube.com\/watch?v=JfSN5t3Svjg\" class=\"tpv-lightbox-trigger\" data-video-id=\"\"><img decoding=\"async\" src=\"https:\/\/img.youtube.com\/vi\/JfSN5t3Svjg\/hqdefault.jpg\" class=\"stream-thumb\" loading=\"lazy\" alt=\"Les r\u00e9seaux sociaux \u2013 La Vid\u00e9o du Pape \u2013 Juin 2018\"><div class=\"stream-overlay\"><\/div><\/a><h3 class=\"video-title\">Les r\u00e9seaux sociaux \u2013 La Vid\u00e9o du Pape \u2013 Juin 2018<\/h3><\/div><div class=\"video-item year-2018\" data-year=\"2018\" data-post-id=\"96703\"><a href=\"https:\/\/www.youtube.com\/watch?v=YByuSfxSZsw\" class=\"tpv-lightbox-trigger\" data-video-id=\"\"><img decoding=\"async\" src=\"https:\/\/img.youtube.com\/vi\/YByuSfxSZsw\/hqdefault.jpg\" class=\"stream-thumb\" loading=\"lazy\" alt=\"Les pr\u00eatres et leur mission pastorale \u2013 La Vid\u00e9o du Pape \u2013 juillet 2018\"><div class=\"stream-overlay\"><\/div><\/a><h3 class=\"video-title\">Les pr\u00eatres et leur mission pastorale \u2013 La Vid\u00e9o du Pape \u2013 juillet 2018<\/h3><\/div><div class=\"video-item year-2018\" data-year=\"2018\" data-post-id=\"96698\"><a href=\"https:\/\/www.youtube.com\/watch?v=4_IcbshAEsk\" class=\"tpv-lightbox-trigger\" data-video-id=\"\"><img decoding=\"async\" src=\"https:\/\/img.youtube.com\/vi\/4_IcbshAEsk\/hqdefault.jpg\" class=\"stream-thumb\" loading=\"lazy\" alt=\"La famille, un tr\u00e9sor \u2013 La Vid\u00e9o du Pape \u2013 ao\u00fbt 2018\"><div class=\"stream-overlay\"><\/div><\/a><h3 class=\"video-title\">La famille, un tr\u00e9sor \u2013 La Vid\u00e9o du Pape \u2013 ao\u00fbt 2018<\/h3><\/div><div class=\"video-item year-2018\" data-year=\"2018\" data-post-id=\"96693\"><a href=\"https:\/\/www.youtube.com\/watch?v=1wVzVth6sbI\" class=\"tpv-lightbox-trigger\" data-video-id=\"\"><img decoding=\"async\" src=\"https:\/\/img.youtube.com\/vi\/1wVzVth6sbI\/hqdefault.jpg\" class=\"stream-thumb\" loading=\"lazy\" alt=\"Les jeunes d\u2019Afrique \u2013 La Vid\u00e9o du Pape \u2013 septembre 2018\"><div class=\"stream-overlay\"><\/div><\/a><h3 class=\"video-title\">Les jeunes d\u2019Afrique \u2013 La Vid\u00e9o du Pape \u2013 septembre 2018<\/h3><\/div><div class=\"video-item year-2018\" data-year=\"2018\" data-post-id=\"96688\"><a href=\"https:\/\/www.youtube.com\/watch?v=JXv7UntWS6I\" class=\"tpv-lightbox-trigger\" data-video-id=\"\"><img decoding=\"async\" src=\"https:\/\/img.youtube.com\/vi\/JXv7UntWS6I\/hqdefault.jpg\" class=\"stream-thumb\" loading=\"lazy\" alt=\"#PrayForTheChurch \u2013 Campagne sp\u00e9ciale de pri\u00e8re pour l\u2019Eglise \u2013 La Vid\u00e9o du Pape \u2013 Octobre 2018\"><div class=\"stream-overlay\"><\/div><\/a><h3 class=\"video-title\">#PrayForTheChurch \u2013 Campagne sp\u00e9ciale de pri\u00e8re pour l\u2019Eglise \u2013 La Vid\u00e9o du Pape \u2013 Octobre 2018<\/h3><\/div><div class=\"video-item year-2018\" data-year=\"2018\" data-post-id=\"96683\"><a href=\"https:\/\/www.youtube.com\/watch?v=RYDE4ICiNb8\" class=\"tpv-lightbox-trigger\" data-video-id=\"\"><img decoding=\"async\" src=\"https:\/\/img.youtube.com\/vi\/RYDE4ICiNb8\/hqdefault.jpg\" class=\"stream-thumb\" loading=\"lazy\" alt=\"La mission des consacr\u00e9s \u2013 La Vid\u00e9o du Pape 10 \u2013 Octobre 2018\"><div class=\"stream-overlay\"><\/div><\/a><h3 class=\"video-title\">La mission des consacr\u00e9s \u2013 La Vid\u00e9o du Pape 10 \u2013 Octobre 2018<\/h3><\/div><div class=\"video-item year-2018\" data-year=\"2018\" data-post-id=\"96678\"><a href=\"https:\/\/www.youtube.com\/watch?v=EI1Ufb6d4Kc\" class=\"tpv-lightbox-trigger\" data-video-id=\"\"><img decoding=\"async\" src=\"https:\/\/img.youtube.com\/vi\/EI1Ufb6d4Kc\/hqdefault.jpg\" class=\"stream-thumb\" loading=\"lazy\" alt=\"Au service de la paix \u2013 La Vid\u00e9o du Pape 11 \u2013 Novembre 2018\"><div class=\"stream-overlay\"><\/div><\/a><h3 class=\"video-title\">Au service de la paix \u2013 La Vid\u00e9o du Pape 11 \u2013 Novembre 2018<\/h3><\/div><div class=\"video-item year-2018\" data-year=\"2018\" data-post-id=\"96673\"><a href=\"https:\/\/www.youtube.com\/watch?v=HF2nG7WPXeQ\" class=\"tpv-lightbox-trigger\" data-video-id=\"\"><img decoding=\"async\" src=\"https:\/\/img.youtube.com\/vi\/HF2nG7WPXeQ\/hqdefault.jpg\" class=\"stream-thumb\" loading=\"lazy\" alt=\"Au service de la transmission de la foi \u2013 La Vid\u00e9o du Pape12 \u2013 D\u00e9cembre 2018\"><div class=\"stream-overlay\"><\/div><\/a><h3 class=\"video-title\">Au service de la transmission de la foi \u2013 La Vid\u00e9o du Pape12 \u2013 D\u00e9cembre 2018<\/h3><\/div><\/div><\/div><div class=\"tpv-year-section\" id=\"section-2017\"><h2 class=\"year-title\">2017<\/h2><div class=\"fila-stream\"><div class=\"video-item year-2017\" data-year=\"2017\" data-post-id=\"96793\"><a href=\"https:\/\/www.youtube.com\/watch?v=zpP9YWsBZrc\" class=\"tpv-lightbox-trigger\" data-video-id=\"\"><img decoding=\"async\" src=\"https:\/\/img.youtube.com\/vi\/zpP9YWsBZrc\/hqdefault.jpg\" class=\"stream-thumb\" loading=\"lazy\" alt=\"Les chr\u00e9tiens au service des d\u00e9fis de l\u2019humanit\u00e9 \u2013 La Vid\u00e9o du Pape \u2013 Janvier 2017\"><div class=\"stream-overlay\"><\/div><\/a><h3 class=\"video-title\">Les chr\u00e9tiens au service des d\u00e9fis de l\u2019humanit\u00e9 \u2013 La Vid\u00e9o du Pape \u2013 Janvier 2017<\/h3><\/div><div class=\"video-item year-2017\" data-year=\"2017\" data-post-id=\"96788\"><a href=\"https:\/\/www.youtube.com\/watch?v=wosdZtPxZZo\" class=\"tpv-lightbox-trigger\" data-video-id=\"\"><img decoding=\"async\" src=\"https:\/\/img.youtube.com\/vi\/wosdZtPxZZo\/hqdefault.jpg\" class=\"stream-thumb\" loading=\"lazy\" alt=\"Accueillir les personnes en situation difficile - La Vid\u00e9o du Pape - F\u00e9vrier 2017\"><div class=\"stream-overlay\"><\/div><\/a><h3 class=\"video-title\">Accueillir les personnes en situation difficile - La Vid\u00e9o du Pape - F\u00e9vrier 2017<\/h3><\/div><div class=\"video-item year-2017\" data-year=\"2017\" data-post-id=\"96783\"><a href=\"https:\/\/www.youtube.com\/watch?v=dKEKVPLrDN8\" class=\"tpv-lightbox-trigger\" data-video-id=\"\"><img decoding=\"async\" src=\"https:\/\/img.youtube.com\/vi\/dKEKVPLrDN8\/hqdefault.jpg\" class=\"stream-thumb\" loading=\"lazy\" alt=\"Aider les chr\u00e9tiens pers\u00e9cut\u00e9s - La vid\u00e9o du Pape - Mars 2017\"><div class=\"stream-overlay\"><\/div><\/a><h3 class=\"video-title\">Aider les chr\u00e9tiens pers\u00e9cut\u00e9s - La vid\u00e9o du Pape - Mars 2017<\/h3><\/div><div class=\"video-item year-2017\" data-year=\"2017\" data-post-id=\"96778\"><a href=\"https:\/\/www.youtube.com\/watch?v=XzHhzCPH0YQ\" class=\"tpv-lightbox-trigger\" data-video-id=\"\"><img decoding=\"async\" src=\"https:\/\/img.youtube.com\/vi\/XzHhzCPH0YQ\/hqdefault.jpg\" class=\"stream-thumb\" loading=\"lazy\" alt=\"Les jeunes - La Vid\u00e9o du Pape - Avril 2017\"><div class=\"stream-overlay\"><\/div><\/a><h3 class=\"video-title\">Les jeunes - La Vid\u00e9o du Pape - Avril 2017<\/h3><\/div><div class=\"video-item year-2017\" data-year=\"2017\" data-post-id=\"96773\"><a href=\"https:\/\/www.youtube.com\/watch?v=EHgE9vE1Dqw\" class=\"tpv-lightbox-trigger\" data-video-id=\"\"><img decoding=\"async\" src=\"https:\/\/img.youtube.com\/vi\/EHgE9vE1Dqw\/hqdefault.jpg\" class=\"stream-thumb\" loading=\"lazy\" alt=\"Chr\u00e9tiens d\u2019Afrique, t\u00e9moins de paix - La Vid\u00e9o du Pape - Mai 2017\"><div class=\"stream-overlay\"><\/div><\/a><h3 class=\"video-title\">Chr\u00e9tiens d\u2019Afrique, t\u00e9moins de paix - La Vid\u00e9o du Pape - Mai 2017<\/h3><\/div><div class=\"video-item year-2017\" data-year=\"2017\" data-post-id=\"96768\"><a href=\"https:\/\/www.youtube.com\/watch?v=NUSL6SPx8c4\" class=\"tpv-lightbox-trigger\" data-video-id=\"\"><img decoding=\"async\" src=\"https:\/\/img.youtube.com\/vi\/NUSL6SPx8c4\/hqdefault.jpg\" class=\"stream-thumb\" loading=\"lazy\" alt=\"Abolir le commerce des armes - La Vid\u00e9o du Pape - Juin 2017\"><div class=\"stream-overlay\"><\/div><\/a><h3 class=\"video-title\">Abolir le commerce des armes - La Vid\u00e9o du Pape - Juin 2017<\/h3><\/div><div class=\"video-item year-2017\" data-year=\"2017\" data-post-id=\"96763\"><a href=\"https:\/\/www.youtube.com\/watch?v=R_Wgglmokr4\" class=\"tpv-lightbox-trigger\" data-video-id=\"\"><img decoding=\"async\" src=\"https:\/\/img.youtube.com\/vi\/R_Wgglmokr4\/hqdefault.jpg\" class=\"stream-thumb\" loading=\"lazy\" alt=\"Les personnes \u00e9loign\u00e9es de la foi chr\u00e9tienne \u2013 La Vid\u00e9o du Pape \u2013 Juillet 2017\"><div class=\"stream-overlay\"><\/div><\/a><h3 class=\"video-title\">Les personnes \u00e9loign\u00e9es de la foi chr\u00e9tienne \u2013 La Vid\u00e9o du Pape \u2013 Juillet 2017<\/h3><\/div><div class=\"video-item year-2017\" data-year=\"2017\" data-post-id=\"96758\"><a href=\"https:\/\/www.youtube.com\/watch?v=uMb84AgFXy8\" class=\"tpv-lightbox-trigger\" data-video-id=\"\"><img decoding=\"async\" src=\"https:\/\/img.youtube.com\/vi\/uMb84AgFXy8\/hqdefault.jpg\" class=\"stream-thumb\" loading=\"lazy\" alt=\"Pour les artistes - La Vid\u00e9o du Pape - Ao\u00fbt 2017\"><div class=\"stream-overlay\"><\/div><\/a><h3 class=\"video-title\">Pour les artistes - La Vid\u00e9o du Pape - Ao\u00fbt 2017<\/h3><\/div><div class=\"video-item year-2017\" data-year=\"2017\" data-post-id=\"96753\"><a href=\"https:\/\/www.youtube.com\/watch?v=hnJe2fjqdw0\" class=\"tpv-lightbox-trigger\" data-video-id=\"\"><img decoding=\"async\" src=\"https:\/\/img.youtube.com\/vi\/hnJe2fjqdw0\/hqdefault.jpg\" class=\"stream-thumb\" loading=\"lazy\" alt=\"Les paroisses au service de la mission - La Vid\u00e9o du Pape - Septembre 2017\"><div class=\"stream-overlay\"><\/div><\/a><h3 class=\"video-title\">Les paroisses au service de la mission - La Vid\u00e9o du Pape - Septembre 2017<\/h3><\/div><div class=\"video-item year-2017\" data-year=\"2017\" data-post-id=\"96748\"><a href=\"https:\/\/www.youtube.com\/watch?v=YElXFlujNqk\" class=\"tpv-lightbox-trigger\" data-video-id=\"\"><img decoding=\"async\" src=\"https:\/\/img.youtube.com\/vi\/YElXFlujNqk\/hqdefault.jpg\" class=\"stream-thumb\" loading=\"lazy\" alt=\"Les droits des travailleurs et des ch\u00f4meurs - La Video du Pape - Octobre 2017\"><div class=\"stream-overlay\"><\/div><\/a><h3 class=\"video-title\">Les droits des travailleurs et des ch\u00f4meurs - La Video du Pape - Octobre 2017<\/h3><\/div><div class=\"video-item year-2017\" data-year=\"2017\" data-post-id=\"96743\"><a href=\"https:\/\/www.youtube.com\/watch?v=BaafbpEBB4w\" class=\"tpv-lightbox-trigger\" data-video-id=\"\"><img decoding=\"async\" src=\"https:\/\/img.youtube.com\/vi\/BaafbpEBB4w\/hqdefault.jpg\" class=\"stream-thumb\" loading=\"lazy\" alt=\"T\u00e9moigner de l\u2019\u00c9vangile en Asie - La Video du Pape \u2013 Novembre 2017\"><div class=\"stream-overlay\"><\/div><\/a><h3 class=\"video-title\">T\u00e9moigner de l\u2019\u00c9vangile en Asie - La Video du Pape \u2013 Novembre 2017<\/h3><\/div><div class=\"video-item year-2017\" data-year=\"2017\" data-post-id=\"96738\"><a href=\"https:\/\/www.youtube.com\/watch?v=CoiAyQorgks\" class=\"tpv-lightbox-trigger\" data-video-id=\"\"><img decoding=\"async\" src=\"https:\/\/img.youtube.com\/vi\/CoiAyQorgks\/hqdefault.jpg\" class=\"stream-thumb\" loading=\"lazy\" alt=\"Pour les personnes \u00e2g\u00e9es - La Video du Pape - D\u00e9cembre 2017\"><div class=\"stream-overlay\"><\/div><\/a><h3 class=\"video-title\">Pour les personnes \u00e2g\u00e9es - La Video du Pape - D\u00e9cembre 2017<\/h3><\/div><\/div><\/div><div class=\"tpv-year-section\" id=\"section-2016\"><h2 class=\"year-title\">2016<\/h2><div class=\"fila-stream\"><div class=\"video-item year-2016\" data-year=\"2016\" data-post-id=\"96798\"><a href=\"https:\/\/www.youtube.com\/watch?v=IrLIRqYP4js\" class=\"tpv-lightbox-trigger\" data-video-id=\"\"><img decoding=\"async\" src=\"https:\/\/img.youtube.com\/vi\/IrLIRqYP4js\/hqdefault.jpg\" class=\"stream-thumb\" loading=\"lazy\" alt=\"La Video du Pape - Le dialogue interreligieux - Janvier 2016\"><div class=\"stream-overlay\"><\/div><\/a><h3 class=\"video-title\">La Video du Pape - Le dialogue interreligieux - Janvier 2016<\/h3><\/div><div class=\"video-item year-2016\" data-year=\"2016\" data-post-id=\"96849\"><a href=\"https:\/\/www.youtube.com\/watch?v=3xv9if9a7jw\" class=\"tpv-lightbox-trigger\" data-video-id=\"\"><img decoding=\"async\" src=\"https:\/\/img.youtube.com\/vi\/3xv9if9a7jw\/hqdefault.jpg\" class=\"stream-thumb\" loading=\"lazy\" alt=\"Pour les enfants et les familles en difficult\u00e9 \u2013 La Vid\u00e9o du Pape \u2013 Mars 2016\"><div class=\"stream-overlay\"><\/div><\/a><h3 class=\"video-title\">Pour les enfants et les familles en difficult\u00e9 \u2013 La Vid\u00e9o du Pape \u2013 Mars 2016<\/h3><\/div><div class=\"video-item year-2016\" data-year=\"2016\" data-post-id=\"96844\"><a href=\"https:\/\/www.youtube.com\/watch?v=JM7qpW1G2SA\" class=\"tpv-lightbox-trigger\" data-video-id=\"\"><img decoding=\"async\" src=\"https:\/\/img.youtube.com\/vi\/JM7qpW1G2SA\/hqdefault.jpg\" class=\"stream-thumb\" loading=\"lazy\" alt=\"Petits exploitants agricoles \u2013 La Vid\u00e9o du Pape \u2013 Avril 2016\"><div class=\"stream-overlay\"><\/div><\/a><h3 class=\"video-title\">Petits exploitants agricoles \u2013 La Vid\u00e9o du Pape \u2013 Avril 2016<\/h3><\/div><div class=\"video-item year-2016\" data-year=\"2016\" data-post-id=\"96839\"><a href=\"https:\/\/www.youtube.com\/watch?v=HIZ7k6-75oQ\" class=\"tpv-lightbox-trigger\" data-video-id=\"\"><img decoding=\"async\" src=\"https:\/\/img.youtube.com\/vi\/HIZ7k6-75oQ\/hqdefault.jpg\" class=\"stream-thumb\" loading=\"lazy\" alt=\"Les femmes dans la soci\u00e9t\u00e9 \u2013 La Vid\u00e9o du Pape \u2013 Mai 2016\"><div class=\"stream-overlay\"><\/div><\/a><h3 class=\"video-title\">Les femmes dans la soci\u00e9t\u00e9 \u2013 La Vid\u00e9o du Pape \u2013 Mai 2016<\/h3><\/div><div class=\"video-item year-2016\" data-year=\"2016\" data-post-id=\"96834\"><a href=\"https:\/\/www.youtube.com\/watch?v=-uKk3jOh8RQ\" class=\"tpv-lightbox-trigger\" data-video-id=\"\"><img decoding=\"async\" src=\"https:\/\/img.youtube.com\/vi\/-uKk3jOh8RQ\/hqdefault.jpg\" class=\"stream-thumb\" loading=\"lazy\" alt=\"Solidarit\u00e9 dans les villes - La Video du Pape - Juin 2016\"><div class=\"stream-overlay\"><\/div><\/a><h3 class=\"video-title\">Solidarit\u00e9 dans les villes - La Video du Pape - Juin 2016<\/h3><\/div><div class=\"video-item year-2016\" data-year=\"2016\" data-post-id=\"96829\"><a href=\"https:\/\/www.youtube.com\/watch?v=osaGflPrkuo\" class=\"tpv-lightbox-trigger\" data-video-id=\"\"><img decoding=\"async\" src=\"https:\/\/img.youtube.com\/vi\/osaGflPrkuo\/hqdefault.jpg\" class=\"stream-thumb\" loading=\"lazy\" alt=\"Respect des peuples indig\u00e8nes \u2013 La Vid\u00e9o du Pape - Juillet 2016\"><div class=\"stream-overlay\"><\/div><\/a><h3 class=\"video-title\">Respect des peuples indig\u00e8nes \u2013 La Vid\u00e9o du Pape - Juillet 2016<\/h3><\/div><div class=\"video-item year-2016\" data-year=\"2016\" data-post-id=\"96824\"><a href=\"https:\/\/www.youtube.com\/watch?v=5Y6hKhN5cOU\" class=\"tpv-lightbox-trigger\" data-video-id=\"\"><img decoding=\"async\" src=\"https:\/\/img.youtube.com\/vi\/5Y6hKhN5cOU\/hqdefault.jpg\" class=\"stream-thumb\" loading=\"lazy\" alt=\"Sport, pour une culture de la rencontre - La Vid\u00e9o du Pape - Ao\u00fbt 2016\"><div class=\"stream-overlay\"><\/div><\/a><h3 class=\"video-title\">Sport, pour une culture de la rencontre - La Vid\u00e9o du Pape - Ao\u00fbt 2016<\/h3><\/div><div class=\"video-item year-2016\" data-year=\"2016\" data-post-id=\"96819\"><a href=\"https:\/\/www.youtube.com\/watch?v=0SbjRwgSARE\" class=\"tpv-lightbox-trigger\" data-video-id=\"\"><img decoding=\"async\" src=\"https:\/\/img.youtube.com\/vi\/0SbjRwgSARE\/hqdefault.jpg\" class=\"stream-thumb\" loading=\"lazy\" alt=\"Pour une soci\u00e9t\u00e9 plus humaine - La Vid\u00e9o du Pape - Septembre 2016\"><div class=\"stream-overlay\"><\/div><\/a><h3 class=\"video-title\">Pour une soci\u00e9t\u00e9 plus humaine - La Vid\u00e9o du Pape - Septembre 2016<\/h3><\/div><div class=\"video-item year-2016\" data-year=\"2016\" data-post-id=\"96814\"><a href=\"https:\/\/www.youtube.com\/watch?v=kb5DLlk9CV4\" class=\"tpv-lightbox-trigger\" data-video-id=\"\"><img decoding=\"async\" src=\"https:\/\/img.youtube.com\/vi\/kb5DLlk9CV4\/hqdefault.jpg\" class=\"stream-thumb\" loading=\"lazy\" alt=\"Journalistes - La Vid\u00e9o du Pape - Octobre 2016\"><div class=\"stream-overlay\"><\/div><\/a><h3 class=\"video-title\">Journalistes - La Vid\u00e9o du Pape - Octobre 2016<\/h3><\/div><div class=\"video-item year-2016\" data-year=\"2016\" data-post-id=\"96808\"><a href=\"https:\/\/www.youtube.com\/watch?v=4LvggWJvOUw\" class=\"tpv-lightbox-trigger\" data-video-id=\"\"><img decoding=\"async\" src=\"https:\/\/img.youtube.com\/vi\/4LvggWJvOUw\/hqdefault.jpg\" class=\"stream-thumb\" loading=\"lazy\" alt=\"Pays accueillant des r\u00e9fugi\u00e9s \u2013 La Vid\u00e9o du Pape \u2013 Novembre 2016\"><div class=\"stream-overlay\"><\/div><\/a><h3 class=\"video-title\">Pays accueillant des r\u00e9fugi\u00e9s \u2013 La Vid\u00e9o du Pape \u2013 Novembre 2016<\/h3><\/div><div class=\"video-item year-2016\" data-year=\"2016\" data-post-id=\"96803\"><a href=\"https:\/\/www.youtube.com\/watch?v=I2wpFYUYMyg\" class=\"tpv-lightbox-trigger\" data-video-id=\"\"><img decoding=\"async\" src=\"https:\/\/img.youtube.com\/vi\/I2wpFYUYMyg\/hqdefault.jpg\" class=\"stream-thumb\" loading=\"lazy\" alt=\"Enfants soldats - La Vid\u00e9o du Pape - D\u00e9cembre 2016\"><div class=\"stream-overlay\"><\/div><\/a><h3 class=\"video-title\">Enfants soldats - La Vid\u00e9o du Pape - D\u00e9cembre 2016<\/h3><\/div><\/div><\/div>[\/et_pb_code][et_pb_divider show_divider=\"off\" _builder_version=\"4.27.6&Prime; _module_preset=\"default\" global_colors_info=\"{}\"][\/et_pb_divider][\/et_pb_column][\/et_pb_row][\/et_pb_section]<\/p>\n","protected":false},"excerpt":{"rendered":"<p>[et_pb_section fb_built=\"1&Prime; _builder_version=\"4.27.6&Prime; _module_preset=\"default\" background_enable_color=\"off\" use_background_color_gradient=\"on\" background_color_gradient_stops=\"#264653 0%|rgba(29,54,68,0.7) 25%|rgba(13,27,42,0.7) 75%|#071121 100%\" background_image=\"https:\/\/www.popesprayer.va\/wp-content\/uploads\/2025\/06\/sjdigital_Photo_of_St_Peters_Basilica._The_sky_has_some_clouds._93180f9f-2271-445f-90c5-8daa6d5bcf44-en-tamano-grande.jpeg\" background_blend=\"overlay\" custom_padding=\"12vw||12vw||true|false\" top_divider_style=\"ramp\" top_divider_color=\"#F4A261&Prime; bottom_divider_style=\"ramp\" bottom_divider_color=\"#071121&Prime; bottom_divider_flip=\"horizontal\" da_disable_devices=\"off|off|off\" global_colors_info=\"{}\" da_is_popup=\"off\" da_exit_intent=\"off\" da_has_close=\"on\" da_alt_close=\"off\" da_dark_close=\"off\" da_not_modal=\"on\" da_is_singular=\"off\" da_with_loader=\"off\" da_has_shadow=\"on\"][et_pb_row column_structure=\"3_5,2_5&Prime; _builder_version=\"4.27.4&Prime; _module_preset=\"ddbed135-e034-4aab-8f52-69def1d8301e\" global_colors_info=\"{}\"][et_pb_column type=\"3_5&Prime; _builder_version=\"4.27.4&Prime; _module_preset=\"default\" global_colors_info=\"{}\"][et_pb_text admin_label=\"Text\" _builder_version=\"4.27.6&Prime; _module_preset=\"default\" header_text_color=\"#E9C46A\" header_font_size=\"3rem\" header_2_font=\"|700|||||||\" header_2_text_color=\"#E9C46A\" header_2_font_size=\"4rem\" global_colors_info=\"{}\"] La Vid\u00e9o du Pape [\/et_pb_text][et_pb_text _builder_version=\"4.27.6&Prime; _module_preset=\"default\" text_text_color=\"#FFFFFF\" [&hellip;]<\/p>\n","protected":false},"author":2,"featured_media":0,"parent":0,"menu_order":0,"comment_status":"closed","ping_status":"closed","template":"","meta":{"_acf_changed":false,"_et_pb_use_builder":"on","_et_pb_old_content":"","_et_gb_content_width":"","footnotes":""},"class_list":["post-96541","page","type-page","status-publish","hentry"],"acf":[],"yoast_head":"<!-- This site is optimized with the Yoast SEO plugin v27.4 - https:\/\/yoast.com\/product\/yoast-seo-wordpress\/ -->\n<title>La vid\u00e9o du pape - Archive - R\u00e9seau Mondial de Pri\u00e8re du Pape<\/title>\n<meta name=\"robots\" content=\"index, follow, max-snippet:-1, max-image-preview:large, max-video-preview:-1\" \/>\n<link rel=\"canonical\" href=\"https:\/\/www.popesprayer.va\/fr\/la-video-du-pape-archive\/\" \/>\n<meta property=\"og:locale\" content=\"fr_FR\" \/>\n<meta property=\"og:type\" content=\"article\" \/>\n<meta property=\"og:title\" content=\"La vid\u00e9o du pape - Archive - R\u00e9seau Mondial de Pri\u00e8re du Pape\" \/>\n<meta property=\"og:description\" content=\"[et_pb_section fb_built=&quot;1&Prime; _builder_version=&quot;4.27.6&Prime; _module_preset=&quot;default&quot; background_enable_color=&quot;off&quot; use_background_color_gradient=&quot;on&quot; background_color_gradient_stops=&quot;#264653 0%|rgba(29,54,68,0.7) 25%|rgba(13,27,42,0.7) 75%|#071121 100%&quot; background_image=&quot;https:\/\/www.popesprayer.va\/wp-content\/uploads\/2025\/06\/sjdigital_Photo_of_St_Peters_Basilica._The_sky_has_some_clouds._93180f9f-2271-445f-90c5-8daa6d5bcf44-en-tamano-grande.jpeg&quot; background_blend=&quot;overlay&quot; custom_padding=&quot;12vw||12vw||true|false&quot; top_divider_style=&quot;ramp&quot; top_divider_color=&quot;#F4A261&Prime; bottom_divider_style=&quot;ramp&quot; bottom_divider_color=&quot;#071121&Prime; bottom_divider_flip=&quot;horizontal&quot; da_disable_devices=&quot;off|off|off&quot; global_colors_info=&quot;{}&quot; da_is_popup=&quot;off&quot; da_exit_intent=&quot;off&quot; da_has_close=&quot;on&quot; da_alt_close=&quot;off&quot; da_dark_close=&quot;off&quot; da_not_modal=&quot;on&quot; da_is_singular=&quot;off&quot; da_with_loader=&quot;off&quot; da_has_shadow=&quot;on&quot;][et_pb_row column_structure=&quot;3_5,2_5&Prime; _builder_version=&quot;4.27.4&Prime; _module_preset=&quot;ddbed135-e034-4aab-8f52-69def1d8301e&quot; global_colors_info=&quot;{}&quot;][et_pb_column type=&quot;3_5&Prime; _builder_version=&quot;4.27.4&Prime; _module_preset=&quot;default&quot; global_colors_info=&quot;{}&quot;][et_pb_text admin_label=&quot;Text&quot; _builder_version=&quot;4.27.6&Prime; _module_preset=&quot;default&quot; header_text_color=&quot;#E9C46A&quot; header_font_size=&quot;3rem&quot; header_2_font=&quot;|700|||||||&quot; header_2_text_color=&quot;#E9C46A&quot; header_2_font_size=&quot;4rem&quot; global_colors_info=&quot;{}&quot;] La Vid\u00e9o du Pape [\/et_pb_text][et_pb_text _builder_version=&quot;4.27.6&Prime; _module_preset=&quot;default&quot; text_text_color=&quot;#FFFFFF&quot; [&hellip;]\" \/>\n<meta property=\"og:url\" content=\"https:\/\/www.popesprayer.va\/fr\/la-video-du-pape-archive\/\" \/>\n<meta property=\"og:site_name\" content=\"R\u00e9seau Mondial de Pri\u00e8re du Pape\" \/>\n<meta property=\"article:modified_time\" content=\"2026-04-24T16:47:36+00:00\" \/>\n<meta name=\"twitter:card\" content=\"summary_large_image\" \/>\n<meta name=\"twitter:label1\" content=\"Dur\u00e9e de lecture estim\u00e9e\" \/>\n\t<meta name=\"twitter:data1\" content=\"4 minutes\" \/>\n<script type=\"application\/ld+json\" class=\"yoast-schema-graph\">{\"@context\":\"https:\\\/\\\/schema.org\",\"@graph\":[{\"@type\":\"WebPage\",\"@id\":\"https:\\\/\\\/www.popesprayer.va\\\/fr\\\/la-video-du-pape-archive\\\/\",\"url\":\"https:\\\/\\\/www.popesprayer.va\\\/fr\\\/la-video-du-pape-archive\\\/\",\"name\":\"La vid\u00e9o du pape - Archive - R\u00e9seau Mondial de Pri\u00e8re du Pape\",\"isPartOf\":{\"@id\":\"https:\\\/\\\/www.popesprayer.va\\\/fr\\\/#website\"},\"datePublished\":\"2026-04-22T15:01:05+00:00\",\"dateModified\":\"2026-04-24T16:47:36+00:00\",\"breadcrumb\":{\"@id\":\"https:\\\/\\\/www.popesprayer.va\\\/fr\\\/la-video-du-pape-archive\\\/#breadcrumb\"},\"inLanguage\":\"fr-FR\",\"potentialAction\":[{\"@type\":\"ReadAction\",\"target\":[\"https:\\\/\\\/www.popesprayer.va\\\/fr\\\/la-video-du-pape-archive\\\/\"]}]},{\"@type\":\"BreadcrumbList\",\"@id\":\"https:\\\/\\\/www.popesprayer.va\\\/fr\\\/la-video-du-pape-archive\\\/#breadcrumb\",\"itemListElement\":[{\"@type\":\"ListItem\",\"position\":1,\"name\":\"Accueil\",\"item\":\"https:\\\/\\\/www.popesprayer.va\\\/fr\\\/\"},{\"@type\":\"ListItem\",\"position\":2,\"name\":\"La vid\u00e9o du pape - Archive\"}]},{\"@type\":\"WebSite\",\"@id\":\"https:\\\/\\\/www.popesprayer.va\\\/fr\\\/#website\",\"url\":\"https:\\\/\\\/www.popesprayer.va\\\/fr\\\/\",\"name\":\"Pope's Worldwide Prayer Network\",\"description\":\"Pray together, change the world\",\"publisher\":{\"@id\":\"https:\\\/\\\/www.popesprayer.va\\\/fr\\\/#organization\"},\"potentialAction\":[{\"@type\":\"SearchAction\",\"target\":{\"@type\":\"EntryPoint\",\"urlTemplate\":\"https:\\\/\\\/www.popesprayer.va\\\/fr\\\/?s={search_term_string}\"},\"query-input\":{\"@type\":\"PropertyValueSpecification\",\"valueRequired\":true,\"valueName\":\"search_term_string\"}}],\"inLanguage\":\"fr-FR\"},{\"@type\":\"Organization\",\"@id\":\"https:\\\/\\\/www.popesprayer.va\\\/fr\\\/#organization\",\"name\":\"R\u00e9seau mondial de pri\u00e8re du pape\",\"url\":\"https:\\\/\\\/www.popesprayer.va\\\/fr\\\/\",\"logo\":{\"@type\":\"ImageObject\",\"inLanguage\":\"fr-FR\",\"@id\":\"https:\\\/\\\/www.popesprayer.va\\\/fr\\\/#\\\/schema\\\/logo\\\/image\\\/\",\"url\":\"https:\\\/\\\/www.popesprayer.va\\\/wp-content\\\/uploads\\\/2025\\\/01\\\/Logo-Popes-Worldwide-Prayer-Network-Pontifical-Work-EN-Horizontal.png\",\"contentUrl\":\"https:\\\/\\\/www.popesprayer.va\\\/wp-content\\\/uploads\\\/2025\\\/01\\\/Logo-Popes-Worldwide-Prayer-Network-Pontifical-Work-EN-Horizontal.png\",\"width\":1328,\"height\":228,\"caption\":\"R\u00e9seau mondial de pri\u00e8re du pape\"},\"image\":{\"@id\":\"https:\\\/\\\/www.popesprayer.va\\\/fr\\\/#\\\/schema\\\/logo\\\/image\\\/\"}}]}<\/script>\n<!-- \/ Yoast SEO plugin. -->","yoast_head_json":{"title":"La vid\u00e9o du pape - Archive - R\u00e9seau Mondial de Pri\u00e8re du Pape","robots":{"index":"index","follow":"follow","max-snippet":"max-snippet:-1","max-image-preview":"max-image-preview:large","max-video-preview":"max-video-preview:-1"},"canonical":"https:\/\/www.popesprayer.va\/fr\/la-video-du-pape-archive\/","og_locale":"fr_FR","og_type":"article","og_title":"La vid\u00e9o du pape - Archive - R\u00e9seau Mondial de Pri\u00e8re du Pape","og_description":"[et_pb_section fb_built=\"1&Prime; _builder_version=\"4.27.6&Prime; _module_preset=\"default\" background_enable_color=\"off\" use_background_color_gradient=\"on\" background_color_gradient_stops=\"#264653 0%|rgba(29,54,68,0.7) 25%|rgba(13,27,42,0.7) 75%|#071121 100%\" background_image=\"https:\/\/www.popesprayer.va\/wp-content\/uploads\/2025\/06\/sjdigital_Photo_of_St_Peters_Basilica._The_sky_has_some_clouds._93180f9f-2271-445f-90c5-8daa6d5bcf44-en-tamano-grande.jpeg\" background_blend=\"overlay\" custom_padding=\"12vw||12vw||true|false\" top_divider_style=\"ramp\" top_divider_color=\"#F4A261&Prime; bottom_divider_style=\"ramp\" bottom_divider_color=\"#071121&Prime; bottom_divider_flip=\"horizontal\" da_disable_devices=\"off|off|off\" global_colors_info=\"{}\" da_is_popup=\"off\" da_exit_intent=\"off\" da_has_close=\"on\" da_alt_close=\"off\" da_dark_close=\"off\" da_not_modal=\"on\" da_is_singular=\"off\" da_with_loader=\"off\" da_has_shadow=\"on\"][et_pb_row column_structure=\"3_5,2_5&Prime; _builder_version=\"4.27.4&Prime; _module_preset=\"ddbed135-e034-4aab-8f52-69def1d8301e\" global_colors_info=\"{}\"][et_pb_column type=\"3_5&Prime; _builder_version=\"4.27.4&Prime; _module_preset=\"default\" global_colors_info=\"{}\"][et_pb_text admin_label=\"Text\" _builder_version=\"4.27.6&Prime; _module_preset=\"default\" header_text_color=\"#E9C46A\" header_font_size=\"3rem\" header_2_font=\"|700|||||||\" header_2_text_color=\"#E9C46A\" header_2_font_size=\"4rem\" global_colors_info=\"{}\"] La Vid\u00e9o du Pape [\/et_pb_text][et_pb_text _builder_version=\"4.27.6&Prime; _module_preset=\"default\" text_text_color=\"#FFFFFF\" [&hellip;]","og_url":"https:\/\/www.popesprayer.va\/fr\/la-video-du-pape-archive\/","og_site_name":"R\u00e9seau Mondial de Pri\u00e8re du Pape","article_modified_time":"2026-04-24T16:47:36+00:00","twitter_card":"summary_large_image","twitter_misc":{"Dur\u00e9e de lecture estim\u00e9e":"4 minutes"},"schema":{"@context":"https:\/\/schema.org","@graph":[{"@type":"WebPage","@id":"https:\/\/www.popesprayer.va\/fr\/la-video-du-pape-archive\/","url":"https:\/\/www.popesprayer.va\/fr\/la-video-du-pape-archive\/","name":"La vid\u00e9o du pape - Archive - R\u00e9seau Mondial de Pri\u00e8re du Pape","isPartOf":{"@id":"https:\/\/www.popesprayer.va\/fr\/#website"},"datePublished":"2026-04-22T15:01:05+00:00","dateModified":"2026-04-24T16:47:36+00:00","breadcrumb":{"@id":"https:\/\/www.popesprayer.va\/fr\/la-video-du-pape-archive\/#breadcrumb"},"inLanguage":"fr-FR","potentialAction":[{"@type":"ReadAction","target":["https:\/\/www.popesprayer.va\/fr\/la-video-du-pape-archive\/"]}]},{"@type":"BreadcrumbList","@id":"https:\/\/www.popesprayer.va\/fr\/la-video-du-pape-archive\/#breadcrumb","itemListElement":[{"@type":"ListItem","position":1,"name":"Accueil","item":"https:\/\/www.popesprayer.va\/fr\/"},{"@type":"ListItem","position":2,"name":"La vid\u00e9o du pape - Archive"}]},{"@type":"WebSite","@id":"https:\/\/www.popesprayer.va\/fr\/#website","url":"https:\/\/www.popesprayer.va\/fr\/","name":"Pope's Worldwide Prayer Network","description":"Pray together, change the world","publisher":{"@id":"https:\/\/www.popesprayer.va\/fr\/#organization"},"potentialAction":[{"@type":"SearchAction","target":{"@type":"EntryPoint","urlTemplate":"https:\/\/www.popesprayer.va\/fr\/?s={search_term_string}"},"query-input":{"@type":"PropertyValueSpecification","valueRequired":true,"valueName":"search_term_string"}}],"inLanguage":"fr-FR"},{"@type":"Organization","@id":"https:\/\/www.popesprayer.va\/fr\/#organization","name":"R\u00e9seau mondial de pri\u00e8re du pape","url":"https:\/\/www.popesprayer.va\/fr\/","logo":{"@type":"ImageObject","inLanguage":"fr-FR","@id":"https:\/\/www.popesprayer.va\/fr\/#\/schema\/logo\/image\/","url":"https:\/\/www.popesprayer.va\/wp-content\/uploads\/2025\/01\/Logo-Popes-Worldwide-Prayer-Network-Pontifical-Work-EN-Horizontal.png","contentUrl":"https:\/\/www.popesprayer.va\/wp-content\/uploads\/2025\/01\/Logo-Popes-Worldwide-Prayer-Network-Pontifical-Work-EN-Horizontal.png","width":1328,"height":228,"caption":"R\u00e9seau mondial de pri\u00e8re du pape"},"image":{"@id":"https:\/\/www.popesprayer.va\/fr\/#\/schema\/logo\/image\/"}}]}},"_links":{"self":[{"href":"https:\/\/www.popesprayer.va\/fr\/wp-json\/wp\/v2\/pages\/96541","targetHints":{"allow":["GET"]}}],"collection":[{"href":"https:\/\/www.popesprayer.va\/fr\/wp-json\/wp\/v2\/pages"}],"about":[{"href":"https:\/\/www.popesprayer.va\/fr\/wp-json\/wp\/v2\/types\/page"}],"author":[{"embeddable":true,"href":"https:\/\/www.popesprayer.va\/fr\/wp-json\/wp\/v2\/users\/2"}],"replies":[{"embeddable":true,"href":"https:\/\/www.popesprayer.va\/fr\/wp-json\/wp\/v2\/comments?post=96541"}],"version-history":[{"count":31,"href":"https:\/\/www.popesprayer.va\/fr\/wp-json\/wp\/v2\/pages\/96541\/revisions"}],"predecessor-version":[{"id":96861,"href":"https:\/\/www.popesprayer.va\/fr\/wp-json\/wp\/v2\/pages\/96541\/revisions\/96861"}],"wp:attachment":[{"href":"https:\/\/www.popesprayer.va\/fr\/wp-json\/wp\/v2\/media?parent=96541"}],"curies":[{"name":"wp","href":"https:\/\/api.w.org\/{rel}","templated":true}]}}