{"id":84550,"date":"2025-06-08T07:04:56","date_gmt":"2025-06-08T05:04:56","guid":{"rendered":"https:\/\/www.popesprayer.va\/partecipa\/"},"modified":"2026-07-06T10:16:50","modified_gmt":"2026-07-06T08:16:50","slug":"partecipa","status":"publish","type":"page","link":"https:\/\/www.popesprayer.va\/it\/partecipa\/","title":{"rendered":"Partecipa"},"content":{"rendered":"<div class=\"et_pb_section_0 et_pb_section et_section_regular et_block_section section_has_divider et_pb_top_divider et_pb_bottom_divider\"><div class=\"et_pb_top_inside_divider et-no-transition\"><\/div>\n<div class=\"et_pb_row_0 et_pb_row et_block_row preset--module--divi-row--default\">\n<div class=\"et_pb_column_0 et_pb_column et_pb_column_3_5 et_block_column et_pb_css_mix_blend_mode_passthrough\">\n<div class=\"et_pb_text_0 et_pb_text et_pb_bg_layout_light et_animated et_pb_module et_block_module\"><div class=\"et_pb_text_inner\"><h1>Unisciti a noi<\/h1>\n<h2>La Rete Mondiale di Preghiera del Papa<\/h2>\n<\/div><\/div>\n\n<div class=\"et_pb_text_1 et_pb_text et_pb_bg_layout_light et_animated et_pb_module et_block_module\"><div class=\"et_pb_text_inner\"><p data-start=\"344\" data-end=\"457\">Tu, insieme a persone di ogni parte del mondo, sei invitato a entrare in questa grande famiglia di preghiera. Ci sono due modalit\u00e0 di partecipazione: <\/p>\n<p data-start=\"461\" data-end=\"509\"><a href=\"#open\"><strong data-start=\"461\" data-end=\"483\">Partecipazione aperta:<\/strong><\/a> accessibile a tutti.<\/p>\n<p data-start=\"512\" data-end=\"606\"><a href=\"#belonging\"><strong data-start=\"512\" data-end=\"539\">Partecipazione di appartenenza:<\/strong><\/a> un<span style=\"font-weight: 400;\"> impegno pi\u00f9 profondo nella spiritualit\u00e0 del Cuore di Ges\u00f9 <\/span><span style=\"font-weight: 400;\">in comunione con altri gruppi di preghiera a livello locale<\/span>.<\/p>\n<p data-start=\"608\" data-end=\"715\">Entrambe si ispirano all'Eucaristia come modello di offerta e disponibilit\u00e0, per vivere nello stile di Ges\u00f9.<\/p>\n<\/div><\/div>\n<\/div>\n\n<div class=\"et_pb_column_1 et_pb_column et_pb_column_2_5 et-last-child et_block_column et_pb_css_mix_blend_mode_passthrough\">\n<div class=\"et_pb_image_0 et_pb_image et_pb_module et_block_module\"><span class=\"et_pb_image_wrap\"><img loading=\"lazy\" decoding=\"async\" src=\"https:\/\/www.popesprayer.va\/wp-content\/uploads\/2025\/10\/Logo-Rete-Mondiale-di-Preghiera-del-Papa-Pontifical-Work-IT-Horizontal_bl.png\" width=\"1328\" height=\"228\" class=\"wp-image-85052\" alt=\"rmop_blanco\" title=\"rmop_blanco\" \/><\/span><\/div>\n<\/div>\n<\/div>\n<div class=\"et_pb_bottom_inside_divider et-no-transition\"><\/div><\/div>\n\n<div class=\"et_pb_section_1 et_pb_section et_section_regular et_block_section section_has_divider et_pb_bottom_divider\" id=\"open\">\n<div class=\"et_pb_row_1 et_pb_row et_block_row preset--module--divi-row--default\">\n<div class=\"et_pb_column_2 et_pb_column et_pb_column_1_2 et_block_column et_pb_css_mix_blend_mode_passthrough\">\n<div class=\"et_pb_text_2 et_pb_text et_pb_bg_layout_light et_animated et_pb_module et_block_module\"><div class=\"et_pb_text_inner\"><h1><strong>Partecipazione aperta<\/strong><\/h1>\n<\/div><\/div>\n\n<div class=\"et_pb_text_3 et_pb_text et_pb_bg_layout_light et_animated et_pb_module et_block_module\"><div class=\"et_pb_text_inner\"><p data-start=\"750\" data-end=\"824\">La partecipazione aperta \u00e8 rivolta a tutti coloro che desiderano unirsi alla preghiera e all\u2019azione:<\/p>\n<h3 data-start=\"826\" data-end=\"852\"><\/h3>\n<\/div><\/div>\n<\/div>\n\n<div class=\"et_pb_column_3 et_pb_column et_pb_column_1_2 et-last-child et_block_column et_pb_css_mix_blend_mode_passthrough\">\n<div class=\"et_pb_text_4 et_pb_text et_pb_bg_layout_light et_animated et_pb_module et_block_module\"><\/div>\n<\/div>\n<\/div>\n\n<div class=\"et_pb_row_2 et_pb_row et_pb_row_4col et_pb_equal_columns et_block_row et_block_row_4col preset--module--divi-row--default\">\n<div class=\"et_pb_column_4 et_pb_column et_pb_column_1_4 et_block_column et_pb_column_empty et_pb_css_mix_blend_mode_passthrough\"><\/div>\n\n<div class=\"et_pb_column_5 et_pb_column et_pb_column_1_4 et_block_column et_pb_css_mix_blend_mode_passthrough\">\n<div class=\"et_pb_blurb_0 et_pb_blurb et_pb_bg_layout_light et_pb_blurb_position_top et_animated et_pb_module et_block_module\"><div class=\"et_pb_blurb_content\"><div class=\"et_pb_main_blurb_image et_animated\"><span class=\"et_pb_image_wrap\"><span class=\"et-pb-icon\">\uf007<\/span><\/span><\/div><div class=\"et_pb_blurb_container\"><h4 class=\"et_pb_module_header\">Come individuo<\/h4><div class=\"et_pb_blurb_description\"><p>Prega per le intenzioni mensili del Papa. Un momento particolarmente significativo \u00e8 il <strong data-start=\"589\" data-end=\"618\">primo venerd\u00ec del mese<\/strong>, quando milioni di persone si uniscono per la stessa causa. <\/p>\n<\/div><\/div><\/div><\/div>\n<\/div>\n\n<div class=\"et_pb_column_6 et_pb_column et_pb_column_1_4 et_block_column et_pb_css_mix_blend_mode_passthrough\">\n<div class=\"et_pb_blurb_1 et_pb_blurb et_pb_bg_layout_light et_pb_blurb_position_top et_animated et_pb_module et_block_module\"><div class=\"et_pb_blurb_content\"><div class=\"et_pb_main_blurb_image et_animated\"><span class=\"et_pb_image_wrap\"><span class=\"et-pb-icon\">\uf0c0<\/span><\/span><\/div><div class=\"et_pb_blurb_container\"><h4 class=\"et_pb_module_header\">Come gruppo<\/h4><div class=\"et_pb_blurb_description\"><p>Parrocchie, santuari, comunit\u00e0 o movimenti possono riunirsi e dedicare il <strong data-start=\"763\" data-end=\"779\">primo venerd\u00ec del mese<\/strong> alla preghiera per le intenzioni del Papa.<\/p>\n<\/div><\/div><\/div><\/div>\n<\/div>\n\n<div class=\"et_pb_column_7 et_pb_column et_pb_column_1_4 et-last-child et_block_column et_pb_css_mix_blend_mode_passthrough\">\n<div class=\"et_pb_blurb_2 et_pb_blurb et_pb_bg_layout_light et_pb_blurb_position_top et_animated et_pb_module et_block_module\"><div class=\"et_pb_blurb_content\"><div class=\"et_pb_main_blurb_image et_animated\"><span class=\"et_pb_image_wrap\"><span class=\"et-pb-icon\">\uf7e4<\/span><\/span><\/div><div class=\"et_pb_blurb_container\"><h4 class=\"et_pb_module_header\">Con carismi diversi<\/h4><div class=\"et_pb_blurb_description\"><p>Molte congregazioni e movimenti sostengono questa missione, alcuni attraverso il <strong data-start=\"922\" data-end=\"958\">Movimento Eucaristico Giovanile (MEG)<\/strong> o gruppi dell'<strong data-start=\"976\" data-end=\"1001\">Apostolato della Preghiera<\/strong>.<\/p>\n<\/div><\/div><\/div><\/div>\n<\/div>\n<\/div>\n<div class=\"et_pb_bottom_inside_divider et-no-transition\"><\/div><\/div>\n\n<div class=\"et_pb_section_2 et_pb_section et_section_regular et_block_section\" id=\"belonging\">\n<div class=\"et_pb_row_3 et_pb_row et_block_row et_animated preset--module--divi-row--default\">\n<div class=\"et_pb_column_8 et_pb_column et_pb_column_3_5 et_block_column et_pb_css_mix_blend_mode_passthrough\">\n<div class=\"et_pb_text_5 et_pb_text et_pb_bg_layout_light et_animated et_pb_module et_block_module\"><div class=\"et_pb_text_inner\"><h2><strong>Partecipazione di appartenenza<\/strong><\/h2>\n<\/div><\/div>\n\n<div class=\"et_pb_text_6 et_pb_text et_pb_bg_layout_light et_animated et_pb_module et_block_module\"><div class=\"et_pb_text_inner\"><p><span style=\"font-weight: 400;\">Appartenere significa <strong> entrare con maggiore profondit\u00e0 nella spiritualit\u00e0 del Cuore di Ges\u00f9<\/strong>. Si esprime  <\/span><span style=\"font-weight: 400;\">vivere <\/span><span style=\"font-weight: 400;\"><em>Il Cammino del Cuore<\/em>, il percorso spirituale della Rete Mondiale di Preghiera del Papa. <\/span><span style=\"font-weight: 400;\">Questo impegno favorisce <strong>legami<\/strong> e una comunicazione diretti con la rete di preghiera attraverso gli uffici nazionali, in comunione con le Conferenze Episcopali e i vari gruppi diocesani, permettendo di <strong>condividere<\/strong> materiali, iniziative, incontri e celebrazioni per <strong>#pregareinsieme<\/strong>.<\/span><\/p>\n<h3 data-start=\"630\" data-end=\"659\"><\/h3>\n<\/div><\/div>\n<\/div>\n\n<div class=\"et_pb_column_9 et_pb_column et_pb_column_2_5 et-last-child et_block_column et_pb_column_empty et_pb_css_mix_blend_mode_passthrough\"><\/div>\n<\/div>\n\n<div class=\"et_pb_row_4 et_pb_row et_block_row preset--module--divi-row--default\">\n<div class=\"et_pb_column_10 et_pb_column et_pb_column_1_2 et_block_column et_pb_css_mix_blend_mode_passthrough\">\n<div class=\"et_pb_text_7 et_pb_text et_pb_bg_layout_light et_pb_module et_block_module\"><div class=\"et_pb_text_inner\"><h2>Appartenenza personale<\/h2>\n<p data-start=\"660\" data-end=\"738\">A livello personale, l'appartenenza comporta l'inserimento della preghiera nella tua vita quotidiana:<\/p>\n<\/div><\/div>\n<\/div>\n\n<div class=\"et_pb_column_11 et_pb_column et_pb_column_1_2 et-last-child et_block_column et_pb_css_mix_blend_mode_passthrough\">\n<div class=\"et_pb_text_8 et_pb_text et_pb_bg_layout_light et_animated et_pb_module et_block_module\"><div class=\"et_pb_text_inner\"><h3><strong data-start=\"741\" data-end=\"766\">Preghiera di offerta quotidiana<\/strong><\/h3>\n<p>Ogni mattina, offri la tua giornata per le intenzioni del Papa (e del tuo vescovo, se disponibile)<\/p>\n<\/div><\/div>\n\n<div class=\"et_pb_text_9 et_pb_text et_pb_bg_layout_light et_animated et_pb_module et_block_module\"><div class=\"et_pb_text_inner\"><h3><strong>Tre momenti di preghiera quotidiani<\/strong><\/h3>\n<p data-start=\"867\" data-end=\"970\">Durante la giornata, prenditi una pausa per ritrovarti nella presenza di Dio e nella sua missione.<\/p>\n<\/div><\/div>\n\n<div class=\"et_pb_text_10 et_pb_text et_pb_bg_layout_light et_animated et_pb_module et_block_module\"><div class=\"et_pb_text_inner\"><h3><strong>Alleanza con Ges\u00f9 Cristo<\/strong><\/h3>\n<p>Per coloro che desiderano un'unione pi\u00f9 intima con il Cuore di Ges\u00f9, l'Ufficio Nazionale propone una consacrazione formale, un impegno personale di amore e servizio.<\/p>\n<\/div><\/div>\n<\/div>\n<\/div>\n\n<div class=\"et_pb_row_5 et_pb_row et_block_row preset--module--divi-row--default\">\n<div class=\"et_pb_column_12 et_pb_column et_pb_column_1_2 et_block_column et_pb_css_mix_blend_mode_passthrough\">\n<div class=\"et_pb_text_11 et_pb_text et_pb_bg_layout_light et_pb_module et_block_module\"><div class=\"et_pb_text_inner\"><h2>Appartenenza comunitaria<\/h2>\n<p data-start=\"1299\" data-end=\"1378\">Le comunit\u00e0 possono anch\u2019esse incarnare questa appartenenza pi\u00f9 profonda. Ci sono tre modalit\u00e0 principali: <\/p>\n<h4 data-start=\"1380\" data-end=\"1436\"><\/h4>\n<\/div><\/div>\n<\/div>\n\n<div class=\"et_pb_column_13 et_pb_column et_pb_column_1_2 et-last-child et_block_column et_pb_css_mix_blend_mode_passthrough\">\n<div class=\"et_pb_text_12 et_pb_text et_pb_bg_layout_light et_animated et_pb_module et_block_module\"><div class=\"et_pb_text_inner\"><h3><strong>Gruppi parrocchiali dell'Apostolato della Preghiera<\/strong><\/h3>\n<p data-start=\"1437\" data-end=\"1696\">Radicati nella nostra tradizione fin dal XIX secolo, questi gruppi si riuniscono regolarmente nelle parrocchie e negli istituti religiosi. Il loro scopo: vivere insieme la spiritualit\u00e0 del Cuore di Ges\u00f9, pregare per le intenzioni del Papa e incoraggiarsi a vicenda nella fede. <\/p>\n<h4 data-start=\"1698\" data-end=\"1744\"><\/h4>\n<\/div><\/div>\n\n<div class=\"et_pb_text_13 et_pb_text et_pb_bg_layout_light et_animated et_pb_module et_block_module\"><div class=\"et_pb_text_inner\"><h3><strong>Movimento Eucaristico Giovanile (MEG)<\/strong><\/h3>\n<p data-start=\"1745\" data-end=\"2011\">Il MEG \u00e8 un movimento internazionale di formazione per bambini e ragazzi. Li accompagna nell'imparare a pregare, a servire e a seguire Ges\u00f9 nella vita quotidiana. Attraverso la comunit\u00e0, la preghiera e l'azione, i giovani scoprono come la loro vita possa fare la differenza nel mondo.  <\/p>\n<\/div><\/div>\n\n<div class=\"et_pb_text_14 et_pb_text et_pb_bg_layout_light et_animated et_pb_module et_block_module\"><div class=\"et_pb_text_inner\"><h3><strong>Altre comunit\u00e0 di preghiera del Papa<\/strong><\/h3>\n<p data-start=\"2059\" data-end=\"2315\">Molte comunit\u00e0 ecclesiali <span style=\"font-weight: 400;\">e gruppi di preghiera<\/span> - in parrocchie, scuole, congregazioni o altre istituzioni - vivono questa spiritualit\u00e0 a modo loro. Ognuna conserva il proprio carisma e la propria storia, pur essendo unita nella missione mondiale di preghiera e servizio con il Papa. <\/p>\n<\/div><\/div>\n<\/div>\n<\/div>\n<\/div>\n\n<div class=\"et_pb_section_3 et_pb_section et_section_regular et_block_section section_has_divider et_pb_top_divider et_pb_bottom_divider\"><div class=\"et_pb_top_inside_divider et-no-transition\"><\/div>\n<div class=\"et_pb_row_6 et_pb_row et_block_row preset--module--divi-row--default\">\n<div class=\"et_pb_column_14 et_pb_column et_pb_column_2_3 et_block_column et_pb_css_mix_blend_mode_passthrough et_animated\">\n<div class=\"et_pb_text_15 et_pb_text et_pb_bg_layout_light et_animated et_pb_module et_block_module\"><div class=\"et_pb_text_inner\"><h3><strong>Come iniziare<\/strong><\/h3>\n<p>&nbsp;<\/p>\n<\/div><\/div>\n\n<div class=\"et_pb_text_16 et_pb_text et_pb_bg_layout_light et_animated et_pb_module et_block_module\"><div class=\"et_pb_text_inner\"><p><span style=\"font-weight: 400;\">Che tu scelga di pregare con noi apertamente o di impegnarti in un'adesione pi\u00f9 profonda, la tua partecipazione contribuisce a costruire una rete mondiale di preghiera e azione, unita nella missione della Chiesa.<\/span><\/p>\n<\/div><\/div>\n\n<div class=\"et_pb_text_17 et_pb_text et_pb_bg_layout_light et_animated et_pb_module et_block_module\"><div class=\"et_pb_text_inner\"><h4><a href=\"https:\/\/www.popesprayer.va\/it\/dove-siamo\/\"><b>Contatta il tuo ufficio nazionale<\/b><\/a><span style=\"font-weight: 400;\"> oppure<\/span> <span style=\"color: #ff6600;\"><a href=\"mailto:network@popesprayer.va\" style=\"color: #e76f51;\"><b>scrivici<\/b><\/a><\/span><span style=\"font-weight: 400;\">.<\/span><\/h4>\n<\/div><\/div>\n<\/div>\n\n<div class=\"et_pb_column_15 et_pb_column et_pb_column_1_3 et-last-child et_block_column et_pb_column_empty et_pb_css_mix_blend_mode_passthrough\"><\/div>\n<\/div>\n<div class=\"et_pb_bottom_inside_divider et-no-transition\"><\/div><\/div>","protected":false},"excerpt":{"rendered":"","protected":false},"author":1,"featured_media":0,"parent":0,"menu_order":0,"comment_status":"closed","ping_status":"closed","template":"","meta":{"_acf_changed":false,"footnotes":""},"class_list":["post-84550","page","type-page","status-publish","hentry"],"acf":[],"yoast_head":"<!-- This site is optimized with the Yoast SEO plugin v28.4 - https:\/\/yoast.com\/product\/yoast-seo-wordpress\/ -->\n<title>Partecipa - Rete Mondiale di Preghiera del Papa<\/title>\n<meta name=\"robots\" content=\"index, follow, max-snippet:-1, max-image-preview:large, max-video-preview:-1\" \/>\n<link rel=\"canonical\" href=\"https:\/\/www.popesprayer.va\/it\/partecipa\/\" \/>\n<meta property=\"og:locale\" content=\"it_IT\" \/>\n<meta property=\"og:type\" content=\"article\" \/>\n<meta property=\"og:title\" content=\"Partecipa - Rete Mondiale di Preghiera del Papa\" \/>\n<meta property=\"og:url\" content=\"https:\/\/www.popesprayer.va\/it\/partecipa\/\" \/>\n<meta property=\"og:site_name\" content=\"Rete Mondiale di Preghiera del Papa\" \/>\n<meta property=\"article:modified_time\" content=\"2026-07-06T08:16:50+00:00\" \/>\n<meta name=\"twitter:card\" content=\"summary_large_image\" \/>\n<script type=\"application\/ld+json\" class=\"yoast-schema-graph\">{\"@context\":\"https:\\\/\\\/schema.org\",\"@graph\":[{\"@type\":\"WebPage\",\"@id\":\"https:\\\/\\\/www.popesprayer.va\\\/it\\\/partecipa\\\/\",\"url\":\"https:\\\/\\\/www.popesprayer.va\\\/it\\\/partecipa\\\/\",\"name\":\"Partecipa - Rete Mondiale di Preghiera del Papa\",\"isPartOf\":{\"@id\":\"https:\\\/\\\/www.popesprayer.va\\\/it\\\/#website\"},\"datePublished\":\"2025-06-08T05:04:56+00:00\",\"dateModified\":\"2026-07-06T08:16:50+00:00\",\"breadcrumb\":{\"@id\":\"https:\\\/\\\/www.popesprayer.va\\\/it\\\/partecipa\\\/#breadcrumb\"},\"inLanguage\":\"it-IT\",\"potentialAction\":[{\"@type\":\"ReadAction\",\"target\":[\"https:\\\/\\\/www.popesprayer.va\\\/it\\\/partecipa\\\/\"]}]},{\"@type\":\"BreadcrumbList\",\"@id\":\"https:\\\/\\\/www.popesprayer.va\\\/it\\\/partecipa\\\/#breadcrumb\",\"itemListElement\":[{\"@type\":\"ListItem\",\"position\":1,\"name\":\"Home\",\"item\":\"https:\\\/\\\/www.popesprayer.va\\\/it\\\/\"},{\"@type\":\"ListItem\",\"position\":2,\"name\":\"Partecipa\"}]},{\"@type\":\"WebSite\",\"@id\":\"https:\\\/\\\/www.popesprayer.va\\\/it\\\/#website\",\"url\":\"https:\\\/\\\/www.popesprayer.va\\\/it\\\/\",\"name\":\"Pope's Worldwide Prayer Network\",\"description\":\"Pray together, change the world\",\"publisher\":{\"@id\":\"https:\\\/\\\/www.popesprayer.va\\\/it\\\/#organization\"},\"potentialAction\":[{\"@type\":\"SearchAction\",\"target\":{\"@type\":\"EntryPoint\",\"urlTemplate\":\"https:\\\/\\\/www.popesprayer.va\\\/it\\\/?s={search_term_string}\"},\"query-input\":{\"@type\":\"PropertyValueSpecification\",\"valueRequired\":true,\"valueName\":\"search_term_string\"}}],\"inLanguage\":\"it-IT\"},{\"@type\":\"Organization\",\"@id\":\"https:\\\/\\\/www.popesprayer.va\\\/it\\\/#organization\",\"name\":\"Rete di preghiera mondiale del Papa\",\"url\":\"https:\\\/\\\/www.popesprayer.va\\\/it\\\/\",\"logo\":{\"@type\":\"ImageObject\",\"inLanguage\":\"it-IT\",\"@id\":\"https:\\\/\\\/www.popesprayer.va\\\/it\\\/#\\\/schema\\\/logo\\\/image\\\/\",\"url\":\"https:\\\/\\\/www.popesprayer.va\\\/wp-content\\\/uploads\\\/2025\\\/01\\\/Logo-Popes-Worldwide-Prayer-Network-Pontifical-Work-EN-Horizontal.png\",\"contentUrl\":\"https:\\\/\\\/www.popesprayer.va\\\/wp-content\\\/uploads\\\/2025\\\/01\\\/Logo-Popes-Worldwide-Prayer-Network-Pontifical-Work-EN-Horizontal.png\",\"width\":1328,\"height\":228,\"caption\":\"Rete di preghiera mondiale del Papa\"},\"image\":{\"@id\":\"https:\\\/\\\/www.popesprayer.va\\\/it\\\/#\\\/schema\\\/logo\\\/image\\\/\"}}]}<\/script>\n<!-- \/ Yoast SEO plugin. -->","yoast_head_json":{"title":"Partecipa - Rete Mondiale di Preghiera del Papa","robots":{"index":"index","follow":"follow","max-snippet":"max-snippet:-1","max-image-preview":"max-image-preview:large","max-video-preview":"max-video-preview:-1"},"canonical":"https:\/\/www.popesprayer.va\/it\/partecipa\/","og_locale":"it_IT","og_type":"article","og_title":"Partecipa - Rete Mondiale di Preghiera del Papa","og_url":"https:\/\/www.popesprayer.va\/it\/partecipa\/","og_site_name":"Rete Mondiale di Preghiera del Papa","article_modified_time":"2026-07-06T08:16:50+00:00","twitter_card":"summary_large_image","schema":{"@context":"https:\/\/schema.org","@graph":[{"@type":"WebPage","@id":"https:\/\/www.popesprayer.va\/it\/partecipa\/","url":"https:\/\/www.popesprayer.va\/it\/partecipa\/","name":"Partecipa - Rete Mondiale di Preghiera del Papa","isPartOf":{"@id":"https:\/\/www.popesprayer.va\/it\/#website"},"datePublished":"2025-06-08T05:04:56+00:00","dateModified":"2026-07-06T08:16:50+00:00","breadcrumb":{"@id":"https:\/\/www.popesprayer.va\/it\/partecipa\/#breadcrumb"},"inLanguage":"it-IT","potentialAction":[{"@type":"ReadAction","target":["https:\/\/www.popesprayer.va\/it\/partecipa\/"]}]},{"@type":"BreadcrumbList","@id":"https:\/\/www.popesprayer.va\/it\/partecipa\/#breadcrumb","itemListElement":[{"@type":"ListItem","position":1,"name":"Home","item":"https:\/\/www.popesprayer.va\/it\/"},{"@type":"ListItem","position":2,"name":"Partecipa"}]},{"@type":"WebSite","@id":"https:\/\/www.popesprayer.va\/it\/#website","url":"https:\/\/www.popesprayer.va\/it\/","name":"Pope's Worldwide Prayer Network","description":"Pray together, change the world","publisher":{"@id":"https:\/\/www.popesprayer.va\/it\/#organization"},"potentialAction":[{"@type":"SearchAction","target":{"@type":"EntryPoint","urlTemplate":"https:\/\/www.popesprayer.va\/it\/?s={search_term_string}"},"query-input":{"@type":"PropertyValueSpecification","valueRequired":true,"valueName":"search_term_string"}}],"inLanguage":"it-IT"},{"@type":"Organization","@id":"https:\/\/www.popesprayer.va\/it\/#organization","name":"Rete di preghiera mondiale del Papa","url":"https:\/\/www.popesprayer.va\/it\/","logo":{"@type":"ImageObject","inLanguage":"it-IT","@id":"https:\/\/www.popesprayer.va\/it\/#\/schema\/logo\/image\/","url":"https:\/\/www.popesprayer.va\/wp-content\/uploads\/2025\/01\/Logo-Popes-Worldwide-Prayer-Network-Pontifical-Work-EN-Horizontal.png","contentUrl":"https:\/\/www.popesprayer.va\/wp-content\/uploads\/2025\/01\/Logo-Popes-Worldwide-Prayer-Network-Pontifical-Work-EN-Horizontal.png","width":1328,"height":228,"caption":"Rete di preghiera mondiale del Papa"},"image":{"@id":"https:\/\/www.popesprayer.va\/it\/#\/schema\/logo\/image\/"}}]}},"_links":{"self":[{"href":"https:\/\/www.popesprayer.va\/it\/wp-json\/wp\/v2\/pages\/84550","targetHints":{"allow":["GET"]}}],"collection":[{"href":"https:\/\/www.popesprayer.va\/it\/wp-json\/wp\/v2\/pages"}],"about":[{"href":"https:\/\/www.popesprayer.va\/it\/wp-json\/wp\/v2\/types\/page"}],"author":[{"embeddable":true,"href":"https:\/\/www.popesprayer.va\/it\/wp-json\/wp\/v2\/users\/1"}],"replies":[{"embeddable":true,"href":"https:\/\/www.popesprayer.va\/it\/wp-json\/wp\/v2\/comments?post=84550"}],"version-history":[{"count":5,"href":"https:\/\/www.popesprayer.va\/it\/wp-json\/wp\/v2\/pages\/84550\/revisions"}],"predecessor-version":[{"id":100228,"href":"https:\/\/www.popesprayer.va\/it\/wp-json\/wp\/v2\/pages\/84550\/revisions\/100228"}],"wp:attachment":[{"href":"https:\/\/www.popesprayer.va\/it\/wp-json\/wp\/v2\/media?parent=84550"}],"curies":[{"name":"wp","href":"https:\/\/api.w.org\/{rel}","templated":true}]}}