{"id":84574,"date":"2025-06-08T11:51:04","date_gmt":"2025-06-08T09:51:04","guid":{"rendered":"https:\/\/www.popesprayer.va\/movimento-giovanile-eucaristico\/"},"modified":"2026-03-19T13:37:17","modified_gmt":"2026-03-19T12:37:17","slug":"movimento-eucaristico-giovanile","status":"publish","type":"page","link":"https:\/\/www.popesprayer.va\/it\/movimento-eucaristico-giovanile\/","title":{"rendered":"Movimento Eucaristico Giovanile"},"content":{"rendered":"<p>[et_pb_section fb_built=\"1&#8243; _builder_version=\"4.27.4&#8243; _module_preset=\"default\" background_color=\"#264653&#8243; background_image=\"https:\/\/www.popesprayer.va\/wp-content\/uploads\/2025\/06\/mej-egipto.jpg\" background_blend=\"overlay\" custom_padding=\"12vw||12vw||true|false\" top_divider_style=\"ramp\" top_divider_color=\"#F4A261&#8243; top_divider_height=\"40px\" bottom_divider_style=\"ramp\" bottom_divider_color=\"#E76F51&#8243; da_disable_devices=\"off|off|off\" global_colors_info=\"{}\" da_is_popup=\"off\" da_exit_intent=\"off\" da_has_close=\"on\" da_alt_close=\"off\" da_dark_close=\"off\" da_not_modal=\"on\" da_is_singular=\"off\" da_with_loader=\"off\" da_has_shadow=\"on\"][et_pb_row column_structure=\"3_5,2_5&#8243; _builder_version=\"4.27.4&#8243; _module_preset=\"default\" global_colors_info=\"{}\"][et_pb_column type=\"3_5&#8243; _builder_version=\"4.27.4&#8243; _module_preset=\"default\" global_colors_info=\"{}\"][et_pb_text _builder_version=\"4.27.6&#8243; _module_preset=\"default\" header_text_color=\"#E9C46A\" header_font_size=\"3rem\" header_2_font=\"|700|||||||\" header_2_text_color=\"#FFFFFF\" header_2_font_size=\"4rem\" hover_enabled=\"0&#8243; header_2_font_size_tablet=\"3rem\" header_2_font_size_phone=\"2.5rem\" header_2_font_size_last_edited=\"on|phone\" global_colors_info=\"{}\" sticky_enabled=\"0&#8243;]<\/p>\n<h2><strong>Movimento Eucaristico Giovanile<\/strong><\/h2>\n<p>[\/et_pb_text][et_pb_text _builder_version=\"4.27.4&#8243; _module_preset=\"default\" text_text_color=\"#FFFFFF\" text_font_size=\"19px\" header_text_color=\"#E9C46A\" header_font_size=\"3rem\" header_2_text_color=\"#FFFFFF\" header_2_font_size=\"4rem\" global_colors_info=\"{}\"]<span style=\"font-weight: 400;\">Il Movimento Eucaristico Giovanile<strong>(MEG<\/strong>) \u00e8 un movimento internazionale per la formazione cristiana di <strong>bambini<\/strong>, <strong>ragazzi<\/strong> e <strong>giovani adulti<\/strong>.<\/span><br \/>\n<span style=\"font-weight: 400;\">Il MEG invita i giovani di tutto il mondo a<strong>vivere alla maniera di Ges\u00f9<\/strong>, in un rapporto di amicizia cuore a cuore con Lui, basato su una spiritualit\u00e0 eucaristica per la missione.<\/span><br \/>\n<span style=\"font-weight: 400;\">Si basa <strong>sulla pedagogia dei discepoli di Emmaus<\/strong>: Vangelo, Eucaristia e Missione.<\/span><br \/>\n[\/et_pb_text][\/et_pb_column][et_pb_column type=\"2_5&#8243; _builder_version=\"4.27.4&#8243; _module_preset=\"default\" global_colors_info=\"{}\"][et_pb_image src=\"https:\/\/www.popesprayer.va\/wp-content\/uploads\/2025\/06\/mej.png\" alt=\"mej\" title_text=\"mej\" _builder_version=\"4.27.4&#8243; _module_preset=\"default\" global_colors_info=\"{}\"][\/et_pb_image][\/et_pb_column][\/et_pb_row][\/et_pb_section][et_pb_section fb_built=\"1&#8243; disabled_on=\"on|on|on\" _builder_version=\"4.27.4&#8243; _module_preset=\"default\" background_color=\"#E9C46A\" custom_padding=\"6vw||6vw||true|false\" bottom_divider_style=\"ramp\" bottom_divider_color=\"#E76F51&#8243; da_disable_devices=\"off|off|off\" disabled=\"on\" global_colors_info=\"{}\" da_is_popup=\"off\" da_exit_intent=\"off\" da_has_close=\"on\" da_alt_close=\"off\" da_dark_close=\"off\" da_not_modal=\"on\" da_is_singular=\"off\" da_with_loader=\"off\" da_has_shadow=\"on\"][et_pb_row column_structure=\"1_2,1_2&#8243; _builder_version=\"4.27.4&#8243; _module_preset=\"default\" global_colors_info=\"{}\"][et_pb_column type=\"1_2&#8243; _builder_version=\"4.27.4&#8243; _module_preset=\"default\" global_colors_info=\"{}\"][et_pb_text _builder_version=\"4.27.4&#8243; _module_preset=\"default\" text_text_color=\"#E5E5E5&#8243; header_2_font=\"|700|||||||\" header_2_text_color=\"#E76F51&#8243; header_2_font_size=\"4rem\" header_3_font=\"||||||||\" header_3_text_color=\"#E76F51&#8243; header_3_font_size=\"40px\" header_3_line_height=\"1.4em\" animation_style=\"fade\" animation_duration=\"1500ms\" animation_delay=\"100ms\" header_3_line_height_tablet=\"1.7em\" header_3_line_height_phone=\"1.2em\" header_3_line_height_last_edited=\"on|phone\" global_colors_info=\"{}\"]<\/p>\n<h2 data-start=\"518\" data-end=\"562\"><b>Cinque approcci diversi<\/b><\/h2>\n<p class=\"\" data-start=\"563\" data-end=\"826\">[\/et_pb_text][\/et_pb_column][et_pb_column type=\"1_2&#8243; _builder_version=\"4.27.4&#8243; _module_preset=\"default\" global_colors_info=\"{}\"][et_pb_text _builder_version=\"4.27.4&#8243; _module_preset=\"default\" text_text_color=\"#264653&#8243; text_font_size=\"20px\" text_line_height=\"1.6em\" header_3_text_color=\"#FFFFFF\" header_3_line_height=\"1.7em\" animation_style=\"fade\" animation_duration=\"1500ms\" animation_delay=\"300ms\" global_colors_info=\"{}\"]<\/p>\n<p class=\"\" data-start=\"563\" data-end=\"826\"><span style=\"font-weight: 400;\">Per un secolo, la pedagogia del MEG si \u00e8 adattata a ogni Chiesa locale. Oggi presenta 5 diversi approcci nel mondo: <\/span><\/p>\n<p>[\/et_pb_text][\/et_pb_column][\/et_pb_row][et_pb_row column_structure=\"1_5,1_5,1_5,1_5,1_5&#8243; _builder_version=\"4.27.4&#8243; _module_preset=\"default\" global_colors_info=\"{}\"][et_pb_column type=\"1_5&#8243; _builder_version=\"4.27.4&#8243; _module_preset=\"default\" global_colors_info=\"{}\"][et_pb_text _builder_version=\"4.27.4&#8243; _module_preset=\"default\" text_text_color=\"#264653&#8243; text_font_size=\"20px\" text_line_height=\"1.6em\" header_3_text_color=\"#FFFFFF\" header_3_line_height=\"1.7em\" animation_style=\"fade\" animation_duration=\"1500ms\" animation_delay=\"300ms\" global_colors_info=\"{}\"]<\/p>\n<p class=\"\" data-start=\"563\" data-end=\"826\"><span style=\"font-weight: 400;\">Il MEG come <strong>pedagogia di scelta<\/strong> sottolinea l&#8217;importanza del discernimento.<\/span><\/p>\n<p>[\/et_pb_text][\/et_pb_column][et_pb_column type=\"1_5&#8243; _builder_version=\"4.27.4&#8243; _module_preset=\"default\" global_colors_info=\"{}\"][et_pb_text _builder_version=\"4.27.4&#8243; _module_preset=\"default\" text_text_color=\"#264653&#8243; text_font_size=\"20px\" text_line_height=\"1.6em\" header_3_text_color=\"#FFFFFF\" header_3_line_height=\"1.7em\" animation_style=\"fade\" animation_duration=\"1500ms\" animation_delay=\"300ms\" global_colors_info=\"{}\"]<\/p>\n<p class=\"\" data-start=\"563\" data-end=\"826\"><span style=\"font-weight: 400;\">Il MEG come <strong>modo per vivere come Ges\u00f9<\/strong>, sottolinea l&#8217;invito a modellare la propria vita su di Lui.<\/span><\/p>\n<p>[\/et_pb_text][\/et_pb_column][et_pb_column type=\"1_5&#8243; _builder_version=\"4.27.4&#8243; _module_preset=\"default\" global_colors_info=\"{}\"][et_pb_text _builder_version=\"4.27.4&#8243; _module_preset=\"default\" text_text_color=\"#264653&#8243; text_font_size=\"20px\" text_line_height=\"1.6em\" header_3_text_color=\"#FFFFFF\" header_3_line_height=\"1.7em\" animation_style=\"fade\" animation_duration=\"1500ms\" animation_delay=\"300ms\" global_colors_info=\"{}\"]<\/p>\n<p class=\"\" data-start=\"563\" data-end=\"826\"><span style=\"font-weight: 400;\">Il PEG \u00e8 <strong>un modo per diventare una persona eucaristica<\/strong>, cercando di comprendere meglio l&#8217;Eucaristia e il processo di crescita in Cristo.<\/span><\/p>\n<p>[\/et_pb_text][\/et_pb_column][et_pb_column type=\"1_5&#8243; _builder_version=\"4.27.4&#8243; _module_preset=\"default\" global_colors_info=\"{}\"][et_pb_text _builder_version=\"4.27.4&#8243; _module_preset=\"default\" text_text_color=\"#264653&#8243; text_font_size=\"20px\" text_line_height=\"1.6em\" header_3_text_color=\"#FFFFFF\" header_3_line_height=\"1.7em\" animation_style=\"fade\" animation_duration=\"1500ms\" animation_delay=\"300ms\" global_colors_info=\"{}\"]<\/p>\n<p class=\"\" data-start=\"563\" data-end=\"826\"><span style=\"font-weight: 400;\">EYM come Crociata Eucaristica, sottolineando l&#8217;<strong>adorazione del Santissimo Sacramento<\/strong> e l&#8217;attenzione per la liturgia.<\/span><\/p>\n<p>[\/et_pb_text][\/et_pb_column][et_pb_column type=\"1_5&#8243; _builder_version=\"4.27.4&#8243; _module_preset=\"default\" global_colors_info=\"{}\"][et_pb_text _builder_version=\"4.27.4&#8243; _module_preset=\"default\" text_text_color=\"#264653&#8243; text_font_size=\"20px\" text_line_height=\"1.6em\" header_3_text_color=\"#FFFFFF\" header_3_line_height=\"1.7em\" animation_style=\"fade\" animation_duration=\"1500ms\" animation_delay=\"300ms\" global_colors_info=\"{}\"]<\/p>\n<p class=\"\" data-start=\"563\" data-end=\"826\"><span style=\"font-weight: 400;\">Il GMG come <strong>devozione al Cuore di Ges\u00f9<\/strong>, compresa la preghiera per le intenzioni mensili del Papa.<\/span><\/p>\n<p>[\/et_pb_text][\/et_pb_column][\/et_pb_row][\/et_pb_section][et_pb_section fb_built=\"1&#8243; next_background_color=\"#2A9D8F\" _builder_version=\"4.27.4&#8243; _module_preset=\"default\" background_color=\"#E76F51&#8243; bottom_divider_style=\"ramp\" bottom_divider_flip=\"horizontal\" da_disable_devices=\"off|off|off\" global_colors_info=\"{}\" da_is_popup=\"off\" da_exit_intent=\"off\" da_has_close=\"on\" da_alt_close=\"off\" da_dark_close=\"off\" da_not_modal=\"on\" da_is_singular=\"off\" da_with_loader=\"off\" da_has_shadow=\"on\"][et_pb_row column_structure=\"1_4,1_4,1_4,1_4&#8243; _builder_version=\"4.27.4&#8243; _module_preset=\"default\" global_colors_info=\"{}\"][et_pb_column type=\"1_4&#8243; _builder_version=\"4.27.4&#8243; _module_preset=\"default\" global_colors_info=\"{}\"][et_pb_number_counter title=\"Movimento mondiale\" number=\"+1M\" percent_sign=\"off\" _builder_version=\"4.27.4&#8243; _module_preset=\"default\" title_font=\"|700|||||||\" title_text_align=\"center\" title_text_color=\"#FFFFFF\" number_font=\"|600|||||||\" number_text_align=\"center\" number_text_color=\"#FFFFFF\" global_colors_info=\"{}\"][\/et_pb_number_counter][et_pb_text _builder_version=\"4.27.4&#8243; _module_preset=\"default\" text_text_color=\"#264653&#8243; text_font_size=\"20px\" text_line_height=\"1.6em\" header_3_text_color=\"#FFFFFF\" header_3_line_height=\"1.7em\" animation_style=\"fade\" animation_duration=\"1500ms\" animation_delay=\"300ms\" locked=\"off\" global_colors_info=\"{}\"]<\/p>\n<p class=\"\" style=\"text-align: center;\" data-start=\"563\" data-end=\"826\"><span style=\"font-weight: 400;\">Il MEG \u00e8 il <strong>secondo pi\u00f9 grande movimento giovanile cattolico<\/strong>, con oltre 1 milione di bambini e giovani in <strong>60 paesi<\/strong> <strong>nei 5 continenti<\/strong>.<\/span><\/p>\n<p>[\/et_pb_text][\/et_pb_column][et_pb_column type=\"1_4&#8243; _builder_version=\"4.27.4&#8243; _module_preset=\"default\" global_colors_info=\"{}\"][et_pb_number_counter title=\"Pilastri\" number=\"3&#8243; percent_sign=\"off\" _builder_version=\"4.27.4&#8243; _module_preset=\"default\" title_font=\"|700|||||||\" title_text_align=\"center\" title_text_color=\"#FFFFFF\" number_font=\"|600|||||||\" number_text_align=\"center\" number_text_color=\"#FFFFFF\" global_colors_info=\"{}\"][\/et_pb_number_counter][et_pb_text _builder_version=\"4.27.4&#8243; _module_preset=\"default\" text_text_color=\"#264653&#8243; text_font_size=\"20px\" text_line_height=\"1.6em\" header_3_text_color=\"#FFFFFF\" header_3_line_height=\"1.7em\" animation_style=\"fade\" animation_duration=\"1500ms\" animation_delay=\"300ms\" locked=\"off\" global_colors_info=\"{}\"]<\/p>\n<p class=\"\" style=\"text-align: center;\" data-start=\"563\" data-end=\"826\"><span style=\"font-weight: 400;\">Seguendo la <strong>pedagogia Emmaus<\/strong>, il MEG integra il <strong>Vangelo<\/strong>, l&#8217;<strong>Eucaristia<\/strong> e la <strong>Missione<\/strong> in modo indissolubile con la spiritualit\u00e0 del <strong>Cuore di Ges\u00f9<\/strong>.<\/span><\/p>\n<p>[\/et_pb_text][\/et_pb_column][et_pb_column type=\"1_4&#8243; _builder_version=\"4.27.4&#8243; _module_preset=\"default\" global_colors_info=\"{}\"][et_pb_number_counter title=\"Fondamento comune\" number=\"1&#8243; percent_sign=\"off\" _builder_version=\"4.27.4&#8243; _module_preset=\"default\" title_font=\"|700|||||||\" title_text_align=\"center\" title_text_color=\"#FFFFFF\" number_font=\"|600|||||||\" number_text_align=\"center\" number_text_color=\"#FFFFFF\" locked=\"off\" global_colors_info=\"{}\"][\/et_pb_number_counter][et_pb_text _builder_version=\"4.27.4&#8243; _module_preset=\"default\" text_text_color=\"#264653&#8243; text_font_size=\"20px\" text_line_height=\"1.6em\" header_3_text_color=\"#FFFFFF\" header_3_line_height=\"1.7em\" animation_style=\"fade\" animation_duration=\"1500ms\" animation_delay=\"300ms\" locked=\"off\" global_colors_info=\"{}\"]<\/p>\n<p class=\"\" style=\"text-align: center;\" data-start=\"563\" data-end=\"826\"><span style=\"font-weight: 400;\">Come altre comunit\u00e0 della <strong>Rete Mondiale di Preghiera del Papa<\/strong>, il GMG segue l&#8217;itinerario formativo di <\/span><strong><i>La Via del Cuore<\/i><\/strong><span style=\"font-weight: 400;\">adattato alle diverse fasi di sviluppo.<\/span><\/p>\n<p>[\/et_pb_text][\/et_pb_column][et_pb_column type=\"1_4&#8243; _builder_version=\"4.27.4&#8243; _module_preset=\"default\" global_colors_info=\"{}\"][et_pb_number_counter title=\"Momenti di preghiera\" number=\"3&#8243; percent_sign=\"off\" _builder_version=\"4.27.4&#8243; _module_preset=\"default\" title_font=\"|700|||||||\" title_text_align=\"center\" title_text_color=\"#FFFFFF\" number_font=\"|600|||||||\" number_text_align=\"center\" number_text_color=\"#FFFFFF\" locked=\"off\" global_colors_info=\"{}\"][\/et_pb_number_counter][et_pb_text _builder_version=\"4.27.4&#8243; _module_preset=\"default\" text_text_color=\"#264653&#8243; text_font_size=\"20px\" text_line_height=\"1.6em\" header_3_text_color=\"#FFFFFF\" header_3_line_height=\"1.7em\" animation_style=\"fade\" animation_duration=\"1500ms\" animation_delay=\"300ms\" locked=\"off\" global_colors_info=\"{}\"]<\/p>\n<p class=\"\" style=\"text-align: center;\" data-start=\"563\" data-end=\"826\"><span style=\"font-weight: 400;\">I membri del MEG seguono il ritmo di preghiera proposto dalla Rete, offrendo la propria vita (<strong>\"Con Ges\u00f9 al mattino\"<\/strong>), allineandosi alla Sua presenza (<strong>\"Con Ges\u00f9 al pomeriggio\"<\/strong>) e riflettendo sulla propria giornata (<strong>\"Con Ges\u00f9 alla sera\"<\/strong>).<\/span><\/p>\n<p>[\/et_pb_text][\/et_pb_column][\/et_pb_row][et_pb_row _builder_version=\"4.27.4&#8243; _module_preset=\"default\" global_colors_info=\"{}\"][et_pb_column type=\"4_4&#8243; _builder_version=\"4.27.4&#8243; _module_preset=\"default\" global_colors_info=\"{}\"][\/et_pb_column][\/et_pb_row][\/et_pb_section][et_pb_section fb_built=\"1&#8243; _builder_version=\"4.27.4&#8243; _module_preset=\"default\" background_color=\"#2A9D8F\" custom_padding=\"||12vw||false|false\" bottom_divider_style=\"ramp\" bottom_divider_color=\"#264653&#8243; bottom_divider_flip=\"horizontal\" da_disable_devices=\"off|off|off\" global_colors_info=\"{}\" da_is_popup=\"off\" da_exit_intent=\"off\" da_has_close=\"on\" da_alt_close=\"off\" da_dark_close=\"off\" da_not_modal=\"on\" da_is_singular=\"off\" da_with_loader=\"off\" da_has_shadow=\"on\"][et_pb_row column_structure=\"3_5,2_5&#8243; make_equal=\"on\" _builder_version=\"4.27.4&#8243; _module_preset=\"default\" global_colors_info=\"{}\"][et_pb_column type=\"3_5&#8243; _builder_version=\"4.27.4&#8243; _module_preset=\"default\" global_colors_info=\"{}\"][et_pb_text _builder_version=\"4.27.4&#8243; _module_preset=\"default\" text_text_color=\"#E5E5E5&#8243; header_3_text_align=\"center\" header_3_text_color=\"#E9C46A\" header_3_font_size=\"40px\" header_3_line_height=\"1.7em\" custom_margin=\"||0px||false|false\" animation_style=\"fade\" animation_duration=\"1500ms\" animation_delay=\"100ms\" header_3_line_height_tablet=\"1.7em\" header_3_line_height_phone=\"1.2em\" header_3_line_height_last_edited=\"on|phone\" global_colors_info=\"{}\"]<\/p>\n<h3 style=\"text-align: left;\"><strong>La nostra storia<\/strong><\/h3>\n<p>[\/et_pb_text][et_pb_text _builder_version=\"4.27.4&#8243; _module_preset=\"default\" text_text_color=\"#E5E5E5&#8243; header_2_font=\"|700|||||||\" header_2_text_color=\"#E76F51&#8243; header_2_font_size=\"4rem\" header_3_font=\"||||||||\" header_3_text_color=\"#E76F51&#8243; header_3_font_size=\"40px\" header_3_line_height=\"1.4em\" animation_style=\"fade\" animation_duration=\"1500ms\" animation_delay=\"100ms\" header_3_line_height_tablet=\"1.7em\" header_3_line_height_phone=\"1.2em\" header_3_line_height_last_edited=\"on|phone\" global_colors_info=\"{}\"]<\/p>\n<h3 data-sourcepos=\"5:1-5:60\"><strong>Un viaggio iniziato con una chiamata alla preghiera!<\/strong><\/h3>\n<p class=\"\" data-start=\"563\" data-end=\"826\">[\/et_pb_text][et_pb_button button_url=\"https:\/\/www.popesprayer.va\/wp-content\/uploads\/2025\/06\/1-Document-EYM-History-ENG-DEF-1.pdf\" url_new_window=\"on\" button_text=\"Scopri di pi\u00f9\" button_alignment=\"left\" _builder_version=\"4.27.4&#8243; _module_preset=\"default\" custom_button=\"on\" button_text_color=\"#264653&#8243; button_bg_color=\"#E9C46A\" button_border_width=\"0px\" button_border_radius=\"20px\" global_colors_info=\"{}\"][\/et_pb_button][\/et_pb_column][et_pb_column type=\"2_5&#8243; _builder_version=\"4.27.4&#8243; _module_preset=\"default\" custom_css_main_element=\"margin: auto 0 0;\" global_colors_info=\"{}\"][\/et_pb_column][\/et_pb_row][et_pb_row column_structure=\"3_5,2_5&#8243; make_equal=\"on\" _builder_version=\"4.27.4&#8243; _module_preset=\"default\" max_width=\"980px\" module_alignment=\"center\" global_colors_info=\"{}\"][et_pb_column type=\"3_5&#8243; _builder_version=\"4.27.4&#8243; _module_preset=\"default\" custom_css_main_element=\"margin: auto 0;\" global_colors_info=\"{}\"][et_pb_text _builder_version=\"4.27.4&#8243; _module_preset=\"default\" text_text_color=\"#FFFFFF\" text_font_size=\"20px\" text_line_height=\"1.6em\" animation_style=\"fade\" animation_duration=\"1500ms\" animation_delay=\"300ms\" global_colors_info=\"{}\"]<\/p>\n<p data-sourcepos=\"7:1-7:323\">La nostra storia inizia con una semplice ma potente richiesta di <strong>Papa Pio IX<\/strong>: egli chiese a tutti i cattolici di sostenerlo con le loro preghiere e i loro sacrifici. Ispirato da questa richiesta, un sacerdote francese di nome Padre Cross ebbe un&#8217;idea brillante: <em>perch\u00e9 non invitare i giovani a partecipare a questa importante missione?<\/em> Questa fu la scintilla che diede inizio a tutto. <\/p>\n<p data-sourcepos=\"9:1-9:254\">L&#8217;idea ebbe un enorme successo e si diffuse a macchia d&#8217;olio. Per darti un&#8217;idea, quando si tenne il primo Congresso Internazionale nel 1881, avevamo gi\u00e0 100.000 membri in tutto il mondo! Anche Santa Teresa di Lisieux fece parte del movimento dall&#8217;et\u00e0 di 12 anni.  <\/p>\n<p class=\"\" data-start=\"547\" data-end=\"836\">[\/et_pb_text][\/et_pb_column][et_pb_column type=\"2_5&#8243; _builder_version=\"4.27.4&#8243; _module_preset=\"default\" global_colors_info=\"{}\"][et_pb_image src=\"https:\/\/www.popesprayer.va\/wp-content\/uploads\/2025\/06\/santa-teresita-de-lisieux-1.jpg\" alt=\"santa-teresita-de-lisieux\" title_text=\"santa-teresita-de-lisieux\" _builder_version=\"4.27.4&#8243; _module_preset=\"default\" max_width=\"320px\" module_alignment=\"center\" animation_style=\"flip\" animation_direction=\"right\" animation_duration=\"1500ms\" animation_delay=\"600ms\" border_radii=\"on|40px|40px|40px|40px\" global_colors_info=\"{}\"][\/et_pb_image][\/et_pb_column][\/et_pb_row][et_pb_row column_structure=\"1_3,2_3&#8243; make_equal=\"on\" _builder_version=\"4.27.4&#8243; _module_preset=\"default\" max_width=\"980px\" custom_padding=\"||||false|false\" global_colors_info=\"{}\"][et_pb_column type=\"1_3&#8243; _builder_version=\"4.27.4&#8243; _module_preset=\"default\" global_colors_info=\"{}\"][et_pb_image src=\"https:\/\/www.popesprayer.va\/wp-content\/uploads\/2025\/06\/croisade-eucharistique.webp\" alt=\"croisade-eucharistique\" title_text=\"croisade-eucharistique\" _builder_version=\"4.27.4&#8243; _module_preset=\"default\" max_width=\"320px\" module_alignment=\"center\" animation_style=\"flip\" animation_direction=\"left\" animation_duration=\"1500ms\" animation_delay=\"600ms\" border_radii=\"on|40px|40px|40px|40px\" global_colors_info=\"{}\"][\/et_pb_image][\/et_pb_column][et_pb_column type=\"2_3&#8243; _builder_version=\"4.27.4&#8243; _module_preset=\"default\" custom_css_main_element=\"margin: auto 0;\" global_colors_info=\"{}\"][et_pb_text _builder_version=\"4.27.4&#8243; _module_preset=\"default\" text_text_color=\"#FFFFFF\" text_font_size=\"20px\" text_line_height=\"1.6em\" animation_style=\"fade\" animation_duration=\"1500ms\" animation_delay=\"300ms\" global_colors_info=\"{}\"]<\/p>\n<p data-sourcepos=\"11:1-11:38\"><strong>Un incoraggiamento da parte del Papa e un nuovo nome<\/strong><\/p>\n<p data-sourcepos=\"13:1-13:364\">In seguito, Papa San Pio X ci ha dato un&#8217;attenzione particolare: ha incoraggiato i bambini a ricevere la Santa Comunione e ha chiesto loro di pregare per la pace in un periodo di guerra in Europa. Questo port\u00f2 al Congresso Eucaristico Internazionale di Lourdes nel 1914, in cui si chiedeva \"una grande lega eucaristica di piccoli\". Un anno pi\u00f9 tardi, nel 1915, diventammo noti come <strong>\"Crociata Eucaristica\".<\/strong>  <\/p>\n<p class=\"\" data-start=\"547\" data-end=\"836\">[\/et_pb_text][\/et_pb_column][\/et_pb_row][et_pb_row column_structure=\"2_3,1_3&#8243; make_equal=\"on\" _builder_version=\"4.27.4&#8243; _module_preset=\"default\" max_width=\"980px\" custom_padding=\"||||false|false\" global_colors_info=\"{}\"][et_pb_column type=\"2_3&#8243; _builder_version=\"4.27.4&#8243; _module_preset=\"default\" custom_css_main_element=\"margin: auto 0;\" global_colors_info=\"{}\"][et_pb_text _builder_version=\"4.27.4&#8243; _module_preset=\"default\" text_text_color=\"#FFFFFF\" text_font_size=\"20px\" text_line_height=\"1.6em\" animation_style=\"fade\" animation_duration=\"1500ms\" animation_delay=\"300ms\" global_colors_info=\"{}\"]<\/p>\n<p data-sourcepos=\"15:1-15:57\"><strong>Un nuovo inizio! Nasce il Movimento Eucaristico Giovanile <\/strong><\/p>\n<p data-sourcepos=\"17:1-17:305\">La storia prende un&#8217;altra svolta emozionante nel 1962. Adottiamo ufficialmente il nome che abbiamo oggi: <strong>Movimento Eucaristico Giovanile (MEG)<\/strong>. Non si tratt\u00f2 solo di un cambio di nome, ma di un completo rinnovamento del nostro stile di insegnamento per entrare meglio in contatto con i giovani. Questa nuova energia si diffuse rapidamente in altri paesi.   <\/p>\n<p><span style=\"font-weight: 400;\">Oggi il MEG \u00e8 la proposta dei giovani <\/span><span style=\"font-weight: 400;\">proposta per i giovani<\/span><span style=\"font-weight: 400;\"> della Rete Mondiale di Preghiera del Papa ed \u00e8 presente in oltre <\/span><span style=\"font-weight: 400;\">60<\/span><span style=\"font-weight: 400;\">  paesi dei cinque continenti. Il nostro obiettivo principale \u00e8 semplice: aiutare i giovani a costruire un&#8217;amicizia personale con Ges\u00f9, utilizzando come guida il Vangelo e l&#8217;Eucaristia. Ora siamo il secondo movimento giovanile cattolico pi\u00f9 grande del mondo!<\/span><br \/>\n[\/et_pb_text][\/et_pb_column][et_pb_column type=\"1_3&#8243; _builder_version=\"4.27.4&#8243; _module_preset=\"default\" global_colors_info=\"{}\"][et_pb_image src=\"https:\/\/www.popesprayer.va\/wp-content\/uploads\/2025\/06\/Logo_EYM_-_Horizontal_-_English.jpg\" alt=\"Logo_EYM_-_Orizzontale_-_Inglese\" title_text=\"Logo_EYM_-_Orizzontale_-_Inglese\" _builder_version=\"4.27.4&#8243; _module_preset=\"default\" max_width=\"320px\" module_alignment=\"center\" animation_style=\"flip\" animation_direction=\"right\" animation_duration=\"1500ms\" animation_delay=\"600ms\" border_radii=\"on|40px|40px|40px|40px\" global_colors_info=\"{}\"][\/et_pb_image][\/et_pb_column][\/et_pb_row][et_pb_row column_structure=\"3_5,2_5&#8243; _builder_version=\"4.27.4&#8243; _module_preset=\"default\" global_colors_info=\"{}\"][et_pb_column type=\"3_5&#8243; _builder_version=\"4.27.4&#8243; _module_preset=\"default\" global_colors_info=\"{}\"][et_pb_button button_url=\"https:\/\/www.popesprayer.va\/it\/dove-siamo\/\" button_text=\"Scopri dove siamo\" button_alignment=\"center\" _builder_version=\"4.27.4&#8243; _module_preset=\"default\" custom_button=\"on\" button_text_color=\"#264653&#8243; button_bg_color=\"#E9C46A\" button_border_width=\"0px\" button_border_radius=\"20px\" global_colors_info=\"{}\"][\/et_pb_button][\/et_pb_column][et_pb_column type=\"2_5&#8243; _builder_version=\"4.27.4&#8243; _module_preset=\"default\" global_colors_info=\"{}\"][et_pb_social_media_follow _builder_version=\"4.27.4&#8243; _module_preset=\"default\" global_colors_info=\"{}\"][et_pb_social_media_follow_network social_network=\"facebook\" url=\"https:\/\/www.facebook.com\/mej.internacional\" _builder_version=\"4.27.4&#8243; _module_preset=\"default\" background_color=\"#264653&#8243; background_enable_color=\"on\" global_colors_info=\"{}\" follow_button=\"off\" url_new_window=\"on\"]facebook[\/et_pb_social_media_follow_network][et_pb_social_media_follow_network social_network=\"youtube\" url=\"https:\/\/www.youtube.com\/channel\/UCxWfZ7CqaqsYyF9OTgZnOpw\" _builder_version=\"4.27.4&#8243; _module_preset=\"default\" background_color=\"#264653&#8243; background_enable_color=\"on\" global_colors_info=\"{}\" follow_button=\"off\" url_new_window=\"on\"]youtube[\/et_pb_social_media_follow_network][\/et_pb_social_media_follow][\/et_pb_column][\/et_pb_row][\/et_pb_section]<\/p>\n","protected":false},"excerpt":{"rendered":"<p>Movimento Eucaristico GiovanileIl Movimento Eucaristico Giovanile(MEG) \u00e8 un movimento internazionale per la formazione cristiana di bambini, ragazzi e giovani adulti. Il MEG invita i giovani di tutto il mondo avivere alla maniera di Ges\u00f9, in un rapporto di amicizia cuore a cuore con Lui, basato su una spiritualit\u00e0 eucaristica per la missione. Si basa sulla [&hellip;]<\/p>\n","protected":false},"author":1,"featured_media":0,"parent":0,"menu_order":0,"comment_status":"closed","ping_status":"closed","template":"","meta":{"_acf_changed":false,"_et_pb_use_builder":"on","_et_pb_old_content":"","_et_gb_content_width":"","footnotes":""},"class_list":["post-84574","page","type-page","status-publish","hentry"],"acf":[],"yoast_head":"<!-- This site is optimized with the Yoast SEO plugin v27.4 - https:\/\/yoast.com\/product\/yoast-seo-wordpress\/ -->\n<title>Movimento Eucaristico Giovanile - Rete Mondiale di Preghiera del Papa<\/title>\n<meta name=\"robots\" content=\"index, follow, max-snippet:-1, max-image-preview:large, max-video-preview:-1\" \/>\n<link rel=\"canonical\" href=\"https:\/\/www.popesprayer.va\/it\/movimento-eucaristico-giovanile\/\" \/>\n<meta property=\"og:locale\" content=\"it_IT\" \/>\n<meta property=\"og:type\" content=\"article\" \/>\n<meta property=\"og:title\" content=\"Movimento Eucaristico Giovanile - Rete Mondiale di Preghiera del Papa\" \/>\n<meta property=\"og:description\" content=\"Movimento Eucaristico GiovanileIl Movimento Eucaristico Giovanile(MEG) \u00e8 un movimento internazionale per la formazione cristiana di bambini, ragazzi e giovani adulti. Il MEG invita i giovani di tutto il mondo avivere alla maniera di Ges\u00f9, in un rapporto di amicizia cuore a cuore con Lui, basato su una spiritualit\u00e0 eucaristica per la missione. Si basa sulla [&hellip;]\" \/>\n<meta property=\"og:url\" content=\"https:\/\/www.popesprayer.va\/it\/movimento-eucaristico-giovanile\/\" \/>\n<meta property=\"og:site_name\" content=\"Rete Mondiale di Preghiera del Papa\" \/>\n<meta property=\"article:modified_time\" content=\"2026-03-19T12:37:17+00:00\" \/>\n<meta name=\"twitter:card\" content=\"summary_large_image\" \/>\n<meta name=\"twitter:label1\" content=\"Tempo di lettura stimato\" \/>\n\t<meta name=\"twitter:data1\" content=\"15 minuti\" \/>\n<script type=\"application\/ld+json\" class=\"yoast-schema-graph\">{\"@context\":\"https:\\\/\\\/schema.org\",\"@graph\":[{\"@type\":\"WebPage\",\"@id\":\"https:\\\/\\\/www.popesprayer.va\\\/it\\\/movimento-eucaristico-giovanile\\\/\",\"url\":\"https:\\\/\\\/www.popesprayer.va\\\/it\\\/movimento-eucaristico-giovanile\\\/\",\"name\":\"Movimento Eucaristico Giovanile - Rete Mondiale di Preghiera del Papa\",\"isPartOf\":{\"@id\":\"https:\\\/\\\/www.popesprayer.va\\\/it\\\/#website\"},\"datePublished\":\"2025-06-08T09:51:04+00:00\",\"dateModified\":\"2026-03-19T12:37:17+00:00\",\"breadcrumb\":{\"@id\":\"https:\\\/\\\/www.popesprayer.va\\\/it\\\/movimento-eucaristico-giovanile\\\/#breadcrumb\"},\"inLanguage\":\"it-IT\",\"potentialAction\":[{\"@type\":\"ReadAction\",\"target\":[\"https:\\\/\\\/www.popesprayer.va\\\/it\\\/movimento-eucaristico-giovanile\\\/\"]}]},{\"@type\":\"BreadcrumbList\",\"@id\":\"https:\\\/\\\/www.popesprayer.va\\\/it\\\/movimento-eucaristico-giovanile\\\/#breadcrumb\",\"itemListElement\":[{\"@type\":\"ListItem\",\"position\":1,\"name\":\"Home\",\"item\":\"https:\\\/\\\/www.popesprayer.va\\\/it\\\/\"},{\"@type\":\"ListItem\",\"position\":2,\"name\":\"Movimento Eucaristico Giovanile\"}]},{\"@type\":\"WebSite\",\"@id\":\"https:\\\/\\\/www.popesprayer.va\\\/it\\\/#website\",\"url\":\"https:\\\/\\\/www.popesprayer.va\\\/it\\\/\",\"name\":\"Pope's Worldwide Prayer Network\",\"description\":\"Pray together, change the world\",\"publisher\":{\"@id\":\"https:\\\/\\\/www.popesprayer.va\\\/it\\\/#organization\"},\"potentialAction\":[{\"@type\":\"SearchAction\",\"target\":{\"@type\":\"EntryPoint\",\"urlTemplate\":\"https:\\\/\\\/www.popesprayer.va\\\/it\\\/?s={search_term_string}\"},\"query-input\":{\"@type\":\"PropertyValueSpecification\",\"valueRequired\":true,\"valueName\":\"search_term_string\"}}],\"inLanguage\":\"it-IT\"},{\"@type\":\"Organization\",\"@id\":\"https:\\\/\\\/www.popesprayer.va\\\/it\\\/#organization\",\"name\":\"Rete di preghiera mondiale del Papa\",\"url\":\"https:\\\/\\\/www.popesprayer.va\\\/it\\\/\",\"logo\":{\"@type\":\"ImageObject\",\"inLanguage\":\"it-IT\",\"@id\":\"https:\\\/\\\/www.popesprayer.va\\\/it\\\/#\\\/schema\\\/logo\\\/image\\\/\",\"url\":\"https:\\\/\\\/www.popesprayer.va\\\/wp-content\\\/uploads\\\/2025\\\/01\\\/Logo-Popes-Worldwide-Prayer-Network-Pontifical-Work-EN-Horizontal.png\",\"contentUrl\":\"https:\\\/\\\/www.popesprayer.va\\\/wp-content\\\/uploads\\\/2025\\\/01\\\/Logo-Popes-Worldwide-Prayer-Network-Pontifical-Work-EN-Horizontal.png\",\"width\":1328,\"height\":228,\"caption\":\"Rete di preghiera mondiale del Papa\"},\"image\":{\"@id\":\"https:\\\/\\\/www.popesprayer.va\\\/it\\\/#\\\/schema\\\/logo\\\/image\\\/\"}}]}<\/script>\n<!-- \/ Yoast SEO plugin. -->","yoast_head_json":{"title":"Movimento Eucaristico Giovanile - Rete Mondiale di Preghiera del Papa","robots":{"index":"index","follow":"follow","max-snippet":"max-snippet:-1","max-image-preview":"max-image-preview:large","max-video-preview":"max-video-preview:-1"},"canonical":"https:\/\/www.popesprayer.va\/it\/movimento-eucaristico-giovanile\/","og_locale":"it_IT","og_type":"article","og_title":"Movimento Eucaristico Giovanile - Rete Mondiale di Preghiera del Papa","og_description":"Movimento Eucaristico GiovanileIl Movimento Eucaristico Giovanile(MEG) \u00e8 un movimento internazionale per la formazione cristiana di bambini, ragazzi e giovani adulti. Il MEG invita i giovani di tutto il mondo avivere alla maniera di Ges\u00f9, in un rapporto di amicizia cuore a cuore con Lui, basato su una spiritualit\u00e0 eucaristica per la missione. Si basa sulla [&hellip;]","og_url":"https:\/\/www.popesprayer.va\/it\/movimento-eucaristico-giovanile\/","og_site_name":"Rete Mondiale di Preghiera del Papa","article_modified_time":"2026-03-19T12:37:17+00:00","twitter_card":"summary_large_image","twitter_misc":{"Tempo di lettura stimato":"15 minuti"},"schema":{"@context":"https:\/\/schema.org","@graph":[{"@type":"WebPage","@id":"https:\/\/www.popesprayer.va\/it\/movimento-eucaristico-giovanile\/","url":"https:\/\/www.popesprayer.va\/it\/movimento-eucaristico-giovanile\/","name":"Movimento Eucaristico Giovanile - Rete Mondiale di Preghiera del Papa","isPartOf":{"@id":"https:\/\/www.popesprayer.va\/it\/#website"},"datePublished":"2025-06-08T09:51:04+00:00","dateModified":"2026-03-19T12:37:17+00:00","breadcrumb":{"@id":"https:\/\/www.popesprayer.va\/it\/movimento-eucaristico-giovanile\/#breadcrumb"},"inLanguage":"it-IT","potentialAction":[{"@type":"ReadAction","target":["https:\/\/www.popesprayer.va\/it\/movimento-eucaristico-giovanile\/"]}]},{"@type":"BreadcrumbList","@id":"https:\/\/www.popesprayer.va\/it\/movimento-eucaristico-giovanile\/#breadcrumb","itemListElement":[{"@type":"ListItem","position":1,"name":"Home","item":"https:\/\/www.popesprayer.va\/it\/"},{"@type":"ListItem","position":2,"name":"Movimento Eucaristico Giovanile"}]},{"@type":"WebSite","@id":"https:\/\/www.popesprayer.va\/it\/#website","url":"https:\/\/www.popesprayer.va\/it\/","name":"Pope's Worldwide Prayer Network","description":"Pray together, change the world","publisher":{"@id":"https:\/\/www.popesprayer.va\/it\/#organization"},"potentialAction":[{"@type":"SearchAction","target":{"@type":"EntryPoint","urlTemplate":"https:\/\/www.popesprayer.va\/it\/?s={search_term_string}"},"query-input":{"@type":"PropertyValueSpecification","valueRequired":true,"valueName":"search_term_string"}}],"inLanguage":"it-IT"},{"@type":"Organization","@id":"https:\/\/www.popesprayer.va\/it\/#organization","name":"Rete di preghiera mondiale del Papa","url":"https:\/\/www.popesprayer.va\/it\/","logo":{"@type":"ImageObject","inLanguage":"it-IT","@id":"https:\/\/www.popesprayer.va\/it\/#\/schema\/logo\/image\/","url":"https:\/\/www.popesprayer.va\/wp-content\/uploads\/2025\/01\/Logo-Popes-Worldwide-Prayer-Network-Pontifical-Work-EN-Horizontal.png","contentUrl":"https:\/\/www.popesprayer.va\/wp-content\/uploads\/2025\/01\/Logo-Popes-Worldwide-Prayer-Network-Pontifical-Work-EN-Horizontal.png","width":1328,"height":228,"caption":"Rete di preghiera mondiale del Papa"},"image":{"@id":"https:\/\/www.popesprayer.va\/it\/#\/schema\/logo\/image\/"}}]}},"_links":{"self":[{"href":"https:\/\/www.popesprayer.va\/it\/wp-json\/wp\/v2\/pages\/84574","targetHints":{"allow":["GET"]}}],"collection":[{"href":"https:\/\/www.popesprayer.va\/it\/wp-json\/wp\/v2\/pages"}],"about":[{"href":"https:\/\/www.popesprayer.va\/it\/wp-json\/wp\/v2\/types\/page"}],"author":[{"embeddable":true,"href":"https:\/\/www.popesprayer.va\/it\/wp-json\/wp\/v2\/users\/1"}],"replies":[{"embeddable":true,"href":"https:\/\/www.popesprayer.va\/it\/wp-json\/wp\/v2\/comments?post=84574"}],"version-history":[{"count":23,"href":"https:\/\/www.popesprayer.va\/it\/wp-json\/wp\/v2\/pages\/84574\/revisions"}],"predecessor-version":[{"id":94172,"href":"https:\/\/www.popesprayer.va\/it\/wp-json\/wp\/v2\/pages\/84574\/revisions\/94172"}],"wp:attachment":[{"href":"https:\/\/www.popesprayer.va\/it\/wp-json\/wp\/v2\/media?parent=84574"}],"curies":[{"name":"wp","href":"https:\/\/api.w.org\/{rel}","templated":true}]}}