{"id":90722,"date":"2025-12-23T14:00:39","date_gmt":"2025-12-23T13:00:39","guid":{"rendered":"https:\/\/www.popesprayer.va\/?page_id=90722"},"modified":"2026-04-29T20:42:08","modified_gmt":"2026-04-29T18:42:08","slug":"pregaconilpapa","status":"publish","type":"page","link":"https:\/\/www.popesprayer.va\/it\/pregaconilpapa\/","title":{"rendered":"Prega con il Papa"},"content":{"rendered":"<p>[et_pb_section fb_built=\"1&#8243; _builder_version=\"4.27.5&#8243; _module_preset=\"default\" background_color=\"#f5f1e7&#8243; custom_padding=\"0px||0px||false|false\" da_disable_devices=\"off|off|off\" global_colors_info=\"{}\" da_is_popup=\"off\" da_exit_intent=\"off\" da_has_close=\"on\" da_alt_close=\"off\" da_dark_close=\"off\" da_not_modal=\"on\" da_is_singular=\"off\" da_with_loader=\"off\" da_has_shadow=\"on\"][et_pb_row _builder_version=\"4.27.5&#8243; _module_preset=\"default\" width=\"100%\" max_width=\"1000000px\" custom_padding=\"0px||0px||false|false\" global_colors_info=\"{}\"][et_pb_column type=\"4_4&#8243; _builder_version=\"4.27.5&#8243; _module_preset=\"default\" global_colors_info=\"{}\"][et_pb_code _builder_version=\"4.27.5&#8243; _module_preset=\"default\" global_colors_info=\"{}\"]        <div class=\"pwtp-container\" id=\"pwtp-player-69f3322f1b321\" data-video-id=\"lp8a9Jw5aLg\"\n            data-default-lang=\"it\"\n            data-video-url-en=\"https:\/\/youtu.be\/-a60VaSe3tY\"\n            data-video-url-es=\"https:\/\/youtu.be\/pw0ClB7-kM8\"\n            data-video-url-it=\"https:\/\/youtu.be\/lp8a9Jw5aLg\">\n            <div class=\"pwtp-player-wrapper\">\n                <div class=\"pwtp-poster\"\n                    style=\"background-image: url('https:\/\/www.popesprayer.va\/wp-content\/uploads\/2026\/04\/LP-header-May-2026-1-scaled.jpg'); background-size: cover; background-position: center; background-repeat: no-repeat;\"\n                    role=\"img\"\n                    aria-label=\"Poster del video: May 2026\">\n                    <button class=\"pwtp-play-button\"\n                        aria-label=\"Reproducir video\">\n                        <svg viewBox=\"0 0 100 100\" width=\"80\" height=\"80\" aria-hidden=\"true\">\n                            <circle cx=\"50\" cy=\"50\" r=\"40\" fill=\"none\" stroke=\"#fff\" stroke-width=\"3\" \/>\n                            <path d=\"M 40,32 L 40,68 L 68,50 Z\" fill=\"#fff\" \/>\n                        <\/svg>\n                    <\/button>\n                <\/div>\n                <div class=\"pwtp-iframe-container\" style=\"display:none;\"><\/div>\n            <\/div>\n\n            <div class=\"pwtp-language-bar\">\n                <button class=\"pwtp-language-toggle\" aria-expanded=\"false\"\n                    aria-controls=\"pwtp-player-69f3322f1b321-lang-selector\">\n                    <span class=\"pwtp-toggle-text\">Altre lingue video<\/span>\n                    <svg class=\"pwtp-toggle-icon\" width=\"16\" height=\"16\" viewBox=\"0 0 20 20\" fill=\"none\" aria-hidden=\"true\">\n                        <path d=\"M7.5 5L12.5 10L7.5 15\" stroke=\"currentColor\" stroke-width=\"2\" stroke-linecap=\"round\"\n                            stroke-linejoin=\"round\" \/>\n                    <\/svg>\n                <\/button>\n                <div id=\"pwtp-player-69f3322f1b321-lang-selector\" class=\"pwtp-language-selector\"\n                    style=\"display:none;\" role=\"region\"\n                    aria-label=\"Selector de idiomas\">\n                                            <button class=\"pwtp-lang-btn\"\n                            data-lang=\"en\"\n                            aria-label=\"English\">\n                            English                        <\/button>\n                                            <button class=\"pwtp-lang-btn\"\n                            data-lang=\"es\"\n                            aria-label=\"Espa\u00f1ol\">\n                            Espa\u00f1ol                        <\/button>\n                                            <button class=\"pwtp-lang-btn active\"\n                            data-lang=\"it\"\n                            aria-label=\"Italiano\">\n                            Italiano                        <\/button>\n                                            <button class=\"pwtp-lang-btn\"\n                            data-lang=\"fr\"\n                            aria-label=\"Fran\u00e7ais\">\n                            Fran\u00e7ais                        <\/button>\n                                            <button class=\"pwtp-lang-btn\"\n                            data-lang=\"pt\"\n                            aria-label=\"Portugu\u00eas\">\n                            Portugu\u00eas                        <\/button>\n                                            <button class=\"pwtp-lang-btn\"\n                            data-lang=\"de\"\n                            aria-label=\"Deutsch\">\n                            Deutsch                        <\/button>\n                                            <button class=\"pwtp-lang-btn\"\n                            data-lang=\"zh\"\n                            aria-label=\"\u4e2d\u6587\">\n                            \u4e2d\u6587                        <\/button>\n                                            <button class=\"pwtp-lang-btn\"\n                            data-lang=\"zh-CN\"\n                            aria-label=\"\u7b80\u4f53\u4e2d\u6587\">\n                            \u7b80\u4f53\u4e2d\u6587                        <\/button>\n                                            <button class=\"pwtp-lang-btn\"\n                            data-lang=\"ar\"\n                            aria-label=\"\u0627\u0644\u0639\u0631\u0628\u064a\u0629\">\n                            \u0627\u0644\u0639\u0631\u0628\u064a\u0629                        <\/button>\n                                            <button class=\"pwtp-lang-btn\"\n                            data-lang=\"pl\"\n                            aria-label=\"Polski\">\n                            Polski                        <\/button>\n                                            <button class=\"pwtp-lang-btn\"\n                            data-lang=\"ru\"\n                            aria-label=\"\u0420\u0443\u0441\u0441\u043a\u0438\u0439\">\n                            \u0420\u0443\u0441\u0441\u043a\u0438\u0439                        <\/button>\n                                            <button class=\"pwtp-lang-btn\"\n                            data-lang=\"sl\"\n                            aria-label=\"Sloven\u0161\u010dina\">\n                            Sloven\u0161\u010dina                        <\/button>\n                                            <button class=\"pwtp-lang-btn\"\n                            data-lang=\"lt\"\n                            aria-label=\"Lietuvi\u0173\">\n                            Lietuvi\u0173                        <\/button>\n                                            <button class=\"pwtp-lang-btn\"\n                            data-lang=\"sw\"\n                            aria-label=\"Kiswahili\">\n                            Kiswahili                        <\/button>\n                                            <button class=\"pwtp-lang-btn\"\n                            data-lang=\"vi\"\n                            aria-label=\"Ti\u1ebfng Vi\u1ec7t\">\n                            Ti\u1ebfng Vi\u1ec7t                        <\/button>\n                                            <button class=\"pwtp-lang-btn\"\n                            data-lang=\"ko\"\n                            aria-label=\"\ud55c\uad6d\uc5b4\">\n                            \ud55c\uad6d\uc5b4                        <\/button>\n                                            <button class=\"pwtp-lang-btn\"\n                            data-lang=\"ja\"\n                            aria-label=\"\u65e5\u672c\u8a9e\">\n                            \u65e5\u672c\u8a9e                        <\/button>\n                                            <button class=\"pwtp-lang-btn\"\n                            data-lang=\"hi\"\n                            aria-label=\"\u0939\u093f\u0928\u094d\u0926\u0940\">\n                            \u0939\u093f\u0928\u094d\u0926\u0940                        <\/button>\n                                            <button class=\"pwtp-lang-btn\"\n                            data-lang=\"rw\"\n                            aria-label=\"Kinyarwanda\">\n                            Kinyarwanda                        <\/button>\n                                            <button class=\"pwtp-lang-btn\"\n                            data-lang=\"nl\"\n                            aria-label=\"Nederlands\">\n                            Nederlands                        <\/button>\n                                            <button class=\"pwtp-lang-btn\"\n                            data-lang=\"ca\"\n                            aria-label=\"Catal\u00e0\">\n                            Catal\u00e0                        <\/button>\n                                            <button class=\"pwtp-lang-btn\"\n                            data-lang=\"fil\"\n                            aria-label=\"Filipino\">\n                            Filipino                        <\/button>\n                                            <button class=\"pwtp-lang-btn\"\n                            data-lang=\"uk\"\n                            aria-label=\"\u0423\u043a\u0440\u0430\u0457\u043d\u0441\u044c\u043a\u0430\">\n                            \u0423\u043a\u0440\u0430\u0457\u043d\u0441\u044c\u043a\u0430                        <\/button>\n                                    <\/div>\n            <\/div>\n        <\/div>\n        [\/et_pb_code][\/et_pb_column][\/et_pb_row][\/et_pb_section][et_pb_section fb_built=\"1&#8243; _builder_version=\"4.27.5&#8243; _module_preset=\"default\" background_color=\"#f5f1e7&#8243; da_disable_devices=\"off|off|off\" global_colors_info=\"{}\" da_is_popup=\"off\" da_exit_intent=\"off\" da_has_close=\"on\" da_alt_close=\"off\" da_dark_close=\"off\" da_not_modal=\"on\" da_is_singular=\"off\" da_with_loader=\"off\" da_has_shadow=\"on\"][et_pb_row _builder_version=\"4.27.5&#8243; _module_preset=\"default\" global_colors_info=\"{}\"][et_pb_column type=\"4_4&#8243; _builder_version=\"4.27.5&#8243; _module_preset=\"default\" global_colors_info=\"{}\"][et_pb_text _builder_version=\"4.27.5&#8243; _module_preset=\"default\" text_text_color=\"#000000&#8243; text_font_size=\"32px\" text_line_height=\"1.2em\" text_orientation=\"center\" global_colors_info=\"{}\"]Prenditi un momento,<br \/>\n<span class=\"with\">prega con il Papa<\/span><br \/>\n[\/et_pb_text][\/et_pb_column][\/et_pb_row][et_pb_row column_structure=\"1_3,1_3,1_3&#8243; _builder_version=\"4.27.5&#8243; _module_preset=\"default\" width=\"80%\" global_colors_info=\"{}\"][et_pb_column type=\"1_3&#8243; _builder_version=\"4.27.5&#8243; _module_preset=\"default\" global_colors_info=\"{}\"][et_pb_text _builder_version=\"4.27.5&#8243; _module_preset=\"default\" text_text_color=\"#000000&#8243; text_font_size=\"20px\" background_color=\"#faf8f3&#8243; text_orientation=\"center\" width=\"220px\" module_alignment=\"center\" custom_margin=\"||20px||false|false\" custom_padding=\"20px||20px||true|false\" border_radii=\"on|30px|30px|30px|30px\" global_colors_info=\"{}\"]Come pregare<br \/>\n[\/et_pb_text][et_pb_text _builder_version=\"4.27.5&#8243; _module_preset=\"default\" text_text_color=\"#000000&#8243; text_orientation=\"center\" custom_margin=\"||20px||false|false\" global_colors_info=\"{}\"]Segui questi semplici passi per unirti al Papa nella preghiera.<br \/>\n[\/et_pb_text][et_pb_button button_url=\"https:\/\/www.popesprayer.va\/wp-content\/uploads\/2025\/12\/IT-Come-pregare-con-il-Papa.pdf\" url_new_window=\"on\" button_text=\"Per saperne di pi\u00f9\" button_alignment=\"center\" disabled_on=\"on|off|off\" _builder_version=\"4.27.5&#8243; _module_preset=\"default\" custom_button=\"on\" button_text_size=\"12px\" button_text_color=\"#000000&#8243; button_border_width=\"0px\" button_letter_spacing=\"1px\" button_font=\"|600||on|||||\" button_icon=\"&#xe046;||divi||400&#8243; button_on_hover=\"off\" global_colors_info=\"{}\" button_bg_color__hover_enabled=\"on|hover\" button_bg_color__hover=\"#000000&#8243; button_bg_enable_color__hover=\"on\" button_text_color__hover_enabled=\"on|hover\" button_text_color__hover=\"#FFFFFF\"][\/et_pb_button][et_pb_button button_url=\"https:\/\/www.popesprayer.va\/wp-content\/uploads\/2025\/12\/IT-Come-pregare-con-il-Papa-mobile-scaled.jpg\" url_new_window=\"on\" button_text=\"Per saperne di pi\u00f9\" button_alignment=\"center\" disabled_on=\"off|on|on\" _builder_version=\"4.27.5&#8243; _module_preset=\"default\" custom_button=\"on\" button_text_size=\"12px\" button_text_color=\"#000000&#8243; button_border_width=\"0px\" button_letter_spacing=\"1px\" button_font=\"|600||on|||||\" button_icon=\"&#xe046;||divi||400&#8243; button_on_hover=\"off\" global_colors_info=\"{}\" button_bg_color__hover_enabled=\"on|hover\" button_bg_color__hover=\"#000000&#8243; button_bg_enable_color__hover=\"on\" button_text_color__hover_enabled=\"on|hover\" button_text_color__hover=\"#FFFFFF\"][\/et_pb_button][\/et_pb_column][et_pb_column type=\"1_3&#8243; _builder_version=\"4.27.5&#8243; _module_preset=\"default\" global_colors_info=\"{}\"][et_pb_text _builder_version=\"4.27.5&#8243; _module_preset=\"default\" text_text_color=\"#000000&#8243; text_font_size=\"20px\" background_color=\"#faf8f3&#8243; text_orientation=\"center\" width=\"220px\" module_alignment=\"center\" custom_margin=\"||20px||false|false\" custom_padding=\"20px||20px||true|false\" border_radii=\"on|30px|30px|30px|30px\" global_colors_info=\"{}\"]L&#8217;Audio del Papa<br \/>\n[\/et_pb_text][et_pb_text _builder_version=\"4.27.5&#8243; _module_preset=\"default\" text_text_color=\"#000000&#8243; text_orientation=\"center\" custom_margin=\"||20px||false|false\" global_colors_info=\"{}\"]Ascolta la preghiera del Papa sulle nostre app partner.<br \/>\n[\/et_pb_text][et_pb_button button_url=\"#partner\" url_new_window=\"on\" button_text=\"Ascolta qui\" button_alignment=\"center\" _builder_version=\"4.27.5&#8243; _module_preset=\"default\" custom_button=\"on\" button_text_size=\"12px\" button_text_color=\"#000000&#8243; button_border_width=\"0px\" button_letter_spacing=\"1px\" button_font=\"|600||on|||||\" button_icon=\"&#xe046;||divi||400&#8243; button_on_hover=\"off\" global_colors_info=\"{}\" button_bg_color__hover_enabled=\"on|hover\" button_bg_color__hover=\"#000000&#8243; button_bg_enable_color__hover=\"on\" button_text_color__hover_enabled=\"on|hover\" button_text_color__hover=\"#FFFFFF\"][\/et_pb_button][\/et_pb_column][et_pb_column type=\"1_3&#8243; _builder_version=\"4.27.5&#8243; _module_preset=\"default\" global_colors_info=\"{}\"][et_pb_text _builder_version=\"4.27.5&#8243; _module_preset=\"default\" text_text_color=\"#000000&#8243; text_font_size=\"20px\" background_color=\"#faf8f3&#8243; text_orientation=\"center\" width=\"220px\" module_alignment=\"center\" custom_margin=\"||20px||false|false\" custom_padding=\"20px||20px||true|false\" border_radii=\"on|30px|30px|30px|30px\" global_colors_info=\"{}\"]Kit di strumenti<br \/>\n[\/et_pb_text][et_pb_text _builder_version=\"4.27.5&#8243; _module_preset=\"default\" text_text_color=\"#000000&#8243; text_orientation=\"center\" custom_margin=\"||20px||false|false\" global_colors_info=\"{}\"]Iscriviti per accedere al materiale completo della campagna di questo mese.<br \/>\n[\/et_pb_text][et_pb_button button_url=\"#download\" url_new_window=\"on\" button_text=\"Scarica\" button_alignment=\"center\" _builder_version=\"4.27.5&#8243; _module_preset=\"default\" custom_button=\"on\" button_text_size=\"12px\" button_text_color=\"#000000&#8243; button_border_width=\"0px\" button_letter_spacing=\"1px\" button_font=\"|600||on|||||\" button_icon=\"&#xe046;||divi||400&#8243; button_on_hover=\"off\" global_colors_info=\"{}\" button_bg_color__hover_enabled=\"on|hover\" button_bg_color__hover=\"#000000&#8243; button_bg_enable_color__hover=\"on\" button_text_color__hover_enabled=\"on|hover\" button_text_color__hover=\"#FFFFFF\"][\/et_pb_button][\/et_pb_column][\/et_pb_row][\/et_pb_section][et_pb_section fb_built=\"1&#8243; _builder_version=\"4.27.5&#8243; _module_preset=\"default\" background_color=\"#f5f1e7&#8243; custom_padding=\"8vw||8vw||true|false\" da_disable_devices=\"off|off|off\" global_colors_info=\"{}\" da_is_popup=\"off\" da_exit_intent=\"off\" da_has_close=\"on\" da_alt_close=\"off\" da_dark_close=\"off\" da_not_modal=\"on\" da_is_singular=\"off\" da_with_loader=\"off\" da_has_shadow=\"on\"][et_pb_row _builder_version=\"4.27.5&#8243; _module_preset=\"default\" global_colors_info=\"{}\"][et_pb_column type=\"4_4&#8243; _builder_version=\"4.27.5&#8243; _module_preset=\"default\" global_colors_info=\"{}\"][et_pb_text _builder_version=\"4.27.5&#8243; _module_preset=\"default\" text_text_color=\"#000000&#8243; text_font_size=\"32px\" text_line_height=\"1.2em\" text_orientation=\"center\" global_colors_info=\"{}\"]Informazioni sulla campagna<br \/>\n[\/et_pb_text][et_pb_text admin_label=\"Text\" _builder_version=\"4.27.5&#8243; _module_preset=\"default\" text_text_color=\"#000000&#8243; text_orientation=\"center\" global_colors_info=\"{}\"]<\/p>\n<p>Prega con il Papa \u00e8 un&#8217;iniziativa globale della Rete Mondiale di Preghiera del Papa in cui il Santo Padre condivide la sua intenzione di preghiera mensile, un invito a pregare e a mobilitarsi per le sfide dell&#8217;umanit\u00e0 e della missione della Chiesa, attraverso Il Video del Papa e L&#8217;Audio del Papa.<\/p>\n<p>Semplice e accessibile, aiuta chiunque, ovunque si trovi, <strong>a dedicare un momento alla preghiera con il Papa<\/strong> e a rimanere in contatto con la missione della Chiesa.<\/p>\n<p>[\/et_pb_text][et_pb_button button_url=\"https:\/\/thepopevideo.org\/?lang=it\" url_new_window=\"on\" button_text=\"Prega le intenzioni precedenti\" button_alignment=\"center\" disabled_on=\"on|on|on\" admin_label=\"Button\" _builder_version=\"4.27.5&#8243; _module_preset=\"default\" custom_button=\"on\" button_text_size=\"12px\" button_text_color=\"#000000&#8243; button_border_width=\"0px\" button_letter_spacing=\"1px\" button_font=\"|600||on|||||\" button_icon=\"&#xe046;||divi||400&#8243; button_on_hover=\"off\" disabled=\"on\" global_colors_info=\"{}\" button_bg_color__hover_enabled=\"on|hover\" button_bg_color__hover=\"#000000&#8243; button_bg_enable_color__hover=\"on\" button_text_color__hover_enabled=\"on|hover\" button_text_color__hover=\"#FFFFFF\"][\/et_pb_button][\/et_pb_column][\/et_pb_row][et_pb_row column_structure=\"1_2,1_2&#8243; _builder_version=\"4.27.5&#8243; _module_preset=\"default\" global_colors_info=\"{}\"][et_pb_column type=\"1_2&#8243; _builder_version=\"4.27.5&#8243; _module_preset=\"default\" global_colors_info=\"{}\"][et_pb_button button_url=\"https:\/\/www.youtube.com\/playlist?list=PLmADjQKFi6OeWVbd550teBM-4koJju-Ik\" url_new_window=\"on\" button_text=\"Prega le intenzioni precedenti\" button_alignment=\"center\" admin_label=\"Button\" _builder_version=\"4.27.5&#8243; _module_preset=\"default\" custom_button=\"on\" button_text_size=\"12px\" button_text_color=\"#000000&#8243; button_border_width=\"0px\" button_letter_spacing=\"1px\" button_font=\"|600||on|||||\" button_icon=\"&#xe046;||divi||400&#8243; button_on_hover=\"off\" global_colors_info=\"{}\" button_bg_color__hover_enabled=\"on|hover\" button_bg_color__hover=\"#000000&#8243; button_bg_enable_color__hover=\"on\" button_text_color__hover_enabled=\"on|hover\" button_text_color__hover=\"#FFFFFF\"][\/et_pb_button][\/et_pb_column][et_pb_column type=\"1_2&#8243; _builder_version=\"4.27.5&#8243; _module_preset=\"default\" global_colors_info=\"{}\"][et_pb_button button_url=\"https:\/\/thepopevideo.org\/?lang=it\" url_new_window=\"on\" button_text=\"Archivio 2016-2025&#8243; button_alignment=\"center\" admin_label=\"Button\" _builder_version=\"4.27.5&#8243; _module_preset=\"default\" custom_button=\"on\" button_text_size=\"12px\" button_text_color=\"#000000&#8243; button_border_width=\"0px\" button_letter_spacing=\"1px\" button_font=\"|600||on|||||\" button_icon=\"&#xe046;||divi||400&#8243; button_on_hover=\"off\" global_colors_info=\"{}\" button_bg_color__hover_enabled=\"on|hover\" button_bg_color__hover=\"#000000&#8243; button_bg_enable_color__hover=\"on\" button_text_color__hover_enabled=\"on|hover\" button_text_color__hover=\"#FFFFFF\"][\/et_pb_button][\/et_pb_column][\/et_pb_row][\/et_pb_section][et_pb_section fb_built=\"1&#8243; admin_label=\"Popup - #partner\" module_id=\"partner\" module_class=\"popup single\" _builder_version=\"4.27.5&#8243; _module_preset=\"default\" background_color=\"#faf8f3&#8243; da_is_popup=\"on\" da_popup_slug=\"partner\" da_is_singular=\"on\" da_disable_devices=\"off|off|off\" global_colors_info=\"{}\" da_exit_intent=\"off\" da_has_close=\"on\" da_alt_close=\"off\" da_dark_close=\"off\" da_not_modal=\"on\" da_with_loader=\"off\" da_has_shadow=\"on\"][et_pb_row _builder_version=\"4.27.5&#8243; _module_preset=\"default\" global_colors_info=\"{}\"][et_pb_column type=\"4_4&#8243; _builder_version=\"4.27.5&#8243; _module_preset=\"default\" global_colors_info=\"{}\"][et_pb_text _builder_version=\"4.27.5&#8243; _module_preset=\"default\" header_2_font=\"DM Sans||||||||\" header_2_text_align=\"center\" header_2_text_color=\"#000000&#8243; header_2_font_size=\"24px\" global_colors_info=\"{}\"]<\/p>\n<h2>Ascolta la preghiera del Papa sulle nostre app partner<\/h2>\n<p>[\/et_pb_text][\/et_pb_column][\/et_pb_row][et_pb_row column_structure=\"1_6,1_6,1_6,1_6,1_6,1_6&#8243; make_equal=\"on\" _builder_version=\"4.27.5&#8243; _module_preset=\"default\" global_colors_info=\"{}\"][et_pb_column type=\"1_6&#8243; _builder_version=\"4.27.5&#8243; _module_preset=\"default\" custom_css_main_element=\"margin: auto 0 0;\" global_colors_info=\"{}\"][\/et_pb_column][et_pb_column type=\"1_6&#8243; _builder_version=\"4.27.5&#8243; _module_preset=\"default\" custom_css_main_element=\"margin: auto 0 0;\" global_colors_info=\"{}\"][et_pb_blurb title=\"Radio Vaticana\" url_new_window=\"on\" image=\"https:\/\/www.popesprayer.va\/wp-content\/uploads\/2026\/01\/logo-radio-vaticana.png\" alt=\"logo-radio-vaticana\" image_icon_width=\"60%\" module_class=\"link-radio-vaticana\" _builder_version=\"4.27.6&#8243; _module_preset=\"default\" header_font=\"DM Sans|700||on|||||\" header_text_align=\"center\" header_font_size=\"16px\" header_letter_spacing=\"1px\" link_option_url_new_window=\"on\" animation_tablet=\"off\" animation_phone=\"off\" animation_last_edited=\"on|tablet\" global_colors_info=\"{}\"][\/et_pb_blurb][\/et_pb_column][et_pb_column type=\"1_6&#8243; _builder_version=\"4.27.5&#8243; _module_preset=\"default\" custom_css_main_element=\"margin: auto 0 0;\" global_colors_info=\"{}\"][et_pb_blurb title=\"Pray as you go\" url_new_window=\"on\" image=\"https:\/\/www.popesprayer.va\/wp-content\/uploads\/2025\/12\/logo-PAYG_black.png\" alt=\"logo PAYG_black\" image_icon_width=\"60%\" module_class=\"link-pray-as-you-go\" _builder_version=\"4.27.6&#8243; _module_preset=\"default\" header_font=\"DM Sans|700||on|||||\" header_text_align=\"center\" header_font_size=\"16px\" header_letter_spacing=\"1px\" link_option_url_new_window=\"on\" animation_tablet=\"off\" animation_phone=\"off\" animation_last_edited=\"on|tablet\" global_colors_info=\"{}\"][\/et_pb_blurb][\/et_pb_column][et_pb_column type=\"1_6&#8243; _builder_version=\"4.27.5&#8243; _module_preset=\"default\" custom_css_main_element=\"margin: auto 0 0;\" global_colors_info=\"{}\"][et_pb_blurb title=\"Rezandovoy\" url_new_window=\"on\" image=\"https:\/\/www.popesprayer.va\/wp-content\/uploads\/2025\/12\/logo-RV_negro.png\" alt=\"logo RV_negro\" image_icon_width=\"60%\" module_class=\"link-rezando-voy\" _builder_version=\"4.27.6&#8243; _module_preset=\"default\" header_font=\"DM Sans|700||on|||||\" header_text_align=\"center\" header_font_size=\"16px\" header_letter_spacing=\"1px\" link_option_url_new_window=\"on\" animation_tablet=\"off\" animation_phone=\"off\" animation_last_edited=\"on|tablet\" global_colors_info=\"{}\"][\/et_pb_blurb][\/et_pb_column][et_pb_column type=\"1_6&#8243; _builder_version=\"4.27.5&#8243; _module_preset=\"default\" custom_css_main_element=\"margin: auto 0 0;\" global_colors_info=\"{}\"][et_pb_blurb title=\"Hallow\" image=\"https:\/\/www.popesprayer.va\/wp-content\/uploads\/2025\/12\/hallow-logo.png\" alt=\"hallow-logo\" image_icon_width=\"60%\" module_class=\"link-hallow\" _builder_version=\"4.27.6&#8243; _module_preset=\"default\" header_font=\"DM Sans|700||on|||||\" header_text_align=\"center\" header_font_size=\"16px\" header_letter_spacing=\"1px\" link_option_url_new_window=\"on\" animation_tablet=\"off\" animation_phone=\"off\" animation_last_edited=\"on|tablet\" global_colors_info=\"{}\"][\/et_pb_blurb][\/et_pb_column][et_pb_column type=\"1_6&#8243; _builder_version=\"4.27.5&#8243; _module_preset=\"default\" custom_css_main_element=\"margin: auto 0 0;\" global_colors_info=\"{}\"][\/et_pb_column][\/et_pb_row][\/et_pb_section][et_pb_section fb_built=\"1&#8243; admin_label=\"Popup - #download\" module_id=\"download\" module_class=\"popup single\" _builder_version=\"4.27.5&#8243; _module_preset=\"default\" background_color=\"#faf8f3&#8243; da_is_popup=\"on\" da_popup_slug=\"download\" da_is_singular=\"on\" da_disable_devices=\"off|off|off\" global_colors_info=\"{}\" da_exit_intent=\"off\" da_has_close=\"on\" da_alt_close=\"off\" da_dark_close=\"off\" da_not_modal=\"on\" da_with_loader=\"off\" da_has_shadow=\"on\"][et_pb_row _builder_version=\"4.27.5&#8243; _module_preset=\"default\" global_colors_info=\"{}\"][et_pb_column type=\"4_4&#8243; _builder_version=\"4.27.5&#8243; _module_preset=\"default\" global_colors_info=\"{}\"][et_pb_text _builder_version=\"4.27.5&#8243; _module_preset=\"default\" header_2_font=\"DM Sans||||||||\" header_2_text_align=\"center\" header_2_text_color=\"#000000&#8243; header_2_font_size=\"24px\" global_colors_info=\"{}\"]<\/p>\n<h2>Iscriviti e accedi a tutto il materiale<\/h2>\n<p>[\/et_pb_text][et_pb_code disabled_on=\"off|off|off\" _builder_version=\"4.27.5&#8243; _module_preset=\"default\" max_width=\"420px\" module_alignment=\"center\" global_colors_info=\"{}\"]  <!--wpml:ignore-->\n  <!-- Mailchimp Embed -->\n  <link href=\"https:\/\/cdn-images.mailchimp.com\/embedcode\/classic-061523.css\" rel=\"stylesheet\" type=\"text\/css\">\n\n    <div id=\"mc_embed_signup\">\n        <form action=\"https:\/\/clicktopray.us9.list-manage.com\/subscribe\/post?u=c972ff188380c472a4fbc80ca&id=08860c7737&f_id=003c50e1f0\"\n              method=\"post\" id=\"mc-embedded-subscribe-form\" name=\"mc-embedded-subscribe-form\" class=\"validate\" target=\"_blank\">\n\n            <div id=\"mc_embed_signup_scroll\">\n                <div class=\"mc-field-group\">\n                    <label for=\"mce-EMAIL\">E-mail <span class=\"asterisk\">*<\/span><\/label>\n                    <input type=\"email\" name=\"EMAIL\" class=\"required email\" id=\"mce-EMAIL\" required>\n                <\/div>\n\n                <div class=\"mc-field-group\">\n                    <label for=\"mce-IDIOMA\">Language <span class=\"asterisk\">*<\/span><\/label>\n                    <select name=\"IDIOMA\" class=\"required\" id=\"mce-IDIOMA\" required>\n                        <option value=\"\"><\/option>\n                        <option value=\"Ingl\u00e9s\">English<\/option>\n                        <option value=\"Espa\u00f1ol\">Espa\u00f1ol<\/option>\n                        <option value=\"Portugu\u00e9s\">Portugu\u00eas<\/option>\n                        <option value=\"Italiano\">Italiano<\/option>\n                        <option value=\"Frances\">Fran\u00e7ais<\/option>\n                    <\/select>\n                <\/div>\n\n                <input type=\"hidden\" name=\"tags\" value=\"11839485\">\n\n                <div id=\"mce-responses\" class=\"clear\">\n                    <div class=\"response\" id=\"mce-error-response\" style=\"display:none\"><\/div>\n                    <div class=\"response\" id=\"mce-success-response\" style=\"display:none\"><\/div>\n                <\/div>\n\n                <div style=\"position:absolute; left:-5000px;\" aria-hidden=\"true\">\n                    <input type=\"text\" name=\"b_c972ff188380c472a4fbc80ca_08860c7737\" tabindex=\"-1\" value=\"\">\n                <\/div>\n\n                <div class=\"clear\">\n                    <input type=\"submit\" name=\"subscribe\" id=\"mc-embedded-subscribe\" class=\"button\" value=\"Subscribe\">\n                <\/div>\n            <\/div>\n        <\/form>\n    <\/div>\n\n    <script src=\"https:\/\/s3.amazonaws.com\/downloads.mailchimp.com\/js\/mc-validate.js\"><\/script>\n    <script>\n        (function($) {\n            $(document).ready(function() {\n                window.fnames = new Array();\n                window.ftypes = new Array();\n                fnames[0]='EMAIL'; ftypes[0]='email';\n                fnames[1]='IDIOMA'; ftypes[1]='dropdown';\n                \n                \/\/ ACTIVADOR AJAX SEGURO PARA DIVI\n                window.$mcj = jQuery.noConflict(true);\n            });\n        })(jQuery);\n    <\/script>\n  <!--\/wpml:ignore-->\n  [\/et_pb_code][\/et_pb_column][\/et_pb_row][\/et_pb_section]<\/p>\n","protected":false},"excerpt":{"rendered":"<p>[et_pb_section fb_built=\"1&#8243; _builder_version=\"4.27.5&#8243; _module_preset=\"default\" background_color=\"#f5f1e7&#8243; custom_padding=\"0px||0px||false|false\" da_disable_devices=\"off|off|off\" global_colors_info=\"{}\" da_is_popup=\"off\" da_exit_intent=\"off\" da_has_close=\"on\" da_alt_close=\"off\" da_dark_close=\"off\" da_not_modal=\"on\" da_is_singular=\"off\" da_with_loader=\"off\" da_has_shadow=\"on\"][et_pb_row _builder_version=\"4.27.5&#8243; _module_preset=\"default\" width=\"100%\" max_width=\"1000000px\" custom_padding=\"0px||0px||false|false\" global_colors_info=\"{}\"][et_pb_column type=\"4_4&#8243; _builder_version=\"4.27.5&#8243; _module_preset=\"default\" global_colors_info=\"{}\"][et_pb_code _builder_version=\"4.27.5&#8243; _module_preset=\"default\" global_colors_info=\"{}\"][\/et_pb_code][\/et_pb_column][\/et_pb_row][\/et_pb_section][et_pb_section fb_built=\"1&#8243; _builder_version=\"4.27.5&#8243; _module_preset=\"default\" background_color=\"#f5f1e7&#8243; da_disable_devices=\"off|off|off\" global_colors_info=\"{}\" da_is_popup=\"off\" da_exit_intent=\"off\" da_has_close=\"on\" da_alt_close=\"off\" da_dark_close=\"off\" da_not_modal=\"on\" da_is_singular=\"off\" da_with_loader=\"off\" da_has_shadow=\"on\"][et_pb_row _builder_version=\"4.27.5&#8243; _module_preset=\"default\" global_colors_info=\"{}\"][et_pb_column type=\"4_4&#8243; _builder_version=\"4.27.5&#8243; _module_preset=\"default\" global_colors_info=\"{}\"][et_pb_text _builder_version=\"4.27.5&#8243; _module_preset=\"default\" text_text_color=\"#000000&#8243; [&hellip;]<\/p>\n","protected":false},"author":1,"featured_media":96892,"parent":0,"menu_order":0,"comment_status":"closed","ping_status":"closed","template":"","meta":{"_acf_changed":false,"_et_pb_use_builder":"on","_et_pb_old_content":"","_et_gb_content_width":"","footnotes":""},"class_list":["post-90722","page","type-page","status-publish","has-post-thumbnail","hentry"],"acf":[],"yoast_head":"<!-- This site is optimized with the Yoast SEO plugin v27.5 - https:\/\/yoast.com\/product\/yoast-seo-wordpress\/ -->\n<title>Prega con il Papa - Per un\u2019alimentazione per tutti<\/title>\n<meta name=\"description\" content=\"Preghiamo affinch\u00e9 ciascuno, dai grandi produttori ai piccoli consumatori, si impegni per evitare gli sprechi di alimenti e perch\u00e9 ogni persona abbia accesso a un&#039;alimentazione di qualit\u00e0. (Papa Leone XIV).\" \/>\n<meta name=\"robots\" content=\"index, follow, max-snippet:-1, max-image-preview:large, max-video-preview:-1\" \/>\n<link rel=\"canonical\" href=\"https:\/\/www.popesprayer.va\/it\/pregaconilpapa\/\" \/>\n<meta property=\"og:locale\" content=\"it_IT\" \/>\n<meta property=\"og:type\" content=\"article\" \/>\n<meta property=\"og:title\" content=\"Prega con il Papa - Per un\u2019alimentazione per tutti\" \/>\n<meta property=\"og:description\" content=\"Preghiamo affinch\u00e9 ciascuno, dai grandi produttori ai piccoli consumatori, si impegni per evitare gli sprechi di alimenti e perch\u00e9 ogni persona abbia accesso a un&#039;alimentazione di qualit\u00e0. (Papa Leone XIV).\" \/>\n<meta property=\"og:url\" content=\"https:\/\/www.popesprayer.va\/it\/pregaconilpapa\/\" \/>\n<meta property=\"og:site_name\" content=\"Rete Mondiale di Preghiera del Papa\" \/>\n<meta property=\"article:modified_time\" content=\"2026-04-29T18:42:08+00:00\" \/>\n<meta property=\"og:image\" content=\"https:\/\/www.popesprayer.va\/wp-content\/uploads\/2026\/04\/LP-header-May-2026-1-1-scaled.jpg\" \/>\n\t<meta property=\"og:image:width\" content=\"2560\" \/>\n\t<meta property=\"og:image:height\" content=\"1207\" \/>\n\t<meta property=\"og:image:type\" content=\"image\/jpeg\" \/>\n<meta name=\"twitter:card\" content=\"summary_large_image\" \/>\n<meta name=\"twitter:label1\" content=\"Tempo di lettura stimato\" \/>\n\t<meta name=\"twitter:data1\" content=\"2 minuti\" \/>\n<script type=\"application\/ld+json\" class=\"yoast-schema-graph\">{\"@context\":\"https:\\\/\\\/schema.org\",\"@graph\":[{\"@type\":\"WebPage\",\"@id\":\"https:\\\/\\\/www.popesprayer.va\\\/it\\\/pregaconilpapa\\\/\",\"url\":\"https:\\\/\\\/www.popesprayer.va\\\/it\\\/pregaconilpapa\\\/\",\"name\":\"Prega con il Papa - Per un\u2019alimentazione per tutti\",\"isPartOf\":{\"@id\":\"https:\\\/\\\/www.popesprayer.va\\\/it\\\/#website\"},\"primaryImageOfPage\":{\"@id\":\"https:\\\/\\\/www.popesprayer.va\\\/it\\\/pregaconilpapa\\\/#primaryimage\"},\"image\":{\"@id\":\"https:\\\/\\\/www.popesprayer.va\\\/it\\\/pregaconilpapa\\\/#primaryimage\"},\"thumbnailUrl\":\"https:\\\/\\\/www.popesprayer.va\\\/wp-content\\\/uploads\\\/2026\\\/04\\\/LP-header-May-2026-1-1-scaled.jpg\",\"datePublished\":\"2025-12-23T13:00:39+00:00\",\"dateModified\":\"2026-04-29T18:42:08+00:00\",\"description\":\"Preghiamo affinch\u00e9 ciascuno, dai grandi produttori ai piccoli consumatori, si impegni per evitare gli sprechi di alimenti e perch\u00e9 ogni persona abbia accesso a un'alimentazione di qualit\u00e0. (Papa Leone XIV).\",\"breadcrumb\":{\"@id\":\"https:\\\/\\\/www.popesprayer.va\\\/it\\\/pregaconilpapa\\\/#breadcrumb\"},\"inLanguage\":\"it-IT\",\"potentialAction\":[{\"@type\":\"ReadAction\",\"target\":[\"https:\\\/\\\/www.popesprayer.va\\\/it\\\/pregaconilpapa\\\/\"]}]},{\"@type\":\"ImageObject\",\"inLanguage\":\"it-IT\",\"@id\":\"https:\\\/\\\/www.popesprayer.va\\\/it\\\/pregaconilpapa\\\/#primaryimage\",\"url\":\"https:\\\/\\\/www.popesprayer.va\\\/wp-content\\\/uploads\\\/2026\\\/04\\\/LP-header-May-2026-1-1-scaled.jpg\",\"contentUrl\":\"https:\\\/\\\/www.popesprayer.va\\\/wp-content\\\/uploads\\\/2026\\\/04\\\/LP-header-May-2026-1-1-scaled.jpg\",\"width\":2560,\"height\":1207,\"caption\":\"Intestazione LP - Maggio 2026 (1)\"},{\"@type\":\"BreadcrumbList\",\"@id\":\"https:\\\/\\\/www.popesprayer.va\\\/it\\\/pregaconilpapa\\\/#breadcrumb\",\"itemListElement\":[{\"@type\":\"ListItem\",\"position\":1,\"name\":\"Home\",\"item\":\"https:\\\/\\\/www.popesprayer.va\\\/it\\\/casa\\\/\"},{\"@type\":\"ListItem\",\"position\":2,\"name\":\"Prega con il Papa\"}]},{\"@type\":\"WebSite\",\"@id\":\"https:\\\/\\\/www.popesprayer.va\\\/it\\\/#website\",\"url\":\"https:\\\/\\\/www.popesprayer.va\\\/it\\\/\",\"name\":\"Pope's Worldwide Prayer Network\",\"description\":\"Pray together, change the world\",\"publisher\":{\"@id\":\"https:\\\/\\\/www.popesprayer.va\\\/it\\\/#organization\"},\"potentialAction\":[{\"@type\":\"SearchAction\",\"target\":{\"@type\":\"EntryPoint\",\"urlTemplate\":\"https:\\\/\\\/www.popesprayer.va\\\/it\\\/?s={search_term_string}\"},\"query-input\":{\"@type\":\"PropertyValueSpecification\",\"valueRequired\":true,\"valueName\":\"search_term_string\"}}],\"inLanguage\":\"it-IT\"},{\"@type\":\"Organization\",\"@id\":\"https:\\\/\\\/www.popesprayer.va\\\/it\\\/#organization\",\"name\":\"Rete di preghiera mondiale del Papa\",\"url\":\"https:\\\/\\\/www.popesprayer.va\\\/it\\\/\",\"logo\":{\"@type\":\"ImageObject\",\"inLanguage\":\"it-IT\",\"@id\":\"https:\\\/\\\/www.popesprayer.va\\\/it\\\/#\\\/schema\\\/logo\\\/image\\\/\",\"url\":\"https:\\\/\\\/www.popesprayer.va\\\/wp-content\\\/uploads\\\/2025\\\/01\\\/Logo-Popes-Worldwide-Prayer-Network-Pontifical-Work-EN-Horizontal.png\",\"contentUrl\":\"https:\\\/\\\/www.popesprayer.va\\\/wp-content\\\/uploads\\\/2025\\\/01\\\/Logo-Popes-Worldwide-Prayer-Network-Pontifical-Work-EN-Horizontal.png\",\"width\":1328,\"height\":228,\"caption\":\"Rete di preghiera mondiale del Papa\"},\"image\":{\"@id\":\"https:\\\/\\\/www.popesprayer.va\\\/it\\\/#\\\/schema\\\/logo\\\/image\\\/\"}}]}<\/script>\n<!-- \/ Yoast SEO plugin. -->","yoast_head_json":{"title":"Prega con il Papa - Per un\u2019alimentazione per tutti","description":"Preghiamo affinch\u00e9 ciascuno, dai grandi produttori ai piccoli consumatori, si impegni per evitare gli sprechi di alimenti e perch\u00e9 ogni persona abbia accesso a un'alimentazione di qualit\u00e0. (Papa Leone XIV).","robots":{"index":"index","follow":"follow","max-snippet":"max-snippet:-1","max-image-preview":"max-image-preview:large","max-video-preview":"max-video-preview:-1"},"canonical":"https:\/\/www.popesprayer.va\/it\/pregaconilpapa\/","og_locale":"it_IT","og_type":"article","og_title":"Prega con il Papa - Per un\u2019alimentazione per tutti","og_description":"Preghiamo affinch\u00e9 ciascuno, dai grandi produttori ai piccoli consumatori, si impegni per evitare gli sprechi di alimenti e perch\u00e9 ogni persona abbia accesso a un'alimentazione di qualit\u00e0. (Papa Leone XIV).","og_url":"https:\/\/www.popesprayer.va\/it\/pregaconilpapa\/","og_site_name":"Rete Mondiale di Preghiera del Papa","article_modified_time":"2026-04-29T18:42:08+00:00","og_image":[{"width":2560,"height":1207,"url":"https:\/\/www.popesprayer.va\/wp-content\/uploads\/2026\/04\/LP-header-May-2026-1-1-scaled.jpg","type":"image\/jpeg"}],"twitter_card":"summary_large_image","twitter_misc":{"Tempo di lettura stimato":"2 minuti"},"schema":{"@context":"https:\/\/schema.org","@graph":[{"@type":"WebPage","@id":"https:\/\/www.popesprayer.va\/it\/pregaconilpapa\/","url":"https:\/\/www.popesprayer.va\/it\/pregaconilpapa\/","name":"Prega con il Papa - Per un\u2019alimentazione per tutti","isPartOf":{"@id":"https:\/\/www.popesprayer.va\/it\/#website"},"primaryImageOfPage":{"@id":"https:\/\/www.popesprayer.va\/it\/pregaconilpapa\/#primaryimage"},"image":{"@id":"https:\/\/www.popesprayer.va\/it\/pregaconilpapa\/#primaryimage"},"thumbnailUrl":"https:\/\/www.popesprayer.va\/wp-content\/uploads\/2026\/04\/LP-header-May-2026-1-1-scaled.jpg","datePublished":"2025-12-23T13:00:39+00:00","dateModified":"2026-04-29T18:42:08+00:00","description":"Preghiamo affinch\u00e9 ciascuno, dai grandi produttori ai piccoli consumatori, si impegni per evitare gli sprechi di alimenti e perch\u00e9 ogni persona abbia accesso a un'alimentazione di qualit\u00e0. (Papa Leone XIV).","breadcrumb":{"@id":"https:\/\/www.popesprayer.va\/it\/pregaconilpapa\/#breadcrumb"},"inLanguage":"it-IT","potentialAction":[{"@type":"ReadAction","target":["https:\/\/www.popesprayer.va\/it\/pregaconilpapa\/"]}]},{"@type":"ImageObject","inLanguage":"it-IT","@id":"https:\/\/www.popesprayer.va\/it\/pregaconilpapa\/#primaryimage","url":"https:\/\/www.popesprayer.va\/wp-content\/uploads\/2026\/04\/LP-header-May-2026-1-1-scaled.jpg","contentUrl":"https:\/\/www.popesprayer.va\/wp-content\/uploads\/2026\/04\/LP-header-May-2026-1-1-scaled.jpg","width":2560,"height":1207,"caption":"Intestazione LP - Maggio 2026 (1)"},{"@type":"BreadcrumbList","@id":"https:\/\/www.popesprayer.va\/it\/pregaconilpapa\/#breadcrumb","itemListElement":[{"@type":"ListItem","position":1,"name":"Home","item":"https:\/\/www.popesprayer.va\/it\/casa\/"},{"@type":"ListItem","position":2,"name":"Prega con il Papa"}]},{"@type":"WebSite","@id":"https:\/\/www.popesprayer.va\/it\/#website","url":"https:\/\/www.popesprayer.va\/it\/","name":"Pope's Worldwide Prayer Network","description":"Pray together, change the world","publisher":{"@id":"https:\/\/www.popesprayer.va\/it\/#organization"},"potentialAction":[{"@type":"SearchAction","target":{"@type":"EntryPoint","urlTemplate":"https:\/\/www.popesprayer.va\/it\/?s={search_term_string}"},"query-input":{"@type":"PropertyValueSpecification","valueRequired":true,"valueName":"search_term_string"}}],"inLanguage":"it-IT"},{"@type":"Organization","@id":"https:\/\/www.popesprayer.va\/it\/#organization","name":"Rete di preghiera mondiale del Papa","url":"https:\/\/www.popesprayer.va\/it\/","logo":{"@type":"ImageObject","inLanguage":"it-IT","@id":"https:\/\/www.popesprayer.va\/it\/#\/schema\/logo\/image\/","url":"https:\/\/www.popesprayer.va\/wp-content\/uploads\/2025\/01\/Logo-Popes-Worldwide-Prayer-Network-Pontifical-Work-EN-Horizontal.png","contentUrl":"https:\/\/www.popesprayer.va\/wp-content\/uploads\/2025\/01\/Logo-Popes-Worldwide-Prayer-Network-Pontifical-Work-EN-Horizontal.png","width":1328,"height":228,"caption":"Rete di preghiera mondiale del Papa"},"image":{"@id":"https:\/\/www.popesprayer.va\/it\/#\/schema\/logo\/image\/"}}]}},"_links":{"self":[{"href":"https:\/\/www.popesprayer.va\/it\/wp-json\/wp\/v2\/pages\/90722","targetHints":{"allow":["GET"]}}],"collection":[{"href":"https:\/\/www.popesprayer.va\/it\/wp-json\/wp\/v2\/pages"}],"about":[{"href":"https:\/\/www.popesprayer.va\/it\/wp-json\/wp\/v2\/types\/page"}],"author":[{"embeddable":true,"href":"https:\/\/www.popesprayer.va\/it\/wp-json\/wp\/v2\/users\/1"}],"replies":[{"embeddable":true,"href":"https:\/\/www.popesprayer.va\/it\/wp-json\/wp\/v2\/comments?post=90722"}],"version-history":[{"count":336,"href":"https:\/\/www.popesprayer.va\/it\/wp-json\/wp\/v2\/pages\/90722\/revisions"}],"predecessor-version":[{"id":96917,"href":"https:\/\/www.popesprayer.va\/it\/wp-json\/wp\/v2\/pages\/90722\/revisions\/96917"}],"wp:featuredmedia":[{"embeddable":true,"href":"https:\/\/www.popesprayer.va\/it\/wp-json\/wp\/v2\/media\/96892"}],"wp:attachment":[{"href":"https:\/\/www.popesprayer.va\/it\/wp-json\/wp\/v2\/media?parent=90722"}],"curies":[{"name":"wp","href":"https:\/\/api.w.org\/{rel}","templated":true}]}}