{"id":84292,"date":"2025-04-14T13:01:08","date_gmt":"2025-04-14T11:01:08","guid":{"rendered":"https:\/\/www.popesprayer.va\/quem-somos\/"},"modified":"2026-07-29T15:37:30","modified_gmt":"2026-07-29T13:37:30","slug":"quem-somos","status":"publish","type":"page","link":"https:\/\/www.popesprayer.va\/pt-pt\/quem-somos\/","title":{"rendered":"Quem somos"},"content":{"rendered":"<div class=\"et_pb_section_0 et_pb_section et_section_regular et_block_section section_has_divider et_pb_top_divider et_pb_bottom_divider\"><div class=\"et_pb_top_inside_divider et-no-transition\"><\/div>\n<div class=\"et_pb_row_0 et_pb_row et_block_row preset--module--divi-row--default\">\n<div class=\"et_pb_column_0 et_pb_column et_pb_column_3_5 et_block_column et_pb_css_mix_blend_mode_passthrough\">\n<div class=\"et_pb_text_0 et_pb_text et_pb_bg_layout_light et_pb_module et_block_module\"><div class=\"et_pb_text_inner\"><h1>N\u00f3s somos<\/h1>\n<h2>Uma comunidade global de ora\u00e7\u00e3o e miss\u00e3o<\/h2>\n<\/div><\/div>\n\n<div class=\"et_pb_text_1 et_pb_text et_pb_bg_layout_light et_pb_module et_block_module\"><div class=\"et_pb_text_inner\"><p data-start=\"323\" data-end=\"511\" class=\"\">Caminhamos juntos, unidos pelas inten\u00e7\u00f5es do Papa, deixando que os nossos cora\u00e7\u00f5es se comovam com as necessidades profundas do mundo. Atrav\u00e9s da ora\u00e7\u00e3o e da compaix\u00e3o, respondemos - com milh\u00f5es - onde o amor \u00e9 mais necess\u00e1rio. <\/p>\n<\/div><\/div>\n<\/div>\n\n<div class=\"et_pb_column_1 et_pb_column et_pb_column_2_5 et-last-child et_block_column et_pb_column_empty et_pb_css_mix_blend_mode_passthrough\"><\/div>\n<\/div>\n<div class=\"et_pb_bottom_inside_divider et-no-transition\"><\/div><\/div>\n\n<div class=\"et_pb_section_1 et_pb_section et_section_regular et_block_section section_has_divider et_pb_bottom_divider\">\n<div class=\"et_pb_row_1 et_pb_row et_block_row preset--module--divi-row--default\">\n<div class=\"et_pb_column_2 et_pb_column et_pb_column_1_2 et_block_column et_pb_css_mix_blend_mode_passthrough\">\n<div class=\"et_pb_text_2 et_pb_text et_pb_bg_layout_light et_animated et_pb_module et_block_module\"><div class=\"et_pb_text_inner\"><h2 data-start=\"518\" data-end=\"562\">Enraizado na f\u00e9,<br \/>aberto ao mundo<\/h2>\n<p data-start=\"563\" data-end=\"826\" class=\"\">\n<\/div><\/div>\n<\/div>\n\n<div class=\"et_pb_column_3 et_pb_column et_pb_column_1_2 et-last-child et_block_column et_pb_css_mix_blend_mode_passthrough\">\n<div class=\"et_pb_text_3 et_pb_text et_pb_bg_layout_light et_animated et_pb_module et_block_module\"><div class=\"et_pb_text_inner\"><p data-start=\"563\" data-end=\"826\" class=\"\">A Rede Mundial de Ora\u00e7\u00e3o do Papa \u00e9 uma <strong data-start=\"604\" data-end=\"657\">Obra Pontif\u00edcia confiada \u00e0 Companhia de Jesus<\/strong>. Estamos presentes em mais de <strong data-start=\"682\" data-end=\"698\">90 pa\u00edses<\/strong>, formando uma comunidade espiritual de mais de <strong data-start=\"743\" data-end=\"764\">22 milh\u00f5es de pessoas<\/strong> que procuram viver cada dia com disponibilidade para a miss\u00e3o de Deus. <\/p>\n<p data-start=\"828\" data-end=\"1067\" class=\"\">No centro da nossa vida est\u00e3o as <strong data-start=\"862\" data-end=\"903\">inten\u00e7\u00f5es mensais de ora\u00e7\u00e3o do Papa<\/strong>, que nos convidam a concentrarmo-nos nos desafios prementes que a humanidade e a Igreja enfrentam. Estas inten\u00e7\u00f5es ajudam-nos a ver, a sentir e a servir com um cora\u00e7\u00e3o como o de Jesus. <\/p>\n<\/div><\/div>\n\n<div class=\"et_pb_text_4 et_pb_text et_pb_bg_layout_light et_animated et_pb_module et_block_module\"><div class=\"et_pb_text_inner\"><p data-start=\"1069\" data-end=\"1248\" class=\"\">Crescemos juntos atrav\u00e9s de um caminho espiritual chamado <strong data-start=\"1118\" data-end=\"1142\">\u00abO Caminho do Cora\u00e7\u00e3o\u00bb<\/strong>, que nos ajuda a conhecer Jesus mais intimamente, a ouvir o mundo com compaix\u00e3o e a oferecer as nossas vidas com maior profundidade e liberdade.<\/p>\n<p data-start=\"1250\" data-end=\"1420\" class=\"\">N\u00e3o somos apenas indiv\u00edduos que rezam - somos um <strong data-start=\"1296\" data-end=\"1328\">corpo vivo, uma fam\u00edlia global<\/strong> que acredita que a ora\u00e7\u00e3o pode despertar cora\u00e7\u00f5es, vencer a indiferen\u00e7a e provocar uma verdadeira mudan\u00e7a.<\/p>\n<p data-start=\"1422\" data-end=\"1466\" class=\"\">Atrav\u00e9s da ora\u00e7\u00e3o, do servi\u00e7o e da forma\u00e7\u00e3o espiritual, ligamos cora\u00e7\u00f5es de todos os continentes, crescendo em compaix\u00e3o e solidariedade. Mas isto \u00e9 mais do que apenas ora\u00e7\u00e3o - \u00e9 uma miss\u00e3o para viver o Evangelho diariamente, transformando as nossas vidas e o mundo atrav\u00e9s de uma viagem a que chamamos \"O Caminho do Cora\u00e7\u00e3o\". <\/p>\n<p class=\"p1\"><b>E tu \u00e9s bem-vindo a esta fam\u00edlia.<\/b><\/p>\n<\/div><\/div>\n<\/div>\n<\/div>\n<div class=\"et_pb_bottom_inside_divider et-no-transition\"><\/div><\/div>\n\n<div class=\"et_pb_section_2 et_pb_section et_section_regular et_block_section\">\n<div class=\"et_pb_row_2 et_pb_row et_pb_equal_columns et_block_row preset--module--divi-row--default\">\n<div class=\"et_pb_column_4 et_pb_column et_pb_column_3_5 et_block_column et_pb_css_mix_blend_mode_passthrough\">\n<div class=\"et_pb_text_5 et_pb_text et_pb_bg_layout_light et_animated et_pb_module et_block_module\"><div class=\"et_pb_text_inner\"><h3 style=\"text-align: left;\"><strong>A nossa hist\u00f3ria<\/strong><\/h3>\n<\/div><\/div>\n\n<div class=\"et_pb_text_6 et_pb_text et_pb_bg_layout_light et_animated et_pb_module et_block_module\"><div class=\"et_pb_text_inner\"><h2 data-start=\"518\" data-end=\"562\">De um pequeno come\u00e7o<br \/>para uma Miss\u00e3o Global<\/h2>\n<p data-start=\"563\" data-end=\"826\" class=\"\">\n<\/div><\/div>\n\n<div class=\"et_pb_module et_pb_button_module_wrapper et_pb_button_0_wrapper\"><a class=\"et_pb_button_0 et_pb_button et_pb_bg_layout_light et_pb_module et_block_module\" href=\"https:\/\/www.popesprayer.va\/wp-content\/uploads\/2025\/11\/POR-Historia-RMOP.pdf\" target=\"_blank\">Descobre as datas mais importantes<\/a><\/div>\n<\/div>\n\n<div class=\"et_pb_column_5 et_pb_column et_pb_column_2_5 et-last-child et_block_column et_pb_column_empty et_pb_css_mix_blend_mode_passthrough\"><\/div>\n<\/div>\n\n<div class=\"et_pb_row_3 et_pb_row et_pb_equal_columns et_block_row preset--module--divi-row--default\">\n<div class=\"et_pb_column_6 et_pb_column et_pb_column_3_5 et_block_column et_pb_css_mix_blend_mode_passthrough\">\n<div class=\"et_pb_text_7 et_pb_text et_pb_bg_layout_light et_animated et_pb_module et_block_module\"><div class=\"et_pb_text_inner\"><p data-start=\"186\" data-end=\"545\" class=\"\">A nossa hist\u00f3ria come\u00e7ou em <strong data-start=\"205\" data-end=\"213\">1844<\/strong>, em Vals-pr\u00e8s-le-Puy, Fran\u00e7a, quando um grupo de jovens jesu\u00edtas foi encorajado a oferecer a sua vida quotidiana em ora\u00e7\u00e3o pela miss\u00e3o da Igreja. Esse ato simples e generoso deu origem ao que viria a ser o <strong data-start=\"419\" data-end=\"444\">Apostolado da Ora\u00e7\u00e3o<\/strong> - um<span style=\"font-weight: 400;\">movimento<\/span><span style=\"font-weight: 400;\">espiritual <\/span><span style=\"font-weight: 400;\"> que geraria uma rede de comunidades<\/span><span style=\"font-weight: 400;\"><strong> enraizadas no Cora\u00e7\u00e3o de Jesus<\/strong>, <\/span><span style=\"font-weight: 400;\">oferecendo cada dia com amor e disponibilidade.<\/span> <\/p>\n<p data-start=\"547\" data-end=\"836\" class=\"\">\n<\/div><\/div>\n<\/div>\n\n<div class=\"et_pb_column_7 et_pb_column et_pb_column_2_5 et-last-child et_block_column et_pb_css_mix_blend_mode_passthrough\">\n<div class=\"et_pb_image_0 et_pb_image et_animated et_pb_module et_block_module\"><span class=\"et_pb_image_wrap\"><img loading=\"lazy\" decoding=\"async\" src=\"https:\/\/www.popesprayer.va\/wp-content\/uploads\/2025\/04\/1861.jpg\" width=\"839\" height=\"1100\" class=\"wp-image-394\" alt=\"1861\" title=\"1861\" \/><\/span><\/div>\n<\/div>\n<\/div>\n\n<div class=\"et_pb_row_4 et_pb_row et_pb_equal_columns et_block_row preset--module--divi-row--default\">\n<div class=\"et_pb_column_8 et_pb_column et_pb_column_1_3 et_block_column et_pb_css_mix_blend_mode_passthrough\">\n<div class=\"et_pb_image_1 et_pb_image et_animated et_pb_module et_block_module\"><span class=\"et_pb_image_wrap\"><img loading=\"lazy\" decoding=\"async\" src=\"https:\/\/www.popesprayer.va\/wp-content\/uploads\/2025\/04\/1844-Regg.-epp.-Lugd.-II-scaled-en-tamano-mediano.jpeg\" width=\"640\" height=\"459\" class=\"wp-image-395\" alt=\"1844-Regg.-epp.-Lugd.-II-escalado em tamanho m\u00e9dio\" title=\"1844-Regg.-epp.-Lugd.-II-escalado em tamanho m\u00e9dio\" \/><\/span><\/div>\n<\/div>\n\n<div class=\"et_pb_column_9 et_pb_column et_pb_column_2_3 et-last-child et_block_column et_pb_css_mix_blend_mode_passthrough\">\n<div class=\"et_pb_text_8 et_pb_text et_pb_bg_layout_light et_animated et_pb_module et_block_module\"><div class=\"et_pb_text_inner\"><p data-start=\"547\" data-end=\"836\" class=\"\">Ao longo dos anos, o movimento espalhou-se rapidamente. Em <strong data-start=\"595\" data-end=\"603\">1861<\/strong>, <em data-start=\"605\" data-end=\"642\">o Mensageiro do Cora\u00e7\u00e3o de Jesus<\/em> come\u00e7ou a ligar milh\u00f5es de pessoas em todos os continentes. Em <strong data-start=\"701\" data-end=\"709\">1879<\/strong>, o Papa Le\u00e3o XIII introduziu a pr\u00e1tica de uma <strong data-start=\"754\" data-end=\"782\">inten\u00e7\u00e3o de ora\u00e7\u00e3o mensal<\/strong>, que se tornaria o centro da nossa miss\u00e3o partilhada.  <\/p>\n<p data-start=\"838\" data-end=\"1048\" class=\"\">\n<p data-start=\"547\" data-end=\"836\" class=\"\">\n<\/div><\/div>\n<\/div>\n<\/div>\n\n<div class=\"et_pb_row_5 et_pb_row et_pb_equal_columns et_block_row preset--module--divi-row--default\">\n<div class=\"et_pb_column_10 et_pb_column et_pb_column_2_3 et_block_column et_pb_css_mix_blend_mode_passthrough\">\n<div class=\"et_pb_text_9 et_pb_text et_pb_bg_layout_light et_animated et_pb_module et_block_module\"><div class=\"et_pb_text_inner\"><p data-start=\"838\" data-end=\"1048\" class=\"\">Em <strong data-start=\"841\" data-end=\"849\">1915<\/strong>, respondendo ao apelo do Papa, nasceu o ramo juvenil: o <strong data-start=\"913\" data-end=\"949\">Movimento Eucar\u00edstico Juvenil (MEJ)<\/strong>, <span style=\"font-weight: 400;\">anteriormente conhecido como Cruzada Eucar\u00edstica, que <\/span><span style=\"font-weight: 400;\">encorajava as crian\u00e7as e os jovens a rezar e a comungar <\/span><span style=\"font-weight: 400;\">frequentemente<\/span><span style=\"font-weight: 400;\"> pela paz no mundo<\/span>.<\/p>\n<p data-start=\"1050\" data-end=\"1396\" class=\"\">\n<p data-start=\"547\" data-end=\"836\" class=\"\">\n<\/div><\/div>\n<\/div>\n\n<div class=\"et_pb_column_11 et_pb_column et_pb_column_1_3 et-last-child et_block_column et_pb_css_mix_blend_mode_passthrough\">\n<div class=\"et_pb_image_2 et_pb_image et_animated et_pb_module et_block_module\"><span class=\"et_pb_image_wrap\"><img loading=\"lazy\" decoding=\"async\" src=\"https:\/\/www.popesprayer.va\/wp-content\/uploads\/2025\/04\/old_ala.jpg\" width=\"600\" height=\"376\" class=\"wp-image-396\" alt=\"velho_ala\" title=\"velho_ala\" \/><\/span><\/div>\n<\/div>\n<\/div>\n\n<div class=\"et_pb_row_6 et_pb_row et_pb_equal_columns et_block_row preset--module--divi-row--default\">\n<div class=\"et_pb_column_12 et_pb_column et_pb_column_1_3 et_block_column et_pb_css_mix_blend_mode_passthrough\">\n<div class=\"et_pb_image_3 et_pb_image et_animated et_pb_module et_block_module\"><span class=\"et_pb_image_wrap\"><img loading=\"lazy\" decoding=\"async\" src=\"https:\/\/www.popesprayer.va\/wp-content\/uploads\/2025\/04\/AO-DOC-ENG14.jpg\" width=\"662\" height=\"943\" class=\"wp-image-397\" alt=\"AO-DOC-ENG14\" title=\"AO-DOC-ENG14\" \/><\/span><\/div>\n<\/div>\n\n<div class=\"et_pb_column_13 et_pb_column et_pb_column_2_3 et-last-child et_block_column et_pb_css_mix_blend_mode_passthrough\">\n<div class=\"et_pb_text_10 et_pb_text et_pb_bg_layout_light et_animated et_pb_module et_block_module\"><div class=\"et_pb_text_inner\"><p data-start=\"1050\" data-end=\"1396\" class=\"\">Ao longo do s\u00e9culo XX, o Apostolado da Ora\u00e7\u00e3o permaneceu uma ponte espiritual entre os fi\u00e9is e a miss\u00e3o da Igreja. Mas, no s\u00e9culo XXI, iniciou-se um novo momento de renova\u00e7\u00e3o. Em <strong data-start=\"1244\" data-end=\"1252\">2009<\/strong>, foi lan\u00e7ado um processo de recria\u00e7\u00e3o e, em <strong data-start=\"1300\" data-end=\"1308\">2014<\/strong>, <strong data-start=\"1310\" data-end=\"1326\">o Papa Francisco<\/strong> aprovou uma identidade renovada: a <strong data-start=\"1360\" data-end=\"1395\">Rede Mundial de Ora\u00e7\u00e3o do Papa<\/strong>.  <\/p>\n<p data-start=\"1398\" data-end=\"1733\" class=\"\">\n<p data-start=\"547\" data-end=\"836\" class=\"\">\n<\/div><\/div>\n<\/div>\n<\/div>\n\n<div class=\"et_pb_row_7 et_pb_row et_pb_equal_columns et_block_row preset--module--divi-row--default\">\n<div class=\"et_pb_column_14 et_pb_column et_pb_column_2_3 et_block_column et_pb_css_mix_blend_mode_passthrough\">\n<div class=\"et_pb_text_11 et_pb_text et_pb_bg_layout_light et_animated et_pb_module et_block_module\"><div class=\"et_pb_text_inner\"><p data-start=\"1398\" data-end=\"1733\" class=\"\"><span style=\"font-weight: 400;\">Desde ent\u00e3o, <strong>a rede cresceu em profundidade<\/strong>, em ferramentas digitais e em presen\u00e7a global<\/span><span style=\"font-weight: 400;\">Acolhe novos grupos de todo o mundo, com diversos carismas, que desejem juntar-se a esta miss\u00e3o. Desenvolveu tamb\u00e9m novos <\/span> <span style=\"font-weight: 400;\">iniciativas como <strong>o Click To Pray<\/strong>, <strong>O Video do Papa<\/strong> e <strong>O Caminho do Cora\u00e7\u00e3o<\/strong>. Em 2018, o Papa reconheceu-a oficialmente como uma Obra Pontif\u00edcia e, em 2020, tornou-se uma Funda\u00e7\u00e3o do Vaticano.   <\/span><strong>Os estatutos definitivos foram publicados em julho de 2024.<\/strong><\/p>\n<p data-start=\"547\" data-end=\"836\" class=\"\">\n<\/div><\/div>\n<\/div>\n\n<div class=\"et_pb_column_15 et_pb_column et_pb_column_1_3 et-last-child et_block_column et_pb_css_mix_blend_mode_passthrough\">\n<div class=\"et_pb_image_4 et_pb_image et_animated et_pb_module et_block_module\"><span class=\"et_pb_image_wrap\"><img loading=\"lazy\" decoding=\"async\" src=\"https:\/\/www.popesprayer.va\/wp-content\/uploads\/2025\/04\/Pope_s-Worldwide-Prayer-Network-175-YEARS-National-Directors-and-Coordinators-23-en-tamano-mediano.jpeg\" width=\"640\" height=\"426\" class=\"wp-image-317\" alt=\"Pope_s Worldwide Prayer Network - 175 ANOS - Diretores e Coordenadores Nacionais - 23 em tamanho m\u00e9dio\" title=\"Pope_s Worldwide Prayer Network - 175 ANOS - Diretores e Coordenadores Nacionais - 23 em tamanho m\u00e9dio\" \/><\/span><\/div>\n<\/div>\n<\/div>\n\n<div class=\"et_pb_row_8 et_pb_row et_block_row preset--module--divi-row--default\">\n<div class=\"et_pb_column_16 et_pb_column et_pb_column_4_4 et-last-child et_block_column et_pb_css_mix_blend_mode_passthrough\">\n<div class=\"et_pb_text_12 et_pb_text et_pb_bg_layout_light et_animated et_pb_module et_block_module\"><div class=\"et_pb_text_inner\"><p data-start=\"1398\" data-end=\"1733\" class=\"\">De uma pequena oferta num semin\u00e1rio franc\u00eas a uma comunidade global de mais de <strong data-start=\"1808\" data-end=\"1829\">22 milh\u00f5es de pessoas<\/strong>, continuamos a percorrer este caminho - rezando<strong data-start=\"1861\" data-end=\"1913\">, crescendo e respondendo com compaix\u00e3o<\/strong> aos desafios do mundo de hoje.<\/p>\n<p data-start=\"547\" data-end=\"836\" class=\"\">\n<\/div><\/div>\n<\/div>\n<\/div>\n<\/div>\n\n<div class=\"et_pb_section_3 et_pb_section et_section_regular et_block_section section_has_divider et_pb_top_divider et_pb_bottom_divider\" id=\"twh\"><div class=\"et_pb_top_inside_divider et-no-transition\"><\/div>\n<div class=\"et_pb_row_9 et_pb_row et_block_row preset--module--divi-row--default\">\n<div class=\"et_pb_column_17 et_pb_column et_pb_column_3_5 et_block_column et_pb_css_mix_blend_mode_passthrough\">\n<div class=\"et_pb_text_13 et_pb_text et_pb_bg_layout_light et_pb_module et_block_module\"><div class=\"et_pb_text_inner\"><h1><span style=\"font-weight: 400;\">A nossa base espiritual<\/span><\/h1>\n<h2>O Caminho do Cora\u00e7\u00e3o<\/h2>\n<\/div><\/div>\n\n<div class=\"et_pb_text_14 et_pb_text et_pb_bg_layout_light et_pb_module et_block_module\"><div class=\"et_pb_text_inner\"><p data-start=\"292\" data-end=\"586\" class=\"\">A Rede Mundial de Ora\u00e7\u00e3o do Papa tem as suas ra\u00edzes na <strong data-start=\"345\" data-end=\"383\">espiritualidade do Cora\u00e7\u00e3o de Jesus<\/strong>. No centro desta espiritualidade est\u00e1 um caminho a que chamamos <strong data-start=\"438\" data-end=\"462\">\u00abO Caminho do Cora\u00e7\u00e3o\u00bb<\/strong>\u2014 uma jornada que nos ajuda a aproximar-nos mais de Jesus, alinhando os nossos cora\u00e7\u00f5es com o Seu: os Seus desejos, a Sua compaix\u00e3o e a Sua miss\u00e3o. <\/p>\n<p data-start=\"588\" data-end=\"852\" class=\"\">Este caminho \u00e9 um processo profundamente humano e espiritual, cuidadosamente moldado para nos ajudar a ouvir, sentir e responder como Cristo na nossa vida quotidiana. Atrav\u00e9s dele, aprendemos a acolher e a servir o Reino de Deus com cora\u00e7\u00f5es abertos ao amor e movidos pela miseric\u00f3rdia, como ensina a enc\u00edclica <strong>Dilexit Nos<\/strong> (2024). <\/p>\n<\/div><\/div>\n\n<div class=\"et_pb_module et_pb_button_module_wrapper et_pb_button_1_wrapper\"><a class=\"et_pb_button_1 et_pb_button et_pb_bg_layout_light et_pb_module et_block_module\" href=\"http:\/\/caminodocoracao.church\/\" target=\"_blank\">Visita o s\u00edtio Web<\/a><\/div>\n<\/div>\n\n<div class=\"et_pb_column_18 et_pb_column et_pb_column_2_5 et-last-child et_block_column et_pb_css_mix_blend_mode_passthrough\">\n<div class=\"et_pb_image_5 et_pb_image et_pb_module et_block_module\"><a href=\"https:\/\/caminodocoracao.church\/\" target=\"_blank\"><span class=\"et_pb_image_wrap\"><img loading=\"lazy\" decoding=\"async\" src=\"https:\/\/www.popesprayer.va\/wp-content\/uploads\/2025\/04\/Logo-The-Way-of-the-Heart-EN-c-1024x615-1.png\" width=\"1024\" height=\"615\" class=\"wp-image-418\" alt=\"Logo-The-Way-of-the-Heart-EN-c-1024x615\" title=\"Logo-The-Way-of-the-Heart-EN-c-1024x615\" \/><\/span><\/a><\/div>\n<\/div>\n<\/div>\n<div class=\"et_pb_bottom_inside_divider et-no-transition\"><\/div><\/div>\n\n<div class=\"et_pb_section_4 et_pb_section et_section_regular et_block_section section_has_divider et_pb_bottom_divider\">\n<div class=\"et_pb_row_10 et_pb_row et_block_row preset--module--divi-row--default\">\n<div class=\"et_pb_column_19 et_pb_column et_pb_column_3_5 et_block_column et_pb_css_mix_blend_mode_passthrough\">\n<div class=\"et_pb_text_15 et_pb_text et_pb_bg_layout_light et_animated et_pb_module et_block_module\"><div class=\"et_pb_text_inner\"><h2 data-start=\"854\" data-end=\"925\">Vive duas dimens\u00f5es insepar\u00e1veis<\/h2>\n<p data-start=\"563\" data-end=\"826\" class=\"\">\n<\/div><\/div>\n<\/div>\n\n<div class=\"et_pb_column_20 et_pb_column et_pb_column_2_5 et-last-child et_block_column et_pb_column_empty et_pb_css_mix_blend_mode_passthrough\"><\/div>\n<\/div>\n\n<div class=\"et_pb_row_11 et_pb_row et_pb_row_1-4_1-4_1-2 et_block_row et_block_row_1-4_1-4_1-2 et_animated preset--module--divi-row--default\">\n<div class=\"et_pb_column_21 et_pb_column et_pb_column_1_4 et_block_column et_pb_css_mix_blend_mode_passthrough\">\n<div class=\"et_pb_image_6 et_pb_image et_pb_module et_block_module\"><span class=\"et_pb_image_wrap\"><img loading=\"lazy\" decoding=\"async\" src=\"https:\/\/www.popesprayer.va\/wp-content\/uploads\/2025\/07\/tierra_corazon.png\" width=\"256\" height=\"256\" class=\"wp-image-1699\" alt=\"tierra_corazon\" title=\"tierra_corazon\" \/><\/span><\/div>\n<\/div>\n\n<div class=\"et_pb_column_22 et_pb_column et_pb_column_1_4 et_block_column et_pb_css_mix_blend_mode_passthrough\">\n<div class=\"et_pb_text_16 et_pb_text et_pb_bg_layout_light et_animated et_pb_module et_block_module\"><div class=\"et_pb_text_inner\"><h3><b>Compaix\u00e3o pelo mundo e pelos seres humanos<\/b><\/h3>\n<\/div><\/div>\n<\/div>\n\n<div class=\"et_pb_column_23 et_pb_column et_pb_column_1_2 et-last-child et_block_column et_pb_css_mix_blend_mode_passthrough\">\n<div class=\"et_pb_text_17 et_pb_text et_pb_bg_layout_light et_animated et_pb_module et_block_module\"><div class=\"et_pb_text_inner\"><p><span style=\"font-weight: 400;\">As pessoas que aceitam e rezam pelas inten\u00e7\u00f5es propostas pelo Papa abrem os olhos e o cora\u00e7\u00e3o \u00e0s necessidades do mundo atrav\u00e9s deste caminho espiritual particular, fazendo suas as alegrias e as esperan\u00e7as, as tristezas e os sofrimentos da humanidade e da Igreja, e s\u00e3o inspiradas a realizar obras espirituais e corporais de compaix\u00e3o. Desta forma, vive um caminho espiritual que lhe permite deixar para tr\u00e1s a \"globaliza\u00e7\u00e3o da indiferen\u00e7a\" e abrir-se \u00e0 compaix\u00e3o pelo mundo.   <\/span><\/p>\n<\/div><\/div>\n<\/div>\n<\/div>\n\n<div class=\"et_pb_row_12 et_pb_row et_pb_row_1-4_1-4_1-2 et_block_row et_block_row_1-4_1-4_1-2 et_animated preset--module--divi-row--default\">\n<div class=\"et_pb_column_24 et_pb_column et_pb_column_1_4 et_block_column et_pb_css_mix_blend_mode_passthrough\">\n<div class=\"et_pb_image_7 et_pb_image et_pb_module et_block_module\"><span class=\"et_pb_image_wrap\"><img loading=\"lazy\" decoding=\"async\" src=\"https:\/\/www.popesprayer.va\/wp-content\/uploads\/2025\/07\/jesus.png\" width=\"256\" height=\"256\" class=\"wp-image-1698\" alt=\"jesus\" title=\"jesus\" \/><\/span><\/div>\n<\/div>\n\n<div class=\"et_pb_column_25 et_pb_column et_pb_column_1_4 et_block_column et_pb_css_mix_blend_mode_passthrough\">\n<div class=\"et_pb_text_18 et_pb_text et_pb_bg_layout_light et_animated et_pb_module et_block_module\"><div class=\"et_pb_text_inner\"><h3><b>Comunh\u00e3o com a miss\u00e3o do Filho<\/b><\/h3>\n<\/div><\/div>\n<\/div>\n\n<div class=\"et_pb_column_26 et_pb_column et_pb_column_1_2 et-last-child et_block_column et_pb_css_mix_blend_mode_passthrough\">\n<div class=\"et_pb_text_19 et_pb_text et_pb_bg_layout_light et_animated et_pb_module et_block_module\"><div class=\"et_pb_text_inner\"><p><span style=\"font-weight: 400;\">Atrav\u00e9s deste caminho espiritual, animado e coordenado pela RMOP, a voca\u00e7\u00e3o mission\u00e1ria e sacerdotal do batizado \u00e9 despertada, permitindo<\/span> <span style=\"font-weight: 400;\">colaborar na vida quotidiana com a miss\u00e3o que o Pai confiou ao seu Filho. Deste modo, a pessoa torna-se interiormente dispon\u00edvel ao chamamento de Deus, atrav\u00e9s do seu Esp\u00edrito Santo, que interpela e orienta cada cora\u00e7\u00e3o e consci\u00eancia humana para o bem. <\/span><\/p>\n<\/div><\/div>\n<\/div>\n<\/div>\n<div class=\"et_pb_bottom_inside_divider et-no-transition\"><\/div><\/div>\n\n<div class=\"et_pb_section_5 et_pb_section et_section_regular et_block_section section_has_divider et_pb_bottom_divider\">\n<div class=\"et_pb_row_13 et_pb_row et_block_row preset--module--divi-row--default\">\n<div class=\"et_pb_column_27 et_pb_column et_pb_column_1_3 et_block_column et_pb_css_mix_blend_mode_passthrough\">\n<div class=\"et_pb_text_20 et_pb_text et_pb_bg_layout_light et_pb_module et_block_module et_pb_text_align_right et_pb_text_align_center-tablet et_pb_text_align_center-phone\"><div class=\"et_pb_text_inner\"><p>Continua com<\/p>\n<\/div><\/div>\n<\/div>\n\n<div class=\"et_pb_column_28 et_pb_column et_pb_column_1_3 et_block_column et_pb_css_mix_blend_mode_passthrough\">\n<div class=\"et_pb_module et_pb_button_module_wrapper et_pb_button_2_wrapper\"><a class=\"et_pb_button_2 et_pb_button et_pb_bg_layout_light et_animated et_pb_module et_block_module\" href=\"https:\/\/www.popesprayer.va\/pt-pt\/onde-estamos\/\">Onde estamos<\/a><\/div>\n<\/div>\n\n<div class=\"et_pb_column_29 et_pb_column et_pb_column_1_3 et-last-child et_block_column et_pb_css_mix_blend_mode_passthrough\">\n<div class=\"et_pb_module et_pb_button_module_wrapper et_pb_button_3_wrapper\"><a class=\"et_pb_button_3 et_pb_button et_pb_bg_layout_light et_animated et_pb_module et_block_module\" href=\"https:\/\/www.popesprayer.va\/pt-pt\/a-equipa\/\">A equipa<\/a><\/div>\n<\/div>\n<\/div>\n<div class=\"et_pb_bottom_inside_divider et-no-transition\"><\/div><\/div>","protected":false},"excerpt":{"rendered":"","protected":false},"author":1,"featured_media":0,"parent":0,"menu_order":0,"comment_status":"closed","ping_status":"closed","template":"","meta":{"_acf_changed":false,"footnotes":""},"class_list":["post-84292","page","type-page","status-publish","hentry"],"acf":[],"yoast_head":"<!-- This site is optimized with the Yoast SEO plugin v28.4 - https:\/\/yoast.com\/product\/yoast-seo-wordpress\/ -->\n<title>Quem somos - Rede Mundial de Ora\u00e7\u00e3o do Papa<\/title>\n<meta name=\"robots\" content=\"index, follow, max-snippet:-1, max-image-preview:large, max-video-preview:-1\" \/>\n<link rel=\"canonical\" href=\"https:\/\/www.popesprayer.va\/pt-pt\/quem-somos\/\" \/>\n<meta property=\"og:locale\" content=\"pt_PT\" \/>\n<meta property=\"og:type\" content=\"article\" \/>\n<meta property=\"og:title\" content=\"Quem somos - Rede Mundial de Ora\u00e7\u00e3o do Papa\" \/>\n<meta property=\"og:url\" content=\"https:\/\/www.popesprayer.va\/pt-pt\/quem-somos\/\" \/>\n<meta property=\"og:site_name\" content=\"Rede Mundial de Ora\u00e7\u00e3o do Papa\" \/>\n<meta property=\"article:modified_time\" content=\"2026-07-29T13:37:30+00:00\" \/>\n<meta name=\"twitter:card\" content=\"summary_large_image\" \/>\n<script type=\"application\/ld+json\" class=\"yoast-schema-graph\">{\"@context\":\"https:\\\/\\\/schema.org\",\"@graph\":[{\"@type\":\"WebPage\",\"@id\":\"https:\\\/\\\/www.popesprayer.va\\\/pt-pt\\\/quem-somos\\\/\",\"url\":\"https:\\\/\\\/www.popesprayer.va\\\/pt-pt\\\/quem-somos\\\/\",\"name\":\"Quem somos - Rede Mundial de Ora\u00e7\u00e3o do Papa\",\"isPartOf\":{\"@id\":\"https:\\\/\\\/www.popesprayer.va\\\/pt-pt\\\/#website\"},\"datePublished\":\"2025-04-14T11:01:08+00:00\",\"dateModified\":\"2026-07-29T13:37:30+00:00\",\"breadcrumb\":{\"@id\":\"https:\\\/\\\/www.popesprayer.va\\\/pt-pt\\\/quem-somos\\\/#breadcrumb\"},\"inLanguage\":\"pt-PT\",\"potentialAction\":[{\"@type\":\"ReadAction\",\"target\":[\"https:\\\/\\\/www.popesprayer.va\\\/pt-pt\\\/quem-somos\\\/\"]}]},{\"@type\":\"BreadcrumbList\",\"@id\":\"https:\\\/\\\/www.popesprayer.va\\\/pt-pt\\\/quem-somos\\\/#breadcrumb\",\"itemListElement\":[{\"@type\":\"ListItem\",\"position\":1,\"name\":\"Home\",\"item\":\"https:\\\/\\\/www.popesprayer.va\\\/pt-pt\\\/\"},{\"@type\":\"ListItem\",\"position\":2,\"name\":\"Quem somos\"}]},{\"@type\":\"WebSite\",\"@id\":\"https:\\\/\\\/www.popesprayer.va\\\/pt-pt\\\/#website\",\"url\":\"https:\\\/\\\/www.popesprayer.va\\\/pt-pt\\\/\",\"name\":\"Pope's Worldwide Prayer Network\",\"description\":\"Pray together, change the world\",\"publisher\":{\"@id\":\"https:\\\/\\\/www.popesprayer.va\\\/pt-pt\\\/#organization\"},\"potentialAction\":[{\"@type\":\"SearchAction\",\"target\":{\"@type\":\"EntryPoint\",\"urlTemplate\":\"https:\\\/\\\/www.popesprayer.va\\\/pt-pt\\\/?s={search_term_string}\"},\"query-input\":{\"@type\":\"PropertyValueSpecification\",\"valueRequired\":true,\"valueName\":\"search_term_string\"}}],\"inLanguage\":\"pt-PT\"},{\"@type\":\"Organization\",\"@id\":\"https:\\\/\\\/www.popesprayer.va\\\/pt-pt\\\/#organization\",\"name\":\"Rede Mundial de Ora\u00e7\u00e3o do Papa\",\"url\":\"https:\\\/\\\/www.popesprayer.va\\\/pt-pt\\\/\",\"logo\":{\"@type\":\"ImageObject\",\"inLanguage\":\"pt-PT\",\"@id\":\"https:\\\/\\\/www.popesprayer.va\\\/pt-pt\\\/#\\\/schema\\\/logo\\\/image\\\/\",\"url\":\"https:\\\/\\\/www.popesprayer.va\\\/wp-content\\\/uploads\\\/2025\\\/01\\\/Logo-Popes-Worldwide-Prayer-Network-Pontifical-Work-EN-Horizontal.png\",\"contentUrl\":\"https:\\\/\\\/www.popesprayer.va\\\/wp-content\\\/uploads\\\/2025\\\/01\\\/Logo-Popes-Worldwide-Prayer-Network-Pontifical-Work-EN-Horizontal.png\",\"width\":1328,\"height\":228,\"caption\":\"Rede Mundial de Ora\u00e7\u00e3o do Papa\"},\"image\":{\"@id\":\"https:\\\/\\\/www.popesprayer.va\\\/pt-pt\\\/#\\\/schema\\\/logo\\\/image\\\/\"}}]}<\/script>\n<!-- \/ Yoast SEO plugin. -->","yoast_head_json":{"title":"Quem somos - Rede Mundial de Ora\u00e7\u00e3o do Papa","robots":{"index":"index","follow":"follow","max-snippet":"max-snippet:-1","max-image-preview":"max-image-preview:large","max-video-preview":"max-video-preview:-1"},"canonical":"https:\/\/www.popesprayer.va\/pt-pt\/quem-somos\/","og_locale":"pt_PT","og_type":"article","og_title":"Quem somos - Rede Mundial de Ora\u00e7\u00e3o do Papa","og_url":"https:\/\/www.popesprayer.va\/pt-pt\/quem-somos\/","og_site_name":"Rede Mundial de Ora\u00e7\u00e3o do Papa","article_modified_time":"2026-07-29T13:37:30+00:00","twitter_card":"summary_large_image","schema":{"@context":"https:\/\/schema.org","@graph":[{"@type":"WebPage","@id":"https:\/\/www.popesprayer.va\/pt-pt\/quem-somos\/","url":"https:\/\/www.popesprayer.va\/pt-pt\/quem-somos\/","name":"Quem somos - Rede Mundial de Ora\u00e7\u00e3o do Papa","isPartOf":{"@id":"https:\/\/www.popesprayer.va\/pt-pt\/#website"},"datePublished":"2025-04-14T11:01:08+00:00","dateModified":"2026-07-29T13:37:30+00:00","breadcrumb":{"@id":"https:\/\/www.popesprayer.va\/pt-pt\/quem-somos\/#breadcrumb"},"inLanguage":"pt-PT","potentialAction":[{"@type":"ReadAction","target":["https:\/\/www.popesprayer.va\/pt-pt\/quem-somos\/"]}]},{"@type":"BreadcrumbList","@id":"https:\/\/www.popesprayer.va\/pt-pt\/quem-somos\/#breadcrumb","itemListElement":[{"@type":"ListItem","position":1,"name":"Home","item":"https:\/\/www.popesprayer.va\/pt-pt\/"},{"@type":"ListItem","position":2,"name":"Quem somos"}]},{"@type":"WebSite","@id":"https:\/\/www.popesprayer.va\/pt-pt\/#website","url":"https:\/\/www.popesprayer.va\/pt-pt\/","name":"Pope's Worldwide Prayer Network","description":"Pray together, change the world","publisher":{"@id":"https:\/\/www.popesprayer.va\/pt-pt\/#organization"},"potentialAction":[{"@type":"SearchAction","target":{"@type":"EntryPoint","urlTemplate":"https:\/\/www.popesprayer.va\/pt-pt\/?s={search_term_string}"},"query-input":{"@type":"PropertyValueSpecification","valueRequired":true,"valueName":"search_term_string"}}],"inLanguage":"pt-PT"},{"@type":"Organization","@id":"https:\/\/www.popesprayer.va\/pt-pt\/#organization","name":"Rede Mundial de Ora\u00e7\u00e3o do Papa","url":"https:\/\/www.popesprayer.va\/pt-pt\/","logo":{"@type":"ImageObject","inLanguage":"pt-PT","@id":"https:\/\/www.popesprayer.va\/pt-pt\/#\/schema\/logo\/image\/","url":"https:\/\/www.popesprayer.va\/wp-content\/uploads\/2025\/01\/Logo-Popes-Worldwide-Prayer-Network-Pontifical-Work-EN-Horizontal.png","contentUrl":"https:\/\/www.popesprayer.va\/wp-content\/uploads\/2025\/01\/Logo-Popes-Worldwide-Prayer-Network-Pontifical-Work-EN-Horizontal.png","width":1328,"height":228,"caption":"Rede Mundial de Ora\u00e7\u00e3o do Papa"},"image":{"@id":"https:\/\/www.popesprayer.va\/pt-pt\/#\/schema\/logo\/image\/"}}]}},"_links":{"self":[{"href":"https:\/\/www.popesprayer.va\/pt-pt\/wp-json\/wp\/v2\/pages\/84292","targetHints":{"allow":["GET"]}}],"collection":[{"href":"https:\/\/www.popesprayer.va\/pt-pt\/wp-json\/wp\/v2\/pages"}],"about":[{"href":"https:\/\/www.popesprayer.va\/pt-pt\/wp-json\/wp\/v2\/types\/page"}],"author":[{"embeddable":true,"href":"https:\/\/www.popesprayer.va\/pt-pt\/wp-json\/wp\/v2\/users\/1"}],"replies":[{"embeddable":true,"href":"https:\/\/www.popesprayer.va\/pt-pt\/wp-json\/wp\/v2\/comments?post=84292"}],"version-history":[{"count":26,"href":"https:\/\/www.popesprayer.va\/pt-pt\/wp-json\/wp\/v2\/pages\/84292\/revisions"}],"predecessor-version":[{"id":101390,"href":"https:\/\/www.popesprayer.va\/pt-pt\/wp-json\/wp\/v2\/pages\/84292\/revisions\/101390"}],"wp:attachment":[{"href":"https:\/\/www.popesprayer.va\/pt-pt\/wp-json\/wp\/v2\/media?parent=84292"}],"curies":[{"name":"wp","href":"https:\/\/api.w.org\/{rel}","templated":true}]}}