{"id":84325,"date":"2025-06-07T11:19:15","date_gmt":"2025-06-07T09:19:15","guid":{"rendered":"https:\/\/www.popesprayer.va\/reza\/"},"modified":"2026-02-13T15:16:36","modified_gmt":"2026-02-13T14:16:36","slug":"reza","status":"publish","type":"page","link":"https:\/\/www.popesprayer.va\/pt-pt\/reza\/","title":{"rendered":"Reza"},"content":{"rendered":"<p>[et_pb_section fb_built=\"1&#8243; prev_background_color=\"#F4A261&#8243; next_background_color=\"#E76F51&#8243; admin_label=\"Section\" _builder_version=\"4.27.4&#8243; _module_preset=\"default\" background_color=\"#264653&#8243; background_image=\"https:\/\/www.popesprayer.va\/wp-content\/uploads\/2025\/07\/popes-intentions.jpeg\" background_blend=\"overlay\" custom_padding=\"12vw||12vw||true|false\" top_divider_style=\"ramp\" top_divider_height=\"40px\" bottom_divider_style=\"ramp\" bottom_divider_flip=\"horizontal\" background_last_edited=\"on|tablet\" background_position_tablet=\"center_right\" da_disable_devices=\"off|off|off\" global_colors_info=\"{}\" da_is_popup=\"off\" da_exit_intent=\"off\" da_has_close=\"on\" da_alt_close=\"off\" da_dark_close=\"off\" da_not_modal=\"on\" da_is_singular=\"off\" da_with_loader=\"off\" da_has_shadow=\"on\"][et_pb_row column_structure=\"3_5,2_5&#8243; _builder_version=\"4.27.4&#8243; _module_preset=\"default\" global_colors_info=\"{}\"][et_pb_column type=\"3_5&#8243; _builder_version=\"4.27.4&#8243; _module_preset=\"default\" global_colors_info=\"{}\"][et_pb_text _builder_version=\"4.27.4&#8243; _module_preset=\"default\" header_text_color=\"#E9C46A\" header_font_size=\"3rem\" header_2_font=\"|700|||||||\" header_2_text_color=\"#FFFFFF\" header_2_font_size=\"4rem\" header_2_font_size_tablet=\"4rem\" header_2_font_size_phone=\"3.8rem\" header_2_font_size_last_edited=\"on|phone\" global_colors_info=\"{}\"]<\/p>\n<h1>Inten\u00e7\u00f5es de ora\u00e7\u00e3o<\/h1>\n<h2>do Papa<\/h2>\n<p>[\/et_pb_text][\/et_pb_column][et_pb_column type=\"2_5&#8243; _builder_version=\"4.27.4&#8243; _module_preset=\"default\" global_colors_info=\"{}\"][\/et_pb_column][\/et_pb_row][et_pb_row column_structure=\"1_2,1_2&#8243; _builder_version=\"4.27.4&#8243; _module_preset=\"default\" global_colors_info=\"{}\"][et_pb_column type=\"1_2&#8243; _builder_version=\"4.27.4&#8243; _module_preset=\"default\" global_colors_info=\"{}\"][et_pb_text _builder_version=\"4.27.4&#8243; _module_preset=\"default\" text_text_color=\"#FFFFFF\" text_font_size=\"19px\" header_text_color=\"#E9C46A\" header_font_size=\"3rem\" header_2_text_color=\"#FFFFFF\" header_2_font_size=\"4rem\" global_colors_info=\"{}\"]<\/p>\n<p><span style=\"font-weight: 400;\">Todos os meses<\/span><span style=\"font-weight: 400;\">,<\/span><span style=\"font-weight: 400;\"> O Papa confia \u00e0 sua Rede de Ora\u00e7\u00e3o as inten\u00e7\u00f5es de ora\u00e7\u00e3o que <\/span><span style=\"font-weight: 400;\">reflectem<\/span><span style=\"font-weight: 400;\"> o teu <\/span><strong>profunda<\/strong><span style=\"font-weight: 400;\"> <strong> preocupa-se com a humanidade<\/strong> e <strong> com<\/strong> <strong>a miss\u00e3o da Igreja<\/strong>. A tua inten\u00e7\u00e3o de ora\u00e7\u00e3o mensal  <\/span><span style=\"font-weight: 400;\">serve<\/span><span style=\"font-weight: 400;\"> uma chamada <\/span><span style=\"font-weight: 400;\">apelo<\/span><span style=\"font-weight: 400;\"> para transformar as nossas ora\u00e7\u00f5es em <strong>\"ac\u00e7\u00f5es concretas <\/strong>\" <\/span><span style=\"font-weight: 400;\">e como uma <strong>transforma\u00e7\u00e3o do cora\u00e7\u00e3o<\/strong><\/span><span style=\"font-weight: 400;\">; actua como <\/span><span style=\"font-weight: 400;\">actua como<\/span><span style=\"font-weight: 400;\">  uma b\u00fassola para uma miss\u00e3o de compaix\u00e3o pelo mundo. Prop\u00f5e um caminho que nos mobilize todos os meses, atrav\u00e9s da ora\u00e7\u00e3o e do servi\u00e7o, para construir um mundo mais humano e solid\u00e1rio<\/span> <span style=\"font-weight: 400;\">e a cultivar uma atitude pessoal e comunit\u00e1ria que transforme o nosso ambiente.<\/span><\/p>\n<p>[\/et_pb_text][et_pb_code _builder_version=\"4.27.4&#8243; _module_preset=\"default\" custom_padding=\"||||false|false\" animation_style=\"fade\" animation_duration=\"1500ms\" animation_delay=\"250ms\" global_colors_info=\"{}\"]    <div id=\"intenciones-papa-container\">\n        <div class=\"tabs-nav\">\n                            <button class=\"tab-link active\" data-tab=\"tab-2026\">\n                    2026                <\/button>\n                            <button class=\"tab-link \" data-tab=\"tab-2027\">\n                    2027                <\/button>\n                    <\/div>\n\n        <div class=\"tabs-content\">\n                            <div id=\"tab-2026\" class=\"tab-pane active\">\n                    <p class=\"descripcion-tab\">\n                        Descarrega as inten\u00e7\u00f5es de ora\u00e7\u00e3o do Santo Padre para <strong>2026<\/strong> na tua l\u00edngua.                    <\/p>\n\n                                            <div class=\"descargas-grid\">\n                                                                <a href=\"https:\/\/www.popesprayer.va\/wp-content\/uploads\/2025\/06\/AR-PRAYER-INTENTIONS-OF-THE-HOLY-FATHER-2026-1.pdf\" target=\"_blank\" class=\"boton-descarga\">\n                                        <svg xmlns=\"http:\/\/www.w3.org\/2000\/svg\" viewBox=\"0 0 24 24\" aria-hidden=\"true\"><path d=\"M19.35 10.04C18.67 6.59 15.64 4 12 4 9.11 4 6.6 5.64 5.35 8.04 2.34 8.36 0 10.91 0 14c0 3.31 2.69 6 6 6h13c2.76 0 5-2.24 5-5 0-2.64-2.05-4.78-4.65-4.96zM17 13l-5 5-5-5h3V9h4v4h3z\"><\/path><\/svg>\n                                        <span>\u0627\u0644\u0639\u0631\u0628\u064a\u0629<\/span>\n                                    <\/a>\n                                                                    <a href=\"https:\/\/www.popesprayer.va\/wp-content\/uploads\/2025\/06\/CH-SIM-PRAYER-INTENTIONS-OF-THE-HOLY-FATHER-2026-1.pdf\" target=\"_blank\" class=\"boton-descarga\">\n                                        <svg xmlns=\"http:\/\/www.w3.org\/2000\/svg\" viewBox=\"0 0 24 24\" aria-hidden=\"true\"><path d=\"M19.35 10.04C18.67 6.59 15.64 4 12 4 9.11 4 6.6 5.64 5.35 8.04 2.34 8.36 0 10.91 0 14c0 3.31 2.69 6 6 6h13c2.76 0 5-2.24 5-5 0-2.64-2.05-4.78-4.65-4.96zM17 13l-5 5-5-5h3V9h4v4h3z\"><\/path><\/svg>\n                                        <span>\u7b80\u4f53\u4e2d\u6587<\/span>\n                                    <\/a>\n                                                                    <a href=\"https:\/\/www.popesprayer.va\/wp-content\/uploads\/2025\/06\/CH-TRA-PRAYER-INTENTIONS-OF-THE-HOLY-FATHER-2026-1.pdf\" target=\"_blank\" class=\"boton-descarga\">\n                                        <svg xmlns=\"http:\/\/www.w3.org\/2000\/svg\" viewBox=\"0 0 24 24\" aria-hidden=\"true\"><path d=\"M19.35 10.04C18.67 6.59 15.64 4 12 4 9.11 4 6.6 5.64 5.35 8.04 2.34 8.36 0 10.91 0 14c0 3.31 2.69 6 6 6h13c2.76 0 5-2.24 5-5 0-2.64-2.05-4.78-4.65-4.96zM17 13l-5 5-5-5h3V9h4v4h3z\"><\/path><\/svg>\n                                        <span>\u7e41\u9ad4\u4e2d\u6587<\/span>\n                                    <\/a>\n                                                                    <a href=\"https:\/\/www.popesprayer.va\/wp-content\/uploads\/2025\/06\/DE-GEBETSANLIEGEN-DES-HEILIGEN-VATERS-FUR-2026-f.pdf\" target=\"_blank\" class=\"boton-descarga\">\n                                        <svg xmlns=\"http:\/\/www.w3.org\/2000\/svg\" viewBox=\"0 0 24 24\" aria-hidden=\"true\"><path d=\"M19.35 10.04C18.67 6.59 15.64 4 12 4 9.11 4 6.6 5.64 5.35 8.04 2.34 8.36 0 10.91 0 14c0 3.31 2.69 6 6 6h13c2.76 0 5-2.24 5-5 0-2.64-2.05-4.78-4.65-4.96zM17 13l-5 5-5-5h3V9h4v4h3z\"><\/path><\/svg>\n                                        <span>Deutsch <\/span>\n                                    <\/a>\n                                                                    <a href=\"https:\/\/www.popesprayer.va\/wp-content\/uploads\/2025\/12\/DK-DEN-HELLIGE-FADERS-BONSINTENTIONER-2026.pdf\" target=\"_blank\" class=\"boton-descarga\">\n                                        <svg xmlns=\"http:\/\/www.w3.org\/2000\/svg\" viewBox=\"0 0 24 24\" aria-hidden=\"true\"><path d=\"M19.35 10.04C18.67 6.59 15.64 4 12 4 9.11 4 6.6 5.64 5.35 8.04 2.34 8.36 0 10.91 0 14c0 3.31 2.69 6 6 6h13c2.76 0 5-2.24 5-5 0-2.64-2.05-4.78-4.65-4.96zM17 13l-5 5-5-5h3V9h4v4h3z\"><\/path><\/svg>\n                                        <span>Dansk<\/span>\n                                    <\/a>\n                                                                    <a href=\"https:\/\/www.popesprayer.va\/wp-content\/uploads\/2025\/06\/ING-PRAYER-INTENTIONS-OF-THE-HOLY-FATHER-2026-1.pdf\" target=\"_blank\" class=\"boton-descarga\">\n                                        <svg xmlns=\"http:\/\/www.w3.org\/2000\/svg\" viewBox=\"0 0 24 24\" aria-hidden=\"true\"><path d=\"M19.35 10.04C18.67 6.59 15.64 4 12 4 9.11 4 6.6 5.64 5.35 8.04 2.34 8.36 0 10.91 0 14c0 3.31 2.69 6 6 6h13c2.76 0 5-2.24 5-5 0-2.64-2.05-4.78-4.65-4.96zM17 13l-5 5-5-5h3V9h4v4h3z\"><\/path><\/svg>\n                                        <span>English<\/span>\n                                    <\/a>\n                                                                    <a href=\"https:\/\/www.popesprayer.va\/wp-content\/uploads\/2026\/01\/EO-PREGINTENCOJ-DE-LA-SANKTA-PATRO2026.pdf\" target=\"_blank\" class=\"boton-descarga\">\n                                        <svg xmlns=\"http:\/\/www.w3.org\/2000\/svg\" viewBox=\"0 0 24 24\" aria-hidden=\"true\"><path d=\"M19.35 10.04C18.67 6.59 15.64 4 12 4 9.11 4 6.6 5.64 5.35 8.04 2.34 8.36 0 10.91 0 14c0 3.31 2.69 6 6 6h13c2.76 0 5-2.24 5-5 0-2.64-2.05-4.78-4.65-4.96zM17 13l-5 5-5-5h3V9h4v4h3z\"><\/path><\/svg>\n                                        <span>Esperanto<\/span>\n                                    <\/a>\n                                                                    <a href=\"https:\/\/www.popesprayer.va\/wp-content\/uploads\/2025\/06\/ESP-INTENCIONES-DE-ORACION-DEL-SANTO-PADRE-2026-1.pdf\" target=\"_blank\" class=\"boton-descarga\">\n                                        <svg xmlns=\"http:\/\/www.w3.org\/2000\/svg\" viewBox=\"0 0 24 24\" aria-hidden=\"true\"><path d=\"M19.35 10.04C18.67 6.59 15.64 4 12 4 9.11 4 6.6 5.64 5.35 8.04 2.34 8.36 0 10.91 0 14c0 3.31 2.69 6 6 6h13c2.76 0 5-2.24 5-5 0-2.64-2.05-4.78-4.65-4.96zM17 13l-5 5-5-5h3V9h4v4h3z\"><\/path><\/svg>\n                                        <span>Espa\u00f1ol<\/span>\n                                    <\/a>\n                                                                    <a href=\"https:\/\/www.popesprayer.va\/wp-content\/uploads\/2025\/06\/TL-MGA-INTENSYONG-PAMPANALANGIN-NG-SANTO-PAPA-2026-1.pdf\" target=\"_blank\" class=\"boton-descarga\">\n                                        <svg xmlns=\"http:\/\/www.w3.org\/2000\/svg\" viewBox=\"0 0 24 24\" aria-hidden=\"true\"><path d=\"M19.35 10.04C18.67 6.59 15.64 4 12 4 9.11 4 6.6 5.64 5.35 8.04 2.34 8.36 0 10.91 0 14c0 3.31 2.69 6 6 6h13c2.76 0 5-2.24 5-5 0-2.64-2.05-4.78-4.65-4.96zM17 13l-5 5-5-5h3V9h4v4h3z\"><\/path><\/svg>\n                                        <span>Filipino<\/span>\n                                    <\/a>\n                                                                    <a href=\"https:\/\/www.popesprayer.va\/wp-content\/uploads\/2025\/06\/FRA-INTENTIONS-DE-PRIERE-DU-SAINT-PERE-2026-1.pdf\" target=\"_blank\" class=\"boton-descarga\">\n                                        <svg xmlns=\"http:\/\/www.w3.org\/2000\/svg\" viewBox=\"0 0 24 24\" aria-hidden=\"true\"><path d=\"M19.35 10.04C18.67 6.59 15.64 4 12 4 9.11 4 6.6 5.64 5.35 8.04 2.34 8.36 0 10.91 0 14c0 3.31 2.69 6 6 6h13c2.76 0 5-2.24 5-5 0-2.64-2.05-4.78-4.65-4.96zM17 13l-5 5-5-5h3V9h4v4h3z\"><\/path><\/svg>\n                                        <span>Fran\u00e7ais<\/span>\n                                    <\/a>\n                                                                    <a href=\"https:\/\/www.popesprayer.va\/wp-content\/uploads\/2025\/12\/HR-PRAYER-INTENTIONS-Croatian-2026.pdf\" target=\"_blank\" class=\"boton-descarga\">\n                                        <svg xmlns=\"http:\/\/www.w3.org\/2000\/svg\" viewBox=\"0 0 24 24\" aria-hidden=\"true\"><path d=\"M19.35 10.04C18.67 6.59 15.64 4 12 4 9.11 4 6.6 5.64 5.35 8.04 2.34 8.36 0 10.91 0 14c0 3.31 2.69 6 6 6h13c2.76 0 5-2.24 5-5 0-2.64-2.05-4.78-4.65-4.96zM17 13l-5 5-5-5h3V9h4v4h3z\"><\/path><\/svg>\n                                        <span>Hrvatski<\/span>\n                                    <\/a>\n                                                                    <a href=\"https:\/\/www.popesprayer.va\/wp-content\/uploads\/2025\/06\/ITA-INTENZIONI-DI-PREGHIERA-DEL-SANTO-PADRE-2026-1.pdf\" target=\"_blank\" class=\"boton-descarga\">\n                                        <svg xmlns=\"http:\/\/www.w3.org\/2000\/svg\" viewBox=\"0 0 24 24\" aria-hidden=\"true\"><path d=\"M19.35 10.04C18.67 6.59 15.64 4 12 4 9.11 4 6.6 5.64 5.35 8.04 2.34 8.36 0 10.91 0 14c0 3.31 2.69 6 6 6h13c2.76 0 5-2.24 5-5 0-2.64-2.05-4.78-4.65-4.96zM17 13l-5 5-5-5h3V9h4v4h3z\"><\/path><\/svg>\n                                        <span>Italiano<\/span>\n                                    <\/a>\n                                                                    <a href=\"https:\/\/www.popesprayer.va\/wp-content\/uploads\/2026\/03\/JP-Popes-Intention-2026.pdf\" target=\"_blank\" class=\"boton-descarga\">\n                                        <svg xmlns=\"http:\/\/www.w3.org\/2000\/svg\" viewBox=\"0 0 24 24\" aria-hidden=\"true\"><path d=\"M19.35 10.04C18.67 6.59 15.64 4 12 4 9.11 4 6.6 5.64 5.35 8.04 2.34 8.36 0 10.91 0 14c0 3.31 2.69 6 6 6h13c2.76 0 5-2.24 5-5 0-2.64-2.05-4.78-4.65-4.96zM17 13l-5 5-5-5h3V9h4v4h3z\"><\/path><\/svg>\n                                        <span>\u65e5\u672c\u8a9e<\/span>\n                                    <\/a>\n                                                                    <a href=\"https:\/\/www.popesprayer.va\/wp-content\/uploads\/2025\/06\/RW-IBYIFUZO-BYA-PAPA-2026-1.pdf\" target=\"_blank\" class=\"boton-descarga\">\n                                        <svg xmlns=\"http:\/\/www.w3.org\/2000\/svg\" viewBox=\"0 0 24 24\" aria-hidden=\"true\"><path d=\"M19.35 10.04C18.67 6.59 15.64 4 12 4 9.11 4 6.6 5.64 5.35 8.04 2.34 8.36 0 10.91 0 14c0 3.31 2.69 6 6 6h13c2.76 0 5-2.24 5-5 0-2.64-2.05-4.78-4.65-4.96zM17 13l-5 5-5-5h3V9h4v4h3z\"><\/path><\/svg>\n                                        <span>Kinyarwanda<\/span>\n                                    <\/a>\n                                                                    <a href=\"https:\/\/www.popesprayer.va\/wp-content\/uploads\/2025\/06\/SW-NIA-ZA-SALA-ZA-BABA-MTAKATIFU-2026.pdf\" target=\"_blank\" class=\"boton-descarga\">\n                                        <svg xmlns=\"http:\/\/www.w3.org\/2000\/svg\" viewBox=\"0 0 24 24\" aria-hidden=\"true\"><path d=\"M19.35 10.04C18.67 6.59 15.64 4 12 4 9.11 4 6.6 5.64 5.35 8.04 2.34 8.36 0 10.91 0 14c0 3.31 2.69 6 6 6h13c2.76 0 5-2.24 5-5 0-2.64-2.05-4.78-4.65-4.96zM17 13l-5 5-5-5h3V9h4v4h3z\"><\/path><\/svg>\n                                        <span>Kiswahili<\/span>\n                                    <\/a>\n                                                                    <a href=\"https:\/\/www.popesprayer.va\/wp-content\/uploads\/2025\/12\/HU-PRAYER-INTENTIONS-Hungarian-2026.pdf\" target=\"_blank\" class=\"boton-descarga\">\n                                        <svg xmlns=\"http:\/\/www.w3.org\/2000\/svg\" viewBox=\"0 0 24 24\" aria-hidden=\"true\"><path d=\"M19.35 10.04C18.67 6.59 15.64 4 12 4 9.11 4 6.6 5.64 5.35 8.04 2.34 8.36 0 10.91 0 14c0 3.31 2.69 6 6 6h13c2.76 0 5-2.24 5-5 0-2.64-2.05-4.78-4.65-4.96zM17 13l-5 5-5-5h3V9h4v4h3z\"><\/path><\/svg>\n                                        <span>Magyar<\/span>\n                                    <\/a>\n                                                                    <a href=\"https:\/\/www.popesprayer.va\/wp-content\/uploads\/2025\/06\/NL-PRAYER-INTENTIONS-OF-THE-HOLY-FATHER-2026-1.pdf\" target=\"_blank\" class=\"boton-descarga\">\n                                        <svg xmlns=\"http:\/\/www.w3.org\/2000\/svg\" viewBox=\"0 0 24 24\" aria-hidden=\"true\"><path d=\"M19.35 10.04C18.67 6.59 15.64 4 12 4 9.11 4 6.6 5.64 5.35 8.04 2.34 8.36 0 10.91 0 14c0 3.31 2.69 6 6 6h13c2.76 0 5-2.24 5-5 0-2.64-2.05-4.78-4.65-4.96zM17 13l-5 5-5-5h3V9h4v4h3z\"><\/path><\/svg>\n                                        <span>Nederlands<\/span>\n                                    <\/a>\n                                                                    <a href=\"https:\/\/www.popesprayer.va\/wp-content\/uploads\/2025\/06\/PL-INTENCJE-PAPIESKIE-2026-2.pdf\" target=\"_blank\" class=\"boton-descarga\">\n                                        <svg xmlns=\"http:\/\/www.w3.org\/2000\/svg\" viewBox=\"0 0 24 24\" aria-hidden=\"true\"><path d=\"M19.35 10.04C18.67 6.59 15.64 4 12 4 9.11 4 6.6 5.64 5.35 8.04 2.34 8.36 0 10.91 0 14c0 3.31 2.69 6 6 6h13c2.76 0 5-2.24 5-5 0-2.64-2.05-4.78-4.65-4.96zM17 13l-5 5-5-5h3V9h4v4h3z\"><\/path><\/svg>\n                                        <span>Polski<\/span>\n                                    <\/a>\n                                                                    <a href=\"https:\/\/www.popesprayer.va\/wp-content\/uploads\/2025\/06\/PT-BRA-INTENCOES-DE-ORACAO-DO-SANTO-PADRE-1.pdf\" target=\"_blank\" class=\"boton-descarga\">\n                                        <svg xmlns=\"http:\/\/www.w3.org\/2000\/svg\" viewBox=\"0 0 24 24\" aria-hidden=\"true\"><path d=\"M19.35 10.04C18.67 6.59 15.64 4 12 4 9.11 4 6.6 5.64 5.35 8.04 2.34 8.36 0 10.91 0 14c0 3.31 2.69 6 6 6h13c2.76 0 5-2.24 5-5 0-2.64-2.05-4.78-4.65-4.96zM17 13l-5 5-5-5h3V9h4v4h3z\"><\/path><\/svg>\n                                        <span>Portugu\u00eas BR<\/span>\n                                    <\/a>\n                                                                    <a href=\"https:\/\/www.popesprayer.va\/wp-content\/uploads\/2025\/06\/POR-INTENCOES-DE-ORACAO-DO-SANTO-PADRE-1.pdf\" target=\"_blank\" class=\"boton-descarga\">\n                                        <svg xmlns=\"http:\/\/www.w3.org\/2000\/svg\" viewBox=\"0 0 24 24\" aria-hidden=\"true\"><path d=\"M19.35 10.04C18.67 6.59 15.64 4 12 4 9.11 4 6.6 5.64 5.35 8.04 2.34 8.36 0 10.91 0 14c0 3.31 2.69 6 6 6h13c2.76 0 5-2.24 5-5 0-2.64-2.05-4.78-4.65-4.96zM17 13l-5 5-5-5h3V9h4v4h3z\"><\/path><\/svg>\n                                        <span>Portugu\u00eas<\/span>\n                                    <\/a>\n                                                                    <a href=\"https:\/\/www.popesprayer.va\/wp-content\/uploads\/2025\/06\/VN-PRAYER-INTENTIONS-OF-THE-HOLY-FATHER-2026-1.pdf\" target=\"_blank\" class=\"boton-descarga\">\n                                        <svg xmlns=\"http:\/\/www.w3.org\/2000\/svg\" viewBox=\"0 0 24 24\" aria-hidden=\"true\"><path d=\"M19.35 10.04C18.67 6.59 15.64 4 12 4 9.11 4 6.6 5.64 5.35 8.04 2.34 8.36 0 10.91 0 14c0 3.31 2.69 6 6 6h13c2.76 0 5-2.24 5-5 0-2.64-2.05-4.78-4.65-4.96zM17 13l-5 5-5-5h3V9h4v4h3z\"><\/path><\/svg>\n                                        <span>Ti\u1ebfng Vi\u1ec7t<\/span>\n                                    <\/a>\n                                                        <\/div>\n                                    <\/div>\n                            <div id=\"tab-2027\" class=\"tab-pane \">\n                    <p class=\"descripcion-tab\">\n                        Descarrega as inten\u00e7\u00f5es de ora\u00e7\u00e3o do Santo Padre para <strong>2027<\/strong> na tua l\u00edngua.                    <\/p>\n\n                                            <div class=\"descargas-grid\">\n                                                                <a href=\"https:\/\/www.popesprayer.va\/wp-content\/uploads\/2026\/02\/AR-POPE-LEO-XIV-PRAYER-INTENTIONS-2027.pdf\" target=\"_blank\" class=\"boton-descarga\">\n                                        <svg xmlns=\"http:\/\/www.w3.org\/2000\/svg\" viewBox=\"0 0 24 24\" aria-hidden=\"true\"><path d=\"M19.35 10.04C18.67 6.59 15.64 4 12 4 9.11 4 6.6 5.64 5.35 8.04 2.34 8.36 0 10.91 0 14c0 3.31 2.69 6 6 6h13c2.76 0 5-2.24 5-5 0-2.64-2.05-4.78-4.65-4.96zM17 13l-5 5-5-5h3V9h4v4h3z\"><\/path><\/svg>\n                                        <span>\u0627\u0644\u0639\u0631\u0628\u064a\u0629<\/span>\n                                    <\/a>\n                                                                    <a href=\"https:\/\/www.popesprayer.va\/wp-content\/uploads\/2026\/03\/CA-Intencions-papa-2027.pdf\" target=\"_blank\" class=\"boton-descarga\">\n                                        <svg xmlns=\"http:\/\/www.w3.org\/2000\/svg\" viewBox=\"0 0 24 24\" aria-hidden=\"true\"><path d=\"M19.35 10.04C18.67 6.59 15.64 4 12 4 9.11 4 6.6 5.64 5.35 8.04 2.34 8.36 0 10.91 0 14c0 3.31 2.69 6 6 6h13c2.76 0 5-2.24 5-5 0-2.64-2.05-4.78-4.65-4.96zM17 13l-5 5-5-5h3V9h4v4h3z\"><\/path><\/svg>\n                                        <span>Catal\u00e0<\/span>\n                                    <\/a>\n                                                                    <a href=\"https:\/\/www.popesprayer.va\/wp-content\/uploads\/2026\/02\/DE-GEBETSANLIEGEN-DES-HEILIGEN-VATERS-FUR-2027.pdf\" target=\"_blank\" class=\"boton-descarga\">\n                                        <svg xmlns=\"http:\/\/www.w3.org\/2000\/svg\" viewBox=\"0 0 24 24\" aria-hidden=\"true\"><path d=\"M19.35 10.04C18.67 6.59 15.64 4 12 4 9.11 4 6.6 5.64 5.35 8.04 2.34 8.36 0 10.91 0 14c0 3.31 2.69 6 6 6h13c2.76 0 5-2.24 5-5 0-2.64-2.05-4.78-4.65-4.96zM17 13l-5 5-5-5h3V9h4v4h3z\"><\/path><\/svg>\n                                        <span>Deutsch <\/span>\n                                    <\/a>\n                                                                    <a href=\"https:\/\/www.popesprayer.va\/wp-content\/uploads\/2026\/01\/ENG-POPE-LEO-XIV-PRAYER-INTENTIONS-2027.pdf\" target=\"_blank\" class=\"boton-descarga\">\n                                        <svg xmlns=\"http:\/\/www.w3.org\/2000\/svg\" viewBox=\"0 0 24 24\" aria-hidden=\"true\"><path d=\"M19.35 10.04C18.67 6.59 15.64 4 12 4 9.11 4 6.6 5.64 5.35 8.04 2.34 8.36 0 10.91 0 14c0 3.31 2.69 6 6 6h13c2.76 0 5-2.24 5-5 0-2.64-2.05-4.78-4.65-4.96zM17 13l-5 5-5-5h3V9h4v4h3z\"><\/path><\/svg>\n                                        <span>English<\/span>\n                                    <\/a>\n                                                                    <a href=\"https:\/\/www.popesprayer.va\/wp-content\/uploads\/2026\/04\/EO-PREGINTENCOJ-DE-LA-SANKTA-PATRO-2027.pdf\" target=\"_blank\" class=\"boton-descarga\">\n                                        <svg xmlns=\"http:\/\/www.w3.org\/2000\/svg\" viewBox=\"0 0 24 24\" aria-hidden=\"true\"><path d=\"M19.35 10.04C18.67 6.59 15.64 4 12 4 9.11 4 6.6 5.64 5.35 8.04 2.34 8.36 0 10.91 0 14c0 3.31 2.69 6 6 6h13c2.76 0 5-2.24 5-5 0-2.64-2.05-4.78-4.65-4.96zM17 13l-5 5-5-5h3V9h4v4h3z\"><\/path><\/svg>\n                                        <span>Esperanto<\/span>\n                                    <\/a>\n                                                                    <a href=\"https:\/\/www.popesprayer.va\/wp-content\/uploads\/2026\/01\/ESP-INTENCIONES-PAPA-LEON-XIV-1.pdf\" target=\"_blank\" class=\"boton-descarga\">\n                                        <svg xmlns=\"http:\/\/www.w3.org\/2000\/svg\" viewBox=\"0 0 24 24\" aria-hidden=\"true\"><path d=\"M19.35 10.04C18.67 6.59 15.64 4 12 4 9.11 4 6.6 5.64 5.35 8.04 2.34 8.36 0 10.91 0 14c0 3.31 2.69 6 6 6h13c2.76 0 5-2.24 5-5 0-2.64-2.05-4.78-4.65-4.96zM17 13l-5 5-5-5h3V9h4v4h3z\"><\/path><\/svg>\n                                        <span>Espa\u00f1ol<\/span>\n                                    <\/a>\n                                                                    <a href=\"https:\/\/www.popesprayer.va\/wp-content\/uploads\/2026\/03\/TL-2027-POPE-LEO-XIV-PRAYER-INTENTIONS-2027.pdf\" target=\"_blank\" class=\"boton-descarga\">\n                                        <svg xmlns=\"http:\/\/www.w3.org\/2000\/svg\" viewBox=\"0 0 24 24\" aria-hidden=\"true\"><path d=\"M19.35 10.04C18.67 6.59 15.64 4 12 4 9.11 4 6.6 5.64 5.35 8.04 2.34 8.36 0 10.91 0 14c0 3.31 2.69 6 6 6h13c2.76 0 5-2.24 5-5 0-2.64-2.05-4.78-4.65-4.96zM17 13l-5 5-5-5h3V9h4v4h3z\"><\/path><\/svg>\n                                        <span>Filipino<\/span>\n                                    <\/a>\n                                                                    <a href=\"https:\/\/www.popesprayer.va\/wp-content\/uploads\/2026\/01\/FR-INTENTIONS-2027-PAPE-LEON-XIV-P.-Fabre.pdf\" target=\"_blank\" class=\"boton-descarga\">\n                                        <svg xmlns=\"http:\/\/www.w3.org\/2000\/svg\" viewBox=\"0 0 24 24\" aria-hidden=\"true\"><path d=\"M19.35 10.04C18.67 6.59 15.64 4 12 4 9.11 4 6.6 5.64 5.35 8.04 2.34 8.36 0 10.91 0 14c0 3.31 2.69 6 6 6h13c2.76 0 5-2.24 5-5 0-2.64-2.05-4.78-4.65-4.96zM17 13l-5 5-5-5h3V9h4v4h3z\"><\/path><\/svg>\n                                        <span>Fran\u00e7ais<\/span>\n                                    <\/a>\n                                                                    <a href=\"https:\/\/www.popesprayer.va\/wp-content\/uploads\/2026\/01\/ITA-INTENZIONI-PAPA-LEON-XIV.pdf\" target=\"_blank\" class=\"boton-descarga\">\n                                        <svg xmlns=\"http:\/\/www.w3.org\/2000\/svg\" viewBox=\"0 0 24 24\" aria-hidden=\"true\"><path d=\"M19.35 10.04C18.67 6.59 15.64 4 12 4 9.11 4 6.6 5.64 5.35 8.04 2.34 8.36 0 10.91 0 14c0 3.31 2.69 6 6 6h13c2.76 0 5-2.24 5-5 0-2.64-2.05-4.78-4.65-4.96zM17 13l-5 5-5-5h3V9h4v4h3z\"><\/path><\/svg>\n                                        <span>Italiano<\/span>\n                                    <\/a>\n                                                                    <a href=\"https:\/\/www.popesprayer.va\/wp-content\/uploads\/2026\/03\/SW-POPE-LEO-XIV-PRAYER-INTENTIONS-2027.pdf\" target=\"_blank\" class=\"boton-descarga\">\n                                        <svg xmlns=\"http:\/\/www.w3.org\/2000\/svg\" viewBox=\"0 0 24 24\" aria-hidden=\"true\"><path d=\"M19.35 10.04C18.67 6.59 15.64 4 12 4 9.11 4 6.6 5.64 5.35 8.04 2.34 8.36 0 10.91 0 14c0 3.31 2.69 6 6 6h13c2.76 0 5-2.24 5-5 0-2.64-2.05-4.78-4.65-4.96zM17 13l-5 5-5-5h3V9h4v4h3z\"><\/path><\/svg>\n                                        <span>Kiswahili<\/span>\n                                    <\/a>\n                                                                    <a href=\"https:\/\/www.popesprayer.va\/wp-content\/uploads\/2026\/02\/NL-GEBEDSINTENTIES-PAUS-LEO-XIV-2027.pdf\" target=\"_blank\" class=\"boton-descarga\">\n                                        <svg xmlns=\"http:\/\/www.w3.org\/2000\/svg\" viewBox=\"0 0 24 24\" aria-hidden=\"true\"><path d=\"M19.35 10.04C18.67 6.59 15.64 4 12 4 9.11 4 6.6 5.64 5.35 8.04 2.34 8.36 0 10.91 0 14c0 3.31 2.69 6 6 6h13c2.76 0 5-2.24 5-5 0-2.64-2.05-4.78-4.65-4.96zM17 13l-5 5-5-5h3V9h4v4h3z\"><\/path><\/svg>\n                                        <span>Nederlands<\/span>\n                                    <\/a>\n                                                                    <a href=\"https:\/\/www.popesprayer.va\/wp-content\/uploads\/2026\/02\/PL-INTENCJE-PAPIESKIE-2027.pdf\" target=\"_blank\" class=\"boton-descarga\">\n                                        <svg xmlns=\"http:\/\/www.w3.org\/2000\/svg\" viewBox=\"0 0 24 24\" aria-hidden=\"true\"><path d=\"M19.35 10.04C18.67 6.59 15.64 4 12 4 9.11 4 6.6 5.64 5.35 8.04 2.34 8.36 0 10.91 0 14c0 3.31 2.69 6 6 6h13c2.76 0 5-2.24 5-5 0-2.64-2.05-4.78-4.65-4.96zM17 13l-5 5-5-5h3V9h4v4h3z\"><\/path><\/svg>\n                                        <span>Polski<\/span>\n                                    <\/a>\n                                                                    <a href=\"https:\/\/www.popesprayer.va\/wp-content\/uploads\/2026\/01\/PT-INTENCOES-DE-ORACAO-DO-SANTO-PADRE_2027.pdf\" target=\"_blank\" class=\"boton-descarga\">\n                                        <svg xmlns=\"http:\/\/www.w3.org\/2000\/svg\" viewBox=\"0 0 24 24\" aria-hidden=\"true\"><path d=\"M19.35 10.04C18.67 6.59 15.64 4 12 4 9.11 4 6.6 5.64 5.35 8.04 2.34 8.36 0 10.91 0 14c0 3.31 2.69 6 6 6h13c2.76 0 5-2.24 5-5 0-2.64-2.05-4.78-4.65-4.96zM17 13l-5 5-5-5h3V9h4v4h3z\"><\/path><\/svg>\n                                        <span>Portugu\u00eas<\/span>\n                                    <\/a>\n                                                                    <a href=\"https:\/\/www.popesprayer.va\/wp-content\/uploads\/2026\/04\/UA-POPE-LEO-XIV-PRAYER-INTENTIONS-2027.pdf\" target=\"_blank\" class=\"boton-descarga\">\n                                        <svg xmlns=\"http:\/\/www.w3.org\/2000\/svg\" viewBox=\"0 0 24 24\" aria-hidden=\"true\"><path d=\"M19.35 10.04C18.67 6.59 15.64 4 12 4 9.11 4 6.6 5.64 5.35 8.04 2.34 8.36 0 10.91 0 14c0 3.31 2.69 6 6 6h13c2.76 0 5-2.24 5-5 0-2.64-2.05-4.78-4.65-4.96zM17 13l-5 5-5-5h3V9h4v4h3z\"><\/path><\/svg>\n                                        <span>\u0423\u041a\u0420\u0410\u0407\u041d\u0421\u042c\u041a\u0410<\/span>\n                                    <\/a>\n                                                                    <a href=\"https:\/\/www.popesprayer.va\/wp-content\/uploads\/2026\/03\/VI-POPE-LEO-XIV-PRAYER-INTENTIONS-2027.pdf\" target=\"_blank\" class=\"boton-descarga\">\n                                        <svg xmlns=\"http:\/\/www.w3.org\/2000\/svg\" viewBox=\"0 0 24 24\" aria-hidden=\"true\"><path d=\"M19.35 10.04C18.67 6.59 15.64 4 12 4 9.11 4 6.6 5.64 5.35 8.04 2.34 8.36 0 10.91 0 14c0 3.31 2.69 6 6 6h13c2.76 0 5-2.24 5-5 0-2.64-2.05-4.78-4.65-4.96zM17 13l-5 5-5-5h3V9h4v4h3z\"><\/path><\/svg>\n                                        <span>Ti\u1ebfng Vi\u1ec7t<\/span>\n                                    <\/a>\n                                                        <\/div>\n                                    <\/div>\n                    <\/div>\n    <\/div>\n    [\/et_pb_code][et_pb_text _builder_version=\"4.27.4&#8243; _module_preset=\"default\" text_text_color=\"#FFFFFF\" text_font_size=\"19px\" header_text_color=\"#E9C46A\" header_font_size=\"3rem\" header_2_text_color=\"#FFFFFF\" header_2_font_size=\"4rem\" custom_margin=\"40px||||false|false\" animation_style=\"fade\" animation_duration=\"1500ms\" animation_delay=\"500ms\" global_colors_info=\"{}\"]<\/p>\n<p>Estas <strong>inten\u00e7\u00f5es de ora\u00e7\u00e3o<\/strong> s\u00e3o o produto de um longo <strong>processo sinodal de discernimento no seio da Igreja<\/strong>, em v\u00e1rios pa\u00edses do mundo, com propostas de v\u00e1rios dicast\u00e9rios, congrega\u00e7\u00f5es e servi\u00e7os da Santa S\u00e9. Quando o processo termina, ap\u00f3s v\u00e1rios meses, o Papa, depois de ter recebido as propostas, dedica tempo a rezar e a discernir sobre <strong>os desafios da humanidade e da miss\u00e3o da Igreja<\/strong>. Confia ent\u00e3o as suas doze inten\u00e7\u00f5es de ora\u00e7\u00e3o a todos os fi\u00e9is. S\u00e3o <strong>orienta\u00e7\u00f5es para a nossa vida e miss\u00e3o<\/strong>.   <\/p>\n<p>[\/et_pb_text][et_pb_text _builder_version=\"4.27.4&#8243; _module_preset=\"default\" text_text_color=\"#FFFFFF\" text_font_size=\"19px\" header_text_color=\"#E9C46A\" header_font_size=\"3rem\" header_2_text_color=\"#FFFFFF\" header_2_font_size=\"4rem\" custom_margin=\"40px||||false|false\" animation_style=\"fade\" animation_duration=\"1500ms\" animation_delay=\"500ms\" global_colors_info=\"{}\"]<\/p>\n<p>H\u00e1 tamb\u00e9m apelos urgentes \u00e0 ora\u00e7\u00e3o que, <strong>semana<\/strong>ap\u00f3s <strong>semana - normalmente<\/strong>depois do Angelus ou no final da audi\u00eancia geral - o Papa confia \u00e0 sua rede de ora\u00e7\u00e3o. Estes podem ser <strong>encontrados no perfil de ora\u00e7\u00e3o do Papa<\/strong> e podem ser seguidos em tempo real atrav\u00e9s da rede social <strong>@clicktopray<\/strong>. <\/p>\n<p>[\/et_pb_text][\/et_pb_column][et_pb_column type=\"1_2&#8243; _builder_version=\"4.27.4&#8243; _module_preset=\"default\" sticky_limit_bottom=\"row\" global_colors_info=\"{}\"][\/et_pb_column][\/et_pb_row][\/et_pb_section][et_pb_section fb_built=\"1&#8243; next_background_color=\"#E9C46A\" admin_label=\"Section\" module_id=\"offeringprayer\" _builder_version=\"4.27.4&#8243; _module_preset=\"default\" background_color=\"#E76F51&#8243; use_background_color_gradient=\"on\" background_color_gradient_stops=\"#e76f51 1%|rgba(231,111,81,0.64) 100%\" background_color_gradient_overlays_image=\"on\" background_image=\"https:\/\/www.popesprayer.va\/wp-content\/uploads\/2025\/06\/sjdigital_A_minimalist_and_symbolic_photograph_representing_mor_cc2fa5e5-3989-4759-9ed7-bf5c327dff9b.jpeg\" custom_padding=\"10vw||10vw||true|false\" bottom_divider_style=\"ramp\" da_popup_slug=\"offeringprayer\" da_disable_devices=\"off|off|off\" global_colors_info=\"{}\" da_is_popup=\"off\" da_exit_intent=\"off\" da_has_close=\"on\" da_alt_close=\"off\" da_dark_close=\"off\" da_not_modal=\"on\" da_is_singular=\"off\" da_with_loader=\"off\" da_has_shadow=\"on\"][et_pb_row column_structure=\"3_5,2_5&#8243; make_equal=\"on\" _builder_version=\"4.27.4&#8243; _module_preset=\"ddbed135-e034-4aab-8f52-69def1d8301e\" global_colors_info=\"{}\"][et_pb_column type=\"3_5&#8243; _builder_version=\"4.27.4&#8243; _module_preset=\"default\" global_colors_info=\"{}\"][et_pb_text _builder_version=\"4.27.4&#8243; _module_preset=\"default\" text_text_color=\"#E5E5E5&#8243; header_2_font=\"|700|||||||\" header_2_text_color=\"#FFFFFF\" header_2_font_size=\"4rem\" header_3_font=\"||||||||\" header_3_text_color=\"#E76F51&#8243; header_3_font_size=\"40px\" header_3_line_height=\"1.4em\" animation_style=\"fade\" animation_duration=\"1500ms\" animation_delay=\"100ms\" header_2_font_size_tablet=\"4rem\" header_2_font_size_phone=\"3.2rem\" header_2_font_size_last_edited=\"on|phone\" header_3_line_height_tablet=\"1.7em\" header_3_line_height_phone=\"1.2em\" header_3_line_height_last_edited=\"on|phone\" global_colors_info=\"{}\"]<\/p>\n<h2 data-start=\"518\" data-end=\"562\"><strong>Ora\u00e7\u00e3o de oferecimento<\/strong><\/h2>\n<p data-start=\"563\" data-end=\"826\" class=\"\">[\/et_pb_text][et_pb_text _builder_version=\"4.27.5&#8243; _module_preset=\"default\" text_font=\"|600|||||||\" text_text_color=\"#FFFFFF\" text_font_size=\"20px\" text_line_height=\"1.6em\" header_text_color=\"#E9C46A\" header_font_size=\"3rem\" header_2_text_color=\"#FFFFFF\" header_2_font_size=\"4rem\" global_colors_info=\"{}\"]<\/p>\n<p>Pai de bondade, eu sei que est\u00e1s comigo. Aqui estou neste dia. Coloca mais uma vez o meu cora\u00e7\u00e3o junto ao Cora\u00e7\u00e3o do teu Filho Jesus, que se entrega por mim e que vem a mim na Eucaristia. Que o teu Esp\u00edrito Santo me fa\u00e7a seu amigo e ap\u00f3stolo, dispon\u00edvel para a sua miss\u00e3o de compaix\u00e3o. <\/p>\n<p>Coloco nas tuas m\u00e3os as minhas alegrias e esperan\u00e7as, os meus trabalhos e sofrimentos, tudo o que sou e tenho, em comunh\u00e3o com meus irm\u00e3os e irm\u00e3s desta Rede Mundial de Ora\u00e7\u00e3o.<\/p>\n<p>Com Maria, ofere\u00e7o-Te o meu dia pela miss\u00e3o da Igreja e pelas inten\u00e7\u00f5es de ora\u00e7\u00e3o do Papa e do meu Bispo para este m\u00eas.<\/p>\n<p>Am\u00e9m.<\/p>\n<p>[\/et_pb_text][\/et_pb_column][et_pb_column type=\"2_5&#8243; _builder_version=\"4.27.4&#8243; _module_preset=\"default\" custom_css_main_element=\"margin: auto 0 0;\" global_colors_info=\"{}\"][\/et_pb_column][\/et_pb_row][\/et_pb_section][et_pb_section fb_built=\"1&#8243; admin_label=\"Section\" module_id=\"clicktopray\" _builder_version=\"4.27.5&#8243; _module_preset=\"default\" background_color=\"#E9C46A\" background_image=\"https:\/\/www.popesprayer.va\/wp-content\/uploads\/2025\/06\/ctp.png\" background_size=\"initial\" background_position=\"center_right\" background_last_edited=\"on|phone\" background_position_phone=\"bottom_left\" da_popup_slug=\"clicktopray\" da_disable_devices=\"off|off|off\" global_colors_info=\"{}\" da_is_popup=\"off\" da_exit_intent=\"off\" da_has_close=\"on\" da_alt_close=\"off\" da_dark_close=\"off\" da_not_modal=\"on\" da_is_singular=\"off\" da_with_loader=\"off\" da_has_shadow=\"on\"][et_pb_row _builder_version=\"4.27.4&#8243; _module_preset=\"default\" global_colors_info=\"{}\"][et_pb_column type=\"4_4&#8243; _builder_version=\"4.27.4&#8243; _module_preset=\"default\" global_colors_info=\"{}\"][et_pb_text _builder_version=\"4.27.4&#8243; _module_preset=\"default\" header_text_color=\"#264653&#8243; header_font_size=\"3rem\" header_2_font=\"|700|||||||\" header_2_text_color=\"#E76F51&#8243; header_2_font_size=\"4rem\" header_2_font_size_tablet=\"4rem\" header_2_font_size_phone=\"3.4rem\" header_2_font_size_last_edited=\"on|phone\" global_colors_info=\"{}\"]<\/p>\n<h1><span style=\"font-weight: 400;\">Click To Pray<\/span><\/h1>\n<h2>a plataforma de ora\u00e7\u00e3o do Papa<\/h2>\n<p>[\/et_pb_text][\/et_pb_column][\/et_pb_row][et_pb_row column_structure=\"1_2,1_2&#8243; use_custom_gutter=\"on\" gutter_width=\"2&#8243; make_equal=\"on\" _builder_version=\"4.27.4&#8243; _module_preset=\"default\" global_colors_info=\"{}\"][et_pb_column type=\"1_2&#8243; _builder_version=\"4.27.4&#8243; _module_preset=\"default\" global_colors_info=\"{}\"][et_pb_text _builder_version=\"4.27.4&#8243; _module_preset=\"default\" text_text_color=\"#264653&#8243; text_font_size=\"19px\" header_text_color=\"#E9C46A\" header_font_size=\"3rem\" header_2_text_color=\"#FFFFFF\" header_2_font_size=\"4rem\" global_colors_info=\"{}\"]<\/p>\n<p data-start=\"239\" data-end=\"448\"><strong data-start=\"239\" data-end=\"256\">Click To Pray<\/strong> \u00e9 a plataforma digital oficial do Papa para a ora\u00e7\u00e3o. Ajuda as pessoas de todo o mundo a manterem-se espiritualmente ligadas e mobilizadas todos os dias para os grandes desafios que a humanidade e a Igreja enfrentam. <\/p>\n<p data-start=\"450\" data-end=\"739\">A plataforma oferece um ritmo simples de ora\u00e7\u00e3o atrav\u00e9s de <strong data-start=\"504\" data-end=\"525\">tr\u00eas momentos-chave<\/strong>:<\/p>\n<p>[\/et_pb_text][\/et_pb_column][et_pb_column type=\"1_2&#8243; _builder_version=\"4.27.4&#8243; _module_preset=\"default\" global_colors_info=\"{}\"][\/et_pb_column][\/et_pb_row][et_pb_row column_structure=\"1_5,1_5,1_5,1_5,1_5&#8243; use_custom_gutter=\"on\" gutter_width=\"2&#8243; make_equal=\"on\" _builder_version=\"4.27.4&#8243; _module_preset=\"default\" global_colors_info=\"{}\"][et_pb_column type=\"1_5&#8243; _builder_version=\"4.27.4&#8243; _module_preset=\"default\" background_color=\"#FFFFFF\" custom_padding=\"40px|20px|40px|20px|true|true\" border_radii=\"on|20px|20px|20px|20px\" global_colors_info=\"{}\"][et_pb_blurb title=\"De manh\u00e3\" image=\"https:\/\/www.popesprayer.va\/wp-content\/uploads\/2025\/07\/PrayerMorning.879973f3-1.png\" alt=\"PrayerMorning.879973f3&#8243; image_icon_width=\"80px\" _builder_version=\"4.27.4&#8243; _module_preset=\"default\" header_font=\"|700|||||||\" header_text_color=\"#264653&#8243; text_orientation=\"center\" global_colors_info=\"{}\"]<\/p>\n<p>inspirados pelo Evangelho, oferecemos o nosso dia ao Senhor<\/p>\n<p>[\/et_pb_blurb][\/et_pb_column][et_pb_column type=\"1_5&#8243; _builder_version=\"4.27.4&#8243; _module_preset=\"default\" background_color=\"#FFFFFF\" custom_padding=\"40px|20px|40px|20px|true|true\" border_radii=\"on|20px|20px|20px|20px\" global_colors_info=\"{}\"][et_pb_blurb title=\"Ao meio-dia\" image=\"https:\/\/www.popesprayer.va\/wp-content\/uploads\/2025\/07\/PrayerAfternoon.44b4c701-1.png\" alt=\"Ora\u00e7\u00e3oTarde.44b4c701&#8243; image_icon_width=\"80px\" _builder_version=\"4.27.4&#8243; _module_preset=\"default\" header_font=\"|700|||||||\" header_text_color=\"#264653&#8243; text_orientation=\"center\" global_colors_info=\"{}\"]<\/p>\n<p>fazemos uma pausa para realinhar os nossos cora\u00e7\u00f5es<\/p>\n<p>[\/et_pb_blurb][\/et_pb_column][et_pb_column type=\"1_5&#8243; _builder_version=\"4.27.4&#8243; _module_preset=\"default\" background_color=\"#FFFFFF\" custom_padding=\"40px|20px|40px|20px|true|true\" border_radii=\"on|20px|20px|20px|20px\" global_colors_info=\"{}\"][et_pb_blurb title=\"\u00c0 noite\" image=\"https:\/\/www.popesprayer.va\/wp-content\/uploads\/2025\/07\/PrayerEvening.png\" alt=\"Ora\u00e7\u00e3oNoite\" image_icon_width=\"80px\" _builder_version=\"4.27.4&#8243; _module_preset=\"default\" header_font=\"|700|||||||\" header_text_color=\"#264653&#8243; text_orientation=\"center\" global_colors_info=\"{}\"]<\/p>\n<p>reflectimos e revemos o nosso dia com gratid\u00e3o e honestidade<\/p>\n<p>[\/et_pb_blurb][\/et_pb_column][et_pb_column type=\"1_5&#8243; _builder_version=\"4.27.4&#8243; _module_preset=\"default\" global_colors_info=\"{}\"][\/et_pb_column][et_pb_column type=\"1_5&#8243; _builder_version=\"4.27.4&#8243; _module_preset=\"default\" global_colors_info=\"{}\"][\/et_pb_column][\/et_pb_row][et_pb_row column_structure=\"1_2,1_4,1_4&#8243; make_equal=\"on\" _builder_version=\"4.27.4&#8243; _module_preset=\"default\" global_colors_info=\"{}\"][et_pb_column type=\"1_2&#8243; _builder_version=\"4.27.4&#8243; _module_preset=\"default\" global_colors_info=\"{}\"][et_pb_text _builder_version=\"4.27.4&#8243; _module_preset=\"default\" text_text_color=\"#264653&#8243; text_font_size=\"19px\" header_text_color=\"#E9C46A\" header_font_size=\"3rem\" header_2_text_color=\"#FFFFFF\" header_2_font_size=\"4rem\" global_colors_info=\"{}\"]<\/p>\n<p data-start=\"741\" data-end=\"1051\">Click To Pray tamb\u00e9m partilha <strong data-start=\"771\" data-end=\"806\">a inten\u00e7\u00e3o de ora\u00e7\u00e3o mensal do Papa<\/strong>, ajudando-nos a concentrar a nossa ora\u00e7\u00e3o no que \u00e9 mais importante a n\u00edvel mundial. No seu perfil pessoal dentro da plataforma, o Papa oferece inten\u00e7\u00f5es semanais adicionais e oportunas - convidando-nos a apoiar a miss\u00e3o da Igreja com um cora\u00e7\u00e3o que escuta e responde.<\/p>\n<p data-start=\"1053\" data-end=\"1296\">Mas o Click To Pray \u00e9 mais do que uma ferramenta. \u00c9 uma <strong data-start=\"1100\" data-end=\"1127\">comunidade de ora\u00e7\u00e3o global<\/strong>, onde pessoas de todas as gera\u00e7\u00f5es e culturas podem partilhar as suas inten\u00e7\u00f5es e rezar umas pelas outras. Constr\u00f3i pontes de solidariedade e esperan\u00e7a - digital e espiritualmente.  <\/p>\n<p data-start=\"1298\" data-end=\"1567\">A plataforma e a aplica\u00e7\u00e3o est\u00e3o dispon\u00edveis em <strong data-start=\"1336\" data-end=\"1351\">7 l\u00ednguas<\/strong> (espanhol, ingl\u00eas, portugu\u00eas, italiano, franc\u00eas, alem\u00e3o e chin\u00eas tradicional), e os conte\u00fados di\u00e1rios s\u00e3o tamb\u00e9m partilhados em <strong data-start=\"1470\" data-end=\"1502\">vietnamita, japon\u00eas, coreano<\/strong>, entre outros, atrav\u00e9s do <strong data-start=\"1521\" data-end=\"1566\">Facebook, Twitter, Instagram e YouTube<\/strong>.<\/p>\n<p>[\/et_pb_text][\/et_pb_column][et_pb_column type=\"1_4&#8243; _builder_version=\"4.27.4&#8243; _module_preset=\"default\" global_colors_info=\"{}\"][\/et_pb_column][et_pb_column type=\"1_4&#8243; _builder_version=\"4.27.4&#8243; _module_preset=\"default\" custom_css_main_element=\"margin: auto 0 0;\" global_colors_info=\"{}\"][et_pb_button button_url=\"https:\/\/clicktopray.org\/\" button_text=\"Descobre o projeto\" _builder_version=\"4.27.5&#8243; _module_preset=\"default\" custom_button=\"on\" button_text_color=\"#E9C46A\" button_bg_color=\"#264653&#8243; button_border_width=\"0px\" button_border_radius=\"20px\" hover_enabled=\"0&#8243; global_colors_info=\"{}\" url_new_window=\"on\" sticky_enabled=\"0&#8243;][\/et_pb_button][\/et_pb_column][\/et_pb_row][\/et_pb_section][et_pb_section fb_built=\"1&#8243; prev_background_color=\"#E9C46A\" admin_label=\"Section\" module_id=\"thepopevideo\" _builder_version=\"4.27.4&#8243; _module_preset=\"default\" background_color=\"#2A9D8F\" background_image=\"https:\/\/www.popesprayer.va\/wp-content\/uploads\/2025\/06\/sjdigital_Photo_of_St_Peters_Basilica._The_sky_has_some_clouds._93180f9f-2271-445f-90c5-8daa6d5bcf44-en-tamano-grande.jpeg\" background_blend=\"screen\" custom_padding=\"12vw||12vw||false|false\" top_divider_style=\"slant\" bottom_divider_style=\"ramp\" bottom_divider_color=\"#264653&#8243; bottom_divider_flip=\"horizontal\" da_popup_slug=\"thepopevideo\" da_disable_devices=\"off|off|off\" global_colors_info=\"{}\" da_is_popup=\"off\" da_exit_intent=\"off\" da_has_close=\"on\" da_alt_close=\"off\" da_dark_close=\"off\" da_not_modal=\"on\" da_is_singular=\"off\" da_with_loader=\"off\" da_has_shadow=\"on\"][et_pb_row column_structure=\"3_5,2_5&#8243; make_equal=\"on\" _builder_version=\"4.27.4&#8243; _module_preset=\"ddbed135-e034-4aab-8f52-69def1d8301e\" global_colors_info=\"{}\"][et_pb_column type=\"3_5&#8243; _builder_version=\"4.27.4&#8243; _module_preset=\"default\" global_colors_info=\"{}\"][et_pb_text _builder_version=\"4.27.4&#8243; _module_preset=\"default\" text_text_color=\"#E5E5E5&#8243; header_2_font=\"|700|||||||\" header_2_text_color=\"#264653&#8243; header_2_font_size=\"4rem\" header_3_font=\"||||||||\" header_3_text_color=\"#E76F51&#8243; header_3_font_size=\"40px\" header_3_line_height=\"1.4em\" animation_style=\"fade\" animation_duration=\"1500ms\" animation_delay=\"100ms\" header_2_font_size_tablet=\"4rem\" header_2_font_size_phone=\"3.4rem\" header_2_font_size_last_edited=\"on|phone\" header_3_line_height_tablet=\"1.7em\" header_3_line_height_phone=\"1.2em\" header_3_line_height_last_edited=\"on|phone\" global_colors_info=\"{}\"]<\/p>\n<h2 data-start=\"518\" data-end=\"562\">O v\u00eddeo do Papa<\/h2>\n<p data-start=\"563\" data-end=\"826\" class=\"\">\n<p>[\/et_pb_text][\/et_pb_column][et_pb_column type=\"2_5&#8243; _builder_version=\"4.27.4&#8243; _module_preset=\"default\" custom_css_main_element=\"margin: auto 0 0;\" global_colors_info=\"{}\"][\/et_pb_column][\/et_pb_row][et_pb_row column_structure=\"3_5,2_5&#8243; make_equal=\"on\" _builder_version=\"4.27.4&#8243; _module_preset=\"ddbed135-e034-4aab-8f52-69def1d8301e\" global_colors_info=\"{}\"][et_pb_column type=\"3_5&#8243; _builder_version=\"4.27.4&#8243; _module_preset=\"default\" global_colors_info=\"{}\"][et_pb_text _builder_version=\"4.27.4&#8243; _module_preset=\"default\" text_text_color=\"#264653&#8243; text_font_size=\"19px\" header_text_color=\"#E9C46A\" header_font_size=\"3rem\" header_2_text_color=\"#FFFFFF\" header_2_font_size=\"4rem\" global_colors_info=\"{}\"]<\/p>\n<p data-start=\"161\" data-end=\"325\"><strong data-start=\"161\" data-end=\"179\">O V\u00eddeo do Papa<\/strong> \u00e9 uma iniciativa oficial e global que divulga as inten\u00e7\u00f5es mensais de ora\u00e7\u00e3o do Papa, lan\u00e7ada em 2016.<\/p>\n<p data-start=\"161\" data-end=\"325\">O projeto alcan\u00e7ou mais de <strong data-start=\"374\" data-end=\"395\">260 milh\u00f5es de visualiza\u00e7\u00f5es<\/strong> nas plataformas das redes sociais do Vaticano. Traduzido em <strong data-start=\"457\" data-end=\"483\">mais de 23 l\u00ednguas<\/strong> e apresentado nos meios de comunica\u00e7\u00e3o social de <strong data-start=\"509\" data-end=\"526\">114 pa\u00edses<\/strong>, O V\u00eddeo do Papa ajuda as pessoas a ligarem-se pessoalmente \u00e0s inten\u00e7\u00f5es do Santo Padre - convidando os cora\u00e7\u00f5es de todos os lugares a rezar, refletir e agir.<\/p>\n<p><span style=\"font-weight: 400;\">E agora, uma forma muito concreta e profunda de <strong>#PrayWithThePope<\/strong> no seu novo formato. <\/span><span style=\"font-weight: 400;\"><strong>Uma mensagem de f\u00e9, compaix\u00e3o e unidade - todos os meses, para o mundo inteiro<\/strong>. <\/span> <\/p>\n<p>[\/et_pb_text][et_pb_button button_url=\"https:\/\/popesprayer.va\/praywiththepope\" url_new_window=\"on\" button_text=\"Reza com o Papa\" _builder_version=\"4.27.5&#8243; _module_preset=\"default\" custom_button=\"on\" button_text_color=\"#FFFFFF\" button_bg_color=\"#264653&#8243; button_border_width=\"0px\" button_border_radius=\"20px\" global_colors_info=\"{}\"][\/et_pb_button][\/et_pb_column][et_pb_column type=\"2_5&#8243; _builder_version=\"4.27.4&#8243; _module_preset=\"default\" custom_css_main_element=\"margin: auto 0 0;\" global_colors_info=\"{}\"][et_pb_code _builder_version=\"4.27.4&#8243; _module_preset=\"default\" sticky_limit_bottom=\"row\" border_radii=\"on|20px|20px|20px|20px\" global_colors_info=\"{}\"]<div class='tpv-video-container'><iframe src='https:\/\/www.youtube.com\/embed\/videoseries?rel=0&#038;list=PLTroqZcBkue16MMgzz9LKRp-W1biit5sp' allowfullscreen='allowfullscreen' mozallowfullscreen='mozallowfullscreen' msallowfullscreen='msallowfullscreen' oallowfullscreen='oallowfullscreen' webkitallowfullscreen='webkitallowfullscreen' frameborder='0'><\/iframe><\/div>[\/et_pb_code][\/et_pb_column][\/et_pb_row][\/et_pb_section]<\/p>\n","protected":false},"excerpt":{"rendered":"<p>[et_pb_section fb_built=\"1&#8243; prev_background_color=\"#F4A261&#8243; next_background_color=\"#E76F51&#8243; admin_label=\"Section\" _builder_version=\"4.27.4&#8243; _module_preset=\"default\" background_color=\"#264653&#8243; background_image=\"https:\/\/www.popesprayer.va\/wp-content\/uploads\/2025\/07\/popes-intentions.jpeg\" background_blend=\"overlay\" custom_padding=\"12vw||12vw||true|false\" top_divider_style=\"ramp\" top_divider_height=\"40px\" bottom_divider_style=\"ramp\" bottom_divider_flip=\"horizontal\" background_last_edited=\"on|tablet\" background_position_tablet=\"center_right\" da_disable_devices=\"off|off|off\" global_colors_info=\"{}\" da_is_popup=\"off\" da_exit_intent=\"off\" da_has_close=\"on\" da_alt_close=\"off\" da_dark_close=\"off\" da_not_modal=\"on\" da_is_singular=\"off\" da_with_loader=\"off\" da_has_shadow=\"on\"][et_pb_row column_structure=\"3_5,2_5&#8243; _builder_version=\"4.27.4&#8243; _module_preset=\"default\" global_colors_info=\"{}\"][et_pb_column type=\"3_5&#8243; _builder_version=\"4.27.4&#8243; _module_preset=\"default\" global_colors_info=\"{}\"][et_pb_text _builder_version=\"4.27.4&#8243; _module_preset=\"default\" header_text_color=\"#E9C46A\" header_font_size=\"3rem\" header_2_font=\"|700|||||||\" header_2_text_color=\"#FFFFFF\" header_2_font_size=\"4rem\" header_2_font_size_tablet=\"4rem\" header_2_font_size_phone=\"3.8rem\" header_2_font_size_last_edited=\"on|phone\" global_colors_info=\"{}\"] Inten\u00e7\u00f5es de ora\u00e7\u00e3o do Papa [\/et_pb_text][\/et_pb_column][et_pb_column type=\"2_5&#8243; _builder_version=\"4.27.4&#8243; [&hellip;]<\/p>\n","protected":false},"author":1,"featured_media":0,"parent":0,"menu_order":0,"comment_status":"closed","ping_status":"closed","template":"","meta":{"_acf_changed":false,"_et_pb_use_builder":"on","_et_pb_old_content":"","_et_gb_content_width":"","footnotes":""},"class_list":["post-84325","page","type-page","status-publish","hentry"],"acf":[],"yoast_head":"<!-- This site is optimized with the Yoast SEO plugin v27.4 - https:\/\/yoast.com\/product\/yoast-seo-wordpress\/ -->\n<title>Reza - Rede Mundial de Ora\u00e7\u00e3o do Papa<\/title>\n<meta name=\"robots\" content=\"index, follow, max-snippet:-1, max-image-preview:large, max-video-preview:-1\" \/>\n<link rel=\"canonical\" href=\"https:\/\/www.popesprayer.va\/pt-pt\/reza\/\" \/>\n<meta property=\"og:locale\" content=\"pt_PT\" \/>\n<meta property=\"og:type\" content=\"article\" \/>\n<meta property=\"og:title\" content=\"Reza - Rede Mundial de Ora\u00e7\u00e3o do Papa\" \/>\n<meta property=\"og:description\" content=\"[et_pb_section fb_built=&quot;1&#8243; prev_background_color=&quot;#F4A261&#8243; next_background_color=&quot;#E76F51&#8243; admin_label=&quot;Section&quot; _builder_version=&quot;4.27.4&#8243; _module_preset=&quot;default&quot; background_color=&quot;#264653&#8243; background_image=&quot;https:\/\/www.popesprayer.va\/wp-content\/uploads\/2025\/07\/popes-intentions.jpeg&quot; background_blend=&quot;overlay&quot; custom_padding=&quot;12vw||12vw||true|false&quot; top_divider_style=&quot;ramp&quot; top_divider_height=&quot;40px&quot; bottom_divider_style=&quot;ramp&quot; bottom_divider_flip=&quot;horizontal&quot; background_last_edited=&quot;on|tablet&quot; background_position_tablet=&quot;center_right&quot; da_disable_devices=&quot;off|off|off&quot; global_colors_info=&quot;{}&quot; da_is_popup=&quot;off&quot; da_exit_intent=&quot;off&quot; da_has_close=&quot;on&quot; da_alt_close=&quot;off&quot; da_dark_close=&quot;off&quot; da_not_modal=&quot;on&quot; da_is_singular=&quot;off&quot; da_with_loader=&quot;off&quot; da_has_shadow=&quot;on&quot;][et_pb_row column_structure=&quot;3_5,2_5&#8243; _builder_version=&quot;4.27.4&#8243; _module_preset=&quot;default&quot; global_colors_info=&quot;{}&quot;][et_pb_column type=&quot;3_5&#8243; _builder_version=&quot;4.27.4&#8243; _module_preset=&quot;default&quot; global_colors_info=&quot;{}&quot;][et_pb_text _builder_version=&quot;4.27.4&#8243; _module_preset=&quot;default&quot; header_text_color=&quot;#E9C46A&quot; header_font_size=&quot;3rem&quot; header_2_font=&quot;|700|||||||&quot; header_2_text_color=&quot;#FFFFFF&quot; header_2_font_size=&quot;4rem&quot; header_2_font_size_tablet=&quot;4rem&quot; header_2_font_size_phone=&quot;3.8rem&quot; header_2_font_size_last_edited=&quot;on|phone&quot; global_colors_info=&quot;{}&quot;] Inten\u00e7\u00f5es de ora\u00e7\u00e3o do Papa [\/et_pb_text][\/et_pb_column][et_pb_column type=&quot;2_5&#8243; _builder_version=&quot;4.27.4&#8243; [&hellip;]\" \/>\n<meta property=\"og:url\" content=\"https:\/\/www.popesprayer.va\/pt-pt\/reza\/\" \/>\n<meta property=\"og:site_name\" content=\"Rede Mundial de Ora\u00e7\u00e3o do Papa\" \/>\n<meta property=\"article:modified_time\" content=\"2026-02-13T14:16:36+00:00\" \/>\n<meta name=\"twitter:card\" content=\"summary_large_image\" \/>\n<meta name=\"twitter:label1\" content=\"Tempo estimado de leitura\" \/>\n\t<meta name=\"twitter:data1\" content=\"14 minutos\" \/>\n<script type=\"application\/ld+json\" class=\"yoast-schema-graph\">{\"@context\":\"https:\\\/\\\/schema.org\",\"@graph\":[{\"@type\":\"WebPage\",\"@id\":\"https:\\\/\\\/www.popesprayer.va\\\/pt-pt\\\/reza\\\/\",\"url\":\"https:\\\/\\\/www.popesprayer.va\\\/pt-pt\\\/reza\\\/\",\"name\":\"Reza - Rede Mundial de Ora\u00e7\u00e3o do Papa\",\"isPartOf\":{\"@id\":\"https:\\\/\\\/www.popesprayer.va\\\/pt-pt\\\/#website\"},\"datePublished\":\"2025-06-07T09:19:15+00:00\",\"dateModified\":\"2026-02-13T14:16:36+00:00\",\"breadcrumb\":{\"@id\":\"https:\\\/\\\/www.popesprayer.va\\\/pt-pt\\\/reza\\\/#breadcrumb\"},\"inLanguage\":\"pt-PT\",\"potentialAction\":[{\"@type\":\"ReadAction\",\"target\":[\"https:\\\/\\\/www.popesprayer.va\\\/pt-pt\\\/reza\\\/\"]}]},{\"@type\":\"BreadcrumbList\",\"@id\":\"https:\\\/\\\/www.popesprayer.va\\\/pt-pt\\\/reza\\\/#breadcrumb\",\"itemListElement\":[{\"@type\":\"ListItem\",\"position\":1,\"name\":\"Home\",\"item\":\"https:\\\/\\\/www.popesprayer.va\\\/pt-pt\\\/\"},{\"@type\":\"ListItem\",\"position\":2,\"name\":\"Reza\"}]},{\"@type\":\"WebSite\",\"@id\":\"https:\\\/\\\/www.popesprayer.va\\\/pt-pt\\\/#website\",\"url\":\"https:\\\/\\\/www.popesprayer.va\\\/pt-pt\\\/\",\"name\":\"Pope's Worldwide Prayer Network\",\"description\":\"Pray together, change the world\",\"publisher\":{\"@id\":\"https:\\\/\\\/www.popesprayer.va\\\/pt-pt\\\/#organization\"},\"potentialAction\":[{\"@type\":\"SearchAction\",\"target\":{\"@type\":\"EntryPoint\",\"urlTemplate\":\"https:\\\/\\\/www.popesprayer.va\\\/pt-pt\\\/?s={search_term_string}\"},\"query-input\":{\"@type\":\"PropertyValueSpecification\",\"valueRequired\":true,\"valueName\":\"search_term_string\"}}],\"inLanguage\":\"pt-PT\"},{\"@type\":\"Organization\",\"@id\":\"https:\\\/\\\/www.popesprayer.va\\\/pt-pt\\\/#organization\",\"name\":\"Rede Mundial de Ora\u00e7\u00e3o do Papa\",\"url\":\"https:\\\/\\\/www.popesprayer.va\\\/pt-pt\\\/\",\"logo\":{\"@type\":\"ImageObject\",\"inLanguage\":\"pt-PT\",\"@id\":\"https:\\\/\\\/www.popesprayer.va\\\/pt-pt\\\/#\\\/schema\\\/logo\\\/image\\\/\",\"url\":\"https:\\\/\\\/www.popesprayer.va\\\/wp-content\\\/uploads\\\/2025\\\/01\\\/Logo-Popes-Worldwide-Prayer-Network-Pontifical-Work-EN-Horizontal.png\",\"contentUrl\":\"https:\\\/\\\/www.popesprayer.va\\\/wp-content\\\/uploads\\\/2025\\\/01\\\/Logo-Popes-Worldwide-Prayer-Network-Pontifical-Work-EN-Horizontal.png\",\"width\":1328,\"height\":228,\"caption\":\"Rede Mundial de Ora\u00e7\u00e3o do Papa\"},\"image\":{\"@id\":\"https:\\\/\\\/www.popesprayer.va\\\/pt-pt\\\/#\\\/schema\\\/logo\\\/image\\\/\"}}]}<\/script>\n<!-- \/ Yoast SEO plugin. -->","yoast_head_json":{"title":"Reza - Rede Mundial de Ora\u00e7\u00e3o do Papa","robots":{"index":"index","follow":"follow","max-snippet":"max-snippet:-1","max-image-preview":"max-image-preview:large","max-video-preview":"max-video-preview:-1"},"canonical":"https:\/\/www.popesprayer.va\/pt-pt\/reza\/","og_locale":"pt_PT","og_type":"article","og_title":"Reza - Rede Mundial de Ora\u00e7\u00e3o do Papa","og_description":"[et_pb_section fb_built=\"1&#8243; prev_background_color=\"#F4A261&#8243; next_background_color=\"#E76F51&#8243; admin_label=\"Section\" _builder_version=\"4.27.4&#8243; _module_preset=\"default\" background_color=\"#264653&#8243; background_image=\"https:\/\/www.popesprayer.va\/wp-content\/uploads\/2025\/07\/popes-intentions.jpeg\" background_blend=\"overlay\" custom_padding=\"12vw||12vw||true|false\" top_divider_style=\"ramp\" top_divider_height=\"40px\" bottom_divider_style=\"ramp\" bottom_divider_flip=\"horizontal\" background_last_edited=\"on|tablet\" background_position_tablet=\"center_right\" da_disable_devices=\"off|off|off\" global_colors_info=\"{}\" da_is_popup=\"off\" da_exit_intent=\"off\" da_has_close=\"on\" da_alt_close=\"off\" da_dark_close=\"off\" da_not_modal=\"on\" da_is_singular=\"off\" da_with_loader=\"off\" da_has_shadow=\"on\"][et_pb_row column_structure=\"3_5,2_5&#8243; _builder_version=\"4.27.4&#8243; _module_preset=\"default\" global_colors_info=\"{}\"][et_pb_column type=\"3_5&#8243; _builder_version=\"4.27.4&#8243; _module_preset=\"default\" global_colors_info=\"{}\"][et_pb_text _builder_version=\"4.27.4&#8243; _module_preset=\"default\" header_text_color=\"#E9C46A\" header_font_size=\"3rem\" header_2_font=\"|700|||||||\" header_2_text_color=\"#FFFFFF\" header_2_font_size=\"4rem\" header_2_font_size_tablet=\"4rem\" header_2_font_size_phone=\"3.8rem\" header_2_font_size_last_edited=\"on|phone\" global_colors_info=\"{}\"] Inten\u00e7\u00f5es de ora\u00e7\u00e3o do Papa [\/et_pb_text][\/et_pb_column][et_pb_column type=\"2_5&#8243; _builder_version=\"4.27.4&#8243; [&hellip;]","og_url":"https:\/\/www.popesprayer.va\/pt-pt\/reza\/","og_site_name":"Rede Mundial de Ora\u00e7\u00e3o do Papa","article_modified_time":"2026-02-13T14:16:36+00:00","twitter_card":"summary_large_image","twitter_misc":{"Tempo estimado de leitura":"14 minutos"},"schema":{"@context":"https:\/\/schema.org","@graph":[{"@type":"WebPage","@id":"https:\/\/www.popesprayer.va\/pt-pt\/reza\/","url":"https:\/\/www.popesprayer.va\/pt-pt\/reza\/","name":"Reza - Rede Mundial de Ora\u00e7\u00e3o do Papa","isPartOf":{"@id":"https:\/\/www.popesprayer.va\/pt-pt\/#website"},"datePublished":"2025-06-07T09:19:15+00:00","dateModified":"2026-02-13T14:16:36+00:00","breadcrumb":{"@id":"https:\/\/www.popesprayer.va\/pt-pt\/reza\/#breadcrumb"},"inLanguage":"pt-PT","potentialAction":[{"@type":"ReadAction","target":["https:\/\/www.popesprayer.va\/pt-pt\/reza\/"]}]},{"@type":"BreadcrumbList","@id":"https:\/\/www.popesprayer.va\/pt-pt\/reza\/#breadcrumb","itemListElement":[{"@type":"ListItem","position":1,"name":"Home","item":"https:\/\/www.popesprayer.va\/pt-pt\/"},{"@type":"ListItem","position":2,"name":"Reza"}]},{"@type":"WebSite","@id":"https:\/\/www.popesprayer.va\/pt-pt\/#website","url":"https:\/\/www.popesprayer.va\/pt-pt\/","name":"Pope's Worldwide Prayer Network","description":"Pray together, change the world","publisher":{"@id":"https:\/\/www.popesprayer.va\/pt-pt\/#organization"},"potentialAction":[{"@type":"SearchAction","target":{"@type":"EntryPoint","urlTemplate":"https:\/\/www.popesprayer.va\/pt-pt\/?s={search_term_string}"},"query-input":{"@type":"PropertyValueSpecification","valueRequired":true,"valueName":"search_term_string"}}],"inLanguage":"pt-PT"},{"@type":"Organization","@id":"https:\/\/www.popesprayer.va\/pt-pt\/#organization","name":"Rede Mundial de Ora\u00e7\u00e3o do Papa","url":"https:\/\/www.popesprayer.va\/pt-pt\/","logo":{"@type":"ImageObject","inLanguage":"pt-PT","@id":"https:\/\/www.popesprayer.va\/pt-pt\/#\/schema\/logo\/image\/","url":"https:\/\/www.popesprayer.va\/wp-content\/uploads\/2025\/01\/Logo-Popes-Worldwide-Prayer-Network-Pontifical-Work-EN-Horizontal.png","contentUrl":"https:\/\/www.popesprayer.va\/wp-content\/uploads\/2025\/01\/Logo-Popes-Worldwide-Prayer-Network-Pontifical-Work-EN-Horizontal.png","width":1328,"height":228,"caption":"Rede Mundial de Ora\u00e7\u00e3o do Papa"},"image":{"@id":"https:\/\/www.popesprayer.va\/pt-pt\/#\/schema\/logo\/image\/"}}]}},"_links":{"self":[{"href":"https:\/\/www.popesprayer.va\/pt-pt\/wp-json\/wp\/v2\/pages\/84325","targetHints":{"allow":["GET"]}}],"collection":[{"href":"https:\/\/www.popesprayer.va\/pt-pt\/wp-json\/wp\/v2\/pages"}],"about":[{"href":"https:\/\/www.popesprayer.va\/pt-pt\/wp-json\/wp\/v2\/types\/page"}],"author":[{"embeddable":true,"href":"https:\/\/www.popesprayer.va\/pt-pt\/wp-json\/wp\/v2\/users\/1"}],"replies":[{"embeddable":true,"href":"https:\/\/www.popesprayer.va\/pt-pt\/wp-json\/wp\/v2\/comments?post=84325"}],"version-history":[{"count":13,"href":"https:\/\/www.popesprayer.va\/pt-pt\/wp-json\/wp\/v2\/pages\/84325\/revisions"}],"predecessor-version":[{"id":93320,"href":"https:\/\/www.popesprayer.va\/pt-pt\/wp-json\/wp\/v2\/pages\/84325\/revisions\/93320"}],"wp:attachment":[{"href":"https:\/\/www.popesprayer.va\/pt-pt\/wp-json\/wp\/v2\/media?parent=84325"}],"curies":[{"name":"wp","href":"https:\/\/api.w.org\/{rel}","templated":true}]}}