{"id":84370,"date":"2025-08-28T08:42:02","date_gmt":"2025-08-28T06:42:02","guid":{"rendered":"https:\/\/www.popesprayer.va\/recursos\/"},"modified":"2026-07-06T07:49:54","modified_gmt":"2026-07-06T05:49:54","slug":"recursos","status":"publish","type":"page","link":"https:\/\/www.popesprayer.va\/pt-pt\/recursos\/","title":{"rendered":"Recursos"},"content":{"rendered":"\n<div class=\"et_pb_section_0 et_pb_section et_section_regular et_block_section section_has_divider et_pb_top_divider et_pb_bottom_divider\"><div class=\"et_pb_top_inside_divider et-no-transition\"><\/div><div class=\"et_pb_row_0 et_pb_row et_block_row preset--module--divi-row--default\"><div class=\"et_pb_column_0 et_pb_column et_pb_column_3_5 et_block_column et_pb_css_mix_blend_mode_passthrough\"><div class=\"et_pb_text_0 et_pb_text et_pb_bg_layout_light et_animated et_pb_module et_block_module\"><div class=\"et_pb_text_inner\"><h1>Recursos<\/h1>\n<\/div><\/div><div class=\"et_pb_text_1 et_pb_text et_pb_bg_layout_light et_animated et_pb_module et_block_module\"><div class=\"et_pb_text_inner\"><h1>Um centro de inspira\u00e7\u00e3o<\/h1>\n<\/div><\/div><\/div><div class=\"et_pb_column_1 et_pb_column et_pb_column_2_5 et-last-child et_block_column et_pb_column_empty et_pb_css_mix_blend_mode_passthrough\"><\/div><\/div><div class=\"et_pb_bottom_inside_divider et-no-transition\"><\/div><\/div><div class=\"et_pb_section_1 et_pb_section et_section_regular et_block_section\"><div class=\"et_pb_row_1 et_pb_row et_block_row preset--module--divi-row--default\"><div class=\"et_pb_column_2 et_pb_column et_pb_column_4_4 et-last-child et_block_column et_pb_css_mix_blend_mode_passthrough\"><div class=\"et_pb_text_2 et_pb_text et_pb_bg_layout_light et_pb_module et_block_module\"><div class=\"et_pb_text_inner\"><h2><strong>Destaques<\/strong><\/h2>\n<\/div><\/div><div class=\"et_pb_module et_pb_button_module_wrapper et_pb_button_0_wrapper\"><a class=\"et_pb_button_0 et_pb_button et_pb_bg_layout_light et_pb_module et_block_module\" href=\"https:\/\/www.popesprayer.va\/thepopevideo\/\" target=\"_blank\">Arquivo do O Video do Papa<\/a><\/div><div class=\"et_pb_code_0 et_pb_code et_pb_module\"><div class=\"et_pb_code_inner\"><div class=\"sjd-resources-grid-container\"><div class=\"sjd-resource-column\"><div class=\"sjd-resource-item\"><a href=\"https:\/\/www.popesprayer.va\/pt-pt\/resource\/intencoes-de-oracao-do-papa-para-2027\/\"><img loading=\"lazy\" decoding=\"async\" width=\"721\" height=\"1024\" src=\"https:\/\/www.popesprayer.va\/wp-content\/uploads\/2026\/09\/intentions2027pt-721x1024.jpg\" class=\"attachment-large size-large wp-post-image\" alt=\"\" \/><div class=\"sjd-resource-title-overlay\"><h4>Inten\u00e7\u00f5es de Ora\u00e7\u00e3o do Papa para 2027<\/h4><\/div><\/a><\/div><\/div><div class=\"sjd-resource-column\"><div class=\"sjd-resource-item\"><a href=\"https:\/\/www.popesprayer.va\/pt-pt\/resource\/estatutos\/\"><img loading=\"lazy\" decoding=\"async\" width=\"716\" height=\"1024\" src=\"https:\/\/www.popesprayer.va\/wp-content\/uploads\/2025\/09\/PT-ESTATUTOS-2024-716x1024.png\" class=\"attachment-large size-large wp-post-image\" alt=\"PT - ESTATUTOS 2024\" \/><div class=\"sjd-resource-title-overlay\"><h4>Estatutos<\/h4><\/div><\/a><\/div><\/div><div class=\"sjd-resource-column\"><div class=\"sjd-resource-item\"><a href=\"https:\/\/www.popesprayer.va\/pt-pt\/resource\/regulamento-geral\/\"><img loading=\"lazy\" decoding=\"async\" width=\"716\" height=\"1024\" src=\"https:\/\/www.popesprayer.va\/wp-content\/uploads\/2026\/03\/2-716x1024.png\" class=\"attachment-large size-large wp-post-image\" alt=\"\" \/><div class=\"sjd-resource-title-overlay\"><h4>Regulamento geral<\/h4><\/div><\/a><\/div><\/div><div class=\"sjd-resource-column\"><div class=\"sjd-resource-item\"><a href=\"https:\/\/www.popesprayer.va\/pt-pt\/resource\/revista-oracao-e-servico-2025\/\"><img loading=\"lazy\" decoding=\"async\" width=\"724\" height=\"1024\" src=\"https:\/\/www.popesprayer.va\/wp-content\/uploads\/2025\/12\/PT_Oracion_y_servicio_25-1-724x1024.jpg\" class=\"attachment-large size-large wp-post-image\" alt=\"PT_Oraci\u00f3n_y_servicio_25 (1)\" \/><div class=\"sjd-resource-title-overlay\"><h4>Revista Ora\u00e7\u00e3o e Servi\u00e7o 2025<\/h4><\/div><\/a><\/div><\/div><\/div><\/div><\/div><div class=\"et_pb_module et_pb_button_module_wrapper et_pb_button_1_wrapper\"><a class=\"et_pb_button_1 et_pb_button et_pb_bg_layout_light et_pb_module et_block_module\" href=\"https:\/\/issuu.com\/popesprayernet\/stacks\" target=\"_blank\">Descobre todos os recursos<\/a><\/div><\/div><\/div><\/div><div class=\"et_pb_section_2 et_pb_section et_section_regular et_block_section section_has_divider et_pb_top_divider et_pb_bottom_divider\"><div class=\"et_pb_top_inside_divider et-no-transition\"><\/div><div class=\"et_pb_row_2 et_pb_row et_block_row preset--module--divi-row--default\"><div class=\"et_pb_column_3 et_pb_column et_pb_column_4_4 et-last-child et_block_column et_pb_css_mix_blend_mode_passthrough\"><div class=\"et_pb_text_3 et_pb_text et_pb_bg_layout_light et_pb_module et_block_module\"><div class=\"et_pb_text_inner\"><h2>O Caminho do Cora\u00e7\u00e3o<\/h2>\n<\/div><\/div><div class=\"et_pb_code_1 et_pb_code et_pb_module\"><div class=\"et_pb_code_inner\"><div class=\"sjd-resources-grid-container\"><div class=\"sjd-resource-column\"><div class=\"sjd-resource-item\"><a href=\"https:\/\/www.popesprayer.va\/pt-pt\/resource\/em-caminho-materiais-de-apoio-para-formadores\/\"><img loading=\"lazy\" decoding=\"async\" width=\"725\" height=\"1024\" src=\"https:\/\/www.popesprayer.va\/wp-content\/uploads\/2026\/01\/12-ecc-pt-1-725x1024.jpg\" class=\"attachment-large size-large wp-post-image\" alt=\"12-ecc-pt\" \/><div class=\"sjd-resource-title-overlay\"><h4>Em Caminho - Materiais de apoio para formadores<\/h4><\/div><\/a><\/div><\/div><div class=\"sjd-resource-column\"><div class=\"sjd-resource-item\"><a href=\"https:\/\/www.popesprayer.va\/pt-pt\/resource\/introducao-1-rezar-e-mobilizar-a-nossa-vida\/\"><img loading=\"lazy\" decoding=\"async\" width=\"725\" height=\"1024\" src=\"https:\/\/www.popesprayer.va\/wp-content\/uploads\/2025\/09\/page_1-1-scaled-1-725x1024.jpg\" class=\"attachment-large size-large wp-post-image\" alt=\"page_1-1-scaled\" \/><div class=\"sjd-resource-title-overlay\"><h4>Introdu\u00e7\u00e3o 1: Rezar e mobilizar a nossa vida<\/h4><\/div><\/a><\/div><\/div><div class=\"sjd-resource-column\"><div class=\"sjd-resource-item\"><a href=\"https:\/\/www.popesprayer.va\/pt-pt\/resource\/introducao-2-disposicoes-iniciais\/\"><img loading=\"lazy\" decoding=\"async\" width=\"725\" height=\"1024\" src=\"https:\/\/www.popesprayer.va\/wp-content\/uploads\/2025\/09\/page_2-1-scaled-1-725x1024.jpg\" class=\"attachment-large size-large wp-post-image\" alt=\"page_2-1-scaled\" \/><div class=\"sjd-resource-title-overlay\"><h4>Introdu\u00e7\u00e3o 2: Disposi\u00e7\u00e3o inicial<\/h4><\/div><\/a><\/div><\/div><div class=\"sjd-resource-column\"><div class=\"sjd-resource-item\"><a href=\"https:\/\/www.popesprayer.va\/pt-pt\/resource\/passo-1-no-principio-era-o-amor\/\"><img loading=\"lazy\" decoding=\"async\" width=\"725\" height=\"1024\" src=\"https:\/\/www.popesprayer.va\/wp-content\/uploads\/2025\/09\/page_3-1-scaled-1-725x1024.jpg\" class=\"attachment-large size-large wp-post-image\" alt=\"page_3-1-scaled\" \/><div class=\"sjd-resource-title-overlay\"><h4>Passo 1: No princ\u00edpio era o Amor<\/h4><\/div><\/a><\/div><\/div><div class=\"sjd-resource-column\"><div class=\"sjd-resource-item\"><a href=\"https:\/\/www.popesprayer.va\/pt-pt\/resource\/passo-2-o-coracao-humano-e-inquieto-e-necessitado\/\"><img loading=\"lazy\" decoding=\"async\" width=\"725\" height=\"1024\" src=\"https:\/\/www.popesprayer.va\/wp-content\/uploads\/2025\/09\/page_4-1-scaled-1-725x1024.jpg\" class=\"attachment-large size-large wp-post-image\" alt=\"page_4-1-scaled\" \/><div class=\"sjd-resource-title-overlay\"><h4>Passo 2: O cora\u00e7\u00e3o humano \u00e9 inquieto e necessitado<\/h4><\/div><\/a><\/div><\/div><div class=\"sjd-resource-column\"><div class=\"sjd-resource-item\"><a href=\"https:\/\/www.popesprayer.va\/pt-pt\/resource\/passo-3-num-mundo-sem-coracao\/\"><img loading=\"lazy\" decoding=\"async\" width=\"725\" height=\"1024\" src=\"https:\/\/www.popesprayer.va\/wp-content\/uploads\/2025\/09\/page_5-1-scaled-1-725x1024.jpg\" class=\"attachment-large size-large wp-post-image\" alt=\"page_5-1-scaled\" \/><div class=\"sjd-resource-title-overlay\"><h4>Passo 3: Num Mundo sem Cora\u00e7\u00e3o<\/h4><\/div><\/a><\/div><\/div><div class=\"sjd-resource-column\"><div class=\"sjd-resource-item\"><a href=\"https:\/\/www.popesprayer.va\/pt-pt\/resource\/passo-4-o-pai-envia-o-seu-filho-para-salvar\/\"><img loading=\"lazy\" decoding=\"async\" width=\"725\" height=\"1024\" src=\"https:\/\/www.popesprayer.va\/wp-content\/uploads\/2025\/09\/page_6-1-scaled-1-725x1024.jpg\" class=\"attachment-large size-large wp-post-image\" alt=\"page_6-1-scaled\" \/><div class=\"sjd-resource-title-overlay\"><h4>Passo 4: O Pai envia o seu Filho para salvar<\/h4><\/div><\/a><\/div><\/div><div class=\"sjd-resource-column\"><div class=\"sjd-resource-item\"><a href=\"https:\/\/www.popesprayer.va\/pt-pt\/resource\/passo-5-jesus-chama-nos-seus-amigos\/\"><img loading=\"lazy\" decoding=\"async\" width=\"725\" height=\"1024\" src=\"https:\/\/www.popesprayer.va\/wp-content\/uploads\/2025\/09\/page_7-1-scaled-1-725x1024.jpg\" class=\"attachment-large size-large wp-post-image\" alt=\"page_7-1-scaled\" \/><div class=\"sjd-resource-title-overlay\"><h4>Passo 5: Jesus chama-nos seus amigos<\/h4><\/div><\/a><\/div><\/div><div class=\"sjd-resource-column\"><div class=\"sjd-resource-item\"><a href=\"https:\/\/www.popesprayer.va\/pt-pt\/resource\/passo-6-habitados-por-cristo\/\"><img loading=\"lazy\" decoding=\"async\" width=\"725\" height=\"1024\" src=\"https:\/\/www.popesprayer.va\/wp-content\/uploads\/2025\/09\/page_8-1-scaled-1-725x1024.jpg\" class=\"attachment-large size-large wp-post-image\" alt=\"page_8-1-scaled\" \/><div class=\"sjd-resource-title-overlay\"><h4>Passo 6: Habitados por Cristo<\/h4><\/div><\/a><\/div><\/div><div class=\"sjd-resource-column\"><div class=\"sjd-resource-item\"><a href=\"https:\/\/www.popesprayer.va\/pt-pt\/resource\/passo-7-damos-a-vida-juntamente-com-ele\/\"><img loading=\"lazy\" decoding=\"async\" width=\"725\" height=\"1024\" src=\"https:\/\/www.popesprayer.va\/wp-content\/uploads\/2025\/09\/page_9-1-scaled-1-725x1024.jpg\" class=\"attachment-large size-large wp-post-image\" alt=\"page_9-1-scaled\" \/><div class=\"sjd-resource-title-overlay\"><h4>Passo 7: Damos a vida juntamente com ele<\/h4><\/div><\/a><\/div><\/div><div class=\"sjd-resource-column\"><div class=\"sjd-resource-item\"><a href=\"https:\/\/www.popesprayer.va\/pt-pt\/resource\/passo-8-oferecemos-a-nossa-vida-com-ele\/\"><img loading=\"lazy\" decoding=\"async\" width=\"725\" height=\"1024\" src=\"https:\/\/www.popesprayer.va\/wp-content\/uploads\/2025\/09\/page_10-1-scaled-1-725x1024.jpg\" class=\"attachment-large size-large wp-post-image\" alt=\"page_10-1-scaled\" \/><div class=\"sjd-resource-title-overlay\"><h4>Passo 8: Uma miss\u00e3o de compaix\u00e3o<\/h4><\/div><\/a><\/div><\/div><div class=\"sjd-resource-column\"><div class=\"sjd-resource-item\"><a href=\"https:\/\/www.popesprayer.va\/pt-pt\/resource\/etapa-9-uma-rede-mundial-de-oracao-e-de-servico-atenta-as-necessidades-da-humanidade\/\"><img loading=\"lazy\" decoding=\"async\" width=\"725\" height=\"1024\" src=\"https:\/\/www.popesprayer.va\/wp-content\/uploads\/2025\/09\/page_11-1-scaled-1-725x1024.jpg\" class=\"attachment-large size-large wp-post-image\" alt=\"page_11-1-scaled\" \/><div class=\"sjd-resource-title-overlay\"><h4>Etapa 9: Uma rede mundial de ora\u00e7\u00e3o e de servi\u00e7o atenta \u00e0s necessidades da humanidade<\/h4><\/div><\/a><\/div><\/div><\/div><\/div><\/div><\/div><\/div><div class=\"et_pb_bottom_inside_divider et-no-transition\"><\/div><\/div>\n","protected":false},"excerpt":{"rendered":"","protected":false},"author":1,"featured_media":0,"parent":0,"menu_order":0,"comment_status":"closed","ping_status":"closed","template":"","meta":{"_acf_changed":false,"footnotes":""},"class_list":["post-84370","page","type-page","status-publish","hentry"],"acf":[],"yoast_head":"<!-- This site is optimized with the Yoast SEO plugin v28.4 - https:\/\/yoast.com\/product\/yoast-seo-wordpress\/ -->\n<title>Recursos - Rede Mundial de Ora\u00e7\u00e3o do Papa<\/title>\n<meta name=\"robots\" content=\"index, follow, max-snippet:-1, max-image-preview:large, max-video-preview:-1\" \/>\n<link rel=\"canonical\" href=\"https:\/\/www.popesprayer.va\/pt-pt\/recursos\/\" \/>\n<meta property=\"og:locale\" content=\"pt_PT\" \/>\n<meta property=\"og:type\" content=\"article\" \/>\n<meta property=\"og:title\" content=\"Recursos - Rede Mundial de Ora\u00e7\u00e3o do Papa\" \/>\n<meta property=\"og:url\" content=\"https:\/\/www.popesprayer.va\/pt-pt\/recursos\/\" \/>\n<meta property=\"og:site_name\" content=\"Rede Mundial de Ora\u00e7\u00e3o do Papa\" \/>\n<meta property=\"article:modified_time\" content=\"2026-07-06T05:49:54+00:00\" \/>\n<meta name=\"twitter:card\" content=\"summary_large_image\" \/>\n<script type=\"application\/ld+json\" class=\"yoast-schema-graph\">{\"@context\":\"https:\\\/\\\/schema.org\",\"@graph\":[{\"@type\":\"WebPage\",\"@id\":\"https:\\\/\\\/www.popesprayer.va\\\/pt-pt\\\/recursos\\\/\",\"url\":\"https:\\\/\\\/www.popesprayer.va\\\/pt-pt\\\/recursos\\\/\",\"name\":\"Recursos - Rede Mundial de Ora\u00e7\u00e3o do Papa\",\"isPartOf\":{\"@id\":\"https:\\\/\\\/www.popesprayer.va\\\/pt-pt\\\/#website\"},\"datePublished\":\"2025-08-28T06:42:02+00:00\",\"dateModified\":\"2026-07-06T05:49:54+00:00\",\"breadcrumb\":{\"@id\":\"https:\\\/\\\/www.popesprayer.va\\\/pt-pt\\\/recursos\\\/#breadcrumb\"},\"inLanguage\":\"pt-PT\",\"potentialAction\":[{\"@type\":\"ReadAction\",\"target\":[\"https:\\\/\\\/www.popesprayer.va\\\/pt-pt\\\/recursos\\\/\"]}]},{\"@type\":\"BreadcrumbList\",\"@id\":\"https:\\\/\\\/www.popesprayer.va\\\/pt-pt\\\/recursos\\\/#breadcrumb\",\"itemListElement\":[{\"@type\":\"ListItem\",\"position\":1,\"name\":\"Home\",\"item\":\"https:\\\/\\\/www.popesprayer.va\\\/pt-pt\\\/\"},{\"@type\":\"ListItem\",\"position\":2,\"name\":\"Recursos\"}]},{\"@type\":\"WebSite\",\"@id\":\"https:\\\/\\\/www.popesprayer.va\\\/pt-pt\\\/#website\",\"url\":\"https:\\\/\\\/www.popesprayer.va\\\/pt-pt\\\/\",\"name\":\"Pope's Worldwide Prayer Network\",\"description\":\"Pray together, change the world\",\"publisher\":{\"@id\":\"https:\\\/\\\/www.popesprayer.va\\\/pt-pt\\\/#organization\"},\"potentialAction\":[{\"@type\":\"SearchAction\",\"target\":{\"@type\":\"EntryPoint\",\"urlTemplate\":\"https:\\\/\\\/www.popesprayer.va\\\/pt-pt\\\/?s={search_term_string}\"},\"query-input\":{\"@type\":\"PropertyValueSpecification\",\"valueRequired\":true,\"valueName\":\"search_term_string\"}}],\"inLanguage\":\"pt-PT\"},{\"@type\":\"Organization\",\"@id\":\"https:\\\/\\\/www.popesprayer.va\\\/pt-pt\\\/#organization\",\"name\":\"Rede Mundial de Ora\u00e7\u00e3o do Papa\",\"url\":\"https:\\\/\\\/www.popesprayer.va\\\/pt-pt\\\/\",\"logo\":{\"@type\":\"ImageObject\",\"inLanguage\":\"pt-PT\",\"@id\":\"https:\\\/\\\/www.popesprayer.va\\\/pt-pt\\\/#\\\/schema\\\/logo\\\/image\\\/\",\"url\":\"https:\\\/\\\/www.popesprayer.va\\\/wp-content\\\/uploads\\\/2025\\\/01\\\/Logo-Popes-Worldwide-Prayer-Network-Pontifical-Work-EN-Horizontal.png\",\"contentUrl\":\"https:\\\/\\\/www.popesprayer.va\\\/wp-content\\\/uploads\\\/2025\\\/01\\\/Logo-Popes-Worldwide-Prayer-Network-Pontifical-Work-EN-Horizontal.png\",\"width\":1328,\"height\":228,\"caption\":\"Rede Mundial de Ora\u00e7\u00e3o do Papa\"},\"image\":{\"@id\":\"https:\\\/\\\/www.popesprayer.va\\\/pt-pt\\\/#\\\/schema\\\/logo\\\/image\\\/\"}}]}<\/script>\n<!-- \/ Yoast SEO plugin. -->","yoast_head_json":{"title":"Recursos - Rede Mundial de Ora\u00e7\u00e3o do Papa","robots":{"index":"index","follow":"follow","max-snippet":"max-snippet:-1","max-image-preview":"max-image-preview:large","max-video-preview":"max-video-preview:-1"},"canonical":"https:\/\/www.popesprayer.va\/pt-pt\/recursos\/","og_locale":"pt_PT","og_type":"article","og_title":"Recursos - Rede Mundial de Ora\u00e7\u00e3o do Papa","og_url":"https:\/\/www.popesprayer.va\/pt-pt\/recursos\/","og_site_name":"Rede Mundial de Ora\u00e7\u00e3o do Papa","article_modified_time":"2026-07-06T05:49:54+00:00","twitter_card":"summary_large_image","schema":{"@context":"https:\/\/schema.org","@graph":[{"@type":"WebPage","@id":"https:\/\/www.popesprayer.va\/pt-pt\/recursos\/","url":"https:\/\/www.popesprayer.va\/pt-pt\/recursos\/","name":"Recursos - Rede Mundial de Ora\u00e7\u00e3o do Papa","isPartOf":{"@id":"https:\/\/www.popesprayer.va\/pt-pt\/#website"},"datePublished":"2025-08-28T06:42:02+00:00","dateModified":"2026-07-06T05:49:54+00:00","breadcrumb":{"@id":"https:\/\/www.popesprayer.va\/pt-pt\/recursos\/#breadcrumb"},"inLanguage":"pt-PT","potentialAction":[{"@type":"ReadAction","target":["https:\/\/www.popesprayer.va\/pt-pt\/recursos\/"]}]},{"@type":"BreadcrumbList","@id":"https:\/\/www.popesprayer.va\/pt-pt\/recursos\/#breadcrumb","itemListElement":[{"@type":"ListItem","position":1,"name":"Home","item":"https:\/\/www.popesprayer.va\/pt-pt\/"},{"@type":"ListItem","position":2,"name":"Recursos"}]},{"@type":"WebSite","@id":"https:\/\/www.popesprayer.va\/pt-pt\/#website","url":"https:\/\/www.popesprayer.va\/pt-pt\/","name":"Pope's Worldwide Prayer Network","description":"Pray together, change the world","publisher":{"@id":"https:\/\/www.popesprayer.va\/pt-pt\/#organization"},"potentialAction":[{"@type":"SearchAction","target":{"@type":"EntryPoint","urlTemplate":"https:\/\/www.popesprayer.va\/pt-pt\/?s={search_term_string}"},"query-input":{"@type":"PropertyValueSpecification","valueRequired":true,"valueName":"search_term_string"}}],"inLanguage":"pt-PT"},{"@type":"Organization","@id":"https:\/\/www.popesprayer.va\/pt-pt\/#organization","name":"Rede Mundial de Ora\u00e7\u00e3o do Papa","url":"https:\/\/www.popesprayer.va\/pt-pt\/","logo":{"@type":"ImageObject","inLanguage":"pt-PT","@id":"https:\/\/www.popesprayer.va\/pt-pt\/#\/schema\/logo\/image\/","url":"https:\/\/www.popesprayer.va\/wp-content\/uploads\/2025\/01\/Logo-Popes-Worldwide-Prayer-Network-Pontifical-Work-EN-Horizontal.png","contentUrl":"https:\/\/www.popesprayer.va\/wp-content\/uploads\/2025\/01\/Logo-Popes-Worldwide-Prayer-Network-Pontifical-Work-EN-Horizontal.png","width":1328,"height":228,"caption":"Rede Mundial de Ora\u00e7\u00e3o do Papa"},"image":{"@id":"https:\/\/www.popesprayer.va\/pt-pt\/#\/schema\/logo\/image\/"}}]}},"_links":{"self":[{"href":"https:\/\/www.popesprayer.va\/pt-pt\/wp-json\/wp\/v2\/pages\/84370","targetHints":{"allow":["GET"]}}],"collection":[{"href":"https:\/\/www.popesprayer.va\/pt-pt\/wp-json\/wp\/v2\/pages"}],"about":[{"href":"https:\/\/www.popesprayer.va\/pt-pt\/wp-json\/wp\/v2\/types\/page"}],"author":[{"embeddable":true,"href":"https:\/\/www.popesprayer.va\/pt-pt\/wp-json\/wp\/v2\/users\/1"}],"replies":[{"embeddable":true,"href":"https:\/\/www.popesprayer.va\/pt-pt\/wp-json\/wp\/v2\/comments?post=84370"}],"version-history":[{"count":29,"href":"https:\/\/www.popesprayer.va\/pt-pt\/wp-json\/wp\/v2\/pages\/84370\/revisions"}],"predecessor-version":[{"id":99889,"href":"https:\/\/www.popesprayer.va\/pt-pt\/wp-json\/wp\/v2\/pages\/84370\/revisions\/99889"}],"wp:attachment":[{"href":"https:\/\/www.popesprayer.va\/pt-pt\/wp-json\/wp\/v2\/media?parent=84370"}],"curies":[{"name":"wp","href":"https:\/\/api.w.org\/{rel}","templated":true}]}}