{"id":84464,"date":"2025-06-15T17:55:58","date_gmt":"2025-06-15T15:55:58","guid":{"rendered":"https:\/\/www.popesprayer.va\/a-equipa\/"},"modified":"2026-07-30T11:25:15","modified_gmt":"2026-07-30T09:25:15","slug":"a-equipa","status":"publish","type":"page","link":"https:\/\/www.popesprayer.va\/pt-pt\/a-equipa\/","title":{"rendered":"A equipa"},"content":{"rendered":"<div class=\"et_pb_section_0 et_pb_section et_section_regular et_block_section section_has_divider et_pb_top_divider et_pb_bottom_divider\"><div class=\"et_pb_top_inside_divider et-no-transition\"><\/div>\n<div class=\"et_pb_row_0 et_pb_row et_block_row preset--module--divi-row--default\">\n<div class=\"et_pb_column_0 et_pb_column et_pb_column_3_5 et_block_column et_pb_css_mix_blend_mode_passthrough\">\n<div class=\"et_pb_text_0 et_pb_text et_pb_bg_layout_light et_pb_module et_block_module\"><div class=\"et_pb_text_inner\"><h1><span style=\"font-weight: 400;\">Equipa<\/span><\/h1>\n<h2>As pessoas por detr\u00e1s de<br \/>the Mission<\/h2>\n<\/div><\/div>\n\n<div class=\"et_pb_text_1 et_pb_text et_pb_bg_layout_light et_animated et_pb_module et_block_module\"><div class=\"et_pb_text_inner\"><p data-start=\"225\" data-end=\"371\">Somos uma rede espiritual global e, por detr\u00e1s de cada ora\u00e7\u00e3o, projeto e iniciativa, h\u00e1 uma equipa dedicada que serve com amor e empenho.<\/p>\n<p><span>Desde o Conselho Administrativo nomeado pela Santa S\u00e9 at\u00e9 aos coordenadores internacionais, l\u00edderes de forma\u00e7\u00e3o e equipas de comunica\u00e7\u00e3o, trabalhamos em conjunto - em todos os continentes e culturas - para apoiar a miss\u00e3o de compaix\u00e3o de Cristo pelo mundo. Esta \u00e9 a equipa que anima a Rede Mundial de Ora\u00e7\u00e3o do Papa com criatividade, profundidade e disponibilidade para o Esp\u00edrito. <\/span><\/p>\n<\/div><\/div>\n<\/div>\n\n<div class=\"et_pb_column_1 et_pb_column et_pb_column_2_5 et-last-child et_block_column et_pb_column_empty et_pb_css_mix_blend_mode_passthrough\"><\/div>\n<\/div>\n<div class=\"et_pb_bottom_inside_divider et-no-transition\"><\/div><\/div>\n\n<div class=\"et_pb_section_1 et_pb_section et_section_regular et_block_section section_has_divider et_pb_bottom_divider\">\n<div class=\"et_pb_row_1 et_pb_row et_pb_equal_columns et_block_row preset--module--divi-row--default\">\n<div class=\"et_pb_column_2 et_pb_column et_pb_column_3_5 et_block_column et_pb_css_mix_blend_mode_passthrough\">\n<div class=\"et_pb_text_2 et_pb_text et_pb_bg_layout_light et_animated et_pb_module et_block_module\"><div class=\"et_pb_text_inner\"><h2 data-start=\"518\" data-end=\"562\"><b>Funda\u00e7\u00e3o Vaticano<\/b><\/h2>\n<\/div><\/div>\n<\/div>\n\n<div class=\"et_pb_column_3 et_pb_column et_pb_column_2_5 et-last-child et_block_column et_pb_column_empty et_pb_css_mix_blend_mode_passthrough\"><\/div>\n<\/div>\n\n<div class=\"et_pb_row_2 et_pb_row et_pb_row_1-2_1-6_1-6_1-6 et_block_row et_block_row_1-2_1-6_1-6_1-6 preset--module--divi-row--default\">\n<div class=\"et_pb_column_4 et_pb_column et_pb_column_1_2 et_block_column et_pb_css_mix_blend_mode_passthrough\">\n<div class=\"et_pb_text_3 et_pb_text et_pb_bg_layout_light et_animated et_pb_module et_block_module\"><div class=\"et_pb_text_inner\"><h3><b>CONSELHO DE ADMINISTRA\u00c7\u00c3O<\/b><\/h3>\n<p data-start=\"563\" data-end=\"826\" class=\"\">\n<\/div><\/div>\n<\/div>\n\n<div class=\"et_pb_column_5 et_pb_column et_pb_column_1_6 et_block_column et_pb_column_empty et_pb_css_mix_blend_mode_passthrough\"><\/div>\n\n<div class=\"et_pb_column_6 et_pb_column et_pb_column_1_6 et_block_column et_pb_column_empty et_pb_css_mix_blend_mode_passthrough\"><\/div>\n\n<div class=\"et_pb_column_7 et_pb_column et_pb_column_1_6 et-last-child et_block_column et_pb_column_empty et_pb_css_mix_blend_mode_passthrough\"><\/div>\n<\/div>\n\n<div class=\"et_pb_row_3 et_pb_row et_pb_row_6col et_block_row et_block_row_6col fila-equipo-alineada preset--module--divi-row--default\">\n<div class=\"et_pb_column_8 et_pb_column et_pb_column_1_6 et_block_column et_pb_css_mix_blend_mode_passthrough\">\n<div class=\"et_pb_team_member_0 et_pb_team_member et_pb_bg_layout_light et_animated et_pb_module et_flex_module\"><div class=\"et_pb_team_member_image et-waypoint et_pb_animation_off\"><img loading=\"lazy\" decoding=\"async\" src=\"https:\/\/www.popesprayer.va\/wp-content\/uploads\/2026\/04\/Fones.jpg\" alt=\"P. Crist\u00f3bal Fones, SJ \" width=\"625\" height=\"625\" class=\"wp-image-97008\" \/><\/div><div class=\"et_pb_team_member_description\"><h4 class=\"et_pb_module_header\">P. Crist\u00f3bal Fones, SJ <\/h4><p class=\"et_pb_member_position\">Presidente<\/p><div class=\"et_pb_team_member_description_content\"><p><b>Nomeado pelo Santo Padre<\/b><\/p>\n<\/div><\/div><\/div>\n<\/div>\n\n<div class=\"et_pb_column_9 et_pb_column et_pb_column_1_6 et_block_column et_pb_css_mix_blend_mode_passthrough\">\n<div class=\"et_pb_team_member_1 et_pb_team_member et_pb_bg_layout_light et_animated et_pb_module et_flex_module\"><div class=\"et_pb_team_member_image et-waypoint et_pb_animation_off\"><img loading=\"lazy\" decoding=\"async\" src=\"https:\/\/www.popesprayer.va\/wp-content\/uploads\/2026\/04\/Lombardi.jpg\" alt=\"Pe. Federico Lombardi, SJ \" width=\"625\" height=\"625\" class=\"wp-image-97009\" \/><\/div><div class=\"et_pb_team_member_description\"><h4 class=\"et_pb_module_header\">Pe. Federico Lombardi, SJ <\/h4><p class=\"et_pb_member_position\">Membro<\/p><div class=\"et_pb_team_member_description_content\"><p><b>Nomeado pelo Secret\u00e1rio de Estado do Vaticano<\/b><\/p>\n<p><b> <\/b><\/p>\n<p><b><\/b><\/p>\n<\/div><\/div><\/div>\n<\/div>\n\n<div class=\"et_pb_column_10 et_pb_column et_pb_column_1_6 et_block_column et_pb_css_mix_blend_mode_passthrough\">\n<div class=\"et_pb_team_member_2 et_pb_team_member et_pb_bg_layout_light et_animated et_pb_module et_flex_module\"><div class=\"et_pb_team_member_image et-waypoint et_pb_animation_off\"><img loading=\"lazy\" decoding=\"async\" src=\"https:\/\/www.popesprayer.va\/wp-content\/uploads\/2026\/04\/Ayoub.jpg\" alt=\"Don George Ayoub\" width=\"625\" height=\"625\" class=\"wp-image-97010\" \/><\/div><div class=\"et_pb_team_member_description\"><h4 class=\"et_pb_module_header\">Don George Ayoub<\/h4><p class=\"et_pb_member_position\">Membro<\/p><div class=\"et_pb_team_member_description_content\"><p><b>Nomeado pelo Secret\u00e1rio de Estado do Vaticano<\/b><\/p>\n<\/div><\/div><\/div>\n<\/div>\n\n<div class=\"et_pb_column_11 et_pb_column et_pb_column_1_6 et_block_column et_pb_css_mix_blend_mode_passthrough\">\n<div class=\"et_pb_team_member_3 et_pb_team_member et_pb_bg_layout_light et_animated et_pb_module et_flex_module\"><div class=\"et_pb_team_member_image et-waypoint et_pb_animation_off\"><img loading=\"lazy\" decoding=\"async\" src=\"https:\/\/www.popesprayer.va\/wp-content\/uploads\/2026\/04\/Becquart.jpg\" alt=\"Ir. Nathalie Becquart, XMCJ \" width=\"625\" height=\"625\" class=\"wp-image-97011\" \/><\/div><div class=\"et_pb_team_member_description\"><h4 class=\"et_pb_module_header\">Ir. Nathalie Becquart, XMCJ <\/h4><p class=\"et_pb_member_position\">Membro  <\/p><div class=\"et_pb_team_member_description_content\"><p><b>Nomeado pelo Secret\u00e1rio de Estado do Vaticano  <\/b><\/p>\n<\/div><\/div><\/div>\n<\/div>\n\n<div class=\"et_pb_column_12 et_pb_column et_pb_column_1_6 et_block_column et_pb_css_mix_blend_mode_passthrough\">\n<div class=\"et_pb_team_member_4 et_pb_team_member et_pb_bg_layout_light et_animated et_pb_module et_flex_module\"><div class=\"et_pb_team_member_image et-waypoint et_pb_animation_off\"><img loading=\"lazy\" decoding=\"async\" src=\"https:\/\/www.popesprayer.va\/wp-content\/uploads\/2026\/04\/Afiawari.jpg\" alt=\"P. Chukwuyenum Afiawari, SJ \" width=\"625\" height=\"625\" class=\"wp-image-97012\" \/><\/div><div class=\"et_pb_team_member_description\"><h4 class=\"et_pb_module_header\">P. Chukwuyenum Afiawari, SJ <\/h4><p class=\"et_pb_member_position\">Membro<\/p><div class=\"et_pb_team_member_description_content\"><p><b>Nomeado pelo Secret\u00e1rio de Estado do Vaticano<\/b><\/p>\n<\/div><\/div><\/div>\n<\/div>\n\n<div class=\"et_pb_column_13 et_pb_column et_pb_column_1_6 et-last-child et_block_column et_pb_column_empty et_pb_css_mix_blend_mode_passthrough\"><\/div>\n<\/div>\n\n<div class=\"et_pb_row_4 et_pb_row et_pb_row_1-2_1-6_1-6_1-6 et_block_row et_block_row_1-2_1-6_1-6_1-6 preset--module--divi-row--default\">\n<div class=\"et_pb_column_14 et_pb_column et_pb_column_1_2 et_block_column et_pb_css_mix_blend_mode_passthrough\">\n<div class=\"et_pb_text_4 et_pb_text et_pb_bg_layout_light et_animated et_pb_module et_block_module\"><div class=\"et_pb_text_inner\"><h3>Auditor<\/h3>\n<p data-start=\"563\" data-end=\"826\" class=\"\">\n<\/div><\/div>\n<\/div>\n\n<div class=\"et_pb_column_15 et_pb_column et_pb_column_1_6 et_block_column et_pb_column_empty et_pb_css_mix_blend_mode_passthrough\"><\/div>\n\n<div class=\"et_pb_column_16 et_pb_column et_pb_column_1_6 et_block_column et_pb_column_empty et_pb_css_mix_blend_mode_passthrough\"><\/div>\n\n<div class=\"et_pb_column_17 et_pb_column et_pb_column_1_6 et-last-child et_block_column et_pb_column_empty et_pb_css_mix_blend_mode_passthrough\"><\/div>\n<\/div>\n\n<div class=\"et_pb_row_5 et_pb_row et_pb_row_6col et_block_row et_block_row_6col fila-equipo-alineada preset--module--divi-row--default\">\n<div class=\"et_pb_column_18 et_pb_column et_pb_column_1_6 et_block_column et_pb_css_mix_blend_mode_passthrough\">\n<div class=\"et_pb_team_member_5 et_pb_team_member et_pb_bg_layout_light et_animated et_pb_module et_flex_module\"><div class=\"et_pb_team_member_image et-waypoint et_pb_animation_off\"><img loading=\"lazy\" decoding=\"async\" src=\"https:\/\/www.popesprayer.va\/wp-content\/uploads\/2026\/04\/Ingrassia.jpg\" alt=\"Doc. Aurelio Ingrassia \" width=\"625\" height=\"625\" class=\"wp-image-97013\" \/><\/div><div class=\"et_pb_team_member_description\"><h4 class=\"et_pb_module_header\">Doc. Aurelio Ingrassia <\/h4><p class=\"et_pb_member_position\">Auditor<\/p><div class=\"et_pb_team_member_description_content\"><p><b>Nomeado pelo Prefeito da Secretaria de Economia<\/b><\/p>\n<\/div><\/div><\/div>\n<\/div>\n\n<div class=\"et_pb_column_19 et_pb_column et_pb_column_1_6 et_block_column et_pb_column_empty et_pb_css_mix_blend_mode_passthrough\"><\/div>\n\n<div class=\"et_pb_column_20 et_pb_column et_pb_column_1_6 et_block_column et_pb_column_empty et_pb_css_mix_blend_mode_passthrough\"><\/div>\n\n<div class=\"et_pb_column_21 et_pb_column et_pb_column_1_6 et_block_column et_pb_column_empty et_pb_css_mix_blend_mode_passthrough\"><\/div>\n\n<div class=\"et_pb_column_22 et_pb_column et_pb_column_1_6 et_block_column et_pb_column_empty et_pb_css_mix_blend_mode_passthrough\"><\/div>\n\n<div class=\"et_pb_column_23 et_pb_column et_pb_column_1_6 et-last-child et_block_column et_pb_column_empty et_pb_css_mix_blend_mode_passthrough\"><\/div>\n<\/div>\n<div class=\"et_pb_bottom_inside_divider et-no-transition\"><\/div><\/div>\n\n<div class=\"et_pb_section_2 et_pb_section et_section_regular et_block_section section_has_divider et_pb_bottom_divider\">\n<div class=\"et_pb_row_6 et_pb_row et_pb_equal_columns et_block_row preset--module--divi-row--default\">\n<div class=\"et_pb_column_24 et_pb_column et_pb_column_3_5 et_block_column et_pb_css_mix_blend_mode_passthrough\">\n<div class=\"et_pb_text_5 et_pb_text et_pb_bg_layout_light et_animated et_pb_module et_block_module\"><div class=\"et_pb_text_inner\"><h2 data-start=\"518\" data-end=\"562\"><b>Gabinete Internacional<\/b><\/h2>\n<\/div><\/div>\n<\/div>\n\n<div class=\"et_pb_column_25 et_pb_column et_pb_column_2_5 et-last-child et_block_column et_pb_column_empty et_pb_css_mix_blend_mode_passthrough\"><\/div>\n<\/div>\n\n<div class=\"et_pb_row_7 et_pb_row et_pb_equal_columns et_block_row preset--module--divi-row--default\">\n<div class=\"et_pb_column_26 et_pb_column et_pb_column_3_5 et_block_column et_pb_css_mix_blend_mode_passthrough\">\n<div class=\"et_pb_text_6 et_pb_text et_pb_bg_layout_light et_animated et_pb_module et_block_module\"><div class=\"et_pb_text_inner\"><h3><strong>Equipa de Dire\u00e7\u00e3o Executiva<\/strong><\/h3>\n<p data-start=\"563\" data-end=\"826\" class=\"\">\n<\/div><\/div>\n<\/div>\n\n<div class=\"et_pb_column_27 et_pb_column et_pb_column_2_5 et-last-child et_block_column et_pb_column_empty et_pb_css_mix_blend_mode_passthrough\"><\/div>\n<\/div>\n\n<div class=\"et_pb_row_8 et_pb_row et_pb_row_6col et_block_row et_block_row_6col fila-equipo-alineada preset--module--divi-row--default\">\n<div class=\"et_pb_column_28 et_pb_column et_pb_column_1_6 et_block_column et_pb_css_mix_blend_mode_passthrough\">\n<div class=\"et_pb_team_member_6 et_pb_team_member et_pb_bg_layout_light et_animated et_clickable et_pb_module et_flex_module\"><div class=\"et_pb_team_member_image et-waypoint et_pb_animation_off\"><img loading=\"lazy\" decoding=\"async\" src=\"https:\/\/www.popesprayer.va\/wp-content\/uploads\/2026\/04\/Fones.jpg\" alt=\"FR. CRISTOBAL FONES, SJ \" width=\"625\" height=\"625\" class=\"wp-image-97008\" \/><\/div><div class=\"et_pb_team_member_description\"><h4 class=\"et_pb_module_header\">FR. CRISTOBAL FONES, SJ <\/h4><p class=\"et_pb_member_position\">Diretor Internacional<\/p><div class=\"et_pb_team_member_description_content\"><p>Nomeado pelo Santo Padre em 2025<\/p>\n<\/div><\/div><\/div>\n<\/div>\n\n<div class=\"et_pb_column_29 et_pb_column et_pb_column_1_6 et_block_column et_pb_css_mix_blend_mode_passthrough\">\n<div class=\"et_pb_team_member_7 et_pb_team_member et_pb_bg_layout_light et_animated et_clickable et_pb_module et_flex_module\"><div class=\"et_pb_team_member_image et-waypoint et_pb_animation_off\"><img loading=\"lazy\" decoding=\"async\" src=\"https:\/\/www.popesprayer.va\/wp-content\/uploads\/2026\/04\/Raed.jpg\" alt=\"A SRA. BETTINA RAED\" width=\"625\" height=\"625\" class=\"wp-image-97014\" \/><\/div><div class=\"et_pb_team_member_description\"><h4 class=\"et_pb_module_header\">A SRA. BETTINA RAED<\/h4><p class=\"et_pb_member_position\">Vice-diretor internacional  <\/p><div class=\"et_pb_team_member_description_content\"><p><span style=\"font-weight: 400;\">Nomeado pelo Secret\u00e1rio de Estado em 2024  <\/span><\/p>\n<\/div><\/div><\/div>\n<\/div>\n\n<div class=\"et_pb_column_30 et_pb_column et_pb_column_1_6 et_block_column et_pb_css_mix_blend_mode_passthrough\">\n<div class=\"et_pb_team_member_8 et_pb_team_member et_pb_bg_layout_light et_animated et_clickable et_pb_module et_flex_module\"><div class=\"et_pb_team_member_image et-waypoint et_pb_animation_off\"><img loading=\"lazy\" decoding=\"async\" src=\"https:\/\/www.popesprayer.va\/wp-content\/uploads\/2026\/04\/Melo.jpg\" alt=\"FR. MIGUEL MELO, SJ \" width=\"625\" height=\"625\" class=\"wp-image-97015\" \/><\/div><div class=\"et_pb_team_member_description\"><h4 class=\"et_pb_module_header\">FR. MIGUEL MELO, SJ <\/h4><p class=\"et_pb_member_position\">Vice-diretor internacional<\/p><div class=\"et_pb_team_member_description_content\"><p><span style=\"font-weight: 400;\">Nomeado pelo Secret\u00e1rio de Estado em 2025<\/span><\/p>\n<\/div><\/div><\/div>\n<\/div>\n\n<div class=\"et_pb_column_31 et_pb_column et_pb_column_1_6 et_block_column et_pb_column_empty et_pb_css_mix_blend_mode_passthrough\"><\/div>\n\n<div class=\"et_pb_column_32 et_pb_column et_pb_column_1_6 et_block_column et_pb_column_empty et_pb_css_mix_blend_mode_passthrough\"><\/div>\n\n<div class=\"et_pb_column_33 et_pb_column et_pb_column_1_6 et-last-child et_block_column et_pb_column_empty et_pb_css_mix_blend_mode_passthrough\"><\/div>\n<\/div>\n<div class=\"et_pb_bottom_inside_divider et-no-transition\"><\/div><\/div>\n\n<div class=\"et_pb_section_3 et_pb_section et_section_regular et_block_section section_has_divider et_pb_bottom_divider\">\n<div class=\"et_pb_row_9 et_pb_row et_pb_equal_columns et_block_row preset--module--divi-row--default\">\n<div class=\"et_pb_column_34 et_pb_column et_pb_column_3_5 et_block_column et_pb_css_mix_blend_mode_passthrough\">\n<div class=\"et_pb_text_7 et_pb_text et_pb_bg_layout_light et_animated et_pb_module et_block_module\"><div class=\"et_pb_text_inner\"><h3 data-start=\"518\" data-end=\"562\"><b>Conselho Internacional<\/b><\/h3>\n<\/div><\/div>\n<\/div>\n\n<div class=\"et_pb_column_35 et_pb_column et_pb_column_2_5 et-last-child et_block_column et_pb_column_empty et_pb_css_mix_blend_mode_passthrough\"><\/div>\n<\/div>\n\n<div class=\"et_pb_row_10 et_pb_row et_pb_row_6col et_block_row et_block_row_6col fila-equipo-alineada preset--module--divi-row--default\">\n<div class=\"et_pb_column_36 et_pb_column et_pb_column_1_6 et_block_column et_pb_css_mix_blend_mode_passthrough\">\n<div class=\"et_pb_team_member_9 et_pb_team_member et_pb_bg_layout_light et_animated et_clickable et_pb_module et_flex_module\"><div class=\"et_pb_team_member_image et-waypoint et_pb_animation_off\"><img loading=\"lazy\" decoding=\"async\" src=\"https:\/\/www.popesprayer.va\/wp-content\/uploads\/2026\/04\/Cassamano.jpg\" alt=\"FR. VALTER JO\u00c3O CASSAMANO, SJ \" width=\"625\" height=\"625\" class=\"wp-image-97016\" \/><\/div><div class=\"et_pb_team_member_description\"><h4 class=\"et_pb_module_header\">FR. VALTER JO\u00c3O CASSAMANO, SJ <\/h4><p class=\"et_pb_member_position\">Coordenador para \u00c1frica<\/p><\/div><\/div>\n<\/div>\n\n<div class=\"et_pb_column_37 et_pb_column et_pb_column_1_6 et_block_column et_pb_css_mix_blend_mode_passthrough\">\n<div class=\"et_pb_team_member_10 et_pb_team_member et_pb_bg_layout_light et_animated et_clickable et_pb_module et_flex_module\"><div class=\"et_pb_team_member_image et-waypoint et_pb_animation_off\"><img loading=\"lazy\" decoding=\"async\" src=\"https:\/\/www.popesprayer.va\/wp-content\/uploads\/2026\/04\/Vacant.jpg\" alt=\"A nomear\" width=\"625\" height=\"625\" class=\"wp-image-97017\" \/><\/div><div class=\"et_pb_team_member_description\"><h4 class=\"et_pb_module_header\">A nomear<\/h4><p class=\"et_pb_member_position\">Coordenador para a \u00c1sia-Pac\u00edfico<\/p><\/div><\/div>\n<\/div>\n\n<div class=\"et_pb_column_38 et_pb_column et_pb_column_1_6 et_block_column et_pb_css_mix_blend_mode_passthrough\">\n<div class=\"et_pb_team_member_11 et_pb_team_member et_pb_bg_layout_light et_animated et_clickable et_pb_module et_flex_module\"><div class=\"et_pb_team_member_image et-waypoint et_pb_animation_off\"><img loading=\"lazy\" decoding=\"async\" src=\"https:\/\/www.popesprayer.va\/wp-content\/uploads\/2026\/04\/Tarramel.jpg\" alt=\"FR. XAVIER THARAMEL, SJ \" width=\"625\" height=\"625\" class=\"wp-image-97018\" \/><\/div><div class=\"et_pb_team_member_description\"><h4 class=\"et_pb_module_header\">FR. XAVIER THARAMEL, SJ <\/h4><p class=\"et_pb_member_position\">Coordenador do Sul da \u00c1sia<\/p><\/div><\/div>\n<\/div>\n\n<div class=\"et_pb_column_39 et_pb_column et_pb_column_1_6 et_block_column et_pb_css_mix_blend_mode_passthrough\">\n<div class=\"et_pb_team_member_12 et_pb_team_member et_pb_bg_layout_light et_animated et_clickable et_pb_module et_flex_module\"><div class=\"et_pb_team_member_image et-waypoint et_pb_animation_off\"><img loading=\"lazy\" decoding=\"async\" src=\"https:\/\/www.popesprayer.va\/wp-content\/uploads\/2026\/04\/SANTANA.jpg\" alt=\"FR. ANT\u00d3NIO SANT&#039;ANA, SJ \" width=\"625\" height=\"625\" class=\"wp-image-97019\" \/><\/div><div class=\"et_pb_team_member_description\"><h4 class=\"et_pb_module_header\">FR. ANT\u00d3NIO SANT'ANA, SJ <\/h4><p class=\"et_pb_member_position\">Coordenador Europa<\/p><\/div><\/div>\n<\/div>\n\n<div class=\"et_pb_column_40 et_pb_column et_pb_column_1_6 et_block_column et_pb_css_mix_blend_mode_passthrough\">\n<div class=\"et_pb_team_member_13 et_pb_team_member et_pb_bg_layout_light et_animated et_clickable et_pb_module et_flex_module\"><div class=\"et_pb_team_member_image et-waypoint et_pb_animation_off\"><img loading=\"lazy\" decoding=\"async\" src=\"https:\/\/www.popesprayer.va\/wp-content\/uploads\/2026\/04\/Hurley.jpg\" alt=\"FR. PHILLIP HURLEY, SJ \" width=\"625\" height=\"625\" class=\"wp-image-97020\" \/><\/div><div class=\"et_pb_team_member_description\"><h4 class=\"et_pb_module_header\">FR. PHILLIP HURLEY, SJ <\/h4><p class=\"et_pb_member_position\">Coordenador para a Am\u00e9rica do Norte<\/p><\/div><\/div>\n<\/div>\n\n<div class=\"et_pb_column_41 et_pb_column et_pb_column_1_6 et-last-child et_block_column et_pb_css_mix_blend_mode_passthrough\">\n<div class=\"et_pb_team_member_14 et_pb_team_member et_pb_bg_layout_light et_animated et_clickable et_pb_module et_flex_module\"><div class=\"et_pb_team_member_image et-waypoint et_pb_animation_off\"><img loading=\"lazy\" decoding=\"async\" src=\"https:\/\/www.popesprayer.va\/wp-content\/uploads\/2026\/04\/Raed.jpg\" alt=\"BETTINA RAED\" width=\"625\" height=\"625\" class=\"wp-image-97014\" \/><\/div><div class=\"et_pb_team_member_description\"><h4 class=\"et_pb_module_header\">BETTINA RAED<\/h4><p class=\"et_pb_member_position\">Coordenador para a Am\u00e9rica Latina<\/p><\/div><\/div>\n<\/div>\n<\/div>\n<div class=\"et_pb_bottom_inside_divider et-no-transition\"><\/div><\/div>\n\n<div class=\"et_pb_section_4 et_pb_section et_section_regular et_block_section section_has_divider et_pb_bottom_divider\">\n<div class=\"et_pb_row_11 et_pb_row et_pb_equal_columns et_block_row preset--module--divi-row--default\">\n<div class=\"et_pb_column_42 et_pb_column et_pb_column_3_5 et_block_column et_pb_css_mix_blend_mode_passthrough\">\n<div class=\"et_pb_text_8 et_pb_text et_pb_bg_layout_light et_animated et_pb_module et_block_module\"><div class=\"et_pb_text_inner\"><h3 data-start=\"518\" data-end=\"562\"><b>Equipa administrativa<\/b><\/h3>\n<\/div><\/div>\n<\/div>\n\n<div class=\"et_pb_column_43 et_pb_column et_pb_column_2_5 et-last-child et_block_column et_pb_column_empty et_pb_css_mix_blend_mode_passthrough\"><\/div>\n<\/div>\n\n<div class=\"et_pb_row_12 et_pb_row et_pb_row_6col et_block_row et_block_row_6col fila-equipo-alineada preset--module--divi-row--default\">\n<div class=\"et_pb_column_44 et_pb_column et_pb_column_1_6 et_block_column et_pb_css_mix_blend_mode_passthrough\">\n<div class=\"et_pb_team_member_15 et_pb_team_member et_pb_bg_layout_light et_animated et_clickable et_pb_module et_flex_module\"><div class=\"et_pb_team_member_image et-waypoint et_pb_animation_off\"><img loading=\"lazy\" decoding=\"async\" src=\"https:\/\/www.popesprayer.va\/wp-content\/uploads\/2026\/04\/Benitez-Carracedo.jpg\" alt=\"ANA BEN\u00cdTEZ CARRACEDO\" width=\"625\" height=\"625\" class=\"wp-image-97021\" \/><\/div><div class=\"et_pb_team_member_description\"><h4 class=\"et_pb_module_header\">ANA BEN\u00cdTEZ CARRACEDO<\/h4><p class=\"et_pb_member_position\">Coordenador administrativo<\/p><\/div><\/div>\n<\/div>\n\n<div class=\"et_pb_column_45 et_pb_column et_pb_column_1_6 et_block_column et_pb_css_mix_blend_mode_passthrough\">\n<div class=\"et_pb_team_member_16 et_pb_team_member et_pb_bg_layout_light et_animated et_clickable et_pb_module et_flex_module\"><div class=\"et_pb_team_member_image et-waypoint et_pb_animation_off\"><img loading=\"lazy\" decoding=\"async\" src=\"https:\/\/www.popesprayer.va\/wp-content\/uploads\/2026\/05\/Mesoraca.png\" alt=\"PATRIZIA MESORACA\" width=\"1000\" height=\"1000\" class=\"wp-image-98174\" \/><\/div><div class=\"et_pb_team_member_description\"><h4 class=\"et_pb_module_header\">PATRIZIA MESORACA<\/h4><p class=\"et_pb_member_position\">Secret\u00e1rio Internacional<\/p><\/div><\/div>\n<\/div>\n\n<div class=\"et_pb_column_46 et_pb_column et_pb_column_1_6 et_block_column et_pb_css_mix_blend_mode_passthrough\">\n<div class=\"et_pb_team_member_17 et_pb_team_member et_pb_bg_layout_light et_animated et_clickable et_pb_module et_flex_module\"><div class=\"et_pb_team_member_image et-waypoint et_pb_animation_off\"><img loading=\"lazy\" decoding=\"async\" src=\"https:\/\/www.popesprayer.va\/wp-content\/uploads\/2026\/04\/Jabre.jpg\" alt=\"Stephanie Jabre\" width=\"625\" height=\"625\" class=\"wp-image-97022\" \/><\/div><div class=\"et_pb_team_member_description\"><h4 class=\"et_pb_module_header\">Stephanie Jabre<\/h4><p class=\"et_pb_member_position\">Assistente Internacional<\/p><\/div><\/div>\n<\/div>\n\n<div class=\"et_pb_column_47 et_pb_column et_pb_column_1_6 et_block_column et_pb_column_empty et_pb_css_mix_blend_mode_passthrough\"><\/div>\n\n<div class=\"et_pb_column_48 et_pb_column et_pb_column_1_6 et_block_column et_pb_column_empty et_pb_css_mix_blend_mode_passthrough\"><\/div>\n\n<div class=\"et_pb_column_49 et_pb_column et_pb_column_1_6 et-last-child et_block_column et_pb_column_empty et_pb_css_mix_blend_mode_passthrough\"><\/div>\n<\/div>\n\n<div class=\"et_pb_row_13 et_pb_row et_pb_equal_columns et_block_row preset--module--divi-row--default\">\n<div class=\"et_pb_column_50 et_pb_column et_pb_column_3_5 et_block_column et_pb_css_mix_blend_mode_passthrough\">\n<div class=\"et_pb_text_9 et_pb_text et_pb_bg_layout_light et_animated et_pb_module et_block_module\"><div class=\"et_pb_text_inner\"><h3 data-start=\"518\" data-end=\"562\"><b>Equipa de comunica\u00e7\u00e3o<\/b><\/h3>\n<\/div><\/div>\n<\/div>\n\n<div class=\"et_pb_column_51 et_pb_column et_pb_column_2_5 et-last-child et_block_column et_pb_column_empty et_pb_css_mix_blend_mode_passthrough\"><\/div>\n<\/div>\n\n<div class=\"et_pb_row_14 et_pb_row et_pb_row_6col et_block_row et_block_row_6col fila-equipo-alineada preset--module--divi-row--default\">\n<div class=\"et_pb_column_52 et_pb_column et_pb_column_1_6 et_block_column et_pb_css_mix_blend_mode_passthrough\">\n<div class=\"et_pb_team_member_18 et_pb_team_member et_pb_bg_layout_light et_animated et_clickable et_pb_module et_flex_module\"><div class=\"et_pb_team_member_image et-waypoint et_pb_animation_off\"><img loading=\"lazy\" decoding=\"async\" src=\"https:\/\/www.popesprayer.va\/wp-content\/uploads\/2026\/04\/Castellaro.jpg\" alt=\"JUAN IGNACIO CASTELLARO\" width=\"625\" height=\"625\" class=\"wp-image-97025\" \/><\/div><div class=\"et_pb_team_member_description\"><h4 class=\"et_pb_module_header\">JUAN IGNACIO CASTELLARO<\/h4><p class=\"et_pb_member_position\">Coordenador de Comunica\u00e7\u00e3o<\/p><\/div><\/div>\n<\/div>\n\n<div class=\"et_pb_column_53 et_pb_column et_pb_column_1_6 et_block_column et_pb_css_mix_blend_mode_passthrough\">\n<div class=\"et_pb_team_member_19 et_pb_team_member et_pb_bg_layout_light et_animated et_clickable et_pb_module et_flex_module\"><div class=\"et_pb_team_member_image et-waypoint et_pb_animation_off\"><img loading=\"lazy\" decoding=\"async\" src=\"https:\/\/www.popesprayer.va\/wp-content\/uploads\/2026\/04\/Nunez-Pompa.jpg\" alt=\"VIRGINIA N\u00da\u00d1EZ\" width=\"625\" height=\"625\" class=\"wp-image-97102\" \/><\/div><div class=\"et_pb_team_member_description\"><h4 class=\"et_pb_module_header\">VIRGINIA N\u00da\u00d1EZ<\/h4><p class=\"et_pb_member_position\">Gestor da comunidade<\/p><\/div><\/div>\n<\/div>\n\n<div class=\"et_pb_column_54 et_pb_column et_pb_column_1_6 et_block_column et_pb_css_mix_blend_mode_passthrough\">\n<div class=\"et_pb_team_member_20 et_pb_team_member et_pb_bg_layout_light et_animated et_clickable et_pb_module et_flex_module\"><div class=\"et_pb_team_member_image et-waypoint et_pb_animation_off\"><img loading=\"lazy\" decoding=\"async\" src=\"https:\/\/www.popesprayer.va\/wp-content\/uploads\/2026\/04\/Mareco.jpg\" alt=\"MARCELO MARECO\" width=\"625\" height=\"625\" class=\"wp-image-97103\" \/><\/div><div class=\"et_pb_team_member_description\"><h4 class=\"et_pb_module_header\">MARCELO MARECO<\/h4><p class=\"et_pb_member_position\">Gestor da comunidade<\/p><\/div><\/div>\n<\/div>\n\n<div class=\"et_pb_column_55 et_pb_column et_pb_column_1_6 et_block_column et_pb_css_mix_blend_mode_passthrough\">\n<div class=\"et_pb_team_member_21 et_pb_team_member et_pb_bg_layout_light et_animated et_clickable et_pb_module et_flex_module\"><div class=\"et_pb_team_member_image et-waypoint et_pb_animation_off\"><img loading=\"lazy\" decoding=\"async\" src=\"https:\/\/www.popesprayer.va\/wp-content\/uploads\/2026\/04\/Alonso.jpg\" alt=\"MERC\u00c8 ALONSO\" width=\"625\" height=\"625\" class=\"wp-image-97104\" \/><\/div><div class=\"et_pb_team_member_description\"><h4 class=\"et_pb_module_header\">MERC\u00c8 ALONSO<\/h4><p class=\"et_pb_member_position\">Gestor da comunidade<\/p><\/div><\/div>\n<\/div>\n\n<div class=\"et_pb_column_56 et_pb_column et_pb_column_1_6 et_block_column et_pb_column_empty et_pb_css_mix_blend_mode_passthrough\"><\/div>\n\n<div class=\"et_pb_column_57 et_pb_column et_pb_column_1_6 et-last-child et_block_column et_pb_column_empty et_pb_css_mix_blend_mode_passthrough\"><\/div>\n<\/div>\n\n<div class=\"et_pb_row_15 et_pb_row et_pb_row_6col et_block_row et_block_row_6col fila-equipo-alineada preset--module--divi-row--default\">\n<div class=\"et_pb_column_58 et_pb_column et_pb_column_1_6 et_block_column et_pb_css_mix_blend_mode_passthrough\">\n<div class=\"et_pb_team_member_22 et_pb_team_member et_pb_bg_layout_light et_animated et_clickable et_pb_module et_flex_module\"><div class=\"et_pb_team_member_image et-waypoint et_pb_animation_off\"><img loading=\"lazy\" decoding=\"async\" src=\"https:\/\/www.popesprayer.va\/wp-content\/uploads\/2026\/04\/Frugoni.jpg\" alt=\"ELOY FRUGONI\" width=\"625\" height=\"625\" class=\"wp-image-97105\" \/><\/div><div class=\"et_pb_team_member_description\"><h4 class=\"et_pb_module_header\">ELOY FRUGONI<\/h4><p class=\"et_pb_member_position\">Administrador do s\u00edtio Web<\/p><\/div><\/div>\n<\/div>\n\n<div class=\"et_pb_column_59 et_pb_column et_pb_column_1_6 et_block_column et_pb_css_mix_blend_mode_passthrough\">\n<div class=\"et_pb_team_member_23 et_pb_team_member et_pb_bg_layout_light et_animated et_clickable et_pb_module et_flex_module\"><div class=\"et_pb_team_member_image et-waypoint et_pb_animation_off\"><img loading=\"lazy\" decoding=\"async\" src=\"https:\/\/www.popesprayer.va\/wp-content\/uploads\/2026\/04\/Mereles.jpg\" alt=\"LILIANA MERELES\" width=\"625\" height=\"625\" class=\"wp-image-97106\" \/><\/div><div class=\"et_pb_team_member_description\"><h4 class=\"et_pb_module_header\">LILIANA MERELES<\/h4><p class=\"et_pb_member_position\">Designer<\/p><\/div><\/div>\n<\/div>\n\n<div class=\"et_pb_column_60 et_pb_column et_pb_column_1_6 et_block_column et_pb_css_mix_blend_mode_passthrough\">\n<div class=\"et_pb_team_member_24 et_pb_team_member et_pb_bg_layout_light et_animated et_clickable et_pb_module et_flex_module\"><div class=\"et_pb_team_member_image et-waypoint et_pb_animation_off\"><img loading=\"lazy\" decoding=\"async\" src=\"https:\/\/www.popesprayer.va\/wp-content\/uploads\/2026\/04\/Almeida.jpg\" alt=\"HENRIQUE ALMEIDA\" width=\"625\" height=\"625\" class=\"wp-image-97107\" \/><\/div><div class=\"et_pb_team_member_description\"><h4 class=\"et_pb_module_header\">HENRIQUE ALMEIDA<\/h4><p class=\"et_pb_member_position\">Designer<\/p><\/div><\/div>\n<\/div>\n\n<div class=\"et_pb_column_61 et_pb_column et_pb_column_1_6 et_block_column et_pb_column_empty et_pb_css_mix_blend_mode_passthrough\"><\/div>\n\n<div class=\"et_pb_column_62 et_pb_column et_pb_column_1_6 et_block_column et_pb_column_empty et_pb_css_mix_blend_mode_passthrough\"><\/div>\n\n<div class=\"et_pb_column_63 et_pb_column et_pb_column_1_6 et-last-child et_block_column et_pb_column_empty et_pb_css_mix_blend_mode_passthrough\"><\/div>\n<\/div>\n\n<div class=\"et_pb_row_16 et_pb_row et_pb_equal_columns et_block_row preset--module--divi-row--default\">\n<div class=\"et_pb_column_64 et_pb_column et_pb_column_3_5 et_block_column et_pb_css_mix_blend_mode_passthrough\">\n<div class=\"et_pb_text_10 et_pb_text et_pb_bg_layout_light et_animated et_pb_module et_block_module\"><div class=\"et_pb_text_inner\"><h3 data-start=\"518\" data-end=\"562\"><b>Finan\u00e7as e angaria\u00e7\u00e3o de fundos<\/b><\/h3>\n<\/div><\/div>\n<\/div>\n\n<div class=\"et_pb_column_65 et_pb_column et_pb_column_2_5 et-last-child et_block_column et_pb_column_empty et_pb_css_mix_blend_mode_passthrough\"><\/div>\n<\/div>\n\n<div class=\"et_pb_row_17 et_pb_row et_pb_row_6col et_block_row et_block_row_6col fila-equipo-alineada preset--module--divi-row--default\">\n<div class=\"et_pb_column_66 et_pb_column et_pb_column_1_6 et_block_column et_pb_css_mix_blend_mode_passthrough\">\n<div class=\"et_pb_team_member_25 et_pb_team_member et_pb_bg_layout_light et_animated et_clickable et_pb_module et_flex_module\"><div class=\"et_pb_team_member_image et-waypoint et_pb_animation_off\"><img loading=\"lazy\" decoding=\"async\" src=\"https:\/\/www.popesprayer.va\/wp-content\/uploads\/2026\/04\/Jenssen.jpg\" alt=\"PILAR JENSSEN\" width=\"625\" height=\"625\" class=\"wp-image-97118\" \/><\/div><div class=\"et_pb_team_member_description\"><h4 class=\"et_pb_module_header\">PILAR JENSSEN<\/h4><p class=\"et_pb_member_position\">Coordenador financeiro<\/p><\/div><\/div>\n<\/div>\n\n<div class=\"et_pb_column_67 et_pb_column et_pb_column_1_6 et_block_column et_pb_css_mix_blend_mode_passthrough\">\n<div class=\"et_pb_team_member_26 et_pb_team_member et_pb_bg_layout_light et_animated et_clickable et_pb_module et_flex_module\"><div class=\"et_pb_team_member_image et-waypoint et_pb_animation_off\"><img loading=\"lazy\" decoding=\"async\" src=\"https:\/\/www.popesprayer.va\/wp-content\/uploads\/2026\/04\/Ponce.jpg\" alt=\"M\u00d3NICA PONCE\" width=\"625\" height=\"625\" class=\"wp-image-97119\" \/><\/div><div class=\"et_pb_team_member_description\"><h4 class=\"et_pb_module_header\">M\u00d3NICA PONCE<\/h4><p class=\"et_pb_member_position\">Diretor de Desenvolvimento<\/p><\/div><\/div>\n<\/div>\n\n<div class=\"et_pb_column_68 et_pb_column et_pb_column_1_6 et_block_column et_pb_column_empty et_pb_css_mix_blend_mode_passthrough\"><\/div>\n\n<div class=\"et_pb_column_69 et_pb_column et_pb_column_1_6 et_block_column et_pb_column_empty et_pb_css_mix_blend_mode_passthrough\"><\/div>\n\n<div class=\"et_pb_column_70 et_pb_column et_pb_column_1_6 et_block_column et_pb_column_empty et_pb_css_mix_blend_mode_passthrough\"><\/div>\n\n<div class=\"et_pb_column_71 et_pb_column et_pb_column_1_6 et-last-child et_block_column et_pb_column_empty et_pb_css_mix_blend_mode_passthrough\"><\/div>\n<\/div>\n<div class=\"et_pb_bottom_inside_divider et-no-transition\"><\/div><\/div>\n\n<div class=\"et_pb_section_5 et_pb_section et_section_regular et_block_section section_has_divider et_pb_bottom_divider\">\n<div class=\"et_pb_row_18 et_pb_row et_pb_equal_columns et_block_row preset--module--divi-row--default\">\n<div class=\"et_pb_column_72 et_pb_column et_pb_column_3_5 et_block_column et_pb_css_mix_blend_mode_passthrough\">\n<div class=\"et_pb_text_11 et_pb_text et_pb_bg_layout_light et_animated et_pb_module et_block_module\"><div class=\"et_pb_text_inner\"><h2 data-start=\"518\" data-end=\"562\"><b>Comit\u00e9s adjuntos<\/b><\/h2>\n<\/div><\/div>\n<\/div>\n\n<div class=\"et_pb_column_73 et_pb_column et_pb_column_2_5 et-last-child et_block_column et_pb_column_empty et_pb_css_mix_blend_mode_passthrough\"><\/div>\n<\/div>\n\n<div class=\"et_pb_row_19 et_pb_row et_pb_equal_columns et_block_row preset--module--divi-row--default\">\n<div class=\"et_pb_column_74 et_pb_column et_pb_column_1_2 et_block_column et_pb_css_mix_blend_mode_passthrough\">\n\n\n\n\n<div class=\"et_pb_text_14 et_pb_text et_pb_bg_layout_light et_animated et_pb_module et_block_module\"><div class=\"et_pb_text_inner\"><h3><b>Comiss\u00e3o de Finan\u00e7as<\/b><\/h3>\n<\/div><\/div>\n\n<div class=\"et_pb_text_15 et_pb_text et_pb_bg_layout_light et_pb_module et_block_module\"><div class=\"et_pb_text_inner\"><p><span style=\"font-weight: 400;\">  CRISTOBAL FONES, SJ (Coordenador)<\/span><\/p>\n<p><span style=\"font-weight: 400;\">ISABEL ORTOL\u00c1<\/span><\/p>\n<p><span style=\"font-weight: 400;\">SHARON DEGUZMAN<\/span><\/p>\n<p><span style=\"font-weight: 400;\">  WILFRED LOBO, SJ<\/span><\/p>\n<p>&nbsp;<\/p>\n<\/div><\/div>\n<\/div>\n\n<div class=\"et_pb_column_75 et_pb_column et_pb_column_1_2 et-last-child et_block_column et_pb_css_mix_blend_mode_passthrough\">\n\n\n\n\n\n\n\n<\/div>\n<\/div>\n<div class=\"et_pb_bottom_inside_divider et-no-transition\"><\/div><\/div>\n\n<div class=\"et_pb_section_6 et_pb_section et_section_regular et_block_section section_has_divider et_pb_bottom_divider\">\n<div class=\"et_pb_row_20 et_pb_row et_block_row preset--module--divi-row--default\">\n<div class=\"et_pb_column_76 et_pb_column et_pb_column_1_3 et_block_column et_pb_css_mix_blend_mode_passthrough\">\n<div class=\"et_pb_text_20 et_pb_text et_pb_bg_layout_light et_pb_module et_block_module et_pb_text_align_right et_pb_text_align_center-tablet et_pb_text_align_center-phone\"><div class=\"et_pb_text_inner\"><p>Continua com<\/p>\n<\/div><\/div>\n<\/div>\n\n<div class=\"et_pb_column_77 et_pb_column et_pb_column_1_3 et_block_column et_pb_css_mix_blend_mode_passthrough\">\n<div class=\"et_pb_module et_pb_button_module_wrapper et_pb_button_0_wrapper\"><a class=\"et_pb_button_0 et_pb_button et_pb_bg_layout_light et_animated et_pb_module et_block_module\" href=\"https:\/\/www.popesprayer.va\/pt-pt\/quem-somos\/\">Quem somos<\/a><\/div>\n<\/div>\n\n<div class=\"et_pb_column_78 et_pb_column et_pb_column_1_3 et-last-child et_block_column et_pb_css_mix_blend_mode_passthrough\">\n<div class=\"et_pb_module et_pb_button_module_wrapper et_pb_button_1_wrapper\"><a class=\"et_pb_button_1 et_pb_button et_pb_bg_layout_light et_animated et_pb_module et_block_module\" href=\"https:\/\/www.popesprayer.va\/pt-pt\/onde-estamos\/\">Onde estamos<\/a><\/div>\n<\/div>\n<\/div>\n<div class=\"et_pb_bottom_inside_divider et-no-transition\"><\/div><\/div>","protected":false},"excerpt":{"rendered":"","protected":false},"author":1,"featured_media":0,"parent":0,"menu_order":0,"comment_status":"closed","ping_status":"closed","template":"","meta":{"_acf_changed":false,"footnotes":""},"class_list":["post-84464","page","type-page","status-publish","hentry"],"acf":[],"yoast_head":"<!-- This site is optimized with the Yoast SEO plugin v28.4 - https:\/\/yoast.com\/product\/yoast-seo-wordpress\/ -->\n<title>A equipa - Rede Mundial de Ora\u00e7\u00e3o do Papa<\/title>\n<meta name=\"robots\" content=\"index, follow, max-snippet:-1, max-image-preview:large, max-video-preview:-1\" \/>\n<link rel=\"canonical\" href=\"https:\/\/www.popesprayer.va\/pt-pt\/a-equipa\/\" \/>\n<meta property=\"og:locale\" content=\"pt_PT\" \/>\n<meta property=\"og:type\" content=\"article\" \/>\n<meta property=\"og:title\" content=\"A equipa - Rede Mundial de Ora\u00e7\u00e3o do Papa\" \/>\n<meta property=\"og:url\" content=\"https:\/\/www.popesprayer.va\/pt-pt\/a-equipa\/\" \/>\n<meta property=\"og:site_name\" content=\"Rede Mundial de Ora\u00e7\u00e3o do Papa\" \/>\n<meta property=\"article:modified_time\" content=\"2026-07-30T09:25:15+00:00\" \/>\n<meta name=\"twitter:card\" content=\"summary_large_image\" \/>\n<script type=\"application\/ld+json\" class=\"yoast-schema-graph\">{\"@context\":\"https:\\\/\\\/schema.org\",\"@graph\":[{\"@type\":\"WebPage\",\"@id\":\"https:\\\/\\\/www.popesprayer.va\\\/pt-pt\\\/a-equipa\\\/\",\"url\":\"https:\\\/\\\/www.popesprayer.va\\\/pt-pt\\\/a-equipa\\\/\",\"name\":\"A equipa - Rede Mundial de Ora\u00e7\u00e3o do Papa\",\"isPartOf\":{\"@id\":\"https:\\\/\\\/www.popesprayer.va\\\/pt-pt\\\/#website\"},\"datePublished\":\"2025-06-15T15:55:58+00:00\",\"dateModified\":\"2026-07-30T09:25:15+00:00\",\"breadcrumb\":{\"@id\":\"https:\\\/\\\/www.popesprayer.va\\\/pt-pt\\\/a-equipa\\\/#breadcrumb\"},\"inLanguage\":\"pt-PT\",\"potentialAction\":[{\"@type\":\"ReadAction\",\"target\":[\"https:\\\/\\\/www.popesprayer.va\\\/pt-pt\\\/a-equipa\\\/\"]}]},{\"@type\":\"BreadcrumbList\",\"@id\":\"https:\\\/\\\/www.popesprayer.va\\\/pt-pt\\\/a-equipa\\\/#breadcrumb\",\"itemListElement\":[{\"@type\":\"ListItem\",\"position\":1,\"name\":\"Home\",\"item\":\"https:\\\/\\\/www.popesprayer.va\\\/pt-pt\\\/\"},{\"@type\":\"ListItem\",\"position\":2,\"name\":\"A equipa\"}]},{\"@type\":\"WebSite\",\"@id\":\"https:\\\/\\\/www.popesprayer.va\\\/pt-pt\\\/#website\",\"url\":\"https:\\\/\\\/www.popesprayer.va\\\/pt-pt\\\/\",\"name\":\"Pope's Worldwide Prayer Network\",\"description\":\"Pray together, change the world\",\"publisher\":{\"@id\":\"https:\\\/\\\/www.popesprayer.va\\\/pt-pt\\\/#organization\"},\"potentialAction\":[{\"@type\":\"SearchAction\",\"target\":{\"@type\":\"EntryPoint\",\"urlTemplate\":\"https:\\\/\\\/www.popesprayer.va\\\/pt-pt\\\/?s={search_term_string}\"},\"query-input\":{\"@type\":\"PropertyValueSpecification\",\"valueRequired\":true,\"valueName\":\"search_term_string\"}}],\"inLanguage\":\"pt-PT\"},{\"@type\":\"Organization\",\"@id\":\"https:\\\/\\\/www.popesprayer.va\\\/pt-pt\\\/#organization\",\"name\":\"Rede Mundial de Ora\u00e7\u00e3o do Papa\",\"url\":\"https:\\\/\\\/www.popesprayer.va\\\/pt-pt\\\/\",\"logo\":{\"@type\":\"ImageObject\",\"inLanguage\":\"pt-PT\",\"@id\":\"https:\\\/\\\/www.popesprayer.va\\\/pt-pt\\\/#\\\/schema\\\/logo\\\/image\\\/\",\"url\":\"https:\\\/\\\/www.popesprayer.va\\\/wp-content\\\/uploads\\\/2025\\\/01\\\/Logo-Popes-Worldwide-Prayer-Network-Pontifical-Work-EN-Horizontal.png\",\"contentUrl\":\"https:\\\/\\\/www.popesprayer.va\\\/wp-content\\\/uploads\\\/2025\\\/01\\\/Logo-Popes-Worldwide-Prayer-Network-Pontifical-Work-EN-Horizontal.png\",\"width\":1328,\"height\":228,\"caption\":\"Rede Mundial de Ora\u00e7\u00e3o do Papa\"},\"image\":{\"@id\":\"https:\\\/\\\/www.popesprayer.va\\\/pt-pt\\\/#\\\/schema\\\/logo\\\/image\\\/\"}}]}<\/script>\n<!-- \/ Yoast SEO plugin. -->","yoast_head_json":{"title":"A equipa - Rede Mundial de Ora\u00e7\u00e3o do Papa","robots":{"index":"index","follow":"follow","max-snippet":"max-snippet:-1","max-image-preview":"max-image-preview:large","max-video-preview":"max-video-preview:-1"},"canonical":"https:\/\/www.popesprayer.va\/pt-pt\/a-equipa\/","og_locale":"pt_PT","og_type":"article","og_title":"A equipa - Rede Mundial de Ora\u00e7\u00e3o do Papa","og_url":"https:\/\/www.popesprayer.va\/pt-pt\/a-equipa\/","og_site_name":"Rede Mundial de Ora\u00e7\u00e3o do Papa","article_modified_time":"2026-07-30T09:25:15+00:00","twitter_card":"summary_large_image","schema":{"@context":"https:\/\/schema.org","@graph":[{"@type":"WebPage","@id":"https:\/\/www.popesprayer.va\/pt-pt\/a-equipa\/","url":"https:\/\/www.popesprayer.va\/pt-pt\/a-equipa\/","name":"A equipa - Rede Mundial de Ora\u00e7\u00e3o do Papa","isPartOf":{"@id":"https:\/\/www.popesprayer.va\/pt-pt\/#website"},"datePublished":"2025-06-15T15:55:58+00:00","dateModified":"2026-07-30T09:25:15+00:00","breadcrumb":{"@id":"https:\/\/www.popesprayer.va\/pt-pt\/a-equipa\/#breadcrumb"},"inLanguage":"pt-PT","potentialAction":[{"@type":"ReadAction","target":["https:\/\/www.popesprayer.va\/pt-pt\/a-equipa\/"]}]},{"@type":"BreadcrumbList","@id":"https:\/\/www.popesprayer.va\/pt-pt\/a-equipa\/#breadcrumb","itemListElement":[{"@type":"ListItem","position":1,"name":"Home","item":"https:\/\/www.popesprayer.va\/pt-pt\/"},{"@type":"ListItem","position":2,"name":"A equipa"}]},{"@type":"WebSite","@id":"https:\/\/www.popesprayer.va\/pt-pt\/#website","url":"https:\/\/www.popesprayer.va\/pt-pt\/","name":"Pope's Worldwide Prayer Network","description":"Pray together, change the world","publisher":{"@id":"https:\/\/www.popesprayer.va\/pt-pt\/#organization"},"potentialAction":[{"@type":"SearchAction","target":{"@type":"EntryPoint","urlTemplate":"https:\/\/www.popesprayer.va\/pt-pt\/?s={search_term_string}"},"query-input":{"@type":"PropertyValueSpecification","valueRequired":true,"valueName":"search_term_string"}}],"inLanguage":"pt-PT"},{"@type":"Organization","@id":"https:\/\/www.popesprayer.va\/pt-pt\/#organization","name":"Rede Mundial de Ora\u00e7\u00e3o do Papa","url":"https:\/\/www.popesprayer.va\/pt-pt\/","logo":{"@type":"ImageObject","inLanguage":"pt-PT","@id":"https:\/\/www.popesprayer.va\/pt-pt\/#\/schema\/logo\/image\/","url":"https:\/\/www.popesprayer.va\/wp-content\/uploads\/2025\/01\/Logo-Popes-Worldwide-Prayer-Network-Pontifical-Work-EN-Horizontal.png","contentUrl":"https:\/\/www.popesprayer.va\/wp-content\/uploads\/2025\/01\/Logo-Popes-Worldwide-Prayer-Network-Pontifical-Work-EN-Horizontal.png","width":1328,"height":228,"caption":"Rede Mundial de Ora\u00e7\u00e3o do Papa"},"image":{"@id":"https:\/\/www.popesprayer.va\/pt-pt\/#\/schema\/logo\/image\/"}}]}},"_links":{"self":[{"href":"https:\/\/www.popesprayer.va\/pt-pt\/wp-json\/wp\/v2\/pages\/84464","targetHints":{"allow":["GET"]}}],"collection":[{"href":"https:\/\/www.popesprayer.va\/pt-pt\/wp-json\/wp\/v2\/pages"}],"about":[{"href":"https:\/\/www.popesprayer.va\/pt-pt\/wp-json\/wp\/v2\/types\/page"}],"author":[{"embeddable":true,"href":"https:\/\/www.popesprayer.va\/pt-pt\/wp-json\/wp\/v2\/users\/1"}],"replies":[{"embeddable":true,"href":"https:\/\/www.popesprayer.va\/pt-pt\/wp-json\/wp\/v2\/comments?post=84464"}],"version-history":[{"count":114,"href":"https:\/\/www.popesprayer.va\/pt-pt\/wp-json\/wp\/v2\/pages\/84464\/revisions"}],"predecessor-version":[{"id":101451,"href":"https:\/\/www.popesprayer.va\/pt-pt\/wp-json\/wp\/v2\/pages\/84464\/revisions\/101451"}],"wp:attachment":[{"href":"https:\/\/www.popesprayer.va\/pt-pt\/wp-json\/wp\/v2\/media?parent=84464"}],"curies":[{"name":"wp","href":"https:\/\/api.w.org\/{rel}","templated":true}]}}