{"id":84464,"date":"2025-06-15T17:55:58","date_gmt":"2025-06-15T15:55:58","guid":{"rendered":"https:\/\/www.popesprayer.va\/a-equipa\/"},"modified":"2026-04-09T20:36:30","modified_gmt":"2026-04-09T18:36:30","slug":"a-equipa","status":"publish","type":"page","link":"https:\/\/www.popesprayer.va\/pt-pt\/a-equipa\/","title":{"rendered":"A equipa"},"content":{"rendered":"<p>[et_pb_section fb_built=\"1&#8243; prev_background_color=\"#F4A261&#8243; next_background_color=\"#E9C46A\" _builder_version=\"4.27.4&#8243; _module_preset=\"default\" background_color=\"#264653&#8243; background_image=\"https:\/\/www.popesprayer.va\/wp-content\/uploads\/2025\/07\/team-en-tamano-grande.jpeg\" background_blend=\"overlay\" custom_padding=\"12vw||12vw||true|false\" top_divider_style=\"ramp\" bottom_divider_style=\"ramp\" bottom_divider_flip=\"horizontal\" da_disable_devices=\"off|off|off\" global_colors_info=\"{}\" da_is_popup=\"off\" da_exit_intent=\"off\" da_has_close=\"on\" da_alt_close=\"off\" da_dark_close=\"off\" da_not_modal=\"on\" da_is_singular=\"off\" da_with_loader=\"off\" da_has_shadow=\"on\"][et_pb_row column_structure=\"3_5,2_5&#8243; _builder_version=\"4.27.4&#8243; _module_preset=\"default\" global_colors_info=\"{}\"][et_pb_column type=\"3_5&#8243; _builder_version=\"4.27.4&#8243; _module_preset=\"default\" global_colors_info=\"{}\"][et_pb_text _builder_version=\"4.27.4&#8243; _module_preset=\"default\" header_text_color=\"#E9C46A\" header_font_size=\"3rem\" header_2_font=\"|700|||||||\" header_2_text_color=\"#FFFFFF\" header_2_font_size=\"4rem\" header_2_line_height=\"1.1em\" header_2_font_size_tablet=\"4rem\" header_2_font_size_phone=\"3.2rem\" header_2_font_size_last_edited=\"on|phone\" global_colors_info=\"{}\"]<\/p>\n<h1><span style=\"font-weight: 400;\">Equipa<\/span><\/h1>\n<h2>As pessoas por detr\u00e1s de<br \/>the Mission<\/h2>\n<p>[\/et_pb_text][et_pb_text _builder_version=\"4.27.4&#8243; _module_preset=\"default\" text_text_color=\"#FFFFFF\" text_font_size=\"19px\" header_text_color=\"#E9C46A\" header_font_size=\"3rem\" header_2_text_color=\"#FFFFFF\" header_2_font_size=\"4rem\" animation_style=\"fade\" animation_duration=\"1500ms\" animation_delay=\"200ms\" global_colors_info=\"{}\"]<\/p>\n<p data-start=\"225\" data-end=\"371\">Somos uma rede espiritual global e, por detr\u00e1s de cada ora\u00e7\u00e3o, projeto e iniciativa, h\u00e1 uma equipa dedicada que serve com amor e empenho.<\/p>\n<p><span>Desde o Conselho Administrativo nomeado pela Santa S\u00e9 at\u00e9 aos coordenadores internacionais, l\u00edderes de forma\u00e7\u00e3o e equipas de comunica\u00e7\u00e3o, trabalhamos em conjunto - em todos os continentes e culturas - para apoiar a miss\u00e3o de compaix\u00e3o de Cristo pelo mundo. Esta \u00e9 a equipa que anima a Rede Mundial de Ora\u00e7\u00e3o do Papa com criatividade, profundidade e disponibilidade para o Esp\u00edrito.<\/span><\/p>\n<p>[\/et_pb_text][\/et_pb_column][et_pb_column type=\"2_5&#8243; _builder_version=\"4.27.4&#8243; _module_preset=\"default\" global_colors_info=\"{}\"][\/et_pb_column][\/et_pb_row][\/et_pb_section][et_pb_section fb_built=\"1&#8243; _builder_version=\"4.27.4&#8243; _module_preset=\"default\" background_color=\"#E9C46A\" custom_padding=\"||12vw||false|false\" bottom_divider_style=\"ramp\" bottom_divider_color=\"#264653&#8243; bottom_divider_flip=\"horizontal\" da_disable_devices=\"off|off|off\" global_colors_info=\"{}\" da_is_popup=\"off\" da_exit_intent=\"off\" da_has_close=\"on\" da_alt_close=\"off\" da_dark_close=\"off\" da_not_modal=\"on\" da_is_singular=\"off\" da_with_loader=\"off\" da_has_shadow=\"on\"][et_pb_row column_structure=\"3_5,2_5&#8243; make_equal=\"on\" _builder_version=\"4.27.4&#8243; _module_preset=\"default\" locked=\"off\" global_colors_info=\"{}\"][et_pb_column type=\"3_5&#8243; _builder_version=\"4.27.4&#8243; _module_preset=\"default\" global_colors_info=\"{}\"][et_pb_text _builder_version=\"4.27.4&#8243; _module_preset=\"default\" text_text_color=\"#E9C46A\" header_2_font=\"|700|||||||\" header_2_text_color=\"#FFFFFF\" header_2_font_size=\"4rem\" header_3_font=\"||||||||\" header_3_text_color=\"#E9C46A\" header_3_font_size=\"40px\" header_3_line_height=\"1.4em\" animation_style=\"fade\" animation_duration=\"1500ms\" animation_delay=\"100ms\" header_2_font_size_tablet=\"4rem\" header_2_font_size_phone=\"3rem\" header_2_font_size_last_edited=\"on|phone\" header_3_line_height_tablet=\"1.7em\" header_3_line_height_phone=\"1.2em\" header_3_line_height_last_edited=\"on|phone\" global_colors_info=\"{}\"]<\/p>\n<h2 data-start=\"518\" data-end=\"562\"><b>Funda\u00e7\u00e3o Vaticano<\/b><\/h2>\n<p>[\/et_pb_text][\/et_pb_column][et_pb_column type=\"2_5&#8243; _builder_version=\"4.27.4&#8243; _module_preset=\"default\" custom_css_main_element=\"margin: auto 0 0;\" global_colors_info=\"{}\"][\/et_pb_column][\/et_pb_row][et_pb_row column_structure=\"1_2,1_6,1_6,1_6&#8243; _builder_version=\"4.27.4&#8243; _module_preset=\"default\" custom_padding=\"0px||||false|false\" global_colors_info=\"{}\"][et_pb_column type=\"1_2&#8243; _builder_version=\"4.27.4&#8243; _module_preset=\"default\" global_colors_info=\"{}\"][et_pb_text _builder_version=\"4.27.6&#8243; _module_preset=\"default\" text_text_color=\"#E5E5E5&#8243; text_font_size=\"18px\" header_2_font=\"|700|||||||\" header_2_text_color=\"#E76F51&#8243; header_2_font_size=\"4rem\" header_3_font=\"||||||||\" header_3_text_color=\"#E76F51&#8243; header_3_font_size=\"40px\" header_3_line_height=\"1.4em\" animation_style=\"fade\" animation_duration=\"1500ms\" animation_delay=\"100ms\" header_2_font_size_tablet=\"4rem\" header_2_font_size_phone=\"2.2rem\" header_2_font_size_last_edited=\"on|phone\" header_3_font_size_tablet=\"38px\" header_3_font_size_phone=\"36px\" header_3_font_size_last_edited=\"on|phone\" header_3_line_height_tablet=\"1.7em\" header_3_line_height_phone=\"1.2em\" header_3_line_height_last_edited=\"on|phone\" global_colors_info=\"{}\"]<\/p>\n<h3><b>CONSELHO DE ADMINISTRA\u00c7\u00c3O<\/b><\/h3>\n<p data-start=\"563\" data-end=\"826\" class=\"\">[\/et_pb_text][\/et_pb_column][et_pb_column type=\"1_6&#8243; _builder_version=\"4.27.4&#8243; _module_preset=\"default\" global_colors_info=\"{}\"][\/et_pb_column][et_pb_column type=\"1_6&#8243; _builder_version=\"4.27.4&#8243; _module_preset=\"default\" global_colors_info=\"{}\"][\/et_pb_column][et_pb_column type=\"1_6&#8243; _builder_version=\"4.27.4&#8243; _module_preset=\"default\" global_colors_info=\"{}\"][\/et_pb_column][\/et_pb_row][et_pb_row column_structure=\"1_6,1_6,1_6,1_6,1_6,1_6&#8243; module_class=\"fila-equipo-alineada\" _builder_version=\"4.27.4&#8243; _module_preset=\"default\" global_colors_info=\"{}\"][et_pb_column type=\"1_6&#8243; _builder_version=\"4.27.4&#8243; _module_preset=\"default\" global_colors_info=\"{}\"][et_pb_team_member name=\"P. Crist\u00f3bal Fones, SJ\" position=\"Presidente\" image_url=\"https:\/\/www.popesprayer.va\/wp-content\/uploads\/2025\/06\/01-Preferencia-CF-2048&#215;1536-en-tamano-grande.jpeg\" _builder_version=\"4.27.4&#8243; _module_preset=\"default\" header_text_color=\"#264653&#8243; header_font_size=\"24px\" header_letter_spacing=\"1px\" position_font=\"|800|||||||\" position_text_color=\"#264653&#8243; animation_style=\"fade\" animation_duration=\"1500ms\" animation_delay=\"500ms\" custom_css_member_image=\"max-width: 100%;\" border_radii_image=\"on|20px|20px|20px|20px\" global_colors_info=\"{}\"]<\/p>\n<p><b>Nomeado pelo Santo Padre<\/b><\/p>\n<p>[\/et_pb_team_member][\/et_pb_column][et_pb_column type=\"1_6&#8243; _builder_version=\"4.27.4&#8243; _module_preset=\"default\" custom_css_main_element=\"margin: auto 0 0;\" global_colors_info=\"{}\"][et_pb_team_member name=\"Pe. Federico Lombardi, SJ \" position=\"Membro\" image_url=\"https:\/\/www.popesprayer.va\/wp-content\/uploads\/2025\/06\/cq5dam.thumbnail.cropped.750.422.jpeg\" _builder_version=\"4.27.4&#8243; _module_preset=\"default\" header_text_color=\"#264653&#8243; header_font_size=\"24px\" header_letter_spacing=\"1px\" position_font=\"|800|||||||\" position_text_color=\"#264653&#8243; animation_style=\"fade\" animation_duration=\"1500ms\" animation_delay=\"500ms\" custom_css_member_image=\"max-width: 100%;\" border_radii_image=\"on|20px|20px|20px|20px\" global_colors_info=\"{}\"]<\/p>\n<p><b>Nomeado pelo Secret\u00e1rio de Estado do Vaticano<\/b><\/p>\n<p><b> <\/b><\/p>\n<p><b><\/b><\/p>\n<p>[\/et_pb_team_member][\/et_pb_column][et_pb_column type=\"1_6&#8243; _builder_version=\"4.27.4&#8243; _module_preset=\"default\" custom_css_main_element=\"margin: auto 0 0;\" global_colors_info=\"{}\"][et_pb_team_member name=\"Don George Ayoub\" position=\"Membro\" image_url=\"https:\/\/www.popesprayer.va\/wp-content\/uploads\/2025\/11\/George-Ayoub.jpg\" _builder_version=\"4.27.4&#8243; _module_preset=\"default\" header_text_color=\"#264653&#8243; header_font_size=\"24px\" header_letter_spacing=\"1px\" position_font=\"|800|||||||\" position_text_color=\"#264653&#8243; animation_style=\"fade\" animation_duration=\"1500ms\" animation_delay=\"500ms\" custom_css_member_image=\"max-width: 100%;\" border_radii_image=\"on|20px|20px|20px|20px\" global_colors_info=\"{}\"]<\/p>\n<p><b>Nomeado pelo Secret\u00e1rio de Estado do Vaticano<\/b><\/p>\n<p>[\/et_pb_team_member][\/et_pb_column][et_pb_column type=\"1_6&#8243; _builder_version=\"4.27.4&#8243; _module_preset=\"default\" custom_css_main_element=\"margin: auto 0 0;\" global_colors_info=\"{}\"][et_pb_team_member name=\"Ir. Nathalie Becquart, XMCJ \" position=\"Membro  \" image_url=\"https:\/\/www.popesprayer.va\/wp-content\/uploads\/2025\/06\/Nathalie-Becquart_Synod.jpeg\" _builder_version=\"4.27.4&#8243; _module_preset=\"default\" header_text_color=\"#264653&#8243; header_font_size=\"24px\" header_letter_spacing=\"1px\" position_font=\"|800|||||||\" position_text_color=\"#264653&#8243; animation_style=\"fade\" animation_duration=\"1500ms\" animation_delay=\"500ms\" custom_css_member_image=\"max-width: 100%;\" border_radii_image=\"on|20px|20px|20px|20px\" global_colors_info=\"{}\"]<\/p>\n<p><b>Nomeado pelo Secret\u00e1rio de Estado do Vaticano  <\/b><\/p>\n<p>[\/et_pb_team_member][\/et_pb_column][et_pb_column type=\"1_6&#8243; _builder_version=\"4.27.4&#8243; _module_preset=\"default\" custom_css_main_element=\"margin: auto 0 0;\" global_colors_info=\"{}\"][et_pb_team_member name=\"P. Chukwuyenum Afiawari, SJ\" position=\"Membro\" image_url=\"https:\/\/www.popesprayer.va\/wp-content\/uploads\/2025\/06\/Fr-Chukwuyenum-Afiawari-SJ-supplied-573&#215;400-1.jpeg\" _builder_version=\"4.27.4&#8243; _module_preset=\"default\" header_text_color=\"#264653&#8243; header_font_size=\"24px\" header_letter_spacing=\"1px\" position_font=\"|800|||||||\" position_text_color=\"#264653&#8243; animation_style=\"fade\" animation_duration=\"1500ms\" animation_delay=\"500ms\" custom_css_member_image=\"max-width: 100%;\" border_radii_image=\"on|20px|20px|20px|20px\" global_colors_info=\"{}\"]<\/p>\n<p><b>Nomeado pelo Secret\u00e1rio de Estado do Vaticano<\/b><\/p>\n<p>[\/et_pb_team_member][\/et_pb_column][et_pb_column type=\"1_6&#8243; _builder_version=\"4.27.4&#8243; _module_preset=\"default\" custom_css_main_element=\"margin: auto 0 0;\" global_colors_info=\"{}\"][\/et_pb_column][\/et_pb_row][et_pb_row column_structure=\"1_2,1_6,1_6,1_6&#8243; _builder_version=\"4.27.4&#8243; _module_preset=\"default\" custom_padding=\"0px||||false|false\" global_colors_info=\"{}\"][et_pb_column type=\"1_2&#8243; _builder_version=\"4.27.4&#8243; _module_preset=\"default\" global_colors_info=\"{}\"][et_pb_text _builder_version=\"4.27.4&#8243; _module_preset=\"default\" text_text_color=\"#E5E5E5&#8243; text_font_size=\"18px\" header_2_font=\"|700|||||||\" header_2_text_color=\"#E76F51&#8243; header_2_font_size=\"4rem\" header_3_font=\"||||||||\" header_3_text_color=\"#E76F51&#8243; header_3_font_size=\"40px\" header_3_line_height=\"1.4em\" animation_style=\"fade\" animation_duration=\"1500ms\" animation_delay=\"100ms\" header_2_font_size_tablet=\"4rem\" header_2_font_size_phone=\"2.2rem\" header_2_font_size_last_edited=\"on|phone\" header_3_line_height_tablet=\"1.7em\" header_3_line_height_phone=\"1.2em\" header_3_line_height_last_edited=\"on|phone\" global_colors_info=\"{}\"]<\/p>\n<h3>Auditor<\/h3>\n<p data-start=\"563\" data-end=\"826\" class=\"\">\n<p>[\/et_pb_text][\/et_pb_column][et_pb_column type=\"1_6&#8243; _builder_version=\"4.27.4&#8243; _module_preset=\"default\" global_colors_info=\"{}\"][\/et_pb_column][et_pb_column type=\"1_6&#8243; _builder_version=\"4.27.4&#8243; _module_preset=\"default\" global_colors_info=\"{}\"][\/et_pb_column][et_pb_column type=\"1_6&#8243; _builder_version=\"4.27.4&#8243; _module_preset=\"default\" global_colors_info=\"{}\"][\/et_pb_column][\/et_pb_row][et_pb_row column_structure=\"1_6,1_6,1_6,1_6,1_6,1_6&#8243; module_class=\"fila-equipo-alineada\" _builder_version=\"4.27.4&#8243; _module_preset=\"default\" global_colors_info=\"{}\"][et_pb_column type=\"1_6&#8243; _builder_version=\"4.27.4&#8243; _module_preset=\"default\" global_colors_info=\"{}\"][et_pb_team_member name=\"Doc. Aurelio Ingrassia \" position=\"Auditor\" image_url=\"https:\/\/www.popesprayer.va\/wp-content\/uploads\/2025\/10\/aurelio-1.png\" _builder_version=\"4.27.4&#8243; _module_preset=\"default\" header_text_color=\"#264653&#8243; header_font_size=\"24px\" header_letter_spacing=\"1px\" position_font=\"|800|||||||\" position_text_color=\"#264653&#8243; animation_style=\"fade\" animation_duration=\"1500ms\" animation_delay=\"500ms\" custom_css_member_image=\"max-width: 100%;\" border_radii_image=\"on|20px|20px|20px|20px\" global_colors_info=\"{}\"]<\/p>\n<p><b>Nomeado pelo Prefeito da Secretaria de Economia<\/b><\/p>\n<p>[\/et_pb_team_member][\/et_pb_column][et_pb_column type=\"1_6&#8243; _builder_version=\"4.27.4&#8243; _module_preset=\"default\" custom_css_main_element=\"margin: auto 0 0;\" global_colors_info=\"{}\"][\/et_pb_column][et_pb_column type=\"1_6&#8243; _builder_version=\"4.27.4&#8243; _module_preset=\"default\" custom_css_main_element=\"margin: auto 0 0;\" global_colors_info=\"{}\"][\/et_pb_column][et_pb_column type=\"1_6&#8243; _builder_version=\"4.27.4&#8243; _module_preset=\"default\" custom_css_main_element=\"margin: auto 0 0;\" global_colors_info=\"{}\"][\/et_pb_column][et_pb_column type=\"1_6&#8243; _builder_version=\"4.27.4&#8243; _module_preset=\"default\" custom_css_main_element=\"margin: auto 0 0;\" global_colors_info=\"{}\"][\/et_pb_column][et_pb_column type=\"1_6&#8243; _builder_version=\"4.27.4&#8243; _module_preset=\"default\" custom_css_main_element=\"margin: auto 0 0;\" global_colors_info=\"{}\"][\/et_pb_column][\/et_pb_row][\/et_pb_section][et_pb_section fb_built=\"1&#8243; _builder_version=\"4.27.4&#8243; _module_preset=\"default\" background_color=\"#264653&#8243; custom_padding=\"6vw||6vw||true|false\" bottom_divider_style=\"ramp\" bottom_divider_color=\"#F4A261&#8243; da_disable_devices=\"off|off|off\" global_colors_info=\"{}\" da_is_popup=\"off\" da_exit_intent=\"off\" da_has_close=\"on\" da_alt_close=\"off\" da_dark_close=\"off\" da_not_modal=\"on\" da_is_singular=\"off\" da_with_loader=\"off\" da_has_shadow=\"on\"][et_pb_row column_structure=\"3_5,2_5&#8243; make_equal=\"on\" _builder_version=\"4.27.4&#8243; _module_preset=\"default\" global_colors_info=\"{}\"][et_pb_column type=\"3_5&#8243; _builder_version=\"4.27.4&#8243; _module_preset=\"default\" global_colors_info=\"{}\"][et_pb_text _builder_version=\"4.27.4&#8243; _module_preset=\"default\" text_text_color=\"#E9C46A\" header_2_font=\"|700|||||||\" header_2_text_color=\"#FFFFFF\" header_2_font_size=\"4rem\" header_3_font=\"||||||||\" header_3_text_color=\"#E9C46A\" header_3_font_size=\"40px\" header_3_line_height=\"1.4em\" animation_style=\"fade\" animation_duration=\"1500ms\" animation_delay=\"100ms\" header_2_font_size_tablet=\"4rem\" header_2_font_size_phone=\"3rem\" header_2_font_size_last_edited=\"on|phone\" header_3_line_height_tablet=\"1.7em\" header_3_line_height_phone=\"1.2em\" header_3_line_height_last_edited=\"on|phone\" global_colors_info=\"{}\"]<\/p>\n<h2 data-start=\"518\" data-end=\"562\"><b>Gabinete Internacional<\/b><\/h2>\n<p>[\/et_pb_text][\/et_pb_column][et_pb_column type=\"2_5&#8243; _builder_version=\"4.27.4&#8243; _module_preset=\"default\" custom_css_main_element=\"margin: auto 0 0;\" global_colors_info=\"{}\"][\/et_pb_column][\/et_pb_row][et_pb_row column_structure=\"3_5,2_5&#8243; make_equal=\"on\" _builder_version=\"4.27.4&#8243; _module_preset=\"default\" global_colors_info=\"{}\"][et_pb_column type=\"3_5&#8243; _builder_version=\"4.27.4&#8243; _module_preset=\"default\" global_colors_info=\"{}\"][et_pb_text _builder_version=\"4.27.4&#8243; _module_preset=\"default\" text_text_color=\"#264653&#8243; text_font_size=\"18px\" header_2_font=\"|700|||||||\" header_2_text_color=\"#E76F51&#8243; header_2_font_size=\"4rem\" header_3_font=\"||||||||\" header_3_text_color=\"#E76F51&#8243; header_3_font_size=\"40px\" header_3_line_height=\"1.4em\" animation_style=\"fade\" animation_duration=\"1500ms\" animation_delay=\"100ms\" header_2_font_size_tablet=\"4rem\" header_2_font_size_phone=\"3.4rem\" header_2_font_size_last_edited=\"on|phone\" header_3_line_height_tablet=\"1.7em\" header_3_line_height_phone=\"1.2em\" header_3_line_height_last_edited=\"on|phone\" global_colors_info=\"{}\"]<\/p>\n<h3><strong>Equipa de Dire\u00e7\u00e3o Executiva<\/strong><\/h3>\n<p data-start=\"563\" data-end=\"826\" class=\"\">\n<p>[\/et_pb_text][\/et_pb_column][et_pb_column type=\"2_5&#8243; _builder_version=\"4.27.4&#8243; _module_preset=\"default\" custom_css_main_element=\"margin: auto 0 0;\" global_colors_info=\"{}\"][\/et_pb_column][\/et_pb_row][et_pb_row column_structure=\"1_6,1_6,1_6,1_6,1_6,1_6&#8243; module_class=\"fila-equipo-alineada\" _builder_version=\"4.27.4&#8243; _module_preset=\"default\" global_colors_info=\"{}\"][et_pb_column type=\"1_6&#8243; _builder_version=\"4.27.4&#8243; _module_preset=\"default\" global_colors_info=\"{}\"][et_pb_team_member name=\"FR. CRISTOBAL FONES, SJ\" position=\"Diretor Internacional\" image_url=\"https:\/\/www.popesprayer.va\/wp-content\/uploads\/2025\/06\/01-Preferencia-CF-2048&#215;1536-en-tamano-grande.jpeg\" _builder_version=\"4.27.4&#8243; _module_preset=\"default\" header_text_color=\"#E9C46A\" header_font_size=\"24px\" header_letter_spacing=\"1px\" body_text_color=\"rgba(255,255,255,0.8)\" position_font=\"|800|||||||\" position_text_color=\"#E9C46A\" animation_style=\"fade\" animation_duration=\"1500ms\" animation_delay=\"500ms\" link_option_url=\"mailto:international.director@popesprayer.va\" custom_css_member_image=\"max-width: 100%;\" border_radii_image=\"on|20px|20px|20px|20px\" global_colors_info=\"{}\"]<\/p>\n<p>Nomeado pelo Santo Padre em 2025<\/p>\n<p>[\/et_pb_team_member][\/et_pb_column][et_pb_column type=\"1_6&#8243; _builder_version=\"4.27.4&#8243; _module_preset=\"default\" custom_css_main_element=\"margin: auto 0 0;\" global_colors_info=\"{}\"][et_pb_team_member name=\"A SRA. BETTINA RAED\" position=\"Vice-diretor internacional  \" image_url=\"https:\/\/www.popesprayer.va\/wp-content\/uploads\/2025\/06\/bettina-img-profile-150&#215;150-2.jpeg\" _builder_version=\"4.27.4&#8243; _module_preset=\"default\" header_text_color=\"#E9C46A\" header_font_size=\"24px\" header_letter_spacing=\"1px\" body_text_color=\"rgba(255,255,255,0.8)\" position_font=\"|800|||||||\" position_text_color=\"#E9C46A\" animation_style=\"fade\" animation_duration=\"1500ms\" animation_delay=\"500ms\" link_option_url=\"mailto:international.director@popesprayer.va\" custom_css_member_image=\"max-width: 100%;\" border_radii_image=\"on|20px|20px|20px|20px\" global_colors_info=\"{}\"]<\/p>\n<p><span style=\"font-weight: 400;\">Nomeado pelo Secret\u00e1rio de Estado em 2024  <\/span><\/p>\n<p>[\/et_pb_team_member][\/et_pb_column][et_pb_column type=\"1_6&#8243; _builder_version=\"4.27.4&#8243; _module_preset=\"default\" custom_css_main_element=\"margin: auto 0 0;\" global_colors_info=\"{}\"][et_pb_team_member name=\"FR. MIGUEL MELO, SJ\" position=\"Vice-diretor internacional\" image_url=\"https:\/\/www.popesprayer.va\/wp-content\/uploads\/2025\/06\/WhatsApp-Image-2024-11-05-at-10.57.52.jpeg\" _builder_version=\"4.27.4&#8243; _module_preset=\"default\" header_text_color=\"#E9C46A\" header_font_size=\"24px\" header_letter_spacing=\"1px\" body_text_color=\"rgba(255,255,255,0.8)\" position_font=\"|800|||||||\" position_text_color=\"#E9C46A\" animation_style=\"fade\" animation_duration=\"1500ms\" animation_delay=\"500ms\" link_option_url=\"mailto:international.director@popesprayer.va\" custom_css_member_image=\"max-width: 100%;\" border_radii_image=\"on|20px|20px|20px|20px\" global_colors_info=\"{}\"]<\/p>\n<p><span style=\"font-weight: 400;\">Nomeado pelo Secret\u00e1rio de Estado em 2025<\/span><\/p>\n<p>[\/et_pb_team_member][\/et_pb_column][et_pb_column type=\"1_6&#8243; _builder_version=\"4.27.4&#8243; _module_preset=\"default\" custom_css_main_element=\"margin: auto 0 0;\" global_colors_info=\"{}\"][\/et_pb_column][et_pb_column type=\"1_6&#8243; _builder_version=\"4.27.4&#8243; _module_preset=\"default\" custom_css_main_element=\"margin: auto 0 0;\" global_colors_info=\"{}\"][\/et_pb_column][et_pb_column type=\"1_6&#8243; _builder_version=\"4.27.4&#8243; _module_preset=\"default\" custom_css_main_element=\"margin: auto 0 0;\" global_colors_info=\"{}\"][\/et_pb_column][\/et_pb_row][\/et_pb_section][et_pb_section fb_built=\"1&#8243; _builder_version=\"4.27.4&#8243; _module_preset=\"default\" background_color=\"#F4A261&#8243; custom_padding=\"||12vw||false|false\" top_divider_color=\"#E76F51&#8243; bottom_divider_style=\"ramp\" bottom_divider_color=\"#E76F51&#8243; bottom_divider_flip=\"horizontal\" da_disable_devices=\"off|off|off\" global_colors_info=\"{}\" da_is_popup=\"off\" da_exit_intent=\"off\" da_has_close=\"on\" da_alt_close=\"off\" da_dark_close=\"off\" da_not_modal=\"on\" da_is_singular=\"off\" da_with_loader=\"off\" da_has_shadow=\"on\"][et_pb_row column_structure=\"3_5,2_5&#8243; make_equal=\"on\" _builder_version=\"4.27.4&#8243; _module_preset=\"default\" global_colors_info=\"{}\"][et_pb_column type=\"3_5&#8243; _builder_version=\"4.27.4&#8243; _module_preset=\"default\" global_colors_info=\"{}\"][et_pb_text _builder_version=\"4.27.4&#8243; _module_preset=\"default\" text_text_color=\"#E9C46A\" header_2_font=\"|700|||||||\" header_2_text_color=\"#E76F51&#8243; header_2_font_size=\"4rem\" header_3_font=\"||||||||\" header_3_text_color=\"#E76F51&#8243; header_3_font_size=\"40px\" header_3_line_height=\"1.4em\" animation_style=\"fade\" animation_duration=\"1500ms\" animation_delay=\"100ms\" header_2_font_size_tablet=\"4rem\" header_2_font_size_phone=\"2.8rem\" header_2_font_size_last_edited=\"on|phone\" header_3_line_height_tablet=\"1.7em\" header_3_line_height_phone=\"1.2em\" header_3_line_height_last_edited=\"on|phone\" global_colors_info=\"{}\" header_2_letter_spacing__hover_enabled=\"on|desktop\"]<\/p>\n<h3 data-start=\"518\" data-end=\"562\"><b>Conselho Internacional<\/b><\/h3>\n<p>[\/et_pb_text][\/et_pb_column][et_pb_column type=\"2_5&#8243; _builder_version=\"4.27.4&#8243; _module_preset=\"default\" custom_css_main_element=\"margin: auto 0 0;\" global_colors_info=\"{}\"][\/et_pb_column][\/et_pb_row][et_pb_row column_structure=\"1_6,1_6,1_6,1_6,1_6,1_6&#8243; module_class=\"fila-equipo-alineada\" _builder_version=\"4.27.4&#8243; _module_preset=\"default\" global_colors_info=\"{}\"][et_pb_column type=\"1_6&#8243; _builder_version=\"4.27.4&#8243; _module_preset=\"default\" global_colors_info=\"{}\"][et_pb_team_member name=\"FR. VALTER JO\u00c3O CASSAMANO, SJ\" position=\"Coordenador para \u00c1frica\" image_url=\"https:\/\/www.popesprayer.va\/wp-content\/uploads\/2025\/06\/FR.-VALTER-JOAO-CASSAMANO-SJ.jpg\" _builder_version=\"4.27.4&#8243; _module_preset=\"default\" header_font=\"|||on|||||\" header_text_color=\"#FFFFFF\" header_font_size=\"20px\" body_text_color=\"#F4A261&#8243; body_line_height=\"1.2em\" position_font=\"|800|||||||\" position_text_color=\"#E76F51&#8243; animation_style=\"fade\" animation_duration=\"1500ms\" animation_delay=\"500ms\" link_option_url=\"mailto:gualbertocassamano@gmail.com\" border_radii_image=\"on|20px|20px|20px|20px\" global_colors_info=\"{}\"][\/et_pb_team_member][\/et_pb_column][et_pb_column type=\"1_6&#8243; _builder_version=\"4.27.4&#8243; _module_preset=\"default\" custom_css_main_element=\"margin: auto 0 0;\" global_colors_info=\"{}\"][et_pb_team_member name=\"FR. ALBERTO IRENUS DAVID, SJ (+)\" position=\"Coordenador para a \u00c1sia-Pac\u00edfico\" image_url=\"https:\/\/www.popesprayer.va\/wp-content\/uploads\/2025\/06\/FR.-ALBERTO-IRENUS-DAVID-SJ.jpg\" _builder_version=\"4.27.4&#8243; _module_preset=\"default\" header_font=\"|||on|||||\" header_text_color=\"#FFFFFF\" header_font_size=\"20px\" body_text_color=\"#F4A261&#8243; body_line_height=\"1.2em\" position_font=\"|800|||||||\" position_text_color=\"#E76F51&#8243; animation_style=\"fade\" animation_duration=\"1500ms\" animation_delay=\"500ms\" link_option_url=\"mailto:pwpn.msb@mas-jesuits.org\" border_radii_image=\"on|20px|20px|20px|20px\" global_colors_info=\"{}\"][\/et_pb_team_member][\/et_pb_column][et_pb_column type=\"1_6&#8243; _builder_version=\"4.27.4&#8243; _module_preset=\"default\" custom_css_main_element=\"margin: auto 0 0;\" global_colors_info=\"{}\"][et_pb_team_member name=\"FR. XAVIER THARAMEL, SJ\" position=\"Coordenador do Sul da \u00c1sia\" image_url=\"https:\/\/www.popesprayer.va\/wp-content\/uploads\/2025\/06\/1000159219-325&#215;325-1.jpg\" _builder_version=\"4.27.4&#8243; _module_preset=\"default\" header_font=\"|||on|||||\" header_text_color=\"#FFFFFF\" header_font_size=\"20px\" body_text_color=\"#F4A261&#8243; body_line_height=\"1.2em\" position_font=\"|800|||||||\" position_text_color=\"#E76F51&#8243; animation_style=\"fade\" animation_duration=\"1500ms\" animation_delay=\"500ms\" link_option_url=\"mailto:pwpn.eym@gmail.com\" border_radii_image=\"on|20px|20px|20px|20px\" global_colors_info=\"{}\"][\/et_pb_team_member][\/et_pb_column][et_pb_column type=\"1_6&#8243; _builder_version=\"4.27.4&#8243; _module_preset=\"default\" custom_css_main_element=\"margin: auto 0 0;\" global_colors_info=\"{}\"][et_pb_team_member name=\"FR. ANT\u00d3NIO SANT&#039;ANA, SJ \" position=\"Coordenador Europa\" image_url=\"https:\/\/www.popesprayer.va\/wp-content\/uploads\/2025\/09\/p-santana.jpg\" _builder_version=\"4.27.4&#8243; _module_preset=\"default\" header_font=\"|||on|||||\" header_text_color=\"#FFFFFF\" header_font_size=\"20px\" body_text_color=\"#F4A261&#8243; body_line_height=\"1.2em\" position_font=\"|800|||||||\" position_text_color=\"#E76F51&#8243; animation_style=\"fade\" animation_duration=\"1500ms\" animation_delay=\"500ms\" link_option_url=\"mailto:diretor.nacional@rmop.pt\" border_radii_image=\"on|20px|20px|20px|20px\" global_colors_info=\"{}\"][\/et_pb_team_member][\/et_pb_column][et_pb_column type=\"1_6&#8243; _builder_version=\"4.27.4&#8243; _module_preset=\"default\" custom_css_main_element=\"margin: auto 0 0;\" global_colors_info=\"{}\"][et_pb_team_member name=\"FR. PHILLIP HURLEY, SJ\" position=\"Coordenador para a Am\u00e9rica do Norte\" image_url=\"https:\/\/www.popesprayer.va\/wp-content\/uploads\/2025\/09\/1641427472628.jpg\" _builder_version=\"4.27.4&#8243; _module_preset=\"default\" header_font=\"|||on|||||\" header_text_color=\"#FFFFFF\" header_font_size=\"20px\" body_text_color=\"#F4A261&#8243; body_line_height=\"1.2em\" position_font=\"|800|||||||\" position_text_color=\"#E76F51&#8243; animation_style=\"fade\" animation_duration=\"1500ms\" animation_delay=\"500ms\" link_option_url=\"mailto:phurleysj@yahoo.com\" border_radii_image=\"on|20px|20px|20px|20px\" global_colors_info=\"{}\"][\/et_pb_team_member][\/et_pb_column][et_pb_column type=\"1_6&#8243; _builder_version=\"4.27.4&#8243; _module_preset=\"default\" custom_css_main_element=\"margin: auto 0 0;\" global_colors_info=\"{}\"][et_pb_team_member name=\"BETTINA RAED\" position=\"Coordenador para a Am\u00e9rica Latina\" image_url=\"https:\/\/www.popesprayer.va\/wp-content\/uploads\/2025\/06\/bettina-img-profile-150&#215;150-2.jpeg\" _builder_version=\"4.27.4&#8243; _module_preset=\"default\" header_font=\"|||on|||||\" header_text_color=\"#FFFFFF\" header_font_size=\"20px\" body_text_color=\"#F4A261&#8243; body_line_height=\"1.2em\" position_font=\"|800|||||||\" position_text_color=\"#E76F51&#8243; animation_style=\"fade\" animation_duration=\"1500ms\" animation_delay=\"500ms\" link_option_url=\"mailto:formation@popesprayer.va\" border_radii_image=\"on|20px|20px|20px|20px\" global_colors_info=\"{}\"][\/et_pb_team_member][\/et_pb_column][\/et_pb_row][\/et_pb_section][et_pb_section fb_built=\"1&#8243; _builder_version=\"4.27.4&#8243; _module_preset=\"default\" background_color=\"#E76F51&#8243; custom_padding=\"||12vw||false|false\" bottom_divider_style=\"ramp\" bottom_divider_color=\"#2A9D8F\" bottom_divider_flip=\"horizontal\" da_disable_devices=\"off|off|off\" global_colors_info=\"{}\" da_is_popup=\"off\" da_exit_intent=\"off\" da_has_close=\"on\" da_alt_close=\"off\" da_dark_close=\"off\" da_not_modal=\"on\" da_is_singular=\"off\" da_with_loader=\"off\" da_has_shadow=\"on\"][et_pb_row column_structure=\"3_5,2_5&#8243; make_equal=\"on\" _builder_version=\"4.27.4&#8243; _module_preset=\"default\" global_colors_info=\"{}\"][et_pb_column type=\"3_5&#8243; _builder_version=\"4.27.4&#8243; _module_preset=\"default\" global_colors_info=\"{}\"][et_pb_text _builder_version=\"4.27.4&#8243; _module_preset=\"default\" text_text_color=\"#E9C46A\" header_2_font=\"|700|||||||\" header_2_text_color=\"#FFFFFF\" header_2_font_size=\"4rem\" header_3_font=\"||||||||\" header_3_text_color=\"#E9C46A\" header_3_font_size=\"40px\" header_3_line_height=\"1.4em\" animation_style=\"fade\" animation_duration=\"1500ms\" animation_delay=\"100ms\" header_3_line_height_tablet=\"1.7em\" header_3_line_height_phone=\"1.2em\" header_3_line_height_last_edited=\"on|phone\" global_colors_info=\"{}\"]<\/p>\n<h3 data-start=\"518\" data-end=\"562\"><b>Equipa administrativa<\/b><\/h3>\n<p>[\/et_pb_text][\/et_pb_column][et_pb_column type=\"2_5&#8243; _builder_version=\"4.27.4&#8243; _module_preset=\"default\" custom_css_main_element=\"margin: auto 0 0;\" global_colors_info=\"{}\"][\/et_pb_column][\/et_pb_row][et_pb_row column_structure=\"1_6,1_6,1_6,1_6,1_6,1_6&#8243; module_class=\"fila-equipo-alineada\" _builder_version=\"4.27.4&#8243; _module_preset=\"default\" global_colors_info=\"{}\"][et_pb_column type=\"1_6&#8243; _builder_version=\"4.27.4&#8243; _module_preset=\"default\" global_colors_info=\"{}\"][et_pb_team_member name=\"ANA BEN\u00cdTEZ CARRACEDO\" position=\"Coordenador administrativo\" image_url=\"https:\/\/www.popesprayer.va\/wp-content\/uploads\/2025\/06\/Screenshot-2022-10-05-at-17.08.57-325&#215;325-1.png\" _builder_version=\"4.27.5&#8243; _module_preset=\"default\" header_font=\"|||on|||||\" header_text_color=\"#FFFFFF\" header_font_size=\"20px\" body_text_color=\"#F4A261&#8243; body_line_height=\"1.2em\" position_font=\"|800|||||||\" position_text_color=\"#E9C46A\" animation_style=\"fade\" animation_duration=\"1500ms\" animation_delay=\"500ms\" link_option_url=\"mailto:assistant@popesprayer.va\" border_radii_image=\"on|20px|20px|20px|20px\" global_colors_info=\"{}\"][\/et_pb_team_member][\/et_pb_column][et_pb_column type=\"1_6&#8243; _builder_version=\"4.27.4&#8243; _module_preset=\"default\" custom_css_main_element=\"margin: auto 0 0;\" global_colors_info=\"{}\"][et_pb_team_member name=\"PATRIZIA MESORACA\" position=\"Secret\u00e1rio Internacional\" image_url=\"https:\/\/www.popesprayer.va\/wp-content\/uploads\/2025\/06\/patri2.jpg\" _builder_version=\"4.27.4&#8243; _module_preset=\"default\" header_font=\"|||on|||||\" header_text_color=\"#FFFFFF\" header_font_size=\"20px\" body_text_color=\"#F4A261&#8243; body_line_height=\"1.2em\" position_font=\"|800|||||||\" position_text_color=\"#E9C46A\" animation_style=\"fade\" animation_duration=\"1500ms\" animation_delay=\"500ms\" link_option_url=\"mailto:secretariat@popesprayer.va\" border_radii_image=\"on|20px|20px|20px|20px\" global_colors_info=\"{}\"][\/et_pb_team_member][\/et_pb_column][et_pb_column type=\"1_6&#8243; _builder_version=\"4.27.4&#8243; _module_preset=\"default\" custom_css_main_element=\"margin: auto 0 0;\" global_colors_info=\"{}\"][et_pb_team_member name=\"Stephanie Jabre\" position=\"Assistente Internacional\" image_url=\"https:\/\/www.popesprayer.va\/wp-content\/uploads\/2025\/10\/Photo-2.jpg\" _builder_version=\"4.27.4&#8243; _module_preset=\"default\" header_font=\"|||on|||||\" header_text_color=\"#FFFFFF\" header_font_size=\"20px\" body_text_color=\"#F4A261&#8243; body_line_height=\"1.2em\" position_font=\"|800|||||||\" position_text_color=\"#E9C46A\" animation_style=\"fade\" animation_duration=\"1500ms\" animation_delay=\"500ms\" link_option_url=\"mailto:stephanie.jabre@popesprayer.org\" border_radii_image=\"on|20px|20px|20px|20px\" global_colors_info=\"{}\"][\/et_pb_team_member][\/et_pb_column][et_pb_column type=\"1_6&#8243; _builder_version=\"4.27.4&#8243; _module_preset=\"default\" custom_css_main_element=\"margin: auto 0 0;\" global_colors_info=\"{}\"][\/et_pb_column][et_pb_column type=\"1_6&#8243; _builder_version=\"4.27.4&#8243; _module_preset=\"default\" custom_css_main_element=\"margin: auto 0 0;\" global_colors_info=\"{}\"][\/et_pb_column][et_pb_column type=\"1_6&#8243; _builder_version=\"4.27.4&#8243; _module_preset=\"default\" custom_css_main_element=\"margin: auto 0 0;\" global_colors_info=\"{}\"][\/et_pb_column][\/et_pb_row][et_pb_row column_structure=\"3_5,2_5&#8243; make_equal=\"on\" _builder_version=\"4.27.4&#8243; _module_preset=\"default\" global_colors_info=\"{}\"][et_pb_column type=\"3_5&#8243; _builder_version=\"4.27.4&#8243; _module_preset=\"default\" global_colors_info=\"{}\"][et_pb_text _builder_version=\"4.27.4&#8243; _module_preset=\"default\" text_text_color=\"#E9C46A\" header_2_font=\"|700|||||||\" header_2_text_color=\"#FFFFFF\" header_2_font_size=\"4rem\" header_3_font=\"||||||||\" header_3_text_color=\"#E9C46A\" header_3_font_size=\"40px\" header_3_line_height=\"1.4em\" animation_style=\"fade\" animation_duration=\"1500ms\" animation_delay=\"100ms\" header_3_line_height_tablet=\"1.7em\" header_3_line_height_phone=\"1.2em\" header_3_line_height_last_edited=\"on|phone\" global_colors_info=\"{}\"]<\/p>\n<h3 data-start=\"518\" data-end=\"562\"><b>Equipa de comunica\u00e7\u00e3o<\/b><\/h3>\n<p>[\/et_pb_text][\/et_pb_column][et_pb_column type=\"2_5&#8243; _builder_version=\"4.27.4&#8243; _module_preset=\"default\" custom_css_main_element=\"margin: auto 0 0;\" global_colors_info=\"{}\"][\/et_pb_column][\/et_pb_row][et_pb_row column_structure=\"1_6,1_6,1_6,1_6,1_6,1_6&#8243; module_class=\"fila-equipo-alineada\" _builder_version=\"4.27.4&#8243; _module_preset=\"default\" global_colors_info=\"{}\"][et_pb_column type=\"1_6&#8243; _builder_version=\"4.27.4&#8243; _module_preset=\"default\" global_colors_info=\"{}\"][et_pb_team_member name=\"JUAN IGNACIO CASTELLARO\" position=\"Coordenador de Comunica\u00e7\u00e3o\" image_url=\"https:\/\/www.popesprayer.va\/wp-content\/uploads\/2025\/06\/Juani-CTP-325&#215;325-1.jpg\" _builder_version=\"4.27.4&#8243; _module_preset=\"default\" header_font=\"|||on|||||\" header_text_color=\"#FFFFFF\" header_font_size=\"20px\" body_text_color=\"#F4A261&#8243; body_line_height=\"1.2em\" position_font=\"|800|||||||\" position_text_color=\"#E9C46A\" animation_style=\"fade\" animation_duration=\"1500ms\" animation_delay=\"500ms\" link_option_url=\"mailto:network@popesprayer.va\" border_radii_image=\"on|20px|20px|20px|20px\" global_colors_info=\"{}\"][\/et_pb_team_member][\/et_pb_column][et_pb_column type=\"1_6&#8243; _builder_version=\"4.27.4&#8243; _module_preset=\"default\" custom_css_main_element=\"margin: auto 0 0;\" global_colors_info=\"{}\"][et_pb_team_member name=\"VIRGINIA N\u00da\u00d1EZ\" position=\"Gestor da comunidade\" image_url=\"https:\/\/www.popesprayer.va\/wp-content\/uploads\/2025\/06\/Vicky-CTP-325&#215;325-1.jpg\" _builder_version=\"4.27.4&#8243; _module_preset=\"default\" header_font=\"|||on|||||\" header_text_color=\"#FFFFFF\" header_font_size=\"20px\" body_text_color=\"#F4A261&#8243; body_line_height=\"1.2em\" position_font=\"|800|||||||\" position_text_color=\"#E9C46A\" animation_style=\"fade\" animation_duration=\"1500ms\" animation_delay=\"500ms\" link_option_url=\"mailto:virginia.nunez@popesprayer.org\" border_radii_image=\"on|20px|20px|20px|20px\" global_colors_info=\"{}\"][\/et_pb_team_member][\/et_pb_column][et_pb_column type=\"1_6&#8243; _builder_version=\"4.27.4&#8243; _module_preset=\"default\" custom_css_main_element=\"margin: auto 0 0;\" global_colors_info=\"{}\"][et_pb_team_member name=\"MARCELO MARECO\" position=\"Gestor da comunidade\" image_url=\"https:\/\/www.popesprayer.va\/wp-content\/uploads\/2025\/06\/Marcelo-CTP-325&#215;325-1.jpg\" _builder_version=\"4.27.4&#8243; _module_preset=\"default\" header_font=\"|||on|||||\" header_text_color=\"#FFFFFF\" header_font_size=\"20px\" body_text_color=\"#F4A261&#8243; body_line_height=\"1.2em\" position_font=\"|800|||||||\" position_text_color=\"#E9C46A\" animation_style=\"fade\" animation_duration=\"1500ms\" animation_delay=\"500ms\" link_option_url=\"mailto:marcelo.mareco@popesprayer.org\" border_radii_image=\"on|20px|20px|20px|20px\" global_colors_info=\"{}\"][\/et_pb_team_member][\/et_pb_column][et_pb_column type=\"1_6&#8243; _builder_version=\"4.27.4&#8243; _module_preset=\"default\" custom_css_main_element=\"margin: auto 0 0;\" global_colors_info=\"{}\"][et_pb_team_member name=\"MERC\u00c8 ALONSO\" position=\"Gestor da comunidade\" image_url=\"https:\/\/www.popesprayer.va\/wp-content\/uploads\/2025\/11\/Foto-Merce-Alonso.jpg\" _builder_version=\"4.27.4&#8243; _module_preset=\"default\" header_font=\"|||on|||||\" header_text_color=\"#FFFFFF\" header_font_size=\"20px\" body_text_color=\"#F4A261&#8243; body_line_height=\"1.2em\" position_font=\"|800|||||||\" position_text_color=\"#E9C46A\" animation_style=\"fade\" animation_duration=\"1500ms\" animation_delay=\"500ms\" link_option_url=\"mailto:merce.alonso@popesprayer.org\" border_radii_image=\"on|20px|20px|20px|20px\" global_colors_info=\"{}\"][\/et_pb_team_member][\/et_pb_column][et_pb_column type=\"1_6&#8243; _builder_version=\"4.27.4&#8243; _module_preset=\"default\" custom_css_main_element=\"margin: auto 0 0;\" global_colors_info=\"{}\"][\/et_pb_column][et_pb_column type=\"1_6&#8243; _builder_version=\"4.27.4&#8243; _module_preset=\"default\" custom_css_main_element=\"margin: auto 0 0;\" global_colors_info=\"{}\"][\/et_pb_column][\/et_pb_row][et_pb_row column_structure=\"1_6,1_6,1_6,1_6,1_6,1_6&#8243; module_class=\"fila-equipo-alineada\" _builder_version=\"4.27.4&#8243; _module_preset=\"default\" global_colors_info=\"{}\"][et_pb_column type=\"1_6&#8243; _builder_version=\"4.27.4&#8243; _module_preset=\"default\" global_colors_info=\"{}\"][et_pb_team_member name=\"ELOY FRUGONI\" position=\"Administrador do s\u00edtio Web\" image_url=\"https:\/\/www.popesprayer.va\/wp-content\/uploads\/2025\/06\/IMG_05043-300&#215;300-1.jpg\" _builder_version=\"4.27.4&#8243; _module_preset=\"default\" header_font=\"|||on|||||\" header_text_color=\"#FFFFFF\" header_font_size=\"20px\" body_text_color=\"#F4A261&#8243; body_line_height=\"1.2em\" position_font=\"|800|||||||\" position_text_color=\"#E9C46A\" animation_style=\"fade\" animation_duration=\"1500ms\" animation_delay=\"500ms\" link_option_url=\"mailto:eloy.frugoni@popesprayer.org\" border_radii_image=\"on|20px|20px|20px|20px\" global_colors_info=\"{}\"][\/et_pb_team_member][\/et_pb_column][et_pb_column type=\"1_6&#8243; _builder_version=\"4.27.4&#8243; _module_preset=\"default\" custom_css_main_element=\"margin: auto 0 0;\" global_colors_info=\"{}\"][et_pb_team_member name=\"LILIANA MERELES\" position=\"Designer\" image_url=\"https:\/\/www.popesprayer.va\/wp-content\/uploads\/2025\/12\/lily-mereles.jpg\" _builder_version=\"4.27.4&#8243; _module_preset=\"default\" header_font=\"|||on|||||\" header_text_color=\"#FFFFFF\" header_font_size=\"20px\" body_text_color=\"#F4A261&#8243; body_line_height=\"1.2em\" position_font=\"|800|||||||\" position_text_color=\"#E9C46A\" animation_style=\"fade\" animation_duration=\"1500ms\" animation_delay=\"500ms\" link_option_url=\"mailto:liliana.mereles@popesprayer.org\" border_radii_image=\"on|20px|20px|20px|20px\" global_colors_info=\"{}\"][\/et_pb_team_member][\/et_pb_column][et_pb_column type=\"1_6&#8243; _builder_version=\"4.27.4&#8243; _module_preset=\"default\" custom_css_main_element=\"margin: auto 0 0;\" global_colors_info=\"{}\"][et_pb_team_member name=\"HENRIQUE ALMEIDA\" position=\"Designer\" image_url=\"https:\/\/www.popesprayer.va\/wp-content\/uploads\/2025\/06\/henrique-PWPN-300&#215;300-1.jpg\" _builder_version=\"4.27.4&#8243; _module_preset=\"default\" header_font=\"|||on|||||\" header_text_color=\"#FFFFFF\" header_font_size=\"20px\" body_text_color=\"#F4A261&#8243; body_line_height=\"1.2em\" position_font=\"|800|||||||\" position_text_color=\"#E9C46A\" animation_style=\"fade\" animation_duration=\"1500ms\" animation_delay=\"500ms\" link_option_url=\"mailto:henrique.almeida@popesprayer.org\" border_radii_image=\"on|20px|20px|20px|20px\" global_colors_info=\"{}\"][\/et_pb_team_member][\/et_pb_column][et_pb_column type=\"1_6&#8243; _builder_version=\"4.27.4&#8243; _module_preset=\"default\" custom_css_main_element=\"margin: auto 0 0;\" global_colors_info=\"{}\"][\/et_pb_column][et_pb_column type=\"1_6&#8243; _builder_version=\"4.27.4&#8243; _module_preset=\"default\" custom_css_main_element=\"margin: auto 0 0;\" global_colors_info=\"{}\"][\/et_pb_column][et_pb_column type=\"1_6&#8243; _builder_version=\"4.27.4&#8243; _module_preset=\"default\" custom_css_main_element=\"margin: auto 0 0;\" global_colors_info=\"{}\"][\/et_pb_column][\/et_pb_row][et_pb_row column_structure=\"3_5,2_5&#8243; make_equal=\"on\" _builder_version=\"4.27.4&#8243; _module_preset=\"default\" global_colors_info=\"{}\"][et_pb_column type=\"3_5&#8243; _builder_version=\"4.27.4&#8243; _module_preset=\"default\" global_colors_info=\"{}\"][et_pb_text _builder_version=\"4.27.4&#8243; _module_preset=\"default\" text_text_color=\"#E9C46A\" header_2_font=\"|700|||||||\" header_2_text_color=\"#FFFFFF\" header_2_font_size=\"4rem\" header_3_font=\"||||||||\" header_3_text_color=\"#E9C46A\" header_3_font_size=\"40px\" header_3_line_height=\"1.4em\" animation_style=\"fade\" animation_duration=\"1500ms\" animation_delay=\"100ms\" header_3_line_height_tablet=\"1.7em\" header_3_line_height_phone=\"1.2em\" header_3_line_height_last_edited=\"on|phone\" global_colors_info=\"{}\"]<\/p>\n<h3 data-start=\"518\" data-end=\"562\"><b>Equipa de finan\u00e7as<\/b><\/h3>\n<p>[\/et_pb_text][\/et_pb_column][et_pb_column type=\"2_5&#8243; _builder_version=\"4.27.4&#8243; _module_preset=\"default\" custom_css_main_element=\"margin: auto 0 0;\" global_colors_info=\"{}\"][\/et_pb_column][\/et_pb_row][et_pb_row column_structure=\"1_6,1_6,1_6,1_6,1_6,1_6&#8243; module_class=\"fila-equipo-alineada\" _builder_version=\"4.27.4&#8243; _module_preset=\"default\" global_colors_info=\"{}\"][et_pb_column type=\"1_6&#8243; _builder_version=\"4.27.4&#8243; _module_preset=\"default\" global_colors_info=\"{}\"][et_pb_team_member name=\"PILAR JENSSEN\" position=\"Coordenador financeiro\" image_url=\"https:\/\/www.popesprayer.va\/wp-content\/uploads\/2026\/02\/pjensen.png\" _builder_version=\"4.27.5&#8243; _module_preset=\"default\" header_font=\"|||on|||||\" header_text_color=\"#FFFFFF\" header_font_size=\"20px\" body_text_color=\"#F4A261&#8243; body_line_height=\"1.2em\" position_font=\"|800|||||||\" position_text_color=\"#E9C46A\" animation_style=\"fade\" animation_duration=\"1500ms\" animation_delay=\"500ms\" link_option_url=\"mailto:finances@popesprayer.va\" border_radii_image=\"on|20px|20px|20px|20px\" global_colors_info=\"{}\"][\/et_pb_team_member][\/et_pb_column][et_pb_column type=\"1_6&#8243; _builder_version=\"4.27.4&#8243; _module_preset=\"default\" custom_css_main_element=\"margin: auto 0 0;\" global_colors_info=\"{}\"][et_pb_team_member name=\"M\u00d3NICA PONCE\" position=\"Diretor de Desenvolvimento\" image_url=\"https:\/\/www.popesprayer.va\/wp-content\/uploads\/2026\/04\/eac8d307-581f-4db8-b73d-3c7abe2ce10f.jpg\" _builder_version=\"4.27.6&#8243; _module_preset=\"default\" header_font=\"|||on|||||\" header_text_color=\"#FFFFFF\" header_font_size=\"20px\" body_text_color=\"#F4A261&#8243; body_line_height=\"1.2em\" position_font=\"|800|||||||\" position_text_color=\"#E9C46A\" animation_style=\"fade\" animation_duration=\"1500ms\" animation_delay=\"500ms\" link_option_url=\"mailto:monica.ponce@popesprayer.org\" hover_enabled=\"0&#8243; border_radii_image=\"on|20px|20px|20px|20px\" global_colors_info=\"{}\" alt=\"eac8d307-581f-4db8-b73d-3c7abe2ce10f\" title_text=\"eac8d307-581f-4db8-b73d-3c7abe2ce10f\" sticky_enabled=\"0&#8243;][\/et_pb_team_member][\/et_pb_column][et_pb_column type=\"1_6&#8243; _builder_version=\"4.27.4&#8243; _module_preset=\"default\" custom_css_main_element=\"margin: auto 0 0;\" global_colors_info=\"{}\"][\/et_pb_column][et_pb_column type=\"1_6&#8243; _builder_version=\"4.27.4&#8243; _module_preset=\"default\" custom_css_main_element=\"margin: auto 0 0;\" global_colors_info=\"{}\"][\/et_pb_column][et_pb_column type=\"1_6&#8243; _builder_version=\"4.27.4&#8243; _module_preset=\"default\" custom_css_main_element=\"margin: auto 0 0;\" global_colors_info=\"{}\"][\/et_pb_column][et_pb_column type=\"1_6&#8243; _builder_version=\"4.27.4&#8243; _module_preset=\"default\" custom_css_main_element=\"margin: auto 0 0;\" global_colors_info=\"{}\"][\/et_pb_column][\/et_pb_row][\/et_pb_section][et_pb_section fb_built=\"1&#8243; _builder_version=\"4.27.4&#8243; _module_preset=\"default\" background_color=\"#2A9D8F\" custom_padding=\"12vw||12vw||false|false\" top_divider_color=\"#E76F51&#8243; bottom_divider_style=\"ramp\" bottom_divider_color=\"#F4A261&#8243; bottom_divider_flip=\"horizontal|vertical\" bottom_divider_height_tablet=\"\" bottom_divider_height_phone=\"40px\" bottom_divider_height_last_edited=\"on|phone\" da_disable_devices=\"off|off|off\" global_colors_info=\"{}\" da_is_popup=\"off\" da_exit_intent=\"off\" da_has_close=\"on\" da_alt_close=\"off\" da_dark_close=\"off\" da_not_modal=\"on\" da_is_singular=\"off\" da_with_loader=\"off\" da_has_shadow=\"on\"][et_pb_row column_structure=\"3_5,2_5&#8243; make_equal=\"on\" _builder_version=\"4.27.4&#8243; _module_preset=\"default\" global_colors_info=\"{}\"][et_pb_column type=\"3_5&#8243; _builder_version=\"4.27.4&#8243; _module_preset=\"default\" global_colors_info=\"{}\"][et_pb_text _builder_version=\"4.27.4&#8243; _module_preset=\"default\" text_text_color=\"#E9C46A\" header_2_font=\"|700|||||||\" header_2_text_color=\"#FFFFFF\" header_2_font_size=\"4rem\" header_3_font=\"||||||||\" header_3_text_color=\"#E9C46A\" header_3_font_size=\"40px\" header_3_line_height=\"1.4em\" animation_style=\"fade\" animation_duration=\"1500ms\" animation_delay=\"100ms\" header_2_font_size_tablet=\"4rem\" header_2_font_size_phone=\"3rem\" header_2_font_size_last_edited=\"on|phone\" header_3_line_height_tablet=\"1.7em\" header_3_line_height_phone=\"1.2em\" header_3_line_height_last_edited=\"on|phone\" global_colors_info=\"{}\"]<\/p>\n<h2 data-start=\"518\" data-end=\"562\"><b>Comit\u00e9s adjuntos<\/b><\/h2>\n<p>[\/et_pb_text][\/et_pb_column][et_pb_column type=\"2_5&#8243; _builder_version=\"4.27.4&#8243; _module_preset=\"default\" custom_css_main_element=\"margin: auto 0 0;\" global_colors_info=\"{}\"][\/et_pb_column][\/et_pb_row][et_pb_row column_structure=\"1_2,1_2&#8243; make_equal=\"on\" _builder_version=\"4.27.4&#8243; _module_preset=\"default\" global_colors_info=\"{}\"][et_pb_column type=\"1_2&#8243; _builder_version=\"4.27.4&#8243; _module_preset=\"default\" global_colors_info=\"{}\"][et_pb_text disabled_on=\"on|on|on\" _builder_version=\"4.27.4&#8243; _module_preset=\"default\" text_text_color=\"#E9C46A\" header_2_font=\"|700|||||||\" header_2_text_color=\"#E76F51&#8243; header_2_font_size=\"4rem\" header_3_font=\"||||||||\" header_3_text_color=\"#E9C46A\" header_3_font_size=\"40px\" header_3_line_height=\"1.4em\" animation_style=\"fade\" animation_duration=\"1500ms\" animation_delay=\"100ms\" header_3_line_height_tablet=\"1.7em\" header_3_line_height_phone=\"1.2em\" header_3_line_height_last_edited=\"on|phone\" disabled=\"on\" global_colors_info=\"{}\"]<\/p>\n<h3><b>Equipa Internacional de Forma\u00e7\u00e3o<\/b><\/h3>\n<p>[\/et_pb_text][et_pb_text disabled_on=\"on|on|on\" _builder_version=\"4.27.4&#8243; _module_preset=\"default\" text_text_color=\"#FFFFFF\" text_font_size=\"18px\" disabled=\"on\" global_colors_info=\"{}\"]<\/p>\n<p><span style=\"font-weight: 400;\">  BETTINA RAED (Coordenadora)<\/span><\/p>\n<p><span style=\"font-weight: 400;\">  SIMONE PIERRE AMAGNAMOUA (Camar\u00f5es)<\/span><\/p>\n<p><span style=\"font-weight: 400;\">  GONZALO C\u00c1RDENAS (Bol\u00edvia)<\/span><\/p>\n<p><span style=\"font-weight: 400;\">  VICTOR C. DE JESUS, SJ (Filipinas)<\/span><\/p>\n<p><span style=\"font-weight: 400;\">ANNE &amp; JOHN GRAY (Austr\u00e1lia)<\/span><\/p>\n<p><span style=\"font-weight: 400;\">  THIERRY MONFILS, SJ (Belgum)<\/span><\/p>\n<p><span style=\"font-weight: 400;\">  ANTONIO SANT&#8217;ANA, SJ (Portugal)<\/span><\/p>\n<p><span style=\"font-weight: 400;\">  GRANT TUNGAY, SJ (\u00c1frica do Sul)<\/span><\/p>\n<p>[\/et_pb_text][et_pb_text _builder_version=\"4.27.4&#8243; _module_preset=\"default\" text_text_color=\"#E9C46A\" header_2_font=\"|700|||||||\" header_2_text_color=\"#E76F51&#8243; header_2_font_size=\"4rem\" header_3_font=\"||||||||\" header_3_text_color=\"#E9C46A\" header_3_font_size=\"40px\" header_3_line_height=\"1.4em\" animation_style=\"fade\" animation_duration=\"1500ms\" animation_delay=\"100ms\" header_3_line_height_tablet=\"1.7em\" header_3_line_height_phone=\"1.2em\" header_3_line_height_last_edited=\"on|phone\" global_colors_info=\"{}\"]<\/p>\n<h3><b>Comiss\u00e3o de Finan\u00e7as<\/b><\/h3>\n<p>[\/et_pb_text][et_pb_text _builder_version=\"4.27.4&#8243; _module_preset=\"default\" text_text_color=\"#FFFFFF\" text_font_size=\"18px\" global_colors_info=\"{}\"]<\/p>\n<p><span style=\"font-weight: 400;\">  CRISTOBAL FONES, SJ (Coordenador)<\/span><\/p>\n<p><span style=\"font-weight: 400;\">PILAR JENSSEN<\/span><\/p>\n<p><span style=\"font-weight: 400;\">ISABEL ORTOL\u00c1<\/span><\/p>\n<p><span style=\"font-weight: 400;\">SHARON DEGUZMAN<\/span><\/p>\n<p><span style=\"font-weight: 400;\">  WILFRED LOBO, SJ<\/span><\/p>\n<p>[\/et_pb_text][\/et_pb_column][et_pb_column type=\"1_2&#8243; _builder_version=\"4.27.4&#8243; _module_preset=\"default\" global_colors_info=\"{}\"][et_pb_text disabled_on=\"on|on|on\" _builder_version=\"4.27.4&#8243; _module_preset=\"default\" text_text_color=\"#E9C46A\" header_2_font=\"|700|||||||\" header_2_text_color=\"#E76F51&#8243; header_2_font_size=\"4rem\" header_3_font=\"||||||||\" header_3_text_color=\"#E9C46A\" header_3_font_size=\"40px\" header_3_line_height=\"1.4em\" animation_style=\"fade\" animation_duration=\"1500ms\" animation_delay=\"100ms\" header_3_line_height_tablet=\"1.7em\" header_3_line_height_phone=\"1.2em\" header_3_line_height_last_edited=\"on|phone\" disabled=\"on\" global_colors_info=\"{}\"]<\/p>\n<h3><b>Equipa internacional do MEJ<\/b><\/h3>\n<p>[\/et_pb_text][et_pb_text disabled_on=\"on|on|on\" _builder_version=\"4.27.4&#8243; _module_preset=\"default\" text_text_color=\"#FFFFFF\" text_font_size=\"18px\" disabled=\"on\" global_colors_info=\"{}\"]<\/p>\n<p><span style=\"font-weight: 400;\">  MIGUEL MELO SJ (Coordenador)<\/span><\/p>\n<p><span style=\"font-weight: 400;\">  LOURDES VARGUES (Canad\u00e1)<\/span><\/p>\n<p><span style=\"font-weight: 400;\">  THALIS LIMA (Brasil)<\/span><\/p>\n<p><span style=\"font-weight: 400;\">ELISA ZONCHEDDU (It\u00e1lia)  <\/span><\/p>\n<p><span style=\"font-weight: 400;\">JOAQUIM CAHALA (Angola)<\/span><\/p>\n<p><span style=\"font-weight: 400;\">ANNA GUISSEAU (Fran\u00e7a)<\/span><\/p>\n<p><span style=\"font-weight: 400;\">ANTONY GLENN (\u00cdndia)<\/span><\/p>\n<p><span style=\"font-weight: 400;\">ELIEZER KISALU (Congo)<\/span><\/p>\n<p><span style=\"font-weight: 400;\">DAHIANA GARAY (Paraguai)<\/span><\/p>\n<p><span style=\"font-weight: 400;\">NIKO MARCELO (Filipinas)<\/span><\/p>\n<p><span style=\"font-weight: 400;\">TSEGA HAJUYE (Etiop\u00eda)<\/span><\/p>\n<p><span style=\"font-weight: 400;\">VIVIAN GARC\u00cdA (El Salvador)<\/span><\/p>\n<p><span style=\"font-weight: 400;\">NHI PHUNG (EUA)<\/span><\/p>\n<p><span style=\"font-weight: 400;\">RENATA TANIA (Indon\u00e9sia)<\/span><\/p>\n<p>[\/et_pb_text][et_pb_text disabled_on=\"on|on|on\" _builder_version=\"4.27.4&#8243; _module_preset=\"default\" text_text_color=\"#E9C46A\" link_font=\"||||on||||\" link_text_color=\"#E9C46A\" link_font_size=\"18px\" header_2_font=\"|700|||||||\" header_2_text_color=\"#E76F51&#8243; header_2_font_size=\"4rem\" header_3_font=\"||||||||\" header_3_text_color=\"#E9C46A\" header_3_font_size=\"40px\" header_3_line_height=\"1.4em\" animation_style=\"fade\" animation_duration=\"1500ms\" animation_delay=\"100ms\" header_3_line_height_tablet=\"1.7em\" header_3_line_height_phone=\"1.2em\" header_3_line_height_last_edited=\"on|phone\" disabled=\"on\" global_colors_info=\"{}\"]<\/p>\n<h3><b>Funda\u00e7\u00e3o Pro Rete<\/b><\/h3>\n<p><a href=\"https:\/\/fondazionepropreghiera.org\" target=\"_blank\" rel=\"noopener\"><b>Visita o s\u00edtio Web<\/b><\/a><\/p>\n<p>[\/et_pb_text][et_pb_text disabled_on=\"on|on|on\" _builder_version=\"4.27.4&#8243; _module_preset=\"default\" text_text_color=\"#FFFFFF\" text_font_size=\"18px\" disabled=\"on\" global_colors_info=\"{}\"]<\/p>\n<p><span style=\"font-weight: 400;\">CRIST\u00d3BAL FONES, SJ (Presidente)<\/span><\/p>\n<p><span style=\"font-weight: 400;\">GIANLUCA VIGNOLA (Diretora Executiva Adjunta)<\/span><\/p>\n<p><span style=\"font-weight: 400;\">STEFANO SIMONTACCHI (Presidente do Conselho de Embaixadores)<\/span><\/p>\n<p><span style=\"font-weight: 400;\">GIUSEPPE FALCO (Embaixador)<\/span><\/p>\n<p><span style=\"font-weight: 400;\">KAMEL GHRIBI (Embaixador)<\/span><\/p>\n<p><span style=\"font-weight: 400;\">STEFANO DEVECCHI (Embaixador)<\/span><\/p>\n<p><span style=\"font-weight: 400;\">CAROLA SALVATO (Embaixadora)<\/span><\/p>\n<p>[\/et_pb_text][\/et_pb_column][\/et_pb_row][\/et_pb_section][et_pb_section fb_built=\"1&#8243; _builder_version=\"4.27.4&#8243; _module_preset=\"default\" background_color=\"#F4A261&#8243; bottom_divider_style=\"ramp\" bottom_divider_color=\"#264653&#8243; bottom_divider_height=\"40px\" da_disable_devices=\"off|off|off\" global_colors_info=\"{}\" da_is_popup=\"off\" da_exit_intent=\"off\" da_has_close=\"on\" da_alt_close=\"off\" da_dark_close=\"off\" da_not_modal=\"on\" da_is_singular=\"off\" da_with_loader=\"off\" da_has_shadow=\"on\"][et_pb_row column_structure=\"1_3,1_3,1_3&#8243; _builder_version=\"4.27.4&#8243; _module_preset=\"default\" global_colors_info=\"{}\"][et_pb_column type=\"1_3&#8243; _builder_version=\"4.27.4&#8243; _module_preset=\"default\" global_colors_info=\"{}\"][et_pb_text _builder_version=\"4.27.4&#8243; _module_preset=\"default\" text_font=\"|800|||||||\" text_text_color=\"#264653&#8243; text_font_size=\"32px\" text_orientation=\"right\" text_orientation_tablet=\"center\" text_orientation_phone=\"center\" text_orientation_last_edited=\"on|tablet\" global_colors_info=\"{}\"]<\/p>\n<p>Continua com<\/p>\n<p>[\/et_pb_text][\/et_pb_column][et_pb_column type=\"1_3&#8243; _builder_version=\"4.27.4&#8243; _module_preset=\"default\" global_colors_info=\"{}\"][et_pb_button button_url=\"https:\/\/www.popesprayer.va\/pt-pt\/quem-somos\/\" button_text=\"Quem somos\" button_alignment=\"center\" _builder_version=\"4.27.4&#8243; _module_preset=\"default\" custom_button=\"on\" button_text_size=\"28px\" button_text_color=\"#FFFFFF\" button_bg_color=\"#264653&#8243; button_border_width=\"0px\" button_border_radius=\"20px\" animation_style=\"fade\" animation_duration=\"1500ms\" animation_delay=\"300ms\" custom_css_main_element=\"width: 100%;\" global_colors_info=\"{}\"][\/et_pb_button][\/et_pb_column][et_pb_column type=\"1_3&#8243; _builder_version=\"4.27.4&#8243; _module_preset=\"default\" global_colors_info=\"{}\"][et_pb_button button_url=\"https:\/\/www.popesprayer.va\/pt-pt\/onde-estamos\/\" button_text=\"Onde estamos\" button_alignment=\"center\" _builder_version=\"4.27.4&#8243; _module_preset=\"default\" custom_button=\"on\" button_text_size=\"28px\" button_text_color=\"#FFFFFF\" button_bg_color=\"#264653&#8243; button_border_width=\"0px\" button_border_radius=\"20px\" animation_style=\"fade\" animation_duration=\"1500ms\" animation_delay=\"300ms\" custom_css_main_element=\"width: 100%;\" global_colors_info=\"{}\"][\/et_pb_button][\/et_pb_column][\/et_pb_row][\/et_pb_section]<\/p>\n","protected":false},"excerpt":{"rendered":"<p>Equipa As pessoas por detr\u00e1s dethe MissionSomos uma rede espiritual global e, por detr\u00e1s de cada ora\u00e7\u00e3o, projeto e iniciativa, h\u00e1 uma equipa dedicada que serve com amor e empenho. Desde o Conselho Administrativo nomeado pela Santa S\u00e9 at\u00e9 aos coordenadores internacionais, l\u00edderes de forma\u00e7\u00e3o e equipas de comunica\u00e7\u00e3o, trabalhamos em conjunto - em todos [&hellip;]<\/p>\n","protected":false},"author":1,"featured_media":0,"parent":0,"menu_order":0,"comment_status":"closed","ping_status":"closed","template":"","meta":{"_acf_changed":false,"_et_pb_use_builder":"on","_et_pb_old_content":"","_et_gb_content_width":"","footnotes":""},"class_list":["post-84464","page","type-page","status-publish","hentry"],"acf":[],"yoast_head":"<!-- This site is optimized with the Yoast SEO plugin v27.4 - https:\/\/yoast.com\/product\/yoast-seo-wordpress\/ -->\n<title>A equipa - Rede Mundial de Ora\u00e7\u00e3o do Papa<\/title>\n<meta name=\"robots\" content=\"index, follow, max-snippet:-1, max-image-preview:large, max-video-preview:-1\" \/>\n<link rel=\"canonical\" href=\"https:\/\/www.popesprayer.va\/pt-pt\/a-equipa\/\" \/>\n<meta property=\"og:locale\" content=\"pt_PT\" \/>\n<meta property=\"og:type\" content=\"article\" \/>\n<meta property=\"og:title\" content=\"A equipa - Rede Mundial de Ora\u00e7\u00e3o do Papa\" \/>\n<meta property=\"og:description\" content=\"Equipa As pessoas por detr\u00e1s dethe MissionSomos uma rede espiritual global e, por detr\u00e1s de cada ora\u00e7\u00e3o, projeto e iniciativa, h\u00e1 uma equipa dedicada que serve com amor e empenho. Desde o Conselho Administrativo nomeado pela Santa S\u00e9 at\u00e9 aos coordenadores internacionais, l\u00edderes de forma\u00e7\u00e3o e equipas de comunica\u00e7\u00e3o, trabalhamos em conjunto - em todos [&hellip;]\" \/>\n<meta property=\"og:url\" content=\"https:\/\/www.popesprayer.va\/pt-pt\/a-equipa\/\" \/>\n<meta property=\"og:site_name\" content=\"Rede Mundial de Ora\u00e7\u00e3o do Papa\" \/>\n<meta property=\"article:modified_time\" content=\"2026-04-09T18:36:30+00:00\" \/>\n<meta name=\"twitter:card\" content=\"summary_large_image\" \/>\n<meta name=\"twitter:label1\" content=\"Tempo estimado de leitura\" \/>\n\t<meta name=\"twitter:data1\" content=\"34 minutos\" \/>\n<script type=\"application\/ld+json\" class=\"yoast-schema-graph\">{\"@context\":\"https:\\\/\\\/schema.org\",\"@graph\":[{\"@type\":\"WebPage\",\"@id\":\"https:\\\/\\\/www.popesprayer.va\\\/pt-pt\\\/a-equipa\\\/\",\"url\":\"https:\\\/\\\/www.popesprayer.va\\\/pt-pt\\\/a-equipa\\\/\",\"name\":\"A equipa - Rede Mundial de Ora\u00e7\u00e3o do Papa\",\"isPartOf\":{\"@id\":\"https:\\\/\\\/www.popesprayer.va\\\/pt-pt\\\/#website\"},\"datePublished\":\"2025-06-15T15:55:58+00:00\",\"dateModified\":\"2026-04-09T18:36:30+00:00\",\"breadcrumb\":{\"@id\":\"https:\\\/\\\/www.popesprayer.va\\\/pt-pt\\\/a-equipa\\\/#breadcrumb\"},\"inLanguage\":\"pt-PT\",\"potentialAction\":[{\"@type\":\"ReadAction\",\"target\":[\"https:\\\/\\\/www.popesprayer.va\\\/pt-pt\\\/a-equipa\\\/\"]}]},{\"@type\":\"BreadcrumbList\",\"@id\":\"https:\\\/\\\/www.popesprayer.va\\\/pt-pt\\\/a-equipa\\\/#breadcrumb\",\"itemListElement\":[{\"@type\":\"ListItem\",\"position\":1,\"name\":\"Home\",\"item\":\"https:\\\/\\\/www.popesprayer.va\\\/pt-pt\\\/\"},{\"@type\":\"ListItem\",\"position\":2,\"name\":\"A equipa\"}]},{\"@type\":\"WebSite\",\"@id\":\"https:\\\/\\\/www.popesprayer.va\\\/pt-pt\\\/#website\",\"url\":\"https:\\\/\\\/www.popesprayer.va\\\/pt-pt\\\/\",\"name\":\"Pope's Worldwide Prayer Network\",\"description\":\"Pray together, change the world\",\"publisher\":{\"@id\":\"https:\\\/\\\/www.popesprayer.va\\\/pt-pt\\\/#organization\"},\"potentialAction\":[{\"@type\":\"SearchAction\",\"target\":{\"@type\":\"EntryPoint\",\"urlTemplate\":\"https:\\\/\\\/www.popesprayer.va\\\/pt-pt\\\/?s={search_term_string}\"},\"query-input\":{\"@type\":\"PropertyValueSpecification\",\"valueRequired\":true,\"valueName\":\"search_term_string\"}}],\"inLanguage\":\"pt-PT\"},{\"@type\":\"Organization\",\"@id\":\"https:\\\/\\\/www.popesprayer.va\\\/pt-pt\\\/#organization\",\"name\":\"Rede Mundial de Ora\u00e7\u00e3o do Papa\",\"url\":\"https:\\\/\\\/www.popesprayer.va\\\/pt-pt\\\/\",\"logo\":{\"@type\":\"ImageObject\",\"inLanguage\":\"pt-PT\",\"@id\":\"https:\\\/\\\/www.popesprayer.va\\\/pt-pt\\\/#\\\/schema\\\/logo\\\/image\\\/\",\"url\":\"https:\\\/\\\/www.popesprayer.va\\\/wp-content\\\/uploads\\\/2025\\\/01\\\/Logo-Popes-Worldwide-Prayer-Network-Pontifical-Work-EN-Horizontal.png\",\"contentUrl\":\"https:\\\/\\\/www.popesprayer.va\\\/wp-content\\\/uploads\\\/2025\\\/01\\\/Logo-Popes-Worldwide-Prayer-Network-Pontifical-Work-EN-Horizontal.png\",\"width\":1328,\"height\":228,\"caption\":\"Rede Mundial de Ora\u00e7\u00e3o do Papa\"},\"image\":{\"@id\":\"https:\\\/\\\/www.popesprayer.va\\\/pt-pt\\\/#\\\/schema\\\/logo\\\/image\\\/\"}}]}<\/script>\n<!-- \/ Yoast SEO plugin. -->","yoast_head_json":{"title":"A equipa - Rede Mundial de Ora\u00e7\u00e3o do Papa","robots":{"index":"index","follow":"follow","max-snippet":"max-snippet:-1","max-image-preview":"max-image-preview:large","max-video-preview":"max-video-preview:-1"},"canonical":"https:\/\/www.popesprayer.va\/pt-pt\/a-equipa\/","og_locale":"pt_PT","og_type":"article","og_title":"A equipa - Rede Mundial de Ora\u00e7\u00e3o do Papa","og_description":"Equipa As pessoas por detr\u00e1s dethe MissionSomos uma rede espiritual global e, por detr\u00e1s de cada ora\u00e7\u00e3o, projeto e iniciativa, h\u00e1 uma equipa dedicada que serve com amor e empenho. Desde o Conselho Administrativo nomeado pela Santa S\u00e9 at\u00e9 aos coordenadores internacionais, l\u00edderes de forma\u00e7\u00e3o e equipas de comunica\u00e7\u00e3o, trabalhamos em conjunto - em todos [&hellip;]","og_url":"https:\/\/www.popesprayer.va\/pt-pt\/a-equipa\/","og_site_name":"Rede Mundial de Ora\u00e7\u00e3o do Papa","article_modified_time":"2026-04-09T18:36:30+00:00","twitter_card":"summary_large_image","twitter_misc":{"Tempo estimado de leitura":"34 minutos"},"schema":{"@context":"https:\/\/schema.org","@graph":[{"@type":"WebPage","@id":"https:\/\/www.popesprayer.va\/pt-pt\/a-equipa\/","url":"https:\/\/www.popesprayer.va\/pt-pt\/a-equipa\/","name":"A equipa - Rede Mundial de Ora\u00e7\u00e3o do Papa","isPartOf":{"@id":"https:\/\/www.popesprayer.va\/pt-pt\/#website"},"datePublished":"2025-06-15T15:55:58+00:00","dateModified":"2026-04-09T18:36:30+00:00","breadcrumb":{"@id":"https:\/\/www.popesprayer.va\/pt-pt\/a-equipa\/#breadcrumb"},"inLanguage":"pt-PT","potentialAction":[{"@type":"ReadAction","target":["https:\/\/www.popesprayer.va\/pt-pt\/a-equipa\/"]}]},{"@type":"BreadcrumbList","@id":"https:\/\/www.popesprayer.va\/pt-pt\/a-equipa\/#breadcrumb","itemListElement":[{"@type":"ListItem","position":1,"name":"Home","item":"https:\/\/www.popesprayer.va\/pt-pt\/"},{"@type":"ListItem","position":2,"name":"A equipa"}]},{"@type":"WebSite","@id":"https:\/\/www.popesprayer.va\/pt-pt\/#website","url":"https:\/\/www.popesprayer.va\/pt-pt\/","name":"Pope's Worldwide Prayer Network","description":"Pray together, change the world","publisher":{"@id":"https:\/\/www.popesprayer.va\/pt-pt\/#organization"},"potentialAction":[{"@type":"SearchAction","target":{"@type":"EntryPoint","urlTemplate":"https:\/\/www.popesprayer.va\/pt-pt\/?s={search_term_string}"},"query-input":{"@type":"PropertyValueSpecification","valueRequired":true,"valueName":"search_term_string"}}],"inLanguage":"pt-PT"},{"@type":"Organization","@id":"https:\/\/www.popesprayer.va\/pt-pt\/#organization","name":"Rede Mundial de Ora\u00e7\u00e3o do Papa","url":"https:\/\/www.popesprayer.va\/pt-pt\/","logo":{"@type":"ImageObject","inLanguage":"pt-PT","@id":"https:\/\/www.popesprayer.va\/pt-pt\/#\/schema\/logo\/image\/","url":"https:\/\/www.popesprayer.va\/wp-content\/uploads\/2025\/01\/Logo-Popes-Worldwide-Prayer-Network-Pontifical-Work-EN-Horizontal.png","contentUrl":"https:\/\/www.popesprayer.va\/wp-content\/uploads\/2025\/01\/Logo-Popes-Worldwide-Prayer-Network-Pontifical-Work-EN-Horizontal.png","width":1328,"height":228,"caption":"Rede Mundial de Ora\u00e7\u00e3o do Papa"},"image":{"@id":"https:\/\/www.popesprayer.va\/pt-pt\/#\/schema\/logo\/image\/"}}]}},"_links":{"self":[{"href":"https:\/\/www.popesprayer.va\/pt-pt\/wp-json\/wp\/v2\/pages\/84464","targetHints":{"allow":["GET"]}}],"collection":[{"href":"https:\/\/www.popesprayer.va\/pt-pt\/wp-json\/wp\/v2\/pages"}],"about":[{"href":"https:\/\/www.popesprayer.va\/pt-pt\/wp-json\/wp\/v2\/types\/page"}],"author":[{"embeddable":true,"href":"https:\/\/www.popesprayer.va\/pt-pt\/wp-json\/wp\/v2\/users\/1"}],"replies":[{"embeddable":true,"href":"https:\/\/www.popesprayer.va\/pt-pt\/wp-json\/wp\/v2\/comments?post=84464"}],"version-history":[{"count":74,"href":"https:\/\/www.popesprayer.va\/pt-pt\/wp-json\/wp\/v2\/pages\/84464\/revisions"}],"predecessor-version":[{"id":94705,"href":"https:\/\/www.popesprayer.va\/pt-pt\/wp-json\/wp\/v2\/pages\/84464\/revisions\/94705"}],"wp:attachment":[{"href":"https:\/\/www.popesprayer.va\/pt-pt\/wp-json\/wp\/v2\/media?parent=84464"}],"curies":[{"name":"wp","href":"https:\/\/api.w.org\/{rel}","templated":true}]}}