{"id":84542,"date":"2025-06-08T07:04:56","date_gmt":"2025-06-08T05:04:56","guid":{"rendered":"https:\/\/www.popesprayer.va\/participa\/"},"modified":"2026-07-06T10:16:53","modified_gmt":"2026-07-06T08:16:53","slug":"participa","status":"publish","type":"page","link":"https:\/\/www.popesprayer.va\/pt-pt\/participa\/","title":{"rendered":"Participa"},"content":{"rendered":"<div class=\"et_pb_section_0 et_pb_section et_section_regular et_block_section section_has_divider et_pb_top_divider et_pb_bottom_divider\"><div class=\"et_pb_top_inside_divider et-no-transition\"><\/div>\n<div class=\"et_pb_row_0 et_pb_row et_block_row preset--module--divi-row--default\">\n<div class=\"et_pb_column_0 et_pb_column et_pb_column_3_5 et_block_column et_pb_css_mix_blend_mode_passthrough\">\n<div class=\"et_pb_text_0 et_pb_text et_pb_bg_layout_light et_animated et_pb_module et_block_module\"><div class=\"et_pb_text_inner\"><h1>Junta-te<\/h1>\n<h2>a ora\u00e7\u00e3o mundial do Papa<\/h2>\n<\/div><\/div>\n\n<div class=\"et_pb_text_1 et_pb_text et_pb_bg_layout_light et_animated et_pb_module et_block_module\"><div class=\"et_pb_text_inner\"><p data-start=\"344\" data-end=\"457\">Tu e qualquer pessoa, em qualquer parte do mundo, s\u00e3o convidados a fazer parte desta grande rede de ora\u00e7\u00e3o. H\u00e1 duas maneiras de participares: <\/p>\n<p data-start=\"461\" data-end=\"509\"><a href=\"#open\"><strong data-start=\"461\" data-end=\"483\">Participa\u00e7\u00e3o aberta:<\/strong><\/a> acess\u00edvel a qualquer pessoa.<\/p>\n<p data-start=\"512\" data-end=\"606\"><a href=\"#belonging\"><strong data-start=\"512\" data-end=\"539\">Participa\u00e7\u00e3o de perten\u00e7a:<\/strong><\/a> um<span style=\"font-weight: 400;\"> compromisso mais profundo com a espiritualidade do Cora\u00e7\u00e3o de Jesus <\/span><span style=\"font-weight: 400;\">em comunh\u00e3o com outros grupos de ora\u00e7\u00e3o a n\u00edvel local<\/span>.<\/p>\n<p data-start=\"608\" data-end=\"715\">Ambos se inspiram na Eucaristia como modelo de oferta e de disponibilidade, segundo o estilo de Jesus.<\/p>\n<\/div><\/div>\n<\/div>\n\n<div class=\"et_pb_column_1 et_pb_column et_pb_column_2_5 et-last-child et_block_column et_pb_css_mix_blend_mode_passthrough\">\n<div class=\"et_pb_image_0 et_pb_image et_pb_module et_block_module\"><span class=\"et_pb_image_wrap\"><img loading=\"lazy\" decoding=\"async\" src=\"https:\/\/www.popesprayer.va\/wp-content\/uploads\/2025\/10\/Logo-Rede-Mundial-de-Oracao-do-Papa-Pontifical-Work-PT-Horizontal_bl.png\" width=\"1259\" height=\"228\" class=\"wp-image-85050\" alt=\"rmop_blanco\" title=\"rmop_blanco\" \/><\/span><\/div>\n<\/div>\n<\/div>\n<div class=\"et_pb_bottom_inside_divider et-no-transition\"><\/div><\/div>\n\n<div class=\"et_pb_section_1 et_pb_section et_section_regular et_block_section section_has_divider et_pb_bottom_divider\" id=\"open\">\n<div class=\"et_pb_row_1 et_pb_row et_block_row preset--module--divi-row--default\">\n<div class=\"et_pb_column_2 et_pb_column et_pb_column_1_2 et_block_column et_pb_css_mix_blend_mode_passthrough\">\n<div class=\"et_pb_text_2 et_pb_text et_pb_bg_layout_light et_animated et_pb_module et_block_module\"><div class=\"et_pb_text_inner\"><h1><strong>Participa\u00e7\u00e3o aberta<\/strong><\/h1>\n<\/div><\/div>\n\n<div class=\"et_pb_text_3 et_pb_text et_pb_bg_layout_light et_animated et_pb_module et_block_module\"><div class=\"et_pb_text_inner\"><p data-start=\"750\" data-end=\"824\">A participa\u00e7\u00e3o aberta \u00e9 para todos os que queiram juntar-se \u00e0 ora\u00e7\u00e3o e \u00e0 a\u00e7\u00e3o:<\/p>\n<h3 data-start=\"826\" data-end=\"852\"><\/h3>\n<\/div><\/div>\n<\/div>\n\n<div class=\"et_pb_column_3 et_pb_column et_pb_column_1_2 et-last-child et_block_column et_pb_css_mix_blend_mode_passthrough\">\n<div class=\"et_pb_text_4 et_pb_text et_pb_bg_layout_light et_animated et_pb_module et_block_module\"><\/div>\n<\/div>\n<\/div>\n\n<div class=\"et_pb_row_2 et_pb_row et_pb_row_4col et_pb_equal_columns et_block_row et_block_row_4col preset--module--divi-row--default\">\n<div class=\"et_pb_column_4 et_pb_column et_pb_column_1_4 et_block_column et_pb_column_empty et_pb_css_mix_blend_mode_passthrough\"><\/div>\n\n<div class=\"et_pb_column_5 et_pb_column et_pb_column_1_4 et_block_column et_pb_css_mix_blend_mode_passthrough\">\n<div class=\"et_pb_blurb_0 et_pb_blurb et_pb_bg_layout_light et_pb_blurb_position_top et_animated et_pb_module et_block_module\"><div class=\"et_pb_blurb_content\"><div class=\"et_pb_main_blurb_image et_animated\"><span class=\"et_pb_image_wrap\"><span class=\"et-pb-icon\">\uf007<\/span><\/span><\/div><div class=\"et_pb_blurb_container\"><h4 class=\"et_pb_module_header\">Como indiv\u00edduo<\/h4><div class=\"et_pb_blurb_description\"><p>Reza pelas inten\u00e7\u00f5es mensais do Papa. Um momento especial \u00e9 a <strong data-start=\"589\" data-end=\"618\">primeira sexta-feira do m\u00eas<\/strong>, quando milh\u00f5es de pessoas se unem pela mesma causa. <\/p>\n<\/div><\/div><\/div><\/div>\n<\/div>\n\n<div class=\"et_pb_column_6 et_pb_column et_pb_column_1_4 et_block_column et_pb_css_mix_blend_mode_passthrough\">\n<div class=\"et_pb_blurb_1 et_pb_blurb et_pb_bg_layout_light et_pb_blurb_position_top et_animated et_pb_module et_block_module\"><div class=\"et_pb_blurb_content\"><div class=\"et_pb_main_blurb_image et_animated\"><span class=\"et_pb_image_wrap\"><span class=\"et-pb-icon\">\uf0c0<\/span><\/span><\/div><div class=\"et_pb_blurb_container\"><h4 class=\"et_pb_module_header\">Como grupo<\/h4><div class=\"et_pb_blurb_description\"><p>As par\u00f3quias, os santu\u00e1rios, as comunidades ou os movimentos podem reunir-se e dedicar a <strong data-start=\"763\" data-end=\"779\">primeira sexta-feira<\/strong> \u00e0 ora\u00e7\u00e3o pelas inten\u00e7\u00f5es do Papa.<\/p>\n<\/div><\/div><\/div><\/div>\n<\/div>\n\n<div class=\"et_pb_column_7 et_pb_column et_pb_column_1_4 et-last-child et_block_column et_pb_css_mix_blend_mode_passthrough\">\n<div class=\"et_pb_blurb_2 et_pb_blurb et_pb_bg_layout_light et_pb_blurb_position_top et_animated et_pb_module et_block_module\"><div class=\"et_pb_blurb_content\"><div class=\"et_pb_main_blurb_image et_animated\"><span class=\"et_pb_image_wrap\"><span class=\"et-pb-icon\">\uf7e4<\/span><\/span><\/div><div class=\"et_pb_blurb_container\"><h4 class=\"et_pb_module_header\">Com carismas diferentes<\/h4><div class=\"et_pb_blurb_description\"><p>Muitas congrega\u00e7\u00f5es e movimentos sustentam esta miss\u00e3o, alguns atrav\u00e9s do <strong data-start=\"922\" data-end=\"958\">Movimento Eucar\u00edstico Juvenil (MEJ<\/strong> ) ou de grupos do <strong data-start=\"976\" data-end=\"1001\">Apostolado da Ora\u00e7\u00e3o<\/strong>.<\/p>\n<\/div><\/div><\/div><\/div>\n<\/div>\n<\/div>\n<div class=\"et_pb_bottom_inside_divider et-no-transition\"><\/div><\/div>\n\n<div class=\"et_pb_section_2 et_pb_section et_section_regular et_block_section\" id=\"belonging\">\n<div class=\"et_pb_row_3 et_pb_row et_block_row et_animated preset--module--divi-row--default\">\n<div class=\"et_pb_column_8 et_pb_column et_pb_column_3_5 et_block_column et_pb_css_mix_blend_mode_passthrough\">\n<div class=\"et_pb_text_5 et_pb_text et_pb_bg_layout_light et_animated et_pb_module et_block_module\"><div class=\"et_pb_text_inner\"><h2><strong>Pertencimento Participa\u00e7\u00e3o<\/strong><\/h2>\n<\/div><\/div>\n\n<div class=\"et_pb_text_6 et_pb_text et_pb_bg_layout_light et_animated et_pb_module et_block_module\"><div class=\"et_pb_text_inner\"><p><span style=\"font-weight: 400;\">Pertencer significa <strong>um compromisso mais profundo com a espiritualidade do Cora\u00e7\u00e3o de Jesus<\/strong>. Exprime-se atrav\u00e9s de   <\/span><span style=\"font-weight: 400;\">viver <\/span><span style=\"font-weight: 400;\"><em>O Caminho do Cora\u00e7\u00e3o<\/em>, o percurso espiritual da Rede Mundial de Ora\u00e7\u00e3o do Papa. <\/span><span style=\"font-weight: 400;\">Este compromisso promove <strong>liga\u00e7\u00f5es<\/strong> e comunica\u00e7\u00e3o diretas com a rede de ora\u00e7\u00e3o atrav\u00e9s dos escrit\u00f3rios nacionais, em comunh\u00e3o com as Confer\u00eancias Episcopais e v\u00e1rias equipas diocesanas, permitindo a <strong>partilha<\/strong> de materiais, iniciativas, encontros e celebra\u00e7\u00f5es para <strong>#rezarmosjuntos<\/strong>.<\/span><\/p>\n<h3 data-start=\"630\" data-end=\"659\"><\/h3>\n<\/div><\/div>\n<\/div>\n\n<div class=\"et_pb_column_9 et_pb_column et_pb_column_2_5 et-last-child et_block_column et_pb_column_empty et_pb_css_mix_blend_mode_passthrough\"><\/div>\n<\/div>\n\n<div class=\"et_pb_row_4 et_pb_row et_block_row preset--module--divi-row--default\">\n<div class=\"et_pb_column_10 et_pb_column et_pb_column_1_2 et_block_column et_pb_css_mix_blend_mode_passthrough\">\n<div class=\"et_pb_text_7 et_pb_text et_pb_bg_layout_light et_pb_module et_block_module\"><div class=\"et_pb_text_inner\"><h2>Pertencimento pessoal<\/h2>\n<p data-start=\"660\" data-end=\"738\">A n\u00edvel pessoal, pertencer implica integrar a ora\u00e7\u00e3o na tua vida quotidiana:<\/p>\n<\/div><\/div>\n<\/div>\n\n<div class=\"et_pb_column_11 et_pb_column et_pb_column_1_2 et-last-child et_block_column et_pb_css_mix_blend_mode_passthrough\">\n<div class=\"et_pb_text_8 et_pb_text et_pb_bg_layout_light et_animated et_pb_module et_block_module\"><div class=\"et_pb_text_inner\"><h3><strong data-start=\"741\" data-end=\"766\">Ora\u00e7\u00e3o de oferta di\u00e1ria<\/strong><\/h3>\n<p>Todas as manh\u00e3s, oferece o teu dia pelas inten\u00e7\u00f5es do Papa (e do teu bispo, se houver)<\/p>\n<\/div><\/div>\n\n<div class=\"et_pb_text_9 et_pb_text et_pb_bg_layout_light et_animated et_pb_module et_block_module\"><div class=\"et_pb_text_inner\"><h3><strong>Tr\u00eas momentos di\u00e1rios de ora\u00e7\u00e3o<\/strong><\/h3>\n<p data-start=\"867\" data-end=\"970\">Faz uma pausa durante o dia para te reconectares com a presen\u00e7a e a miss\u00e3o de Deus.<\/p>\n<\/div><\/div>\n\n<div class=\"et_pb_text_10 et_pb_text et_pb_bg_layout_light et_animated et_pb_module et_block_module\"><div class=\"et_pb_text_inner\"><h3><strong>Alian\u00e7a com Jesus Cristo<\/strong><\/h3>\n<p>Para aqueles que desejam uma uni\u00e3o mais estreita com o Cora\u00e7\u00e3o de Jesus, o Secretariado Nacional prop\u00f5e uma consagra\u00e7\u00e3o formal, um compromisso pessoal de amor e de servi\u00e7o.<\/p>\n<\/div><\/div>\n<\/div>\n<\/div>\n\n<div class=\"et_pb_row_5 et_pb_row et_block_row preset--module--divi-row--default\">\n<div class=\"et_pb_column_12 et_pb_column et_pb_column_1_2 et_block_column et_pb_css_mix_blend_mode_passthrough\">\n<div class=\"et_pb_text_11 et_pb_text et_pb_bg_layout_light et_pb_module et_block_module\"><div class=\"et_pb_text_inner\"><h2>Pertencimento \u00e0 comunidade<\/h2>\n<p data-start=\"1299\" data-end=\"1378\">As comunidades tamb\u00e9m podem encarnar esta perten\u00e7a mais profunda. H\u00e1 tr\u00eas formas principais: <\/p>\n<h4 data-start=\"1380\" data-end=\"1436\"><\/h4>\n<\/div><\/div>\n<\/div>\n\n<div class=\"et_pb_column_13 et_pb_column et_pb_column_1_2 et-last-child et_block_column et_pb_css_mix_blend_mode_passthrough\">\n<div class=\"et_pb_text_12 et_pb_text et_pb_bg_layout_light et_animated et_pb_module et_block_module\"><div class=\"et_pb_text_inner\"><h3><strong>Grupos paroquiais do Apostolado da Ora\u00e7\u00e3o<\/strong><\/h3>\n<p data-start=\"1437\" data-end=\"1696\">Enraizados na nossa tradi\u00e7\u00e3o desde o s\u00e9culo XIX, estes grupos re\u00fanem-se regularmente em par\u00f3quias e institui\u00e7\u00f5es religiosas. O seu objetivo: viver juntos a espiritualidade do Cora\u00e7\u00e3o de Jesus, rezar pelas inten\u00e7\u00f5es do Papa e encorajar-se mutuamente na f\u00e9. <\/p>\n<h4 data-start=\"1698\" data-end=\"1744\"><\/h4>\n<\/div><\/div>\n\n<div class=\"et_pb_text_13 et_pb_text et_pb_bg_layout_light et_animated et_pb_module et_block_module\"><div class=\"et_pb_text_inner\"><h3><strong>Movimento Eucar\u00edstico Juvenil (MEJ)<\/strong><\/h3>\n<p data-start=\"1745\" data-end=\"2011\">O MEJ \u00e9 um movimento internacional de forma\u00e7\u00e3o para crian\u00e7as e jovens. Ajuda-os a aprender a rezar, a servir e a seguir Jesus na vida quotidiana. Atrav\u00e9s da comunidade, da ora\u00e7\u00e3o e da a\u00e7\u00e3o, os jovens descobrem como as suas vidas podem fazer a diferen\u00e7a no mundo.  <\/p>\n<\/div><\/div>\n\n<div class=\"et_pb_text_14 et_pb_text et_pb_bg_layout_light et_animated et_pb_module et_block_module\"><div class=\"et_pb_text_inner\"><h3><strong>Outras Comunidades de Ora\u00e7\u00e3o do Papa<\/strong><\/h3>\n<p data-start=\"2059\" data-end=\"2315\">Muitas comunidades <span style=\"font-weight: 400;\">eclesiais e grupos de ora\u00e7\u00e3o<\/span> - em par\u00f3quias, escolas, congrega\u00e7\u00f5es ou outras institui\u00e7\u00f5es - vivem esta espiritualidade \u00e0 sua maneira. Cada uma delas conserva o seu carisma e a sua hist\u00f3ria, unidas na miss\u00e3o mundial de ora\u00e7\u00e3o e de servi\u00e7o com o Papa. <\/p>\n<\/div><\/div>\n<\/div>\n<\/div>\n<\/div>\n\n<div class=\"et_pb_section_3 et_pb_section et_section_regular et_block_section section_has_divider et_pb_top_divider et_pb_bottom_divider\"><div class=\"et_pb_top_inside_divider et-no-transition\"><\/div>\n<div class=\"et_pb_row_6 et_pb_row et_block_row preset--module--divi-row--default\">\n<div class=\"et_pb_column_14 et_pb_column et_pb_column_2_3 et_block_column et_pb_css_mix_blend_mode_passthrough et_animated\">\n<div class=\"et_pb_text_15 et_pb_text et_pb_bg_layout_light et_animated et_pb_module et_block_module\"><div class=\"et_pb_text_inner\"><h3><strong>Como come\u00e7ar<\/strong><\/h3>\n<p>&nbsp;<\/p>\n<\/div><\/div>\n\n<div class=\"et_pb_text_16 et_pb_text et_pb_bg_layout_light et_animated et_pb_module et_block_module\"><div class=\"et_pb_text_inner\"><p><span style=\"font-weight: 400;\">Quer optes por rezar connosco abertamente ou por te comprometeres com uma ades\u00e3o mais profunda, a tua participa\u00e7\u00e3o ajuda a construir uma rede mundial de ora\u00e7\u00e3o e a\u00e7\u00e3o, unida na miss\u00e3o da Igreja.<\/span><\/p>\n<\/div><\/div>\n\n<div class=\"et_pb_text_17 et_pb_text et_pb_bg_layout_light et_animated et_pb_module et_block_module\"><div class=\"et_pb_text_inner\"><h4><a href=\"https:\/\/www.popesprayer.va\/pt-pt\/onde-estamos\/\"><b>Contacta o teu Gabinete Nacional<\/b><\/a><span style=\"font-weight: 400;\"> ou<\/span> <span style=\"color: #ff6600;\"><a href=\"mailto:network@popesprayer.va\" style=\"color: #e76f51;\"><b>entra em contacto connosco<\/b><\/a><\/span><span style=\"font-weight: 400;\">.<\/span><\/h4>\n<\/div><\/div>\n<\/div>\n\n<div class=\"et_pb_column_15 et_pb_column et_pb_column_1_3 et-last-child et_block_column et_pb_column_empty et_pb_css_mix_blend_mode_passthrough\"><\/div>\n<\/div>\n<div class=\"et_pb_bottom_inside_divider et-no-transition\"><\/div><\/div>","protected":false},"excerpt":{"rendered":"","protected":false},"author":1,"featured_media":0,"parent":0,"menu_order":0,"comment_status":"closed","ping_status":"closed","template":"","meta":{"_acf_changed":false,"footnotes":""},"class_list":["post-84542","page","type-page","status-publish","hentry"],"acf":[],"yoast_head":"<!-- This site is optimized with the Yoast SEO plugin v28.4 - https:\/\/yoast.com\/product\/yoast-seo-wordpress\/ -->\n<title>Participa - Rede Mundial de Ora\u00e7\u00e3o do Papa<\/title>\n<meta name=\"robots\" content=\"index, follow, max-snippet:-1, max-image-preview:large, max-video-preview:-1\" \/>\n<link rel=\"canonical\" href=\"https:\/\/www.popesprayer.va\/pt-pt\/participa\/\" \/>\n<meta property=\"og:locale\" content=\"pt_PT\" \/>\n<meta property=\"og:type\" content=\"article\" \/>\n<meta property=\"og:title\" content=\"Participa - Rede Mundial de Ora\u00e7\u00e3o do Papa\" \/>\n<meta property=\"og:url\" content=\"https:\/\/www.popesprayer.va\/pt-pt\/participa\/\" \/>\n<meta property=\"og:site_name\" content=\"Rede Mundial de Ora\u00e7\u00e3o do Papa\" \/>\n<meta property=\"article:modified_time\" content=\"2026-07-06T08:16:53+00:00\" \/>\n<meta name=\"twitter:card\" content=\"summary_large_image\" \/>\n<script type=\"application\/ld+json\" class=\"yoast-schema-graph\">{\"@context\":\"https:\\\/\\\/schema.org\",\"@graph\":[{\"@type\":\"WebPage\",\"@id\":\"https:\\\/\\\/www.popesprayer.va\\\/pt-pt\\\/participa\\\/\",\"url\":\"https:\\\/\\\/www.popesprayer.va\\\/pt-pt\\\/participa\\\/\",\"name\":\"Participa - Rede Mundial de Ora\u00e7\u00e3o do Papa\",\"isPartOf\":{\"@id\":\"https:\\\/\\\/www.popesprayer.va\\\/pt-pt\\\/#website\"},\"datePublished\":\"2025-06-08T05:04:56+00:00\",\"dateModified\":\"2026-07-06T08:16:53+00:00\",\"breadcrumb\":{\"@id\":\"https:\\\/\\\/www.popesprayer.va\\\/pt-pt\\\/participa\\\/#breadcrumb\"},\"inLanguage\":\"pt-PT\",\"potentialAction\":[{\"@type\":\"ReadAction\",\"target\":[\"https:\\\/\\\/www.popesprayer.va\\\/pt-pt\\\/participa\\\/\"]}]},{\"@type\":\"BreadcrumbList\",\"@id\":\"https:\\\/\\\/www.popesprayer.va\\\/pt-pt\\\/participa\\\/#breadcrumb\",\"itemListElement\":[{\"@type\":\"ListItem\",\"position\":1,\"name\":\"Home\",\"item\":\"https:\\\/\\\/www.popesprayer.va\\\/pt-pt\\\/\"},{\"@type\":\"ListItem\",\"position\":2,\"name\":\"Participa\"}]},{\"@type\":\"WebSite\",\"@id\":\"https:\\\/\\\/www.popesprayer.va\\\/pt-pt\\\/#website\",\"url\":\"https:\\\/\\\/www.popesprayer.va\\\/pt-pt\\\/\",\"name\":\"Pope's Worldwide Prayer Network\",\"description\":\"Pray together, change the world\",\"publisher\":{\"@id\":\"https:\\\/\\\/www.popesprayer.va\\\/pt-pt\\\/#organization\"},\"potentialAction\":[{\"@type\":\"SearchAction\",\"target\":{\"@type\":\"EntryPoint\",\"urlTemplate\":\"https:\\\/\\\/www.popesprayer.va\\\/pt-pt\\\/?s={search_term_string}\"},\"query-input\":{\"@type\":\"PropertyValueSpecification\",\"valueRequired\":true,\"valueName\":\"search_term_string\"}}],\"inLanguage\":\"pt-PT\"},{\"@type\":\"Organization\",\"@id\":\"https:\\\/\\\/www.popesprayer.va\\\/pt-pt\\\/#organization\",\"name\":\"Rede Mundial de Ora\u00e7\u00e3o do Papa\",\"url\":\"https:\\\/\\\/www.popesprayer.va\\\/pt-pt\\\/\",\"logo\":{\"@type\":\"ImageObject\",\"inLanguage\":\"pt-PT\",\"@id\":\"https:\\\/\\\/www.popesprayer.va\\\/pt-pt\\\/#\\\/schema\\\/logo\\\/image\\\/\",\"url\":\"https:\\\/\\\/www.popesprayer.va\\\/wp-content\\\/uploads\\\/2025\\\/01\\\/Logo-Popes-Worldwide-Prayer-Network-Pontifical-Work-EN-Horizontal.png\",\"contentUrl\":\"https:\\\/\\\/www.popesprayer.va\\\/wp-content\\\/uploads\\\/2025\\\/01\\\/Logo-Popes-Worldwide-Prayer-Network-Pontifical-Work-EN-Horizontal.png\",\"width\":1328,\"height\":228,\"caption\":\"Rede Mundial de Ora\u00e7\u00e3o do Papa\"},\"image\":{\"@id\":\"https:\\\/\\\/www.popesprayer.va\\\/pt-pt\\\/#\\\/schema\\\/logo\\\/image\\\/\"}}]}<\/script>\n<!-- \/ Yoast SEO plugin. -->","yoast_head_json":{"title":"Participa - Rede Mundial de Ora\u00e7\u00e3o do Papa","robots":{"index":"index","follow":"follow","max-snippet":"max-snippet:-1","max-image-preview":"max-image-preview:large","max-video-preview":"max-video-preview:-1"},"canonical":"https:\/\/www.popesprayer.va\/pt-pt\/participa\/","og_locale":"pt_PT","og_type":"article","og_title":"Participa - Rede Mundial de Ora\u00e7\u00e3o do Papa","og_url":"https:\/\/www.popesprayer.va\/pt-pt\/participa\/","og_site_name":"Rede Mundial de Ora\u00e7\u00e3o do Papa","article_modified_time":"2026-07-06T08:16:53+00:00","twitter_card":"summary_large_image","schema":{"@context":"https:\/\/schema.org","@graph":[{"@type":"WebPage","@id":"https:\/\/www.popesprayer.va\/pt-pt\/participa\/","url":"https:\/\/www.popesprayer.va\/pt-pt\/participa\/","name":"Participa - Rede Mundial de Ora\u00e7\u00e3o do Papa","isPartOf":{"@id":"https:\/\/www.popesprayer.va\/pt-pt\/#website"},"datePublished":"2025-06-08T05:04:56+00:00","dateModified":"2026-07-06T08:16:53+00:00","breadcrumb":{"@id":"https:\/\/www.popesprayer.va\/pt-pt\/participa\/#breadcrumb"},"inLanguage":"pt-PT","potentialAction":[{"@type":"ReadAction","target":["https:\/\/www.popesprayer.va\/pt-pt\/participa\/"]}]},{"@type":"BreadcrumbList","@id":"https:\/\/www.popesprayer.va\/pt-pt\/participa\/#breadcrumb","itemListElement":[{"@type":"ListItem","position":1,"name":"Home","item":"https:\/\/www.popesprayer.va\/pt-pt\/"},{"@type":"ListItem","position":2,"name":"Participa"}]},{"@type":"WebSite","@id":"https:\/\/www.popesprayer.va\/pt-pt\/#website","url":"https:\/\/www.popesprayer.va\/pt-pt\/","name":"Pope's Worldwide Prayer Network","description":"Pray together, change the world","publisher":{"@id":"https:\/\/www.popesprayer.va\/pt-pt\/#organization"},"potentialAction":[{"@type":"SearchAction","target":{"@type":"EntryPoint","urlTemplate":"https:\/\/www.popesprayer.va\/pt-pt\/?s={search_term_string}"},"query-input":{"@type":"PropertyValueSpecification","valueRequired":true,"valueName":"search_term_string"}}],"inLanguage":"pt-PT"},{"@type":"Organization","@id":"https:\/\/www.popesprayer.va\/pt-pt\/#organization","name":"Rede Mundial de Ora\u00e7\u00e3o do Papa","url":"https:\/\/www.popesprayer.va\/pt-pt\/","logo":{"@type":"ImageObject","inLanguage":"pt-PT","@id":"https:\/\/www.popesprayer.va\/pt-pt\/#\/schema\/logo\/image\/","url":"https:\/\/www.popesprayer.va\/wp-content\/uploads\/2025\/01\/Logo-Popes-Worldwide-Prayer-Network-Pontifical-Work-EN-Horizontal.png","contentUrl":"https:\/\/www.popesprayer.va\/wp-content\/uploads\/2025\/01\/Logo-Popes-Worldwide-Prayer-Network-Pontifical-Work-EN-Horizontal.png","width":1328,"height":228,"caption":"Rede Mundial de Ora\u00e7\u00e3o do Papa"},"image":{"@id":"https:\/\/www.popesprayer.va\/pt-pt\/#\/schema\/logo\/image\/"}}]}},"_links":{"self":[{"href":"https:\/\/www.popesprayer.va\/pt-pt\/wp-json\/wp\/v2\/pages\/84542","targetHints":{"allow":["GET"]}}],"collection":[{"href":"https:\/\/www.popesprayer.va\/pt-pt\/wp-json\/wp\/v2\/pages"}],"about":[{"href":"https:\/\/www.popesprayer.va\/pt-pt\/wp-json\/wp\/v2\/types\/page"}],"author":[{"embeddable":true,"href":"https:\/\/www.popesprayer.va\/pt-pt\/wp-json\/wp\/v2\/users\/1"}],"replies":[{"embeddable":true,"href":"https:\/\/www.popesprayer.va\/pt-pt\/wp-json\/wp\/v2\/comments?post=84542"}],"version-history":[{"count":7,"href":"https:\/\/www.popesprayer.va\/pt-pt\/wp-json\/wp\/v2\/pages\/84542\/revisions"}],"predecessor-version":[{"id":100230,"href":"https:\/\/www.popesprayer.va\/pt-pt\/wp-json\/wp\/v2\/pages\/84542\/revisions\/100230"}],"wp:attachment":[{"href":"https:\/\/www.popesprayer.va\/pt-pt\/wp-json\/wp\/v2\/media?parent=84542"}],"curies":[{"name":"wp","href":"https:\/\/api.w.org\/{rel}","templated":true}]}}