{"id":84562,"date":"2025-06-08T11:51:04","date_gmt":"2025-06-08T09:51:04","guid":{"rendered":"https:\/\/www.popesprayer.va\/movimento-eucaristico-juvenil\/"},"modified":"2026-07-06T07:48:28","modified_gmt":"2026-07-06T05:48:28","slug":"movimento-eucaristico-juvenil","status":"publish","type":"page","link":"https:\/\/www.popesprayer.va\/pt-pt\/movimento-eucaristico-juvenil\/","title":{"rendered":"Movimento Eucar\u00edstico Juvenil"},"content":{"rendered":"\n<div class=\"et_pb_section_0 et_pb_section et_section_regular et_block_section section_has_divider et_pb_top_divider et_pb_bottom_divider\"><div class=\"et_pb_top_inside_divider et-no-transition\"><\/div><div class=\"et_pb_row_0 et_pb_row et_block_row preset--module--divi-row--default\"><div class=\"et_pb_column_0 et_pb_column et_pb_column_3_5 et_block_column et_pb_css_mix_blend_mode_passthrough\"><div class=\"et_pb_text_0 et_pb_text et_pb_bg_layout_light et_pb_module et_block_module\"><div class=\"et_pb_text_inner\"><h2><strong>Movimento Eucar\u00edstico Juvenil<\/strong><\/h2>\n<\/div><\/div><div class=\"et_pb_text_1 et_pb_text et_pb_bg_layout_light et_pb_module et_block_module\"><div class=\"et_pb_text_inner\"><p><span style=\"font-weight: 400;\">O Movimento Eucar\u00edstico Juvenil<strong>(MEJ<\/strong>) \u00e9 um Movimento Internacional para a forma\u00e7\u00e3o crist\u00e3 de <strong>crian\u00e7as<\/strong>, <strong>jovens<\/strong> e <strong>jovens adultos<\/strong>.<\/span><br \/>\n<span style=\"font-weight: 400;\">O MEJ convida os jovens de todo o mundo a<strong>viver \u00e0 maneira de Jesus<\/strong>, numa rela\u00e7\u00e3o de amizade de cora\u00e7\u00e3o para cora\u00e7\u00e3o com Ele, baseada numa espiritualidade eucar\u00edstica para a miss\u00e3o.<\/span><br \/>\n<span style=\"font-weight: 400;\">Baseia-se <strong>na pedagogia dos disc\u00edpulos de Ema\u00fas<\/strong>: Evangelho, Eucaristia e Miss\u00e3o.<\/span><\/p>\n<\/div><\/div><\/div><div class=\"et_pb_column_1 et_pb_column et_pb_column_2_5 et-last-child et_block_column et_pb_css_mix_blend_mode_passthrough\"><div class=\"et_pb_image_0 et_pb_image et_pb_module et_block_module\"><span class=\"et_pb_image_wrap\"><img loading=\"lazy\" decoding=\"async\" src=\"https:\/\/www.popesprayer.va\/wp-content\/uploads\/2025\/06\/mej.png\" width=\"1024\" height=\"1007\" class=\"wp-image-597\" alt=\"mej\" title=\"mej\" \/><\/span><\/div><\/div><\/div><div class=\"et_pb_bottom_inside_divider et-no-transition\"><\/div><\/div><div class=\"et_pb_section_2 et_pb_section et_section_regular et_block_section section_has_divider et_pb_bottom_divider\"><div class=\"et_pb_row_3 et_pb_row et_pb_row_4col et_block_row et_block_row_4col preset--module--divi-row--default\"><div class=\"et_pb_column_9 et_pb_column et_pb_column_1_4 et_block_column et_pb_css_mix_blend_mode_passthrough\"><div class=\"et_pb_number_counter_0 et_pb_number_counter et_pb_bg_layout_light et_pb_text_align_center et_pb_with_title et_pb_module et_block_module\"><div class=\"percent\"><p><span class=\"percent-value\"><\/span><span class=\"percent-sign\"><\/span><\/p><\/div><h3 class=\"title\">Movimento mundial<\/h3><\/div><div class=\"et_pb_text_9 et_pb_text et_pb_bg_layout_light et_animated et_pb_module et_block_module\"><div class=\"et_pb_text_inner\"><p class=\"\" style=\"text-align: center;\" data-start=\"563\" data-end=\"826\"><span style=\"font-weight: 400;\">O MEJ \u00e9 o <strong>segundo maior movimento juvenil cat\u00f3lico<\/strong>, com mais de 1 milh\u00e3o de crian\u00e7as e jovens em <strong>60 pa\u00edses<\/strong> <strong>dos 5 continentes<\/strong>.<\/span><\/p>\n<\/div><\/div><\/div><div class=\"et_pb_column_10 et_pb_column et_pb_column_1_4 et_block_column et_pb_css_mix_blend_mode_passthrough\"><div class=\"et_pb_number_counter_1 et_pb_number_counter et_pb_bg_layout_light et_pb_text_align_center et_pb_with_title et_pb_module et_block_module\"><div class=\"percent\"><p><span class=\"percent-value\"><\/span><span class=\"percent-sign\"><\/span><\/p><\/div><h3 class=\"title\">Pilares<\/h3><\/div><div class=\"et_pb_text_10 et_pb_text et_pb_bg_layout_light et_animated et_pb_module et_block_module\"><div class=\"et_pb_text_inner\"><p class=\"\" style=\"text-align: center;\" data-start=\"563\" data-end=\"826\"><span style=\"font-weight: 400;\">Seguindo a <strong>pedagogia da Ema\u00fas<\/strong>, o MEJ integra o <strong>Evangelho<\/strong>, a <strong>Eucaristia<\/strong> e <strong>a Miss\u00e3o de<\/strong> forma insepar\u00e1vel na espiritualidade do <strong>Cora\u00e7\u00e3o de Jesus<\/strong>.<\/span><\/p>\n<\/div><\/div><\/div><div class=\"et_pb_column_11 et_pb_column et_pb_column_1_4 et_block_column et_pb_css_mix_blend_mode_passthrough\"><div class=\"et_pb_number_counter_2 et_pb_number_counter et_pb_bg_layout_light et_pb_text_align_center et_pb_with_title et_pb_module et_block_module\"><div class=\"percent\"><p><span class=\"percent-value\"><\/span><span class=\"percent-sign\"><\/span><\/p><\/div><h3 class=\"title\">Funda\u00e7\u00e3o comum<\/h3><\/div><div class=\"et_pb_text_11 et_pb_text et_pb_bg_layout_light et_animated et_pb_module et_block_module\"><div class=\"et_pb_text_inner\"><p class=\"\" style=\"text-align: center;\" data-start=\"563\" data-end=\"826\"><span style=\"font-weight: 400;\">Tal como outras comunidades da <strong>Rede Mundial de Ora\u00e7\u00e3o do Papa<\/strong>, a EYM segue o percurso formativo de <\/span><strong><i>O Caminho do Cora\u00e7\u00e3o<\/i><\/strong><span style=\"font-weight: 400;\">, adaptado \u00e0s diferentes fases de desenvolvimento.<\/span><\/p>\n<\/div><\/div><\/div><div class=\"et_pb_column_12 et_pb_column et_pb_column_1_4 et-last-child et_block_column et_pb_css_mix_blend_mode_passthrough\"><div class=\"et_pb_number_counter_3 et_pb_number_counter et_pb_bg_layout_light et_pb_text_align_center et_pb_with_title et_pb_module et_block_module\"><div class=\"percent\"><p><span class=\"percent-value\"><\/span><span class=\"percent-sign\"><\/span><\/p><\/div><h3 class=\"title\">Momentos de ora\u00e7\u00e3o<\/h3><\/div><div class=\"et_pb_text_12 et_pb_text et_pb_bg_layout_light et_animated et_pb_module et_block_module\"><div class=\"et_pb_text_inner\"><p class=\"\" style=\"text-align: center;\" data-start=\"563\" data-end=\"826\"><span style=\"font-weight: 400;\">Os membros do MEJ seguem o ritmo de ora\u00e7\u00e3o proposto pela Rede, oferecendo a sua vida (<strong>\"Com Jesus de manh\u00e3\"<\/strong>), alinhando-se com a Sua presen\u00e7a (<strong>\"Com Jesus \u00e0 tarde\"<\/strong>) e reflectindo sobre o seu dia (<strong>\"Com Jesus \u00e0 noite\"<\/strong>).<\/span><\/p>\n<\/div><\/div><\/div><\/div><div class=\"et_pb_row_4 et_pb_row et-vb-row--no-module et_block_row preset--module--divi-row--default\"><div class=\"et_pb_column_13 et_pb_column et_pb_column_4_4 et-last-child et_block_column et_pb_column_empty et_pb_css_mix_blend_mode_passthrough\"><\/div><\/div><div class=\"et_pb_bottom_inside_divider et-no-transition\"><\/div><\/div><div class=\"et_pb_section_3 et_pb_section et_section_regular et_block_section section_has_divider et_pb_bottom_divider\"><div class=\"et_pb_row_5 et_pb_row et_pb_equal_columns et_block_row preset--module--divi-row--default\"><div class=\"et_pb_column_14 et_pb_column et_pb_column_3_5 et_block_column et_pb_css_mix_blend_mode_passthrough\"><div class=\"et_pb_text_13 et_pb_text et_pb_bg_layout_light et_animated et_pb_module et_block_module\"><div class=\"et_pb_text_inner\"><h3 style=\"text-align: left;\"><strong>A nossa hist\u00f3ria<\/strong><\/h3>\n<\/div><\/div><div class=\"et_pb_text_14 et_pb_text et_pb_bg_layout_light et_animated et_pb_module et_block_module\"><div class=\"et_pb_text_inner\"><h3 data-sourcepos=\"5:1-5:60\"><strong>Uma viagem que come\u00e7ou com um apelo \u00e0 ora\u00e7\u00e3o!<\/strong><\/h3>\n<p class=\"\" data-start=\"563\" data-end=\"826\">\n<\/div><\/div><div class=\"et_pb_module et_pb_button_module_wrapper et_pb_button_0_wrapper\"><a class=\"et_pb_button_0 et_pb_button et_pb_bg_layout_light et_pb_module et_block_module\" href=\"https:\/\/www.popesprayer.va\/wp-content\/uploads\/2025\/06\/1-Document-EYM-History-ENG-DEF-1.pdf\" target=\"_blank\">Descobre mais<\/a><\/div><\/div><div class=\"et_pb_column_15 et_pb_column et_pb_column_2_5 et-last-child et_block_column et_pb_column_empty et_pb_css_mix_blend_mode_passthrough\"><\/div><\/div><div class=\"et_pb_row_6 et_pb_row et_pb_equal_columns et_block_row preset--module--divi-row--default\"><div class=\"et_pb_column_16 et_pb_column et_pb_column_3_5 et_block_column et_pb_css_mix_blend_mode_passthrough\"><div class=\"et_pb_text_15 et_pb_text et_pb_bg_layout_light et_animated et_pb_module et_block_module\"><div class=\"et_pb_text_inner\"><p data-sourcepos=\"7:1-7:323\">A nossa hist\u00f3ria come\u00e7a com um pedido simples mas poderoso do <strong>Papa Pio IX<\/strong>: pediu a todos os cat\u00f3licos que o apoiassem com as suas ora\u00e7\u00f5es e sacrif\u00edcios. Inspirado por este apelo, um padre franc\u00eas chamado Padre Cross teve uma ideia brilhante: <em>porque n\u00e3o convidar os jovens a juntarem-se a esta importante miss\u00e3o?<\/em> Esta foi a fa\u00edsca que deu in\u00edcio a tudo. <\/p>\n<p data-sourcepos=\"9:1-9:254\">A ideia foi um enorme sucesso e espalhou-se como um inc\u00eandio. Para te dar uma ideia, quando se realizou o primeiro Congresso Internacional em 1881, j\u00e1 t\u00ednhamos 100.000 membros em todo o mundo! At\u00e9 Santa Teresa de Lisieux fazia parte do movimento desde os 12 anos de idade.  <\/p>\n<p class=\"\" data-start=\"547\" data-end=\"836\">\n<\/div><\/div><\/div><div class=\"et_pb_column_17 et_pb_column et_pb_column_2_5 et-last-child et_block_column et_pb_css_mix_blend_mode_passthrough\"><div class=\"et_pb_image_1 et_pb_image et_animated et_pb_module et_block_module\"><span class=\"et_pb_image_wrap\"><img loading=\"lazy\" decoding=\"async\" src=\"https:\/\/www.popesprayer.va\/wp-content\/uploads\/2025\/06\/santa-teresita-de-lisieux-1.jpg\" width=\"736\" height=\"736\" class=\"wp-image-608\" alt=\"santa-teresita-de-lisieux\" title=\"santa-teresita-de-lisieux\" \/><\/span><\/div><\/div><\/div><div class=\"et_pb_row_7 et_pb_row et_pb_equal_columns et_block_row preset--module--divi-row--default\"><div class=\"et_pb_column_18 et_pb_column et_pb_column_1_3 et_block_column et_pb_css_mix_blend_mode_passthrough\"><div class=\"et_pb_image_2 et_pb_image et_animated et_pb_module et_block_module\"><span class=\"et_pb_image_wrap\"><img loading=\"lazy\" decoding=\"async\" src=\"https:\/\/www.popesprayer.va\/wp-content\/uploads\/2025\/06\/croisade-eucharistique.webp\" width=\"1920\" height=\"1080\" class=\"wp-image-606\" alt=\"croisade-eucharistique\" title=\"croisade-eucharistique\" \/><\/span><\/div><\/div><div class=\"et_pb_column_19 et_pb_column et_pb_column_2_3 et-last-child et_block_column et_pb_css_mix_blend_mode_passthrough\"><div class=\"et_pb_text_16 et_pb_text et_pb_bg_layout_light et_animated et_pb_module et_block_module\"><div class=\"et_pb_text_inner\"><p data-sourcepos=\"11:1-11:38\"><strong>Um impulso de um Papa e um novo nome<\/strong><\/p>\n<p data-sourcepos=\"13:1-13:364\">Mais tarde, o Papa S. Pio X deu-nos um enfoque especial: encorajou as crian\u00e7as a receberem a Sagrada Comunh\u00e3o e pediu-lhes que rezassem pela paz durante um per\u00edodo de guerra na Europa. Isto levou o Congresso Eucar\u00edstico Internacional de Lourdes, em 1914, a apelar a \"uma grande liga eucar\u00edstica dos pequeninos\". Um ano depois, em 1915, pass\u00e1mos a ser conhecidos como a <strong>\"Cruzada Eucar\u00edstica\".<\/strong>  <\/p>\n<p class=\"\" data-start=\"547\" data-end=\"836\">\n<\/div><\/div><\/div><\/div><div class=\"et_pb_row_8 et_pb_row et_pb_equal_columns et_block_row preset--module--divi-row--default\"><div class=\"et_pb_column_20 et_pb_column et_pb_column_2_3 et_block_column et_pb_css_mix_blend_mode_passthrough\"><div class=\"et_pb_text_17 et_pb_text et_pb_bg_layout_light et_animated et_pb_module et_block_module\"><div class=\"et_pb_text_inner\"><p data-sourcepos=\"15:1-15:57\"><strong>Come\u00e7a de novo! Nasce o Movimento Eucar\u00edstico Juvenil <\/strong><\/p>\n<p data-sourcepos=\"17:1-17:305\">Em 1962, a hist\u00f3ria d\u00e1 mais uma volta emocionante. Adopt\u00e1mos oficialmente o nome que temos hoje: <strong>Movimento Eucar\u00edstico Juvenil (MEJ)<\/strong>. N\u00e3o se tratou apenas de uma mudan\u00e7a de nome; marcou uma renova\u00e7\u00e3o completa do nosso estilo de ensino para melhor nos relacionarmos com os jovens. Esta nova energia espalhou-se rapidamente por outros pa\u00edses.   <\/p>\n<p><span style=\"font-weight: 400;\">Atualmente, o MEJ \u00e9 a proposta <\/span><span style=\"font-weight: 400;\">proposta<\/span><span style=\"font-weight: 400;\"> da Rede Mundial de Ora\u00e7\u00e3o do Papa e est\u00e1 presente em mais de <\/span><span style=\"font-weight: 400;\">60<\/span><span style=\"font-weight: 400;\">  pa\u00edses dos cinco continentes. O nosso objetivo principal \u00e9 simples: ajudar os jovens a construir uma amizade pessoal com Jesus, tendo como guias o Evangelho e a Eucaristia. Somos agora o segundo maior movimento de jovens cat\u00f3licos do mundo!  <\/span><\/p>\n<\/div><\/div><\/div><div class=\"et_pb_column_21 et_pb_column et_pb_column_1_3 et-last-child et_block_column et_pb_css_mix_blend_mode_passthrough\"><div class=\"et_pb_image_3 et_pb_image et_animated et_pb_module et_block_module\"><span class=\"et_pb_image_wrap\"><img loading=\"lazy\" decoding=\"async\" src=\"https:\/\/www.popesprayer.va\/wp-content\/uploads\/2025\/06\/Logo_EYM_-_Horizontal_-_English.jpg\" width=\"1754\" height=\"1240\" class=\"wp-image-609\" alt=\"Log\u00f3tipo_EYM_-_Horizontal_-_Ingl\u00eas\" title=\"Log\u00f3tipo_EYM_-_Horizontal_-_Ingl\u00eas\" \/><\/span><\/div><\/div><\/div><div class=\"et_pb_row_9 et_pb_row et_block_row preset--module--divi-row--default\"><div class=\"et_pb_column_22 et_pb_column et_pb_column_3_5 et_block_column et_pb_css_mix_blend_mode_passthrough\"><div class=\"et_pb_module et_pb_button_module_wrapper et_pb_button_1_wrapper\"><a class=\"et_pb_button_1 et_pb_button et_pb_bg_layout_light et_pb_module et_block_module\" href=\"https:\/\/www.popesprayer.va\/pt-pt\/onde-estamos\/\">Descobre onde estamos<\/a><\/div><\/div><div class=\"et_pb_column_23 et_pb_column et_pb_column_2_5 et-last-child et_block_column et_pb_css_mix_blend_mode_passthrough\"><ul class=\"et_pb_social_media_follow_0 et_pb_social_media_follow clearfix et_pb_bg_layout_light et_pb_module et_block_module\"><li class=\"et_pb_social_media_follow_network_0 et_pb_social_media_follow_network et_pb_social_icon et_pb_social_network_link et-social-facebook et_pb_module et_flex_module\"><a href=\"https:\/\/www.facebook.com\/mej.internacional\" class=\"icon\" title=\"Follow on Facebook\" target=\"_self\" rel=\"noopener\"><span class=\"et_pb_social_media_follow_network_name\">Segue<\/span><\/a><\/li><li class=\"et_pb_social_media_follow_network_1 et_pb_social_media_follow_network et_pb_social_icon et_pb_social_network_link et-social-youtube et_pb_module et_flex_module\"><a href=\"https:\/\/www.youtube.com\/channel\/UCxWfZ7CqaqsYyF9OTgZnOpw\" class=\"icon\" title=\"Follow on Youtube\" target=\"_self\" rel=\"noopener\"><span class=\"et_pb_social_media_follow_network_name\">Segue<\/span><\/a><\/li><\/ul><\/div><\/div><div class=\"et_pb_bottom_inside_divider et-no-transition\"><\/div><\/div>\n","protected":false},"excerpt":{"rendered":"","protected":false},"author":1,"featured_media":97290,"parent":0,"menu_order":0,"comment_status":"closed","ping_status":"closed","template":"","meta":{"_acf_changed":false,"footnotes":""},"class_list":["post-84562","page","type-page","status-publish","has-post-thumbnail","hentry"],"acf":[],"yoast_head":"<!-- This site is optimized with the Yoast SEO plugin v28.4 - https:\/\/yoast.com\/product\/yoast-seo-wordpress\/ -->\n<title>Movimento Eucar\u00edstico Juvenil - Rede Mundial de Ora\u00e7\u00e3o do Papa<\/title>\n<meta name=\"robots\" content=\"index, follow, max-snippet:-1, max-image-preview:large, max-video-preview:-1\" \/>\n<link rel=\"canonical\" href=\"https:\/\/www.popesprayer.va\/pt-pt\/movimento-eucaristico-juvenil\/\" \/>\n<meta property=\"og:locale\" content=\"pt_PT\" \/>\n<meta property=\"og:type\" content=\"article\" \/>\n<meta property=\"og:title\" content=\"Semana da Doa\u00e7\u00e3o - EYM\" \/>\n<meta property=\"og:url\" content=\"https:\/\/www.popesprayer.va\/pt-pt\/movimento-eucaristico-juvenil\/\" \/>\n<meta property=\"og:site_name\" content=\"Rede Mundial de Ora\u00e7\u00e3o do Papa\" \/>\n<meta property=\"article:modified_time\" content=\"2026-07-06T05:48:28+00:00\" \/>\n<meta property=\"og:image\" content=\"https:\/\/www.popesprayer.va\/wp-content\/uploads\/2026\/06\/Giving-Week5_en-240x300.jpg\" \/>\n<meta name=\"twitter:card\" content=\"summary_large_image\" \/>\n<meta name=\"twitter:title\" content=\"Semana da Doa\u00e7\u00e3o - EYM\" \/>\n<meta name=\"twitter:image\" content=\"https:\/\/www.popesprayer.va\/wp-content\/uploads\/2026\/06\/Giving-Week5_en-819x1024.jpg\" \/>\n<script type=\"application\/ld+json\" class=\"yoast-schema-graph\">{\"@context\":\"https:\\\/\\\/schema.org\",\"@graph\":[{\"@type\":\"WebPage\",\"@id\":\"https:\\\/\\\/www.popesprayer.va\\\/pt-pt\\\/movimento-eucaristico-juvenil\\\/\",\"url\":\"https:\\\/\\\/www.popesprayer.va\\\/pt-pt\\\/movimento-eucaristico-juvenil\\\/\",\"name\":\"Movimento Eucar\u00edstico Juvenil - Rede Mundial de Ora\u00e7\u00e3o do Papa\",\"isPartOf\":{\"@id\":\"https:\\\/\\\/www.popesprayer.va\\\/pt-pt\\\/#website\"},\"primaryImageOfPage\":{\"@id\":\"https:\\\/\\\/www.popesprayer.va\\\/pt-pt\\\/movimento-eucaristico-juvenil\\\/#primaryimage\"},\"image\":{\"@id\":\"https:\\\/\\\/www.popesprayer.va\\\/pt-pt\\\/movimento-eucaristico-juvenil\\\/#primaryimage\"},\"thumbnailUrl\":\"https:\\\/\\\/www.popesprayer.va\\\/wp-content\\\/uploads\\\/2026\\\/05\\\/naturaleza-donate-1.png\",\"datePublished\":\"2025-06-08T09:51:04+00:00\",\"dateModified\":\"2026-07-06T05:48:28+00:00\",\"breadcrumb\":{\"@id\":\"https:\\\/\\\/www.popesprayer.va\\\/pt-pt\\\/movimento-eucaristico-juvenil\\\/#breadcrumb\"},\"inLanguage\":\"pt-PT\",\"potentialAction\":[{\"@type\":\"ReadAction\",\"target\":[\"https:\\\/\\\/www.popesprayer.va\\\/pt-pt\\\/movimento-eucaristico-juvenil\\\/\"]}]},{\"@type\":\"ImageObject\",\"inLanguage\":\"pt-PT\",\"@id\":\"https:\\\/\\\/www.popesprayer.va\\\/pt-pt\\\/movimento-eucaristico-juvenil\\\/#primaryimage\",\"url\":\"https:\\\/\\\/www.popesprayer.va\\\/wp-content\\\/uploads\\\/2026\\\/05\\\/naturaleza-donate-1.png\",\"contentUrl\":\"https:\\\/\\\/www.popesprayer.va\\\/wp-content\\\/uploads\\\/2026\\\/05\\\/naturaleza-donate-1.png\",\"width\":1376,\"height\":768,\"caption\":\"naturaleza-donate (1)\"},{\"@type\":\"BreadcrumbList\",\"@id\":\"https:\\\/\\\/www.popesprayer.va\\\/pt-pt\\\/movimento-eucaristico-juvenil\\\/#breadcrumb\",\"itemListElement\":[{\"@type\":\"ListItem\",\"position\":1,\"name\":\"Home\",\"item\":\"https:\\\/\\\/www.popesprayer.va\\\/pt-pt\\\/\"},{\"@type\":\"ListItem\",\"position\":2,\"name\":\"Movimento Eucar\u00edstico Juvenil\"}]},{\"@type\":\"WebSite\",\"@id\":\"https:\\\/\\\/www.popesprayer.va\\\/pt-pt\\\/#website\",\"url\":\"https:\\\/\\\/www.popesprayer.va\\\/pt-pt\\\/\",\"name\":\"Pope's Worldwide Prayer Network\",\"description\":\"Pray together, change the world\",\"publisher\":{\"@id\":\"https:\\\/\\\/www.popesprayer.va\\\/pt-pt\\\/#organization\"},\"potentialAction\":[{\"@type\":\"SearchAction\",\"target\":{\"@type\":\"EntryPoint\",\"urlTemplate\":\"https:\\\/\\\/www.popesprayer.va\\\/pt-pt\\\/?s={search_term_string}\"},\"query-input\":{\"@type\":\"PropertyValueSpecification\",\"valueRequired\":true,\"valueName\":\"search_term_string\"}}],\"inLanguage\":\"pt-PT\"},{\"@type\":\"Organization\",\"@id\":\"https:\\\/\\\/www.popesprayer.va\\\/pt-pt\\\/#organization\",\"name\":\"Rede Mundial de Ora\u00e7\u00e3o do Papa\",\"url\":\"https:\\\/\\\/www.popesprayer.va\\\/pt-pt\\\/\",\"logo\":{\"@type\":\"ImageObject\",\"inLanguage\":\"pt-PT\",\"@id\":\"https:\\\/\\\/www.popesprayer.va\\\/pt-pt\\\/#\\\/schema\\\/logo\\\/image\\\/\",\"url\":\"https:\\\/\\\/www.popesprayer.va\\\/wp-content\\\/uploads\\\/2025\\\/01\\\/Logo-Popes-Worldwide-Prayer-Network-Pontifical-Work-EN-Horizontal.png\",\"contentUrl\":\"https:\\\/\\\/www.popesprayer.va\\\/wp-content\\\/uploads\\\/2025\\\/01\\\/Logo-Popes-Worldwide-Prayer-Network-Pontifical-Work-EN-Horizontal.png\",\"width\":1328,\"height\":228,\"caption\":\"Rede Mundial de Ora\u00e7\u00e3o do Papa\"},\"image\":{\"@id\":\"https:\\\/\\\/www.popesprayer.va\\\/pt-pt\\\/#\\\/schema\\\/logo\\\/image\\\/\"}}]}<\/script>\n<!-- \/ Yoast SEO plugin. -->","yoast_head_json":{"title":"Movimento Eucar\u00edstico Juvenil - Rede Mundial de Ora\u00e7\u00e3o do Papa","robots":{"index":"index","follow":"follow","max-snippet":"max-snippet:-1","max-image-preview":"max-image-preview:large","max-video-preview":"max-video-preview:-1"},"canonical":"https:\/\/www.popesprayer.va\/pt-pt\/movimento-eucaristico-juvenil\/","og_locale":"pt_PT","og_type":"article","og_title":"Semana da Doa\u00e7\u00e3o - EYM","og_url":"https:\/\/www.popesprayer.va\/pt-pt\/movimento-eucaristico-juvenil\/","og_site_name":"Rede Mundial de Ora\u00e7\u00e3o do Papa","article_modified_time":"2026-07-06T05:48:28+00:00","og_image":[{"url":"https:\/\/www.popesprayer.va\/wp-content\/uploads\/2026\/06\/Giving-Week5_en-240x300.jpg","type":"","width":"","height":""}],"twitter_card":"summary_large_image","twitter_title":"Semana da Doa\u00e7\u00e3o - EYM","twitter_image":"https:\/\/www.popesprayer.va\/wp-content\/uploads\/2026\/06\/Giving-Week5_en-819x1024.jpg","schema":{"@context":"https:\/\/schema.org","@graph":[{"@type":"WebPage","@id":"https:\/\/www.popesprayer.va\/pt-pt\/movimento-eucaristico-juvenil\/","url":"https:\/\/www.popesprayer.va\/pt-pt\/movimento-eucaristico-juvenil\/","name":"Movimento Eucar\u00edstico Juvenil - Rede Mundial de Ora\u00e7\u00e3o do Papa","isPartOf":{"@id":"https:\/\/www.popesprayer.va\/pt-pt\/#website"},"primaryImageOfPage":{"@id":"https:\/\/www.popesprayer.va\/pt-pt\/movimento-eucaristico-juvenil\/#primaryimage"},"image":{"@id":"https:\/\/www.popesprayer.va\/pt-pt\/movimento-eucaristico-juvenil\/#primaryimage"},"thumbnailUrl":"https:\/\/www.popesprayer.va\/wp-content\/uploads\/2026\/05\/naturaleza-donate-1.png","datePublished":"2025-06-08T09:51:04+00:00","dateModified":"2026-07-06T05:48:28+00:00","breadcrumb":{"@id":"https:\/\/www.popesprayer.va\/pt-pt\/movimento-eucaristico-juvenil\/#breadcrumb"},"inLanguage":"pt-PT","potentialAction":[{"@type":"ReadAction","target":["https:\/\/www.popesprayer.va\/pt-pt\/movimento-eucaristico-juvenil\/"]}]},{"@type":"ImageObject","inLanguage":"pt-PT","@id":"https:\/\/www.popesprayer.va\/pt-pt\/movimento-eucaristico-juvenil\/#primaryimage","url":"https:\/\/www.popesprayer.va\/wp-content\/uploads\/2026\/05\/naturaleza-donate-1.png","contentUrl":"https:\/\/www.popesprayer.va\/wp-content\/uploads\/2026\/05\/naturaleza-donate-1.png","width":1376,"height":768,"caption":"naturaleza-donate (1)"},{"@type":"BreadcrumbList","@id":"https:\/\/www.popesprayer.va\/pt-pt\/movimento-eucaristico-juvenil\/#breadcrumb","itemListElement":[{"@type":"ListItem","position":1,"name":"Home","item":"https:\/\/www.popesprayer.va\/pt-pt\/"},{"@type":"ListItem","position":2,"name":"Movimento Eucar\u00edstico Juvenil"}]},{"@type":"WebSite","@id":"https:\/\/www.popesprayer.va\/pt-pt\/#website","url":"https:\/\/www.popesprayer.va\/pt-pt\/","name":"Pope's Worldwide Prayer Network","description":"Pray together, change the world","publisher":{"@id":"https:\/\/www.popesprayer.va\/pt-pt\/#organization"},"potentialAction":[{"@type":"SearchAction","target":{"@type":"EntryPoint","urlTemplate":"https:\/\/www.popesprayer.va\/pt-pt\/?s={search_term_string}"},"query-input":{"@type":"PropertyValueSpecification","valueRequired":true,"valueName":"search_term_string"}}],"inLanguage":"pt-PT"},{"@type":"Organization","@id":"https:\/\/www.popesprayer.va\/pt-pt\/#organization","name":"Rede Mundial de Ora\u00e7\u00e3o do Papa","url":"https:\/\/www.popesprayer.va\/pt-pt\/","logo":{"@type":"ImageObject","inLanguage":"pt-PT","@id":"https:\/\/www.popesprayer.va\/pt-pt\/#\/schema\/logo\/image\/","url":"https:\/\/www.popesprayer.va\/wp-content\/uploads\/2025\/01\/Logo-Popes-Worldwide-Prayer-Network-Pontifical-Work-EN-Horizontal.png","contentUrl":"https:\/\/www.popesprayer.va\/wp-content\/uploads\/2025\/01\/Logo-Popes-Worldwide-Prayer-Network-Pontifical-Work-EN-Horizontal.png","width":1328,"height":228,"caption":"Rede Mundial de Ora\u00e7\u00e3o do Papa"},"image":{"@id":"https:\/\/www.popesprayer.va\/pt-pt\/#\/schema\/logo\/image\/"}}]}},"_links":{"self":[{"href":"https:\/\/www.popesprayer.va\/pt-pt\/wp-json\/wp\/v2\/pages\/84562","targetHints":{"allow":["GET"]}}],"collection":[{"href":"https:\/\/www.popesprayer.va\/pt-pt\/wp-json\/wp\/v2\/pages"}],"about":[{"href":"https:\/\/www.popesprayer.va\/pt-pt\/wp-json\/wp\/v2\/types\/page"}],"author":[{"embeddable":true,"href":"https:\/\/www.popesprayer.va\/pt-pt\/wp-json\/wp\/v2\/users\/1"}],"replies":[{"embeddable":true,"href":"https:\/\/www.popesprayer.va\/pt-pt\/wp-json\/wp\/v2\/comments?post=84562"}],"version-history":[{"count":87,"href":"https:\/\/www.popesprayer.va\/pt-pt\/wp-json\/wp\/v2\/pages\/84562\/revisions"}],"predecessor-version":[{"id":99840,"href":"https:\/\/www.popesprayer.va\/pt-pt\/wp-json\/wp\/v2\/pages\/84562\/revisions\/99840"}],"wp:featuredmedia":[{"embeddable":true,"href":"https:\/\/www.popesprayer.va\/pt-pt\/wp-json\/wp\/v2\/media\/97290"}],"wp:attachment":[{"href":"https:\/\/www.popesprayer.va\/pt-pt\/wp-json\/wp\/v2\/media?parent=84562"}],"curies":[{"name":"wp","href":"https:\/\/api.w.org\/{rel}","templated":true}]}}