{"id":96546,"date":"2026-04-22T17:01:05","date_gmt":"2026-04-22T15:01:05","guid":{"rendered":"https:\/\/www.popesprayer.va\/o-video-do-papa-arquivo\/"},"modified":"2026-04-24T18:47:36","modified_gmt":"2026-04-24T16:47:36","slug":"o-video-do-papa-arquivo","status":"publish","type":"page","link":"https:\/\/www.popesprayer.va\/pt-pt\/o-video-do-papa-arquivo\/","title":{"rendered":"O V\u00eddeo do Papa - Arquivo"},"content":{"rendered":"<p>[et_pb_section fb_built=\"1&#8243; _builder_version=\"4.27.6&#8243; _module_preset=\"default\" background_enable_color=\"off\" use_background_color_gradient=\"on\" background_color_gradient_stops=\"#264653 0%|rgba(29,54,68,0.7) 25%|rgba(13,27,42,0.7) 75%|#071121 100%\" background_image=\"https:\/\/www.popesprayer.va\/wp-content\/uploads\/2025\/06\/sjdigital_Photo_of_St_Peters_Basilica._The_sky_has_some_clouds._93180f9f-2271-445f-90c5-8daa6d5bcf44-en-tamano-grande.jpeg\" background_blend=\"overlay\" custom_padding=\"12vw||12vw||true|false\" top_divider_style=\"ramp\" top_divider_color=\"#F4A261&#8243; bottom_divider_style=\"ramp\" bottom_divider_color=\"#071121&#8243; bottom_divider_flip=\"horizontal\" da_disable_devices=\"off|off|off\" global_colors_info=\"{}\" da_is_popup=\"off\" da_exit_intent=\"off\" da_has_close=\"on\" da_alt_close=\"off\" da_dark_close=\"off\" da_not_modal=\"on\" da_is_singular=\"off\" da_with_loader=\"off\" da_has_shadow=\"on\"][et_pb_row column_structure=\"3_5,2_5&#8243; _builder_version=\"4.27.4&#8243; _module_preset=\"ddbed135-e034-4aab-8f52-69def1d8301e\" global_colors_info=\"{}\"][et_pb_column type=\"3_5&#8243; _builder_version=\"4.27.4&#8243; _module_preset=\"default\" global_colors_info=\"{}\"][et_pb_text admin_label=\"Text\" _builder_version=\"4.27.6&#8243; _module_preset=\"default\" header_text_color=\"#E9C46A\" header_font_size=\"3rem\" header_2_font=\"|700|||||||\" header_2_text_color=\"#E9C46A\" header_2_font_size=\"4rem\" global_colors_info=\"{}\"]<\/p>\n<h2>O v\u00eddeo do Papa<\/h2>\n<p>[\/et_pb_text][et_pb_text _builder_version=\"4.27.6&#8243; _module_preset=\"default\" text_text_color=\"#FFFFFF\" text_font_size=\"19px\" header_text_color=\"#E9C46A\" header_font_size=\"3rem\" header_2_text_color=\"#FFFFFF\" header_2_font_size=\"4rem\" global_colors_info=\"{}\"]<\/p>\n<p data-path-to-node=\"3\">Desde 2016, partilhamos as inten\u00e7\u00f5es de ora\u00e7\u00e3o do Santo Padre com o mundo atrav\u00e9s de <strong>O V\u00eddeo do Papa<\/strong>. Esta iniciativa global alcan\u00e7ou mais de <b data-path-to-node=\"3\" data-index-in-node=\"119\">280 milh\u00f5es de visualiza\u00e7\u00f5es<\/b> em <b data-path-to-node=\"3\" data-index-in-node=\"140\">25 l\u00ednguas<\/b> nos meios digitais do Vaticano. <\/p>\n<p data-path-to-node=\"4\">Hoje, convidamos-te a rezar com o <b data-path-to-node=\"4\" data-index-in-node=\"34\">Papa Le\u00e3o XIV<\/b> pelos desafios da humanidade e pela miss\u00e3o da Igreja num novo <a href=\"https:\/\/www.popesprayer.va\/pt-pt\/rezacomopapa\/\">s\u00edtio Web<\/a>.<\/p>\n<p>[\/et_pb_text][et_pb_button button_url=\"https:\/\/www.popesprayer.va\/pt-pt\/rezacomopapa\/\" url_new_window=\"on\" button_text=\"Reza com o Papa\" button_alignment=\"left\" _builder_version=\"4.27.6&#8243; _module_preset=\"default\" custom_button=\"on\" button_text_color=\"#FFFFFF\" button_bg_color=\"#E76F51&#8243; button_border_width=\"0px\" button_border_radius=\"20px\" global_colors_info=\"{}\" button_bg_color__hover_enabled=\"on|desktop\" button_bg_color__hover=\"#E76F51&#8243;][\/et_pb_button][\/et_pb_column][et_pb_column type=\"2_5&#8243; _builder_version=\"4.27.4&#8243; _module_preset=\"default\" global_colors_info=\"{}\"][\/et_pb_column][\/et_pb_row][\/et_pb_section][et_pb_section fb_built=\"1&#8243; admin_label=\"Section\" _builder_version=\"4.27.6&#8243; _module_preset=\"default\" background_color=\"#071121&#8243; use_background_color_gradient=\"on\" background_color_gradient_stops=\"#071121 0%|#071121 25%|#071121 75%|#264653 100%\" background_enable_image=\"off\" background_size=\"contain\" background_position=\"bottom_right\" background_blend=\"screen\" bottom_divider_color=\"#264653&#8243; bottom_divider_height=\"101px\" bottom_divider_flip=\"horizontal\" da_disable_devices=\"off|off|off\" global_colors_info=\"{}\" da_is_popup=\"off\" da_exit_intent=\"off\" da_has_close=\"on\" da_alt_close=\"off\" da_dark_close=\"off\" da_not_modal=\"on\" da_is_singular=\"off\" da_with_loader=\"off\" da_has_shadow=\"on\"][et_pb_row column_structure=\"3_5,2_5&#8243; _builder_version=\"4.27.4&#8243; _module_preset=\"ddbed135-e034-4aab-8f52-69def1d8301e\" global_colors_info=\"{}\"][et_pb_column type=\"3_5&#8243; _builder_version=\"4.27.4&#8243; _module_preset=\"default\" global_colors_info=\"{}\"][et_pb_text admin_label=\"Text\" _builder_version=\"4.27.6&#8243; _module_preset=\"default\" header_text_color=\"#E9C46A\" header_font_size=\"3rem\" header_2_font=\"|700|||||||\" header_2_text_color=\"#E9C46A\" header_2_font_size=\"4rem\" global_colors_info=\"{}\"]<\/p>\n<h3 data-path-to-node=\"7\"><span style=\"color: #ffffff;\"><b data-path-to-node=\"7\" data-index-in-node=\"0\">Arquivo hist\u00f3rico<\/b><\/span><\/h3>\n<p data-path-to-node=\"8\">\n<p>[\/et_pb_text][et_pb_text _builder_version=\"4.27.6&#8243; _module_preset=\"default\" text_text_color=\"#FFFFFF\" text_font_size=\"19px\" header_text_color=\"#E9C46A\" header_font_size=\"3rem\" header_2_text_color=\"#FFFFFF\" header_2_font_size=\"4rem\" global_colors_info=\"{}\"]<\/p>\n<p data-path-to-node=\"8\">Explora todos os v\u00eddeos desde janeiro de 2016. Encontra-os por <b data-path-to-node=\"8\" data-index-in-node=\"67\">ano<\/b> ou utiliza a <b data-path-to-node=\"8\" data-index-in-node=\"83\">ferramenta de pesquisa<\/b> para localizar inten\u00e7\u00f5es de ora\u00e7\u00e3o espec\u00edficas. <\/p>\n<p>[\/et_pb_text][\/et_pb_column][et_pb_column type=\"2_5&#8243; _builder_version=\"4.27.4&#8243; _module_preset=\"default\" global_colors_info=\"{}\"][\/et_pb_column][\/et_pb_row][et_pb_row _builder_version=\"4.27.6&#8243; _module_preset=\"ddbed135-e034-4aab-8f52-69def1d8301e\" animation_style=\"fade\" scroll_fade=\"0|50|50|100|0|100|25%\" global_colors_info=\"{}\"][et_pb_column type=\"4_4&#8243; _builder_version=\"4.27.4&#8243; _module_preset=\"default\" global_colors_info=\"{}\"][et_pb_code _builder_version=\"4.27.6&#8243; _module_preset=\"default\" global_colors_info=\"{}\"]<div class=\"tpv-filters-container\"><div class=\"tpv-filter-group search-group\"><input type=\"text\" id=\"tpv-search\" placeholder=\"Pesquisar em todo o arquivo...\" autocomplete=\"off\"><\/div><\/div><div class=\"tpv-year-section\" id=\"section-2025\"><h2 class=\"year-title\">2025<\/h2><div class=\"fila-stream\"><div class=\"video-item year-2025\" data-year=\"2025\" data-post-id=\"96165\"><a href=\"https:\/\/www.youtube.com\/watch?v=gCMi0FIXu9k\" class=\"tpv-lightbox-trigger\" data-video-id=\"\"><img decoding=\"async\" src=\"https:\/\/img.youtube.com\/vi\/gCMi0FIXu9k\/hqdefault.jpg\" class=\"stream-thumb\" loading=\"lazy\" alt=\"JANEIRO, 2025 - PELO DIREITO \u00c0 EDUCA\u00c7\u00c3O | O V\u00eddeo do Papa\"><div class=\"stream-overlay\"><\/div><\/a><h3 class=\"video-title\">JANEIRO, 2025 - PELO DIREITO \u00c0 EDUCA\u00c7\u00c3O | O V\u00eddeo do Papa<\/h3><\/div><div class=\"video-item year-2025\" data-year=\"2025\" data-post-id=\"96160\"><a href=\"https:\/\/www.youtube.com\/watch?v=3YGA3htD3mA\" class=\"tpv-lightbox-trigger\" data-video-id=\"\"><img decoding=\"async\" src=\"https:\/\/img.youtube.com\/vi\/3YGA3htD3mA\/hqdefault.jpg\" class=\"stream-thumb\" loading=\"lazy\" alt=\"FEVEREIRO, 2025 - PELAS VOCA\u00c7\u00d5ES \u00c0 VIDA SACERDOTAL E RELIGIOSA | O V\u00eddeo do Papa\"><div class=\"stream-overlay\"><\/div><\/a><h3 class=\"video-title\">FEVEREIRO, 2025 - PELAS VOCA\u00c7\u00d5ES \u00c0 VIDA SACERDOTAL E RELIGIOSA | O V\u00eddeo do Papa<\/h3><\/div><div class=\"video-item year-2025\" data-year=\"2025\" data-post-id=\"96155\"><a href=\"https:\/\/www.youtube.com\/watch?v=0HzEvkQfPgc\" class=\"tpv-lightbox-trigger\" data-video-id=\"\"><img decoding=\"async\" src=\"https:\/\/img.youtube.com\/vi\/0HzEvkQfPgc\/hqdefault.jpg\" class=\"stream-thumb\" loading=\"lazy\" alt=\"PELAS FAM\u00cdLIAS EM CRISE - O V\u00cdDEO DO PAPA - MAR\u00c7O 2025\"><div class=\"stream-overlay\"><\/div><\/a><h3 class=\"video-title\">PELAS FAM\u00cdLIAS EM CRISE - O V\u00cdDEO DO PAPA - MAR\u00c7O 2025<\/h3><\/div><div class=\"video-item year-2025\" data-year=\"2025\" data-post-id=\"96150\"><a href=\"https:\/\/www.youtube.com\/watch?v=3F_0yObsiSc\" class=\"tpv-lightbox-trigger\" data-video-id=\"\"><img decoding=\"async\" src=\"https:\/\/img.youtube.com\/vi\/3F_0yObsiSc\/hqdefault.jpg\" class=\"stream-thumb\" loading=\"lazy\" alt=\"PELO USO DAS NOVAS TECNOLOGIAS - O V\u00cdDEO DO PAPA - ABRIL 2025\"><div class=\"stream-overlay\"><\/div><\/a><h3 class=\"video-title\">PELO USO DAS NOVAS TECNOLOGIAS - O V\u00cdDEO DO PAPA - ABRIL 2025<\/h3><\/div><div class=\"video-item year-2025\" data-year=\"2025\" data-post-id=\"96145\"><a href=\"https:\/\/www.youtube.com\/watch?v=I-ifMXmezEs\" class=\"tpv-lightbox-trigger\" data-video-id=\"\"><img decoding=\"async\" src=\"https:\/\/img.youtube.com\/vi\/I-ifMXmezEs\/hqdefault.jpg\" class=\"stream-thumb\" loading=\"lazy\" alt=\"Obrigado, Francisco\"><div class=\"stream-overlay\"><\/div><\/a><h3 class=\"video-title\">Obrigado, Francisco<\/h3><\/div><div class=\"video-item year-2025\" data-year=\"2025\" data-post-id=\"96140\"><a href=\"https:\/\/www.youtube.com\/watch?v=FUyOnKqRVTk\" class=\"tpv-lightbox-trigger\" data-video-id=\"\"><img decoding=\"async\" src=\"https:\/\/img.youtube.com\/vi\/FUyOnKqRVTk\/hqdefault.jpg\" class=\"stream-thumb\" loading=\"lazy\" alt=\"PELAS CONDI\u00c7\u00d5ES DE TRABALHO - O V\u00eddeo do Papa - maio 2025\"><div class=\"stream-overlay\"><\/div><\/a><h3 class=\"video-title\">PELAS CONDI\u00c7\u00d5ES DE TRABALHO - O V\u00eddeo do Papa - maio 2025<\/h3><\/div><div class=\"video-item year-2025\" data-year=\"2025\" data-post-id=\"96135\"><a href=\"https:\/\/www.youtube.com\/watch?v=0g9gE--Dlxw\" class=\"tpv-lightbox-trigger\" data-video-id=\"\"><img decoding=\"async\" src=\"https:\/\/img.youtube.com\/vi\/0g9gE--Dlxw\/hqdefault.jpg\" class=\"stream-thumb\" loading=\"lazy\" alt=\"Crescer na compaix\u00e3o pelo mundo - O V\u00eddeo do Papa - Junho 2025\"><div class=\"stream-overlay\"><\/div><\/a><h3 class=\"video-title\">Crescer na compaix\u00e3o pelo mundo - O V\u00eddeo do Papa - Junho 2025<\/h3><\/div><div class=\"video-item year-2025\" data-year=\"2025\" data-post-id=\"96130\"><a href=\"https:\/\/www.youtube.com\/watch?v=1Y7JgV1n3KI\" class=\"tpv-lightbox-trigger\" data-video-id=\"\"><img decoding=\"async\" src=\"https:\/\/img.youtube.com\/vi\/1Y7JgV1n3KI\/hqdefault.jpg\" class=\"stream-thumb\" loading=\"lazy\" alt=\"Pela forma\u00e7\u00e3o para o discernimento - O V\u00eddeo do Papa - julho de 2025\"><div class=\"stream-overlay\"><\/div><\/a><h3 class=\"video-title\">Pela forma\u00e7\u00e3o para o discernimento - O V\u00eddeo do Papa - julho de 2025<\/h3><\/div><div class=\"video-item year-2025\" data-year=\"2025\" data-post-id=\"96125\"><a href=\"https:\/\/www.youtube.com\/watch?v=fl4zY-8og-4\" class=\"tpv-lightbox-trigger\" data-video-id=\"\"><img decoding=\"async\" src=\"https:\/\/img.youtube.com\/vi\/fl4zY-8og-4\/hqdefault.jpg\" class=\"stream-thumb\" loading=\"lazy\" alt=\"Pela conviv\u00eancia comum - O V\u00eddeo do Papa - Agosto 2025\"><div class=\"stream-overlay\"><\/div><\/a><h3 class=\"video-title\">Pela conviv\u00eancia comum - O V\u00eddeo do Papa - Agosto 2025<\/h3><\/div><div class=\"video-item year-2025\" data-year=\"2025\" data-post-id=\"96120\"><a href=\"https:\/\/www.youtube.com\/watch?v=jaDqohaD4Kc\" class=\"tpv-lightbox-trigger\" data-video-id=\"\"><img decoding=\"async\" src=\"https:\/\/img.youtube.com\/vi\/jaDqohaD4Kc\/hqdefault.jpg\" class=\"stream-thumb\" loading=\"lazy\" alt=\"Pela nossa rela\u00e7\u00e3o com toda a cria\u00e7\u00e3o - O V\u00eddeo do Papa - setembro de 2025\"><div class=\"stream-overlay\"><\/div><\/a><h3 class=\"video-title\">Pela nossa rela\u00e7\u00e3o com toda a cria\u00e7\u00e3o - O V\u00eddeo do Papa - setembro de 2025<\/h3><\/div><div class=\"video-item year-2025\" data-year=\"2025\" data-post-id=\"96115\"><a href=\"https:\/\/www.youtube.com\/watch?v=TsnelqJNY7Y\" class=\"tpv-lightbox-trigger\" data-video-id=\"\"><img decoding=\"async\" src=\"https:\/\/img.youtube.com\/vi\/TsnelqJNY7Y\/hqdefault.jpg\" class=\"stream-thumb\" loading=\"lazy\" alt=\"Pela colabora\u00e7\u00e3o entre as diferentes tradi\u00e7\u00f5es religiosas - O V\u00eddeo do Papa \u2013 Outubro de 2025\"><div class=\"stream-overlay\"><\/div><\/a><h3 class=\"video-title\">Pela colabora\u00e7\u00e3o entre as diferentes tradi\u00e7\u00f5es religiosas - O V\u00eddeo do Papa \u2013 Outubro de 2025<\/h3><\/div><div class=\"video-item year-2025\" data-year=\"2025\" data-post-id=\"96110\"><a href=\"https:\/\/www.youtube.com\/watch?v=ZEPJI3alTkU\" class=\"tpv-lightbox-trigger\" data-video-id=\"\"><img decoding=\"async\" src=\"https:\/\/img.youtube.com\/vi\/ZEPJI3alTkU\/hqdefault.jpg\" class=\"stream-thumb\" loading=\"lazy\" alt=\"Pela preven\u00e7\u00e3o do suic\u00eddio - O V\u00eddeo do Papa - novembro de 2025\"><div class=\"stream-overlay\"><\/div><\/a><h3 class=\"video-title\">Pela preven\u00e7\u00e3o do suic\u00eddio - O V\u00eddeo do Papa - novembro de 2025<\/h3><\/div><div class=\"video-item year-2025\" data-year=\"2025\" data-post-id=\"96105\"><a href=\"https:\/\/www.youtube.com\/watch?v=W2S9AgoaS8g\" class=\"tpv-lightbox-trigger\" data-video-id=\"\"><img decoding=\"async\" src=\"https:\/\/img.youtube.com\/vi\/W2S9AgoaS8g\/hqdefault.jpg\" class=\"stream-thumb\" loading=\"lazy\" alt=\"Pelos crist\u00e3os em contextos de guerras e conflitos - O V\u00eddeo do Papa - Dezembro 2025\"><div class=\"stream-overlay\"><\/div><\/a><h3 class=\"video-title\">Pelos crist\u00e3os em contextos de guerras e conflitos - O V\u00eddeo do Papa - Dezembro 2025<\/h3><\/div><\/div><\/div><div class=\"tpv-year-section\" id=\"section-2024\"><h2 class=\"year-title\">2024<\/h2><div class=\"fila-stream\"><div class=\"video-item year-2024\" data-year=\"2024\" data-post-id=\"96224\"><a href=\"https:\/\/www.youtube.com\/watch?v=wvxt6UDA0SA\" class=\"tpv-lightbox-trigger\" data-video-id=\"\"><img decoding=\"async\" src=\"https:\/\/img.youtube.com\/vi\/wvxt6UDA0SA\/hqdefault.jpg\" class=\"stream-thumb\" loading=\"lazy\" alt=\"Pelo dom da diversidade na Igreja \u2013 O V\u00eddeo do Papa 1 \u2013 Janeiro 2024\"><div class=\"stream-overlay\"><\/div><\/a><h3 class=\"video-title\">Pelo dom da diversidade na Igreja \u2013 O V\u00eddeo do Papa 1 \u2013 Janeiro 2024<\/h3><\/div><div class=\"video-item year-2024\" data-year=\"2024\" data-post-id=\"96219\"><a href=\"https:\/\/www.youtube.com\/watch?v=sIIvVaeOcF8\" class=\"tpv-lightbox-trigger\" data-video-id=\"\"><img decoding=\"async\" src=\"https:\/\/img.youtube.com\/vi\/sIIvVaeOcF8\/hqdefault.jpg\" class=\"stream-thumb\" loading=\"lazy\" alt=\"Pelos doentes terminais \u2013 O V\u00eddeo do Papa 2 \u2013 Fevereiro 2024\"><div class=\"stream-overlay\"><\/div><\/a><h3 class=\"video-title\">Pelos doentes terminais \u2013 O V\u00eddeo do Papa 2 \u2013 Fevereiro 2024<\/h3><\/div><div class=\"video-item year-2024\" data-year=\"2024\" data-post-id=\"96214\"><a href=\"https:\/\/www.youtube.com\/watch?v=ogvKJD9Q_2c\" class=\"tpv-lightbox-trigger\" data-video-id=\"\"><img decoding=\"async\" src=\"https:\/\/img.youtube.com\/vi\/ogvKJD9Q_2c\/hqdefault.jpg\" class=\"stream-thumb\" loading=\"lazy\" alt=\"Pelos novos m\u00e1rtires, testemunhas de Cristo \u2013 O V\u00eddeo do Papa 3 \u2013 Mar\u00e7o 2024\"><div class=\"stream-overlay\"><\/div><\/a><h3 class=\"video-title\">Pelos novos m\u00e1rtires, testemunhas de Cristo \u2013 O V\u00eddeo do Papa 3 \u2013 Mar\u00e7o 2024<\/h3><\/div><div class=\"video-item year-2024\" data-year=\"2024\" data-post-id=\"96209\"><a href=\"https:\/\/www.youtube.com\/watch?v=5RUT-NswSkA\" class=\"tpv-lightbox-trigger\" data-video-id=\"\"><img decoding=\"async\" src=\"https:\/\/img.youtube.com\/vi\/5RUT-NswSkA\/hqdefault.jpg\" class=\"stream-thumb\" loading=\"lazy\" alt=\"Pelo papel das mulheres \u2013 O V\u00eddeo do Papa 4 \u2013 Abril 2024\"><div class=\"stream-overlay\"><\/div><\/a><h3 class=\"video-title\">Pelo papel das mulheres \u2013 O V\u00eddeo do Papa 4 \u2013 Abril 2024<\/h3><\/div><div class=\"video-item year-2024\" data-year=\"2024\" data-post-id=\"96204\"><a href=\"https:\/\/www.youtube.com\/watch?v=EC7XlgQGX2g\" class=\"tpv-lightbox-trigger\" data-video-id=\"\"><img decoding=\"async\" src=\"https:\/\/img.youtube.com\/vi\/EC7XlgQGX2g\/hqdefault.jpg\" class=\"stream-thumb\" loading=\"lazy\" alt=\"Pela forma\u00e7\u00e3o de religiosas, religiosos e seminaristas \u2013 O V\u00eddeo do Papa 5 \u2013 Maio 2024\"><div class=\"stream-overlay\"><\/div><\/a><h3 class=\"video-title\">Pela forma\u00e7\u00e3o de religiosas, religiosos e seminaristas \u2013 O V\u00eddeo do Papa 5 \u2013 Maio 2024<\/h3><\/div><div class=\"video-item year-2024\" data-year=\"2024\" data-post-id=\"96199\"><a href=\"https:\/\/www.youtube.com\/watch?v=3Xm5WODtZJQ\" class=\"tpv-lightbox-trigger\" data-video-id=\"\"><img decoding=\"async\" src=\"https:\/\/img.youtube.com\/vi\/3Xm5WODtZJQ\/hqdefault.jpg\" class=\"stream-thumb\" loading=\"lazy\" alt=\"Pelos que fogem de seu pa\u00eds \u2013 O V\u00eddeo do Papa 6 \u2013 Junho 2024\"><div class=\"stream-overlay\"><\/div><\/a><h3 class=\"video-title\">Pelos que fogem de seu pa\u00eds \u2013 O V\u00eddeo do Papa 6 \u2013 Junho 2024<\/h3><\/div><div class=\"video-item year-2024\" data-year=\"2024\" data-post-id=\"96194\"><a href=\"https:\/\/www.youtube.com\/watch?v=XZ42JGataLc\" class=\"tpv-lightbox-trigger\" data-video-id=\"\"><img decoding=\"async\" src=\"https:\/\/img.youtube.com\/vi\/XZ42JGataLc\/hqdefault.jpg\" class=\"stream-thumb\" loading=\"lazy\" alt=\"Pelo cuidado pastoral dos enfermos \u2013 O V\u00eddeo do Papa 7 \u2013 julho 2024\"><div class=\"stream-overlay\"><\/div><\/a><h3 class=\"video-title\">Pelo cuidado pastoral dos enfermos \u2013 O V\u00eddeo do Papa 7 \u2013 julho 2024<\/h3><\/div><div class=\"video-item year-2024\" data-year=\"2024\" data-post-id=\"96189\"><a href=\"https:\/\/www.youtube.com\/watch?v=ZPfCiplPqCA\" class=\"tpv-lightbox-trigger\" data-video-id=\"\"><img decoding=\"async\" src=\"https:\/\/img.youtube.com\/vi\/ZPfCiplPqCA\/hqdefault.jpg\" class=\"stream-thumb\" loading=\"lazy\" alt=\"Pelos l\u00edderes pol\u00edticos \u2013 O V\u00eddeo do Papa 8 \u2013 Agosto 2024\"><div class=\"stream-overlay\"><\/div><\/a><h3 class=\"video-title\">Pelos l\u00edderes pol\u00edticos \u2013 O V\u00eddeo do Papa 8 \u2013 Agosto 2024<\/h3><\/div><div class=\"video-item year-2024\" data-year=\"2024\" data-post-id=\"96185\"><a href=\"https:\/\/www.youtube.com\/watch?v=BCQxQMMXBqI\" class=\"tpv-lightbox-trigger\" data-video-id=\"\"><img decoding=\"async\" src=\"https:\/\/img.youtube.com\/vi\/BCQxQMMXBqI\/hqdefault.jpg\" class=\"stream-thumb\" loading=\"lazy\" alt=\"Pelo grito da Terra \u2013 O V\u00eddeo do Papa 9 \u2013 setembro 2024\"><div class=\"stream-overlay\"><\/div><\/a><h3 class=\"video-title\">Pelo grito da Terra \u2013 O V\u00eddeo do Papa 9 \u2013 setembro 2024<\/h3><\/div><div class=\"video-item year-2024\" data-year=\"2024\" data-post-id=\"96180\"><a href=\"https:\/\/www.youtube.com\/watch?v=BYVU1kJs5_Y\" class=\"tpv-lightbox-trigger\" data-video-id=\"\"><img decoding=\"async\" src=\"https:\/\/img.youtube.com\/vi\/BYVU1kJs5_Y\/hqdefault.jpg\" class=\"stream-thumb\" loading=\"lazy\" alt=\"Por uma miss\u00e3o comum \u2013 O V\u00eddeo do Papa 10 \u2013 Outubro 2024\"><div class=\"stream-overlay\"><\/div><\/a><h3 class=\"video-title\">Por uma miss\u00e3o comum \u2013 O V\u00eddeo do Papa 10 \u2013 Outubro 2024<\/h3><\/div><div class=\"video-item year-2024\" data-year=\"2024\" data-post-id=\"96175\"><a href=\"https:\/\/www.youtube.com\/watch?v=KVSSxb4PX0o\" class=\"tpv-lightbox-trigger\" data-video-id=\"\"><img decoding=\"async\" src=\"https:\/\/img.youtube.com\/vi\/KVSSxb4PX0o\/hqdefault.jpg\" class=\"stream-thumb\" loading=\"lazy\" alt=\"Por quem perdeu um filho \u2013 O V\u00eddeo do Papa 11 \u2013 novembro de 2024\"><div class=\"stream-overlay\"><\/div><\/a><h3 class=\"video-title\">Por quem perdeu um filho \u2013 O V\u00eddeo do Papa 11 \u2013 novembro de 2024<\/h3><\/div><div class=\"video-item year-2024\" data-year=\"2024\" data-post-id=\"96170\"><a href=\"https:\/\/www.youtube.com\/watch?v=YNVl-Fgc22U\" class=\"tpv-lightbox-trigger\" data-video-id=\"\"><img decoding=\"async\" src=\"https:\/\/img.youtube.com\/vi\/YNVl-Fgc22U\/hqdefault.jpg\" class=\"stream-thumb\" loading=\"lazy\" alt=\"Pelos peregrinos da esperan\u00e7a \u2013 O V\u00eddeo do Papa 12 \u2013 Dezembro 2024\"><div class=\"stream-overlay\"><\/div><\/a><h3 class=\"video-title\">Pelos peregrinos da esperan\u00e7a \u2013 O V\u00eddeo do Papa 12 \u2013 Dezembro 2024<\/h3><\/div><\/div><\/div><div class=\"tpv-year-section\" id=\"section-2023\"><h2 class=\"year-title\">2023<\/h2><div class=\"fila-stream\"><div class=\"video-item year-2023\" data-year=\"2023\" data-post-id=\"96284\"><a href=\"https:\/\/www.youtube.com\/watch?v=UMwvZosF_-o\" class=\"tpv-lightbox-trigger\" data-video-id=\"\"><img decoding=\"async\" src=\"https:\/\/img.youtube.com\/vi\/UMwvZosF_-o\/hqdefault.jpg\" class=\"stream-thumb\" loading=\"lazy\" alt=\"Pelos educadores - O V\u00eddeo do Papa 1 - Janeiro de 2023\"><div class=\"stream-overlay\"><\/div><\/a><h3 class=\"video-title\">Pelos educadores - O V\u00eddeo do Papa 1 - Janeiro de 2023<\/h3><\/div><div class=\"video-item year-2023\" data-year=\"2023\" data-post-id=\"96279\"><a href=\"https:\/\/www.youtube.com\/watch?v=vddaKCvM39Q\" class=\"tpv-lightbox-trigger\" data-video-id=\"\"><img decoding=\"async\" src=\"https:\/\/img.youtube.com\/vi\/vddaKCvM39Q\/hqdefault.jpg\" class=\"stream-thumb\" loading=\"lazy\" alt=\"Pelas par\u00f3quias - O V\u00eddeo do Papa 2 - Fevereiro 2023\"><div class=\"stream-overlay\"><\/div><\/a><h3 class=\"video-title\">Pelas par\u00f3quias - O V\u00eddeo do Papa 2 - Fevereiro 2023<\/h3><\/div><div class=\"video-item year-2023\" data-year=\"2023\" data-post-id=\"96274\"><a href=\"https:\/\/www.youtube.com\/watch?v=Jy9kaR6UO7s\" class=\"tpv-lightbox-trigger\" data-video-id=\"\"><img decoding=\"async\" src=\"https:\/\/img.youtube.com\/vi\/Jy9kaR6UO7s\/hqdefault.jpg\" class=\"stream-thumb\" loading=\"lazy\" alt=\"Pelas v\u00edtimas de abusos \u2013 O V\u00eddeo do Papa 3 \u2013 Mar\u00e7o 2023\"><div class=\"stream-overlay\"><\/div><\/a><h3 class=\"video-title\">Pelas v\u00edtimas de abusos \u2013 O V\u00eddeo do Papa 3 \u2013 Mar\u00e7o 2023<\/h3><\/div><div class=\"video-item year-2023\" data-year=\"2023\" data-post-id=\"96269\"><a href=\"https:\/\/www.youtube.com\/watch?v=IeEsrR6t130\" class=\"tpv-lightbox-trigger\" data-video-id=\"\"><img decoding=\"async\" src=\"https:\/\/img.youtube.com\/vi\/IeEsrR6t130\/hqdefault.jpg\" class=\"stream-thumb\" loading=\"lazy\" alt=\"Por uma cultura da n\u00e3o viol\u00eancia \u2013 O V\u00eddeo do Papa 4 \u2013 abril 2023\"><div class=\"stream-overlay\"><\/div><\/a><h3 class=\"video-title\">Por uma cultura da n\u00e3o viol\u00eancia \u2013 O V\u00eddeo do Papa 4 \u2013 abril 2023<\/h3><\/div><div class=\"video-item year-2023\" data-year=\"2023\" data-post-id=\"96264\"><a href=\"https:\/\/www.youtube.com\/watch?v=rz9ShutoRck\" class=\"tpv-lightbox-trigger\" data-video-id=\"\"><img decoding=\"async\" src=\"https:\/\/img.youtube.com\/vi\/rz9ShutoRck\/hqdefault.jpg\" class=\"stream-thumb\" loading=\"lazy\" alt=\"Pelos Movimentos e Grupos eclesiais \u2013 O V\u00eddeo do Papa 5 \u2013 Maio de 2023\"><div class=\"stream-overlay\"><\/div><\/a><h3 class=\"video-title\">Pelos Movimentos e Grupos eclesiais \u2013 O V\u00eddeo do Papa 5 \u2013 Maio de 2023<\/h3><\/div><div class=\"video-item year-2023\" data-year=\"2023\" data-post-id=\"96259\"><a href=\"https:\/\/www.youtube.com\/watch?v=RNfMopjdgVs\" class=\"tpv-lightbox-trigger\" data-video-id=\"\"><img decoding=\"async\" src=\"https:\/\/img.youtube.com\/vi\/RNfMopjdgVs\/hqdefault.jpg\" class=\"stream-thumb\" loading=\"lazy\" alt=\"Pela aboli\u00e7\u00e3o da tortura \u2013 O V\u00eddeo do Papa 6 \u2013 Junho de 2023\"><div class=\"stream-overlay\"><\/div><\/a><h3 class=\"video-title\">Pela aboli\u00e7\u00e3o da tortura \u2013 O V\u00eddeo do Papa 6 \u2013 Junho de 2023<\/h3><\/div><div class=\"video-item year-2023\" data-year=\"2023\" data-post-id=\"96254\"><a href=\"https:\/\/www.youtube.com\/watch?v=z2Yo12PqF0c\" class=\"tpv-lightbox-trigger\" data-video-id=\"\"><img decoding=\"async\" src=\"https:\/\/img.youtube.com\/vi\/z2Yo12PqF0c\/hqdefault.jpg\" class=\"stream-thumb\" loading=\"lazy\" alt=\"Por uma vida eucar\u00edstica \u2013 O V\u00eddeo do Papa 7 \u2013 Julho 2023\"><div class=\"stream-overlay\"><\/div><\/a><h3 class=\"video-title\">Por uma vida eucar\u00edstica \u2013 O V\u00eddeo do Papa 7 \u2013 Julho 2023<\/h3><\/div><div class=\"video-item year-2023\" data-year=\"2023\" data-post-id=\"96249\"><a href=\"https:\/\/www.youtube.com\/watch?v=P_Eze697FdA\" class=\"tpv-lightbox-trigger\" data-video-id=\"\"><img decoding=\"async\" src=\"https:\/\/img.youtube.com\/vi\/P_Eze697FdA\/hqdefault.jpg\" class=\"stream-thumb\" loading=\"lazy\" alt=\"Pela Jornada Mundial da Juventude \u2013 O V\u00eddeo do Papa 8 \u2013 Agosto 2023\"><div class=\"stream-overlay\"><\/div><\/a><h3 class=\"video-title\">Pela Jornada Mundial da Juventude \u2013 O V\u00eddeo do Papa 8 \u2013 Agosto 2023<\/h3><\/div><div class=\"video-item year-2023\" data-year=\"2023\" data-post-id=\"96244\"><a href=\"https:\/\/www.youtube.com\/watch?v=N4bMQhYqk4g\" class=\"tpv-lightbox-trigger\" data-video-id=\"\"><img decoding=\"async\" src=\"https:\/\/img.youtube.com\/vi\/N4bMQhYqk4g\/hqdefault.jpg\" class=\"stream-thumb\" loading=\"lazy\" alt=\"Pelas pessoas marginalizadas \u2013 O V\u00eddeo do Papa 9 \u2013 Setembro de 2023\"><div class=\"stream-overlay\"><\/div><\/a><h3 class=\"video-title\">Pelas pessoas marginalizadas \u2013 O V\u00eddeo do Papa 9 \u2013 Setembro de 2023<\/h3><\/div><div class=\"video-item year-2023\" data-year=\"2023\" data-post-id=\"96239\"><a href=\"https:\/\/www.youtube.com\/watch?v=nafxybu6T1g\" class=\"tpv-lightbox-trigger\" data-video-id=\"\"><img decoding=\"async\" src=\"https:\/\/img.youtube.com\/vi\/nafxybu6T1g\/hqdefault.jpg\" class=\"stream-thumb\" loading=\"lazy\" alt=\"Pelo S\u00ednodo \u2013 O Video do Papa 10 \u2013 Outubro 2023\"><div class=\"stream-overlay\"><\/div><\/a><h3 class=\"video-title\">Pelo S\u00ednodo \u2013 O Video do Papa 10 \u2013 Outubro 2023<\/h3><\/div><div class=\"video-item year-2023\" data-year=\"2023\" data-post-id=\"96234\"><a href=\"https:\/\/www.youtube.com\/watch?v=xr0uWACRb1I\" class=\"tpv-lightbox-trigger\" data-video-id=\"\"><img decoding=\"async\" src=\"https:\/\/img.youtube.com\/vi\/xr0uWACRb1I\/hqdefault.jpg\" class=\"stream-thumb\" loading=\"lazy\" alt=\"Pelo Papa \u2013 O V\u00eddeo do Papa 11 \u2013 Novembro 2023\"><div class=\"stream-overlay\"><\/div><\/a><h3 class=\"video-title\">Pelo Papa \u2013 O V\u00eddeo do Papa 11 \u2013 Novembro 2023<\/h3><\/div><div class=\"video-item year-2023\" data-year=\"2023\" data-post-id=\"96229\"><a href=\"https:\/\/www.youtube.com\/watch?v=fmA_VBKZcMM\" class=\"tpv-lightbox-trigger\" data-video-id=\"\"><img decoding=\"async\" src=\"https:\/\/img.youtube.com\/vi\/fmA_VBKZcMM\/hqdefault.jpg\" class=\"stream-thumb\" loading=\"lazy\" alt=\"Pelas pessoas portadoras de defici\u00eancia \u2013 O V\u00eddeo do Papa 12 \u2013 Dezembro 2023\"><div class=\"stream-overlay\"><\/div><\/a><h3 class=\"video-title\">Pelas pessoas portadoras de defici\u00eancia \u2013 O V\u00eddeo do Papa 12 \u2013 Dezembro 2023<\/h3><\/div><\/div><\/div><div class=\"tpv-year-section\" id=\"section-2022\"><h2 class=\"year-title\">2022<\/h2><div class=\"fila-stream\"><div class=\"video-item year-2022\" data-year=\"2022\" data-post-id=\"96344\"><a href=\"https:\/\/www.youtube.com\/watch?v=bHnkfTYUF1M\" class=\"tpv-lightbox-trigger\" data-video-id=\"\"><img decoding=\"async\" src=\"https:\/\/img.youtube.com\/vi\/bHnkfTYUF1M\/hqdefault.jpg\" class=\"stream-thumb\" loading=\"lazy\" alt=\"Discrimina\u00e7\u00e3o e persegui\u00e7\u00e3o religiosa - O V\u00eddeo do Papa 01 - janeiro de 2022\"><div class=\"stream-overlay\"><\/div><\/a><h3 class=\"video-title\">Discrimina\u00e7\u00e3o e persegui\u00e7\u00e3o religiosa - O V\u00eddeo do Papa 01 - janeiro de 2022<\/h3><\/div><div class=\"video-item year-2022\" data-year=\"2022\" data-post-id=\"96339\"><a href=\"https:\/\/www.youtube.com\/watch?v=yMu2Xiu-eks\" class=\"tpv-lightbox-trigger\" data-video-id=\"\"><img decoding=\"async\" src=\"https:\/\/img.youtube.com\/vi\/yMu2Xiu-eks\/hqdefault.jpg\" class=\"stream-thumb\" loading=\"lazy\" alt=\"Pelas religiosas e consagradas \u2013 O V\u00eddeo do Papa 02 \u2013 Fevereiro de 2022\"><div class=\"stream-overlay\"><\/div><\/a><h3 class=\"video-title\">Pelas religiosas e consagradas \u2013 O V\u00eddeo do Papa 02 \u2013 Fevereiro de 2022<\/h3><\/div><div class=\"video-item year-2022\" data-year=\"2022\" data-post-id=\"96334\"><a href=\"https:\/\/www.youtube.com\/watch?v=A-_Uj2t9MiM\" class=\"tpv-lightbox-trigger\" data-video-id=\"\"><img decoding=\"async\" src=\"https:\/\/img.youtube.com\/vi\/A-_Uj2t9MiM\/hqdefault.jpg\" class=\"stream-thumb\" loading=\"lazy\" alt=\"Por uma resposta crist\u00e3 aos desafios da bio\u00e9tica \u2013 O V\u00eddeo do Papa 03 \u2013 mar\u00e7o de 2022\"><div class=\"stream-overlay\"><\/div><\/a><h3 class=\"video-title\">Por uma resposta crist\u00e3 aos desafios da bio\u00e9tica \u2013 O V\u00eddeo do Papa 03 \u2013 mar\u00e7o de 2022<\/h3><\/div><div class=\"video-item year-2022\" data-year=\"2022\" data-post-id=\"96329\"><a href=\"https:\/\/www.youtube.com\/watch?v=lz9jI5MtWL4\" class=\"tpv-lightbox-trigger\" data-video-id=\"\"><img decoding=\"async\" src=\"https:\/\/img.youtube.com\/vi\/lz9jI5MtWL4\/hqdefault.jpg\" class=\"stream-thumb\" loading=\"lazy\" alt=\"Pelos profissionais de sa\u00fade \u2013 O V\u00eddeo do Papa 04 \u2013 Abril 2022\"><div class=\"stream-overlay\"><\/div><\/a><h3 class=\"video-title\">Pelos profissionais de sa\u00fade \u2013 O V\u00eddeo do Papa 04 \u2013 Abril 2022<\/h3><\/div><div class=\"video-item year-2022\" data-year=\"2022\" data-post-id=\"96324\"><a href=\"https:\/\/www.youtube.com\/watch?v=PNs10eV6uOQ\" class=\"tpv-lightbox-trigger\" data-video-id=\"\"><img decoding=\"async\" src=\"https:\/\/img.youtube.com\/vi\/PNs10eV6uOQ\/hqdefault.jpg\" class=\"stream-thumb\" loading=\"lazy\" alt=\"Pela f\u00e9 dos jovens \u2013 O V\u00eddeo do Papa 05 \u2013 Maio de 2022\"><div class=\"stream-overlay\"><\/div><\/a><h3 class=\"video-title\">Pela f\u00e9 dos jovens \u2013 O V\u00eddeo do Papa 05 \u2013 Maio de 2022<\/h3><\/div><div class=\"video-item year-2022\" data-year=\"2022\" data-post-id=\"96319\"><a href=\"https:\/\/www.youtube.com\/watch?v=EIVokamEEJY\" class=\"tpv-lightbox-trigger\" data-video-id=\"\"><img decoding=\"async\" src=\"https:\/\/img.youtube.com\/vi\/EIVokamEEJY\/hqdefault.jpg\" class=\"stream-thumb\" loading=\"lazy\" alt=\"Pelas fam\u00edlias \u2013 O V\u00eddeo do Papa 06 \u2013 Junho de 2022\"><div class=\"stream-overlay\"><\/div><\/a><h3 class=\"video-title\">Pelas fam\u00edlias \u2013 O V\u00eddeo do Papa 06 \u2013 Junho de 2022<\/h3><\/div><div class=\"video-item year-2022\" data-year=\"2022\" data-post-id=\"96314\"><a href=\"https:\/\/www.youtube.com\/watch?v=RHEOxJUnjyI\" class=\"tpv-lightbox-trigger\" data-video-id=\"\"><img decoding=\"async\" src=\"https:\/\/img.youtube.com\/vi\/RHEOxJUnjyI\/hqdefault.jpg\" class=\"stream-thumb\" loading=\"lazy\" alt=\"Pelos idosos - O V\u00eddeo do Papa 07 - Julho de 2022\"><div class=\"stream-overlay\"><\/div><\/a><h3 class=\"video-title\">Pelos idosos - O V\u00eddeo do Papa 07 - Julho de 2022<\/h3><\/div><div class=\"video-item year-2022\" data-year=\"2022\" data-post-id=\"96309\"><a href=\"https:\/\/www.youtube.com\/watch?v=pHbx6tLTzfE\" class=\"tpv-lightbox-trigger\" data-video-id=\"\"><img decoding=\"async\" src=\"https:\/\/img.youtube.com\/vi\/pHbx6tLTzfE\/hqdefault.jpg\" class=\"stream-thumb\" loading=\"lazy\" alt=\"Pelos pequenos e m\u00e9dios empres\u00e1rios \u2013 O V\u00eddeo do Papa 08 \u2013 Agosto de 2022\"><div class=\"stream-overlay\"><\/div><\/a><h3 class=\"video-title\">Pelos pequenos e m\u00e9dios empres\u00e1rios \u2013 O V\u00eddeo do Papa 08 \u2013 Agosto de 2022<\/h3><\/div><div class=\"video-item year-2022\" data-year=\"2022\" data-post-id=\"96304\"><a href=\"https:\/\/www.youtube.com\/watch?v=GIM1c0DRGNs\" class=\"tpv-lightbox-trigger\" data-video-id=\"\"><img decoding=\"async\" src=\"https:\/\/img.youtube.com\/vi\/GIM1c0DRGNs\/hqdefault.jpg\" class=\"stream-thumb\" loading=\"lazy\" alt=\"Pela aboli\u00e7\u00e3o da pena de morte - O V\u00eddeo do Papa 09 - Setembro 2022\"><div class=\"stream-overlay\"><\/div><\/a><h3 class=\"video-title\">Pela aboli\u00e7\u00e3o da pena de morte - O V\u00eddeo do Papa 09 - Setembro 2022<\/h3><\/div><div class=\"video-item year-2022\" data-year=\"2022\" data-post-id=\"96299\"><a href=\"https:\/\/www.youtube.com\/watch?v=QfY3GJuNbhA\" class=\"tpv-lightbox-trigger\" data-video-id=\"\"><img decoding=\"async\" src=\"https:\/\/img.youtube.com\/vi\/QfY3GJuNbhA\/hqdefault.jpg\" class=\"stream-thumb\" loading=\"lazy\" alt=\"Por uma Igreja aberta a todos - O V\u00eddeo do Papa 10 - Outubro de 2022\"><div class=\"stream-overlay\"><\/div><\/a><h3 class=\"video-title\">Por uma Igreja aberta a todos - O V\u00eddeo do Papa 10 - Outubro de 2022<\/h3><\/div><div class=\"video-item year-2022\" data-year=\"2022\" data-post-id=\"96294\"><a href=\"https:\/\/www.youtube.com\/watch?v=B6aouS57vPs\" class=\"tpv-lightbox-trigger\" data-video-id=\"\"><img decoding=\"async\" src=\"https:\/\/img.youtube.com\/vi\/B6aouS57vPs\/hqdefault.jpg\" class=\"stream-thumb\" loading=\"lazy\" alt=\"Pelas crian\u00e7as que sofrem - O V\u00eddeo do Papa 11 - Novembro de 2022\"><div class=\"stream-overlay\"><\/div><\/a><h3 class=\"video-title\">Pelas crian\u00e7as que sofrem - O V\u00eddeo do Papa 11 - Novembro de 2022<\/h3><\/div><div class=\"video-item year-2022\" data-year=\"2022\" data-post-id=\"96289\"><a href=\"https:\/\/www.youtube.com\/watch?v=aH0LKG5SPwQ\" class=\"tpv-lightbox-trigger\" data-video-id=\"\"><img decoding=\"async\" src=\"https:\/\/img.youtube.com\/vi\/aH0LKG5SPwQ\/hqdefault.jpg\" class=\"stream-thumb\" loading=\"lazy\" alt=\"Pelas organiza\u00e7\u00f5es de voluntariado - O V\u00eddeo do Papa 12 - dezembro 2022\"><div class=\"stream-overlay\"><\/div><\/a><h3 class=\"video-title\">Pelas organiza\u00e7\u00f5es de voluntariado - O V\u00eddeo do Papa 12 - dezembro 2022<\/h3><\/div><\/div><\/div><div class=\"tpv-year-section\" id=\"section-2021\"><h2 class=\"year-title\">2021<\/h2><div class=\"fila-stream\"><div class=\"video-item year-2021\" data-year=\"2021\" data-post-id=\"96398\"><a href=\"https:\/\/www.youtube.com\/watch?v=6yzhF3rdjx0\" class=\"tpv-lightbox-trigger\" data-video-id=\"\"><img decoding=\"async\" src=\"https:\/\/img.youtube.com\/vi\/6yzhF3rdjx0\/hqdefault.jpg\" class=\"stream-thumb\" loading=\"lazy\" alt=\"Pelas mulheres vi\u0301timas de viole\u0302ncia - O V\u00eddeo do Papa 2 - fevereiro de 2021\"><div class=\"stream-overlay\"><\/div><\/a><h3 class=\"video-title\">Pelas mulheres vi\u0301timas de viole\u0302ncia - O V\u00eddeo do Papa 2 - fevereiro de 2021<\/h3><\/div><div class=\"video-item year-2021\" data-year=\"2021\" data-post-id=\"96393\"><a href=\"https:\/\/www.youtube.com\/watch?v=Rp1l8lDnGHM\" class=\"tpv-lightbox-trigger\" data-video-id=\"\"><img decoding=\"async\" src=\"https:\/\/img.youtube.com\/vi\/Rp1l8lDnGHM\/hqdefault.jpg\" class=\"stream-thumb\" loading=\"lazy\" alt=\"O Sacramento da Reconcilia\u00e7\u00e3o - O V\u00eddeo do Papa 3 - mar\u00e7o de 2021\"><div class=\"stream-overlay\"><\/div><\/a><h3 class=\"video-title\">O Sacramento da Reconcilia\u00e7\u00e3o - O V\u00eddeo do Papa 3 - mar\u00e7o de 2021<\/h3><\/div><div class=\"video-item year-2021\" data-year=\"2021\" data-post-id=\"96388\"><a href=\"https:\/\/www.youtube.com\/watch?v=XO4sNdyZAZk\" class=\"tpv-lightbox-trigger\" data-video-id=\"\"><img decoding=\"async\" src=\"https:\/\/img.youtube.com\/vi\/XO4sNdyZAZk\/hqdefault.jpg\" class=\"stream-thumb\" loading=\"lazy\" alt=\"Direitos Fundamentais - O V\u00eddeo do Papa 4 - abril de 2021\"><div class=\"stream-overlay\"><\/div><\/a><h3 class=\"video-title\">Direitos Fundamentais - O V\u00eddeo do Papa 4 - abril de 2021<\/h3><\/div><div class=\"video-item year-2021\" data-year=\"2021\" data-post-id=\"96383\"><a href=\"https:\/\/www.youtube.com\/watch?v=HA_3J_7sT48\" class=\"tpv-lightbox-trigger\" data-video-id=\"\"><img decoding=\"async\" src=\"https:\/\/img.youtube.com\/vi\/HA_3J_7sT48\/hqdefault.jpg\" class=\"stream-thumb\" loading=\"lazy\" alt=\"O Mundo das Finan\u00e7as - O V\u00eddeo do Papa 5 - Maio de 2021\"><div class=\"stream-overlay\"><\/div><\/a><h3 class=\"video-title\">O Mundo das Finan\u00e7as - O V\u00eddeo do Papa 5 - Maio de 2021<\/h3><\/div><div class=\"video-item year-2021\" data-year=\"2021\" data-post-id=\"96379\"><a href=\"https:\/\/www.youtube.com\/watch?v=aO6uONDd1ps\" class=\"tpv-lightbox-trigger\" data-video-id=\"\"><img decoding=\"async\" src=\"https:\/\/img.youtube.com\/vi\/aO6uONDd1ps\/hqdefault.jpg\" class=\"stream-thumb\" loading=\"lazy\" alt=\"A beleza do matrimo\u0302nio \u2013 O V\u00eddeo do Papa 6 \u2013 Junho 2021\"><div class=\"stream-overlay\"><\/div><\/a><h3 class=\"video-title\">A beleza do matrimo\u0302nio \u2013 O V\u00eddeo do Papa 6 \u2013 Junho 2021<\/h3><\/div><div class=\"video-item year-2021\" data-year=\"2021\" data-post-id=\"96374\"><a href=\"https:\/\/www.youtube.com\/watch?v=nEwSfkNEFs0\" class=\"tpv-lightbox-trigger\" data-video-id=\"\"><img decoding=\"async\" src=\"https:\/\/img.youtube.com\/vi\/nEwSfkNEFs0\/hqdefault.jpg\" class=\"stream-thumb\" loading=\"lazy\" alt=\"A Amizade Social - O V\u00eddeo do Papa 7 - julho de 2021\"><div class=\"stream-overlay\"><\/div><\/a><h3 class=\"video-title\">A Amizade Social - O V\u00eddeo do Papa 7 - julho de 2021<\/h3><\/div><div class=\"video-item year-2021\" data-year=\"2021\" data-post-id=\"96369\"><a href=\"https:\/\/www.youtube.com\/watch?v=FIqCZj_ClSg\" class=\"tpv-lightbox-trigger\" data-video-id=\"\"><img decoding=\"async\" src=\"https:\/\/img.youtube.com\/vi\/FIqCZj_ClSg\/hqdefault.jpg\" class=\"stream-thumb\" loading=\"lazy\" alt=\"A Igreja a caminho - O V\u00eddeo do Papa 8 - agosto de 2021\"><div class=\"stream-overlay\"><\/div><\/a><h3 class=\"video-title\">A Igreja a caminho - O V\u00eddeo do Papa 8 - agosto de 2021<\/h3><\/div><div class=\"video-item year-2021\" data-year=\"2021\" data-post-id=\"96364\"><a href=\"https:\/\/www.youtube.com\/watch?v=AkIrkjhOLs0\" class=\"tpv-lightbox-trigger\" data-video-id=\"\"><img decoding=\"async\" src=\"https:\/\/img.youtube.com\/vi\/AkIrkjhOLs0\/hqdefault.jpg\" class=\"stream-thumb\" loading=\"lazy\" alt=\"Um estilo de vida ecossustent\u00e1vel - O V\u00eddeo do Papa 9 - setembro de 2021\"><div class=\"stream-overlay\"><\/div><\/a><h3 class=\"video-title\">Um estilo de vida ecossustent\u00e1vel - O V\u00eddeo do Papa 9 - setembro de 2021<\/h3><\/div><div class=\"video-item year-2021\" data-year=\"2021\" data-post-id=\"96359\"><a href=\"https:\/\/www.youtube.com\/watch?v=ko-WF9-OAV0\" class=\"tpv-lightbox-trigger\" data-video-id=\"\"><img decoding=\"async\" src=\"https:\/\/img.youtube.com\/vi\/ko-WF9-OAV0\/hqdefault.jpg\" class=\"stream-thumb\" loading=\"lazy\" alt=\"Disc\u00edpulos Mission\u00e1rios - O V\u00eddeo do Papa 10 \u2013 outubro de 2021\"><div class=\"stream-overlay\"><\/div><\/a><h3 class=\"video-title\">Disc\u00edpulos Mission\u00e1rios - O V\u00eddeo do Papa 10 \u2013 outubro de 2021<\/h3><\/div><div class=\"video-item year-2021\" data-year=\"2021\" data-post-id=\"96354\"><a href=\"https:\/\/www.youtube.com\/watch?v=pZXIbu2JZjw\" class=\"tpv-lightbox-trigger\" data-video-id=\"\"><img decoding=\"async\" src=\"https:\/\/img.youtube.com\/vi\/pZXIbu2JZjw\/hqdefault.jpg\" class=\"stream-thumb\" loading=\"lazy\" alt=\"As pessoas que sofrem de depress\u00e3o - O V\u00eddeo do Papa 11 - Novembro de 2021\"><div class=\"stream-overlay\"><\/div><\/a><h3 class=\"video-title\">As pessoas que sofrem de depress\u00e3o - O V\u00eddeo do Papa 11 - Novembro de 2021<\/h3><\/div><div class=\"video-item year-2021\" data-year=\"2021\" data-post-id=\"96349\"><a href=\"https:\/\/www.youtube.com\/watch?v=_RkMtxWSIhQ\" class=\"tpv-lightbox-trigger\" data-video-id=\"\"><img decoding=\"async\" src=\"https:\/\/img.youtube.com\/vi\/_RkMtxWSIhQ\/hqdefault.jpg\" class=\"stream-thumb\" loading=\"lazy\" alt=\"Os Catequistas - O V\u00eddeo do Papa 12 - dezembro de 2021\"><div class=\"stream-overlay\"><\/div><\/a><h3 class=\"video-title\">Os Catequistas - O V\u00eddeo do Papa 12 - dezembro de 2021<\/h3><\/div><\/div><\/div><div class=\"tpv-year-section\" id=\"section-2020\"><h2 class=\"year-title\">2020<\/h2><div class=\"fila-stream\"><div class=\"video-item year-2020\" data-year=\"2020\" data-post-id=\"96468\"><a href=\"https:\/\/www.youtube.com\/watch?v=RHY5NmYRTT8\" class=\"tpv-lightbox-trigger\" data-video-id=\"\"><img decoding=\"async\" src=\"https:\/\/img.youtube.com\/vi\/RHY5NmYRTT8\/hqdefault.jpg\" class=\"stream-thumb\" loading=\"lazy\" alt=\"Promo\u00e7\u00e3o da paz no mundo - O V\u00eddeo do Papa 1 - Janeiro de 2020\"><div class=\"stream-overlay\"><\/div><\/a><h3 class=\"video-title\">Promo\u00e7\u00e3o da paz no mundo - O V\u00eddeo do Papa 1 - Janeiro de 2020<\/h3><\/div><div class=\"video-item year-2020\" data-year=\"2020\" data-post-id=\"96463\"><a href=\"https:\/\/www.youtube.com\/watch?v=W7ddzbvbd4I\" class=\"tpv-lightbox-trigger\" data-video-id=\"\"><img decoding=\"async\" src=\"https:\/\/img.youtube.com\/vi\/W7ddzbvbd4I\/hqdefault.jpg\" class=\"stream-thumb\" loading=\"lazy\" alt=\"Escutar os gritos dos migrantes - O V\u00eddeo do Papa 2 - fevereiro de 2020\"><div class=\"stream-overlay\"><\/div><\/a><h3 class=\"video-title\">Escutar os gritos dos migrantes - O V\u00eddeo do Papa 2 - fevereiro de 2020<\/h3><\/div><div class=\"video-item year-2020\" data-year=\"2020\" data-post-id=\"96458\"><a href=\"https:\/\/www.youtube.com\/watch?v=k2NTx0xewGk\" class=\"tpv-lightbox-trigger\" data-video-id=\"\"><img decoding=\"async\" src=\"https:\/\/img.youtube.com\/vi\/k2NTx0xewGk\/hqdefault.jpg\" class=\"stream-thumb\" loading=\"lazy\" alt=\"Os Cat\u00f3licos na China - V\u00eddeo do Papa 3 - mar\u00e7o de 2020\"><div class=\"stream-overlay\"><\/div><\/a><h3 class=\"video-title\">Os Cat\u00f3licos na China - V\u00eddeo do Papa 3 - mar\u00e7o de 2020<\/h3><\/div><div class=\"video-item year-2020\" data-year=\"2020\" data-post-id=\"96453\"><a href=\"https:\/\/www.youtube.com\/watch?v=1CX6MDNBrIs\" class=\"tpv-lightbox-trigger\" data-video-id=\"\"><img decoding=\"async\" src=\"https:\/\/img.youtube.com\/vi\/1CX6MDNBrIs\/hqdefault.jpg\" class=\"stream-thumb\" loading=\"lazy\" alt=\"#PrayForTheWorld - O Video do Papa PFTW - Mar\u00e7o 2020\"><div class=\"stream-overlay\"><\/div><\/a><h3 class=\"video-title\">#PrayForTheWorld - O Video do Papa PFTW - Mar\u00e7o 2020<\/h3><\/div><div class=\"video-item year-2020\" data-year=\"2020\" data-post-id=\"96448\"><a href=\"https:\/\/www.youtube.com\/watch?v=v5xWC3xhWPI\" class=\"tpv-lightbox-trigger\" data-video-id=\"\"><img decoding=\"async\" src=\"https:\/\/img.youtube.com\/vi\/v5xWC3xhWPI\/hqdefault.jpg\" class=\"stream-thumb\" loading=\"lazy\" alt=\"Liberta\u00e7\u00e3o das depend\u00eancias - O V\u00eddeo do Papa 4 - abril de 2020\"><div class=\"stream-overlay\"><\/div><\/a><h3 class=\"video-title\">Liberta\u00e7\u00e3o das depend\u00eancias - O V\u00eddeo do Papa 4 - abril de 2020<\/h3><\/div><div class=\"video-item year-2020\" data-year=\"2020\" data-post-id=\"96443\"><a href=\"https:\/\/www.youtube.com\/watch?v=ZH0Dvd-cEVo\" class=\"tpv-lightbox-trigger\" data-video-id=\"\"><img decoding=\"async\" src=\"https:\/\/img.youtube.com\/vi\/ZH0Dvd-cEVo\/hqdefault.jpg\" class=\"stream-thumb\" loading=\"lazy\" alt=\"Pelos di\u00e1conos - V\u00eddeo do Papa 5 - maio de 2020\"><div class=\"stream-overlay\"><\/div><\/a><h3 class=\"video-title\">Pelos di\u00e1conos - V\u00eddeo do Papa 5 - maio de 2020<\/h3><\/div><div class=\"video-item year-2020\" data-year=\"2020\" data-post-id=\"96438\"><a href=\"https:\/\/www.youtube.com\/watch?v=Dz90CJ1NK_A\" class=\"tpv-lightbox-trigger\" data-video-id=\"\"><img decoding=\"async\" src=\"https:\/\/img.youtube.com\/vi\/Dz90CJ1NK_A\/hqdefault.jpg\" class=\"stream-thumb\" loading=\"lazy\" alt=\"Compaix\u00e3o pelo mundo - O V\u00eddeo do Papa 6 - junho 2020\"><div class=\"stream-overlay\"><\/div><\/a><h3 class=\"video-title\">Compaix\u00e3o pelo mundo - O V\u00eddeo do Papa 6 - junho 2020<\/h3><\/div><div class=\"video-item year-2020\" data-year=\"2020\" data-post-id=\"96433\"><a href=\"https:\/\/www.youtube.com\/watch?v=IBfoQw5v9vk\" class=\"tpv-lightbox-trigger\" data-video-id=\"\"><img decoding=\"async\" src=\"https:\/\/img.youtube.com\/vi\/IBfoQw5v9vk\/hqdefault.jpg\" class=\"stream-thumb\" loading=\"lazy\" alt=\"As nossas fam\u00edlias - O V\u00eddeo do Papa 7 - julho 2020\"><div class=\"stream-overlay\"><\/div><\/a><h3 class=\"video-title\">As nossas fam\u00edlias - O V\u00eddeo do Papa 7 - julho 2020<\/h3><\/div><div class=\"video-item year-2020\" data-year=\"2020\" data-post-id=\"96428\"><a href=\"https:\/\/www.youtube.com\/watch?v=B2eLb7QYOn8\" class=\"tpv-lightbox-trigger\" data-video-id=\"\"><img decoding=\"async\" src=\"https:\/\/img.youtube.com\/vi\/B2eLb7QYOn8\/hqdefault.jpg\" class=\"stream-thumb\" loading=\"lazy\" alt=\"O mundo do mar - O V\u00eddeo do Papa 8 - agosto 2020\"><div class=\"stream-overlay\"><\/div><\/a><h3 class=\"video-title\">O mundo do mar - O V\u00eddeo do Papa 8 - agosto 2020<\/h3><\/div><div class=\"video-item year-2020\" data-year=\"2020\" data-post-id=\"96423\"><a href=\"https:\/\/www.youtube.com\/watch?v=lbJmerZuxwY\" class=\"tpv-lightbox-trigger\" data-video-id=\"\"><img decoding=\"async\" src=\"https:\/\/img.youtube.com\/vi\/lbJmerZuxwY\/hqdefault.jpg\" class=\"stream-thumb\" loading=\"lazy\" alt=\"Respeito pelos recursos do planeta \u2013 O V\u00eddeo do Papa 9 \u2013 Setembro de 2020\"><div class=\"stream-overlay\"><\/div><\/a><h3 class=\"video-title\">Respeito pelos recursos do planeta \u2013 O V\u00eddeo do Papa 9 \u2013 Setembro de 2020<\/h3><\/div><div class=\"video-item year-2020\" data-year=\"2020\" data-post-id=\"96418\"><a href=\"https:\/\/www.youtube.com\/watch?v=yUb26abUsbs\" class=\"tpv-lightbox-trigger\" data-video-id=\"\"><img decoding=\"async\" src=\"https:\/\/img.youtube.com\/vi\/yUb26abUsbs\/hqdefault.jpg\" class=\"stream-thumb\" loading=\"lazy\" alt=\"Mulheres nas inst\u00e2ncias de responsabilidade da Igreja - O V\u00eddeo do Papa 10 - outubro de 2020\"><div class=\"stream-overlay\"><\/div><\/a><h3 class=\"video-title\">Mulheres nas inst\u00e2ncias de responsabilidade da Igreja - O V\u00eddeo do Papa 10 - outubro de 2020<\/h3><\/div><div class=\"video-item year-2020\" data-year=\"2020\" data-post-id=\"96413\"><a href=\"https:\/\/www.youtube.com\/watch?v=hkTrw3sVssI\" class=\"tpv-lightbox-trigger\" data-video-id=\"\"><img decoding=\"async\" src=\"https:\/\/img.youtube.com\/vi\/hkTrw3sVssI\/hqdefault.jpg\" class=\"stream-thumb\" loading=\"lazy\" alt=\"A intelig\u00eancia artificial - O V\u00eddeo do Papa 11 - novembro de 2020\"><div class=\"stream-overlay\"><\/div><\/a><h3 class=\"video-title\">A intelig\u00eancia artificial - O V\u00eddeo do Papa 11 - novembro de 2020<\/h3><\/div><div class=\"video-item year-2020\" data-year=\"2020\" data-post-id=\"96408\"><a href=\"https:\/\/www.youtube.com\/watch?v=Si34LBs_1sw\" class=\"tpv-lightbox-trigger\" data-video-id=\"\"><img decoding=\"async\" src=\"https:\/\/img.youtube.com\/vi\/Si34LBs_1sw\/hqdefault.jpg\" class=\"stream-thumb\" loading=\"lazy\" alt=\"Por uma vida de ora\u00e7\u00e3o - O V\u00eddeo do Papa - Dezembro 2020\"><div class=\"stream-overlay\"><\/div><\/a><h3 class=\"video-title\">Por uma vida de ora\u00e7\u00e3o - O V\u00eddeo do Papa - Dezembro 2020<\/h3><\/div><\/div><\/div><div class=\"tpv-year-section\" id=\"section-2019\"><h2 class=\"year-title\">2019<\/h2><div class=\"fila-stream\"><div class=\"video-item year-2019\" data-year=\"2019\" data-post-id=\"96534\"><a href=\"https:\/\/www.youtube.com\/watch?v=U1fJuQoqxQI\" class=\"tpv-lightbox-trigger\" data-video-id=\"\"><img decoding=\"async\" src=\"https:\/\/img.youtube.com\/vi\/U1fJuQoqxQI\/hqdefault.jpg\" class=\"stream-thumb\" loading=\"lazy\" alt=\"Jovens na escola de Maria \u2013 O V\u00eddeo do Papa 1 \u2013 Janeiro de 2019\"><div class=\"stream-overlay\"><\/div><\/a><h3 class=\"video-title\">Jovens na escola de Maria \u2013 O V\u00eddeo do Papa 1 \u2013 Janeiro de 2019<\/h3><\/div><div class=\"video-item year-2019\" data-year=\"2019\" data-post-id=\"96529\"><a href=\"https:\/\/www.youtube.com\/watch?v=mFoW6AIpsRw\" class=\"tpv-lightbox-trigger\" data-video-id=\"\"><img decoding=\"async\" src=\"https:\/\/img.youtube.com\/vi\/mFoW6AIpsRw\/hqdefault.jpg\" class=\"stream-thumb\" loading=\"lazy\" alt=\"Tr\u00e1fico de pessoas - O V\u00eddeo do Papa 2 - Fevereiro de 2019\"><div class=\"stream-overlay\"><\/div><\/a><h3 class=\"video-title\">Tr\u00e1fico de pessoas - O V\u00eddeo do Papa 2 - Fevereiro de 2019<\/h3><\/div><div class=\"video-item year-2019\" data-year=\"2019\" data-post-id=\"96524\"><a href=\"https:\/\/www.youtube.com\/watch?v=HPGEvdu8aCM\" class=\"tpv-lightbox-trigger\" data-video-id=\"\"><img decoding=\"async\" src=\"https:\/\/img.youtube.com\/vi\/HPGEvdu8aCM\/hqdefault.jpg\" class=\"stream-thumb\" loading=\"lazy\" alt=\"Reconhecimento dos direitos das comunidades crist\u00e3s - O V\u00eddeo do Papa \u2013 Mar\u00e7o de 2019\"><div class=\"stream-overlay\"><\/div><\/a><h3 class=\"video-title\">Reconhecimento dos direitos das comunidades crist\u00e3s - O V\u00eddeo do Papa \u2013 Mar\u00e7o de 2019<\/h3><\/div><div class=\"video-item year-2019\" data-year=\"2019\" data-post-id=\"96519\"><a href=\"https:\/\/www.youtube.com\/watch?v=_F2rN7qNUYs\" class=\"tpv-lightbox-trigger\" data-video-id=\"\"><img decoding=\"async\" src=\"https:\/\/img.youtube.com\/vi\/_F2rN7qNUYs\/hqdefault.jpg\" class=\"stream-thumb\" loading=\"lazy\" alt=\"M\u00e9dicos e humanit\u00e1ria em zonas de guerra \u2013 O V\u00eddeo do Papa 4 \u2013 abril de 2019\"><div class=\"stream-overlay\"><\/div><\/a><h3 class=\"video-title\">M\u00e9dicos e humanit\u00e1ria em zonas de guerra \u2013 O V\u00eddeo do Papa 4 \u2013 abril de 2019<\/h3><\/div><div class=\"video-item year-2019\" data-year=\"2019\" data-post-id=\"96514\"><a href=\"https:\/\/www.youtube.com\/watch?v=IUTtyKAUcY8\" class=\"tpv-lightbox-trigger\" data-video-id=\"\"><img decoding=\"async\" src=\"https:\/\/img.youtube.com\/vi\/IUTtyKAUcY8\/hqdefault.jpg\" class=\"stream-thumb\" loading=\"lazy\" alt=\"A Igreja na \u00c1frica, fermento de unidade - O V\u00eddeo do Papa 5 - Maio de 2019\"><div class=\"stream-overlay\"><\/div><\/a><h3 class=\"video-title\">A Igreja na \u00c1frica, fermento de unidade - O V\u00eddeo do Papa 5 - Maio de 2019<\/h3><\/div><div class=\"video-item year-2019\" data-year=\"2019\" data-post-id=\"96509\"><a href=\"https:\/\/www.youtube.com\/watch?v=gXwdWhVdWyU\" class=\"tpv-lightbox-trigger\" data-video-id=\"\"><img decoding=\"async\" src=\"https:\/\/img.youtube.com\/vi\/gXwdWhVdWyU\/hqdefault.jpg\" class=\"stream-thumb\" loading=\"lazy\" alt=\"Estilo de vida dos sacerdotes \u2013 O V\u00eddeo do Papa 6 \u2013 Junho de 2019\"><div class=\"stream-overlay\"><\/div><\/a><h3 class=\"video-title\">Estilo de vida dos sacerdotes \u2013 O V\u00eddeo do Papa 6 \u2013 Junho de 2019<\/h3><\/div><div class=\"video-item year-2019\" data-year=\"2019\" data-post-id=\"96504\"><a href=\"https:\/\/www.youtube.com\/watch?v=mCufDb11zxI\" class=\"tpv-lightbox-trigger\" data-video-id=\"\"><img decoding=\"async\" src=\"https:\/\/img.youtube.com\/vi\/mCufDb11zxI\/hqdefault.jpg\" class=\"stream-thumb\" loading=\"lazy\" alt=\"Integridade da Justi\u00e7a - O V\u00eddeo do Papa 7 - julho de 2019\"><div class=\"stream-overlay\"><\/div><\/a><h3 class=\"video-title\">Integridade da Justi\u00e7a - O V\u00eddeo do Papa 7 - julho de 2019<\/h3><\/div><div class=\"video-item year-2019\" data-year=\"2019\" data-post-id=\"96499\"><a href=\"https:\/\/www.youtube.com\/watch?v=tT4SjiFEvtA\" class=\"tpv-lightbox-trigger\" data-video-id=\"\"><img decoding=\"async\" src=\"https:\/\/img.youtube.com\/vi\/tT4SjiFEvtA\/hqdefault.jpg\" class=\"stream-thumb\" loading=\"lazy\" alt=\"As Fam\u00edlias, um laborat\u00f3rio de humaniza\u00e7\u00e3o - O V\u00eddeo do Papa 8 - Agosto 2019\"><div class=\"stream-overlay\"><\/div><\/a><h3 class=\"video-title\">As Fam\u00edlias, um laborat\u00f3rio de humaniza\u00e7\u00e3o - O V\u00eddeo do Papa 8 - Agosto 2019<\/h3><\/div><div class=\"video-item year-2019\" data-year=\"2019\" data-post-id=\"96494\"><a href=\"https:\/\/www.youtube.com\/watch?v=4x-NlDpY84E\" class=\"tpv-lightbox-trigger\" data-video-id=\"\"><img decoding=\"async\" src=\"https:\/\/img.youtube.com\/vi\/4x-NlDpY84E\/hqdefault.jpg\" class=\"stream-thumb\" loading=\"lazy\" alt=\"Prote\u00e7\u00e3o dos oceanos - O V\u00eddeo do Papa 9 - Setembro 2019\"><div class=\"stream-overlay\"><\/div><\/a><h3 class=\"video-title\">Prote\u00e7\u00e3o dos oceanos - O V\u00eddeo do Papa 9 - Setembro 2019<\/h3><\/div><div class=\"video-item year-2019\" data-year=\"2019\" data-post-id=\"96489\"><a href=\"https:\/\/www.youtube.com\/watch?v=FqtWpWhbPd8\" class=\"tpv-lightbox-trigger\" data-video-id=\"\"><img decoding=\"async\" src=\"https:\/\/img.youtube.com\/vi\/FqtWpWhbPd8\/hqdefault.jpg\" class=\"stream-thumb\" loading=\"lazy\" alt=\"Prote\u00e7\u00e3o dos oceanos [Edi\u00e7\u00e3o extensiva] - O V\u00eddeo do Papa 9 - Setembro 2019\"><div class=\"stream-overlay\"><\/div><\/a><h3 class=\"video-title\">Prote\u00e7\u00e3o dos oceanos [Edi\u00e7\u00e3o extensiva] - O V\u00eddeo do Papa 9 - Setembro 2019<\/h3><\/div><div class=\"video-item year-2019\" data-year=\"2019\" data-post-id=\"96484\"><a href=\"https:\/\/www.youtube.com\/watch?v=imxtZRXGhuU\" class=\"tpv-lightbox-trigger\" data-video-id=\"\"><img decoding=\"async\" src=\"https:\/\/img.youtube.com\/vi\/imxtZRXGhuU\/hqdefault.jpg\" class=\"stream-thumb\" loading=\"lazy\" alt=\"Primavera mission\u00e1ria na Igreja \u2013 O V\u00eddeo do Papa 10 \u2013 Outubro de 2019\"><div class=\"stream-overlay\"><\/div><\/a><h3 class=\"video-title\">Primavera mission\u00e1ria na Igreja \u2013 O V\u00eddeo do Papa 10 \u2013 Outubro de 2019<\/h3><\/div><div class=\"video-item year-2019\" data-year=\"2019\" data-post-id=\"96479\"><a href=\"https:\/\/www.youtube.com\/watch?v=eBeCQev81NA\" class=\"tpv-lightbox-trigger\" data-video-id=\"\"><img decoding=\"async\" src=\"https:\/\/img.youtube.com\/vi\/eBeCQev81NA\/hqdefault.jpg\" class=\"stream-thumb\" loading=\"lazy\" alt=\"Di\u00e1logo e Reconcilia\u00e7\u00e3o no Oriente M\u00e9dio - O V\u00eddeo do Papa 11 - novembro de 2019\"><div class=\"stream-overlay\"><\/div><\/a><h3 class=\"video-title\">Di\u00e1logo e Reconcilia\u00e7\u00e3o no Oriente M\u00e9dio - O V\u00eddeo do Papa 11 - novembro de 2019<\/h3><\/div><div class=\"video-item year-2019\" data-year=\"2019\" data-post-id=\"96474\"><a href=\"https:\/\/www.youtube.com\/watch?v=D1Bk1tjGJvU\" class=\"tpv-lightbox-trigger\" data-video-id=\"\"><img decoding=\"async\" src=\"https:\/\/img.youtube.com\/vi\/D1Bk1tjGJvU\/hqdefault.jpg\" class=\"stream-thumb\" loading=\"lazy\" alt=\"O futuro dos mais jovens - O V\u00eddeo do Papa 11 - Dezembro de 2019\"><div class=\"stream-overlay\"><\/div><\/a><h3 class=\"video-title\">O futuro dos mais jovens - O V\u00eddeo do Papa 11 - Dezembro de 2019<\/h3><\/div><\/div><\/div><div class=\"tpv-year-section\" id=\"section-2018\"><h2 class=\"year-title\">2018<\/h2><div class=\"fila-stream\"><div class=\"video-item year-2018\" data-year=\"2018\" data-post-id=\"96734\"><a href=\"https:\/\/www.youtube.com\/watch?v=95HjHFoLFCo\" class=\"tpv-lightbox-trigger\" data-video-id=\"\"><img decoding=\"async\" src=\"https:\/\/img.youtube.com\/vi\/95HjHFoLFCo\/hqdefault.jpg\" class=\"stream-thumb\" loading=\"lazy\" alt=\"Pelas minorias religiosas na \u00c1sia - O V\u00eddeo do Papa - Janeiro de 2018\"><div class=\"stream-overlay\"><\/div><\/a><h3 class=\"video-title\">Pelas minorias religiosas na \u00c1sia - O V\u00eddeo do Papa - Janeiro de 2018<\/h3><\/div><div class=\"video-item year-2018\" data-year=\"2018\" data-post-id=\"96729\"><a href=\"https:\/\/www.youtube.com\/watch?v=ff5mvc0LK1w\" class=\"tpv-lightbox-trigger\" data-video-id=\"\"><img decoding=\"async\" src=\"https:\/\/img.youtube.com\/vi\/ff5mvc0LK1w\/hqdefault.jpg\" class=\"stream-thumb\" loading=\"lazy\" alt=\"N\u00e3o \u00e0 corrup\u00e7\u00e3o \u2013 O V\u00eddeo do Papa \u2013 Fevereiro de 2018\"><div class=\"stream-overlay\"><\/div><\/a><h3 class=\"video-title\">N\u00e3o \u00e0 corrup\u00e7\u00e3o \u2013 O V\u00eddeo do Papa \u2013 Fevereiro de 2018<\/h3><\/div><div class=\"video-item year-2018\" data-year=\"2018\" data-post-id=\"96724\"><a href=\"https:\/\/www.youtube.com\/watch?v=F6Xjid-NkOw\" class=\"tpv-lightbox-trigger\" data-video-id=\"\"><img decoding=\"async\" src=\"https:\/\/img.youtube.com\/vi\/F6Xjid-NkOw\/hqdefault.jpg\" class=\"stream-thumb\" loading=\"lazy\" alt=\"Pela forma\u00e7\u00e3o para o discernimento espiritual \u2013 O V\u00eddeo do Papa \u2013 Mar\u00e7o de 2018\"><div class=\"stream-overlay\"><\/div><\/a><h3 class=\"video-title\">Pela forma\u00e7\u00e3o para o discernimento espiritual \u2013 O V\u00eddeo do Papa \u2013 Mar\u00e7o de 2018<\/h3><\/div><div class=\"video-item year-2018\" data-year=\"2018\" data-post-id=\"96719\"><a href=\"https:\/\/www.youtube.com\/watch?v=7EfMUi_oS0c\" class=\"tpv-lightbox-trigger\" data-video-id=\"\"><img decoding=\"async\" src=\"https:\/\/img.youtube.com\/vi\/7EfMUi_oS0c\/hqdefault.jpg\" class=\"stream-thumb\" loading=\"lazy\" alt=\"Por aqueles que t\u00eam responsabilidade em gest\u00e3o econ\u00f4mica - O V\u00eddeo do Papa - Abril de 2018\"><div class=\"stream-overlay\"><\/div><\/a><h3 class=\"video-title\">Por aqueles que t\u00eam responsabilidade em gest\u00e3o econ\u00f4mica - O V\u00eddeo do Papa - Abril de 2018<\/h3><\/div><div class=\"video-item year-2018\" data-year=\"2018\" data-post-id=\"96714\"><a href=\"https:\/\/www.youtube.com\/watch?v=16KsTUiIwsY\" class=\"tpv-lightbox-trigger\" data-video-id=\"\"><img decoding=\"async\" src=\"https:\/\/img.youtube.com\/vi\/16KsTUiIwsY\/hqdefault.jpg\" class=\"stream-thumb\" loading=\"lazy\" alt=\"A Miss\u00e3o dos Leigos - O V\u00eddeo do Papa - Maio de 2018\"><div class=\"stream-overlay\"><\/div><\/a><h3 class=\"video-title\">A Miss\u00e3o dos Leigos - O V\u00eddeo do Papa - Maio de 2018<\/h3><\/div><div class=\"video-item year-2018\" data-year=\"2018\" data-post-id=\"96709\"><a href=\"https:\/\/www.youtube.com\/watch?v=r5jwhnvjI8g\" class=\"tpv-lightbox-trigger\" data-video-id=\"\"><img decoding=\"async\" src=\"https:\/\/img.youtube.com\/vi\/r5jwhnvjI8g\/hqdefault.jpg\" class=\"stream-thumb\" loading=\"lazy\" alt=\"Redes Sociais \u2013 O V\u00eddeo do Papa \u2013 Junho 2018\"><div class=\"stream-overlay\"><\/div><\/a><h3 class=\"video-title\">Redes Sociais \u2013 O V\u00eddeo do Papa \u2013 Junho 2018<\/h3><\/div><div class=\"video-item year-2018\" data-year=\"2018\" data-post-id=\"96704\"><a href=\"https:\/\/www.youtube.com\/watch?v=XJk_Hj9eK6c\" class=\"tpv-lightbox-trigger\" data-video-id=\"\"><img decoding=\"async\" src=\"https:\/\/img.youtube.com\/vi\/XJk_Hj9eK6c\/hqdefault.jpg\" class=\"stream-thumb\" loading=\"lazy\" alt=\"Os sacerdotes na sua miss\u00e3o pastoral \u2013 O V\u00eddeo do Papa \u2013 Julho 2018\"><div class=\"stream-overlay\"><\/div><\/a><h3 class=\"video-title\">Os sacerdotes na sua miss\u00e3o pastoral \u2013 O V\u00eddeo do Papa \u2013 Julho 2018<\/h3><\/div><div class=\"video-item year-2018\" data-year=\"2018\" data-post-id=\"96699\"><a href=\"https:\/\/www.youtube.com\/watch?v=8q5_wSwJVCE\" class=\"tpv-lightbox-trigger\" data-video-id=\"\"><img decoding=\"async\" src=\"https:\/\/img.youtube.com\/vi\/8q5_wSwJVCE\/hqdefault.jpg\" class=\"stream-thumb\" loading=\"lazy\" alt=\"As fam\u00edlias, um tesouro \u2013 O V\u00eddeo do Papa \u2013 Agosto 2018\"><div class=\"stream-overlay\"><\/div><\/a><h3 class=\"video-title\">As fam\u00edlias, um tesouro \u2013 O V\u00eddeo do Papa \u2013 Agosto 2018<\/h3><\/div><div class=\"video-item year-2018\" data-year=\"2018\" data-post-id=\"96694\"><a href=\"https:\/\/www.youtube.com\/watch?v=9udRBow56i4\" class=\"tpv-lightbox-trigger\" data-video-id=\"\"><img decoding=\"async\" src=\"https:\/\/img.youtube.com\/vi\/9udRBow56i4\/hqdefault.jpg\" class=\"stream-thumb\" loading=\"lazy\" alt=\"Os jovens da \u00c1frica \u2013 O V\u00eddeo do Papa \u2013 Setembro 2018\"><div class=\"stream-overlay\"><\/div><\/a><h3 class=\"video-title\">Os jovens da \u00c1frica \u2013 O V\u00eddeo do Papa \u2013 Setembro 2018<\/h3><\/div><div class=\"video-item year-2018\" data-year=\"2018\" data-post-id=\"96689\"><a href=\"https:\/\/www.youtube.com\/watch?v=sMDgYWtIxI8\" class=\"tpv-lightbox-trigger\" data-video-id=\"\"><img decoding=\"async\" src=\"https:\/\/img.youtube.com\/vi\/sMDgYWtIxI8\/hqdefault.jpg\" class=\"stream-thumb\" loading=\"lazy\" alt=\"#PrayForTheChurch \u2013 Campanha especial de ora\u00e7\u00e3o pela Igreja \u2013 O V\u00eddeo do Papa \u2013 Outubro 2018\"><div class=\"stream-overlay\"><\/div><\/a><h3 class=\"video-title\">#PrayForTheChurch \u2013 Campanha especial de ora\u00e7\u00e3o pela Igreja \u2013 O V\u00eddeo do Papa \u2013 Outubro 2018<\/h3><\/div><div class=\"video-item year-2018\" data-year=\"2018\" data-post-id=\"96684\"><a href=\"https:\/\/www.youtube.com\/watch?v=wUB22osLV78\" class=\"tpv-lightbox-trigger\" data-video-id=\"\"><img decoding=\"async\" src=\"https:\/\/img.youtube.com\/vi\/wUB22osLV78\/hqdefault.jpg\" class=\"stream-thumb\" loading=\"lazy\" alt=\"A miss\u00e3o dos consagrados - O V\u00eddeo do Papa 10 Outubro de 2018\"><div class=\"stream-overlay\"><\/div><\/a><h3 class=\"video-title\">A miss\u00e3o dos consagrados - O V\u00eddeo do Papa 10 Outubro de 2018<\/h3><\/div><div class=\"video-item year-2018\" data-year=\"2018\" data-post-id=\"96679\"><a href=\"https:\/\/www.youtube.com\/watch?v=se-V_GJKYNw\" class=\"tpv-lightbox-trigger\" data-video-id=\"\"><img decoding=\"async\" src=\"https:\/\/img.youtube.com\/vi\/se-V_GJKYNw\/hqdefault.jpg\" class=\"stream-thumb\" loading=\"lazy\" alt=\"Ao servi\u00e7o da paz \u2013 O V\u00eddeo do Papa 11 \u2013 Novembro 2018\"><div class=\"stream-overlay\"><\/div><\/a><h3 class=\"video-title\">Ao servi\u00e7o da paz \u2013 O V\u00eddeo do Papa 11 \u2013 Novembro 2018<\/h3><\/div><div class=\"video-item year-2018\" data-year=\"2018\" data-post-id=\"96674\"><a href=\"https:\/\/www.youtube.com\/watch?v=r6baPpK6Mb8\" class=\"tpv-lightbox-trigger\" data-video-id=\"\"><img decoding=\"async\" src=\"https:\/\/img.youtube.com\/vi\/r6baPpK6Mb8\/hqdefault.jpg\" class=\"stream-thumb\" loading=\"lazy\" alt=\"Ao servi\u00e7o da transmiss\u00e3o da f\u00e9 \u2013 O V\u00eddeo do Papa 12 \u2013 Dezembro 2018\"><div class=\"stream-overlay\"><\/div><\/a><h3 class=\"video-title\">Ao servi\u00e7o da transmiss\u00e3o da f\u00e9 \u2013 O V\u00eddeo do Papa 12 \u2013 Dezembro 2018<\/h3><\/div><\/div><\/div><div class=\"tpv-year-section\" id=\"section-2017\"><h2 class=\"year-title\">2017<\/h2><div class=\"fila-stream\"><div class=\"video-item year-2017\" data-year=\"2017\" data-post-id=\"96794\"><a href=\"https:\/\/www.youtube.com\/watch?v=1YSqZoMYkgk\" class=\"tpv-lightbox-trigger\" data-video-id=\"\"><img decoding=\"async\" src=\"https:\/\/img.youtube.com\/vi\/1YSqZoMYkgk\/hqdefault.jpg\" class=\"stream-thumb\" loading=\"lazy\" alt=\"Os crist\u00e3os a servi\u00e7o da humanidade - O V\u00eddeo do Papa - Janeiro 2017\"><div class=\"stream-overlay\"><\/div><\/a><h3 class=\"video-title\">Os crist\u00e3os a servi\u00e7o da humanidade - O V\u00eddeo do Papa - Janeiro 2017<\/h3><\/div><div class=\"video-item year-2017\" data-year=\"2017\" data-post-id=\"96789\"><a href=\"https:\/\/www.youtube.com\/watch?v=gLYrjMViDhI\" class=\"tpv-lightbox-trigger\" data-video-id=\"\"><img decoding=\"async\" src=\"https:\/\/img.youtube.com\/vi\/gLYrjMViDhI\/hqdefault.jpg\" class=\"stream-thumb\" loading=\"lazy\" alt=\"Acolher os necessitados - O V\u00eddeo do Papa - Fevereiro 2017\"><div class=\"stream-overlay\"><\/div><\/a><h3 class=\"video-title\">Acolher os necessitados - O V\u00eddeo do Papa - Fevereiro 2017<\/h3><\/div><div class=\"video-item year-2017\" data-year=\"2017\" data-post-id=\"96784\"><a href=\"https:\/\/www.youtube.com\/watch?v=tGqGzjHvpno\" class=\"tpv-lightbox-trigger\" data-video-id=\"\"><img decoding=\"async\" src=\"https:\/\/img.youtube.com\/vi\/tGqGzjHvpno\/hqdefault.jpg\" class=\"stream-thumb\" loading=\"lazy\" alt=\"O V\u00eddeo do Papa 03 -2017- Ajudar os crist\u00e3os perseguidos \u2013 Mar\u00e7o de 2017\"><div class=\"stream-overlay\"><\/div><\/a><h3 class=\"video-title\">O V\u00eddeo do Papa 03 -2017- Ajudar os crist\u00e3os perseguidos \u2013 Mar\u00e7o de 2017<\/h3><\/div><div class=\"video-item year-2017\" data-year=\"2017\" data-post-id=\"96779\"><a href=\"https:\/\/www.youtube.com\/watch?v=3FBmco6qZdY\" class=\"tpv-lightbox-trigger\" data-video-id=\"\"><img decoding=\"async\" src=\"https:\/\/img.youtube.com\/vi\/3FBmco6qZdY\/hqdefault.jpg\" class=\"stream-thumb\" loading=\"lazy\" alt=\"Jovens - O V\u00eddeo do Papa 04-2017 - Abril de 2017\"><div class=\"stream-overlay\"><\/div><\/a><h3 class=\"video-title\">Jovens - O V\u00eddeo do Papa 04-2017 - Abril de 2017<\/h3><\/div><div class=\"video-item year-2017\" data-year=\"2017\" data-post-id=\"96774\"><a href=\"https:\/\/www.youtube.com\/watch?v=_F-v2mMWxBk\" class=\"tpv-lightbox-trigger\" data-video-id=\"\"><img decoding=\"async\" src=\"https:\/\/img.youtube.com\/vi\/_F-v2mMWxBk\/hqdefault.jpg\" class=\"stream-thumb\" loading=\"lazy\" alt=\"Crist\u00e3os na \u00c1frica \u2013 O V\u00eddeo do Papa \u2013 Maio 2017\"><div class=\"stream-overlay\"><\/div><\/a><h3 class=\"video-title\">Crist\u00e3os na \u00c1frica \u2013 O V\u00eddeo do Papa \u2013 Maio 2017<\/h3><\/div><div class=\"video-item year-2017\" data-year=\"2017\" data-post-id=\"96769\"><a href=\"https:\/\/www.youtube.com\/watch?v=PLiAxNjuPAE\" class=\"tpv-lightbox-trigger\" data-video-id=\"\"><img decoding=\"async\" src=\"https:\/\/img.youtube.com\/vi\/PLiAxNjuPAE\/hqdefault.jpg\" class=\"stream-thumb\" loading=\"lazy\" alt=\"Eliminar o Com\u00e9rcio de Armas \u2013 O V\u00eddeo do Papa \u2013 Junho 2017\"><div class=\"stream-overlay\"><\/div><\/a><h3 class=\"video-title\">Eliminar o Com\u00e9rcio de Armas \u2013 O V\u00eddeo do Papa \u2013 Junho 2017<\/h3><\/div><div class=\"video-item year-2017\" data-year=\"2017\" data-post-id=\"96764\"><a href=\"https:\/\/www.youtube.com\/watch?v=SCvd46mzAog\" class=\"tpv-lightbox-trigger\" data-video-id=\"\"><img decoding=\"async\" src=\"https:\/\/img.youtube.com\/vi\/SCvd46mzAog\/hqdefault.jpg\" class=\"stream-thumb\" loading=\"lazy\" alt=\"Pessoas afastadas da f\u00e9 crist\u00e3 \u2013 O V\u00eddeo do Papa \u2013 Julho 2017\"><div class=\"stream-overlay\"><\/div><\/a><h3 class=\"video-title\">Pessoas afastadas da f\u00e9 crist\u00e3 \u2013 O V\u00eddeo do Papa \u2013 Julho 2017<\/h3><\/div><div class=\"video-item year-2017\" data-year=\"2017\" data-post-id=\"96759\"><a href=\"https:\/\/www.youtube.com\/watch?v=I8zbVJ-pDjc\" class=\"tpv-lightbox-trigger\" data-video-id=\"\"><img decoding=\"async\" src=\"https:\/\/img.youtube.com\/vi\/I8zbVJ-pDjc\/hqdefault.jpg\" class=\"stream-thumb\" loading=\"lazy\" alt=\"Pelos artistas \u2013 O V\u00eddeo do Papa \u2013 Agosto 2017\"><div class=\"stream-overlay\"><\/div><\/a><h3 class=\"video-title\">Pelos artistas \u2013 O V\u00eddeo do Papa \u2013 Agosto 2017<\/h3><\/div><div class=\"video-item year-2017\" data-year=\"2017\" data-post-id=\"96754\"><a href=\"https:\/\/www.youtube.com\/watch?v=QlqSgAQRYUs\" class=\"tpv-lightbox-trigger\" data-video-id=\"\"><img decoding=\"async\" src=\"https:\/\/img.youtube.com\/vi\/QlqSgAQRYUs\/hqdefault.jpg\" class=\"stream-thumb\" loading=\"lazy\" alt=\"Par\u00f3quias a servi\u00e7o da miss\u00e3o \u2013 O V\u00eddeo do Papa \u2013 Setembro de 2017\"><div class=\"stream-overlay\"><\/div><\/a><h3 class=\"video-title\">Par\u00f3quias a servi\u00e7o da miss\u00e3o \u2013 O V\u00eddeo do Papa \u2013 Setembro de 2017<\/h3><\/div><div class=\"video-item year-2017\" data-year=\"2017\" data-post-id=\"96749\"><a href=\"https:\/\/www.youtube.com\/watch?v=5NV02T_RYIQ\" class=\"tpv-lightbox-trigger\" data-video-id=\"\"><img decoding=\"async\" src=\"https:\/\/img.youtube.com\/vi\/5NV02T_RYIQ\/hqdefault.jpg\" class=\"stream-thumb\" loading=\"lazy\" alt=\"Direitos dos trabalhadores e desempregados \u2013 O V\u00eddeo do Papa \u2013 Outubro de 2017\"><div class=\"stream-overlay\"><\/div><\/a><h3 class=\"video-title\">Direitos dos trabalhadores e desempregados \u2013 O V\u00eddeo do Papa \u2013 Outubro de 2017<\/h3><\/div><div class=\"video-item year-2017\" data-year=\"2017\" data-post-id=\"96744\"><a href=\"https:\/\/www.youtube.com\/watch?v=cWQ7TCwBB_s\" class=\"tpv-lightbox-trigger\" data-video-id=\"\"><img decoding=\"async\" src=\"https:\/\/img.youtube.com\/vi\/cWQ7TCwBB_s\/hqdefault.jpg\" class=\"stream-thumb\" loading=\"lazy\" alt=\"Testemunhar o Evangelho na \u00c1sia \u2013 O V\u00eddeo do Papa \u2013 Novembro 2017\"><div class=\"stream-overlay\"><\/div><\/a><h3 class=\"video-title\">Testemunhar o Evangelho na \u00c1sia \u2013 O V\u00eddeo do Papa \u2013 Novembro 2017<\/h3><\/div><div class=\"video-item year-2017\" data-year=\"2017\" data-post-id=\"96739\"><a href=\"https:\/\/www.youtube.com\/watch?v=OGBKPKM5T3U\" class=\"tpv-lightbox-trigger\" data-video-id=\"\"><img decoding=\"async\" src=\"https:\/\/img.youtube.com\/vi\/OGBKPKM5T3U\/hqdefault.jpg\" class=\"stream-thumb\" loading=\"lazy\" alt=\"Pelos idosos \u2013 O V\u00eddeo de Papa \u2013 Dezembro de 2017\"><div class=\"stream-overlay\"><\/div><\/a><h3 class=\"video-title\">Pelos idosos \u2013 O V\u00eddeo de Papa \u2013 Dezembro de 2017<\/h3><\/div><\/div><\/div><div class=\"tpv-year-section\" id=\"section-2016\"><h2 class=\"year-title\">2016<\/h2><div class=\"fila-stream\"><div class=\"video-item year-2016\" data-year=\"2016\" data-post-id=\"96799\"><a href=\"https:\/\/www.youtube.com\/watch?v=4Lz5QtvNSYk\" class=\"tpv-lightbox-trigger\" data-video-id=\"\"><img decoding=\"async\" src=\"https:\/\/img.youtube.com\/vi\/4Lz5QtvNSYk\/hqdefault.jpg\" class=\"stream-thumb\" loading=\"lazy\" alt=\"O Video do Papa - Di\u00e1logo Inter-religioso\"><div class=\"stream-overlay\"><\/div><\/a><h3 class=\"video-title\">O Video do Papa - Di\u00e1logo Inter-religioso<\/h3><\/div><div class=\"video-item year-2016\" data-year=\"2016\" data-post-id=\"96850\"><a href=\"https:\/\/www.youtube.com\/watch?v=x0SHZy3tGC4\" class=\"tpv-lightbox-trigger\" data-video-id=\"\"><img decoding=\"async\" src=\"https:\/\/img.youtube.com\/vi\/x0SHZy3tGC4\/hqdefault.jpg\" class=\"stream-thumb\" loading=\"lazy\" alt=\"Pelas crian\u00e7as e as fam\u00edlias em dificuldade \u2013 O V\u00eddeo do Papa \u2013 mar\u00e7o 2016\"><div class=\"stream-overlay\"><\/div><\/a><h3 class=\"video-title\">Pelas crian\u00e7as e as fam\u00edlias em dificuldade \u2013 O V\u00eddeo do Papa \u2013 mar\u00e7o 2016<\/h3><\/div><div class=\"video-item year-2016\" data-year=\"2016\" data-post-id=\"96845\"><a href=\"https:\/\/www.youtube.com\/watch?v=5xxCvyGOIn4\" class=\"tpv-lightbox-trigger\" data-video-id=\"\"><img decoding=\"async\" src=\"https:\/\/img.youtube.com\/vi\/5xxCvyGOIn4\/hqdefault.jpg\" class=\"stream-thumb\" loading=\"lazy\" alt=\"Pequenos agricultores \u2013 O V\u00eddeo do Papa \u2013 Abril 2016.\"><div class=\"stream-overlay\"><\/div><\/a><h3 class=\"video-title\">Pequenos agricultores \u2013 O V\u00eddeo do Papa \u2013 Abril 2016.<\/h3><\/div><div class=\"video-item year-2016\" data-year=\"2016\" data-post-id=\"96840\"><a href=\"https:\/\/www.youtube.com\/watch?v=T774sR1cvg8\" class=\"tpv-lightbox-trigger\" data-video-id=\"\"><img decoding=\"async\" src=\"https:\/\/img.youtube.com\/vi\/T774sR1cvg8\/hqdefault.jpg\" class=\"stream-thumb\" loading=\"lazy\" alt=\"As mulheres na sociedade \u2013 O V\u00eddeo do Papa \u2013 Maio 2016\"><div class=\"stream-overlay\"><\/div><\/a><h3 class=\"video-title\">As mulheres na sociedade \u2013 O V\u00eddeo do Papa \u2013 Maio 2016<\/h3><\/div><div class=\"video-item year-2016\" data-year=\"2016\" data-post-id=\"96835\"><a href=\"https:\/\/www.youtube.com\/watch?v=1az2Kz8QxTc\" class=\"tpv-lightbox-trigger\" data-video-id=\"\"><img decoding=\"async\" src=\"https:\/\/img.youtube.com\/vi\/1az2Kz8QxTc\/hqdefault.jpg\" class=\"stream-thumb\" loading=\"lazy\" alt=\"Solidariedade nas cidades \u2013 O V\u00eddeo do Papa \u2013 Junho 2016\"><div class=\"stream-overlay\"><\/div><\/a><h3 class=\"video-title\">Solidariedade nas cidades \u2013 O V\u00eddeo do Papa \u2013 Junho 2016<\/h3><\/div><div class=\"video-item year-2016\" data-year=\"2016\" data-post-id=\"96830\"><a href=\"https:\/\/www.youtube.com\/watch?v=60c9VigcrYA\" class=\"tpv-lightbox-trigger\" data-video-id=\"\"><img decoding=\"async\" src=\"https:\/\/img.youtube.com\/vi\/60c9VigcrYA\/hqdefault.jpg\" class=\"stream-thumb\" loading=\"lazy\" alt=\"Respeito pelos povos ind\u00edgenas \u2013 O V\u00eddeo do Papa \u2013 Julho de 2016\"><div class=\"stream-overlay\"><\/div><\/a><h3 class=\"video-title\">Respeito pelos povos ind\u00edgenas \u2013 O V\u00eddeo do Papa \u2013 Julho de 2016<\/h3><\/div><div class=\"video-item year-2016\" data-year=\"2016\" data-post-id=\"96825\"><a href=\"https:\/\/www.youtube.com\/watch?v=NvsZBpDno9M\" class=\"tpv-lightbox-trigger\" data-video-id=\"\"><img decoding=\"async\" src=\"https:\/\/img.youtube.com\/vi\/NvsZBpDno9M\/hqdefault.jpg\" class=\"stream-thumb\" loading=\"lazy\" alt=\"Desporto, para uma cultura do encontro \u2013 O V\u00eddeo do Papa \u2013 Agosto 2016\"><div class=\"stream-overlay\"><\/div><\/a><h3 class=\"video-title\">Desporto, para uma cultura do encontro \u2013 O V\u00eddeo do Papa \u2013 Agosto 2016<\/h3><\/div><div class=\"video-item year-2016\" data-year=\"2016\" data-post-id=\"96820\"><a href=\"https:\/\/www.youtube.com\/watch?v=NFyWycRZ2YE\" class=\"tpv-lightbox-trigger\" data-video-id=\"\"><img decoding=\"async\" src=\"https:\/\/img.youtube.com\/vi\/NFyWycRZ2YE\/hqdefault.jpg\" class=\"stream-thumb\" loading=\"lazy\" alt=\"Para uma sociedade mais humana \u2013 O V\u00eddeo do Papa \u2013 Setembro 2016\"><div class=\"stream-overlay\"><\/div><\/a><h3 class=\"video-title\">Para uma sociedade mais humana \u2013 O V\u00eddeo do Papa \u2013 Setembro 2016<\/h3><\/div><div class=\"video-item year-2016\" data-year=\"2016\" data-post-id=\"96815\"><a href=\"https:\/\/www.youtube.com\/watch?v=DnrQTNSi01M\" class=\"tpv-lightbox-trigger\" data-video-id=\"\"><img decoding=\"async\" src=\"https:\/\/img.youtube.com\/vi\/DnrQTNSi01M\/hqdefault.jpg\" class=\"stream-thumb\" loading=\"lazy\" alt=\"Jornalistas \u2013 O V\u00eddeo do Papa \u2013 Outubro 2016\"><div class=\"stream-overlay\"><\/div><\/a><h3 class=\"video-title\">Jornalistas \u2013 O V\u00eddeo do Papa \u2013 Outubro 2016<\/h3><\/div><div class=\"video-item year-2016\" data-year=\"2016\" data-post-id=\"96809\"><a href=\"https:\/\/www.youtube.com\/watch?v=UMKtJw_fau0\" class=\"tpv-lightbox-trigger\" data-video-id=\"\"><img decoding=\"async\" src=\"https:\/\/img.youtube.com\/vi\/UMKtJw_fau0\/hqdefault.jpg\" class=\"stream-thumb\" loading=\"lazy\" alt=\"Pa\u00edses que acolhem refugiados \u2013 O V\u00eddeo do Papa \u2013 Novembro 2016\"><div class=\"stream-overlay\"><\/div><\/a><h3 class=\"video-title\">Pa\u00edses que acolhem refugiados \u2013 O V\u00eddeo do Papa \u2013 Novembro 2016<\/h3><\/div><div class=\"video-item year-2016\" data-year=\"2016\" data-post-id=\"96804\"><a href=\"https:\/\/www.youtube.com\/watch?v=96jGxXQHfzw\" class=\"tpv-lightbox-trigger\" data-video-id=\"\"><img decoding=\"async\" src=\"https:\/\/img.youtube.com\/vi\/96jGxXQHfzw\/hqdefault.jpg\" class=\"stream-thumb\" loading=\"lazy\" alt=\"Meninos-soldados \u2013 O V\u00eddeo do Papa \u2013 Dezembro 2016\"><div class=\"stream-overlay\"><\/div><\/a><h3 class=\"video-title\">Meninos-soldados \u2013 O V\u00eddeo do Papa \u2013 Dezembro 2016<\/h3><\/div><\/div><\/div>[\/et_pb_code][et_pb_divider show_divider=\"off\" _builder_version=\"4.27.6&#8243; _module_preset=\"default\" global_colors_info=\"{}\"][\/et_pb_divider][\/et_pb_column][\/et_pb_row][\/et_pb_section]<\/p>\n","protected":false},"excerpt":{"rendered":"<p>[et_pb_section fb_built=\"1&#8243; _builder_version=\"4.27.6&#8243; _module_preset=\"default\" background_enable_color=\"off\" use_background_color_gradient=\"on\" background_color_gradient_stops=\"#264653 0%|rgba(29,54,68,0.7) 25%|rgba(13,27,42,0.7) 75%|#071121 100%\" background_image=\"https:\/\/www.popesprayer.va\/wp-content\/uploads\/2025\/06\/sjdigital_Photo_of_St_Peters_Basilica._The_sky_has_some_clouds._93180f9f-2271-445f-90c5-8daa6d5bcf44-en-tamano-grande.jpeg\" background_blend=\"overlay\" custom_padding=\"12vw||12vw||true|false\" top_divider_style=\"ramp\" top_divider_color=\"#F4A261&#8243; bottom_divider_style=\"ramp\" bottom_divider_color=\"#071121&#8243; bottom_divider_flip=\"horizontal\" da_disable_devices=\"off|off|off\" global_colors_info=\"{}\" da_is_popup=\"off\" da_exit_intent=\"off\" da_has_close=\"on\" da_alt_close=\"off\" da_dark_close=\"off\" da_not_modal=\"on\" da_is_singular=\"off\" da_with_loader=\"off\" da_has_shadow=\"on\"][et_pb_row column_structure=\"3_5,2_5&#8243; _builder_version=\"4.27.4&#8243; _module_preset=\"ddbed135-e034-4aab-8f52-69def1d8301e\" global_colors_info=\"{}\"][et_pb_column type=\"3_5&#8243; _builder_version=\"4.27.4&#8243; _module_preset=\"default\" global_colors_info=\"{}\"][et_pb_text admin_label=\"Text\" _builder_version=\"4.27.6&#8243; _module_preset=\"default\" header_text_color=\"#E9C46A\" header_font_size=\"3rem\" header_2_font=\"|700|||||||\" header_2_text_color=\"#E9C46A\" header_2_font_size=\"4rem\" global_colors_info=\"{}\"] O v\u00eddeo do Papa [\/et_pb_text][et_pb_text _builder_version=\"4.27.6&#8243; _module_preset=\"default\" text_text_color=\"#FFFFFF\" [&hellip;]<\/p>\n","protected":false},"author":2,"featured_media":0,"parent":0,"menu_order":0,"comment_status":"closed","ping_status":"closed","template":"","meta":{"_acf_changed":false,"_et_pb_use_builder":"on","_et_pb_old_content":"","_et_gb_content_width":"","footnotes":""},"class_list":["post-96546","page","type-page","status-publish","hentry"],"acf":[],"yoast_head":"<!-- This site is optimized with the Yoast SEO plugin v27.4 - https:\/\/yoast.com\/product\/yoast-seo-wordpress\/ -->\n<title>O V\u00eddeo do Papa - Arquivo - Rede Mundial de Ora\u00e7\u00e3o do Papa<\/title>\n<meta name=\"robots\" content=\"index, follow, max-snippet:-1, max-image-preview:large, max-video-preview:-1\" \/>\n<link rel=\"canonical\" href=\"https:\/\/www.popesprayer.va\/pt-pt\/o-video-do-papa-arquivo\/\" \/>\n<meta property=\"og:locale\" content=\"pt_PT\" \/>\n<meta property=\"og:type\" content=\"article\" \/>\n<meta property=\"og:title\" content=\"O V\u00eddeo do Papa - Arquivo - Rede Mundial de Ora\u00e7\u00e3o do Papa\" \/>\n<meta property=\"og:description\" content=\"[et_pb_section fb_built=&quot;1&#8243; _builder_version=&quot;4.27.6&#8243; _module_preset=&quot;default&quot; background_enable_color=&quot;off&quot; use_background_color_gradient=&quot;on&quot; background_color_gradient_stops=&quot;#264653 0%|rgba(29,54,68,0.7) 25%|rgba(13,27,42,0.7) 75%|#071121 100%&quot; background_image=&quot;https:\/\/www.popesprayer.va\/wp-content\/uploads\/2025\/06\/sjdigital_Photo_of_St_Peters_Basilica._The_sky_has_some_clouds._93180f9f-2271-445f-90c5-8daa6d5bcf44-en-tamano-grande.jpeg&quot; background_blend=&quot;overlay&quot; custom_padding=&quot;12vw||12vw||true|false&quot; top_divider_style=&quot;ramp&quot; top_divider_color=&quot;#F4A261&#8243; bottom_divider_style=&quot;ramp&quot; bottom_divider_color=&quot;#071121&#8243; bottom_divider_flip=&quot;horizontal&quot; da_disable_devices=&quot;off|off|off&quot; global_colors_info=&quot;{}&quot; da_is_popup=&quot;off&quot; da_exit_intent=&quot;off&quot; da_has_close=&quot;on&quot; da_alt_close=&quot;off&quot; da_dark_close=&quot;off&quot; da_not_modal=&quot;on&quot; da_is_singular=&quot;off&quot; da_with_loader=&quot;off&quot; da_has_shadow=&quot;on&quot;][et_pb_row column_structure=&quot;3_5,2_5&#8243; _builder_version=&quot;4.27.4&#8243; _module_preset=&quot;ddbed135-e034-4aab-8f52-69def1d8301e&quot; global_colors_info=&quot;{}&quot;][et_pb_column type=&quot;3_5&#8243; _builder_version=&quot;4.27.4&#8243; _module_preset=&quot;default&quot; global_colors_info=&quot;{}&quot;][et_pb_text admin_label=&quot;Text&quot; _builder_version=&quot;4.27.6&#8243; _module_preset=&quot;default&quot; header_text_color=&quot;#E9C46A&quot; header_font_size=&quot;3rem&quot; header_2_font=&quot;|700|||||||&quot; header_2_text_color=&quot;#E9C46A&quot; header_2_font_size=&quot;4rem&quot; global_colors_info=&quot;{}&quot;] O v\u00eddeo do Papa [\/et_pb_text][et_pb_text _builder_version=&quot;4.27.6&#8243; _module_preset=&quot;default&quot; text_text_color=&quot;#FFFFFF&quot; [&hellip;]\" \/>\n<meta property=\"og:url\" content=\"https:\/\/www.popesprayer.va\/pt-pt\/o-video-do-papa-arquivo\/\" \/>\n<meta property=\"og:site_name\" content=\"Rede Mundial de Ora\u00e7\u00e3o do Papa\" \/>\n<meta property=\"article:modified_time\" content=\"2026-04-24T16:47:36+00:00\" \/>\n<meta name=\"twitter:card\" content=\"summary_large_image\" \/>\n<meta name=\"twitter:label1\" content=\"Tempo estimado de leitura\" \/>\n\t<meta name=\"twitter:data1\" content=\"4 minutos\" \/>\n<script type=\"application\/ld+json\" class=\"yoast-schema-graph\">{\"@context\":\"https:\\\/\\\/schema.org\",\"@graph\":[{\"@type\":\"WebPage\",\"@id\":\"https:\\\/\\\/www.popesprayer.va\\\/pt-pt\\\/o-video-do-papa-arquivo\\\/\",\"url\":\"https:\\\/\\\/www.popesprayer.va\\\/pt-pt\\\/o-video-do-papa-arquivo\\\/\",\"name\":\"O V\u00eddeo do Papa - Arquivo - Rede Mundial de Ora\u00e7\u00e3o do Papa\",\"isPartOf\":{\"@id\":\"https:\\\/\\\/www.popesprayer.va\\\/pt-pt\\\/#website\"},\"datePublished\":\"2026-04-22T15:01:05+00:00\",\"dateModified\":\"2026-04-24T16:47:36+00:00\",\"breadcrumb\":{\"@id\":\"https:\\\/\\\/www.popesprayer.va\\\/pt-pt\\\/o-video-do-papa-arquivo\\\/#breadcrumb\"},\"inLanguage\":\"pt-PT\",\"potentialAction\":[{\"@type\":\"ReadAction\",\"target\":[\"https:\\\/\\\/www.popesprayer.va\\\/pt-pt\\\/o-video-do-papa-arquivo\\\/\"]}]},{\"@type\":\"BreadcrumbList\",\"@id\":\"https:\\\/\\\/www.popesprayer.va\\\/pt-pt\\\/o-video-do-papa-arquivo\\\/#breadcrumb\",\"itemListElement\":[{\"@type\":\"ListItem\",\"position\":1,\"name\":\"Home\",\"item\":\"https:\\\/\\\/www.popesprayer.va\\\/pt-pt\\\/\"},{\"@type\":\"ListItem\",\"position\":2,\"name\":\"O V\u00eddeo do Papa - Arquivo\"}]},{\"@type\":\"WebSite\",\"@id\":\"https:\\\/\\\/www.popesprayer.va\\\/pt-pt\\\/#website\",\"url\":\"https:\\\/\\\/www.popesprayer.va\\\/pt-pt\\\/\",\"name\":\"Pope's Worldwide Prayer Network\",\"description\":\"Pray together, change the world\",\"publisher\":{\"@id\":\"https:\\\/\\\/www.popesprayer.va\\\/pt-pt\\\/#organization\"},\"potentialAction\":[{\"@type\":\"SearchAction\",\"target\":{\"@type\":\"EntryPoint\",\"urlTemplate\":\"https:\\\/\\\/www.popesprayer.va\\\/pt-pt\\\/?s={search_term_string}\"},\"query-input\":{\"@type\":\"PropertyValueSpecification\",\"valueRequired\":true,\"valueName\":\"search_term_string\"}}],\"inLanguage\":\"pt-PT\"},{\"@type\":\"Organization\",\"@id\":\"https:\\\/\\\/www.popesprayer.va\\\/pt-pt\\\/#organization\",\"name\":\"Rede Mundial de Ora\u00e7\u00e3o do Papa\",\"url\":\"https:\\\/\\\/www.popesprayer.va\\\/pt-pt\\\/\",\"logo\":{\"@type\":\"ImageObject\",\"inLanguage\":\"pt-PT\",\"@id\":\"https:\\\/\\\/www.popesprayer.va\\\/pt-pt\\\/#\\\/schema\\\/logo\\\/image\\\/\",\"url\":\"https:\\\/\\\/www.popesprayer.va\\\/wp-content\\\/uploads\\\/2025\\\/01\\\/Logo-Popes-Worldwide-Prayer-Network-Pontifical-Work-EN-Horizontal.png\",\"contentUrl\":\"https:\\\/\\\/www.popesprayer.va\\\/wp-content\\\/uploads\\\/2025\\\/01\\\/Logo-Popes-Worldwide-Prayer-Network-Pontifical-Work-EN-Horizontal.png\",\"width\":1328,\"height\":228,\"caption\":\"Rede Mundial de Ora\u00e7\u00e3o do Papa\"},\"image\":{\"@id\":\"https:\\\/\\\/www.popesprayer.va\\\/pt-pt\\\/#\\\/schema\\\/logo\\\/image\\\/\"}}]}<\/script>\n<!-- \/ Yoast SEO plugin. -->","yoast_head_json":{"title":"O V\u00eddeo do Papa - Arquivo - Rede Mundial de Ora\u00e7\u00e3o do Papa","robots":{"index":"index","follow":"follow","max-snippet":"max-snippet:-1","max-image-preview":"max-image-preview:large","max-video-preview":"max-video-preview:-1"},"canonical":"https:\/\/www.popesprayer.va\/pt-pt\/o-video-do-papa-arquivo\/","og_locale":"pt_PT","og_type":"article","og_title":"O V\u00eddeo do Papa - Arquivo - Rede Mundial de Ora\u00e7\u00e3o do Papa","og_description":"[et_pb_section fb_built=\"1&#8243; _builder_version=\"4.27.6&#8243; _module_preset=\"default\" background_enable_color=\"off\" use_background_color_gradient=\"on\" background_color_gradient_stops=\"#264653 0%|rgba(29,54,68,0.7) 25%|rgba(13,27,42,0.7) 75%|#071121 100%\" background_image=\"https:\/\/www.popesprayer.va\/wp-content\/uploads\/2025\/06\/sjdigital_Photo_of_St_Peters_Basilica._The_sky_has_some_clouds._93180f9f-2271-445f-90c5-8daa6d5bcf44-en-tamano-grande.jpeg\" background_blend=\"overlay\" custom_padding=\"12vw||12vw||true|false\" top_divider_style=\"ramp\" top_divider_color=\"#F4A261&#8243; bottom_divider_style=\"ramp\" bottom_divider_color=\"#071121&#8243; bottom_divider_flip=\"horizontal\" da_disable_devices=\"off|off|off\" global_colors_info=\"{}\" da_is_popup=\"off\" da_exit_intent=\"off\" da_has_close=\"on\" da_alt_close=\"off\" da_dark_close=\"off\" da_not_modal=\"on\" da_is_singular=\"off\" da_with_loader=\"off\" da_has_shadow=\"on\"][et_pb_row column_structure=\"3_5,2_5&#8243; _builder_version=\"4.27.4&#8243; _module_preset=\"ddbed135-e034-4aab-8f52-69def1d8301e\" global_colors_info=\"{}\"][et_pb_column type=\"3_5&#8243; _builder_version=\"4.27.4&#8243; _module_preset=\"default\" global_colors_info=\"{}\"][et_pb_text admin_label=\"Text\" _builder_version=\"4.27.6&#8243; _module_preset=\"default\" header_text_color=\"#E9C46A\" header_font_size=\"3rem\" header_2_font=\"|700|||||||\" header_2_text_color=\"#E9C46A\" header_2_font_size=\"4rem\" global_colors_info=\"{}\"] O v\u00eddeo do Papa [\/et_pb_text][et_pb_text _builder_version=\"4.27.6&#8243; _module_preset=\"default\" text_text_color=\"#FFFFFF\" [&hellip;]","og_url":"https:\/\/www.popesprayer.va\/pt-pt\/o-video-do-papa-arquivo\/","og_site_name":"Rede Mundial de Ora\u00e7\u00e3o do Papa","article_modified_time":"2026-04-24T16:47:36+00:00","twitter_card":"summary_large_image","twitter_misc":{"Tempo estimado de leitura":"4 minutos"},"schema":{"@context":"https:\/\/schema.org","@graph":[{"@type":"WebPage","@id":"https:\/\/www.popesprayer.va\/pt-pt\/o-video-do-papa-arquivo\/","url":"https:\/\/www.popesprayer.va\/pt-pt\/o-video-do-papa-arquivo\/","name":"O V\u00eddeo do Papa - Arquivo - Rede Mundial de Ora\u00e7\u00e3o do Papa","isPartOf":{"@id":"https:\/\/www.popesprayer.va\/pt-pt\/#website"},"datePublished":"2026-04-22T15:01:05+00:00","dateModified":"2026-04-24T16:47:36+00:00","breadcrumb":{"@id":"https:\/\/www.popesprayer.va\/pt-pt\/o-video-do-papa-arquivo\/#breadcrumb"},"inLanguage":"pt-PT","potentialAction":[{"@type":"ReadAction","target":["https:\/\/www.popesprayer.va\/pt-pt\/o-video-do-papa-arquivo\/"]}]},{"@type":"BreadcrumbList","@id":"https:\/\/www.popesprayer.va\/pt-pt\/o-video-do-papa-arquivo\/#breadcrumb","itemListElement":[{"@type":"ListItem","position":1,"name":"Home","item":"https:\/\/www.popesprayer.va\/pt-pt\/"},{"@type":"ListItem","position":2,"name":"O V\u00eddeo do Papa - Arquivo"}]},{"@type":"WebSite","@id":"https:\/\/www.popesprayer.va\/pt-pt\/#website","url":"https:\/\/www.popesprayer.va\/pt-pt\/","name":"Pope's Worldwide Prayer Network","description":"Pray together, change the world","publisher":{"@id":"https:\/\/www.popesprayer.va\/pt-pt\/#organization"},"potentialAction":[{"@type":"SearchAction","target":{"@type":"EntryPoint","urlTemplate":"https:\/\/www.popesprayer.va\/pt-pt\/?s={search_term_string}"},"query-input":{"@type":"PropertyValueSpecification","valueRequired":true,"valueName":"search_term_string"}}],"inLanguage":"pt-PT"},{"@type":"Organization","@id":"https:\/\/www.popesprayer.va\/pt-pt\/#organization","name":"Rede Mundial de Ora\u00e7\u00e3o do Papa","url":"https:\/\/www.popesprayer.va\/pt-pt\/","logo":{"@type":"ImageObject","inLanguage":"pt-PT","@id":"https:\/\/www.popesprayer.va\/pt-pt\/#\/schema\/logo\/image\/","url":"https:\/\/www.popesprayer.va\/wp-content\/uploads\/2025\/01\/Logo-Popes-Worldwide-Prayer-Network-Pontifical-Work-EN-Horizontal.png","contentUrl":"https:\/\/www.popesprayer.va\/wp-content\/uploads\/2025\/01\/Logo-Popes-Worldwide-Prayer-Network-Pontifical-Work-EN-Horizontal.png","width":1328,"height":228,"caption":"Rede Mundial de Ora\u00e7\u00e3o do Papa"},"image":{"@id":"https:\/\/www.popesprayer.va\/pt-pt\/#\/schema\/logo\/image\/"}}]}},"_links":{"self":[{"href":"https:\/\/www.popesprayer.va\/pt-pt\/wp-json\/wp\/v2\/pages\/96546","targetHints":{"allow":["GET"]}}],"collection":[{"href":"https:\/\/www.popesprayer.va\/pt-pt\/wp-json\/wp\/v2\/pages"}],"about":[{"href":"https:\/\/www.popesprayer.va\/pt-pt\/wp-json\/wp\/v2\/types\/page"}],"author":[{"embeddable":true,"href":"https:\/\/www.popesprayer.va\/pt-pt\/wp-json\/wp\/v2\/users\/2"}],"replies":[{"embeddable":true,"href":"https:\/\/www.popesprayer.va\/pt-pt\/wp-json\/wp\/v2\/comments?post=96546"}],"version-history":[{"count":24,"href":"https:\/\/www.popesprayer.va\/pt-pt\/wp-json\/wp\/v2\/pages\/96546\/revisions"}],"predecessor-version":[{"id":96863,"href":"https:\/\/www.popesprayer.va\/pt-pt\/wp-json\/wp\/v2\/pages\/96546\/revisions\/96863"}],"wp:attachment":[{"href":"https:\/\/www.popesprayer.va\/pt-pt\/wp-json\/wp\/v2\/media?parent=96546"}],"curies":[{"name":"wp","href":"https:\/\/api.w.org\/{rel}","templated":true}]}}